{"id":99,"date":"2022-09-30T13:24:57","date_gmt":"2022-09-30T13:24:57","guid":{"rendered":"https:\/\/vm.is\/?page_id=99"},"modified":"2022-12-16T13:08:53","modified_gmt":"2022-12-16T13:08:53","slug":"um-vm","status":"publish","type":"page","link":"https:\/\/vm.is\/um-vm\/","title":{"rendered":"Saga VM"},"content":{"rendered":"\r\n<p>VM F\u00e9lag v\u00e9lstj\u00f3ra og m\u00e1lmt\u00e6knimanna er me\u00f0al st\u00e6rstu fag- og st\u00e9ttarf\u00e9laga landsins. V\u00e9lstj\u00f3rar og m\u00e1lmi\u00f0na\u00f0armenn eiga margt sameiginlegt b\u00e6\u00f0i \u00ed n\u00e1mi og \u00e1 vinnumarka\u00f0i. N\u00e1m \u00feeirra skarast a\u00f0 hluta og m\u00e1lmi\u00f0na\u00f0armenn\u00a0og v\u00e9lstj\u00f3rar starfa i\u00f0ulega \u00e1 s\u00f6mu vinnust\u00f6\u00f0um.<\/p>\r\n\r\n\r\n\r\n<p>VM var\u00f0 til vi\u00f0 sameiningu V\u00e9lstj\u00f3raf\u00e9lags \u00cdslands og F\u00e9lags j\u00e1rni\u00f0na\u00f0armanna. Stofnfundur var haldinn 14. okt\u00f3ber 2006, \u00e1 Grand H\u00f3tel \u00ed Reykjav\u00edk.<\/p>\r\n\r\n\r\n\r\n<p>\u00cd j\u00fan\u00edm\u00e1nu\u00f0i \u00e1ri\u00f0 2004 \u00e1kv\u00e1\u00f0u stj\u00f3rnir f\u00e9laganna a\u00f0 l\u00e1ta kanna m\u00f6guleika \u00e1 samstarfi e\u00f0a sameiningu f\u00e9laganna. Ni\u00f0ursta\u00f0a \u00feeirrar athugunar var a\u00f0 skynsamlegt v\u00e6ri a\u00f0 sameina f\u00e9l\u00f6gin, \u00fat fr\u00e1 sko\u00f0un \u00e1 helstu \u00fe\u00e1ttum \u00ed starfsemi \u00feeirra og me\u00f0 hli\u00f0sj\u00f3n af \u00e6tla\u00f0ri starfsemi sameina\u00f0s f\u00e9lags.<\/p>\r\n\r\n\r\n\r\n<p>V\u00e9lstj\u00f3raf\u00e9lag \u00cdsland og F\u00e9lag j\u00e1rni\u00f0na\u00f0armanna h\u00f6f\u00f0u b\u00e6\u00f0i starfa\u00f0 um langt skei\u00f0. F\u00e9lag j\u00e1rni\u00f0na\u00f0armanna var stofna\u00f0 \u00e1ri\u00f0 1920, en V\u00e9lstj\u00f3raf\u00e9lagi\u00f0 \u00e1ri\u00f0 1909. V\u00e9lstj\u00f3raf\u00e9lagi\u00f0 var landsf\u00e9lag me\u00f0 um helming f\u00e9lagsmanna starfandi til sj\u00f3s og helming f\u00e9lagsmanna starfandi utan h\u00f6fu\u00f0borgarsv\u00e6\u00f0isins. N\u00e6r allir f\u00e9lagsmenn h\u00f6f\u00f0u loki\u00f0 einhverju stigi v\u00e9lstj\u00f3rnarn\u00e1ms. F\u00e9lag j\u00e1rni\u00f0na\u00f0armanna var me\u00f0 f\u00e9lagssv\u00e6\u00f0i \u00e1 h\u00f6fu\u00f0borgarsv\u00e6\u00f0inu og til austurs a\u00f0 A-Skaftafellss\u00fdslu. Um 85% f\u00e9lagsmanna eru b\u00fasettir \u00e1 h\u00f6fu\u00f0borgarsv\u00e6\u00f0inu. F\u00e9lagsmenn voru me\u00f0 fj\u00f6lbreytta menntun og reynslu, um 800 f\u00e9lagsmenn me\u00f0 sveinspr\u00f3f \u00ed m\u00e1lmi\u00f0n og \u00fear af yfir 500 v\u00e9lvirkjar.<\/p>\r\n\r\n\r\n\r\n<p>F\u00e9lag j\u00e1rni\u00f0na\u00f0armanna var a\u00f0ili a\u00f0 Sami\u00f0n og \u00fear me\u00f0 a\u00f0 Al\u00fe\u00fd\u00f0usambandi \u00cdslands og Norr\u00e6na m\u00e1lmi\u00f0na\u00f0arsambandinu. V\u00e9lstj\u00f3raf\u00e9lagi\u00f0 var a\u00f0ili a\u00f0 Norr\u00e6na v\u00e9lstj\u00f3rasambandinu og Al\u00fej\u00f3\u00f0a flutningsverkamannasambandinu.<\/p>\r\n","protected":false},"excerpt":{"rendered":"<p>VM F\u00e9lag v\u00e9lstj\u00f3ra og m\u00e1lmt\u00e6knimanna er me\u00f0al st\u00e6rstu fag- og st\u00e9ttarf\u00e9laga landsins. V\u00e9lstj\u00f3rar og m\u00e1lmi\u00f0na\u00f0armenn eiga margt sameiginlegt b\u00e6\u00f0i \u00ed n\u00e1mi og \u00e1 vinnumarka\u00f0i. N\u00e1m \u00feeirra skarast a\u00f0 hluta og m\u00e1lmi\u00f0na\u00f0armenn\u00a0og v\u00e9lstj\u00f3rar starfa i\u00f0ulega \u00e1 s\u00f6mu vinnust\u00f6\u00f0um. VM var\u00f0 til vi\u00f0 sameiningu V\u00e9lstj\u00f3raf\u00e9lags \u00cdslands og F\u00e9lags j\u00e1rni\u00f0na\u00f0armanna. Stofnfundur var haldinn 14. okt\u00f3ber 2006, \u00e1 Grand [&hellip;]<\/p>\n","protected":false},"author":3,"featured_media":0,"parent":0,"menu_order":0,"comment_status":"closed","ping_status":"closed","template":"","meta":{"ngg_post_thumbnail":0,"footnotes":""},"class_list":["post-99","page","type-page","status-publish","hentry"],"yoast_head":"<!-- This site is optimized with the Yoast SEO plugin v27.3 - https:\/\/yoast.com\/product\/yoast-seo-wordpress\/ -->\n<title>Saga VM - VM, F\u00e9lag v\u00e9lstj\u00f3ra og m\u00e1lmt\u00e6knimanna<\/title>\n<meta name=\"robots\" content=\"index, follow, max-snippet:-1, max-image-preview:large, max-video-preview:-1\" \/>\n<link rel=\"canonical\" href=\"https:\/\/vm.is\/um-vm\/\" \/>\n<meta property=\"og:locale\" content=\"en_US\" \/>\n<meta property=\"og:type\" content=\"article\" \/>\n<meta property=\"og:title\" content=\"Saga VM - VM, F\u00e9lag v\u00e9lstj\u00f3ra og m\u00e1lmt\u00e6knimanna\" \/>\n<meta property=\"og:description\" content=\"VM F\u00e9lag v\u00e9lstj\u00f3ra og m\u00e1lmt\u00e6knimanna er me\u00f0al st\u00e6rstu fag- og st\u00e9ttarf\u00e9laga landsins. V\u00e9lstj\u00f3rar og m\u00e1lmi\u00f0na\u00f0armenn eiga margt sameiginlegt b\u00e6\u00f0i \u00ed n\u00e1mi og \u00e1 vinnumarka\u00f0i. N\u00e1m \u00feeirra skarast a\u00f0 hluta og m\u00e1lmi\u00f0na\u00f0armenn\u00a0og v\u00e9lstj\u00f3rar starfa i\u00f0ulega \u00e1 s\u00f6mu vinnust\u00f6\u00f0um. VM var\u00f0 til vi\u00f0 sameiningu V\u00e9lstj\u00f3raf\u00e9lags \u00cdslands og F\u00e9lags j\u00e1rni\u00f0na\u00f0armanna. Stofnfundur var haldinn 14. okt\u00f3ber 2006, \u00e1 Grand [&hellip;]\" \/>\n<meta property=\"og:url\" content=\"https:\/\/vm.is\/um-vm\/\" \/>\n<meta property=\"og:site_name\" content=\"VM, F\u00e9lag v\u00e9lstj\u00f3ra og m\u00e1lmt\u00e6knimanna\" \/>\n<meta property=\"article:publisher\" content=\"https:\/\/www.facebook.com\/profile.php?id=100057158961671\" \/>\n<meta property=\"article:modified_time\" content=\"2022-12-16T13:08:53+00:00\" \/>\n<meta name=\"twitter:card\" content=\"summary_large_image\" \/>\n<meta name=\"twitter:label1\" content=\"Est. reading time\" \/>\n\t<meta name=\"twitter:data1\" content=\"2 minutes\" \/>\n<script type=\"application\/ld+json\" class=\"yoast-schema-graph\">{\"@context\":\"https:\\\/\\\/schema.org\",\"@graph\":[{\"@type\":\"WebPage\",\"@id\":\"https:\\\/\\\/vm.is\\\/um-vm\\\/\",\"url\":\"https:\\\/\\\/vm.is\\\/um-vm\\\/\",\"name\":\"Saga VM - VM, F\u00e9lag v\u00e9lstj\u00f3ra og m\u00e1lmt\u00e6knimanna\",\"isPartOf\":{\"@id\":\"https:\\\/\\\/vm.is\\\/#website\"},\"datePublished\":\"2022-09-30T13:24:57+00:00\",\"dateModified\":\"2022-12-16T13:08:53+00:00\",\"breadcrumb\":{\"@id\":\"https:\\\/\\\/vm.is\\\/um-vm\\\/#breadcrumb\"},\"inLanguage\":\"en-US\",\"potentialAction\":[{\"@type\":\"ReadAction\",\"target\":[\"https:\\\/\\\/vm.is\\\/um-vm\\\/\"]}]},{\"@type\":\"BreadcrumbList\",\"@id\":\"https:\\\/\\\/vm.is\\\/um-vm\\\/#breadcrumb\",\"itemListElement\":[{\"@type\":\"ListItem\",\"position\":1,\"name\":\"Home\",\"item\":\"https:\\\/\\\/vm.is\\\/\"},{\"@type\":\"ListItem\",\"position\":2,\"name\":\"Saga VM\"}]},{\"@type\":\"WebSite\",\"@id\":\"https:\\\/\\\/vm.is\\\/#website\",\"url\":\"https:\\\/\\\/vm.is\\\/\",\"name\":\"VM, F\u00e9lag v\u00e9lstj\u00f3ra og m\u00e1lmt\u00e6knimanna\",\"description\":\"\",\"publisher\":{\"@id\":\"https:\\\/\\\/vm.is\\\/#organization\"},\"potentialAction\":[{\"@type\":\"SearchAction\",\"target\":{\"@type\":\"EntryPoint\",\"urlTemplate\":\"https:\\\/\\\/vm.is\\\/?s={search_term_string}\"},\"query-input\":{\"@type\":\"PropertyValueSpecification\",\"valueRequired\":true,\"valueName\":\"search_term_string\"}}],\"inLanguage\":\"en-US\"},{\"@type\":\"Organization\",\"@id\":\"https:\\\/\\\/vm.is\\\/#organization\",\"name\":\"VM, F\u00e9lag v\u00e9lstj\u00f3ra og m\u00e1lmt\u00e6knimanna\",\"url\":\"https:\\\/\\\/vm.is\\\/\",\"logo\":{\"@type\":\"ImageObject\",\"inLanguage\":\"en-US\",\"@id\":\"https:\\\/\\\/vm.is\\\/#\\\/schema\\\/logo\\\/image\\\/\",\"url\":\"https:\\\/\\\/vm.is\\\/wp-content\\\/uploads\\\/2022\\\/12\\\/VM-Logo.svg\",\"contentUrl\":\"https:\\\/\\\/vm.is\\\/wp-content\\\/uploads\\\/2022\\\/12\\\/VM-Logo.svg\",\"width\":64,\"height\":48,\"caption\":\"VM, F\u00e9lag v\u00e9lstj\u00f3ra og m\u00e1lmt\u00e6knimanna\"},\"image\":{\"@id\":\"https:\\\/\\\/vm.is\\\/#\\\/schema\\\/logo\\\/image\\\/\"},\"sameAs\":[\"https:\\\/\\\/www.facebook.com\\\/profile.php?id=100057158961671\"]}]}<\/script>\n<!-- \/ Yoast SEO plugin. -->","yoast_head_json":{"title":"Saga VM - VM, F\u00e9lag v\u00e9lstj\u00f3ra og m\u00e1lmt\u00e6knimanna","robots":{"index":"index","follow":"follow","max-snippet":"max-snippet:-1","max-image-preview":"max-image-preview:large","max-video-preview":"max-video-preview:-1"},"canonical":"https:\/\/vm.is\/um-vm\/","og_locale":"en_US","og_type":"article","og_title":"Saga VM - VM, F\u00e9lag v\u00e9lstj\u00f3ra og m\u00e1lmt\u00e6knimanna","og_description":"VM F\u00e9lag v\u00e9lstj\u00f3ra og m\u00e1lmt\u00e6knimanna er me\u00f0al st\u00e6rstu fag- og st\u00e9ttarf\u00e9laga landsins. V\u00e9lstj\u00f3rar og m\u00e1lmi\u00f0na\u00f0armenn eiga margt sameiginlegt b\u00e6\u00f0i \u00ed n\u00e1mi og \u00e1 vinnumarka\u00f0i. N\u00e1m \u00feeirra skarast a\u00f0 hluta og m\u00e1lmi\u00f0na\u00f0armenn\u00a0og v\u00e9lstj\u00f3rar starfa i\u00f0ulega \u00e1 s\u00f6mu vinnust\u00f6\u00f0um. VM var\u00f0 til vi\u00f0 sameiningu V\u00e9lstj\u00f3raf\u00e9lags \u00cdslands og F\u00e9lags j\u00e1rni\u00f0na\u00f0armanna. Stofnfundur var haldinn 14. okt\u00f3ber 2006, \u00e1 Grand [&hellip;]","og_url":"https:\/\/vm.is\/um-vm\/","og_site_name":"VM, F\u00e9lag v\u00e9lstj\u00f3ra og m\u00e1lmt\u00e6knimanna","article_publisher":"https:\/\/www.facebook.com\/profile.php?id=100057158961671","article_modified_time":"2022-12-16T13:08:53+00:00","twitter_card":"summary_large_image","twitter_misc":{"Est. reading time":"2 minutes"},"schema":{"@context":"https:\/\/schema.org","@graph":[{"@type":"WebPage","@id":"https:\/\/vm.is\/um-vm\/","url":"https:\/\/vm.is\/um-vm\/","name":"Saga VM - VM, F\u00e9lag v\u00e9lstj\u00f3ra og m\u00e1lmt\u00e6knimanna","isPartOf":{"@id":"https:\/\/vm.is\/#website"},"datePublished":"2022-09-30T13:24:57+00:00","dateModified":"2022-12-16T13:08:53+00:00","breadcrumb":{"@id":"https:\/\/vm.is\/um-vm\/#breadcrumb"},"inLanguage":"en-US","potentialAction":[{"@type":"ReadAction","target":["https:\/\/vm.is\/um-vm\/"]}]},{"@type":"BreadcrumbList","@id":"https:\/\/vm.is\/um-vm\/#breadcrumb","itemListElement":[{"@type":"ListItem","position":1,"name":"Home","item":"https:\/\/vm.is\/"},{"@type":"ListItem","position":2,"name":"Saga VM"}]},{"@type":"WebSite","@id":"https:\/\/vm.is\/#website","url":"https:\/\/vm.is\/","name":"VM, F\u00e9lag v\u00e9lstj\u00f3ra og m\u00e1lmt\u00e6knimanna","description":"","publisher":{"@id":"https:\/\/vm.is\/#organization"},"potentialAction":[{"@type":"SearchAction","target":{"@type":"EntryPoint","urlTemplate":"https:\/\/vm.is\/?s={search_term_string}"},"query-input":{"@type":"PropertyValueSpecification","valueRequired":true,"valueName":"search_term_string"}}],"inLanguage":"en-US"},{"@type":"Organization","@id":"https:\/\/vm.is\/#organization","name":"VM, F\u00e9lag v\u00e9lstj\u00f3ra og m\u00e1lmt\u00e6knimanna","url":"https:\/\/vm.is\/","logo":{"@type":"ImageObject","inLanguage":"en-US","@id":"https:\/\/vm.is\/#\/schema\/logo\/image\/","url":"https:\/\/vm.is\/wp-content\/uploads\/2022\/12\/VM-Logo.svg","contentUrl":"https:\/\/vm.is\/wp-content\/uploads\/2022\/12\/VM-Logo.svg","width":64,"height":48,"caption":"VM, F\u00e9lag v\u00e9lstj\u00f3ra og m\u00e1lmt\u00e6knimanna"},"image":{"@id":"https:\/\/vm.is\/#\/schema\/logo\/image\/"},"sameAs":["https:\/\/www.facebook.com\/profile.php?id=100057158961671"]}]}},"acf":[],"_links":{"self":[{"href":"https:\/\/vm.is\/wp-json\/wp\/v2\/pages\/99","targetHints":{"allow":["GET"]}}],"collection":[{"href":"https:\/\/vm.is\/wp-json\/wp\/v2\/pages"}],"about":[{"href":"https:\/\/vm.is\/wp-json\/wp\/v2\/types\/page"}],"author":[{"embeddable":true,"href":"https:\/\/vm.is\/wp-json\/wp\/v2\/users\/3"}],"replies":[{"embeddable":true,"href":"https:\/\/vm.is\/wp-json\/wp\/v2\/comments?post=99"}],"version-history":[{"count":1,"href":"https:\/\/vm.is\/wp-json\/wp\/v2\/pages\/99\/revisions"}],"predecessor-version":[{"id":6838,"href":"https:\/\/vm.is\/wp-json\/wp\/v2\/pages\/99\/revisions\/6838"}],"wp:attachment":[{"href":"https:\/\/vm.is\/wp-json\/wp\/v2\/media?parent=99"}],"curies":[{"name":"wp","href":"https:\/\/api.w.org\/{rel}","templated":true}]}}