{"id":16,"date":"2023-06-02T09:41:59","date_gmt":"2023-06-02T07:41:59","guid":{"rendered":"http:\/\/relaunch.test\/?page_id=16"},"modified":"2026-01-16T12:04:48","modified_gmt":"2026-01-16T11:04:48","slug":"digitalagentur","status":"publish","type":"page","link":"https:\/\/visual4.de\/digitalagentur\/","title":{"rendered":"Digitalagentur Stuttgart mit dem Mensch im Mittelpunkt"},"content":{"rendered":"\n<div class=\"wp-block-group alignfull has-global-padding is-layout-constrained wp-block-group-is-layout-constrained\">\n<div class=\"wp-block-group alignfull is-style-angle-bottom-right has-contrast-background-color has-background has-global-padding is-layout-constrained wp-container-core-group-is-layout-639b5052 wp-block-group-is-layout-constrained\" style=\"padding-top:0;padding-right:0;padding-bottom:0;padding-left:0\">\n<div class=\"wp-block-cover alignfull v4-pattern-banner is-style-default\" style=\"padding-top:0;padding-right:0;padding-bottom:0;padding-left:0;min-height:97vh;aspect-ratio:unset;\"><video class=\"wp-block-cover__video-background intrinsic-ignore\" autoplay muted loop playsinline src=\"https:\/\/visual4.de\/wp-content\/uploads\/digitalagentur.mp4\" data-object-fit=\"cover\"><\/video><span aria-hidden=\"true\" class=\"wp-block-cover__background has-background-dim-70 has-background-dim wp-block-cover__gradient-background has-background-gradient\" style=\"background:linear-gradient(90deg,rgb(45,2,64) 0%,rgba(255,255,255,0) 58%,rgba(18,78,130,0) 100%)\"><\/span><div class=\"wp-block-cover__inner-container is-layout-flow wp-block-cover-is-layout-flow\">\n<div class=\"wp-block-group alignfull has-global-padding is-content-justification-center is-layout-constrained wp-block-group-is-layout-constrained\">\n<div class=\"wp-block-columns alignwide is-layout-flex wp-container-core-columns-is-layout-28f84493 wp-block-columns-is-layout-flex\">\n<div class=\"wp-block-column is-layout-flow wp-block-column-is-layout-flow\">\r\n<div id=\"seoheading-block_92b144e6e23b02b12774aa7c6afaef7a\" class=\"wp-block-visual4-seoheading SEOHeading\">\r\n    \n\n<h1 class=\"wp-block-heading SEOHeading-heading is-style-default has-base-color has-text-color has-link-color wp-elements-4a40a65eb62d4afd06bb6c9befea95cb\">Digitalagentur Stuttgart<\/h1>\n\n\n\n<p class=\"SEOHeading-fauxHeading is-style-default has-base-color has-text-color has-link-color wp-elements-145ae58fba6054d2fb21f0105d2b07a1\">Man muss die Welt nicht <br>auf den Kopf stellen<\/p>\n\n\r\n<\/div>\r\n\n\n\n<p class=\"has-base-color has-text-color has-link-color wp-elements-cb10c0c53a3df55b8f03b7435e6409e1\">Als Digitalagentur im Stuttgarter S\u00fcden streben wir danach, unsere Kundinnen und Kunden im digitalen Bereich voranzubringen. Statt Ihre Welt jedoch auf den Kopf zu drehen, tauchen wir in Ihre Welt ein. <\/p>\n\n\n\n<div class=\"wp-block-buttons is-layout-flex wp-block-buttons-is-layout-flex\">\n<div class=\"wp-block-button is-style-fill\"><a class=\"wp-block-button__link has-base-color has-text-color has-link-color wp-element-button\" href=\"https:\/\/go.visual4.de\/asset\/138:v4-online-session-digitalagentur\" target=\"_blank\" rel=\"noreferrer noopener\">Online-Beratung kostenlos buchen<\/a><\/div>\n\n\n\n<div class=\"wp-block-button is-style-outline is-style-outline--1\"><a class=\"wp-block-button__link has-base-color has-text-color has-link-color wp-element-button\" href=\"https:\/\/visual4.de\/loesungen\/\">L\u00f6sungen<\/a><\/div>\n<\/div>\n<\/div>\n\n\n\n<div class=\"wp-block-column has-primary-color has-text-color is-layout-flow wp-block-column-is-layout-flow\"><\/div>\n<\/div>\n<\/div>\n<\/div><\/div>\n<\/div>\n\n\n\r\n<div id=\"v4-logo-bar-69f39f6ff018e\" class=\"wp-block-visual4-logo-bar is-style-carousel alignfull is-style-variable-width\">\r\n\r\n    \r\n        <div class=\"wp-block-visual4-logo-bar-wrap\" data-count=\"16\" data-speed=\"6000\" data-variable-width=\"1\">\r\n            \r\n                <div class=\"wp-block-visual4-logo-bar-item\">\r\n                    <img loading=\"lazy\" decoding=\"async\" width=\"784\" height=\"286\" src=\"https:\/\/visual4.de\/wp-content\/uploads\/bauministerium-rahmen.svg\" class=\"wp-block-visual4-logo-bar-image\" alt=\"\" \/>                <\/div>\r\n        \r\n            \r\n                <div class=\"wp-block-visual4-logo-bar-item\">\r\n                    <img loading=\"lazy\" decoding=\"async\" width=\"784\" height=\"784\" src=\"https:\/\/visual4.de\/wp-content\/uploads\/lwv-bw-landeswaldverbad-baden-wuerttemberg-logo.svg\" class=\"wp-block-visual4-logo-bar-image\" alt=\"Landeswaldverband Baden-W\u00fcrttemberg\" \/>                <\/div>\r\n        \r\n            \r\n                <div class=\"wp-block-visual4-logo-bar-item\">\r\n                    <img loading=\"lazy\" decoding=\"async\" width=\"719\" height=\"784\" src=\"https:\/\/visual4.de\/wp-content\/uploads\/hp-logo-1.svg\" class=\"wp-block-visual4-logo-bar-image\" alt=\"\" \/>                <\/div>\r\n        \r\n            \r\n                <div class=\"wp-block-visual4-logo-bar-item\">\r\n                    <img loading=\"lazy\" decoding=\"async\" width=\"784\" height=\"295\" src=\"https:\/\/visual4.de\/wp-content\/uploads\/justizministerium-logo.svg\" class=\"wp-block-visual4-logo-bar-image\" alt=\"\" \/>                <\/div>\r\n        \r\n            \r\n                <div class=\"wp-block-visual4-logo-bar-item\">\r\n                    <img loading=\"lazy\" decoding=\"async\" width=\"784\" height=\"325\" src=\"https:\/\/visual4.de\/wp-content\/uploads\/dhbw-logo-1.svg\" class=\"wp-block-visual4-logo-bar-image\" alt=\"Hochschule DHBW\" \/>                <\/div>\r\n        \r\n            \r\n                <div class=\"wp-block-visual4-logo-bar-item\">\r\n                    <img loading=\"lazy\" decoding=\"async\" width=\"784\" height=\"419\" src=\"https:\/\/visual4.de\/wp-content\/uploads\/goethe-rahmen.svg\" class=\"wp-block-visual4-logo-bar-image\" alt=\"\" \/>                <\/div>\r\n        \r\n            \r\n                <div class=\"wp-block-visual4-logo-bar-item\">\r\n                    <img loading=\"lazy\" decoding=\"async\" width=\"784\" height=\"334\" src=\"https:\/\/visual4.de\/wp-content\/uploads\/dehoga-rahmen-2.svg\" class=\"wp-block-visual4-logo-bar-image\" alt=\"\" \/>                <\/div>\r\n        \r\n            \r\n                <div class=\"wp-block-visual4-logo-bar-item\">\r\n                    <img loading=\"lazy\" decoding=\"async\" width=\"784\" height=\"255\" src=\"https:\/\/visual4.de\/wp-content\/uploads\/fraunhofer.svg\" class=\"wp-block-visual4-logo-bar-image\" alt=\"\" \/>                <\/div>\r\n        \r\n            \r\n                <div class=\"wp-block-visual4-logo-bar-item\">\r\n                    <img loading=\"lazy\" decoding=\"async\" width=\"600\" height=\"468\" src=\"https:\/\/visual4.de\/wp-content\/uploads\/ndr-logo.png\" class=\"wp-block-visual4-logo-bar-image\" alt=\"NDR Kundenlogo\" srcset=\"https:\/\/visual4.de\/wp-content\/uploads\/ndr-logo.png 600w, https:\/\/visual4.de\/wp-content\/uploads\/ndr-logo-384x300.png 384w\" sizes=\"auto, (max-width: 600px) 100vw, 600px\" \/>                <\/div>\r\n        \r\n            \r\n                <div class=\"wp-block-visual4-logo-bar-item\">\r\n                    <img loading=\"lazy\" decoding=\"async\" width=\"681\" height=\"784\" src=\"https:\/\/visual4.de\/wp-content\/uploads\/trumpf-1.svg\" class=\"wp-block-visual4-logo-bar-image\" alt=\"\" \/>                <\/div>\r\n        \r\n            \r\n                <div class=\"wp-block-visual4-logo-bar-item\">\r\n                    <img loading=\"lazy\" decoding=\"async\" width=\"784\" height=\"286\" src=\"https:\/\/visual4.de\/wp-content\/uploads\/HM-rahmen.svg\" class=\"wp-block-visual4-logo-bar-image\" alt=\"\" \/>                <\/div>\r\n        \r\n            \r\n                <div class=\"wp-block-visual4-logo-bar-item\">\r\n                    <img loading=\"lazy\" decoding=\"async\" width=\"784\" height=\"375\" src=\"https:\/\/visual4.de\/wp-content\/uploads\/ihk-rahmen.svg\" class=\"wp-block-visual4-logo-bar-image\" alt=\"\" \/>                <\/div>\r\n        \r\n            \r\n                <div class=\"wp-block-visual4-logo-bar-item\">\r\n                    <img loading=\"lazy\" decoding=\"async\" width=\"784\" height=\"361\" src=\"https:\/\/visual4.de\/wp-content\/uploads\/acsys-rahmen-1.svg\" class=\"wp-block-visual4-logo-bar-image\" alt=\"\" \/>                <\/div>\r\n        \r\n            \r\n                <div class=\"wp-block-visual4-logo-bar-item\">\r\n                    <img loading=\"lazy\" decoding=\"async\" width=\"784\" height=\"381\" src=\"https:\/\/visual4.de\/wp-content\/uploads\/mahle-rahmen-1.svg\" class=\"wp-block-visual4-logo-bar-image\" alt=\"\" \/>                <\/div>\r\n        \r\n            \r\n                <div class=\"wp-block-visual4-logo-bar-item\">\r\n                    <img loading=\"lazy\" decoding=\"async\" width=\"784\" height=\"377\" src=\"https:\/\/visual4.de\/wp-content\/uploads\/staatskanzlei-bayern-rahmen-1.svg\" class=\"wp-block-visual4-logo-bar-image\" alt=\"\" \/>                <\/div>\r\n        \r\n            \r\n                <div class=\"wp-block-visual4-logo-bar-item\">\r\n                    <img loading=\"lazy\" decoding=\"async\" width=\"784\" height=\"382\" src=\"https:\/\/visual4.de\/wp-content\/uploads\/universitaet-zu-koeln-logo.svg\" class=\"wp-block-visual4-logo-bar-image\" alt=\"\" \/>                <\/div>\r\n        \r\n                    <\/div>\r\n\r\n    \r\n<\/div><\/div>\n\n\n\n<div class=\"wp-block-group is-style-default has-global-padding is-layout-constrained wp-block-group-is-layout-constrained\">\n<h2 class=\"wp-block-heading has-text-align-center is-style-gradient\">Entdecken. Enablen. Begeistern!<\/h2>\n\n\n\n<div class=\"wp-block-group is-nowrap is-layout-flex wp-container-core-group-is-layout-6c531013 wp-block-group-is-layout-flex\">\n<p class=\"has-text-align-center is-style-default\">Als Stuttgarter Digitalagentur vereinen wir Expertise in <a href=\"https:\/\/visual4.de\/design\/\">Design<\/a>, <a href=\"https:\/\/visual4.de\/digital-marketing\/\">Digitales Marketing<\/a> und technischer <a href=\"https:\/\/visual4.de\/digitalisierung\/\">Digitalisierung<\/a>. Unser Spezialgebiet liegt in der Optimierung Ihrer Customer Journey &#8212; von der Positionierung \u00fcber die Website bis zur Steigerung von Leads und Kunden, Teilnehmern, Studierenden oder Mitgliedern.<\/p>\n<\/div>\n<\/div>\n\n\n\n<div class=\"wp-block-group alignfull is-style-angle-bottom-right has-background has-global-padding is-layout-constrained wp-container-core-group-is-layout-639b5052 wp-block-group-is-layout-constrained\" style=\"background:linear-gradient(112deg,#FAFAFA 0%,#E4E4E4 100%);padding-top:0;padding-right:0;padding-bottom:0;padding-left:0\">\n<figure class=\"wp-block-image alignfull size-large\"><img decoding=\"async\" src=\"https:\/\/visual4.de\/wp-content\/uploads\/digitalagentur-marketing-design-technologie.svg\" alt=\"Digitalagentur vereint Marketing, Design und Technologie\" class=\"wp-image-7013\"\/><\/figure>\n<\/div>\n\n\n\n<div class=\"wp-block-group alignfull is-style-background-angle is-style-background-angle-left has-global-padding is-layout-constrained wp-block-group-is-layout-constrained\">\n<div class=\"wp-block-columns alignwide is-layout-flex wp-container-core-columns-is-layout-28f84493 wp-block-columns-is-layout-flex\">\n<div class=\"wp-block-column is-layout-flow wp-block-column-is-layout-flow\">\r\n<div id=\"seoheading-block_92b144e6e23b02b12774aa7c6afaef7a\" class=\"wp-block-visual4-seoheading SEOHeading\">\r\n    \n\n<h2 class=\"wp-block-heading SEOHeading-heading\">Vision unserer agentur<\/h2>\n\n\n\n<p class=\"SEOHeading-fauxHeading\">Menschen voranbringen<\/p>\n\n\r\n<\/div>\r\n<\/div>\n\n\n\n<div class=\"wp-block-column is-layout-flow wp-block-column-is-layout-flow\"><\/div>\n<\/div>\n\n\n\n<div class=\"wp-block-columns alignwide is-layout-flex wp-container-core-columns-is-layout-28f84493 wp-block-columns-is-layout-flex\">\n<div class=\"wp-block-column is-layout-flow wp-block-column-is-layout-flow\"><\/div>\n\n\n\n<div class=\"wp-block-column is-layout-flow wp-block-column-is-layout-flow\">\n<p>Als Digitalagentur arbeiten wir jeden Tag daran, die digitalen Welten unserer Kundinnen und Kunden noch <strong>attraktiver<\/strong>, noch <strong>komfortabler <\/strong>und noch <strong>vernetzter <\/strong>zu machen.<\/p>\n\n\n\n<p>Eine Zusammenarbeit mit uns bedeutet eine <strong>Zusammenarbeit auf Augenh\u00f6he<\/strong>: Sie kennen Ihr Team und Ihre Prozesse, wir haben das digitale Know-How, um Ihre Ziele und Visionen umzusetzen.<\/p>\n<\/div>\n<\/div>\n\n\n\n<figure class=\"wp-block-image alignwide size-large\"><img loading=\"lazy\" decoding=\"async\" width=\"1024\" height=\"684\" src=\"https:\/\/visual4.de\/wp-content\/uploads\/DSC_3833-1024x684.jpg\" alt=\"\" class=\"wp-image-483\" srcset=\"https:\/\/visual4.de\/wp-content\/uploads\/DSC_3833-1024x684.jpg 1024w, https:\/\/visual4.de\/wp-content\/uploads\/DSC_3833-784x523.jpg 784w, https:\/\/visual4.de\/wp-content\/uploads\/DSC_3833-1600x1068.jpg 1600w, https:\/\/visual4.de\/wp-content\/uploads\/DSC_3833-384x256.jpg 384w, https:\/\/visual4.de\/wp-content\/uploads\/DSC_3833-1920x1282.jpg 1920w, https:\/\/visual4.de\/wp-content\/uploads\/DSC_3833-768x513.jpg 768w, https:\/\/visual4.de\/wp-content\/uploads\/DSC_3833-1536x1025.jpg 1536w, https:\/\/visual4.de\/wp-content\/uploads\/DSC_3833-2048x1367.jpg 2048w, https:\/\/visual4.de\/wp-content\/uploads\/DSC_3833-300x200.jpg 300w\" sizes=\"auto, (max-width: 1024px) 100vw, 1024px\" \/><\/figure>\n<\/div>\n\n\n\n<div class=\"wp-block-group alignfull is-style-default has-global-padding is-layout-constrained wp-block-group-is-layout-constrained\">\n<div class=\"wp-block-group alignwide has-global-padding is-layout-constrained wp-block-group-is-layout-constrained\">\n<div class=\"wp-block-columns alignwide is-layout-flex wp-container-core-columns-is-layout-28f84493 wp-block-columns-is-layout-flex\">\n<div class=\"wp-block-column is-layout-flow wp-block-column-is-layout-flow\">\r\n<div id=\"seoheading-block_92b144e6e23b02b12774aa7c6afaef7a\" class=\"wp-block-visual4-seoheading SEOHeading\">\r\n    \n\n<h2 class=\"wp-block-heading SEOHeading-heading\" id=\"agentur-team-in-stuttgart\">Digitalagentur-Team in Stuttgart<\/h2>\n\n\n\n<p class=\"SEOHeading-fauxHeading\">Alle Perspektiven f\u00fcr eine ganzheitliche Sicht<\/p>\n\n\r\n<\/div>\r\n<\/div>\n\n\n\n<div class=\"wp-block-column is-layout-flow wp-block-column-is-layout-flow\"><\/div>\n<\/div>\n\n\n\n<div class=\"wp-block-columns alignwide is-layout-flex wp-container-core-columns-is-layout-28f84493 wp-block-columns-is-layout-flex\">\n<div class=\"wp-block-column is-layout-flow wp-block-column-is-layout-flow\"><\/div>\n\n\n\n<div class=\"wp-block-column is-layout-flow wp-block-column-is-layout-flow\">\n<p>Ehrlich. Authentisch. Offen. Auf diesen Prinzipien bauen wir jede Partnerschaft mit unseren Kundinnen und Kunden auf. Nur so entsteht eine langfristig erfolgreiche Zusammenarbeit, die Sie, Ihr Team sowie auch uns weiterbringt.<\/p>\n<\/div>\n<\/div>\n<\/div>\n\n\n\r\n\r\n<div id=\"team-block_43136149baf6331a527a0554669e207c\" class=\"wp-block-visual4-team v4-team alignfull \">\r\n\r\n    <div class=\"v4-team-grid\">\r\n                    <div class=\"v4-team-item\">\r\n                <div class=\"v4-team-preview\" href=\"#nathalie-wich\">\r\n                    <div class=\"v4-team-image has-gradient-grey-background\">\r\n                        <img loading=\"lazy\" decoding=\"async\" width=\"1416\" height=\"1417\" src=\"https:\/\/visual4.de\/wp-content\/uploads\/Nathalie-Wich_Digital-Developer.webp\" class=\"attachment-large size-large wp-post-image\" alt=\"\" srcset=\"https:\/\/visual4.de\/wp-content\/uploads\/Nathalie-Wich_Digital-Developer.webp 1416w, https:\/\/visual4.de\/wp-content\/uploads\/Nathalie-Wich_Digital-Developer-784x784.webp 784w, https:\/\/visual4.de\/wp-content\/uploads\/Nathalie-Wich_Digital-Developer-384x384.webp 384w, https:\/\/visual4.de\/wp-content\/uploads\/Nathalie-Wich_Digital-Developer-768x769.webp 768w\" sizes=\"auto, (max-width: 1416px) 100vw, 1416px\" \/>                    <\/div>\r\n                    <div class=\"v4-team-text\">\r\n                        <p class=\"v4-team-name\">Nathalie Wich<\/p>\r\n                        <div class=\"v4-team-function\">\r\n                                                                <p><a href=\"https:\/\/visual4.de\/digitalagentur\/digital-developer-berufsbild\/\">Digital Developer<\/a><\/p>\r\n                                                        <\/div>\r\n                    <\/div>\r\n                <\/div>\r\n\r\n                <!-- Eventually use HTML5 dialog https:\/\/kulturbanause.de\/blog\/html-dialog-element\/ -->\r\n                <div class=\"v4-team-overlay\" id=\"nathalie-wich\">\r\n                    <div class=\"v4-team-overlay-left\">\r\n                        <div class=\"v4-team-image is-style-angle-1\">\r\n                            <img loading=\"lazy\" decoding=\"async\" width=\"1416\" height=\"1417\" src=\"https:\/\/visual4.de\/wp-content\/uploads\/Nathalie-Wich_Digital-Developer.webp\" class=\"attachment-large size-large wp-post-image\" alt=\"\" srcset=\"https:\/\/visual4.de\/wp-content\/uploads\/Nathalie-Wich_Digital-Developer.webp 1416w, https:\/\/visual4.de\/wp-content\/uploads\/Nathalie-Wich_Digital-Developer-784x784.webp 784w, https:\/\/visual4.de\/wp-content\/uploads\/Nathalie-Wich_Digital-Developer-384x384.webp 384w, https:\/\/visual4.de\/wp-content\/uploads\/Nathalie-Wich_Digital-Developer-768x769.webp 768w\" sizes=\"auto, (max-width: 1416px) 100vw, 1416px\" \/>                        <\/div>\r\n                    <\/div>\r\n                    <div class=\"v4-team-overlay-right\">\r\n                                                    <blockquote class=\"wp-block-quote\">\r\n                                <p class=\"is-style-gradient\">Programmierung und Design haben mich schon immer fasziniert.<\/p>\r\n                            <\/blockquote>\r\n                                                                            <p class=\"v4-team-overlay-text\">Digital Native: Nathalie ist fasziniert davon, wie Online-Medien Schritt f\u00fcr Schritt entstehen. Mit Gef\u00fchl f\u00fcr Programmierung wie auch Design ist sie im WordPress-Backend wie auch -Frontend zuhause. Nathalie sch\u00e4tzt insbesondere die gute Arbeitsatmosph\u00e4re bei visual4.<\/p>\r\n                                                                            <p class=\"v4-team-name\">Nathalie Wich<\/p>\r\n                                                                            <div class=\"v4-team-function\">\r\n                                 \r\n                                        <p><a href=\"https:\/\/visual4.de\/digitalagentur\/digital-developer-berufsbild\/\">Digital Developer<\/a><\/p>\r\n                                                                <\/div>\r\n                                            <\/div>\r\n                    <button class=\"v4-team-overlay-close\"><\/button>\r\n                <\/div>\r\n            <\/div>\r\n                    <div class=\"v4-team-item\">\r\n                <div class=\"v4-team-preview\" href=\"#juliana-baatzsch\">\r\n                    <div class=\"v4-team-image has-gradient-grey-background\">\r\n                        <img loading=\"lazy\" decoding=\"async\" width=\"1416\" height=\"1417\" src=\"https:\/\/visual4.de\/wp-content\/uploads\/Juliana-Baatzsch_Digital-Designer.webp\" class=\"attachment-large size-large wp-post-image\" alt=\"\" srcset=\"https:\/\/visual4.de\/wp-content\/uploads\/Juliana-Baatzsch_Digital-Designer.webp 1416w, https:\/\/visual4.de\/wp-content\/uploads\/Juliana-Baatzsch_Digital-Designer-784x784.webp 784w, https:\/\/visual4.de\/wp-content\/uploads\/Juliana-Baatzsch_Digital-Designer-384x384.webp 384w, https:\/\/visual4.de\/wp-content\/uploads\/Juliana-Baatzsch_Digital-Designer-768x769.webp 768w\" sizes=\"auto, (max-width: 1416px) 100vw, 1416px\" \/>                    <\/div>\r\n                    <div class=\"v4-team-text\">\r\n                        <p class=\"v4-team-name\">Juliana Baatzsch<\/p>\r\n                        <div class=\"v4-team-function\">\r\n                                                                <p><a href=\"https:\/\/visual4.de\/digitalagentur\/digital-designer-berufsbild\/\">Digital Designer<\/a><\/p>\r\n                                                        <\/div>\r\n                    <\/div>\r\n                <\/div>\r\n\r\n                <!-- Eventually use HTML5 dialog https:\/\/kulturbanause.de\/blog\/html-dialog-element\/ -->\r\n                <div class=\"v4-team-overlay\" id=\"juliana-baatzsch\">\r\n                    <div class=\"v4-team-overlay-left\">\r\n                        <div class=\"v4-team-image is-style-angle-1\">\r\n                            <img loading=\"lazy\" decoding=\"async\" width=\"1416\" height=\"1417\" src=\"https:\/\/visual4.de\/wp-content\/uploads\/Juliana-Baatzsch_Digital-Designer.webp\" class=\"attachment-large size-large wp-post-image\" alt=\"\" srcset=\"https:\/\/visual4.de\/wp-content\/uploads\/Juliana-Baatzsch_Digital-Designer.webp 1416w, https:\/\/visual4.de\/wp-content\/uploads\/Juliana-Baatzsch_Digital-Designer-784x784.webp 784w, https:\/\/visual4.de\/wp-content\/uploads\/Juliana-Baatzsch_Digital-Designer-384x384.webp 384w, https:\/\/visual4.de\/wp-content\/uploads\/Juliana-Baatzsch_Digital-Designer-768x769.webp 768w\" sizes=\"auto, (max-width: 1416px) 100vw, 1416px\" \/>                        <\/div>\r\n                    <\/div>\r\n                    <div class=\"v4-team-overlay-right\">\r\n                                                    <blockquote class=\"wp-block-quote\">\r\n                                <p class=\"is-style-gradient\">Gestaltung wird dann spannend, wenn sie ber\u00fchrt und \u00fcberrascht.<\/p>\r\n                            <\/blockquote>\r\n                                                                            <p class=\"v4-team-overlay-text\">Empathische Designerin mit Code-Kompetenz: Jule verbindet kreatives Gesp\u00fcr f\u00fcr Design mit Einf\u00fchlungsverm\u00f6gen zu digitalen Erlebnissen, die h\u00e4ngen bleiben \u2013 dabei denkt sie dank ihrer Programmierkenntnisse auch technisch mit. Sie liebt abwechslungsreiche Projekte, klare Gestaltung und digitale Konzepte, die Emotionen wecken. In ihrer Freizeit ist sie mit dem Fahrrad unterwegs, engagiert sie sich in der Stuttgarter Subkultur oder h\u00e4kelt mit Hingabe.<\/p>\r\n                                                                            <p class=\"v4-team-name\">Juliana Baatzsch<\/p>\r\n                                                                            <div class=\"v4-team-function\">\r\n                                 \r\n                                        <p><a href=\"https:\/\/visual4.de\/digitalagentur\/digital-designer-berufsbild\/\">Digital Designer<\/a><\/p>\r\n                                                                <\/div>\r\n                                            <\/div>\r\n                    <button class=\"v4-team-overlay-close\"><\/button>\r\n                <\/div>\r\n            <\/div>\r\n                    <div class=\"v4-team-item\">\r\n                <div class=\"v4-team-preview\" href=\"#felix-kellewald\">\r\n                    <div class=\"v4-team-image has-gradient-grey-background\">\r\n                        <img loading=\"lazy\" decoding=\"async\" width=\"1600\" height=\"1600\" src=\"https:\/\/visual4.de\/wp-content\/uploads\/Felix-Kellewald_Digital-Consultant-1600x1600.webp\" class=\"attachment-large size-large wp-post-image\" alt=\"\" srcset=\"https:\/\/visual4.de\/wp-content\/uploads\/Felix-Kellewald_Digital-Consultant-1600x1600.webp 1600w, https:\/\/visual4.de\/wp-content\/uploads\/Felix-Kellewald_Digital-Consultant-784x784.webp 784w, https:\/\/visual4.de\/wp-content\/uploads\/Felix-Kellewald_Digital-Consultant-384x384.webp 384w, https:\/\/visual4.de\/wp-content\/uploads\/Felix-Kellewald_Digital-Consultant-768x768.webp 768w, https:\/\/visual4.de\/wp-content\/uploads\/Felix-Kellewald_Digital-Consultant-1536x1536.webp 1536w, https:\/\/visual4.de\/wp-content\/uploads\/Felix-Kellewald_Digital-Consultant-2048x2048.webp 2048w, https:\/\/visual4.de\/wp-content\/uploads\/Felix-Kellewald_Digital-Consultant-1920x1920.webp 1920w\" sizes=\"auto, (max-width: 1600px) 100vw, 1600px\" \/>                    <\/div>\r\n                    <div class=\"v4-team-text\">\r\n                        <p class=\"v4-team-name\">Felix Kellewald<\/p>\r\n                        <div class=\"v4-team-function\">\r\n                                                                <p>Digital Consultant<\/p>\r\n                                                        <\/div>\r\n                    <\/div>\r\n                <\/div>\r\n\r\n                <!-- Eventually use HTML5 dialog https:\/\/kulturbanause.de\/blog\/html-dialog-element\/ -->\r\n                <div class=\"v4-team-overlay\" id=\"felix-kellewald\">\r\n                    <div class=\"v4-team-overlay-left\">\r\n                        <div class=\"v4-team-image is-style-angle-1\">\r\n                            <img loading=\"lazy\" decoding=\"async\" width=\"1600\" height=\"1600\" src=\"https:\/\/visual4.de\/wp-content\/uploads\/Felix-Kellewald_Digital-Consultant-1600x1600.webp\" class=\"attachment-large size-large wp-post-image\" alt=\"\" srcset=\"https:\/\/visual4.de\/wp-content\/uploads\/Felix-Kellewald_Digital-Consultant-1600x1600.webp 1600w, https:\/\/visual4.de\/wp-content\/uploads\/Felix-Kellewald_Digital-Consultant-784x784.webp 784w, https:\/\/visual4.de\/wp-content\/uploads\/Felix-Kellewald_Digital-Consultant-384x384.webp 384w, https:\/\/visual4.de\/wp-content\/uploads\/Felix-Kellewald_Digital-Consultant-768x768.webp 768w, https:\/\/visual4.de\/wp-content\/uploads\/Felix-Kellewald_Digital-Consultant-1536x1536.webp 1536w, https:\/\/visual4.de\/wp-content\/uploads\/Felix-Kellewald_Digital-Consultant-2048x2048.webp 2048w, https:\/\/visual4.de\/wp-content\/uploads\/Felix-Kellewald_Digital-Consultant-1920x1920.webp 1920w\" sizes=\"auto, (max-width: 1600px) 100vw, 1600px\" \/>                        <\/div>\r\n                    <\/div>\r\n                    <div class=\"v4-team-overlay-right\">\r\n                                                    <blockquote class=\"wp-block-quote\">\r\n                                <p class=\"is-style-gradient\">Ich finde es spannend, Kundenszenarien durchzuspielen.<\/p>\r\n                            <\/blockquote>\r\n                                                                            <p class=\"v4-team-overlay-text\">First line of support: Felix sorgt daf\u00fcr, dass unsere Kunden bei Fragen immer gut aufgehoben sind und dass auch organisatorisch an alles gedacht ist. Er unterst\u00fctzt unsere Kunden von Anfang an, gibt die richtige Information in die richtigen H\u00e4nde und leitet unsere 1CRM-Webinare. Felix gef\u00e4llt es, den \u00dcberblick \u00fcber alles zu haben, was in der Digitalagentur l\u00e4uft, und sch\u00e4tzt besonders die gro\u00dfartige Kaffeeversorgung bei visual4.<\/p>\r\n                                                                            <p class=\"v4-team-name\">Felix Kellewald<\/p>\r\n                                                                            <div class=\"v4-team-function\">\r\n                                                                        <p>Digital Consultant<\/p>\r\n                                                                <\/div>\r\n                                            <\/div>\r\n                    <button class=\"v4-team-overlay-close\"><\/button>\r\n                <\/div>\r\n            <\/div>\r\n                    <div class=\"v4-team-item\">\r\n                <div class=\"v4-team-preview\" href=\"#walter-sindlinger\">\r\n                    <div class=\"v4-team-image has-gradient-grey-background\">\r\n                        <img loading=\"lazy\" decoding=\"async\" width=\"1600\" height=\"1600\" src=\"https:\/\/visual4.de\/wp-content\/uploads\/Walter-Sindlinger_Geschaeftsfuehrer-1600x1600.webp\" class=\"attachment-large size-large wp-post-image\" alt=\"\" srcset=\"https:\/\/visual4.de\/wp-content\/uploads\/Walter-Sindlinger_Geschaeftsfuehrer-1600x1600.webp 1600w, https:\/\/visual4.de\/wp-content\/uploads\/Walter-Sindlinger_Geschaeftsfuehrer-784x784.webp 784w, https:\/\/visual4.de\/wp-content\/uploads\/Walter-Sindlinger_Geschaeftsfuehrer-384x384.webp 384w, https:\/\/visual4.de\/wp-content\/uploads\/Walter-Sindlinger_Geschaeftsfuehrer-768x768.webp 768w, https:\/\/visual4.de\/wp-content\/uploads\/Walter-Sindlinger_Geschaeftsfuehrer-1536x1536.webp 1536w, https:\/\/visual4.de\/wp-content\/uploads\/Walter-Sindlinger_Geschaeftsfuehrer-2048x2048.webp 2048w, https:\/\/visual4.de\/wp-content\/uploads\/Walter-Sindlinger_Geschaeftsfuehrer-1920x1920.webp 1920w\" sizes=\"auto, (max-width: 1600px) 100vw, 1600px\" \/>                    <\/div>\r\n                    <div class=\"v4-team-text\">\r\n                        <p class=\"v4-team-name\">Walter Sindlinger<\/p>\r\n                        <div class=\"v4-team-function\">\r\n                                                                <p>Digital Architect<\/p>\r\n                                                                    <p>Managing Director<\/p>\r\n                                                        <\/div>\r\n                    <\/div>\r\n                <\/div>\r\n\r\n                <!-- Eventually use HTML5 dialog https:\/\/kulturbanause.de\/blog\/html-dialog-element\/ -->\r\n                <div class=\"v4-team-overlay\" id=\"walter-sindlinger\">\r\n                    <div class=\"v4-team-overlay-left\">\r\n                        <div class=\"v4-team-image is-style-angle-1\">\r\n                            <img loading=\"lazy\" decoding=\"async\" width=\"1600\" height=\"1600\" src=\"https:\/\/visual4.de\/wp-content\/uploads\/Walter-Sindlinger_Geschaeftsfuehrer-1600x1600.webp\" class=\"attachment-large size-large wp-post-image\" alt=\"\" srcset=\"https:\/\/visual4.de\/wp-content\/uploads\/Walter-Sindlinger_Geschaeftsfuehrer-1600x1600.webp 1600w, https:\/\/visual4.de\/wp-content\/uploads\/Walter-Sindlinger_Geschaeftsfuehrer-784x784.webp 784w, https:\/\/visual4.de\/wp-content\/uploads\/Walter-Sindlinger_Geschaeftsfuehrer-384x384.webp 384w, https:\/\/visual4.de\/wp-content\/uploads\/Walter-Sindlinger_Geschaeftsfuehrer-768x768.webp 768w, https:\/\/visual4.de\/wp-content\/uploads\/Walter-Sindlinger_Geschaeftsfuehrer-1536x1536.webp 1536w, https:\/\/visual4.de\/wp-content\/uploads\/Walter-Sindlinger_Geschaeftsfuehrer-2048x2048.webp 2048w, https:\/\/visual4.de\/wp-content\/uploads\/Walter-Sindlinger_Geschaeftsfuehrer-1920x1920.webp 1920w\" sizes=\"auto, (max-width: 1600px) 100vw, 1600px\" \/>                        <\/div>\r\n                    <\/div>\r\n                    <div class=\"v4-team-overlay-right\">\r\n                                                    <blockquote class=\"wp-block-quote\">\r\n                                <p class=\"is-style-gradient\">&#8222;Mir macht es Spa\u00df, erfolgreiche Projekte gemeinsam zu entwickeln.&#8220;<\/p>\r\n                            <\/blockquote>\r\n                                                                            <p class=\"v4-team-overlay-text\"> Digitaler Komponist: Walter legt bei Webprojekten viel Wert auf gutes Webdesign und hohe Usability. Gutes Webdesign ist f\u00fcr ihn jedoch mehr als \u00c4sthetik. Es geht ihm darum, die gestalterischen Elemente mit den Marketingzielen und der Technik perfekt in Einklang zu bringen. Jedes Detail soll zusammenpassen und unsere Kunden wie deren Kunden begeistern.<\/p>\r\n                                                                            <p class=\"v4-team-name\">Walter Sindlinger<\/p>\r\n                                                                            <div class=\"v4-team-function\">\r\n                                                                        <p>Digital Architect<\/p>\r\n                                                                            <p>Managing Director<\/p>\r\n                                                                <\/div>\r\n                                            <\/div>\r\n                    <button class=\"v4-team-overlay-close\"><\/button>\r\n                <\/div>\r\n            <\/div>\r\n                    <div class=\"v4-team-item\">\r\n                <div class=\"v4-team-preview\" href=\"#thomas-stauch\">\r\n                    <div class=\"v4-team-image has-gradient-grey-background\">\r\n                        <img loading=\"lazy\" decoding=\"async\" width=\"1416\" height=\"1417\" src=\"https:\/\/visual4.de\/wp-content\/uploads\/Thomas-Strauch_Digital-Architect.webp\" class=\"attachment-large size-large wp-post-image\" alt=\"\" srcset=\"https:\/\/visual4.de\/wp-content\/uploads\/Thomas-Strauch_Digital-Architect.webp 1416w, https:\/\/visual4.de\/wp-content\/uploads\/Thomas-Strauch_Digital-Architect-784x784.webp 784w, https:\/\/visual4.de\/wp-content\/uploads\/Thomas-Strauch_Digital-Architect-384x384.webp 384w, https:\/\/visual4.de\/wp-content\/uploads\/Thomas-Strauch_Digital-Architect-768x769.webp 768w\" sizes=\"auto, (max-width: 1416px) 100vw, 1416px\" \/>                    <\/div>\r\n                    <div class=\"v4-team-text\">\r\n                        <p class=\"v4-team-name\">Thomas Stauch<\/p>\r\n                        <div class=\"v4-team-function\">\r\n                                                                <p>Digital Architect<\/p>\r\n                                                        <\/div>\r\n                    <\/div>\r\n                <\/div>\r\n\r\n                <!-- Eventually use HTML5 dialog https:\/\/kulturbanause.de\/blog\/html-dialog-element\/ -->\r\n                <div class=\"v4-team-overlay\" id=\"thomas-stauch\">\r\n                    <div class=\"v4-team-overlay-left\">\r\n                        <div class=\"v4-team-image is-style-angle-1\">\r\n                            <img loading=\"lazy\" decoding=\"async\" width=\"1416\" height=\"1417\" src=\"https:\/\/visual4.de\/wp-content\/uploads\/Thomas-Strauch_Digital-Architect.webp\" class=\"attachment-large size-large wp-post-image\" alt=\"\" srcset=\"https:\/\/visual4.de\/wp-content\/uploads\/Thomas-Strauch_Digital-Architect.webp 1416w, https:\/\/visual4.de\/wp-content\/uploads\/Thomas-Strauch_Digital-Architect-784x784.webp 784w, https:\/\/visual4.de\/wp-content\/uploads\/Thomas-Strauch_Digital-Architect-384x384.webp 384w, https:\/\/visual4.de\/wp-content\/uploads\/Thomas-Strauch_Digital-Architect-768x769.webp 768w\" sizes=\"auto, (max-width: 1416px) 100vw, 1416px\" \/>                        <\/div>\r\n                    <\/div>\r\n                    <div class=\"v4-team-overlay-right\">\r\n                                                    <blockquote class=\"wp-block-quote\">\r\n                                <p class=\"is-style-gradient\">Ich liebe es, wenn ein Plan funktioniert.<\/p>\r\n                            <\/blockquote>\r\n                                                                            <p class=\"v4-team-overlay-text\">Eine glatte 1: Thomas spricht Bin\u00e4r und steht damit mit der IT-Technologie auf bestem Fu\u00df. Im Backend f\u00fchlt er sich pudelwohl und sorgt daf\u00fcr, dass Infrastruktur, CMS und CRM perfekt zusammenarbeiten. Thomas liebt Herausforderungen und als begeisterter Windsurfer meistert er auch den st\u00e4rksten Gegenwind.<\/p>\r\n                                                                            <p class=\"v4-team-name\">Thomas Stauch<\/p>\r\n                                                                            <div class=\"v4-team-function\">\r\n                                                                        <p>Digital Architect<\/p>\r\n                                                                <\/div>\r\n                                            <\/div>\r\n                    <button class=\"v4-team-overlay-close\"><\/button>\r\n                <\/div>\r\n            <\/div>\r\n                    <div class=\"v4-team-item\">\r\n                <div class=\"v4-team-preview\" href=\"#christoph-plessner\">\r\n                    <div class=\"v4-team-image has-gradient-grey-background\">\r\n                        <img loading=\"lazy\" decoding=\"async\" width=\"1416\" height=\"1417\" src=\"https:\/\/visual4.de\/wp-content\/uploads\/Christoph-Plessner_Geschaeftsfuehrer.webp\" class=\"attachment-large size-large wp-post-image\" alt=\"\" srcset=\"https:\/\/visual4.de\/wp-content\/uploads\/Christoph-Plessner_Geschaeftsfuehrer.webp 1416w, https:\/\/visual4.de\/wp-content\/uploads\/Christoph-Plessner_Geschaeftsfuehrer-784x784.webp 784w, https:\/\/visual4.de\/wp-content\/uploads\/Christoph-Plessner_Geschaeftsfuehrer-384x384.webp 384w, https:\/\/visual4.de\/wp-content\/uploads\/Christoph-Plessner_Geschaeftsfuehrer-768x769.webp 768w\" sizes=\"auto, (max-width: 1416px) 100vw, 1416px\" \/>                    <\/div>\r\n                    <div class=\"v4-team-text\">\r\n                        <p class=\"v4-team-name\">Christoph Plessner<\/p>\r\n                        <div class=\"v4-team-function\">\r\n                                                                <p>Digital Architect<\/p>\r\n                                                                    <p>Managing Director<\/p>\r\n                                                        <\/div>\r\n                    <\/div>\r\n                <\/div>\r\n\r\n                <!-- Eventually use HTML5 dialog https:\/\/kulturbanause.de\/blog\/html-dialog-element\/ -->\r\n                <div class=\"v4-team-overlay\" id=\"christoph-plessner\">\r\n                    <div class=\"v4-team-overlay-left\">\r\n                        <div class=\"v4-team-image is-style-angle-1\">\r\n                            <img loading=\"lazy\" decoding=\"async\" width=\"1416\" height=\"1417\" src=\"https:\/\/visual4.de\/wp-content\/uploads\/Christoph-Plessner_Geschaeftsfuehrer.webp\" class=\"attachment-large size-large wp-post-image\" alt=\"\" srcset=\"https:\/\/visual4.de\/wp-content\/uploads\/Christoph-Plessner_Geschaeftsfuehrer.webp 1416w, https:\/\/visual4.de\/wp-content\/uploads\/Christoph-Plessner_Geschaeftsfuehrer-784x784.webp 784w, https:\/\/visual4.de\/wp-content\/uploads\/Christoph-Plessner_Geschaeftsfuehrer-384x384.webp 384w, https:\/\/visual4.de\/wp-content\/uploads\/Christoph-Plessner_Geschaeftsfuehrer-768x769.webp 768w\" sizes=\"auto, (max-width: 1416px) 100vw, 1416px\" \/>                        <\/div>\r\n                    <\/div>\r\n                    <div class=\"v4-team-overlay-right\">\r\n                                                    <blockquote class=\"wp-block-quote\">\r\n                                <p class=\"is-style-gradient\">Wir arbeiten den Gro\u00dfteil unserer Zeit, daher sollte die Arbeit Spa\u00df machen.<\/p>\r\n                            <\/blockquote>\r\n                                                                            <p class=\"v4-team-overlay-text\">Digitaler Stratege: Christoph hat Zeit, Kosten und Qualit\u00e4t der Kundenprojekte immer im Blick und entwickelt gern strategische Ziele. Ihm ist es wichtig, ein Ambiente zu schaffen, in dem das gesamte Team frei denken kann und mit Spa\u00df die gesteckten Ziele erreicht. Von seiner Leidenschaft f\u00fcr Business-Strategie und Online-Marketing profitieren nicht nur wir als Webagentur, sondern vor allem unsere Kunden.<\/p>\r\n                                                                            <p class=\"v4-team-name\">Christoph Plessner<\/p>\r\n                                                                            <div class=\"v4-team-function\">\r\n                                                                        <p>Digital Architect<\/p>\r\n                                                                            <p>Managing Director<\/p>\r\n                                                                <\/div>\r\n                                            <\/div>\r\n                    <button class=\"v4-team-overlay-close\"><\/button>\r\n                <\/div>\r\n            <\/div>\r\n                    <div class=\"v4-team-item\">\r\n                <div class=\"v4-team-preview\" href=\"#nadine-martin-schuble\">\r\n                    <div class=\"v4-team-image has-gradient-grey-background\">\r\n                        <img loading=\"lazy\" decoding=\"async\" width=\"1416\" height=\"1417\" src=\"https:\/\/visual4.de\/wp-content\/uploads\/Nadine-Martin-Schuble_Digital-Marketer.webp\" class=\"attachment-large size-large wp-post-image\" alt=\"\" srcset=\"https:\/\/visual4.de\/wp-content\/uploads\/Nadine-Martin-Schuble_Digital-Marketer.webp 1416w, https:\/\/visual4.de\/wp-content\/uploads\/Nadine-Martin-Schuble_Digital-Marketer-784x784.webp 784w, https:\/\/visual4.de\/wp-content\/uploads\/Nadine-Martin-Schuble_Digital-Marketer-384x384.webp 384w, https:\/\/visual4.de\/wp-content\/uploads\/Nadine-Martin-Schuble_Digital-Marketer-768x769.webp 768w\" sizes=\"auto, (max-width: 1416px) 100vw, 1416px\" \/>                    <\/div>\r\n                    <div class=\"v4-team-text\">\r\n                        <p class=\"v4-team-name\">Nadine Martin-Schuble<\/p>\r\n                        <div class=\"v4-team-function\">\r\n                                                                <p><a href=\"https:\/\/visual4.de\/digitalagentur\/digital-marketer-berufsbild\/\">Digital Marketer<\/a><\/p>\r\n                                                        <\/div>\r\n                    <\/div>\r\n                <\/div>\r\n\r\n                <!-- Eventually use HTML5 dialog https:\/\/kulturbanause.de\/blog\/html-dialog-element\/ -->\r\n                <div class=\"v4-team-overlay\" id=\"nadine-martin-schuble\">\r\n                    <div class=\"v4-team-overlay-left\">\r\n                        <div class=\"v4-team-image is-style-angle-1\">\r\n                            <img loading=\"lazy\" decoding=\"async\" width=\"1416\" height=\"1417\" src=\"https:\/\/visual4.de\/wp-content\/uploads\/Nadine-Martin-Schuble_Digital-Marketer.webp\" class=\"attachment-large size-large wp-post-image\" alt=\"\" srcset=\"https:\/\/visual4.de\/wp-content\/uploads\/Nadine-Martin-Schuble_Digital-Marketer.webp 1416w, https:\/\/visual4.de\/wp-content\/uploads\/Nadine-Martin-Schuble_Digital-Marketer-784x784.webp 784w, https:\/\/visual4.de\/wp-content\/uploads\/Nadine-Martin-Schuble_Digital-Marketer-384x384.webp 384w, https:\/\/visual4.de\/wp-content\/uploads\/Nadine-Martin-Schuble_Digital-Marketer-768x769.webp 768w\" sizes=\"auto, (max-width: 1416px) 100vw, 1416px\" \/>                        <\/div>\r\n                    <\/div>\r\n                    <div class=\"v4-team-overlay-right\">\r\n                                                    <blockquote class=\"wp-block-quote\">\r\n                                <p class=\"is-style-gradient\">Ich m\u00f6chte Content kreieren, der Menschen erreicht.<\/p>\r\n                            <\/blockquote>\r\n                                                                            <p class=\"v4-team-overlay-text\">Wissensdurstige Content-Kreative: Nadines liebste Aufgabe ist es, unsere Kundinnen und Kunden mit allen wichtigen Informationen zu versorgen, die sie brauchen. Mit ihrem kreativen Talent in Bild und Wort bringt sie komplexe Informationen in ein verst\u00e4ndliches und visuell ansprechendes Format und sorgt so f\u00fcr eine ansprechende User Experience auf allen Kan\u00e4len.<\/p>\r\n                                                                            <p class=\"v4-team-name\">Nadine Martin-Schuble<\/p>\r\n                                                                            <div class=\"v4-team-function\">\r\n                                 \r\n                                        <p><a href=\"https:\/\/visual4.de\/digitalagentur\/digital-marketer-berufsbild\/\">Digital Marketer<\/a><\/p>\r\n                                                                <\/div>\r\n                                            <\/div>\r\n                    <button class=\"v4-team-overlay-close\"><\/button>\r\n                <\/div>\r\n            <\/div>\r\n                    <div class=\"v4-team-item\">\r\n                <div class=\"v4-team-preview\" href=\"#philip-glaser\">\r\n                    <div class=\"v4-team-image has-gradient-grey-background\">\r\n                        <img loading=\"lazy\" decoding=\"async\" width=\"1416\" height=\"1417\" src=\"https:\/\/visual4.de\/wp-content\/uploads\/Philip_Glaser_Digital-Developer.webp\" class=\"attachment-large size-large wp-post-image\" alt=\"\" srcset=\"https:\/\/visual4.de\/wp-content\/uploads\/Philip_Glaser_Digital-Developer.webp 1416w, https:\/\/visual4.de\/wp-content\/uploads\/Philip_Glaser_Digital-Developer-784x784.webp 784w, https:\/\/visual4.de\/wp-content\/uploads\/Philip_Glaser_Digital-Developer-384x384.webp 384w, https:\/\/visual4.de\/wp-content\/uploads\/Philip_Glaser_Digital-Developer-768x769.webp 768w\" sizes=\"auto, (max-width: 1416px) 100vw, 1416px\" \/>                    <\/div>\r\n                    <div class=\"v4-team-text\">\r\n                        <p class=\"v4-team-name\">Philip Glaser<\/p>\r\n                        <div class=\"v4-team-function\">\r\n                                                                <p><a href=\"https:\/\/visual4.de\/digitalagentur\/digital-developer-berufsbild\/\">Digital Developer<\/a><\/p>\r\n                                                        <\/div>\r\n                    <\/div>\r\n                <\/div>\r\n\r\n                <!-- Eventually use HTML5 dialog https:\/\/kulturbanause.de\/blog\/html-dialog-element\/ -->\r\n                <div class=\"v4-team-overlay\" id=\"philip-glaser\">\r\n                    <div class=\"v4-team-overlay-left\">\r\n                        <div class=\"v4-team-image is-style-angle-1\">\r\n                            <img loading=\"lazy\" decoding=\"async\" width=\"1416\" height=\"1417\" src=\"https:\/\/visual4.de\/wp-content\/uploads\/Philip_Glaser_Digital-Developer.webp\" class=\"attachment-large size-large wp-post-image\" alt=\"\" srcset=\"https:\/\/visual4.de\/wp-content\/uploads\/Philip_Glaser_Digital-Developer.webp 1416w, https:\/\/visual4.de\/wp-content\/uploads\/Philip_Glaser_Digital-Developer-784x784.webp 784w, https:\/\/visual4.de\/wp-content\/uploads\/Philip_Glaser_Digital-Developer-384x384.webp 384w, https:\/\/visual4.de\/wp-content\/uploads\/Philip_Glaser_Digital-Developer-768x769.webp 768w\" sizes=\"auto, (max-width: 1416px) 100vw, 1416px\" \/>                        <\/div>\r\n                    <\/div>\r\n                    <div class=\"v4-team-overlay-right\">\r\n                                                    <blockquote class=\"wp-block-quote\">\r\n                                <p class=\"is-style-gradient\">Ein Programm muss mehr als nur funktionieren!<\/p>\r\n                            <\/blockquote>\r\n                                                                            <p class=\"v4-team-overlay-text\">Techniker mit Einf\u00fchlungsverm\u00f6gen: Philip passt unsere Software perfekt an die Kundenbed\u00fcrfnisse an. Er versetzt sich in die Anwender und Anwenderinnen hinein. Denn f\u00fcr ihn muss ein Programm nicht nur funktionieren, sondern eine echte Hilfe f\u00fcr die Personen sein, die die Software sp\u00e4ter einsetzen.<\/p>\r\n                                                                            <p class=\"v4-team-name\">Philip Glaser<\/p>\r\n                                                                            <div class=\"v4-team-function\">\r\n                                 \r\n                                        <p><a href=\"https:\/\/visual4.de\/digitalagentur\/digital-developer-berufsbild\/\">Digital Developer<\/a><\/p>\r\n                                                                <\/div>\r\n                                            <\/div>\r\n                    <button class=\"v4-team-overlay-close\"><\/button>\r\n                <\/div>\r\n            <\/div>\r\n                    <div class=\"v4-team-item\">\r\n                <div class=\"v4-team-preview\" href=\"#pia-ostroske\">\r\n                    <div class=\"v4-team-image has-gradient-grey-background\">\r\n                        <img loading=\"lazy\" decoding=\"async\" width=\"1416\" height=\"1417\" src=\"https:\/\/visual4.de\/wp-content\/uploads\/Pia-Ostroske_Digital-Marketer.webp\" class=\"attachment-large size-large wp-post-image\" alt=\"\" srcset=\"https:\/\/visual4.de\/wp-content\/uploads\/Pia-Ostroske_Digital-Marketer.webp 1416w, https:\/\/visual4.de\/wp-content\/uploads\/Pia-Ostroske_Digital-Marketer-784x784.webp 784w, https:\/\/visual4.de\/wp-content\/uploads\/Pia-Ostroske_Digital-Marketer-384x384.webp 384w, https:\/\/visual4.de\/wp-content\/uploads\/Pia-Ostroske_Digital-Marketer-768x769.webp 768w\" sizes=\"auto, (max-width: 1416px) 100vw, 1416px\" \/>                    <\/div>\r\n                    <div class=\"v4-team-text\">\r\n                        <p class=\"v4-team-name\">Pia Ostroske<\/p>\r\n                        <div class=\"v4-team-function\">\r\n                                                                <p><a href=\"https:\/\/visual4.de\/digitalagentur\/digital-marketer-berufsbild\/\">Digital Marketer<\/a><\/p>\r\n                                                        <\/div>\r\n                    <\/div>\r\n                <\/div>\r\n\r\n                <!-- Eventually use HTML5 dialog https:\/\/kulturbanause.de\/blog\/html-dialog-element\/ -->\r\n                <div class=\"v4-team-overlay\" id=\"pia-ostroske\">\r\n                    <div class=\"v4-team-overlay-left\">\r\n                        <div class=\"v4-team-image is-style-angle-1\">\r\n                            <img loading=\"lazy\" decoding=\"async\" width=\"1416\" height=\"1417\" src=\"https:\/\/visual4.de\/wp-content\/uploads\/Pia-Ostroske_Digital-Marketer.webp\" class=\"attachment-large size-large wp-post-image\" alt=\"\" srcset=\"https:\/\/visual4.de\/wp-content\/uploads\/Pia-Ostroske_Digital-Marketer.webp 1416w, https:\/\/visual4.de\/wp-content\/uploads\/Pia-Ostroske_Digital-Marketer-784x784.webp 784w, https:\/\/visual4.de\/wp-content\/uploads\/Pia-Ostroske_Digital-Marketer-384x384.webp 384w, https:\/\/visual4.de\/wp-content\/uploads\/Pia-Ostroske_Digital-Marketer-768x769.webp 768w\" sizes=\"auto, (max-width: 1416px) 100vw, 1416px\" \/>                        <\/div>\r\n                    <\/div>\r\n                    <div class=\"v4-team-overlay-right\">\r\n                                                    <blockquote class=\"wp-block-quote\">\r\n                                <p class=\"is-style-gradient\">Guter Content verbindet Strategie, Kreativit\u00e4t und Design.<\/p>\r\n                            <\/blockquote>\r\n                                                                            <p class=\"v4-team-overlay-text\">Kreative Content-Enthusiastin: Pia bringt komplexe Inhalte auf den Punkt \u2013 mit klaren Worten, Sinn f\u00fcr \u00c4sthetik und einer durchdachten Strategie. Ihr Ziel ist es, Inhalte zu schaffen, die nicht nur verst\u00e4ndlich sind, sondern auch begeistern. Wenn sie nicht gerade neue Ideen entwickelt, rettet sie Meeresschildkr\u00f6ten in Griechenland oder sammelt Energie beim Yoga.<\/p>\r\n                                                                            <p class=\"v4-team-name\">Pia Ostroske<\/p>\r\n                                                                            <div class=\"v4-team-function\">\r\n                                 \r\n                                        <p><a href=\"https:\/\/visual4.de\/digitalagentur\/digital-marketer-berufsbild\/\">Digital Marketer<\/a><\/p>\r\n                                                                <\/div>\r\n                                            <\/div>\r\n                    <button class=\"v4-team-overlay-close\"><\/button>\r\n                <\/div>\r\n            <\/div>\r\n                    <div class=\"v4-team-item\">\r\n                <div class=\"v4-team-preview\" href=\"#markus-raffler\">\r\n                    <div class=\"v4-team-image has-gradient-grey-background\">\r\n                        <img loading=\"lazy\" decoding=\"async\" width=\"1416\" height=\"1417\" src=\"https:\/\/visual4.de\/wp-content\/uploads\/Markus-Raffler_Digital-Architect.webp\" class=\"attachment-large size-large wp-post-image\" alt=\"\" srcset=\"https:\/\/visual4.de\/wp-content\/uploads\/Markus-Raffler_Digital-Architect.webp 1416w, https:\/\/visual4.de\/wp-content\/uploads\/Markus-Raffler_Digital-Architect-784x784.webp 784w, https:\/\/visual4.de\/wp-content\/uploads\/Markus-Raffler_Digital-Architect-384x384.webp 384w, https:\/\/visual4.de\/wp-content\/uploads\/Markus-Raffler_Digital-Architect-768x769.webp 768w\" sizes=\"auto, (max-width: 1416px) 100vw, 1416px\" \/>                    <\/div>\r\n                    <div class=\"v4-team-text\">\r\n                        <p class=\"v4-team-name\">Markus Raffler<\/p>\r\n                        <div class=\"v4-team-function\">\r\n                                                                <p>Digital Architect<\/p>\r\n                                                        <\/div>\r\n                    <\/div>\r\n                <\/div>\r\n\r\n                <!-- Eventually use HTML5 dialog https:\/\/kulturbanause.de\/blog\/html-dialog-element\/ -->\r\n                <div class=\"v4-team-overlay\" id=\"markus-raffler\">\r\n                    <div class=\"v4-team-overlay-left\">\r\n                        <div class=\"v4-team-image is-style-angle-1\">\r\n                            <img loading=\"lazy\" decoding=\"async\" width=\"1416\" height=\"1417\" src=\"https:\/\/visual4.de\/wp-content\/uploads\/Markus-Raffler_Digital-Architect.webp\" class=\"attachment-large size-large wp-post-image\" alt=\"\" srcset=\"https:\/\/visual4.de\/wp-content\/uploads\/Markus-Raffler_Digital-Architect.webp 1416w, https:\/\/visual4.de\/wp-content\/uploads\/Markus-Raffler_Digital-Architect-784x784.webp 784w, https:\/\/visual4.de\/wp-content\/uploads\/Markus-Raffler_Digital-Architect-384x384.webp 384w, https:\/\/visual4.de\/wp-content\/uploads\/Markus-Raffler_Digital-Architect-768x769.webp 768w\" sizes=\"auto, (max-width: 1416px) 100vw, 1416px\" \/>                        <\/div>\r\n                    <\/div>\r\n                    <div class=\"v4-team-overlay-right\">\r\n                                                    <blockquote class=\"wp-block-quote\">\r\n                                <p class=\"is-style-gradient\">Ich mache Informationen interaktiv erlebbar.<\/p>\r\n                            <\/blockquote>\r\n                                                                            <p class=\"v4-team-overlay-text\">Aus geschriebenem Code etwas Lebendiges machen. Markus denkt sich in die W\u00fcnsche und Bed\u00fcrfnisse unserer Kunden ein und gestaltet dann eine L\u00f6sung, die technisch, inhaltlich wie grafisch \u00fcberzeugt. Mit Design, 3D-Entwicklung und Animation erweckt er Digitales zum Leben und begeistert damit Kunden und Anwender.<\/p>\r\n                                                                            <p class=\"v4-team-name\">Markus Raffler<\/p>\r\n                                                                            <div class=\"v4-team-function\">\r\n                                                                        <p>Digital Architect<\/p>\r\n                                                                <\/div>\r\n                                            <\/div>\r\n                    <button class=\"v4-team-overlay-close\"><\/button>\r\n                <\/div>\r\n            <\/div>\r\n                    <div class=\"v4-team-item\">\r\n                <div class=\"v4-team-preview\" href=\"#tristan-seidel\">\r\n                    <div class=\"v4-team-image has-gradient-grey-background\">\r\n                        <img loading=\"lazy\" decoding=\"async\" width=\"1600\" height=\"1600\" src=\"https:\/\/visual4.de\/wp-content\/uploads\/Tristan-Seidel_Digital-Developer-1600x1600.webp\" class=\"attachment-large size-large wp-post-image\" alt=\"\" srcset=\"https:\/\/visual4.de\/wp-content\/uploads\/Tristan-Seidel_Digital-Developer-1600x1600.webp 1600w, https:\/\/visual4.de\/wp-content\/uploads\/Tristan-Seidel_Digital-Developer-784x784.webp 784w, https:\/\/visual4.de\/wp-content\/uploads\/Tristan-Seidel_Digital-Developer-384x384.webp 384w, https:\/\/visual4.de\/wp-content\/uploads\/Tristan-Seidel_Digital-Developer-768x768.webp 768w, https:\/\/visual4.de\/wp-content\/uploads\/Tristan-Seidel_Digital-Developer-1536x1536.webp 1536w, https:\/\/visual4.de\/wp-content\/uploads\/Tristan-Seidel_Digital-Developer-2048x2048.webp 2048w, https:\/\/visual4.de\/wp-content\/uploads\/Tristan-Seidel_Digital-Developer-1920x1920.webp 1920w\" sizes=\"auto, (max-width: 1600px) 100vw, 1600px\" \/>                    <\/div>\r\n                    <div class=\"v4-team-text\">\r\n                        <p class=\"v4-team-name\">Tristan Seidel<\/p>\r\n                        <div class=\"v4-team-function\">\r\n                                                                <p><a href=\"https:\/\/visual4.de\/digitalagentur\/digital-developer-berufsbild\/\">Digital Developer<\/a><\/p>\r\n                                                        <\/div>\r\n                    <\/div>\r\n                <\/div>\r\n\r\n                <!-- Eventually use HTML5 dialog https:\/\/kulturbanause.de\/blog\/html-dialog-element\/ -->\r\n                <div class=\"v4-team-overlay\" id=\"tristan-seidel\">\r\n                    <div class=\"v4-team-overlay-left\">\r\n                        <div class=\"v4-team-image is-style-angle-1\">\r\n                            <img loading=\"lazy\" decoding=\"async\" width=\"1600\" height=\"1600\" src=\"https:\/\/visual4.de\/wp-content\/uploads\/Tristan-Seidel_Digital-Developer-1600x1600.webp\" class=\"attachment-large size-large wp-post-image\" alt=\"\" srcset=\"https:\/\/visual4.de\/wp-content\/uploads\/Tristan-Seidel_Digital-Developer-1600x1600.webp 1600w, https:\/\/visual4.de\/wp-content\/uploads\/Tristan-Seidel_Digital-Developer-784x784.webp 784w, https:\/\/visual4.de\/wp-content\/uploads\/Tristan-Seidel_Digital-Developer-384x384.webp 384w, https:\/\/visual4.de\/wp-content\/uploads\/Tristan-Seidel_Digital-Developer-768x768.webp 768w, https:\/\/visual4.de\/wp-content\/uploads\/Tristan-Seidel_Digital-Developer-1536x1536.webp 1536w, https:\/\/visual4.de\/wp-content\/uploads\/Tristan-Seidel_Digital-Developer-2048x2048.webp 2048w, https:\/\/visual4.de\/wp-content\/uploads\/Tristan-Seidel_Digital-Developer-1920x1920.webp 1920w\" sizes=\"auto, (max-width: 1600px) 100vw, 1600px\" \/>                        <\/div>\r\n                    <\/div>\r\n                    <div class=\"v4-team-overlay-right\">\r\n                                                    <blockquote class=\"wp-block-quote\">\r\n                                <p class=\"is-style-gradient\">Ich suche nach dem besten Weg, damit Anwendungen verst\u00e4ndlich sind.<\/p>\r\n                            <\/blockquote>\r\n                                                                            <p class=\"v4-team-overlay-text\">UX im Blick: Tristan nutzt die digitalen M\u00f6glichkeiten, um Arbeitsschritte so weit es geht zu automatisieren und eine komfortable Nutzung zu erm\u00f6glichen. Zust\u00e4ndig ist Tristan f\u00fcr die technische Umsetzung unserer Webdesigns und die Erweiterung des WordPress-Backends. Auch privat steht Tristan mit technischem Know-how seiner Gaming Community zur Verf\u00fcgung.<\/p>\r\n                                                                            <p class=\"v4-team-name\">Tristan Seidel<\/p>\r\n                                                                            <div class=\"v4-team-function\">\r\n                                 \r\n                                        <p><a href=\"https:\/\/visual4.de\/digitalagentur\/digital-developer-berufsbild\/\">Digital Developer<\/a><\/p>\r\n                                                                <\/div>\r\n                                            <\/div>\r\n                    <button class=\"v4-team-overlay-close\"><\/button>\r\n                <\/div>\r\n            <\/div>\r\n                    <div class=\"v4-team-item\">\r\n                <div class=\"v4-team-preview\" href=\"#veronika-cernuhov\">\r\n                    <div class=\"v4-team-image has-gradient-grey-background\">\r\n                        <img loading=\"lazy\" decoding=\"async\" width=\"1416\" height=\"1417\" src=\"https:\/\/visual4.de\/wp-content\/uploads\/Veronika-Cernuhov_Praktikantin.webp\" class=\"attachment-large size-large wp-post-image\" alt=\"\" srcset=\"https:\/\/visual4.de\/wp-content\/uploads\/Veronika-Cernuhov_Praktikantin.webp 1416w, https:\/\/visual4.de\/wp-content\/uploads\/Veronika-Cernuhov_Praktikantin-784x784.webp 784w, https:\/\/visual4.de\/wp-content\/uploads\/Veronika-Cernuhov_Praktikantin-384x384.webp 384w, https:\/\/visual4.de\/wp-content\/uploads\/Veronika-Cernuhov_Praktikantin-768x769.webp 768w\" sizes=\"auto, (max-width: 1416px) 100vw, 1416px\" \/>                    <\/div>\r\n                    <div class=\"v4-team-text\">\r\n                        <p class=\"v4-team-name\">Veronika Cernuhov<\/p>\r\n                        <div class=\"v4-team-function\">\r\n                                                                <p>ADV Intern<\/p>\r\n                                                        <\/div>\r\n                    <\/div>\r\n                <\/div>\r\n\r\n                <!-- Eventually use HTML5 dialog https:\/\/kulturbanause.de\/blog\/html-dialog-element\/ -->\r\n                <div class=\"v4-team-overlay\" id=\"veronika-cernuhov\">\r\n                    <div class=\"v4-team-overlay-left\">\r\n                        <div class=\"v4-team-image is-style-angle-1\">\r\n                            <img loading=\"lazy\" decoding=\"async\" width=\"1416\" height=\"1417\" src=\"https:\/\/visual4.de\/wp-content\/uploads\/Veronika-Cernuhov_Praktikantin.webp\" class=\"attachment-large size-large wp-post-image\" alt=\"\" srcset=\"https:\/\/visual4.de\/wp-content\/uploads\/Veronika-Cernuhov_Praktikantin.webp 1416w, https:\/\/visual4.de\/wp-content\/uploads\/Veronika-Cernuhov_Praktikantin-784x784.webp 784w, https:\/\/visual4.de\/wp-content\/uploads\/Veronika-Cernuhov_Praktikantin-384x384.webp 384w, https:\/\/visual4.de\/wp-content\/uploads\/Veronika-Cernuhov_Praktikantin-768x769.webp 768w\" sizes=\"auto, (max-width: 1416px) 100vw, 1416px\" \/>                        <\/div>\r\n                    <\/div>\r\n                    <div class=\"v4-team-overlay-right\">\r\n                                                    <blockquote class=\"wp-block-quote\">\r\n                                <p class=\"is-style-gradient\">\u201eEs ist sch\u00f6n zu sehen, wie sich ein Projekt weiterentwickelt.\u201c<\/p>\r\n                            <\/blockquote>\r\n                                                                            <p class=\"v4-team-overlay-text\">Veronika ist eine zuverl\u00e4ssige Unterst\u00fctzung f\u00fcr unsere Kund:innen. Jeden Tag setzt sie sich daf\u00fcr ein, deren Welt ein bisschen besser zu machen. Ihre gr\u00f6\u00dfte Motivation ist es, den Fortschritt eines Projekts zu begleiten und es erfolgreich abzuschlie\u00dfen. Und wenn sie dabei noch etwas Neues lernen kann, freut sie sich umso mehr!<\/p>\r\n                                                                            <p class=\"v4-team-name\">Veronika Cernuhov<\/p>\r\n                                                                            <div class=\"v4-team-function\">\r\n                                                                        <p>ADV Intern<\/p>\r\n                                                                <\/div>\r\n                                            <\/div>\r\n                    <button class=\"v4-team-overlay-close\"><\/button>\r\n                <\/div>\r\n            <\/div>\r\n                    <div class=\"v4-team-item\">\r\n                <div class=\"v4-team-preview\" href=\"#dennis-seid\">\r\n                    <div class=\"v4-team-image has-gradient-grey-background\">\r\n                        <img loading=\"lazy\" decoding=\"async\" width=\"1416\" height=\"1417\" src=\"https:\/\/visual4.de\/wp-content\/uploads\/Dennis-Seid_Digital-Designer.webp\" class=\"attachment-large size-large wp-post-image\" alt=\"\" srcset=\"https:\/\/visual4.de\/wp-content\/uploads\/Dennis-Seid_Digital-Designer.webp 1416w, https:\/\/visual4.de\/wp-content\/uploads\/Dennis-Seid_Digital-Designer-784x784.webp 784w, https:\/\/visual4.de\/wp-content\/uploads\/Dennis-Seid_Digital-Designer-384x384.webp 384w, https:\/\/visual4.de\/wp-content\/uploads\/Dennis-Seid_Digital-Designer-768x769.webp 768w\" sizes=\"auto, (max-width: 1416px) 100vw, 1416px\" \/>                    <\/div>\r\n                    <div class=\"v4-team-text\">\r\n                        <p class=\"v4-team-name\">Dennis Seid<\/p>\r\n                        <div class=\"v4-team-function\">\r\n                                                                <p><a href=\"https:\/\/visual4.de\/digitalagentur\/digital-designer-berufsbild\/\">Digital Designer<\/a><\/p>\r\n                                                                    <p>Web-Accessibilty Expert<\/p>\r\n                                                        <\/div>\r\n                    <\/div>\r\n                <\/div>\r\n\r\n                <!-- Eventually use HTML5 dialog https:\/\/kulturbanause.de\/blog\/html-dialog-element\/ -->\r\n                <div class=\"v4-team-overlay\" id=\"dennis-seid\">\r\n                    <div class=\"v4-team-overlay-left\">\r\n                        <div class=\"v4-team-image is-style-angle-1\">\r\n                            <img loading=\"lazy\" decoding=\"async\" width=\"1416\" height=\"1417\" src=\"https:\/\/visual4.de\/wp-content\/uploads\/Dennis-Seid_Digital-Designer.webp\" class=\"attachment-large size-large wp-post-image\" alt=\"\" srcset=\"https:\/\/visual4.de\/wp-content\/uploads\/Dennis-Seid_Digital-Designer.webp 1416w, https:\/\/visual4.de\/wp-content\/uploads\/Dennis-Seid_Digital-Designer-784x784.webp 784w, https:\/\/visual4.de\/wp-content\/uploads\/Dennis-Seid_Digital-Designer-384x384.webp 384w, https:\/\/visual4.de\/wp-content\/uploads\/Dennis-Seid_Digital-Designer-768x769.webp 768w\" sizes=\"auto, (max-width: 1416px) 100vw, 1416px\" \/>                        <\/div>\r\n                    <\/div>\r\n                    <div class=\"v4-team-overlay-right\">\r\n                                                    <blockquote class=\"wp-block-quote\">\r\n                                <p class=\"is-style-gradient\">Es macht mir unheimlich Spa\u00df, gute Ideen zu entwickeln.<\/p>\r\n                            <\/blockquote>\r\n                                                                            <p class=\"v4-team-overlay-text\">Digitaler Expressionist: Dennis erweckt die Botschaften unserer Kunden visuell zum Leben. Daf\u00fcr beobachtet er jede neue Entwicklung im Web und Design und schafft so immer wieder neue, kreative Gestaltungskonzepte. Dennis sieht seine Designs als Gem\u00e4lde an, die im besten Fall Emotionen wecken und zum Nachdenken anregen.<\/p>\r\n                                                                            <p class=\"v4-team-name\">Dennis Seid<\/p>\r\n                                                                            <div class=\"v4-team-function\">\r\n                                 \r\n                                        <p><a href=\"https:\/\/visual4.de\/digitalagentur\/digital-designer-berufsbild\/\">Digital Designer<\/a><\/p>\r\n                                                                            <p>Web-Accessibilty Expert<\/p>\r\n                                                                <\/div>\r\n                                            <\/div>\r\n                    <button class=\"v4-team-overlay-close\"><\/button>\r\n                <\/div>\r\n            <\/div>\r\n                    <div class=\"v4-team-item\">\r\n                <div class=\"v4-team-preview\" href=\"#stefanie-erfurt\">\r\n                    <div class=\"v4-team-image has-gradient-grey-background\">\r\n                        <img loading=\"lazy\" decoding=\"async\" width=\"1416\" height=\"1417\" src=\"https:\/\/visual4.de\/wp-content\/uploads\/Stefanie-Erfurt_Digital-Architect.webp\" class=\"attachment-large size-large wp-post-image\" alt=\"\" srcset=\"https:\/\/visual4.de\/wp-content\/uploads\/Stefanie-Erfurt_Digital-Architect.webp 1416w, https:\/\/visual4.de\/wp-content\/uploads\/Stefanie-Erfurt_Digital-Architect-784x784.webp 784w, https:\/\/visual4.de\/wp-content\/uploads\/Stefanie-Erfurt_Digital-Architect-384x384.webp 384w, https:\/\/visual4.de\/wp-content\/uploads\/Stefanie-Erfurt_Digital-Architect-768x769.webp 768w\" sizes=\"auto, (max-width: 1416px) 100vw, 1416px\" \/>                    <\/div>\r\n                    <div class=\"v4-team-text\">\r\n                        <p class=\"v4-team-name\">Stefanie Erfurt<\/p>\r\n                        <div class=\"v4-team-function\">\r\n                                                                <p>Digital Architect<\/p>\r\n                                                        <\/div>\r\n                    <\/div>\r\n                <\/div>\r\n\r\n                <!-- Eventually use HTML5 dialog https:\/\/kulturbanause.de\/blog\/html-dialog-element\/ -->\r\n                <div class=\"v4-team-overlay\" id=\"stefanie-erfurt\">\r\n                    <div class=\"v4-team-overlay-left\">\r\n                        <div class=\"v4-team-image is-style-angle-1\">\r\n                            <img loading=\"lazy\" decoding=\"async\" width=\"1416\" height=\"1417\" src=\"https:\/\/visual4.de\/wp-content\/uploads\/Stefanie-Erfurt_Digital-Architect.webp\" class=\"attachment-large size-large wp-post-image\" alt=\"\" srcset=\"https:\/\/visual4.de\/wp-content\/uploads\/Stefanie-Erfurt_Digital-Architect.webp 1416w, https:\/\/visual4.de\/wp-content\/uploads\/Stefanie-Erfurt_Digital-Architect-784x784.webp 784w, https:\/\/visual4.de\/wp-content\/uploads\/Stefanie-Erfurt_Digital-Architect-384x384.webp 384w, https:\/\/visual4.de\/wp-content\/uploads\/Stefanie-Erfurt_Digital-Architect-768x769.webp 768w\" sizes=\"auto, (max-width: 1416px) 100vw, 1416px\" \/>                        <\/div>\r\n                    <\/div>\r\n                    <div class=\"v4-team-overlay-right\">\r\n                                                    <blockquote class=\"wp-block-quote\">\r\n                                <p class=\"is-style-gradient\">Technisches Verst\u00e4ndnis und Empathie sind eine unschlagbare Mischung.<\/p>\r\n                            <\/blockquote>\r\n                                                                            <p class=\"v4-team-overlay-text\">Medieninformatikerin mit Weitblick: Steffi k\u00fcmmert sich mit viel Engagement, Sachverst\u00e4ndnis und Einf\u00fchlungsverm\u00f6gen um unsere Kundenprojekte. Sie hat nicht nur alle Fristen und Kosten immer im Blick, sondern liefert auch Denkanst\u00f6\u00dfe und t\u00fcftelt mit den Entwicklern an sinnvollen L\u00f6sungswegen. Steffi liebt es, Kunden fair und offen zu beraten, die richtigen Fragen zu stellen und so die Projekte auf einen erfolgreichen Weg zu bringen.<\/p>\r\n                                                                            <p class=\"v4-team-name\">Stefanie Erfurt<\/p>\r\n                                                                            <div class=\"v4-team-function\">\r\n                                                                        <p>Digital Architect<\/p>\r\n                                                                <\/div>\r\n                                            <\/div>\r\n                    <button class=\"v4-team-overlay-close\"><\/button>\r\n                <\/div>\r\n            <\/div>\r\n                    <div class=\"v4-team-item\">\r\n                <div class=\"v4-team-preview\" href=\"#bjoern-rafreider\">\r\n                    <div class=\"v4-team-image has-gradient-grey-background\">\r\n                        <img loading=\"lazy\" decoding=\"async\" width=\"1416\" height=\"1417\" src=\"https:\/\/visual4.de\/wp-content\/uploads\/Bjoern-Rafreider_Geschaeftsfuehrer.webp\" class=\"attachment-large size-large wp-post-image\" alt=\"\" srcset=\"https:\/\/visual4.de\/wp-content\/uploads\/Bjoern-Rafreider_Geschaeftsfuehrer.webp 1416w, https:\/\/visual4.de\/wp-content\/uploads\/Bjoern-Rafreider_Geschaeftsfuehrer-784x784.webp 784w, https:\/\/visual4.de\/wp-content\/uploads\/Bjoern-Rafreider_Geschaeftsfuehrer-384x384.webp 384w, https:\/\/visual4.de\/wp-content\/uploads\/Bjoern-Rafreider_Geschaeftsfuehrer-768x769.webp 768w\" sizes=\"auto, (max-width: 1416px) 100vw, 1416px\" \/>                    <\/div>\r\n                    <div class=\"v4-team-text\">\r\n                        <p class=\"v4-team-name\">Bj\u00f6rn Rafreider<\/p>\r\n                        <div class=\"v4-team-function\">\r\n                                                                <p>Digital Architect<\/p>\r\n                                                                    <p>Managing Director<\/p>\r\n                                                        <\/div>\r\n                    <\/div>\r\n                <\/div>\r\n\r\n                <!-- Eventually use HTML5 dialog https:\/\/kulturbanause.de\/blog\/html-dialog-element\/ -->\r\n                <div class=\"v4-team-overlay\" id=\"bjoern-rafreider\">\r\n                    <div class=\"v4-team-overlay-left\">\r\n                        <div class=\"v4-team-image is-style-angle-1\">\r\n                            <img loading=\"lazy\" decoding=\"async\" width=\"1416\" height=\"1417\" src=\"https:\/\/visual4.de\/wp-content\/uploads\/Bjoern-Rafreider_Geschaeftsfuehrer.webp\" class=\"attachment-large size-large wp-post-image\" alt=\"\" srcset=\"https:\/\/visual4.de\/wp-content\/uploads\/Bjoern-Rafreider_Geschaeftsfuehrer.webp 1416w, https:\/\/visual4.de\/wp-content\/uploads\/Bjoern-Rafreider_Geschaeftsfuehrer-784x784.webp 784w, https:\/\/visual4.de\/wp-content\/uploads\/Bjoern-Rafreider_Geschaeftsfuehrer-384x384.webp 384w, https:\/\/visual4.de\/wp-content\/uploads\/Bjoern-Rafreider_Geschaeftsfuehrer-768x769.webp 768w\" sizes=\"auto, (max-width: 1416px) 100vw, 1416px\" \/>                        <\/div>\r\n                    <\/div>\r\n                    <div class=\"v4-team-overlay-right\">\r\n                                                    <blockquote class=\"wp-block-quote\">\r\n                                <p class=\"is-style-gradient\">Ich liebe es, L\u00f6sungen f\u00fcr knifflige Aufgaben zu finden.<\/p>\r\n                            <\/blockquote>\r\n                                                                            <p class=\"v4-team-overlay-text\">Digitaler Vision\u00e4r: Mit 20 Jahren Berufserfahrung hat Bj\u00f6rn ein realistisches wie auch ein vision\u00e4res Auge auf die gesamte L\u00f6sungsentwicklung. Er gibt Ideen und neue Impulse \u2013 und bremst, wenn ein Trend nicht \u00fcberzeugt. Auch nach so vielen Jahren begeistert es ihn immer noch, wenn eine gemeinsam entwickelte L\u00f6sung genau das tut, wof\u00fcr sie gedacht ist.<\/p>\r\n                                                                            <p class=\"v4-team-name\">Bj\u00f6rn Rafreider<\/p>\r\n                                                                            <div class=\"v4-team-function\">\r\n                                                                        <p>Digital Architect<\/p>\r\n                                                                            <p>Managing Director<\/p>\r\n                                                                <\/div>\r\n                                            <\/div>\r\n                    <button class=\"v4-team-overlay-close\"><\/button>\r\n                <\/div>\r\n            <\/div>\r\n                    <div class=\"v4-team-item\">\r\n                <div class=\"v4-team-preview\" href=\"#kathrin-sindlinger\">\r\n                    <div class=\"v4-team-image has-gradient-grey-background\">\r\n                        <img loading=\"lazy\" decoding=\"async\" width=\"1416\" height=\"1417\" src=\"https:\/\/visual4.de\/wp-content\/uploads\/Kahtrin-Sindlinger.webp\" class=\"attachment-large size-large wp-post-image\" alt=\"\" srcset=\"https:\/\/visual4.de\/wp-content\/uploads\/Kahtrin-Sindlinger.webp 1416w, https:\/\/visual4.de\/wp-content\/uploads\/Kahtrin-Sindlinger-784x784.webp 784w, https:\/\/visual4.de\/wp-content\/uploads\/Kahtrin-Sindlinger-384x384.webp 384w, https:\/\/visual4.de\/wp-content\/uploads\/Kahtrin-Sindlinger-768x769.webp 768w\" sizes=\"auto, (max-width: 1416px) 100vw, 1416px\" \/>                    <\/div>\r\n                    <div class=\"v4-team-text\">\r\n                        <p class=\"v4-team-name\">Kathrin Sindlinger<\/p>\r\n                        <div class=\"v4-team-function\">\r\n                                                                <p>Office Coordinator<\/p>\r\n                                                        <\/div>\r\n                    <\/div>\r\n                <\/div>\r\n\r\n                <!-- Eventually use HTML5 dialog https:\/\/kulturbanause.de\/blog\/html-dialog-element\/ -->\r\n                <div class=\"v4-team-overlay\" id=\"kathrin-sindlinger\">\r\n                    <div class=\"v4-team-overlay-left\">\r\n                        <div class=\"v4-team-image is-style-angle-1\">\r\n                            <img loading=\"lazy\" decoding=\"async\" width=\"1416\" height=\"1417\" src=\"https:\/\/visual4.de\/wp-content\/uploads\/Kahtrin-Sindlinger.webp\" class=\"attachment-large size-large wp-post-image\" alt=\"\" srcset=\"https:\/\/visual4.de\/wp-content\/uploads\/Kahtrin-Sindlinger.webp 1416w, https:\/\/visual4.de\/wp-content\/uploads\/Kahtrin-Sindlinger-784x784.webp 784w, https:\/\/visual4.de\/wp-content\/uploads\/Kahtrin-Sindlinger-384x384.webp 384w, https:\/\/visual4.de\/wp-content\/uploads\/Kahtrin-Sindlinger-768x769.webp 768w\" sizes=\"auto, (max-width: 1416px) 100vw, 1416px\" \/>                        <\/div>\r\n                    <\/div>\r\n                    <div class=\"v4-team-overlay-right\">\r\n                                                                                                    <p class=\"v4-team-name\">Kathrin Sindlinger<\/p>\r\n                                                                            <div class=\"v4-team-function\">\r\n                                                                        <p>Office Coordinator<\/p>\r\n                                                                <\/div>\r\n                                            <\/div>\r\n                    <button class=\"v4-team-overlay-close\"><\/button>\r\n                <\/div>\r\n            <\/div>\r\n            <\/div>\r\n\r\n<\/div>\r\n\r\n<\/div>\n\n\n\n<div class=\"wp-block-group alignwide is-style-default has-global-padding is-layout-constrained wp-block-group-is-layout-constrained\">\n<div class=\"wp-block-columns alignwide is-layout-flex wp-container-core-columns-is-layout-28f84493 wp-block-columns-is-layout-flex\">\n<div class=\"wp-block-column is-layout-flow wp-block-column-is-layout-flow\">\r\n<div id=\"seoheading-block_92b144e6e23b02b12774aa7c6afaef7a\" class=\"wp-block-visual4-seoheading SEOHeading\">\r\n    \n\n<h2 class=\"wp-block-heading SEOHeading-heading\">Werte DigitalAgentur<\/h2>\n\n\n\n<p class=\"SEOHeading-fauxHeading\">So ticken wir. <br>Gemeinsam nach vorne<\/p>\n\n\r\n<\/div>\r\n<\/div>\n\n\n\n<div class=\"wp-block-column is-layout-flow wp-block-column-is-layout-flow\"><\/div>\n<\/div>\n\n\n\n<div class=\"wp-block-columns alignwide is-layout-flex wp-container-core-columns-is-layout-28f84493 wp-block-columns-is-layout-flex\">\n<div class=\"wp-block-column is-layout-flow wp-block-column-is-layout-flow\"><\/div>\n\n\n\n<div class=\"wp-block-column is-layout-flow wp-block-column-is-layout-flow\">\n<p>Unsere Digitalagentur bleibt nur dann erfolgreich, wenn wir uns flexibel an neue Herausforderungen anpassen und mit Spa\u00df die <strong>Chancen der Digitalisierung entdecken<\/strong> k\u00f6nnen. <\/p>\n\n\n\n<p>Deshalb schaffen wir <strong>Freir\u00e4ume <\/strong>nicht nur f\u00fcr die Agentur, sondern auch f\u00fcr unsere Mitarbeiter:innen, in denen sie experimentieren und sich weiterentwickeln k\u00f6nnen. Als starkes kreatives Team machen wir so neue Innovationen f\u00fcr unsere Kunden erlebbar.<\/p>\n<\/div>\n<\/div>\n\n\n\n<div class=\"wp-block-group alignwide is-style-acc-tiles has-global-padding is-layout-constrained wp-block-group-is-layout-constrained\">\n<div class=\"wp-block-columns alignwide is-layout-flex wp-container-core-columns-is-layout-28f84493 wp-block-columns-is-layout-flex\">\n<div class=\"wp-block-column is-layout-flow wp-block-column-is-layout-flow\">\n<h2 class=\"wp-block-heading is-style-gradient\">01<\/h2>\n\n\n\n<p class=\"has-s-large-font-size\">Unseren Erfolg verdanken wir unserem Team.<br><\/p>\n\n\n\n<div style=\"height:38px\" aria-hidden=\"true\" class=\"wp-block-spacer\"><\/div>\n\n\n\r\n<div id=\"accordion-block_827aa2872732f5d648f3bdcaef314452\" class=\"wp-block-visual4-accordion v4-accordion\">\r\n    <div class=\"wp-block-visual4-accordion-inner is-closed\">\n\n<h3 class=\"wp-block-heading wp-block-visual4-accordion-title v4-accordion-title\">Wertsch\u00e4tzung<\/h3>\n\n\n\n<div class=\"wp-block-group wp-block-visual4-accordion-content v4-accordion-content is-layout-flow wp-block-group-is-layout-flow\">\n<p>Nur mithilfe der Ideen, dem Wissen und der besonderen Charaktere unseres Teams sind wir als Digitalagentur so weit gekommen. Deshalb legen wir Wert auf eine entspannte Arbeitsatmosph\u00e4re, in der jede*r frei ist, die eigenen St\u00e4rken zu entfalten und sich wertgesch\u00e4tzt f\u00fchlt.<\/p>\n<\/div>\n\n<\/div>\r\n<\/div><\/div>\n\n\n\n<div class=\"wp-block-column is-layout-flow wp-block-column-is-layout-flow\">\n<h2 class=\"wp-block-heading is-style-gradient\">02<\/h2>\n\n\n\n<p class=\"has-s-large-font-size\">Selbstbestimmt arbeitet es sich einfach besser.<\/p>\n\n\n\n<div style=\"height:38px\" aria-hidden=\"true\" class=\"wp-block-spacer\"><\/div>\n\n\n\r\n<div id=\"accordion-block_827aa2872732f5d648f3bdcaef314452\" class=\"wp-block-visual4-accordion v4-accordion\">\r\n    <div class=\"wp-block-visual4-accordion-inner is-closed\">\n\n<h3 class=\"wp-block-heading wp-block-visual4-accordion-title v4-accordion-title\">Vertrauen<\/h3>\n\n\n\n<div class=\"wp-block-group wp-block-visual4-accordion-content v4-accordion-content is-layout-flow wp-block-group-is-layout-flow\">\n<p>Wir&nbsp;lieben es einfach und setzen daher auf direkte Kommunikation und ein minimalistisches Regelwerk. Wir vertrauen, dass unsere Mitarbeiter*innen die f\u00fcr ihre Arbeit sinnvollen Entscheidungen selbst treffen k\u00f6nnen, um die gemeinsamen Ziele bestm\u00f6glich zu erreichen.<\/p>\n<\/div>\n\n<\/div>\r\n<\/div><\/div>\n\n\n\n<div class=\"wp-block-column is-layout-flow wp-block-column-is-layout-flow\">\n<h2 class=\"wp-block-heading is-style-gradient\">03<\/h2>\n\n\n\n<p class=\"has-s-large-font-size\">Wir sprechen offen und ehrlich miteinander.<\/p>\n\n\n\n<div style=\"height:38px\" aria-hidden=\"true\" class=\"wp-block-spacer\"><\/div>\n\n\n\r\n<div id=\"accordion-block_827aa2872732f5d648f3bdcaef314452\" class=\"wp-block-visual4-accordion v4-accordion\">\r\n    <div class=\"wp-block-visual4-accordion-inner is-closed\">\n\n<h3 class=\"wp-block-heading wp-block-visual4-accordion-title v4-accordion-title\">Transparenz<\/h3>\n\n\n\n<div class=\"wp-block-group wp-block-visual4-accordion-content v4-accordion-content is-layout-flow wp-block-group-is-layout-flow\">\n<p>Wir haben keine Geheimnisse. Deshalb informieren wir unsere Mitarbeiter*innen \u00fcber wichtige Kennzahlen und beziehen diese bei strategischen Entscheidungen mit ein. Bei Fragen stehen wir Rede und Antwort.<\/p>\n<\/div>\n\n<\/div>\r\n<\/div><\/div>\n<\/div>\n\n\n\n<div class=\"wp-block-columns alignwide is-layout-flex wp-container-core-columns-is-layout-28f84493 wp-block-columns-is-layout-flex\">\n<div class=\"wp-block-column is-layout-flow wp-block-column-is-layout-flow\">\n<h2 class=\"wp-block-heading is-style-gradient\">04<\/h2>\n\n\n\n<p class=\"has-s-large-font-size\">Aus Fehlern zu lernen bedeutet Fortschritt.<\/p>\n\n\n\n<div style=\"height:38px\" aria-hidden=\"true\" class=\"wp-block-spacer\"><\/div>\n\n\n\r\n<div id=\"accordion-block_827aa2872732f5d648f3bdcaef314452\" class=\"wp-block-visual4-accordion v4-accordion\">\r\n    <div class=\"wp-block-visual4-accordion-inner is-closed\">\n\n<h3 class=\"wp-block-heading wp-block-visual4-accordion-title v4-accordion-title\">Offene Fehlerkultur<\/h3>\n\n\n\n<div class=\"wp-block-group wp-block-visual4-accordion-content v4-accordion-content is-layout-flow wp-block-group-is-layout-flow\">\n<p>Wir m\u00f6chten, dass unsere Mitarbeiter*innen eigene Ideen ausprobieren ohne Angst vor Fehlern. Wer ausprobiert, liegt auch manchmal daneben. Wer jedoch aus diesen Fehlern lernt, verbessert sich selbst und bringt gleichzeitig das gesamte Team weiter.<\/p>\n<\/div>\n\n<\/div>\r\n<\/div><\/div>\n\n\n\n<div class=\"wp-block-column is-layout-flow wp-block-column-is-layout-flow\">\n<h2 class=\"wp-block-heading is-style-gradient\">05<\/h2>\n\n\n\n<p class=\"has-s-large-font-size\">Unterschiedliche&nbsp;Meinungen steigern das kreative Potenzial.<\/p>\n\n\n\n<div style=\"height:38px\" aria-hidden=\"true\" class=\"wp-block-spacer\"><\/div>\n\n\n\r\n<div id=\"accordion-block_827aa2872732f5d648f3bdcaef314452\" class=\"wp-block-visual4-accordion v4-accordion\">\r\n    <div class=\"wp-block-visual4-accordion-inner is-closed\">\n\n<h3 class=\"wp-block-heading wp-block-visual4-accordion-title v4-accordion-title\">Vielfalt<\/h3>\n\n\n\n<div class=\"wp-block-group wp-block-visual4-accordion-content v4-accordion-content is-layout-flow wp-block-group-is-layout-flow\">\n<p>Bei uns ist jede*r willkommen, so wie er*sie ist. Ein Team, das verschiedene Kulturen, Vorlieben und Pers\u00f6nlichkeiten vereint, lernt voneinander und ist offen f\u00fcr andere&nbsp;Ideen und Sichtweisen. Dadurch geben wir uns gegenseitig immer wieder neue Impulse, um innovative L\u00f6sungen zu schaffen.&nbsp;<\/p>\n<\/div>\n\n<\/div>\r\n<\/div><\/div>\n\n\n\n<div class=\"wp-block-column is-layout-flow wp-block-column-is-layout-flow\">\n<h2 class=\"wp-block-heading is-style-gradient\">06<\/h2>\n\n\n\n<p class=\"has-s-large-font-size\">Wir arbeiten und kommunizieren zuverl\u00e4ssig.<\/p>\n\n\n\n<div style=\"height:38px\" aria-hidden=\"true\" class=\"wp-block-spacer\"><\/div>\n\n\n\r\n<div id=\"accordion-block_827aa2872732f5d648f3bdcaef314452\" class=\"wp-block-visual4-accordion v4-accordion\">\r\n    <div class=\"wp-block-visual4-accordion-inner is-closed\">\n\n<h3 class=\"wp-block-heading wp-block-visual4-accordion-title v4-accordion-title\">Qualit\u00e4t<\/h3>\n\n\n\n<div class=\"wp-block-group wp-block-visual4-accordion-content v4-accordion-content is-layout-flow wp-block-group-is-layout-flow\">\n<p>Unter Qualit\u00e4t verstehen wir nicht nur das ausf\u00fchrliche Testen und Dokumentieren von Software, sondern auch eine zuverl\u00e4ssige Zusammenarbeit. Dazu geh\u00f6ren das Einhalten von Terminzusagen, proaktives Feedback sowie die Orientierung an unseren Prozessen.<\/p>\n<\/div>\n\n<\/div>\r\n<\/div><\/div>\n<\/div>\n\n\n\n<div class=\"wp-block-columns alignwide is-layout-flex wp-container-core-columns-is-layout-28f84493 wp-block-columns-is-layout-flex\">\n<div class=\"wp-block-column is-layout-flow wp-block-column-is-layout-flow\">\n<h2 class=\"wp-block-heading is-style-gradient\">07<\/h2>\n\n\n\n<p class=\"has-s-large-font-size\">Wir unterst\u00fctzen uns gegenseitig.<\/p>\n\n\n\n<div style=\"height:38px\" aria-hidden=\"true\" class=\"wp-block-spacer\"><\/div>\n\n\n\r\n<div id=\"accordion-block_827aa2872732f5d648f3bdcaef314452\" class=\"wp-block-visual4-accordion v4-accordion\">\r\n    <div class=\"wp-block-visual4-accordion-inner is-closed\">\n\n<h3 class=\"wp-block-heading wp-block-visual4-accordion-title v4-accordion-title\">Gemeinschaft<\/h3>\n\n\n\n<div class=\"wp-block-group wp-block-visual4-accordion-content v4-accordion-content is-layout-flow wp-block-group-is-layout-flow\">\n<p>Wir m\u00f6chten gemeinsam arbeiten, Erfolge feiern und etwas bewirken. Uns ist es daher wichtig, dass wir uns gegenseitig unterst\u00fctzen \u2013 und das auch, wenn es mal anstrengend wird.<\/p>\n<\/div>\n\n<\/div>\r\n<\/div><\/div>\n\n\n\n<div class=\"wp-block-column is-layout-flow wp-block-column-is-layout-flow\">\n<h2 class=\"wp-block-heading is-style-gradient\">08<\/h2>\n\n\n\n<p class=\"has-s-large-font-size\">Nur wem die Arbeit Spa\u00df macht, denkt weiter.<\/p>\n\n\n\n<div style=\"height:38px\" aria-hidden=\"true\" class=\"wp-block-spacer\"><\/div>\n\n\n\r\n<div id=\"accordion-block_827aa2872732f5d648f3bdcaef314452\" class=\"wp-block-visual4-accordion v4-accordion\">\r\n    <div class=\"wp-block-visual4-accordion-inner is-closed\">\n\n<h3 class=\"wp-block-heading wp-block-visual4-accordion-title v4-accordion-title\">Spa\u00df an der Arbeit<\/h3>\n\n\n\n<div class=\"wp-block-group wp-block-visual4-accordion-content v4-accordion-content is-layout-flow wp-block-group-is-layout-flow\">\n<p>Wir glauben, dass echte Innovation und Erfolg nur dann entstehen, wenn jedes Teammtiglied Lust dazu hat, eigene Ideen in unsere Online-Agentur einzubringen. Uns ist es deshalb wichtig, dass jede*r Spa\u00df an den eigenen Aufgaben hat und frei denken kann.<\/p>\n<\/div>\n\n<\/div>\r\n<\/div><\/div>\n\n\n\n<div class=\"wp-block-column is-layout-flow wp-block-column-is-layout-flow\">\n<h2 class=\"wp-block-heading is-style-gradient\">09<\/h2>\n\n\n\n<p class=\"has-s-large-font-size\">Wir bilden uns regelm\u00e4\u00dfig weiter.<\/p>\n\n\n\n<div style=\"height:38px\" aria-hidden=\"true\" class=\"wp-block-spacer\"><\/div>\n\n\n\r\n<div id=\"accordion-block_827aa2872732f5d648f3bdcaef314452\" class=\"wp-block-visual4-accordion v4-accordion\">\r\n    <div class=\"wp-block-visual4-accordion-inner is-closed\">\n\n<h3 class=\"wp-block-heading wp-block-visual4-accordion-title v4-accordion-title\">Neugier<\/h3>\n\n\n\n<div class=\"wp-block-group wp-block-visual4-accordion-content v4-accordion-content is-layout-flow wp-block-group-is-layout-flow\">\n<p>Unser Team ist gepr\u00e4gt von Mitarbeitenden, die gerne Neues lernen und sich regelm\u00e4\u00dfig weiterbilden. Dazu bieten wir die Freir\u00e4ume. Denn nur mit aktuellem Wissen bleiben wir als Agentur am Puls der Zeit und entdecken die Trends, die langfristig bleiben.<\/p>\n<\/div>\n\n<\/div>\r\n<\/div><\/div>\n<\/div>\n<\/div>\n<\/div>\n\n\n\n<div class=\"wp-block-group alignwide has-global-padding is-layout-constrained wp-block-group-is-layout-constrained\">\r\n<div id=\"seoheading-block_92b144e6e23b02b12774aa7c6afaef7a\" class=\"wp-block-visual4-seoheading SEOHeading\">\r\n    \n\n<h2 class=\"wp-block-heading has-text-align-center SEOHeading-heading\">Insta-Feed<\/h2>\n\n\n\n<p class=\"has-text-align-center SEOHeading-fauxHeading\">Gemeinsam Spa\u00df haben und Wissen weitergeben<\/p>\n\n\r\n<\/div>\r\n\n\n\n<figure class=\"wp-block-image aligncenter size-large is-resized wp-duotone-pink\"><img loading=\"lazy\" decoding=\"async\" width=\"24\" height=\"24\" src=\"https:\/\/visual4.de\/wp-content\/uploads\/instagram.svg\" alt=\"\" class=\"wp-image-11694\" style=\"width:100px\"\/><\/figure>\n\n\n<div class=\"alignwide\">\n<div id=\"sb_instagram\"  class=\"sbi sbi_mob_col_1 sbi_tab_col_2 sbi_col_4 sbi_width_resp\" style=\"padding-bottom: 10px;\"\t data-feedid=\"*1\"  data-res=\"auto\" data-cols=\"4\" data-colsmobile=\"1\" data-colstablet=\"2\" data-num=\"12\" data-nummobile=\"6\" data-item-padding=\"5\"\t data-shortcode-atts=\"{&quot;feed&quot;:&quot;1&quot;}\"  data-postid=\"16\" data-locatornonce=\"6c19559582\" data-imageaspectratio=\"1:1\" data-sbi-flags=\"favorLocal,gdpr\">\n\t\n\t<div id=\"sbi_images\"  style=\"gap: 10px;\">\n\t\t<div class=\"sbi_item sbi_type_carousel sbi_new sbi_transition\"\n\tid=\"sbi_18140378536491099\" data-date=\"1773070355\">\n\t<div class=\"sbi_photo_wrap\">\n\t\t<a class=\"sbi_photo\" href=\"https:\/\/www.instagram.com\/p\/DVqzjm3jDQr\/\" target=\"_blank\" rel=\"noopener nofollow\"\n\t\t\tdata-full-res=\"https:\/\/scontent.cdninstagram.com\/v\/t51.82787-15\/649077459_18181752253374712_3978475947939639666_n.jpg?stp=dst-jpg_e35_tt6&#038;_nc_cat=103&#038;ccb=7-5&#038;_nc_sid=18de74&#038;efg=eyJlZmdfdGFnIjoiQ0FST1VTRUxfSVRFTS5iZXN0X2ltYWdlX3VybGdlbi5DMyJ9&#038;_nc_ohc=zZvTC0jgtP0Q7kNvwHrjKJA&#038;_nc_oc=Adpdejh-wrSQN3r_-zSqGFHzwuTAimmCcEPQ5UkROd7HShopg3kOMC_FUBqKGgVQ0CA&#038;_nc_zt=23&#038;_nc_ht=scontent.cdninstagram.com&#038;edm=ANo9K5cEAAAA&#038;_nc_gid=yEIrw9H9kF4Ze-Z7qqOH7g&#038;_nc_tpa=Q5bMBQHbBfmidJyei7sZzN0-GDUaOVBYkXSx7ivUIS_TLAfXZ37aOXaihlFtTHfDsi4ssN3_LR9AC0Ag9Q&#038;oh=00_Af3ZqRaS92aWSqUviIiOPGpHvWBoyYAbwl2rGJtGRzFzKg&#038;oe=69F928EE\"\n\t\t\tdata-img-src-set=\"{&quot;d&quot;:&quot;https:\\\/\\\/scontent.cdninstagram.com\\\/v\\\/t51.82787-15\\\/649077459_18181752253374712_3978475947939639666_n.jpg?stp=dst-jpg_e35_tt6&amp;_nc_cat=103&amp;ccb=7-5&amp;_nc_sid=18de74&amp;efg=eyJlZmdfdGFnIjoiQ0FST1VTRUxfSVRFTS5iZXN0X2ltYWdlX3VybGdlbi5DMyJ9&amp;_nc_ohc=zZvTC0jgtP0Q7kNvwHrjKJA&amp;_nc_oc=Adpdejh-wrSQN3r_-zSqGFHzwuTAimmCcEPQ5UkROd7HShopg3kOMC_FUBqKGgVQ0CA&amp;_nc_zt=23&amp;_nc_ht=scontent.cdninstagram.com&amp;edm=ANo9K5cEAAAA&amp;_nc_gid=yEIrw9H9kF4Ze-Z7qqOH7g&amp;_nc_tpa=Q5bMBQHbBfmidJyei7sZzN0-GDUaOVBYkXSx7ivUIS_TLAfXZ37aOXaihlFtTHfDsi4ssN3_LR9AC0Ag9Q&amp;oh=00_Af3ZqRaS92aWSqUviIiOPGpHvWBoyYAbwl2rGJtGRzFzKg&amp;oe=69F928EE&quot;,&quot;150&quot;:&quot;https:\\\/\\\/scontent.cdninstagram.com\\\/v\\\/t51.82787-15\\\/649077459_18181752253374712_3978475947939639666_n.jpg?stp=dst-jpg_e35_tt6&amp;_nc_cat=103&amp;ccb=7-5&amp;_nc_sid=18de74&amp;efg=eyJlZmdfdGFnIjoiQ0FST1VTRUxfSVRFTS5iZXN0X2ltYWdlX3VybGdlbi5DMyJ9&amp;_nc_ohc=zZvTC0jgtP0Q7kNvwHrjKJA&amp;_nc_oc=Adpdejh-wrSQN3r_-zSqGFHzwuTAimmCcEPQ5UkROd7HShopg3kOMC_FUBqKGgVQ0CA&amp;_nc_zt=23&amp;_nc_ht=scontent.cdninstagram.com&amp;edm=ANo9K5cEAAAA&amp;_nc_gid=yEIrw9H9kF4Ze-Z7qqOH7g&amp;_nc_tpa=Q5bMBQHbBfmidJyei7sZzN0-GDUaOVBYkXSx7ivUIS_TLAfXZ37aOXaihlFtTHfDsi4ssN3_LR9AC0Ag9Q&amp;oh=00_Af3ZqRaS92aWSqUviIiOPGpHvWBoyYAbwl2rGJtGRzFzKg&amp;oe=69F928EE&quot;,&quot;320&quot;:&quot;https:\\\/\\\/scontent.cdninstagram.com\\\/v\\\/t51.82787-15\\\/649077459_18181752253374712_3978475947939639666_n.jpg?stp=dst-jpg_e35_tt6&amp;_nc_cat=103&amp;ccb=7-5&amp;_nc_sid=18de74&amp;efg=eyJlZmdfdGFnIjoiQ0FST1VTRUxfSVRFTS5iZXN0X2ltYWdlX3VybGdlbi5DMyJ9&amp;_nc_ohc=zZvTC0jgtP0Q7kNvwHrjKJA&amp;_nc_oc=Adpdejh-wrSQN3r_-zSqGFHzwuTAimmCcEPQ5UkROd7HShopg3kOMC_FUBqKGgVQ0CA&amp;_nc_zt=23&amp;_nc_ht=scontent.cdninstagram.com&amp;edm=ANo9K5cEAAAA&amp;_nc_gid=yEIrw9H9kF4Ze-Z7qqOH7g&amp;_nc_tpa=Q5bMBQHbBfmidJyei7sZzN0-GDUaOVBYkXSx7ivUIS_TLAfXZ37aOXaihlFtTHfDsi4ssN3_LR9AC0Ag9Q&amp;oh=00_Af3ZqRaS92aWSqUviIiOPGpHvWBoyYAbwl2rGJtGRzFzKg&amp;oe=69F928EE&quot;,&quot;640&quot;:&quot;https:\\\/\\\/scontent.cdninstagram.com\\\/v\\\/t51.82787-15\\\/649077459_18181752253374712_3978475947939639666_n.jpg?stp=dst-jpg_e35_tt6&amp;_nc_cat=103&amp;ccb=7-5&amp;_nc_sid=18de74&amp;efg=eyJlZmdfdGFnIjoiQ0FST1VTRUxfSVRFTS5iZXN0X2ltYWdlX3VybGdlbi5DMyJ9&amp;_nc_ohc=zZvTC0jgtP0Q7kNvwHrjKJA&amp;_nc_oc=Adpdejh-wrSQN3r_-zSqGFHzwuTAimmCcEPQ5UkROd7HShopg3kOMC_FUBqKGgVQ0CA&amp;_nc_zt=23&amp;_nc_ht=scontent.cdninstagram.com&amp;edm=ANo9K5cEAAAA&amp;_nc_gid=yEIrw9H9kF4Ze-Z7qqOH7g&amp;_nc_tpa=Q5bMBQHbBfmidJyei7sZzN0-GDUaOVBYkXSx7ivUIS_TLAfXZ37aOXaihlFtTHfDsi4ssN3_LR9AC0Ag9Q&amp;oh=00_Af3ZqRaS92aWSqUviIiOPGpHvWBoyYAbwl2rGJtGRzFzKg&amp;oe=69F928EE&quot;}\">\n\t\t\t<span class=\"sbi-screenreader\">Jahres Kick-off 2026 bei visual4 \ud83d\ude80 \n\nBevor das Jah<\/span>\n\t\t\t<svg class=\"svg-inline--fa fa-clone fa-w-16 sbi_lightbox_carousel_icon\" aria-hidden=\"true\" aria-label=\"Clone\" data-fa-pro\u0192cessed=\"\" data-prefix=\"far\" data-icon=\"clone\" role=\"img\" xmlns=\"http:\/\/www.w3.org\/2000\/svg\" viewBox=\"0 0 512 512\">\n                    <path fill=\"currentColor\" d=\"M464 0H144c-26.51 0-48 21.49-48 48v48H48c-26.51 0-48 21.49-48 48v320c0 26.51 21.49 48 48 48h320c26.51 0 48-21.49 48-48v-48h48c26.51 0 48-21.49 48-48V48c0-26.51-21.49-48-48-48zM362 464H54a6 6 0 0 1-6-6V150a6 6 0 0 1 6-6h42v224c0 26.51 21.49 48 48 48h224v42a6 6 0 0 1-6 6zm96-96H150a6 6 0 0 1-6-6V54a6 6 0 0 1 6-6h308a6 6 0 0 1 6 6v308a6 6 0 0 1-6 6z\"><\/path>\n                <\/svg>\t\t\t\t\t\t<img decoding=\"async\" src=\"https:\/\/visual4.de\/wp-content\/plugins\/instagram-feed\/img\/placeholder.png\" alt=\"Jahres Kick-off 2026 bei visual4 \ud83d\ude80 \n\nBevor das Jahr richtig Fahrt aufnimmt, haben wir uns Zeit genommen gemeinsam nach vorne zu denken. \n\nBeim diesj\u00e4hrigen Kick-off haben wir unsere L\u00f6sungen intensiv hinterfragt: \nWie entwickeln wir sie sinnvoll weiter? Und wo k\u00f6nnen wir noch besser werden? \n\nBesonders wertvoll: Alle Perspektiven sa\u00dfen an einem Tisch \u2013 Marketing, Design, Entwicklung, Sales, Support und Projektmanagement. Unterschiedliche Blickwinkel, ein gemeinsamer Fokus. \n\nWir haben klare Ziele definiert und konkrete n\u00e4chste Schritte f\u00fcr die kommenden Quartale formuliert. \n\nDas Ganze in der inspirierenden Kulisse der @gaertnerei_elsaesser \u2013 mit leckeren Pausen, gemeinsamen Ansto\u00dfen auf das Jahr 2026 und gem\u00fctlichem Ausklang. \ud83e\udd42 \n\n#visual4 #Kickoff2026 #Teamwork #Design #Marketing #Technologie\" aria-hidden=\"true\">\n\t\t<\/a>\n\t<\/div>\n<\/div><div class=\"sbi_item sbi_type_image sbi_new sbi_transition\"\n\tid=\"sbi_18054785771438307\" data-date=\"1772115409\">\n\t<div class=\"sbi_photo_wrap\">\n\t\t<a class=\"sbi_photo\" href=\"https:\/\/www.instagram.com\/p\/DVOWJGCDKKf\/\" target=\"_blank\" rel=\"noopener nofollow\"\n\t\t\tdata-full-res=\"https:\/\/scontent.cdninstagram.com\/v\/t51.82787-15\/642819994_18180579790374712_5048366240071264630_n.jpg?stp=dst-jpg_e35_tt6&#038;_nc_cat=109&#038;ccb=7-5&#038;_nc_sid=18de74&#038;efg=eyJlZmdfdGFnIjoiRkVFRC5iZXN0X2ltYWdlX3VybGdlbi5DMyJ9&#038;_nc_ohc=6aBvng37iJUQ7kNvwGzVYqS&#038;_nc_oc=AdpIaXuTaikocwYrUwAh_NLXTwfD1lyJCc1ej0x0Vg7F8OQNcr2Y39uN37kgUsrScSE&#038;_nc_zt=23&#038;_nc_ht=scontent.cdninstagram.com&#038;edm=ANo9K5cEAAAA&#038;_nc_gid=yEIrw9H9kF4Ze-Z7qqOH7g&#038;_nc_tpa=Q5bMBQEGOIgTS2gqky_aYDYQK7pa7yJqMWjdFaQQlSBnpb_SlR0eLmyLGH5MEk0VAhbtWvq03qGtbivd1g&#038;oh=00_Af1g3lqWVGGVY3n76apVCx6jG-6Qevdvm6erCRYTOT2gGA&#038;oe=69F90E70\"\n\t\t\tdata-img-src-set=\"{&quot;d&quot;:&quot;https:\\\/\\\/scontent.cdninstagram.com\\\/v\\\/t51.82787-15\\\/642819994_18180579790374712_5048366240071264630_n.jpg?stp=dst-jpg_e35_tt6&amp;_nc_cat=109&amp;ccb=7-5&amp;_nc_sid=18de74&amp;efg=eyJlZmdfdGFnIjoiRkVFRC5iZXN0X2ltYWdlX3VybGdlbi5DMyJ9&amp;_nc_ohc=6aBvng37iJUQ7kNvwGzVYqS&amp;_nc_oc=AdpIaXuTaikocwYrUwAh_NLXTwfD1lyJCc1ej0x0Vg7F8OQNcr2Y39uN37kgUsrScSE&amp;_nc_zt=23&amp;_nc_ht=scontent.cdninstagram.com&amp;edm=ANo9K5cEAAAA&amp;_nc_gid=yEIrw9H9kF4Ze-Z7qqOH7g&amp;_nc_tpa=Q5bMBQEGOIgTS2gqky_aYDYQK7pa7yJqMWjdFaQQlSBnpb_SlR0eLmyLGH5MEk0VAhbtWvq03qGtbivd1g&amp;oh=00_Af1g3lqWVGGVY3n76apVCx6jG-6Qevdvm6erCRYTOT2gGA&amp;oe=69F90E70&quot;,&quot;150&quot;:&quot;https:\\\/\\\/scontent.cdninstagram.com\\\/v\\\/t51.82787-15\\\/642819994_18180579790374712_5048366240071264630_n.jpg?stp=dst-jpg_e35_tt6&amp;_nc_cat=109&amp;ccb=7-5&amp;_nc_sid=18de74&amp;efg=eyJlZmdfdGFnIjoiRkVFRC5iZXN0X2ltYWdlX3VybGdlbi5DMyJ9&amp;_nc_ohc=6aBvng37iJUQ7kNvwGzVYqS&amp;_nc_oc=AdpIaXuTaikocwYrUwAh_NLXTwfD1lyJCc1ej0x0Vg7F8OQNcr2Y39uN37kgUsrScSE&amp;_nc_zt=23&amp;_nc_ht=scontent.cdninstagram.com&amp;edm=ANo9K5cEAAAA&amp;_nc_gid=yEIrw9H9kF4Ze-Z7qqOH7g&amp;_nc_tpa=Q5bMBQEGOIgTS2gqky_aYDYQK7pa7yJqMWjdFaQQlSBnpb_SlR0eLmyLGH5MEk0VAhbtWvq03qGtbivd1g&amp;oh=00_Af1g3lqWVGGVY3n76apVCx6jG-6Qevdvm6erCRYTOT2gGA&amp;oe=69F90E70&quot;,&quot;320&quot;:&quot;https:\\\/\\\/scontent.cdninstagram.com\\\/v\\\/t51.82787-15\\\/642819994_18180579790374712_5048366240071264630_n.jpg?stp=dst-jpg_e35_tt6&amp;_nc_cat=109&amp;ccb=7-5&amp;_nc_sid=18de74&amp;efg=eyJlZmdfdGFnIjoiRkVFRC5iZXN0X2ltYWdlX3VybGdlbi5DMyJ9&amp;_nc_ohc=6aBvng37iJUQ7kNvwGzVYqS&amp;_nc_oc=AdpIaXuTaikocwYrUwAh_NLXTwfD1lyJCc1ej0x0Vg7F8OQNcr2Y39uN37kgUsrScSE&amp;_nc_zt=23&amp;_nc_ht=scontent.cdninstagram.com&amp;edm=ANo9K5cEAAAA&amp;_nc_gid=yEIrw9H9kF4Ze-Z7qqOH7g&amp;_nc_tpa=Q5bMBQEGOIgTS2gqky_aYDYQK7pa7yJqMWjdFaQQlSBnpb_SlR0eLmyLGH5MEk0VAhbtWvq03qGtbivd1g&amp;oh=00_Af1g3lqWVGGVY3n76apVCx6jG-6Qevdvm6erCRYTOT2gGA&amp;oe=69F90E70&quot;,&quot;640&quot;:&quot;https:\\\/\\\/scontent.cdninstagram.com\\\/v\\\/t51.82787-15\\\/642819994_18180579790374712_5048366240071264630_n.jpg?stp=dst-jpg_e35_tt6&amp;_nc_cat=109&amp;ccb=7-5&amp;_nc_sid=18de74&amp;efg=eyJlZmdfdGFnIjoiRkVFRC5iZXN0X2ltYWdlX3VybGdlbi5DMyJ9&amp;_nc_ohc=6aBvng37iJUQ7kNvwGzVYqS&amp;_nc_oc=AdpIaXuTaikocwYrUwAh_NLXTwfD1lyJCc1ej0x0Vg7F8OQNcr2Y39uN37kgUsrScSE&amp;_nc_zt=23&amp;_nc_ht=scontent.cdninstagram.com&amp;edm=ANo9K5cEAAAA&amp;_nc_gid=yEIrw9H9kF4Ze-Z7qqOH7g&amp;_nc_tpa=Q5bMBQEGOIgTS2gqky_aYDYQK7pa7yJqMWjdFaQQlSBnpb_SlR0eLmyLGH5MEk0VAhbtWvq03qGtbivd1g&amp;oh=00_Af1g3lqWVGGVY3n76apVCx6jG-6Qevdvm6erCRYTOT2gGA&amp;oe=69F90E70&quot;}\">\n\t\t\t<span class=\"sbi-screenreader\">\ud83c\udf3fWaldputztag 2026 \u2013 Jetzt mitmachen und mit uns de<\/span>\n\t\t\t\t\t\t\t\t\t<img decoding=\"async\" src=\"https:\/\/visual4.de\/wp-content\/plugins\/instagram-feed\/img\/placeholder.png\" alt=\"\ud83c\udf3fWaldputztag 2026 \u2013 Jetzt mitmachen und mit uns den Wald s\u00e4ubern!\u202f\ud83c\udf0d \nAuch dieses Jahr sind wir wieder tatkr\u00e4ftig dabei! Bereits das 4. Jahr in Folge unterst\u00fctzen wir den j\u00e4hrlichen Waldputztag \u2013 nicht nur als Sponsor, sondern sammeln auch mit vollem Team-Einsatz mit. \n \nWir laden Sie herzlich dazu ein gemeinsam mit uns anzupacken: \n \n\ud83d\udcc5 Wann? 26.03.26, 16:00-19:00 \n\ud83d\udccd Wo? Wir treffen uns am Grillplatz in der Eierstra\u00dfe in Stuttgart S\u00fcd \n \nSchlie\u00dfen Sie sich unserer Sammlung an oder organisieren Sie Ihre eigene! Jede helfende Hand z\u00e4hlt. \ud83e\udd1d \n \n\ud83d\udd17 Infos &amp; Anmeldung:\u202fhttps:\/\/waldputztag.de \n \n#Waldputztag2026 #Nachhaltigkeit #GemeinsamAnpacken #visual4 #Waldschutz #digitalagentur #waldputztag #stuttgart\" aria-hidden=\"true\">\n\t\t<\/a>\n\t<\/div>\n<\/div><div class=\"sbi_item sbi_type_carousel sbi_new sbi_transition\"\n\tid=\"sbi_18113965609654442\" data-date=\"1771841083\">\n\t<div class=\"sbi_photo_wrap\">\n\t\t<a class=\"sbi_photo\" href=\"https:\/\/www.instagram.com\/p\/DVGK6ALjLfP\/\" target=\"_blank\" rel=\"noopener nofollow\"\n\t\t\tdata-full-res=\"https:\/\/scontent.cdninstagram.com\/v\/t51.82787-15\/639855625_18180280321374712_78084644544774237_n.jpg?stp=dst-jpg_e35_tt6&#038;_nc_cat=105&#038;ccb=7-5&#038;_nc_sid=18de74&#038;efg=eyJlZmdfdGFnIjoiQ0FST1VTRUxfSVRFTS5iZXN0X2ltYWdlX3VybGdlbi5DMyJ9&#038;_nc_ohc=zvTuvsTH0tMQ7kNvwEqSVVa&#038;_nc_oc=AdrgwVBA_RHORhPgCeklHK8ScIpldEX1S1xCY0GZHrWPzlWTxOku1AGGcPVT-kZhupo&#038;_nc_zt=23&#038;_nc_ht=scontent.cdninstagram.com&#038;edm=ANo9K5cEAAAA&#038;_nc_gid=yEIrw9H9kF4Ze-Z7qqOH7g&#038;_nc_tpa=Q5bMBQFu1Otz4XugdCA34XwOGnJeCMupDNk4o7nd_Y86vJtpK7neC8g36UosaO4B2X6fSaz1mFW4jFXb_w&#038;oh=00_Af0JzLzejOfcFmAiscZQzesqfVY9TjJU0ouklw0GvCuupA&#038;oe=69F9228D\"\n\t\t\tdata-img-src-set=\"{&quot;d&quot;:&quot;https:\\\/\\\/scontent.cdninstagram.com\\\/v\\\/t51.82787-15\\\/639855625_18180280321374712_78084644544774237_n.jpg?stp=dst-jpg_e35_tt6&amp;_nc_cat=105&amp;ccb=7-5&amp;_nc_sid=18de74&amp;efg=eyJlZmdfdGFnIjoiQ0FST1VTRUxfSVRFTS5iZXN0X2ltYWdlX3VybGdlbi5DMyJ9&amp;_nc_ohc=zvTuvsTH0tMQ7kNvwEqSVVa&amp;_nc_oc=AdrgwVBA_RHORhPgCeklHK8ScIpldEX1S1xCY0GZHrWPzlWTxOku1AGGcPVT-kZhupo&amp;_nc_zt=23&amp;_nc_ht=scontent.cdninstagram.com&amp;edm=ANo9K5cEAAAA&amp;_nc_gid=yEIrw9H9kF4Ze-Z7qqOH7g&amp;_nc_tpa=Q5bMBQFu1Otz4XugdCA34XwOGnJeCMupDNk4o7nd_Y86vJtpK7neC8g36UosaO4B2X6fSaz1mFW4jFXb_w&amp;oh=00_Af0JzLzejOfcFmAiscZQzesqfVY9TjJU0ouklw0GvCuupA&amp;oe=69F9228D&quot;,&quot;150&quot;:&quot;https:\\\/\\\/scontent.cdninstagram.com\\\/v\\\/t51.82787-15\\\/639855625_18180280321374712_78084644544774237_n.jpg?stp=dst-jpg_e35_tt6&amp;_nc_cat=105&amp;ccb=7-5&amp;_nc_sid=18de74&amp;efg=eyJlZmdfdGFnIjoiQ0FST1VTRUxfSVRFTS5iZXN0X2ltYWdlX3VybGdlbi5DMyJ9&amp;_nc_ohc=zvTuvsTH0tMQ7kNvwEqSVVa&amp;_nc_oc=AdrgwVBA_RHORhPgCeklHK8ScIpldEX1S1xCY0GZHrWPzlWTxOku1AGGcPVT-kZhupo&amp;_nc_zt=23&amp;_nc_ht=scontent.cdninstagram.com&amp;edm=ANo9K5cEAAAA&amp;_nc_gid=yEIrw9H9kF4Ze-Z7qqOH7g&amp;_nc_tpa=Q5bMBQFu1Otz4XugdCA34XwOGnJeCMupDNk4o7nd_Y86vJtpK7neC8g36UosaO4B2X6fSaz1mFW4jFXb_w&amp;oh=00_Af0JzLzejOfcFmAiscZQzesqfVY9TjJU0ouklw0GvCuupA&amp;oe=69F9228D&quot;,&quot;320&quot;:&quot;https:\\\/\\\/scontent.cdninstagram.com\\\/v\\\/t51.82787-15\\\/639855625_18180280321374712_78084644544774237_n.jpg?stp=dst-jpg_e35_tt6&amp;_nc_cat=105&amp;ccb=7-5&amp;_nc_sid=18de74&amp;efg=eyJlZmdfdGFnIjoiQ0FST1VTRUxfSVRFTS5iZXN0X2ltYWdlX3VybGdlbi5DMyJ9&amp;_nc_ohc=zvTuvsTH0tMQ7kNvwEqSVVa&amp;_nc_oc=AdrgwVBA_RHORhPgCeklHK8ScIpldEX1S1xCY0GZHrWPzlWTxOku1AGGcPVT-kZhupo&amp;_nc_zt=23&amp;_nc_ht=scontent.cdninstagram.com&amp;edm=ANo9K5cEAAAA&amp;_nc_gid=yEIrw9H9kF4Ze-Z7qqOH7g&amp;_nc_tpa=Q5bMBQFu1Otz4XugdCA34XwOGnJeCMupDNk4o7nd_Y86vJtpK7neC8g36UosaO4B2X6fSaz1mFW4jFXb_w&amp;oh=00_Af0JzLzejOfcFmAiscZQzesqfVY9TjJU0ouklw0GvCuupA&amp;oe=69F9228D&quot;,&quot;640&quot;:&quot;https:\\\/\\\/scontent.cdninstagram.com\\\/v\\\/t51.82787-15\\\/639855625_18180280321374712_78084644544774237_n.jpg?stp=dst-jpg_e35_tt6&amp;_nc_cat=105&amp;ccb=7-5&amp;_nc_sid=18de74&amp;efg=eyJlZmdfdGFnIjoiQ0FST1VTRUxfSVRFTS5iZXN0X2ltYWdlX3VybGdlbi5DMyJ9&amp;_nc_ohc=zvTuvsTH0tMQ7kNvwEqSVVa&amp;_nc_oc=AdrgwVBA_RHORhPgCeklHK8ScIpldEX1S1xCY0GZHrWPzlWTxOku1AGGcPVT-kZhupo&amp;_nc_zt=23&amp;_nc_ht=scontent.cdninstagram.com&amp;edm=ANo9K5cEAAAA&amp;_nc_gid=yEIrw9H9kF4Ze-Z7qqOH7g&amp;_nc_tpa=Q5bMBQFu1Otz4XugdCA34XwOGnJeCMupDNk4o7nd_Y86vJtpK7neC8g36UosaO4B2X6fSaz1mFW4jFXb_w&amp;oh=00_Af0JzLzejOfcFmAiscZQzesqfVY9TjJU0ouklw0GvCuupA&amp;oe=69F9228D&quot;}\">\n\t\t\t<span class=\"sbi-screenreader\">Website-Relaunch f\u00fcr ZOERR\nF\u00fcr das Zentrale Reposi<\/span>\n\t\t\t<svg class=\"svg-inline--fa fa-clone fa-w-16 sbi_lightbox_carousel_icon\" aria-hidden=\"true\" aria-label=\"Clone\" data-fa-pro\u0192cessed=\"\" data-prefix=\"far\" data-icon=\"clone\" role=\"img\" xmlns=\"http:\/\/www.w3.org\/2000\/svg\" viewBox=\"0 0 512 512\">\n                    <path fill=\"currentColor\" d=\"M464 0H144c-26.51 0-48 21.49-48 48v48H48c-26.51 0-48 21.49-48 48v320c0 26.51 21.49 48 48 48h320c26.51 0 48-21.49 48-48v-48h48c26.51 0 48-21.49 48-48V48c0-26.51-21.49-48-48-48zM362 464H54a6 6 0 0 1-6-6V150a6 6 0 0 1 6-6h42v224c0 26.51 21.49 48 48 48h224v42a6 6 0 0 1-6 6zm96-96H150a6 6 0 0 1-6-6V54a6 6 0 0 1 6-6h308a6 6 0 0 1 6 6v308a6 6 0 0 1-6 6z\"><\/path>\n                <\/svg>\t\t\t\t\t\t<img decoding=\"async\" src=\"https:\/\/visual4.de\/wp-content\/plugins\/instagram-feed\/img\/placeholder.png\" alt=\"Website-Relaunch f\u00fcr ZOERR\nF\u00fcr das Zentrale Repositorium f\u00fcr Open Educational Resources (ZOERR) durften wir den Relaunch des vorgeschalteten Webportals umsetzen \u2013 inklusive Webdesign und Weiterentwicklung des Corporate Designs.\nZOERR steht f\u00fcr offene Bildungsressourcen, Vernetzung und zukunftsorientierte Hochschullehre. Um diesen Anspruch auch im Web sichtbar zu machen, entstand ein neues, aktivierendes Webportal mit klarer Struktur und starker Community-Ausrichtung.\n\u201eGemeinsam haben wir mehr erreicht, als urspr\u00fcnglich geplant \u2013 eine bessere Betreuung h\u00e4tten wir uns nicht w\u00fcnschen k\u00f6nnen.\u201c \u2013 Verena Zimper, Projektleiterin (MA) ZOERR\n\n\ud83d\udc49 Modernes, aktivierendes Webportal\n\ud83d\udc49 Klarer \u00dcbergang zum Repositorium\n\ud83d\udc49 St\u00e4rkung der landesweiten Hochschul-Community\n\nZur Referenz:\nhttps:\/\/visual4.de\/referenzen\/website-relaunch-zoerr-wissens-repositorium\/\" aria-hidden=\"true\">\n\t\t<\/a>\n\t<\/div>\n<\/div><div class=\"sbi_item sbi_type_video sbi_new sbi_transition\"\n\tid=\"sbi_17910996543292394\" data-date=\"1768901121\">\n\t<div class=\"sbi_photo_wrap\">\n\t\t<a class=\"sbi_photo\" href=\"https:\/\/www.instagram.com\/reel\/DTujRyuiSiO\/\" target=\"_blank\" rel=\"noopener nofollow\"\n\t\t\tdata-full-res=\"https:\/\/scontent.cdninstagram.com\/v\/t51.82787-15\/619077715_18176698366374712_2216243755502513488_n.jpg?stp=dst-jpg_e35_tt6&#038;_nc_cat=100&#038;ccb=7-5&#038;_nc_sid=18de74&#038;efg=eyJlZmdfdGFnIjoiQ0xJUFMuYmVzdF9pbWFnZV91cmxnZW4uQzMifQ%3D%3D&#038;_nc_ohc=EU3y3BXTOWQQ7kNvwFUAIZc&#038;_nc_oc=AdpEu9tAkpwKOvz8C8mIXUO3j-9ANBDxohvU1Du4XpGTRh1pfpkgc5XLwPJhFpDkHLk&#038;_nc_zt=23&#038;_nc_ht=scontent.cdninstagram.com&#038;edm=ANo9K5cEAAAA&#038;_nc_gid=yEIrw9H9kF4Ze-Z7qqOH7g&#038;_nc_tpa=Q5bMBQFA1HSfOfX9qJxiibgElYRTJ9sq0_maoD0PmWf-7X4GWgavKrtrrvhCxLz4mzRVipW3bM2zEK38sw&#038;oh=00_Af0Pp6162MZuym5rBvskDD2AxjYoUDWdMESEI-uVhFeKJw&#038;oe=69F91248\"\n\t\t\tdata-img-src-set=\"{&quot;d&quot;:&quot;https:\\\/\\\/scontent.cdninstagram.com\\\/v\\\/t51.82787-15\\\/619077715_18176698366374712_2216243755502513488_n.jpg?stp=dst-jpg_e35_tt6&amp;_nc_cat=100&amp;ccb=7-5&amp;_nc_sid=18de74&amp;efg=eyJlZmdfdGFnIjoiQ0xJUFMuYmVzdF9pbWFnZV91cmxnZW4uQzMifQ%3D%3D&amp;_nc_ohc=EU3y3BXTOWQQ7kNvwFUAIZc&amp;_nc_oc=AdpEu9tAkpwKOvz8C8mIXUO3j-9ANBDxohvU1Du4XpGTRh1pfpkgc5XLwPJhFpDkHLk&amp;_nc_zt=23&amp;_nc_ht=scontent.cdninstagram.com&amp;edm=ANo9K5cEAAAA&amp;_nc_gid=yEIrw9H9kF4Ze-Z7qqOH7g&amp;_nc_tpa=Q5bMBQFA1HSfOfX9qJxiibgElYRTJ9sq0_maoD0PmWf-7X4GWgavKrtrrvhCxLz4mzRVipW3bM2zEK38sw&amp;oh=00_Af0Pp6162MZuym5rBvskDD2AxjYoUDWdMESEI-uVhFeKJw&amp;oe=69F91248&quot;,&quot;150&quot;:&quot;https:\\\/\\\/scontent.cdninstagram.com\\\/v\\\/t51.82787-15\\\/619077715_18176698366374712_2216243755502513488_n.jpg?stp=dst-jpg_e35_tt6&amp;_nc_cat=100&amp;ccb=7-5&amp;_nc_sid=18de74&amp;efg=eyJlZmdfdGFnIjoiQ0xJUFMuYmVzdF9pbWFnZV91cmxnZW4uQzMifQ%3D%3D&amp;_nc_ohc=EU3y3BXTOWQQ7kNvwFUAIZc&amp;_nc_oc=AdpEu9tAkpwKOvz8C8mIXUO3j-9ANBDxohvU1Du4XpGTRh1pfpkgc5XLwPJhFpDkHLk&amp;_nc_zt=23&amp;_nc_ht=scontent.cdninstagram.com&amp;edm=ANo9K5cEAAAA&amp;_nc_gid=yEIrw9H9kF4Ze-Z7qqOH7g&amp;_nc_tpa=Q5bMBQFA1HSfOfX9qJxiibgElYRTJ9sq0_maoD0PmWf-7X4GWgavKrtrrvhCxLz4mzRVipW3bM2zEK38sw&amp;oh=00_Af0Pp6162MZuym5rBvskDD2AxjYoUDWdMESEI-uVhFeKJw&amp;oe=69F91248&quot;,&quot;320&quot;:&quot;https:\\\/\\\/scontent.cdninstagram.com\\\/v\\\/t51.82787-15\\\/619077715_18176698366374712_2216243755502513488_n.jpg?stp=dst-jpg_e35_tt6&amp;_nc_cat=100&amp;ccb=7-5&amp;_nc_sid=18de74&amp;efg=eyJlZmdfdGFnIjoiQ0xJUFMuYmVzdF9pbWFnZV91cmxnZW4uQzMifQ%3D%3D&amp;_nc_ohc=EU3y3BXTOWQQ7kNvwFUAIZc&amp;_nc_oc=AdpEu9tAkpwKOvz8C8mIXUO3j-9ANBDxohvU1Du4XpGTRh1pfpkgc5XLwPJhFpDkHLk&amp;_nc_zt=23&amp;_nc_ht=scontent.cdninstagram.com&amp;edm=ANo9K5cEAAAA&amp;_nc_gid=yEIrw9H9kF4Ze-Z7qqOH7g&amp;_nc_tpa=Q5bMBQFA1HSfOfX9qJxiibgElYRTJ9sq0_maoD0PmWf-7X4GWgavKrtrrvhCxLz4mzRVipW3bM2zEK38sw&amp;oh=00_Af0Pp6162MZuym5rBvskDD2AxjYoUDWdMESEI-uVhFeKJw&amp;oe=69F91248&quot;,&quot;640&quot;:&quot;https:\\\/\\\/scontent.cdninstagram.com\\\/v\\\/t51.82787-15\\\/619077715_18176698366374712_2216243755502513488_n.jpg?stp=dst-jpg_e35_tt6&amp;_nc_cat=100&amp;ccb=7-5&amp;_nc_sid=18de74&amp;efg=eyJlZmdfdGFnIjoiQ0xJUFMuYmVzdF9pbWFnZV91cmxnZW4uQzMifQ%3D%3D&amp;_nc_ohc=EU3y3BXTOWQQ7kNvwFUAIZc&amp;_nc_oc=AdpEu9tAkpwKOvz8C8mIXUO3j-9ANBDxohvU1Du4XpGTRh1pfpkgc5XLwPJhFpDkHLk&amp;_nc_zt=23&amp;_nc_ht=scontent.cdninstagram.com&amp;edm=ANo9K5cEAAAA&amp;_nc_gid=yEIrw9H9kF4Ze-Z7qqOH7g&amp;_nc_tpa=Q5bMBQFA1HSfOfX9qJxiibgElYRTJ9sq0_maoD0PmWf-7X4GWgavKrtrrvhCxLz4mzRVipW3bM2zEK38sw&amp;oh=00_Af0Pp6162MZuym5rBvskDD2AxjYoUDWdMESEI-uVhFeKJw&amp;oe=69F91248&quot;}\">\n\t\t\t<span class=\"sbi-screenreader\">\ud83c\udf84\u2728 Weihnachtsfeier 2025 bei visual4 \u2728\ud83c\udf84 \nMit Gl\u00fchwe<\/span>\n\t\t\t\t\t\t<svg style=\"color: rgba(255,255,255,1)\" class=\"svg-inline--fa fa-play fa-w-14 sbi_playbtn\" aria-label=\"Play\" aria-hidden=\"true\" data-fa-processed=\"\" data-prefix=\"fa\" data-icon=\"play\" role=\"presentation\" xmlns=\"http:\/\/www.w3.org\/2000\/svg\" viewBox=\"0 0 448 512\"><path fill=\"currentColor\" d=\"M424.4 214.7L72.4 6.6C43.8-10.3 0 6.1 0 47.9V464c0 37.5 40.7 60.1 72.4 41.3l352-208c31.4-18.5 31.5-64.1 0-82.6z\"><\/path><\/svg>\t\t\t<img decoding=\"async\" src=\"https:\/\/visual4.de\/wp-content\/plugins\/instagram-feed\/img\/placeholder.png\" alt=\"\ud83c\udf84\u2728 Weihnachtsfeier 2025 bei visual4 \u2728\ud83c\udf84 \nMit Gl\u00fchwein, Pl\u00e4tzchen und Kuchen haben wir das Jahr 2025 gem\u00fctlich ausklingen lassen. Beim j\u00e4hrlichen Schrottwichteln haben wir uns ein paar echte Highlights und Kuriosit\u00e4ten zugelost. \ud83c\udf81 Das lustige bewegliche Geschenk war hei\u00df umk\u00e4mpft \u2013 wer es hatte, wollte es behalten. Wer es nicht hatte, w\u00fcrfelte wild drauf los. \ud83d\ude04 \n\nZum Abschluss ging\u2019s ins Restaurant Vhy in Stuttgart \u2013 mit einem k\u00f6stlichen veganen Men\u00fc, das den Abend perfekt abgerundet hat. \ud83c\udf31\ud83c\udf7d\ufe0f \n\nDanke an unser gro\u00dfartiges Team f\u00fcr ein weiteres Jahr voller Kreativit\u00e4t, Teamgeist und Miteinander! \u2764\ufe0f \n\n#TeamSpirit #Weihnachtsfeier #visual4 #Agenturleben #Schrottwichteln #Stuttgart #digitalagenturstuttgart\" aria-hidden=\"true\">\n\t\t<\/a>\n\t<\/div>\n<\/div><div class=\"sbi_item sbi_type_carousel sbi_new sbi_transition\"\n\tid=\"sbi_18071552684122132\" data-date=\"1768568215\">\n\t<div class=\"sbi_photo_wrap\">\n\t\t<a class=\"sbi_photo\" href=\"https:\/\/www.instagram.com\/p\/DTkoZ96jNPB\/\" target=\"_blank\" rel=\"noopener nofollow\"\n\t\t\tdata-full-res=\"https:\/\/scontent.cdninstagram.com\/v\/t51.82787-15\/617342107_18176302450374712_158648659275559465_n.jpg?stp=dst-jpg_e35_tt6&#038;_nc_cat=100&#038;ccb=7-5&#038;_nc_sid=18de74&#038;efg=eyJlZmdfdGFnIjoiQ0FST1VTRUxfSVRFTS5iZXN0X2ltYWdlX3VybGdlbi5DMyJ9&#038;_nc_ohc=prFx4OuBny8Q7kNvwHE5dd1&#038;_nc_oc=Adq7QSojCY_pHtzu3MRzEs2_7TM8R4dUZ8TanUGq4YIW8pS5LOhlcBlqg_KPx6s15xw&#038;_nc_zt=23&#038;_nc_ht=scontent.cdninstagram.com&#038;edm=ANo9K5cEAAAA&#038;_nc_gid=yEIrw9H9kF4Ze-Z7qqOH7g&#038;_nc_tpa=Q5bMBQHOcQPZsuaHYXNyNgeNxzOEAUa8GuqviTDKQS-FM44zfizL8b9s5jt0XIrEcszzPIzIFQ0eDbKSGw&#038;oh=00_Af0QA3bxK7EBwL5QBCBRVEY3Dv7P24X1J0zvgOGnWccwKQ&#038;oe=69F9177F\"\n\t\t\tdata-img-src-set=\"{&quot;d&quot;:&quot;https:\\\/\\\/scontent.cdninstagram.com\\\/v\\\/t51.82787-15\\\/617342107_18176302450374712_158648659275559465_n.jpg?stp=dst-jpg_e35_tt6&amp;_nc_cat=100&amp;ccb=7-5&amp;_nc_sid=18de74&amp;efg=eyJlZmdfdGFnIjoiQ0FST1VTRUxfSVRFTS5iZXN0X2ltYWdlX3VybGdlbi5DMyJ9&amp;_nc_ohc=prFx4OuBny8Q7kNvwHE5dd1&amp;_nc_oc=Adq7QSojCY_pHtzu3MRzEs2_7TM8R4dUZ8TanUGq4YIW8pS5LOhlcBlqg_KPx6s15xw&amp;_nc_zt=23&amp;_nc_ht=scontent.cdninstagram.com&amp;edm=ANo9K5cEAAAA&amp;_nc_gid=yEIrw9H9kF4Ze-Z7qqOH7g&amp;_nc_tpa=Q5bMBQHOcQPZsuaHYXNyNgeNxzOEAUa8GuqviTDKQS-FM44zfizL8b9s5jt0XIrEcszzPIzIFQ0eDbKSGw&amp;oh=00_Af0QA3bxK7EBwL5QBCBRVEY3Dv7P24X1J0zvgOGnWccwKQ&amp;oe=69F9177F&quot;,&quot;150&quot;:&quot;https:\\\/\\\/scontent.cdninstagram.com\\\/v\\\/t51.82787-15\\\/617342107_18176302450374712_158648659275559465_n.jpg?stp=dst-jpg_e35_tt6&amp;_nc_cat=100&amp;ccb=7-5&amp;_nc_sid=18de74&amp;efg=eyJlZmdfdGFnIjoiQ0FST1VTRUxfSVRFTS5iZXN0X2ltYWdlX3VybGdlbi5DMyJ9&amp;_nc_ohc=prFx4OuBny8Q7kNvwHE5dd1&amp;_nc_oc=Adq7QSojCY_pHtzu3MRzEs2_7TM8R4dUZ8TanUGq4YIW8pS5LOhlcBlqg_KPx6s15xw&amp;_nc_zt=23&amp;_nc_ht=scontent.cdninstagram.com&amp;edm=ANo9K5cEAAAA&amp;_nc_gid=yEIrw9H9kF4Ze-Z7qqOH7g&amp;_nc_tpa=Q5bMBQHOcQPZsuaHYXNyNgeNxzOEAUa8GuqviTDKQS-FM44zfizL8b9s5jt0XIrEcszzPIzIFQ0eDbKSGw&amp;oh=00_Af0QA3bxK7EBwL5QBCBRVEY3Dv7P24X1J0zvgOGnWccwKQ&amp;oe=69F9177F&quot;,&quot;320&quot;:&quot;https:\\\/\\\/scontent.cdninstagram.com\\\/v\\\/t51.82787-15\\\/617342107_18176302450374712_158648659275559465_n.jpg?stp=dst-jpg_e35_tt6&amp;_nc_cat=100&amp;ccb=7-5&amp;_nc_sid=18de74&amp;efg=eyJlZmdfdGFnIjoiQ0FST1VTRUxfSVRFTS5iZXN0X2ltYWdlX3VybGdlbi5DMyJ9&amp;_nc_ohc=prFx4OuBny8Q7kNvwHE5dd1&amp;_nc_oc=Adq7QSojCY_pHtzu3MRzEs2_7TM8R4dUZ8TanUGq4YIW8pS5LOhlcBlqg_KPx6s15xw&amp;_nc_zt=23&amp;_nc_ht=scontent.cdninstagram.com&amp;edm=ANo9K5cEAAAA&amp;_nc_gid=yEIrw9H9kF4Ze-Z7qqOH7g&amp;_nc_tpa=Q5bMBQHOcQPZsuaHYXNyNgeNxzOEAUa8GuqviTDKQS-FM44zfizL8b9s5jt0XIrEcszzPIzIFQ0eDbKSGw&amp;oh=00_Af0QA3bxK7EBwL5QBCBRVEY3Dv7P24X1J0zvgOGnWccwKQ&amp;oe=69F9177F&quot;,&quot;640&quot;:&quot;https:\\\/\\\/scontent.cdninstagram.com\\\/v\\\/t51.82787-15\\\/617342107_18176302450374712_158648659275559465_n.jpg?stp=dst-jpg_e35_tt6&amp;_nc_cat=100&amp;ccb=7-5&amp;_nc_sid=18de74&amp;efg=eyJlZmdfdGFnIjoiQ0FST1VTRUxfSVRFTS5iZXN0X2ltYWdlX3VybGdlbi5DMyJ9&amp;_nc_ohc=prFx4OuBny8Q7kNvwHE5dd1&amp;_nc_oc=Adq7QSojCY_pHtzu3MRzEs2_7TM8R4dUZ8TanUGq4YIW8pS5LOhlcBlqg_KPx6s15xw&amp;_nc_zt=23&amp;_nc_ht=scontent.cdninstagram.com&amp;edm=ANo9K5cEAAAA&amp;_nc_gid=yEIrw9H9kF4Ze-Z7qqOH7g&amp;_nc_tpa=Q5bMBQHOcQPZsuaHYXNyNgeNxzOEAUa8GuqviTDKQS-FM44zfizL8b9s5jt0XIrEcszzPIzIFQ0eDbKSGw&amp;oh=00_Af0QA3bxK7EBwL5QBCBRVEY3Dv7P24X1J0zvgOGnWccwKQ&amp;oe=69F9177F&quot;}\">\n\t\t\t<span class=\"sbi-screenreader\">\u201eSEO und KI \u2013 Wird SEO \u00fcberfl\u00fcssig?\u201c \n\nNach unsere<\/span>\n\t\t\t<svg class=\"svg-inline--fa fa-clone fa-w-16 sbi_lightbox_carousel_icon\" aria-hidden=\"true\" aria-label=\"Clone\" data-fa-pro\u0192cessed=\"\" data-prefix=\"far\" data-icon=\"clone\" role=\"img\" xmlns=\"http:\/\/www.w3.org\/2000\/svg\" viewBox=\"0 0 512 512\">\n                    <path fill=\"currentColor\" d=\"M464 0H144c-26.51 0-48 21.49-48 48v48H48c-26.51 0-48 21.49-48 48v320c0 26.51 21.49 48 48 48h320c26.51 0 48-21.49 48-48v-48h48c26.51 0 48-21.49 48-48V48c0-26.51-21.49-48-48-48zM362 464H54a6 6 0 0 1-6-6V150a6 6 0 0 1 6-6h42v224c0 26.51 21.49 48 48 48h224v42a6 6 0 0 1-6 6zm96-96H150a6 6 0 0 1-6-6V54a6 6 0 0 1 6-6h308a6 6 0 0 1 6 6v308a6 6 0 0 1-6 6z\"><\/path>\n                <\/svg>\t\t\t\t\t\t<img decoding=\"async\" src=\"https:\/\/visual4.de\/wp-content\/plugins\/instagram-feed\/img\/placeholder.png\" alt=\"\u201eSEO und KI \u2013 Wird SEO \u00fcberfl\u00fcssig?\u201c \n\nNach unserem \u00dcberblicksbeitrag \u201eKI im Marketing, Design und Technologie\u201c geht\u2019s jetzt ans Eingemachte: Wie ver\u00e4ndert K\u00fcnstliche Intelligenz die Suchmaschinenoptimierung? SEO war immer essenziell f\u00fcr die Sichtbarkeit im Web \u2013 bleibt das auch so? \n\n\ud83d\udca1Im Beitrag erf\u00e4hrst du: \n\n\ud83d\udd39Warum klassische SEO-Faktoren wie Content, Technik &amp; EEAT wichtiger denn je sind \n\n\ud83d\udd39Was hinter GEO (Generative Engine Optimization) steckt \n\n\ud83d\udd39Wie du Inhalte f\u00fcr AI Overviews, ChatGPT und Co sichtbar machst \n\n\ud83d\udd39Wie KI-Tools deine SEO-Arbeit effizienter machen \n\n\ud83d\udd39Ob sich durch KI Suchmaschinen zu Antwortmaschinen entwickeln \n\n\ud83d\udc49 Jetzt lesen: https:\/\/visual4.de\/seo-und-ki-wird-seo-ueberfluessig\/\" aria-hidden=\"true\">\n\t\t<\/a>\n\t<\/div>\n<\/div><div class=\"sbi_item sbi_type_video sbi_new sbi_transition\"\n\tid=\"sbi_18089243845950200\" data-date=\"1766144881\">\n\t<div class=\"sbi_photo_wrap\">\n\t\t<a class=\"sbi_photo\" href=\"https:\/\/www.instagram.com\/reel\/DScaIs9jO0G\/\" target=\"_blank\" rel=\"noopener nofollow\"\n\t\t\tdata-full-res=\"https:\/\/scontent.cdninstagram.com\/v\/t51.71878-15\/603916277_1524934938734138_7626540996405594770_n.jpg?stp=dst-jpg_e35_tt6&#038;_nc_cat=100&#038;ccb=7-5&#038;_nc_sid=18de74&#038;efg=eyJlZmdfdGFnIjoiQ0xJUFMuYmVzdF9pbWFnZV91cmxnZW4uQzMifQ%3D%3D&#038;_nc_ohc=6rXttza3jKcQ7kNvwFWfs46&#038;_nc_oc=Adpchp9ltkQv69YsIe53FNCBDo5ZTpQ3Om6HEnqvuqQdw4iyxIHBCwO_opbHRSOpxyA&#038;_nc_zt=23&#038;_nc_ht=scontent.cdninstagram.com&#038;edm=ANo9K5cEAAAA&#038;_nc_gid=yEIrw9H9kF4Ze-Z7qqOH7g&#038;_nc_tpa=Q5bMBQFw0D1qOX7BfTQ1oh0hy9_PPq3Y9kyvxQAGp-mjakwfXQDYGujEpk0nXPXYOBMXm-KhCv8LYffYTw&#038;oh=00_Af3ZJcJWCiT_4a-rK6PBuFSgA3FiwOSyE4TKWW_IQLhmUw&#038;oe=69F92077\"\n\t\t\tdata-img-src-set=\"{&quot;d&quot;:&quot;https:\\\/\\\/scontent.cdninstagram.com\\\/v\\\/t51.71878-15\\\/603916277_1524934938734138_7626540996405594770_n.jpg?stp=dst-jpg_e35_tt6&amp;_nc_cat=100&amp;ccb=7-5&amp;_nc_sid=18de74&amp;efg=eyJlZmdfdGFnIjoiQ0xJUFMuYmVzdF9pbWFnZV91cmxnZW4uQzMifQ%3D%3D&amp;_nc_ohc=6rXttza3jKcQ7kNvwFWfs46&amp;_nc_oc=Adpchp9ltkQv69YsIe53FNCBDo5ZTpQ3Om6HEnqvuqQdw4iyxIHBCwO_opbHRSOpxyA&amp;_nc_zt=23&amp;_nc_ht=scontent.cdninstagram.com&amp;edm=ANo9K5cEAAAA&amp;_nc_gid=yEIrw9H9kF4Ze-Z7qqOH7g&amp;_nc_tpa=Q5bMBQFw0D1qOX7BfTQ1oh0hy9_PPq3Y9kyvxQAGp-mjakwfXQDYGujEpk0nXPXYOBMXm-KhCv8LYffYTw&amp;oh=00_Af3ZJcJWCiT_4a-rK6PBuFSgA3FiwOSyE4TKWW_IQLhmUw&amp;oe=69F92077&quot;,&quot;150&quot;:&quot;https:\\\/\\\/scontent.cdninstagram.com\\\/v\\\/t51.71878-15\\\/603916277_1524934938734138_7626540996405594770_n.jpg?stp=dst-jpg_e35_tt6&amp;_nc_cat=100&amp;ccb=7-5&amp;_nc_sid=18de74&amp;efg=eyJlZmdfdGFnIjoiQ0xJUFMuYmVzdF9pbWFnZV91cmxnZW4uQzMifQ%3D%3D&amp;_nc_ohc=6rXttza3jKcQ7kNvwFWfs46&amp;_nc_oc=Adpchp9ltkQv69YsIe53FNCBDo5ZTpQ3Om6HEnqvuqQdw4iyxIHBCwO_opbHRSOpxyA&amp;_nc_zt=23&amp;_nc_ht=scontent.cdninstagram.com&amp;edm=ANo9K5cEAAAA&amp;_nc_gid=yEIrw9H9kF4Ze-Z7qqOH7g&amp;_nc_tpa=Q5bMBQFw0D1qOX7BfTQ1oh0hy9_PPq3Y9kyvxQAGp-mjakwfXQDYGujEpk0nXPXYOBMXm-KhCv8LYffYTw&amp;oh=00_Af3ZJcJWCiT_4a-rK6PBuFSgA3FiwOSyE4TKWW_IQLhmUw&amp;oe=69F92077&quot;,&quot;320&quot;:&quot;https:\\\/\\\/scontent.cdninstagram.com\\\/v\\\/t51.71878-15\\\/603916277_1524934938734138_7626540996405594770_n.jpg?stp=dst-jpg_e35_tt6&amp;_nc_cat=100&amp;ccb=7-5&amp;_nc_sid=18de74&amp;efg=eyJlZmdfdGFnIjoiQ0xJUFMuYmVzdF9pbWFnZV91cmxnZW4uQzMifQ%3D%3D&amp;_nc_ohc=6rXttza3jKcQ7kNvwFWfs46&amp;_nc_oc=Adpchp9ltkQv69YsIe53FNCBDo5ZTpQ3Om6HEnqvuqQdw4iyxIHBCwO_opbHRSOpxyA&amp;_nc_zt=23&amp;_nc_ht=scontent.cdninstagram.com&amp;edm=ANo9K5cEAAAA&amp;_nc_gid=yEIrw9H9kF4Ze-Z7qqOH7g&amp;_nc_tpa=Q5bMBQFw0D1qOX7BfTQ1oh0hy9_PPq3Y9kyvxQAGp-mjakwfXQDYGujEpk0nXPXYOBMXm-KhCv8LYffYTw&amp;oh=00_Af3ZJcJWCiT_4a-rK6PBuFSgA3FiwOSyE4TKWW_IQLhmUw&amp;oe=69F92077&quot;,&quot;640&quot;:&quot;https:\\\/\\\/scontent.cdninstagram.com\\\/v\\\/t51.71878-15\\\/603916277_1524934938734138_7626540996405594770_n.jpg?stp=dst-jpg_e35_tt6&amp;_nc_cat=100&amp;ccb=7-5&amp;_nc_sid=18de74&amp;efg=eyJlZmdfdGFnIjoiQ0xJUFMuYmVzdF9pbWFnZV91cmxnZW4uQzMifQ%3D%3D&amp;_nc_ohc=6rXttza3jKcQ7kNvwFWfs46&amp;_nc_oc=Adpchp9ltkQv69YsIe53FNCBDo5ZTpQ3Om6HEnqvuqQdw4iyxIHBCwO_opbHRSOpxyA&amp;_nc_zt=23&amp;_nc_ht=scontent.cdninstagram.com&amp;edm=ANo9K5cEAAAA&amp;_nc_gid=yEIrw9H9kF4Ze-Z7qqOH7g&amp;_nc_tpa=Q5bMBQFw0D1qOX7BfTQ1oh0hy9_PPq3Y9kyvxQAGp-mjakwfXQDYGujEpk0nXPXYOBMXm-KhCv8LYffYTw&amp;oh=00_Af3ZJcJWCiT_4a-rK6PBuFSgA3FiwOSyE4TKWW_IQLhmUw&amp;oe=69F92077&quot;}\">\n\t\t\t<span class=\"sbi-screenreader\">2025 war f\u00fcr uns ein ganz besonderes Jahr: Wir dur<\/span>\n\t\t\t\t\t\t<svg style=\"color: rgba(255,255,255,1)\" class=\"svg-inline--fa fa-play fa-w-14 sbi_playbtn\" aria-label=\"Play\" aria-hidden=\"true\" data-fa-processed=\"\" data-prefix=\"fa\" data-icon=\"play\" role=\"presentation\" xmlns=\"http:\/\/www.w3.org\/2000\/svg\" viewBox=\"0 0 448 512\"><path fill=\"currentColor\" d=\"M424.4 214.7L72.4 6.6C43.8-10.3 0 6.1 0 47.9V464c0 37.5 40.7 60.1 72.4 41.3l352-208c31.4-18.5 31.5-64.1 0-82.6z\"><\/path><\/svg>\t\t\t<img decoding=\"async\" src=\"https:\/\/visual4.de\/wp-content\/plugins\/instagram-feed\/img\/placeholder.png\" alt=\"2025 war f\u00fcr uns ein ganz besonderes Jahr: Wir durften stolz und dankbar auf 25 Jahre als Digitalagentur zur\u00fcckblicken \u2013 und gleichzeitig Projekte begleiten, die uns wirklich am Herzen liegen.\n\nZum Jahresende sagen wir Danke: f\u00fcr Ihr Vertrauen, Ihre Impulse und die erfolgreiche Zusammenarbeit. \ud83d\udc9c\n\n#jubil\u00e4um #digitalagentur #25jahrejubil\u00e4um #digitalagenturstuttgart\" aria-hidden=\"true\">\n\t\t<\/a>\n\t<\/div>\n<\/div><div class=\"sbi_item sbi_type_carousel sbi_new sbi_transition\"\n\tid=\"sbi_18084833030483005\" data-date=\"1763552001\">\n\t<div class=\"sbi_photo_wrap\">\n\t\t<a class=\"sbi_photo\" href=\"https:\/\/www.instagram.com\/p\/DRPIvJkDKPK\/\" target=\"_blank\" rel=\"noopener nofollow\"\n\t\t\tdata-full-res=\"https:\/\/scontent.cdninstagram.com\/v\/t51.82787-15\/582704239_18171010660374712_6282111268059446945_n.jpg?stp=dst-jpg_e35_tt6&#038;_nc_cat=110&#038;ccb=7-5&#038;_nc_sid=18de74&#038;efg=eyJlZmdfdGFnIjoiQ0FST1VTRUxfSVRFTS5iZXN0X2ltYWdlX3VybGdlbi5DMyJ9&#038;_nc_ohc=ppdzAyHYd6AQ7kNvwFzDF3J&#038;_nc_oc=AdqcQJelBvfaQDiRYtcSEQlHUg90w6-IVCVjBOzJljwsZggP5hVML_Uk0mRyo71fxXk&#038;_nc_zt=23&#038;_nc_ht=scontent.cdninstagram.com&#038;edm=ANo9K5cEAAAA&#038;_nc_gid=yEIrw9H9kF4Ze-Z7qqOH7g&#038;_nc_tpa=Q5bMBQEQL-jG8-QEwkyZmDTtFx7jVMXamazQPDKVlvvAM_lnGJRwLB7T2wpq7YqUHph2D5fNA0afJxGPpw&#038;oh=00_Af2Ma0-OHXxRY3aYSb0wyP0fPUH0TT2_4AjiGQG3Dq7S_w&#038;oe=69F90989\"\n\t\t\tdata-img-src-set=\"{&quot;d&quot;:&quot;https:\\\/\\\/scontent.cdninstagram.com\\\/v\\\/t51.82787-15\\\/582704239_18171010660374712_6282111268059446945_n.jpg?stp=dst-jpg_e35_tt6&amp;_nc_cat=110&amp;ccb=7-5&amp;_nc_sid=18de74&amp;efg=eyJlZmdfdGFnIjoiQ0FST1VTRUxfSVRFTS5iZXN0X2ltYWdlX3VybGdlbi5DMyJ9&amp;_nc_ohc=ppdzAyHYd6AQ7kNvwFzDF3J&amp;_nc_oc=AdqcQJelBvfaQDiRYtcSEQlHUg90w6-IVCVjBOzJljwsZggP5hVML_Uk0mRyo71fxXk&amp;_nc_zt=23&amp;_nc_ht=scontent.cdninstagram.com&amp;edm=ANo9K5cEAAAA&amp;_nc_gid=yEIrw9H9kF4Ze-Z7qqOH7g&amp;_nc_tpa=Q5bMBQEQL-jG8-QEwkyZmDTtFx7jVMXamazQPDKVlvvAM_lnGJRwLB7T2wpq7YqUHph2D5fNA0afJxGPpw&amp;oh=00_Af2Ma0-OHXxRY3aYSb0wyP0fPUH0TT2_4AjiGQG3Dq7S_w&amp;oe=69F90989&quot;,&quot;150&quot;:&quot;https:\\\/\\\/scontent.cdninstagram.com\\\/v\\\/t51.82787-15\\\/582704239_18171010660374712_6282111268059446945_n.jpg?stp=dst-jpg_e35_tt6&amp;_nc_cat=110&amp;ccb=7-5&amp;_nc_sid=18de74&amp;efg=eyJlZmdfdGFnIjoiQ0FST1VTRUxfSVRFTS5iZXN0X2ltYWdlX3VybGdlbi5DMyJ9&amp;_nc_ohc=ppdzAyHYd6AQ7kNvwFzDF3J&amp;_nc_oc=AdqcQJelBvfaQDiRYtcSEQlHUg90w6-IVCVjBOzJljwsZggP5hVML_Uk0mRyo71fxXk&amp;_nc_zt=23&amp;_nc_ht=scontent.cdninstagram.com&amp;edm=ANo9K5cEAAAA&amp;_nc_gid=yEIrw9H9kF4Ze-Z7qqOH7g&amp;_nc_tpa=Q5bMBQEQL-jG8-QEwkyZmDTtFx7jVMXamazQPDKVlvvAM_lnGJRwLB7T2wpq7YqUHph2D5fNA0afJxGPpw&amp;oh=00_Af2Ma0-OHXxRY3aYSb0wyP0fPUH0TT2_4AjiGQG3Dq7S_w&amp;oe=69F90989&quot;,&quot;320&quot;:&quot;https:\\\/\\\/scontent.cdninstagram.com\\\/v\\\/t51.82787-15\\\/582704239_18171010660374712_6282111268059446945_n.jpg?stp=dst-jpg_e35_tt6&amp;_nc_cat=110&amp;ccb=7-5&amp;_nc_sid=18de74&amp;efg=eyJlZmdfdGFnIjoiQ0FST1VTRUxfSVRFTS5iZXN0X2ltYWdlX3VybGdlbi5DMyJ9&amp;_nc_ohc=ppdzAyHYd6AQ7kNvwFzDF3J&amp;_nc_oc=AdqcQJelBvfaQDiRYtcSEQlHUg90w6-IVCVjBOzJljwsZggP5hVML_Uk0mRyo71fxXk&amp;_nc_zt=23&amp;_nc_ht=scontent.cdninstagram.com&amp;edm=ANo9K5cEAAAA&amp;_nc_gid=yEIrw9H9kF4Ze-Z7qqOH7g&amp;_nc_tpa=Q5bMBQEQL-jG8-QEwkyZmDTtFx7jVMXamazQPDKVlvvAM_lnGJRwLB7T2wpq7YqUHph2D5fNA0afJxGPpw&amp;oh=00_Af2Ma0-OHXxRY3aYSb0wyP0fPUH0TT2_4AjiGQG3Dq7S_w&amp;oe=69F90989&quot;,&quot;640&quot;:&quot;https:\\\/\\\/scontent.cdninstagram.com\\\/v\\\/t51.82787-15\\\/582704239_18171010660374712_6282111268059446945_n.jpg?stp=dst-jpg_e35_tt6&amp;_nc_cat=110&amp;ccb=7-5&amp;_nc_sid=18de74&amp;efg=eyJlZmdfdGFnIjoiQ0FST1VTRUxfSVRFTS5iZXN0X2ltYWdlX3VybGdlbi5DMyJ9&amp;_nc_ohc=ppdzAyHYd6AQ7kNvwFzDF3J&amp;_nc_oc=AdqcQJelBvfaQDiRYtcSEQlHUg90w6-IVCVjBOzJljwsZggP5hVML_Uk0mRyo71fxXk&amp;_nc_zt=23&amp;_nc_ht=scontent.cdninstagram.com&amp;edm=ANo9K5cEAAAA&amp;_nc_gid=yEIrw9H9kF4Ze-Z7qqOH7g&amp;_nc_tpa=Q5bMBQEQL-jG8-QEwkyZmDTtFx7jVMXamazQPDKVlvvAM_lnGJRwLB7T2wpq7YqUHph2D5fNA0afJxGPpw&amp;oh=00_Af2Ma0-OHXxRY3aYSb0wyP0fPUH0TT2_4AjiGQG3Dq7S_w&amp;oe=69F90989&quot;}\">\n\t\t\t<span class=\"sbi-screenreader\">\ud83c\udfa8 Kreativ, neugierig, inspiriert \u2013 unser Teamausfl<\/span>\n\t\t\t<svg class=\"svg-inline--fa fa-clone fa-w-16 sbi_lightbox_carousel_icon\" aria-hidden=\"true\" aria-label=\"Clone\" data-fa-pro\u0192cessed=\"\" data-prefix=\"far\" data-icon=\"clone\" role=\"img\" xmlns=\"http:\/\/www.w3.org\/2000\/svg\" viewBox=\"0 0 512 512\">\n                    <path fill=\"currentColor\" d=\"M464 0H144c-26.51 0-48 21.49-48 48v48H48c-26.51 0-48 21.49-48 48v320c0 26.51 21.49 48 48 48h320c26.51 0 48-21.49 48-48v-48h48c26.51 0 48-21.49 48-48V48c0-26.51-21.49-48-48-48zM362 464H54a6 6 0 0 1-6-6V150a6 6 0 0 1 6-6h42v224c0 26.51 21.49 48 48 48h224v42a6 6 0 0 1-6 6zm96-96H150a6 6 0 0 1-6-6V54a6 6 0 0 1 6-6h308a6 6 0 0 1 6 6v308a6 6 0 0 1-6 6z\"><\/path>\n                <\/svg>\t\t\t\t\t\t<img decoding=\"async\" src=\"https:\/\/visual4.de\/wp-content\/plugins\/instagram-feed\/img\/placeholder.png\" alt=\"\ud83c\udfa8 Kreativ, neugierig, inspiriert \u2013 unser Teamausflug ins ZKM Karlsruhe\n\nKunst, Medien, Interaktion: Unser diesj\u00e4hriger Ausflug f\u00fchrte uns ins Zentrum f\u00fcr Kunst und Medien (ZKM) \u2013 und wir kamen voller Eindr\u00fccke zur\u00fcck!\n\nDer Tag startete mit einer spannenden F\u00fchrung durch die Ausstellung \u201eThe Story that Never Ends\u201c \u2013 die Sammlung des ZKM, die zum Staunen, Entdecken und Reflektieren einlud.\n\n\u2728 Zu unseren pers\u00f6nlichen Highlights z\u00e4hlten:\n\u2013 Die geschmeidig rotierenden und flatternden Kleider in tour en l\u2019air von Ursula Neugebauer\n\u2013 Die interaktive Installation Captured von Hanna Haaslahti, bei der wir unsere Gesichter einscannen lie\u00dfen \u2013 und dann erleben durften, wie Avatare Gruppenverhalten, Ausgrenzung und soziale Dynamiken simulierten.\n\n\ud83c\udfae In der Videospiel-Ausstellung \u201ezkm_gameplay. next level\u201c lernten wir mehr \u00fcber die Geschichte digitaler Spiele \u2013 und durften \u00fcber 50 Spiele selbst testen.\n\n\ud83e\udd57 Gest\u00e4rkt nach einem leckeren entspannten Mittagessen machten wir uns selbst kreativ ans Werk:\n\ud83c\udfac bei einem Stop-Motion-Workshop, in dem wir unsere eigenen Kurzfilme entwarfen. Malen, basteln, animieren \u2013 mit einfachsten Mitteln entstanden kleine kreative Meisterwerke.\n\nWir sind begeistert von den Ergebnissen \u2013 und vor allem von einem Tag, der neugierig gemacht und inspiriert hat.\nDanke, ZKM \u2013 wir kommen gerne wieder!\n\n#teamausflug #zkmkarlsruhe #kunstundmedien #teamkreativ #stopmotion #visual4 #digitalagentur\" aria-hidden=\"true\">\n\t\t<\/a>\n\t<\/div>\n<\/div><div class=\"sbi_item sbi_type_video sbi_new sbi_transition\"\n\tid=\"sbi_17914989951086147\" data-date=\"1762962409\">\n\t<div class=\"sbi_photo_wrap\">\n\t\t<a class=\"sbi_photo\" href=\"https:\/\/www.instagram.com\/reel\/DQ9kFxmida6\/\" target=\"_blank\" rel=\"noopener nofollow\"\n\t\t\tdata-full-res=\"https:\/\/scontent.cdninstagram.com\/v\/t51.82787-15\/580085528_18170432245374712_1039544125517531420_n.jpg?stp=dst-jpg_e35_tt6&#038;_nc_cat=110&#038;ccb=7-5&#038;_nc_sid=18de74&#038;efg=eyJlZmdfdGFnIjoiQ0xJUFMuYmVzdF9pbWFnZV91cmxnZW4uQzMifQ%3D%3D&#038;_nc_ohc=y_XvFhWjMZkQ7kNvwHpt-ZT&#038;_nc_oc=AdrwM7jFLFmMFmiMdDLRiswAmAs77Z-eKmJ2HX1K8TbfebTSnSpYC7mEN9-MABmBz48&#038;_nc_zt=23&#038;_nc_ht=scontent.cdninstagram.com&#038;edm=ANo9K5cEAAAA&#038;_nc_gid=yEIrw9H9kF4Ze-Z7qqOH7g&#038;_nc_tpa=Q5bMBQFETAsoIe_fC7W7b3nURUmQRZGOfqbxEf7M_r5j-KLBNmmZBiMT5nHABVy0i3kGHMXMqigtU4V7tA&#038;oh=00_Af1kL2u19VenvhpPATSOeIe1E3CCYkBfEW7SeYfUpO72Vw&#038;oe=69F9280F\"\n\t\t\tdata-img-src-set=\"{&quot;d&quot;:&quot;https:\\\/\\\/scontent.cdninstagram.com\\\/v\\\/t51.82787-15\\\/580085528_18170432245374712_1039544125517531420_n.jpg?stp=dst-jpg_e35_tt6&amp;_nc_cat=110&amp;ccb=7-5&amp;_nc_sid=18de74&amp;efg=eyJlZmdfdGFnIjoiQ0xJUFMuYmVzdF9pbWFnZV91cmxnZW4uQzMifQ%3D%3D&amp;_nc_ohc=y_XvFhWjMZkQ7kNvwHpt-ZT&amp;_nc_oc=AdrwM7jFLFmMFmiMdDLRiswAmAs77Z-eKmJ2HX1K8TbfebTSnSpYC7mEN9-MABmBz48&amp;_nc_zt=23&amp;_nc_ht=scontent.cdninstagram.com&amp;edm=ANo9K5cEAAAA&amp;_nc_gid=yEIrw9H9kF4Ze-Z7qqOH7g&amp;_nc_tpa=Q5bMBQFETAsoIe_fC7W7b3nURUmQRZGOfqbxEf7M_r5j-KLBNmmZBiMT5nHABVy0i3kGHMXMqigtU4V7tA&amp;oh=00_Af1kL2u19VenvhpPATSOeIe1E3CCYkBfEW7SeYfUpO72Vw&amp;oe=69F9280F&quot;,&quot;150&quot;:&quot;https:\\\/\\\/scontent.cdninstagram.com\\\/v\\\/t51.82787-15\\\/580085528_18170432245374712_1039544125517531420_n.jpg?stp=dst-jpg_e35_tt6&amp;_nc_cat=110&amp;ccb=7-5&amp;_nc_sid=18de74&amp;efg=eyJlZmdfdGFnIjoiQ0xJUFMuYmVzdF9pbWFnZV91cmxnZW4uQzMifQ%3D%3D&amp;_nc_ohc=y_XvFhWjMZkQ7kNvwHpt-ZT&amp;_nc_oc=AdrwM7jFLFmMFmiMdDLRiswAmAs77Z-eKmJ2HX1K8TbfebTSnSpYC7mEN9-MABmBz48&amp;_nc_zt=23&amp;_nc_ht=scontent.cdninstagram.com&amp;edm=ANo9K5cEAAAA&amp;_nc_gid=yEIrw9H9kF4Ze-Z7qqOH7g&amp;_nc_tpa=Q5bMBQFETAsoIe_fC7W7b3nURUmQRZGOfqbxEf7M_r5j-KLBNmmZBiMT5nHABVy0i3kGHMXMqigtU4V7tA&amp;oh=00_Af1kL2u19VenvhpPATSOeIe1E3CCYkBfEW7SeYfUpO72Vw&amp;oe=69F9280F&quot;,&quot;320&quot;:&quot;https:\\\/\\\/scontent.cdninstagram.com\\\/v\\\/t51.82787-15\\\/580085528_18170432245374712_1039544125517531420_n.jpg?stp=dst-jpg_e35_tt6&amp;_nc_cat=110&amp;ccb=7-5&amp;_nc_sid=18de74&amp;efg=eyJlZmdfdGFnIjoiQ0xJUFMuYmVzdF9pbWFnZV91cmxnZW4uQzMifQ%3D%3D&amp;_nc_ohc=y_XvFhWjMZkQ7kNvwHpt-ZT&amp;_nc_oc=AdrwM7jFLFmMFmiMdDLRiswAmAs77Z-eKmJ2HX1K8TbfebTSnSpYC7mEN9-MABmBz48&amp;_nc_zt=23&amp;_nc_ht=scontent.cdninstagram.com&amp;edm=ANo9K5cEAAAA&amp;_nc_gid=yEIrw9H9kF4Ze-Z7qqOH7g&amp;_nc_tpa=Q5bMBQFETAsoIe_fC7W7b3nURUmQRZGOfqbxEf7M_r5j-KLBNmmZBiMT5nHABVy0i3kGHMXMqigtU4V7tA&amp;oh=00_Af1kL2u19VenvhpPATSOeIe1E3CCYkBfEW7SeYfUpO72Vw&amp;oe=69F9280F&quot;,&quot;640&quot;:&quot;https:\\\/\\\/scontent.cdninstagram.com\\\/v\\\/t51.82787-15\\\/580085528_18170432245374712_1039544125517531420_n.jpg?stp=dst-jpg_e35_tt6&amp;_nc_cat=110&amp;ccb=7-5&amp;_nc_sid=18de74&amp;efg=eyJlZmdfdGFnIjoiQ0xJUFMuYmVzdF9pbWFnZV91cmxnZW4uQzMifQ%3D%3D&amp;_nc_ohc=y_XvFhWjMZkQ7kNvwHpt-ZT&amp;_nc_oc=AdrwM7jFLFmMFmiMdDLRiswAmAs77Z-eKmJ2HX1K8TbfebTSnSpYC7mEN9-MABmBz48&amp;_nc_zt=23&amp;_nc_ht=scontent.cdninstagram.com&amp;edm=ANo9K5cEAAAA&amp;_nc_gid=yEIrw9H9kF4Ze-Z7qqOH7g&amp;_nc_tpa=Q5bMBQFETAsoIe_fC7W7b3nURUmQRZGOfqbxEf7M_r5j-KLBNmmZBiMT5nHABVy0i3kGHMXMqigtU4V7tA&amp;oh=00_Af1kL2u19VenvhpPATSOeIe1E3CCYkBfEW7SeYfUpO72Vw&amp;oe=69F9280F&quot;}\">\n\t\t\t<span class=\"sbi-screenreader\">Unser erster 1CRM Anwendertag fand am 22. Oktober <\/span>\n\t\t\t\t\t\t<svg style=\"color: rgba(255,255,255,1)\" class=\"svg-inline--fa fa-play fa-w-14 sbi_playbtn\" aria-label=\"Play\" aria-hidden=\"true\" data-fa-processed=\"\" data-prefix=\"fa\" data-icon=\"play\" role=\"presentation\" xmlns=\"http:\/\/www.w3.org\/2000\/svg\" viewBox=\"0 0 448 512\"><path fill=\"currentColor\" d=\"M424.4 214.7L72.4 6.6C43.8-10.3 0 6.1 0 47.9V464c0 37.5 40.7 60.1 72.4 41.3l352-208c31.4-18.5 31.5-64.1 0-82.6z\"><\/path><\/svg>\t\t\t<img decoding=\"async\" src=\"https:\/\/visual4.de\/wp-content\/plugins\/instagram-feed\/img\/placeholder.png\" alt=\"Unser erster 1CRM Anwendertag fand am 22. Oktober in unseren visual4-R\u00e4umlichkeiten statt: der 1CRM Vision Day. Wir danken allen Teilnehmenden und Vortragenden f\u00fcr die Begeisterung, das Vertrauen und ihren Beitrag zu einem rundum gelungenen Tag.\" aria-hidden=\"true\">\n\t\t<\/a>\n\t<\/div>\n<\/div><div class=\"sbi_item sbi_type_carousel sbi_new sbi_transition\"\n\tid=\"sbi_18091212361921124\" data-date=\"1762875404\">\n\t<div class=\"sbi_photo_wrap\">\n\t\t<a class=\"sbi_photo\" href=\"https:\/\/www.instagram.com\/p\/DQ6-OzzDFm2\/\" target=\"_blank\" rel=\"noopener nofollow\"\n\t\t\tdata-full-res=\"https:\/\/scontent.cdninstagram.com\/v\/t51.82787-15\/580844592_18170350921374712_7590892233299658308_n.webp?stp=dst-jpg_e35_tt6&#038;_nc_cat=105&#038;ccb=7-5&#038;_nc_sid=18de74&#038;efg=eyJlZmdfdGFnIjoiQ0FST1VTRUxfSVRFTS5iZXN0X2ltYWdlX3VybGdlbi5DMyJ9&#038;_nc_ohc=5JRLr2UYFFIQ7kNvwGJWJuq&#038;_nc_oc=Adp4oNdD0NeMi4v8Fnl775TYQG8NADZtQWG2tfoI98Ggycj-G-aq80Nqh6qaVEr41TU&#038;_nc_zt=23&#038;_nc_ht=scontent.cdninstagram.com&#038;edm=ANo9K5cEAAAA&#038;_nc_gid=yEIrw9H9kF4Ze-Z7qqOH7g&#038;_nc_tpa=Q5bMBQFwb7R2WHyTvTDN-HIQKj4mwZOgzwTNB1XNi7wQDIYwUPSDLy86_-sEls1xvQszG37oJxi-candLg&#038;oh=00_Af24Q40bB5u8vkbniksFUbV8rTJuMV17P3YA1guCvvbTPQ&#038;oe=69F90E82\"\n\t\t\tdata-img-src-set=\"{&quot;d&quot;:&quot;https:\\\/\\\/scontent.cdninstagram.com\\\/v\\\/t51.82787-15\\\/580844592_18170350921374712_7590892233299658308_n.webp?stp=dst-jpg_e35_tt6&amp;_nc_cat=105&amp;ccb=7-5&amp;_nc_sid=18de74&amp;efg=eyJlZmdfdGFnIjoiQ0FST1VTRUxfSVRFTS5iZXN0X2ltYWdlX3VybGdlbi5DMyJ9&amp;_nc_ohc=5JRLr2UYFFIQ7kNvwGJWJuq&amp;_nc_oc=Adp4oNdD0NeMi4v8Fnl775TYQG8NADZtQWG2tfoI98Ggycj-G-aq80Nqh6qaVEr41TU&amp;_nc_zt=23&amp;_nc_ht=scontent.cdninstagram.com&amp;edm=ANo9K5cEAAAA&amp;_nc_gid=yEIrw9H9kF4Ze-Z7qqOH7g&amp;_nc_tpa=Q5bMBQFwb7R2WHyTvTDN-HIQKj4mwZOgzwTNB1XNi7wQDIYwUPSDLy86_-sEls1xvQszG37oJxi-candLg&amp;oh=00_Af24Q40bB5u8vkbniksFUbV8rTJuMV17P3YA1guCvvbTPQ&amp;oe=69F90E82&quot;,&quot;150&quot;:&quot;https:\\\/\\\/scontent.cdninstagram.com\\\/v\\\/t51.82787-15\\\/580844592_18170350921374712_7590892233299658308_n.webp?stp=dst-jpg_e35_tt6&amp;_nc_cat=105&amp;ccb=7-5&amp;_nc_sid=18de74&amp;efg=eyJlZmdfdGFnIjoiQ0FST1VTRUxfSVRFTS5iZXN0X2ltYWdlX3VybGdlbi5DMyJ9&amp;_nc_ohc=5JRLr2UYFFIQ7kNvwGJWJuq&amp;_nc_oc=Adp4oNdD0NeMi4v8Fnl775TYQG8NADZtQWG2tfoI98Ggycj-G-aq80Nqh6qaVEr41TU&amp;_nc_zt=23&amp;_nc_ht=scontent.cdninstagram.com&amp;edm=ANo9K5cEAAAA&amp;_nc_gid=yEIrw9H9kF4Ze-Z7qqOH7g&amp;_nc_tpa=Q5bMBQFwb7R2WHyTvTDN-HIQKj4mwZOgzwTNB1XNi7wQDIYwUPSDLy86_-sEls1xvQszG37oJxi-candLg&amp;oh=00_Af24Q40bB5u8vkbniksFUbV8rTJuMV17P3YA1guCvvbTPQ&amp;oe=69F90E82&quot;,&quot;320&quot;:&quot;https:\\\/\\\/scontent.cdninstagram.com\\\/v\\\/t51.82787-15\\\/580844592_18170350921374712_7590892233299658308_n.webp?stp=dst-jpg_e35_tt6&amp;_nc_cat=105&amp;ccb=7-5&amp;_nc_sid=18de74&amp;efg=eyJlZmdfdGFnIjoiQ0FST1VTRUxfSVRFTS5iZXN0X2ltYWdlX3VybGdlbi5DMyJ9&amp;_nc_ohc=5JRLr2UYFFIQ7kNvwGJWJuq&amp;_nc_oc=Adp4oNdD0NeMi4v8Fnl775TYQG8NADZtQWG2tfoI98Ggycj-G-aq80Nqh6qaVEr41TU&amp;_nc_zt=23&amp;_nc_ht=scontent.cdninstagram.com&amp;edm=ANo9K5cEAAAA&amp;_nc_gid=yEIrw9H9kF4Ze-Z7qqOH7g&amp;_nc_tpa=Q5bMBQFwb7R2WHyTvTDN-HIQKj4mwZOgzwTNB1XNi7wQDIYwUPSDLy86_-sEls1xvQszG37oJxi-candLg&amp;oh=00_Af24Q40bB5u8vkbniksFUbV8rTJuMV17P3YA1guCvvbTPQ&amp;oe=69F90E82&quot;,&quot;640&quot;:&quot;https:\\\/\\\/scontent.cdninstagram.com\\\/v\\\/t51.82787-15\\\/580844592_18170350921374712_7590892233299658308_n.webp?stp=dst-jpg_e35_tt6&amp;_nc_cat=105&amp;ccb=7-5&amp;_nc_sid=18de74&amp;efg=eyJlZmdfdGFnIjoiQ0FST1VTRUxfSVRFTS5iZXN0X2ltYWdlX3VybGdlbi5DMyJ9&amp;_nc_ohc=5JRLr2UYFFIQ7kNvwGJWJuq&amp;_nc_oc=Adp4oNdD0NeMi4v8Fnl775TYQG8NADZtQWG2tfoI98Ggycj-G-aq80Nqh6qaVEr41TU&amp;_nc_zt=23&amp;_nc_ht=scontent.cdninstagram.com&amp;edm=ANo9K5cEAAAA&amp;_nc_gid=yEIrw9H9kF4Ze-Z7qqOH7g&amp;_nc_tpa=Q5bMBQFwb7R2WHyTvTDN-HIQKj4mwZOgzwTNB1XNi7wQDIYwUPSDLy86_-sEls1xvQszG37oJxi-candLg&amp;oh=00_Af24Q40bB5u8vkbniksFUbV8rTJuMV17P3YA1guCvvbTPQ&amp;oe=69F90E82&quot;}\">\n\t\t\t<span class=\"sbi-screenreader\">\ud83c\udf89 Erster 1CRM Vision Day bei visual4 \u2013 was f\u00fcr ein<\/span>\n\t\t\t<svg class=\"svg-inline--fa fa-clone fa-w-16 sbi_lightbox_carousel_icon\" aria-hidden=\"true\" aria-label=\"Clone\" data-fa-pro\u0192cessed=\"\" data-prefix=\"far\" data-icon=\"clone\" role=\"img\" xmlns=\"http:\/\/www.w3.org\/2000\/svg\" viewBox=\"0 0 512 512\">\n                    <path fill=\"currentColor\" d=\"M464 0H144c-26.51 0-48 21.49-48 48v48H48c-26.51 0-48 21.49-48 48v320c0 26.51 21.49 48 48 48h320c26.51 0 48-21.49 48-48v-48h48c26.51 0 48-21.49 48-48V48c0-26.51-21.49-48-48-48zM362 464H54a6 6 0 0 1-6-6V150a6 6 0 0 1 6-6h42v224c0 26.51 21.49 48 48 48h224v42a6 6 0 0 1-6 6zm96-96H150a6 6 0 0 1-6-6V54a6 6 0 0 1 6-6h308a6 6 0 0 1 6 6v308a6 6 0 0 1-6 6z\"><\/path>\n                <\/svg>\t\t\t\t\t\t<img decoding=\"async\" src=\"https:\/\/visual4.de\/wp-content\/plugins\/instagram-feed\/img\/placeholder.png\" alt=\"\ud83c\udf89 Erster 1CRM Vision Day bei visual4 \u2013 was f\u00fcr ein Tag! \n\nAm 22. Oktober haben wir in unserer Agentur in Stuttgart den Raum ge\u00f6ffnet f\u00fcr Austausch, echte Einblicke und Inspiration rund um 1CRM. \n\n\ud83d\udfe3 Das Ziel: Pers\u00f6nliche Begegnungen mit Anwender:innen und Partnern und voneinander Lernen \u2013 das ist uns voll und ganz gelungen! \n\n\ud83d\udde3\ufe0f Mit dabei: \n\u2013 Dr. Ren\u00e9 Streber vom Deutschen Verband f\u00fcr Gesundheitssport und Sporttherapie (@dvgs_ev) mit einem inspirierenden Beispiel f\u00fcr vernetztes Arbeiten &amp; vereinfachten Prozessen mit 1CRM \n\n\u2013 Peter Hennekes &amp; Melanie Rauch vom Deutschen Skilehrerverband (@skilehrerverband)zum digitalen Mitgliederausweis f\u00fcr die Modernisierung von Verbandsprozessen und als Beitrag zur Umwelt \n\n\u2013 Bj\u00f6rn Rafreider (visual4) mit einem Ausblick zu Potentialen von KI im CRM \n\n\u2013 Felix Kellewald (visual4) und Special Guest Andrew Whitehead (CTO bei 1CRM aus Kanada) mit der neuen 1CRM Version 9 \n\n\ud83e\udd68\u2615\ufe0f Kulinarisch begleitet von Butterbrezel-Fr\u00fchst\u00fcck, schw\u00e4bischem Foodtruck mit Maultaschen (@louseventcatering) und K\u00e4ssp\u00e4tzle und Pizza zum gem\u00fctlichen Ausklang. \n\n\ud83e\udd1d Danke an alle, die dabei waren \u2013 f\u00fcr euer Vertrauen, eure Begeisterung und euren offenen Austausch!\" aria-hidden=\"true\">\n\t\t<\/a>\n\t<\/div>\n<\/div><div class=\"sbi_item sbi_type_carousel sbi_new sbi_transition\"\n\tid=\"sbi_18391294168124867\" data-date=\"1759320117\">\n\t<div class=\"sbi_photo_wrap\">\n\t\t<a class=\"sbi_photo\" href=\"https:\/\/www.instagram.com\/p\/DPRBD0_jDA2\/\" target=\"_blank\" rel=\"noopener nofollow\"\n\t\t\tdata-full-res=\"https:\/\/scontent.cdninstagram.com\/v\/t51.82787-15\/557554831_18164792941374712_633714113547250473_n.jpg?stp=dst-jpg_e35_tt6&#038;_nc_cat=101&#038;ccb=7-5&#038;_nc_sid=18de74&#038;efg=eyJlZmdfdGFnIjoiQ0FST1VTRUxfSVRFTS5iZXN0X2ltYWdlX3VybGdlbi5DMyJ9&#038;_nc_ohc=ruOLZe23y_IQ7kNvwEriW6N&#038;_nc_oc=Ado_8SydknWD0Dv3wDLJby912NDCcknHLcx0MYrCG0RVcQNW54xwjdUnsCXM2qlR9S0&#038;_nc_zt=23&#038;_nc_ht=scontent.cdninstagram.com&#038;edm=ANo9K5cEAAAA&#038;_nc_gid=yEIrw9H9kF4Ze-Z7qqOH7g&#038;_nc_tpa=Q5bMBQE-xiuLMtudMOW2-FsgjTi3IPLdr5Up94RltpWmcXJL5h6xAcI0lERA7Pqn3Akfo-3tnGXlItnoYg&#038;oh=00_Af1w6VPIIRHObS9V8LfjlpFMATWy7Y9ZHqMn3szTfUmLZw&#038;oe=69F928F6\"\n\t\t\tdata-img-src-set=\"{&quot;d&quot;:&quot;https:\\\/\\\/scontent.cdninstagram.com\\\/v\\\/t51.82787-15\\\/557554831_18164792941374712_633714113547250473_n.jpg?stp=dst-jpg_e35_tt6&amp;_nc_cat=101&amp;ccb=7-5&amp;_nc_sid=18de74&amp;efg=eyJlZmdfdGFnIjoiQ0FST1VTRUxfSVRFTS5iZXN0X2ltYWdlX3VybGdlbi5DMyJ9&amp;_nc_ohc=ruOLZe23y_IQ7kNvwEriW6N&amp;_nc_oc=Ado_8SydknWD0Dv3wDLJby912NDCcknHLcx0MYrCG0RVcQNW54xwjdUnsCXM2qlR9S0&amp;_nc_zt=23&amp;_nc_ht=scontent.cdninstagram.com&amp;edm=ANo9K5cEAAAA&amp;_nc_gid=yEIrw9H9kF4Ze-Z7qqOH7g&amp;_nc_tpa=Q5bMBQE-xiuLMtudMOW2-FsgjTi3IPLdr5Up94RltpWmcXJL5h6xAcI0lERA7Pqn3Akfo-3tnGXlItnoYg&amp;oh=00_Af1w6VPIIRHObS9V8LfjlpFMATWy7Y9ZHqMn3szTfUmLZw&amp;oe=69F928F6&quot;,&quot;150&quot;:&quot;https:\\\/\\\/scontent.cdninstagram.com\\\/v\\\/t51.82787-15\\\/557554831_18164792941374712_633714113547250473_n.jpg?stp=dst-jpg_e35_tt6&amp;_nc_cat=101&amp;ccb=7-5&amp;_nc_sid=18de74&amp;efg=eyJlZmdfdGFnIjoiQ0FST1VTRUxfSVRFTS5iZXN0X2ltYWdlX3VybGdlbi5DMyJ9&amp;_nc_ohc=ruOLZe23y_IQ7kNvwEriW6N&amp;_nc_oc=Ado_8SydknWD0Dv3wDLJby912NDCcknHLcx0MYrCG0RVcQNW54xwjdUnsCXM2qlR9S0&amp;_nc_zt=23&amp;_nc_ht=scontent.cdninstagram.com&amp;edm=ANo9K5cEAAAA&amp;_nc_gid=yEIrw9H9kF4Ze-Z7qqOH7g&amp;_nc_tpa=Q5bMBQE-xiuLMtudMOW2-FsgjTi3IPLdr5Up94RltpWmcXJL5h6xAcI0lERA7Pqn3Akfo-3tnGXlItnoYg&amp;oh=00_Af1w6VPIIRHObS9V8LfjlpFMATWy7Y9ZHqMn3szTfUmLZw&amp;oe=69F928F6&quot;,&quot;320&quot;:&quot;https:\\\/\\\/scontent.cdninstagram.com\\\/v\\\/t51.82787-15\\\/557554831_18164792941374712_633714113547250473_n.jpg?stp=dst-jpg_e35_tt6&amp;_nc_cat=101&amp;ccb=7-5&amp;_nc_sid=18de74&amp;efg=eyJlZmdfdGFnIjoiQ0FST1VTRUxfSVRFTS5iZXN0X2ltYWdlX3VybGdlbi5DMyJ9&amp;_nc_ohc=ruOLZe23y_IQ7kNvwEriW6N&amp;_nc_oc=Ado_8SydknWD0Dv3wDLJby912NDCcknHLcx0MYrCG0RVcQNW54xwjdUnsCXM2qlR9S0&amp;_nc_zt=23&amp;_nc_ht=scontent.cdninstagram.com&amp;edm=ANo9K5cEAAAA&amp;_nc_gid=yEIrw9H9kF4Ze-Z7qqOH7g&amp;_nc_tpa=Q5bMBQE-xiuLMtudMOW2-FsgjTi3IPLdr5Up94RltpWmcXJL5h6xAcI0lERA7Pqn3Akfo-3tnGXlItnoYg&amp;oh=00_Af1w6VPIIRHObS9V8LfjlpFMATWy7Y9ZHqMn3szTfUmLZw&amp;oe=69F928F6&quot;,&quot;640&quot;:&quot;https:\\\/\\\/scontent.cdninstagram.com\\\/v\\\/t51.82787-15\\\/557554831_18164792941374712_633714113547250473_n.jpg?stp=dst-jpg_e35_tt6&amp;_nc_cat=101&amp;ccb=7-5&amp;_nc_sid=18de74&amp;efg=eyJlZmdfdGFnIjoiQ0FST1VTRUxfSVRFTS5iZXN0X2ltYWdlX3VybGdlbi5DMyJ9&amp;_nc_ohc=ruOLZe23y_IQ7kNvwEriW6N&amp;_nc_oc=Ado_8SydknWD0Dv3wDLJby912NDCcknHLcx0MYrCG0RVcQNW54xwjdUnsCXM2qlR9S0&amp;_nc_zt=23&amp;_nc_ht=scontent.cdninstagram.com&amp;edm=ANo9K5cEAAAA&amp;_nc_gid=yEIrw9H9kF4Ze-Z7qqOH7g&amp;_nc_tpa=Q5bMBQE-xiuLMtudMOW2-FsgjTi3IPLdr5Up94RltpWmcXJL5h6xAcI0lERA7Pqn3Akfo-3tnGXlItnoYg&amp;oh=00_Af1w6VPIIRHObS9V8LfjlpFMATWy7Y9ZHqMn3szTfUmLZw&amp;oe=69F928F6&quot;}\">\n\t\t\t<span class=\"sbi-screenreader\">\ud83d\ude80 Zukunft KI ist Jetzt \u2013 unsere KI-Beitragsreihe s<\/span>\n\t\t\t<svg class=\"svg-inline--fa fa-clone fa-w-16 sbi_lightbox_carousel_icon\" aria-hidden=\"true\" aria-label=\"Clone\" data-fa-pro\u0192cessed=\"\" data-prefix=\"far\" data-icon=\"clone\" role=\"img\" xmlns=\"http:\/\/www.w3.org\/2000\/svg\" viewBox=\"0 0 512 512\">\n                    <path fill=\"currentColor\" d=\"M464 0H144c-26.51 0-48 21.49-48 48v48H48c-26.51 0-48 21.49-48 48v320c0 26.51 21.49 48 48 48h320c26.51 0 48-21.49 48-48v-48h48c26.51 0 48-21.49 48-48V48c0-26.51-21.49-48-48-48zM362 464H54a6 6 0 0 1-6-6V150a6 6 0 0 1 6-6h42v224c0 26.51 21.49 48 48 48h224v42a6 6 0 0 1-6 6zm96-96H150a6 6 0 0 1-6-6V54a6 6 0 0 1 6-6h308a6 6 0 0 1 6 6v308a6 6 0 0 1-6 6z\"><\/path>\n                <\/svg>\t\t\t\t\t\t<img decoding=\"async\" src=\"https:\/\/visual4.de\/wp-content\/plugins\/instagram-feed\/img\/placeholder.png\" alt=\"\ud83d\ude80 Zukunft KI ist Jetzt \u2013 unsere KI-Beitragsreihe startet \n\nK\u00fcnstliche Intelligenz ist schon lange keine Zukunftsvision mehr sondern Teil unseres Alltags \u2013 Sie ver\u00e4ndert, wie wir kommunizieren, gestalten und entscheiden. Doch was bedeutet das konkret f\u00fcr Marketing, Design und Technologie? \n\nF\u00fcr viele wirkt KI komplex und undurchschaubar. Mit unserer neuen Reihe \u201eKI in Marketing, Design und Technologie\u201d schaffen wir Orientierung in der Welt der K\u00fcnstlichen Intelligenz \u2013 verst\u00e4ndlich, praxisnah und mit echtem Zukunftsblick. \n\n\ud83c\udfc1 Den Anfang macht unser \u00dcbersichtsbeitrag: KI in Marketing, Design und Technologie \n\n\ud83e\udded\u202f Erhalte einen \u00dcberblick \u00fcber \n\n\ud83d\udccc Chancen durch den Einsatz von KI \n\ud83d\udccc Bedeutung und Anwendung von KI im Marketing \n\ud83d\udccc M\u00f6glichkeiten mit KI im Design \n\ud83d\udccc relevante KI-Technologien und Tools \n\n\ud83d\udc49 Jetzt lesen: https:\/\/visual4.de\/ki-im-marketing-design-und-technologie \n\nBleibe auch weiterhin dran und folge unserer Reihe f\u00fcr kommende Beitr\u00e4ge zu\n\ud83d\udd0dKI in SEO \n\ud83d\udd0dGenerativer KI \n\ud83d\udd0dKI f\u00fcr Barrierefreies Webdesign \n\ud83d\udd0dPersonalisierung mit KI \nund vieles mehr...\n\n#ZukunftKI #KIMarketing #AIUX #TeamVisual4 #Marketingtrends #AItools #ContentAutomation #Digitalstrategie #KIverstehen\" aria-hidden=\"true\">\n\t\t<\/a>\n\t<\/div>\n<\/div><div class=\"sbi_item sbi_type_carousel sbi_new sbi_transition\"\n\tid=\"sbi_18103959274540610\" data-date=\"1750758287\">\n\t<div class=\"sbi_photo_wrap\">\n\t\t<a class=\"sbi_photo\" href=\"https:\/\/www.instagram.com\/p\/DLR2qfFMhg8\/\" target=\"_blank\" rel=\"noopener nofollow\"\n\t\t\tdata-full-res=\"https:\/\/scontent.cdninstagram.com\/v\/t51.75761-15\/510464613_18154691353374712_715104552839960455_n.jpg?stp=dst-jpg_e35_tt6&#038;_nc_cat=100&#038;ccb=7-5&#038;_nc_sid=18de74&#038;efg=eyJlZmdfdGFnIjoiQ0FST1VTRUxfSVRFTS5iZXN0X2ltYWdlX3VybGdlbi5DMyJ9&#038;_nc_ohc=WCKYgom5obsQ7kNvwH8kbvr&#038;_nc_oc=AdqkhZDjLnPjFJs0J2ZmG2LAEcfTQxujPRxqpOWYAj0vQdsmNVZUbhBC27bW3j3F2YA&#038;_nc_zt=23&#038;_nc_ht=scontent.cdninstagram.com&#038;edm=ANo9K5cEAAAA&#038;_nc_gid=yEIrw9H9kF4Ze-Z7qqOH7g&#038;_nc_tpa=Q5bMBQHsVLG2nVe_pcJ1yGr68KHtM9X2tdPZXB0m2_vCC8FjcBgK6YMbFaNH980sTigAj9bnVaL_mF-gNA&#038;oh=00_Af2qPSGcKxfgRWPjbEg-Tv4x362oW7inZueuGmNr8G0ulQ&#038;oe=69F91AD2\"\n\t\t\tdata-img-src-set=\"{&quot;d&quot;:&quot;https:\\\/\\\/scontent.cdninstagram.com\\\/v\\\/t51.75761-15\\\/510464613_18154691353374712_715104552839960455_n.jpg?stp=dst-jpg_e35_tt6&amp;_nc_cat=100&amp;ccb=7-5&amp;_nc_sid=18de74&amp;efg=eyJlZmdfdGFnIjoiQ0FST1VTRUxfSVRFTS5iZXN0X2ltYWdlX3VybGdlbi5DMyJ9&amp;_nc_ohc=WCKYgom5obsQ7kNvwH8kbvr&amp;_nc_oc=AdqkhZDjLnPjFJs0J2ZmG2LAEcfTQxujPRxqpOWYAj0vQdsmNVZUbhBC27bW3j3F2YA&amp;_nc_zt=23&amp;_nc_ht=scontent.cdninstagram.com&amp;edm=ANo9K5cEAAAA&amp;_nc_gid=yEIrw9H9kF4Ze-Z7qqOH7g&amp;_nc_tpa=Q5bMBQHsVLG2nVe_pcJ1yGr68KHtM9X2tdPZXB0m2_vCC8FjcBgK6YMbFaNH980sTigAj9bnVaL_mF-gNA&amp;oh=00_Af2qPSGcKxfgRWPjbEg-Tv4x362oW7inZueuGmNr8G0ulQ&amp;oe=69F91AD2&quot;,&quot;150&quot;:&quot;https:\\\/\\\/scontent.cdninstagram.com\\\/v\\\/t51.75761-15\\\/510464613_18154691353374712_715104552839960455_n.jpg?stp=dst-jpg_e35_tt6&amp;_nc_cat=100&amp;ccb=7-5&amp;_nc_sid=18de74&amp;efg=eyJlZmdfdGFnIjoiQ0FST1VTRUxfSVRFTS5iZXN0X2ltYWdlX3VybGdlbi5DMyJ9&amp;_nc_ohc=WCKYgom5obsQ7kNvwH8kbvr&amp;_nc_oc=AdqkhZDjLnPjFJs0J2ZmG2LAEcfTQxujPRxqpOWYAj0vQdsmNVZUbhBC27bW3j3F2YA&amp;_nc_zt=23&amp;_nc_ht=scontent.cdninstagram.com&amp;edm=ANo9K5cEAAAA&amp;_nc_gid=yEIrw9H9kF4Ze-Z7qqOH7g&amp;_nc_tpa=Q5bMBQHsVLG2nVe_pcJ1yGr68KHtM9X2tdPZXB0m2_vCC8FjcBgK6YMbFaNH980sTigAj9bnVaL_mF-gNA&amp;oh=00_Af2qPSGcKxfgRWPjbEg-Tv4x362oW7inZueuGmNr8G0ulQ&amp;oe=69F91AD2&quot;,&quot;320&quot;:&quot;https:\\\/\\\/scontent.cdninstagram.com\\\/v\\\/t51.75761-15\\\/510464613_18154691353374712_715104552839960455_n.jpg?stp=dst-jpg_e35_tt6&amp;_nc_cat=100&amp;ccb=7-5&amp;_nc_sid=18de74&amp;efg=eyJlZmdfdGFnIjoiQ0FST1VTRUxfSVRFTS5iZXN0X2ltYWdlX3VybGdlbi5DMyJ9&amp;_nc_ohc=WCKYgom5obsQ7kNvwH8kbvr&amp;_nc_oc=AdqkhZDjLnPjFJs0J2ZmG2LAEcfTQxujPRxqpOWYAj0vQdsmNVZUbhBC27bW3j3F2YA&amp;_nc_zt=23&amp;_nc_ht=scontent.cdninstagram.com&amp;edm=ANo9K5cEAAAA&amp;_nc_gid=yEIrw9H9kF4Ze-Z7qqOH7g&amp;_nc_tpa=Q5bMBQHsVLG2nVe_pcJ1yGr68KHtM9X2tdPZXB0m2_vCC8FjcBgK6YMbFaNH980sTigAj9bnVaL_mF-gNA&amp;oh=00_Af2qPSGcKxfgRWPjbEg-Tv4x362oW7inZueuGmNr8G0ulQ&amp;oe=69F91AD2&quot;,&quot;640&quot;:&quot;https:\\\/\\\/scontent.cdninstagram.com\\\/v\\\/t51.75761-15\\\/510464613_18154691353374712_715104552839960455_n.jpg?stp=dst-jpg_e35_tt6&amp;_nc_cat=100&amp;ccb=7-5&amp;_nc_sid=18de74&amp;efg=eyJlZmdfdGFnIjoiQ0FST1VTRUxfSVRFTS5iZXN0X2ltYWdlX3VybGdlbi5DMyJ9&amp;_nc_ohc=WCKYgom5obsQ7kNvwH8kbvr&amp;_nc_oc=AdqkhZDjLnPjFJs0J2ZmG2LAEcfTQxujPRxqpOWYAj0vQdsmNVZUbhBC27bW3j3F2YA&amp;_nc_zt=23&amp;_nc_ht=scontent.cdninstagram.com&amp;edm=ANo9K5cEAAAA&amp;_nc_gid=yEIrw9H9kF4Ze-Z7qqOH7g&amp;_nc_tpa=Q5bMBQHsVLG2nVe_pcJ1yGr68KHtM9X2tdPZXB0m2_vCC8FjcBgK6YMbFaNH980sTigAj9bnVaL_mF-gNA&amp;oh=00_Af2qPSGcKxfgRWPjbEg-Tv4x362oW7inZueuGmNr8G0ulQ&amp;oe=69F91AD2&quot;}\">\n\t\t\t<span class=\"sbi-screenreader\">WordPress Gutenberg oder Pagebuilder \u2013 Was ist die<\/span>\n\t\t\t<svg class=\"svg-inline--fa fa-clone fa-w-16 sbi_lightbox_carousel_icon\" aria-hidden=\"true\" aria-label=\"Clone\" data-fa-pro\u0192cessed=\"\" data-prefix=\"far\" data-icon=\"clone\" role=\"img\" xmlns=\"http:\/\/www.w3.org\/2000\/svg\" viewBox=\"0 0 512 512\">\n                    <path fill=\"currentColor\" d=\"M464 0H144c-26.51 0-48 21.49-48 48v48H48c-26.51 0-48 21.49-48 48v320c0 26.51 21.49 48 48 48h320c26.51 0 48-21.49 48-48v-48h48c26.51 0 48-21.49 48-48V48c0-26.51-21.49-48-48-48zM362 464H54a6 6 0 0 1-6-6V150a6 6 0 0 1 6-6h42v224c0 26.51 21.49 48 48 48h224v42a6 6 0 0 1-6 6zm96-96H150a6 6 0 0 1-6-6V54a6 6 0 0 1 6-6h308a6 6 0 0 1 6 6v308a6 6 0 0 1-6 6z\"><\/path>\n                <\/svg>\t\t\t\t\t\t<img decoding=\"async\" src=\"https:\/\/visual4.de\/wp-content\/plugins\/instagram-feed\/img\/placeholder.png\" alt=\"WordPress Gutenberg oder Pagebuilder \u2013 Was ist die bessere Wahl f\u00fcr Ihre Website? \n\nPagebuilder \u00fcberzeugen auf den ersten Blick: Schnell ein paar Elemente zusammenklicken und am Ende sieht alles schick aus \u2013 der Reiz des Baukastens. Doch wie geht es weiter, bei professionellen Anspr\u00fcchen an die Website? \n\nWas ist die nachhaltig bessere Wahl? Wir vergleichen, worauf was es wirklich ankommt: \n\n\u2714\ufe0fSichtbarkeit in Suchmaschinen \n\u2714\ufe0fLadegeschwindigkeit \n\u2714\ufe0fBedienfreundlichkeit\n\u2714\ufe0fFlexibilit\u00e4t bei Design-, Farb- oder Sprach\u00e4nderungen \n\u2714\ufe0f Barrierefreiheit \n\u2714\ufe0f Integrationsm\u00f6glichkeiten \n\u2714\ufe0f Wartungsaufwand \n\u2714\ufe0f Langfristige Kosten \n\u2714\ufe0f (Zukunfts-)Sicherheit \n\n\ud83d\udc49 Erfahren Sie, worin sich der WordPress Block-Editor und klassische Pagebuilder unterscheiden \u2013 und welche L\u00f6sung wir empfehlen: \n\ud83d\udd17 https:\/\/visual4.de\/gutenberg-vs-pagebuilder\/\" aria-hidden=\"true\">\n\t\t<\/a>\n\t<\/div>\n<\/div><div class=\"sbi_item sbi_type_carousel sbi_new sbi_transition\"\n\tid=\"sbi_18154227334333485\" data-date=\"1749129653\">\n\t<div class=\"sbi_photo_wrap\">\n\t\t<a class=\"sbi_photo\" href=\"https:\/\/www.instagram.com\/p\/DKhUStkiSDw\/\" target=\"_blank\" rel=\"noopener nofollow\"\n\t\t\tdata-full-res=\"https:\/\/scontent.cdninstagram.com\/v\/t51.75761-15\/503104129_18152898868374712_8509825727884694700_n.jpg?stp=dst-jpg_e35_tt6&#038;_nc_cat=111&#038;ccb=7-5&#038;_nc_sid=18de74&#038;efg=eyJlZmdfdGFnIjoiQ0FST1VTRUxfSVRFTS5iZXN0X2ltYWdlX3VybGdlbi5DMyJ9&#038;_nc_ohc=-eaOoRCOmQIQ7kNvwHFy3zV&#038;_nc_oc=AdoSGZIoX9XCDa14JzAkjL4RRtFY415Jb46-jRNJRejCchV7BOJ5AM81BOAf3xq_-AE&#038;_nc_zt=23&#038;_nc_ht=scontent.cdninstagram.com&#038;edm=ANo9K5cEAAAA&#038;_nc_gid=yEIrw9H9kF4Ze-Z7qqOH7g&#038;_nc_tpa=Q5bMBQGQ_LOeedIFWvRKuIAv_JGJqZWDGNig7YeQksR6fQiS09fOiiaSqGOISNw0I9nMTGXCQsG2QivLRA&#038;oh=00_Af2nwEvajLa8IkYGDdRHUrh4yueIi45bNS52h1E_nzK-Ag&#038;oe=69F92C42\"\n\t\t\tdata-img-src-set=\"{&quot;d&quot;:&quot;https:\\\/\\\/scontent.cdninstagram.com\\\/v\\\/t51.75761-15\\\/503104129_18152898868374712_8509825727884694700_n.jpg?stp=dst-jpg_e35_tt6&amp;_nc_cat=111&amp;ccb=7-5&amp;_nc_sid=18de74&amp;efg=eyJlZmdfdGFnIjoiQ0FST1VTRUxfSVRFTS5iZXN0X2ltYWdlX3VybGdlbi5DMyJ9&amp;_nc_ohc=-eaOoRCOmQIQ7kNvwHFy3zV&amp;_nc_oc=AdoSGZIoX9XCDa14JzAkjL4RRtFY415Jb46-jRNJRejCchV7BOJ5AM81BOAf3xq_-AE&amp;_nc_zt=23&amp;_nc_ht=scontent.cdninstagram.com&amp;edm=ANo9K5cEAAAA&amp;_nc_gid=yEIrw9H9kF4Ze-Z7qqOH7g&amp;_nc_tpa=Q5bMBQGQ_LOeedIFWvRKuIAv_JGJqZWDGNig7YeQksR6fQiS09fOiiaSqGOISNw0I9nMTGXCQsG2QivLRA&amp;oh=00_Af2nwEvajLa8IkYGDdRHUrh4yueIi45bNS52h1E_nzK-Ag&amp;oe=69F92C42&quot;,&quot;150&quot;:&quot;https:\\\/\\\/scontent.cdninstagram.com\\\/v\\\/t51.75761-15\\\/503104129_18152898868374712_8509825727884694700_n.jpg?stp=dst-jpg_e35_tt6&amp;_nc_cat=111&amp;ccb=7-5&amp;_nc_sid=18de74&amp;efg=eyJlZmdfdGFnIjoiQ0FST1VTRUxfSVRFTS5iZXN0X2ltYWdlX3VybGdlbi5DMyJ9&amp;_nc_ohc=-eaOoRCOmQIQ7kNvwHFy3zV&amp;_nc_oc=AdoSGZIoX9XCDa14JzAkjL4RRtFY415Jb46-jRNJRejCchV7BOJ5AM81BOAf3xq_-AE&amp;_nc_zt=23&amp;_nc_ht=scontent.cdninstagram.com&amp;edm=ANo9K5cEAAAA&amp;_nc_gid=yEIrw9H9kF4Ze-Z7qqOH7g&amp;_nc_tpa=Q5bMBQGQ_LOeedIFWvRKuIAv_JGJqZWDGNig7YeQksR6fQiS09fOiiaSqGOISNw0I9nMTGXCQsG2QivLRA&amp;oh=00_Af2nwEvajLa8IkYGDdRHUrh4yueIi45bNS52h1E_nzK-Ag&amp;oe=69F92C42&quot;,&quot;320&quot;:&quot;https:\\\/\\\/scontent.cdninstagram.com\\\/v\\\/t51.75761-15\\\/503104129_18152898868374712_8509825727884694700_n.jpg?stp=dst-jpg_e35_tt6&amp;_nc_cat=111&amp;ccb=7-5&amp;_nc_sid=18de74&amp;efg=eyJlZmdfdGFnIjoiQ0FST1VTRUxfSVRFTS5iZXN0X2ltYWdlX3VybGdlbi5DMyJ9&amp;_nc_ohc=-eaOoRCOmQIQ7kNvwHFy3zV&amp;_nc_oc=AdoSGZIoX9XCDa14JzAkjL4RRtFY415Jb46-jRNJRejCchV7BOJ5AM81BOAf3xq_-AE&amp;_nc_zt=23&amp;_nc_ht=scontent.cdninstagram.com&amp;edm=ANo9K5cEAAAA&amp;_nc_gid=yEIrw9H9kF4Ze-Z7qqOH7g&amp;_nc_tpa=Q5bMBQGQ_LOeedIFWvRKuIAv_JGJqZWDGNig7YeQksR6fQiS09fOiiaSqGOISNw0I9nMTGXCQsG2QivLRA&amp;oh=00_Af2nwEvajLa8IkYGDdRHUrh4yueIi45bNS52h1E_nzK-Ag&amp;oe=69F92C42&quot;,&quot;640&quot;:&quot;https:\\\/\\\/scontent.cdninstagram.com\\\/v\\\/t51.75761-15\\\/503104129_18152898868374712_8509825727884694700_n.jpg?stp=dst-jpg_e35_tt6&amp;_nc_cat=111&amp;ccb=7-5&amp;_nc_sid=18de74&amp;efg=eyJlZmdfdGFnIjoiQ0FST1VTRUxfSVRFTS5iZXN0X2ltYWdlX3VybGdlbi5DMyJ9&amp;_nc_ohc=-eaOoRCOmQIQ7kNvwHFy3zV&amp;_nc_oc=AdoSGZIoX9XCDa14JzAkjL4RRtFY415Jb46-jRNJRejCchV7BOJ5AM81BOAf3xq_-AE&amp;_nc_zt=23&amp;_nc_ht=scontent.cdninstagram.com&amp;edm=ANo9K5cEAAAA&amp;_nc_gid=yEIrw9H9kF4Ze-Z7qqOH7g&amp;_nc_tpa=Q5bMBQGQ_LOeedIFWvRKuIAv_JGJqZWDGNig7YeQksR6fQiS09fOiiaSqGOISNw0I9nMTGXCQsG2QivLRA&amp;oh=00_Af2nwEvajLa8IkYGDdRHUrh4yueIi45bNS52h1E_nzK-Ag&amp;oe=69F92C42&quot;}\">\n\t\t\t<span class=\"sbi-screenreader\">Tierisch gut: der neue Webauftritt von KPW mit Cha<\/span>\n\t\t\t<svg class=\"svg-inline--fa fa-clone fa-w-16 sbi_lightbox_carousel_icon\" aria-hidden=\"true\" aria-label=\"Clone\" data-fa-pro\u0192cessed=\"\" data-prefix=\"far\" data-icon=\"clone\" role=\"img\" xmlns=\"http:\/\/www.w3.org\/2000\/svg\" viewBox=\"0 0 512 512\">\n                    <path fill=\"currentColor\" d=\"M464 0H144c-26.51 0-48 21.49-48 48v48H48c-26.51 0-48 21.49-48 48v320c0 26.51 21.49 48 48 48h320c26.51 0 48-21.49 48-48v-48h48c26.51 0 48-21.49 48-48V48c0-26.51-21.49-48-48-48zM362 464H54a6 6 0 0 1-6-6V150a6 6 0 0 1 6-6h42v224c0 26.51 21.49 48 48 48h224v42a6 6 0 0 1-6 6zm96-96H150a6 6 0 0 1-6-6V54a6 6 0 0 1 6-6h308a6 6 0 0 1 6 6v308a6 6 0 0 1-6 6z\"><\/path>\n                <\/svg>\t\t\t\t\t\t<img decoding=\"async\" src=\"https:\/\/visual4.de\/wp-content\/plugins\/instagram-feed\/img\/placeholder.png\" alt=\"Tierisch gut: der neue Webauftritt von KPW mit Charakter \ud83d\udc35\ud83d\udcbc \n\nMit frischem Design, klarer Struktur und tierischen Charakteren: Die neue Website der Kanzlei KPW PartmbB ist live \u2013 und sie hebt sich ganz bewusst von der Konkurrenz ab. \n\nWir arbeiten schon viele Jahre mit dem Team von KPW zusammen \u2013 die ideale Basis f\u00fcr einen Relaunch wie diesen: modern, farbenfroh und intuitiv. \n\nWas wir umgesetzt haben \n\n\u2705 bunte, klickfreundliche Kacheln geben strukturierten \u00dcberblick \u00fcber Rechtsgebiete und Themenbereiche \n\n\u2705 gezielter Einsatz von KI verleiht jeder Rubrik einen eigenen Tier-Charakter \n\n\u2705 Mehrsprachigkeit spricht internationale Mandantschaft an \n\n\u2705 Responsives Design erm\u00f6glicht benutzerfreundliche Darstellung auf allen Endger\u00e4ten \n\n\u2705 Inhalte sind f\u00fcr das Kanzlei-Team schnell und einfach aktualisierbar \n\nSo entstand nicht nur ein starker neuer Look, sondern auch eine klare, zug\u00e4ngliche Informationsarchitektur, die Orientierung schafft \u2013 und die Kanzlei visuell deutlich von ihrer Konkurrenz abgrenzt. \n\n\ud83d\udc49 Hier geht\u2019s zur neuen Website: https:\/\/kpw.law \n\n \n #Webdesign #Relaunch #DesignmitCharakter #digitalagenturstuttgart\" aria-hidden=\"true\">\n\t\t<\/a>\n\t<\/div>\n<\/div>\t<\/div>\n\n\t<div id=\"sbi_load\" >\n\n\t\n\t\n<\/div>\n\t\t<span class=\"sbi_resized_image_data\" data-feed-id=\"*1\"\n\t\t  data-resized=\"{&quot;18154227334333485&quot;:{&quot;id&quot;:&quot;503104129_18152898868374712_8509825727884694700_n&quot;,&quot;ratio&quot;:&quot;0.80&quot;,&quot;sizes&quot;:{&quot;full&quot;:640,&quot;low&quot;:320,&quot;thumb&quot;:150},&quot;extension&quot;:&quot;.webp&quot;},&quot;18103959274540610&quot;:{&quot;id&quot;:&quot;510464613_18154691353374712_715104552839960455_n&quot;,&quot;ratio&quot;:&quot;0.80&quot;,&quot;sizes&quot;:{&quot;full&quot;:640,&quot;low&quot;:320,&quot;thumb&quot;:150},&quot;extension&quot;:&quot;.webp&quot;},&quot;18391294168124867&quot;:{&quot;id&quot;:&quot;557554831_18164792941374712_633714113547250473_n&quot;,&quot;ratio&quot;:&quot;0.80&quot;,&quot;sizes&quot;:{&quot;full&quot;:640,&quot;low&quot;:320,&quot;thumb&quot;:150},&quot;extension&quot;:&quot;.webp&quot;},&quot;18091212361921124&quot;:{&quot;id&quot;:&quot;580844592_18170350921374712_7590892233299658308_n&quot;,&quot;ratio&quot;:&quot;0.80&quot;,&quot;sizes&quot;:{&quot;full&quot;:640,&quot;low&quot;:320,&quot;thumb&quot;:150},&quot;extension&quot;:&quot;.webp&quot;},&quot;17914989951086147&quot;:{&quot;id&quot;:&quot;580085528_18170432245374712_1039544125517531420_n&quot;,&quot;ratio&quot;:&quot;0.56&quot;,&quot;sizes&quot;:{&quot;full&quot;:640,&quot;low&quot;:320,&quot;thumb&quot;:150},&quot;extension&quot;:&quot;.webp&quot;},&quot;18084833030483005&quot;:{&quot;id&quot;:&quot;582704239_18171010660374712_6282111268059446945_n&quot;,&quot;ratio&quot;:&quot;0.80&quot;,&quot;sizes&quot;:{&quot;full&quot;:640,&quot;low&quot;:320,&quot;thumb&quot;:150},&quot;extension&quot;:&quot;.webp&quot;},&quot;18089243845950200&quot;:{&quot;id&quot;:&quot;603916277_1524934938734138_7626540996405594770_n&quot;,&quot;ratio&quot;:&quot;0.56&quot;,&quot;sizes&quot;:{&quot;full&quot;:640,&quot;low&quot;:320,&quot;thumb&quot;:150},&quot;extension&quot;:&quot;.webp&quot;},&quot;18071552684122132&quot;:{&quot;id&quot;:&quot;617342107_18176302450374712_158648659275559465_n&quot;,&quot;ratio&quot;:&quot;0.80&quot;,&quot;sizes&quot;:{&quot;full&quot;:640,&quot;low&quot;:320,&quot;thumb&quot;:150},&quot;extension&quot;:&quot;.webp&quot;},&quot;17910996543292394&quot;:{&quot;id&quot;:&quot;619077715_18176698366374712_2216243755502513488_n&quot;,&quot;ratio&quot;:&quot;0.56&quot;,&quot;sizes&quot;:{&quot;full&quot;:640,&quot;low&quot;:320,&quot;thumb&quot;:150},&quot;extension&quot;:&quot;.webp&quot;},&quot;18113965609654442&quot;:{&quot;id&quot;:&quot;639855625_18180280321374712_78084644544774237_n&quot;,&quot;ratio&quot;:&quot;0.80&quot;,&quot;sizes&quot;:{&quot;full&quot;:640,&quot;low&quot;:320,&quot;thumb&quot;:150},&quot;extension&quot;:&quot;.webp&quot;},&quot;18054785771438307&quot;:{&quot;id&quot;:&quot;642819994_18180579790374712_5048366240071264630_n&quot;,&quot;ratio&quot;:&quot;0.80&quot;,&quot;sizes&quot;:{&quot;full&quot;:640,&quot;low&quot;:320,&quot;thumb&quot;:150},&quot;extension&quot;:&quot;.webp&quot;},&quot;18140378536491099&quot;:{&quot;id&quot;:&quot;649077459_18181752253374712_3978475947939639666_n&quot;,&quot;ratio&quot;:&quot;0.80&quot;,&quot;sizes&quot;:{&quot;full&quot;:640,&quot;low&quot;:320,&quot;thumb&quot;:150},&quot;extension&quot;:&quot;.webp&quot;}}\">\n\t<\/span>\n\t<\/div>\n\n<\/div>\n<\/div>\n\n\n\n<div class=\"wp-block-group alignfull is-style-background-angle-right has-global-padding is-layout-constrained wp-block-group-is-layout-constrained\">\n<div class=\"wp-block-columns alignwide is-layout-flex wp-container-core-columns-is-layout-28f84493 wp-block-columns-is-layout-flex\">\n<div class=\"wp-block-column is-layout-flow wp-block-column-is-layout-flow\">\n<h2 class=\"wp-block-heading has-text-align-left\">Die Agentur in Zahlen<\/h2>\n<\/div>\n\n\n\n<div class=\"wp-block-column is-layout-flow wp-block-column-is-layout-flow\"><\/div>\n<\/div>\n\n\n\r\n<div id=\"counter-block_71ee7070b2d5da82bf4d50cbc832b26a\" class=\"wp-block-visual4-counter v4-block-counter big\">\r\n    <div class=\"v4-block-counter-wrap\">\r\n                    <div class=\"v4-block-counter-section\">\r\n                <div class=\"v4-block-counter-number is-style-gradient\">\r\n                    <p class=\"\">20<\/p>                 <\/div>\r\n                <div class=\"v4-block-counter-text\">\r\n                    kluge K\u00f6pfe                <\/div>\r\n            <\/div>\r\n                    <div class=\"v4-block-counter-section\">\r\n                <div class=\"v4-block-counter-number is-style-gradient\">\r\n                    ><p class=\"\">25<\/p>                 <\/div>\r\n                <div class=\"v4-block-counter-text\">\r\n                    Jahre Erfahrung                <\/div>\r\n            <\/div>\r\n                    <div class=\"v4-block-counter-section\">\r\n                <div class=\"v4-block-counter-number is-style-gradient\">\r\n                    <p class=\"\">100<\/p> %                <\/div>\r\n                <div class=\"v4-block-counter-text\">\r\n                    Engagement                <\/div>\r\n            <\/div>\r\n            <\/div>\r\n\r\n\r\n<\/div>\r\n<\/div>\n\n\n\n<div class=\"wp-block-group alignfull is-style-background-angle-left has-global-padding is-layout-constrained wp-block-group-is-layout-constrained\">\n<div class=\"wp-block-columns alignwide is-layout-flex wp-container-core-columns-is-layout-28f84493 wp-block-columns-is-layout-flex\">\n<div class=\"wp-block-column is-layout-flow wp-block-column-is-layout-flow\" style=\"flex-basis:50%\">\n<div class=\"wp-block-group has-global-padding is-layout-constrained wp-block-group-is-layout-constrained\">\r\n<div id=\"seoheading-block_92b144e6e23b02b12774aa7c6afaef7a\" class=\"wp-block-visual4-seoheading SEOHeading\">\r\n    \n\n<h2 class=\"wp-block-heading SEOHeading-heading\">Agenturleben <\/h2>\n\n\n\n<p class=\"SEOHeading-fauxHeading\">Blick hinter die Kulisse<\/p>\n\n\r\n<\/div>\r\n<\/div>\n<\/div>\n\n\n\n<div class=\"wp-block-column is-layout-flow wp-block-column-is-layout-flow\" style=\"flex-basis:50%\"><\/div>\n<\/div>\n\n\n\n<div class=\"wp-block-columns alignwide is-layout-flex wp-container-core-columns-is-layout-28f84493 wp-block-columns-is-layout-flex\">\n<div class=\"wp-block-column is-layout-flow wp-block-column-is-layout-flow\"><\/div>\n\n\n\n<div class=\"wp-block-column is-layout-flow wp-block-column-is-layout-flow\">\n<p>Wir haben ne Insel in Schweden! Mit Hot Tub und Hugo. Denn wer hart arbeitet, der kann sich auch mal was g\u00f6nnen. Unsere Team Events bieten immer wieder neuen Spiel und Spa\u00df, um neue Perspektiven zu gewinnen, sich auszutauschen und gemeinsam einfach nur Mensch sein zu k\u00f6nnen.<\/p>\n<\/div>\n<\/div>\n\n\n\r\n\r\n<div id=\"selected-posts-block_6388143c4530e67678b68a80ce2fa502\" class=\"wp-block-visual4-selected-posts v4-selected-posts alignwide \">\r\n\r\n                <div class=\"v4-selected-posts-item post-type-posts\">\r\n                <a href=\"https:\/\/visual4.de\/digitalagentur\/einmal-schweden-und-zurueck\/\"><div class=\"v4-selected-posts-image\" style=\"background-image:url('https:\/\/visual4.de\/wp-content\/uploads\/teamevent-2022-schweden.png')\"><\/div><\/a>\r\n                <div class=\"v4-selected-posts-content\">\r\n            <span class=\"v4-selected-posts-categories\">\r\n                                    <a href=\"https:\/\/visual4.de\/digitalagentur\/\">Digitalagentur<\/a>\r\n                            <\/span>\r\n\r\n                    <h4><a href=\"https:\/\/visual4.de\/digitalagentur\/einmal-schweden-und-zurueck\/\">Einmal Schweden und zur\u00fcck<\/a><\/h4>\r\n                    <div>\r\n<!--                        <p> --><!-- <\/p>-->\r\n                        <div class=\"v4-selected-posts-excerpt\"> 2 Jahre Durststrecke. Endlich ging es los zu unserem j\u00e4hrlichen Kick-Off-Event. Das diesj\u00e4hrige Highlight: Wir fahren alle nach Schweden! Lang ersehnt und geplant, stie\u00dfen wir&#8230; <\/div>\r\n                        <div class=\"wp-block-buttons is-layout-flex wp-block-buttons-is-layout-flex\">\r\n                            <div class=\"wp-block-button is-style-outline\">\r\n                                <a class=\"wp-block-button__link\" href=\"https:\/\/visual4.de\/digitalagentur\/einmal-schweden-und-zurueck\/\">Team-Event 2022<\/a>\r\n                            <\/div>\r\n                        <\/div>\r\n                    <\/div>\r\n                <\/div>\r\n            <\/div>\r\n                    <div class=\"v4-selected-posts-item post-type-posts\">\r\n                <a href=\"https:\/\/visual4.de\/digitalagentur\/team-event-2021-flossbauen\/\"><div class=\"v4-selected-posts-image\" style=\"background-image:url('https:\/\/visual4.de\/wp-content\/uploads\/team-event-2021-flossbauen.png')\"><\/div><\/a>\r\n                <div class=\"v4-selected-posts-content\">\r\n            <span class=\"v4-selected-posts-categories\">\r\n                                    <a href=\"https:\/\/visual4.de\/digitalagentur\/\">Digitalagentur<\/a>\r\n                            <\/span>\r\n\r\n                    <h4><a href=\"https:\/\/visual4.de\/digitalagentur\/team-event-2021-flossbauen\/\">Einfach mal treiben lassen<\/a><\/h4>\r\n                    <div>\r\n<!--                        <p> --><!-- <\/p>-->\r\n                        <div class=\"v4-selected-posts-excerpt\"> Treiben lie\u00dfen wir uns bei dem diesj\u00e4hrigen visual4-Teamevent von unseren selbstgebauten Fl\u00f6\u00dfen auf der Schwarzenbach-Talsperre im Schwarzwald.&nbsp;Geplant war neben dem Flo\u00dfbau, eine gem\u00fctliche Pause mit&#8230; <\/div>\r\n                        <div class=\"wp-block-buttons is-layout-flex wp-block-buttons-is-layout-flex\">\r\n                            <div class=\"wp-block-button is-style-outline\">\r\n                                <a class=\"wp-block-button__link\" href=\"https:\/\/visual4.de\/digitalagentur\/team-event-2021-flossbauen\/\">Team-Event 2021<\/a>\r\n                            <\/div>\r\n                        <\/div>\r\n                    <\/div>\r\n                <\/div>\r\n            <\/div>\r\n                    <div class=\"v4-selected-posts-item post-type-posts\">\r\n                <a href=\"https:\/\/visual4.de\/digitalagentur\/team-event-2019-schwarzwaldidylle\/\"><div class=\"v4-selected-posts-image\" style=\"background-image:url('https:\/\/visual4.de\/wp-content\/uploads\/team-event-2019-schwarzwaldidylle.png')\"><\/div><\/a>\r\n                <div class=\"v4-selected-posts-content\">\r\n            <span class=\"v4-selected-posts-categories\">\r\n                                    <a href=\"https:\/\/visual4.de\/digitalagentur\/\">Digitalagentur<\/a>\r\n                            <\/span>\r\n\r\n                    <h4><a href=\"https:\/\/visual4.de\/digitalagentur\/team-event-2019-schwarzwaldidylle\/\">Beast Mode im Schwarzwald<\/a><\/h4>\r\n                    <div>\r\n<!--                        <p> --><!-- <\/p>-->\r\n                        <div class=\"v4-selected-posts-excerpt\"> Schreie in der Distanz erf\u00fcllen die stille Idylle des Schwarzwaldes, als das visual4-Team, einer nach dem anderen, den staubigen Abhang in kleinen Gef\u00e4hrten runterrollt. Mountaincarts&#8230; <\/div>\r\n                        <div class=\"wp-block-buttons is-layout-flex wp-block-buttons-is-layout-flex\">\r\n                            <div class=\"wp-block-button is-style-outline\">\r\n                                <a class=\"wp-block-button__link\" href=\"https:\/\/visual4.de\/digitalagentur\/team-event-2019-schwarzwaldidylle\/\">Team-Event 2019<\/a>\r\n                            <\/div>\r\n                        <\/div>\r\n                    <\/div>\r\n                <\/div>\r\n            <\/div>\r\n        \r\n<\/div>\r\n\r\n<\/div>\n\n\n\n<div class=\"wp-block-group alignwide is-style-default has-global-padding is-layout-constrained wp-block-group-is-layout-constrained\">\r\n<div id=\"accordion-block_827aa2872732f5d648f3bdcaef314452\" class=\"wp-block-visual4-accordion v4-accordion\">\r\n    <div class=\"wp-block-visual4-accordion-inner is-closed\">\n\n<h3 class=\"wp-block-heading wp-block-visual4-accordion-title v4-accordion-title\">Was ist eine Digitalagentur?<\/h3>\n\n\n\n<div class=\"wp-block-group wp-block-visual4-accordion-content v4-accordion-content is-layout-flow wp-block-group-is-layout-flow\">\n<p>Der Begriff Digitalagentur kommt urspr\u00fcnglich aus der Marketing-Branche: Werbeagenturen, die nicht nur auf Print-Werbung setzten, sondern sich auf die neuen digitalen Trends spezialisierten, nannten wir Digitalagentur.<\/p>\n\n\n\n<p>Heute verstehen sich nicht nur manche Werbeagenturen als Digitalagenturen, sondern auch Internet- und Webagenturen. Denn <a href=\"https:\/\/visual4.de\/digital-marketing\/\">Marketing<\/a> und Technik wachsen immer mehr zusammen. Werbeagenturen, die sich heute noch behaupten, haben erkannt, dass sie ihr Angebot um die digitale Technik wie Webanwendungen und Websites erweitern m\u00fcssen. Erfolgreiche Internet- und Webagenturen haben im gleichen Zuge erkannt, dass ihre Kunden und Kundinnen auch in Bezug auf Markenf\u00fchrung und Markenstrategie Beratung und Unterst\u00fctzung brauchen.<\/p>\n\n\n\n<p>Digitalagenturen nach dem heutigen Verst\u00e4ndnis sind also Agenturen, die zwar immer noch einen Schwerpunkt belegen \u2013 entweder im Bereich Marketing oder im Bereich Web- und Software-Entwicklung \u2013, sich aber Wissen aus dem jeweils anderen Bereich angeeignet haben.<\/p>\n\n\n\n<p><strong>Digitalagenturen vereinen Know-How aus allen Bereichen, die f\u00fcr den digitalen Unternehmenserfolg wichtig sind:<\/strong><\/p>\n\n\n\n<ul class=\"wp-block-list\">\n<li>Digitale Markenstrategie<\/li>\n\n\n\n<li>Digitale Marketing- und Vertriebskan\u00e4le<\/li>\n\n\n\n<li><a href=\"https:\/\/visual4.de\/webdesign-agentur\/\">Webdesign <\/a>und User Experience<\/li>\n\n\n\n<li>Entwicklung von Websites und Webanwendungen<\/li>\n\n\n\n<li>Prozessoptimierung durch digitale Technologien<\/li>\n<\/ul>\n<\/div>\n\n<\/div>\r\n<\/div>\n\n\r\n<div id=\"accordion-block_827aa2872732f5d648f3bdcaef314452\" class=\"wp-block-visual4-accordion v4-accordion\">\r\n    <div class=\"wp-block-visual4-accordion-inner is-closed\">\n\n<h3 class=\"wp-block-heading wp-block-visual4-accordion-title v4-accordion-title\">Wobei unterst\u00fctzt die Stuttgarter Digitalagentur visual4?<\/h3>\n\n\n\n<div class=\"wp-block-group wp-block-visual4-accordion-content v4-accordion-content is-layout-flow wp-block-group-is-layout-flow\">\n<p>Die Stuttgarter Digitalagentur visual4 verfolgt einen ganzheitlichen Ansatz: <strong>Marketing, Webdesign und Technische Umsetzung b\u00fcndeln wir in einem Team.<\/strong><\/p>\n\n\n\n<p>Unser Fokus liegt auf dem Design und die Entwicklung von vernetzten Marketing- und Vertriebsl\u00f6sungen, unterst\u00fctzen aber auch mit <strong>Einzell\u00f6sungen<\/strong> wie das <a href=\"https:\/\/visual4.de\/webdesign-agentur\/\">Webdesign<\/a> und die Umsetzung einer neuen Website oder die Einf\u00fchrung eines CRM-Systems.<\/p>\n\n\n\n<p>Im Zuge der Digitalisierung ist es jedoch vielen Unternehmen wichtig, Datensilos aufzul\u00f6sen und die Anzahl an eingesetzter Software zu verringern. Daher haben wir auch viele Projekte, in denen wir Prozesse in einer Software zusammenf\u00fchren und erforderliche weitere Software-Systeme an das Hauptsystem anbinden. Mithilfe von Schnittstellen unterst\u00fctzten wir dabei, Daten zu <strong>synchronisieren, <\/strong>und k\u00f6nnen so Systeme wie Website, Online-Shop und CRM (<a href=\"https:\/\/visual4.de\/kundenverwaltung-crm\/\">Kundenverwaltung<\/a>) sinnvoll miteinander arbeiten lassen.<\/p>\n\n\n\n<p>Auf diese Weise entstanden <strong>umfassende Standardl\u00f6sungen<\/strong>, die wir an die Anforderungen der jeweiligen Kundinnen und Kunden anpassen, z. B. eine L\u00f6sung f\u00fcr die Mitgliederverwaltung von Vereinen und Verb\u00e4nden, eine L\u00f6sung f\u00fcr das <a href=\"https:\/\/visual4.de\/veranstaltungssoftware\/\">Veranstaltungsmanagement von Seminar- und Kongressanbietern<\/a>, oder <a href=\"https:\/\/visual4.de\/branchen\/digitalisierung-hochschule\/\">digitale Marketing- und Netzwerk-L\u00f6sungen f\u00fcr Hochschulen<\/a>.<\/p>\n<\/div>\n\n<\/div>\r\n<\/div>\n\n\r\n<div id=\"accordion-block_827aa2872732f5d648f3bdcaef314452\" class=\"wp-block-visual4-accordion v4-accordion\">\r\n    <div class=\"wp-block-visual4-accordion-inner is-closed\">\n\n<h3 class=\"wp-block-heading wp-block-visual4-accordion-title v4-accordion-title\">Was macht eine Digitalagentur?<\/h3>\n\n\n\n<div class=\"wp-block-group wp-block-visual4-accordion-content v4-accordion-content is-layout-flow wp-block-group-is-layout-flow\">\n<p>Digitalagenturen bieten mittlerweile eine gro\u00dfe Vielfalt an Leistungen an. Von der Marketing-Strategie bis zur Entwicklung von Websites, Apps und Softwareanwendungen. Das genaue Leistungsangebot einer Digitalagentur h\u00e4ngt von der Gr\u00f6\u00dfe und Ausrichtung der Agentur ab. Gute Digitalagenturen k\u00f6nnen Unternehmen jedoch in jedem Fall zu den Themen Webdesign und User Experience, Digital-Marketing, IT-Sicherheit und Technik sowie Optimierung der Unternehmensabl\u00e4ufe durch die eingesetzte digitale Technik beraten.<\/p>\n\n\n\n<p><strong>L\u00f6sungen von Digitalagenturen k\u00f6nnen sein:<\/strong><\/p>\n\n\n\n<ul class=\"wp-block-list\">\n<li>Marketing-Strategie<\/li>\n\n\n\n<li>Social-Media-Marketing<\/li>\n\n\n\n<li>Content-Marketing<\/li>\n\n\n\n<li><a href=\"https:\/\/visual4.de\/webdesign-agentur\/\">Webdesign<\/a><\/li>\n\n\n\n<li><a href=\"https:\/\/visual4.de\/website-relaunch\/\">Website <\/a>und <a href=\"https:\/\/visual4.de\/webshop\/\">Online-Shops<\/a><\/li>\n\n\n\n<li>Apps<\/li>\n\n\n\n<li>Webentwicklung<\/li>\n\n\n\n<li>Schnittstellenentwicklung<\/li>\n<\/ul>\n<\/div>\n\n<\/div>\r\n<\/div><\/div>\n\n\n\n<div class=\"wp-block-group alignfull is-style-background-angle-left has-global-padding is-layout-constrained wp-block-group-is-layout-constrained\">\r\n<div id=\"seoheading-block_92b144e6e23b02b12774aa7c6afaef7a\" class=\"wp-block-visual4-seoheading SEOHeading\">\r\n    \n\n<h2 class=\"wp-block-heading has-text-align-center SEOHeading-heading\">Kontakt<\/h2>\n\n\n\n<p class=\"has-text-align-center SEOHeading-fauxHeading\">Lernen Sie uns kennen!<\/p>\n\n\r\n<\/div>\r\n\n\n\n<p class=\"has-text-align-center\">Sie suchen eine Agentur f\u00fcr ein aktuelles Website- oder Digitalprojekt? Gerne beraten wir Sie.<\/p>\n\n\n\n<div style=\"height:var(--wp--preset--spacing--50)\" aria-hidden=\"true\" class=\"wp-block-spacer\"><\/div>\n\n\n\r\n\r\n<div id=\"team-block_d9d264c5428af086d02134f7856bee40\" class=\"wp-block-visual4-team v4-team alignwide  center \">\r\n\r\n    <div class=\"v4-team-grid\">\r\n                    <div class=\"v4-team-item\">\r\n                <div class=\"v4-team-preview\" href=\"#walter-sindlinger\">\r\n                    <div class=\"v4-team-image \">\r\n                        <img loading=\"lazy\" decoding=\"async\" width=\"1600\" height=\"1600\" src=\"https:\/\/visual4.de\/wp-content\/uploads\/Walter-Sindlinger_Geschaeftsfuehrer-1600x1600.webp\" class=\"attachment-large size-large wp-post-image\" alt=\"\" srcset=\"https:\/\/visual4.de\/wp-content\/uploads\/Walter-Sindlinger_Geschaeftsfuehrer-1600x1600.webp 1600w, https:\/\/visual4.de\/wp-content\/uploads\/Walter-Sindlinger_Geschaeftsfuehrer-784x784.webp 784w, https:\/\/visual4.de\/wp-content\/uploads\/Walter-Sindlinger_Geschaeftsfuehrer-384x384.webp 384w, https:\/\/visual4.de\/wp-content\/uploads\/Walter-Sindlinger_Geschaeftsfuehrer-768x768.webp 768w, https:\/\/visual4.de\/wp-content\/uploads\/Walter-Sindlinger_Geschaeftsfuehrer-1536x1536.webp 1536w, https:\/\/visual4.de\/wp-content\/uploads\/Walter-Sindlinger_Geschaeftsfuehrer-2048x2048.webp 2048w, https:\/\/visual4.de\/wp-content\/uploads\/Walter-Sindlinger_Geschaeftsfuehrer-1920x1920.webp 1920w\" sizes=\"auto, (max-width: 1600px) 100vw, 1600px\" \/>                    <\/div>\r\n                    <div class=\"v4-team-text\">\r\n                        <p class=\"v4-team-name\">Walter Sindlinger<\/p>\r\n                        <div class=\"v4-team-function\">\r\n                                                                <p>Digital Architect<\/p>\r\n                                                                    <p>Managing Director<\/p>\r\n                                                        <\/div>\r\n                    <\/div>\r\n                <\/div>\r\n\r\n                <!-- Eventually use HTML5 dialog https:\/\/kulturbanause.de\/blog\/html-dialog-element\/ -->\r\n                <div class=\"v4-team-overlay\" id=\"walter-sindlinger\">\r\n                    <div class=\"v4-team-overlay-left\">\r\n                        <div class=\"v4-team-image is-style-angle-1\">\r\n                            <img loading=\"lazy\" decoding=\"async\" width=\"1600\" height=\"1600\" src=\"https:\/\/visual4.de\/wp-content\/uploads\/Walter-Sindlinger_Geschaeftsfuehrer-1600x1600.webp\" class=\"attachment-large size-large wp-post-image\" alt=\"\" srcset=\"https:\/\/visual4.de\/wp-content\/uploads\/Walter-Sindlinger_Geschaeftsfuehrer-1600x1600.webp 1600w, https:\/\/visual4.de\/wp-content\/uploads\/Walter-Sindlinger_Geschaeftsfuehrer-784x784.webp 784w, https:\/\/visual4.de\/wp-content\/uploads\/Walter-Sindlinger_Geschaeftsfuehrer-384x384.webp 384w, https:\/\/visual4.de\/wp-content\/uploads\/Walter-Sindlinger_Geschaeftsfuehrer-768x768.webp 768w, https:\/\/visual4.de\/wp-content\/uploads\/Walter-Sindlinger_Geschaeftsfuehrer-1536x1536.webp 1536w, https:\/\/visual4.de\/wp-content\/uploads\/Walter-Sindlinger_Geschaeftsfuehrer-2048x2048.webp 2048w, https:\/\/visual4.de\/wp-content\/uploads\/Walter-Sindlinger_Geschaeftsfuehrer-1920x1920.webp 1920w\" sizes=\"auto, (max-width: 1600px) 100vw, 1600px\" \/>                        <\/div>\r\n                    <\/div>\r\n                    <div class=\"v4-team-overlay-right\">\r\n                                                    <blockquote class=\"wp-block-quote\">\r\n                                <p class=\"is-style-gradient\">&#8222;Mir macht es Spa\u00df, erfolgreiche Projekte gemeinsam zu entwickeln.&#8220;<\/p>\r\n                            <\/blockquote>\r\n                                                                            <p class=\"v4-team-overlay-text\"> Digitaler Komponist: Walter legt bei Webprojekten viel Wert auf gutes Webdesign und hohe Usability. Gutes Webdesign ist f\u00fcr ihn jedoch mehr als \u00c4sthetik. Es geht ihm darum, die gestalterischen Elemente mit den Marketingzielen und der Technik perfekt in Einklang zu bringen. Jedes Detail soll zusammenpassen und unsere Kunden wie deren Kunden begeistern.<\/p>\r\n                                                                            <p class=\"v4-team-name\">Walter Sindlinger<\/p>\r\n                                                                            <div class=\"v4-team-function\">\r\n                                                                        <p>Digital Architect<\/p>\r\n                                                                            <p>Managing Director<\/p>\r\n                                                                <\/div>\r\n                                            <\/div>\r\n                    <button class=\"v4-team-overlay-close\"><\/button>\r\n                <\/div>\r\n            <\/div>\r\n                    <div class=\"v4-team-item\">\r\n                <div class=\"v4-team-preview\" href=\"#stefanie-erfurt\">\r\n                    <div class=\"v4-team-image \">\r\n                        <img loading=\"lazy\" decoding=\"async\" width=\"1416\" height=\"1417\" src=\"https:\/\/visual4.de\/wp-content\/uploads\/Stefanie-Erfurt_Digital-Architect.webp\" class=\"attachment-large size-large wp-post-image\" alt=\"\" srcset=\"https:\/\/visual4.de\/wp-content\/uploads\/Stefanie-Erfurt_Digital-Architect.webp 1416w, https:\/\/visual4.de\/wp-content\/uploads\/Stefanie-Erfurt_Digital-Architect-784x784.webp 784w, https:\/\/visual4.de\/wp-content\/uploads\/Stefanie-Erfurt_Digital-Architect-384x384.webp 384w, https:\/\/visual4.de\/wp-content\/uploads\/Stefanie-Erfurt_Digital-Architect-768x769.webp 768w\" sizes=\"auto, (max-width: 1416px) 100vw, 1416px\" \/>                    <\/div>\r\n                    <div class=\"v4-team-text\">\r\n                        <p class=\"v4-team-name\">Stefanie Erfurt<\/p>\r\n                        <div class=\"v4-team-function\">\r\n                                                                <p>Digital Architect<\/p>\r\n                                                        <\/div>\r\n                    <\/div>\r\n                <\/div>\r\n\r\n                <!-- Eventually use HTML5 dialog https:\/\/kulturbanause.de\/blog\/html-dialog-element\/ -->\r\n                <div class=\"v4-team-overlay\" id=\"stefanie-erfurt\">\r\n                    <div class=\"v4-team-overlay-left\">\r\n                        <div class=\"v4-team-image is-style-angle-1\">\r\n                            <img loading=\"lazy\" decoding=\"async\" width=\"1416\" height=\"1417\" src=\"https:\/\/visual4.de\/wp-content\/uploads\/Stefanie-Erfurt_Digital-Architect.webp\" class=\"attachment-large size-large wp-post-image\" alt=\"\" srcset=\"https:\/\/visual4.de\/wp-content\/uploads\/Stefanie-Erfurt_Digital-Architect.webp 1416w, https:\/\/visual4.de\/wp-content\/uploads\/Stefanie-Erfurt_Digital-Architect-784x784.webp 784w, https:\/\/visual4.de\/wp-content\/uploads\/Stefanie-Erfurt_Digital-Architect-384x384.webp 384w, https:\/\/visual4.de\/wp-content\/uploads\/Stefanie-Erfurt_Digital-Architect-768x769.webp 768w\" sizes=\"auto, (max-width: 1416px) 100vw, 1416px\" \/>                        <\/div>\r\n                    <\/div>\r\n                    <div class=\"v4-team-overlay-right\">\r\n                                                    <blockquote class=\"wp-block-quote\">\r\n                                <p class=\"is-style-gradient\">Technisches Verst\u00e4ndnis und Empathie sind eine unschlagbare Mischung.<\/p>\r\n                            <\/blockquote>\r\n                                                                            <p class=\"v4-team-overlay-text\">Medieninformatikerin mit Weitblick: Steffi k\u00fcmmert sich mit viel Engagement, Sachverst\u00e4ndnis und Einf\u00fchlungsverm\u00f6gen um unsere Kundenprojekte. Sie hat nicht nur alle Fristen und Kosten immer im Blick, sondern liefert auch Denkanst\u00f6\u00dfe und t\u00fcftelt mit den Entwicklern an sinnvollen L\u00f6sungswegen. Steffi liebt es, Kunden fair und offen zu beraten, die richtigen Fragen zu stellen und so die Projekte auf einen erfolgreichen Weg zu bringen.<\/p>\r\n                                                                            <p class=\"v4-team-name\">Stefanie Erfurt<\/p>\r\n                                                                            <div class=\"v4-team-function\">\r\n                                                                        <p>Digital Architect<\/p>\r\n                                                                <\/div>\r\n                                            <\/div>\r\n                    <button class=\"v4-team-overlay-close\"><\/button>\r\n                <\/div>\r\n            <\/div>\r\n                    <div class=\"v4-team-item\">\r\n                <div class=\"v4-team-preview\" href=\"#christoph-plessner\">\r\n                    <div class=\"v4-team-image \">\r\n                        <img loading=\"lazy\" decoding=\"async\" width=\"1416\" height=\"1417\" src=\"https:\/\/visual4.de\/wp-content\/uploads\/Christoph-Plessner_Geschaeftsfuehrer.webp\" class=\"attachment-large size-large wp-post-image\" alt=\"\" srcset=\"https:\/\/visual4.de\/wp-content\/uploads\/Christoph-Plessner_Geschaeftsfuehrer.webp 1416w, https:\/\/visual4.de\/wp-content\/uploads\/Christoph-Plessner_Geschaeftsfuehrer-784x784.webp 784w, https:\/\/visual4.de\/wp-content\/uploads\/Christoph-Plessner_Geschaeftsfuehrer-384x384.webp 384w, https:\/\/visual4.de\/wp-content\/uploads\/Christoph-Plessner_Geschaeftsfuehrer-768x769.webp 768w\" sizes=\"auto, (max-width: 1416px) 100vw, 1416px\" \/>                    <\/div>\r\n                    <div class=\"v4-team-text\">\r\n                        <p class=\"v4-team-name\">Christoph Plessner<\/p>\r\n                        <div class=\"v4-team-function\">\r\n                                                                <p>Digital Architect<\/p>\r\n                                                                    <p>Managing Director<\/p>\r\n                                                        <\/div>\r\n                    <\/div>\r\n                <\/div>\r\n\r\n                <!-- Eventually use HTML5 dialog https:\/\/kulturbanause.de\/blog\/html-dialog-element\/ -->\r\n                <div class=\"v4-team-overlay\" id=\"christoph-plessner\">\r\n                    <div class=\"v4-team-overlay-left\">\r\n                        <div class=\"v4-team-image is-style-angle-1\">\r\n                            <img loading=\"lazy\" decoding=\"async\" width=\"1416\" height=\"1417\" src=\"https:\/\/visual4.de\/wp-content\/uploads\/Christoph-Plessner_Geschaeftsfuehrer.webp\" class=\"attachment-large size-large wp-post-image\" alt=\"\" srcset=\"https:\/\/visual4.de\/wp-content\/uploads\/Christoph-Plessner_Geschaeftsfuehrer.webp 1416w, https:\/\/visual4.de\/wp-content\/uploads\/Christoph-Plessner_Geschaeftsfuehrer-784x784.webp 784w, https:\/\/visual4.de\/wp-content\/uploads\/Christoph-Plessner_Geschaeftsfuehrer-384x384.webp 384w, https:\/\/visual4.de\/wp-content\/uploads\/Christoph-Plessner_Geschaeftsfuehrer-768x769.webp 768w\" sizes=\"auto, (max-width: 1416px) 100vw, 1416px\" \/>                        <\/div>\r\n                    <\/div>\r\n                    <div class=\"v4-team-overlay-right\">\r\n                                                    <blockquote class=\"wp-block-quote\">\r\n                                <p class=\"is-style-gradient\">Wir arbeiten den Gro\u00dfteil unserer Zeit, daher sollte die Arbeit Spa\u00df machen.<\/p>\r\n                            <\/blockquote>\r\n                                                                            <p class=\"v4-team-overlay-text\">Digitaler Stratege: Christoph hat Zeit, Kosten und Qualit\u00e4t der Kundenprojekte immer im Blick und entwickelt gern strategische Ziele. Ihm ist es wichtig, ein Ambiente zu schaffen, in dem das gesamte Team frei denken kann und mit Spa\u00df die gesteckten Ziele erreicht. Von seiner Leidenschaft f\u00fcr Business-Strategie und Online-Marketing profitieren nicht nur wir als Webagentur, sondern vor allem unsere Kunden.<\/p>\r\n                                                                            <p class=\"v4-team-name\">Christoph Plessner<\/p>\r\n                                                                            <div class=\"v4-team-function\">\r\n                                                                        <p>Digital Architect<\/p>\r\n                                                                            <p>Managing Director<\/p>\r\n                                                                <\/div>\r\n                                            <\/div>\r\n                    <button class=\"v4-team-overlay-close\"><\/button>\r\n                <\/div>\r\n            <\/div>\r\n            <\/div>\r\n\r\n<\/div>\r\n\r\n\n\n\n<div class=\"wp-block-buttons is-content-justification-center is-layout-flex wp-container-core-buttons-is-layout-a89b3969 wp-block-buttons-is-layout-flex\">\n<div class=\"wp-block-button\"><a class=\"wp-block-button__link wp-element-button\" href=\"https:\/\/go.visual4.de\/asset\/138:v4-online-session-digitalagentur\" target=\"_blank\" rel=\"noreferrer noopener\">Termin vereinbaren<\/a><\/div>\n\n\n\n<div class=\"wp-block-button is-style-outline is-style-outline--2\"><a class=\"wp-block-button__link wp-element-button\" href=\"https:\/\/visual4.de\/kontakt\/\" target=\"_blank\" rel=\"noreferrer noopener\">Anfrage senden<\/a><\/div>\n<\/div>\n<\/div>\n\n\n\n<div class=\"wp-block-group alignwide is-style-default has-global-padding is-layout-constrained wp-block-group-is-layout-constrained\">\n<div class=\"wp-block-columns alignwide is-layout-flex wp-container-core-columns-is-layout-28f84493 wp-block-columns-is-layout-flex\">\n<div class=\"wp-block-column is-vertically-aligned-center is-layout-flow wp-block-column-is-layout-flow\" style=\"flex-basis:33.33%\">\n<p class=\"is-style-seo-heading\">Zertifikate<\/p>\n<\/div>\n\n\n\n<div class=\"wp-block-column is-layout-flow wp-block-column-is-layout-flow\" style=\"flex-basis:66.66%\">\r\n<div id=\"v4-logo-bar-69f39f70091e1\" class=\"wp-block-visual4-logo-bar\">\r\n\r\n    \r\n        <div class=\"wp-block-visual4-logo-bar-wrap\" data-count=\"4\" data-speed=\"5000\" data-variable-width=\"0\">\r\n            \r\n                <div class=\"wp-block-visual4-logo-bar-item\">\r\n                    <img loading=\"lazy\" decoding=\"async\" width=\"784\" height=\"167\" src=\"https:\/\/visual4.de\/wp-content\/uploads\/go-digital.svg\" class=\"wp-block-visual4-logo-bar-image\" alt=\"go-digital\" \/>                <\/div>\r\n        \r\n            \r\n                <div class=\"wp-block-visual4-logo-bar-item\">\r\n                    <img loading=\"lazy\" decoding=\"async\" width=\"784\" height=\"126\" src=\"https:\/\/visual4.de\/wp-content\/uploads\/klimaneutrales-rechenzentrum.svg\" class=\"wp-block-visual4-logo-bar-image\" alt=\"Klimaneutrales Rechenzentrum\" \/>                <\/div>\r\n        \r\n            \r\n                <div class=\"wp-block-visual4-logo-bar-item\">\r\n                    <img loading=\"lazy\" decoding=\"async\" width=\"784\" height=\"168\" src=\"https:\/\/visual4.de\/wp-content\/uploads\/iso-27001-zertifiziertes-rechenzentrum.svg\" class=\"wp-block-visual4-logo-bar-image\" alt=\"ISO 27001 Zertifiziertes Rechenzentrum\" \/>                <\/div>\r\n        \r\n            \r\n                <div class=\"wp-block-visual4-logo-bar-item\">\r\n                    <img loading=\"lazy\" decoding=\"async\" width=\"784\" height=\"121\" src=\"https:\/\/visual4.de\/wp-content\/uploads\/dsgvo-konform.svg\" class=\"wp-block-visual4-logo-bar-image\" alt=\"DSGVO-konform Hosting &amp; L\u00f6sungen mit Sicherheit\" \/>                <\/div>\r\n        \r\n                    <\/div>\r\n\r\n    \r\n<\/div><\/div>\n<\/div>\n<\/div>\n","protected":false},"excerpt":{"rendered":"<p>Entdecken. Enablen. Begeistern! Als Stuttgarter Digitalagentur vereinen wir Expertise in Design, Digitales Marketing und technischer Digitalisierung. Unser Spezialgebiet liegt in der Optimierung Ihrer Customer Journey&#8230;<\/p>\n","protected":false},"author":1,"featured_media":4308,"parent":0,"menu_order":0,"comment_status":"closed","ping_status":"closed","template":"full-height-white","meta":{"_acf_changed":false,"inline_featured_image":false,"footnotes":""},"class_list":["post-16","page","type-page","status-publish","has-post-thumbnail","hentry"],"acf":[],"yoast_head":"<!-- This site is optimized with the Yoast SEO plugin v27.3 - https:\/\/yoast.com\/product\/yoast-seo-wordpress\/ -->\n<title>Digitalagentur Stuttgart mit dem Mensch im Mittelpunkt - visual4<\/title>\n<meta name=\"description\" content=\"Digitalagentur Stuttgart f\u00fcr Web- und CRM-L\u00f6sungen, die den Menschen in den Mittelpunkt stellen.\" \/>\n<meta name=\"robots\" content=\"index, follow, max-snippet:-1, max-image-preview:large, max-video-preview:-1\" \/>\n<link rel=\"canonical\" href=\"https:\/\/visual4.de\/digitalagentur\/\" \/>\n<meta property=\"og:locale\" content=\"de_DE\" \/>\n<meta property=\"og:type\" content=\"article\" \/>\n<meta property=\"og:title\" content=\"Digitalagentur Stuttgart mit dem Mensch im Mittelpunkt - visual4\" \/>\n<meta property=\"og:description\" content=\"Digitalagentur Stuttgart f\u00fcr Web- und CRM-L\u00f6sungen, die den Menschen in den Mittelpunkt stellen.\" \/>\n<meta property=\"og:url\" content=\"https:\/\/visual4.de\/digitalagentur\/\" \/>\n<meta property=\"og:site_name\" content=\"visual4\" \/>\n<meta property=\"article:modified_time\" content=\"2026-01-16T11:04:48+00:00\" \/>\n<meta property=\"og:image\" content=\"https:\/\/visual4.de\/wp-content\/uploads\/gruppenfoto-schwarzenbach-talsperre.jpg\" \/>\n\t<meta property=\"og:image:width\" content=\"960\" \/>\n\t<meta property=\"og:image:height\" content=\"700\" \/>\n\t<meta property=\"og:image:type\" content=\"image\/jpeg\" \/>\n<meta name=\"twitter:card\" content=\"summary_large_image\" \/>\n<meta name=\"twitter:label1\" content=\"Gesch\u00e4tzte Lesezeit\" \/>\n\t<meta name=\"twitter:data1\" content=\"10\u00a0Minuten\" \/>\n<script type=\"application\/ld+json\" class=\"yoast-schema-graph\">{\"@context\":\"https:\\\/\\\/schema.org\",\"@graph\":[{\"@type\":\"WebPage\",\"@id\":\"https:\\\/\\\/visual4.de\\\/digitalagentur\\\/\",\"url\":\"https:\\\/\\\/visual4.de\\\/digitalagentur\\\/\",\"name\":\"Digitalagentur Stuttgart mit dem Mensch im Mittelpunkt - visual4\",\"isPartOf\":{\"@id\":\"https:\\\/\\\/visual4.de\\\/#website\"},\"primaryImageOfPage\":{\"@id\":\"https:\\\/\\\/visual4.de\\\/digitalagentur\\\/#primaryimage\"},\"image\":{\"@id\":\"https:\\\/\\\/visual4.de\\\/digitalagentur\\\/#primaryimage\"},\"thumbnailUrl\":\"https:\\\/\\\/visual4.de\\\/wp-content\\\/uploads\\\/gruppenfoto-schwarzenbach-talsperre.jpg\",\"datePublished\":\"2023-06-02T07:41:59+00:00\",\"dateModified\":\"2026-01-16T11:04:48+00:00\",\"description\":\"Digitalagentur Stuttgart f\u00fcr Web- und CRM-L\u00f6sungen, die den Menschen in den Mittelpunkt stellen.\",\"breadcrumb\":{\"@id\":\"https:\\\/\\\/visual4.de\\\/digitalagentur\\\/#breadcrumb\"},\"inLanguage\":\"de\",\"potentialAction\":[{\"@type\":\"ReadAction\",\"target\":[\"https:\\\/\\\/visual4.de\\\/digitalagentur\\\/\"]}]},{\"@type\":\"ImageObject\",\"inLanguage\":\"de\",\"@id\":\"https:\\\/\\\/visual4.de\\\/digitalagentur\\\/#primaryimage\",\"url\":\"https:\\\/\\\/visual4.de\\\/wp-content\\\/uploads\\\/gruppenfoto-schwarzenbach-talsperre.jpg\",\"contentUrl\":\"https:\\\/\\\/visual4.de\\\/wp-content\\\/uploads\\\/gruppenfoto-schwarzenbach-talsperre.jpg\",\"width\":960,\"height\":700,\"caption\":\"Teamevent Gruppenfoto Schwarzenbach Talsperre\"},{\"@type\":\"BreadcrumbList\",\"@id\":\"https:\\\/\\\/visual4.de\\\/digitalagentur\\\/#breadcrumb\",\"itemListElement\":[{\"@type\":\"ListItem\",\"position\":1,\"name\":\"Startseite\",\"item\":\"https:\\\/\\\/visual4.de\\\/\"},{\"@type\":\"ListItem\",\"position\":2,\"name\":\"Digitalagentur Stuttgart mit dem Mensch im Mittelpunkt\"}]},{\"@type\":\"WebSite\",\"@id\":\"https:\\\/\\\/visual4.de\\\/#website\",\"url\":\"https:\\\/\\\/visual4.de\\\/\",\"name\":\"visual4\",\"description\":\"Perspektive Mensch\",\"publisher\":{\"@id\":\"https:\\\/\\\/visual4.de\\\/#organization\"},\"potentialAction\":[{\"@type\":\"SearchAction\",\"target\":{\"@type\":\"EntryPoint\",\"urlTemplate\":\"https:\\\/\\\/visual4.de\\\/?s={search_term_string}\"},\"query-input\":{\"@type\":\"PropertyValueSpecification\",\"valueRequired\":true,\"valueName\":\"search_term_string\"}}],\"inLanguage\":\"de\"},{\"@type\":\"Organization\",\"@id\":\"https:\\\/\\\/visual4.de\\\/#organization\",\"name\":\"visual4\",\"url\":\"https:\\\/\\\/visual4.de\\\/\",\"logo\":{\"@type\":\"ImageObject\",\"inLanguage\":\"de\",\"@id\":\"https:\\\/\\\/visual4.de\\\/#\\\/schema\\\/logo\\\/image\\\/\",\"url\":\"https:\\\/\\\/visual4.de\\\/wp-content\\\/uploads\\\/2023\\\/06\\\/Wortmarke.svg\",\"contentUrl\":\"https:\\\/\\\/visual4.de\\\/wp-content\\\/uploads\\\/2023\\\/06\\\/Wortmarke.svg\",\"width\":166,\"height\":29,\"caption\":\"visual4\"},\"image\":{\"@id\":\"https:\\\/\\\/visual4.de\\\/#\\\/schema\\\/logo\\\/image\\\/\"}}]}<\/script>\n<!-- \/ Yoast SEO plugin. -->","yoast_head_json":{"title":"Digitalagentur Stuttgart mit dem Mensch im Mittelpunkt - visual4","description":"Digitalagentur Stuttgart f\u00fcr Web- und CRM-L\u00f6sungen, die den Menschen in den Mittelpunkt stellen.","robots":{"index":"index","follow":"follow","max-snippet":"max-snippet:-1","max-image-preview":"max-image-preview:large","max-video-preview":"max-video-preview:-1"},"canonical":"https:\/\/visual4.de\/digitalagentur\/","og_locale":"de_DE","og_type":"article","og_title":"Digitalagentur Stuttgart mit dem Mensch im Mittelpunkt - visual4","og_description":"Digitalagentur Stuttgart f\u00fcr Web- und CRM-L\u00f6sungen, die den Menschen in den Mittelpunkt stellen.","og_url":"https:\/\/visual4.de\/digitalagentur\/","og_site_name":"visual4","article_modified_time":"2026-01-16T11:04:48+00:00","og_image":[{"width":960,"height":700,"url":"https:\/\/visual4.de\/wp-content\/uploads\/gruppenfoto-schwarzenbach-talsperre.jpg","type":"image\/jpeg"}],"twitter_card":"summary_large_image","twitter_misc":{"Gesch\u00e4tzte Lesezeit":"10\u00a0Minuten"},"schema":{"@context":"https:\/\/schema.org","@graph":[{"@type":"WebPage","@id":"https:\/\/visual4.de\/digitalagentur\/","url":"https:\/\/visual4.de\/digitalagentur\/","name":"Digitalagentur Stuttgart mit dem Mensch im Mittelpunkt - visual4","isPartOf":{"@id":"https:\/\/visual4.de\/#website"},"primaryImageOfPage":{"@id":"https:\/\/visual4.de\/digitalagentur\/#primaryimage"},"image":{"@id":"https:\/\/visual4.de\/digitalagentur\/#primaryimage"},"thumbnailUrl":"https:\/\/visual4.de\/wp-content\/uploads\/gruppenfoto-schwarzenbach-talsperre.jpg","datePublished":"2023-06-02T07:41:59+00:00","dateModified":"2026-01-16T11:04:48+00:00","description":"Digitalagentur Stuttgart f\u00fcr Web- und CRM-L\u00f6sungen, die den Menschen in den Mittelpunkt stellen.","breadcrumb":{"@id":"https:\/\/visual4.de\/digitalagentur\/#breadcrumb"},"inLanguage":"de","potentialAction":[{"@type":"ReadAction","target":["https:\/\/visual4.de\/digitalagentur\/"]}]},{"@type":"ImageObject","inLanguage":"de","@id":"https:\/\/visual4.de\/digitalagentur\/#primaryimage","url":"https:\/\/visual4.de\/wp-content\/uploads\/gruppenfoto-schwarzenbach-talsperre.jpg","contentUrl":"https:\/\/visual4.de\/wp-content\/uploads\/gruppenfoto-schwarzenbach-talsperre.jpg","width":960,"height":700,"caption":"Teamevent Gruppenfoto Schwarzenbach Talsperre"},{"@type":"BreadcrumbList","@id":"https:\/\/visual4.de\/digitalagentur\/#breadcrumb","itemListElement":[{"@type":"ListItem","position":1,"name":"Startseite","item":"https:\/\/visual4.de\/"},{"@type":"ListItem","position":2,"name":"Digitalagentur Stuttgart mit dem Mensch im Mittelpunkt"}]},{"@type":"WebSite","@id":"https:\/\/visual4.de\/#website","url":"https:\/\/visual4.de\/","name":"visual4","description":"Perspektive Mensch","publisher":{"@id":"https:\/\/visual4.de\/#organization"},"potentialAction":[{"@type":"SearchAction","target":{"@type":"EntryPoint","urlTemplate":"https:\/\/visual4.de\/?s={search_term_string}"},"query-input":{"@type":"PropertyValueSpecification","valueRequired":true,"valueName":"search_term_string"}}],"inLanguage":"de"},{"@type":"Organization","@id":"https:\/\/visual4.de\/#organization","name":"visual4","url":"https:\/\/visual4.de\/","logo":{"@type":"ImageObject","inLanguage":"de","@id":"https:\/\/visual4.de\/#\/schema\/logo\/image\/","url":"https:\/\/visual4.de\/wp-content\/uploads\/2023\/06\/Wortmarke.svg","contentUrl":"https:\/\/visual4.de\/wp-content\/uploads\/2023\/06\/Wortmarke.svg","width":166,"height":29,"caption":"visual4"},"image":{"@id":"https:\/\/visual4.de\/#\/schema\/logo\/image\/"}}]}},"_links":{"self":[{"href":"https:\/\/visual4.de\/wp-json\/wp\/v2\/pages\/16","targetHints":{"allow":["GET"]}}],"collection":[{"href":"https:\/\/visual4.de\/wp-json\/wp\/v2\/pages"}],"about":[{"href":"https:\/\/visual4.de\/wp-json\/wp\/v2\/types\/page"}],"author":[{"embeddable":true,"href":"https:\/\/visual4.de\/wp-json\/wp\/v2\/users\/1"}],"replies":[{"embeddable":true,"href":"https:\/\/visual4.de\/wp-json\/wp\/v2\/comments?post=16"}],"version-history":[{"count":298,"href":"https:\/\/visual4.de\/wp-json\/wp\/v2\/pages\/16\/revisions"}],"predecessor-version":[{"id":15166,"href":"https:\/\/visual4.de\/wp-json\/wp\/v2\/pages\/16\/revisions\/15166"}],"wp:featuredmedia":[{"embeddable":true,"href":"https:\/\/visual4.de\/wp-json\/wp\/v2\/media\/4308"}],"wp:attachment":[{"href":"https:\/\/visual4.de\/wp-json\/wp\/v2\/media?parent=16"}],"curies":[{"name":"wp","href":"https:\/\/api.w.org\/{rel}","templated":true}]}}