{"id":2,"date":"2025-03-19T15:40:49","date_gmt":"2025-03-19T15:40:49","guid":{"rendered":"https:\/\/devbox2.mc8pm.com\/?page_id=2"},"modified":"2026-03-04T15:47:19","modified_gmt":"2026-03-04T14:47:19","slug":"sample-page","status":"publish","type":"page","link":"https:\/\/vanme.de\/","title":{"rendered":"Startseite"},"content":{"rendered":"\n    <section class=\"block-videoslider-100vh s1x-100vh-slider jshook-swiper-videoslider-100vh swiper\">\n\n                            \n            <div class=\"swiper-wrapper\">\n\n                \n                    <div class=\"swiper-slide\">\n\n                        <div class=\"s1x-video a-video\">\n                                                            <video class=\"jshook-play-video-when-in-viewport\"\n                                       playsinline muted loop\n                                       width=\"1920\"\n                                       height=\"1080\"\n                                       preload=\"none\"\n                                       poster=\"https:\/\/vanme.de\/wp-content\/uploads\/2026\/02\/Niffler-Startseiten-Header-Short-Poster.jpg\">\n                                    <source src=\"https:\/\/vanme.de\/wp-content\/uploads\/2026\/02\/Niffler-Startseiten-Header-Short.mp4\">\n                                <\/video>\n                                                    <\/div>\n\n                        <div class=\"s1x-padding a-ui\">\n                            <div class=\"ff-bebas-ds30 ff-uppercase s1xs-colwhite\">Masterpiece Niffler<\/div>\n                            <div class=\"ff-bebas-ds130 ff-uppercase s1xs-colwhite\"><span class=\"ff-thin\">Performance for<\/span> Professionals<\/div>\n                            <a class=\"cssimg-contain-center-norepeat cssimg-diamonds cssimg-diamond-play\" href=\"https:\/\/vanme.de\/campervan-masterpieces\/niffler-mountainbike-campervan\/\"><\/a>\n                        <\/div>\n\n\n                    <\/div>\n\n                \n                    <div class=\"swiper-slide\">\n\n                        <div class=\"s1x-video a-video\">\n                                                            <video class=\"jshook-play-video-when-in-viewport\"\n                                       playsinline muted loop\n                                       width=\"1920\"\n                                       height=\"1080\"\n                                       preload=\"none\"\n                                       lazy-poster=\"https:\/\/vanme.de\/wp-content\/uploads\/2025\/10\/homepage-laonda-short-poster.jpg\">\n                                    <source lazy-src=\"https:\/\/vanme.de\/wp-content\/uploads\/2025\/10\/homepage-laonda-short-10500kbit.mp4\">\n                                <\/video>\n                                                    <\/div>\n\n                        <div class=\"s1x-padding a-ui\">\n                            <div class=\"ff-bebas-ds30 ff-uppercase s1xs-colwhite\">Masterpiece La Onda<\/div>\n                            <div class=\"ff-bebas-ds130 ff-uppercase s1xs-colwhite\"><span class=\"ff-thin\">We build<\/span> Memories<\/div>\n                            <a class=\"cssimg-contain-center-norepeat cssimg-diamonds cssimg-diamond-play\" href=\"https:\/\/vanme.de\/campervan-masterpieces\/la-onda\/\"><\/a>\n                        <\/div>\n\n\n                    <\/div>\n\n                \n                    <div class=\"swiper-slide\">\n\n                        <div class=\"s1x-video a-video\">\n                                                            <video class=\"jshook-play-video-when-in-viewport\"\n                                       playsinline muted loop\n                                       width=\"1920\"\n                                       height=\"1080\"\n                                       preload=\"none\"\n                                       lazy-poster=\"https:\/\/vanme.de\/wp-content\/uploads\/2025\/11\/workwear_16zu9_30mb-poster.jpg\">\n                                    <source lazy-src=\"https:\/\/vanme.de\/wp-content\/uploads\/2025\/11\/Workwear_16zu9_30MB_ohne-Ton.mp4\">\n                                <\/video>\n                                                    <\/div>\n\n                        <div class=\"s1x-padding a-ui\">\n                            <div class=\"ff-bebas-ds30 ff-uppercase s1xs-colwhite\">Accessoires<\/div>\n                            <div class=\"ff-bebas-ds130 ff-uppercase s1xs-colwhite\"><span class=\"ff-thin\">Brand<\/span> Drop<\/div>\n                            <a class=\"cssimg-contain-center-norepeat cssimg-diamonds cssimg-diamond-play\" href=\"https:\/\/vanme.de\/accessoires\/\"><\/a>\n                        <\/div>\n\n\n                    <\/div>\n\n                \n                    <div class=\"swiper-slide\">\n\n                        <div class=\"s1x-video a-video\">\n                                                            <video class=\"jshook-play-video-when-in-viewport\"\n                                       playsinline muted loop\n                                       width=\"1920\"\n                                       height=\"1080\"\n                                       preload=\"none\"\n                                       lazy-poster=\"https:\/\/vanme.de\/wp-content\/uploads\/2026\/01\/4x4proyect_fahrwerk_advanced_30MB_poster.jpg\">\n                                    <source lazy-src=\"https:\/\/vanme.de\/wp-content\/uploads\/2026\/01\/4x4proyect_fahrwerk_advanced_teaser-4000kbit.mp4\">\n                                <\/video>\n                                                    <\/div>\n\n                        <div class=\"s1x-padding a-ui\">\n                            <div class=\"ff-bebas-ds30 ff-uppercase s1xs-colwhite\">Chassis systems<\/div>\n                            <div class=\"ff-bebas-ds130 ff-uppercase s1xs-colwhite\">Performance <span class=\"ff-thin\">you can feel<\/span><\/div>\n                            <a class=\"cssimg-contain-center-norepeat cssimg-diamonds cssimg-diamond-play\" href=\"https:\/\/vanme.de\/collabs-und-partners\/vanme-und-4x4-proyect\/\"><\/a>\n                        <\/div>\n\n\n                    <\/div>\n\n                \n            <\/div>\n\n            <div class=\"bottom-nav\">\n                <div class=\"swiper-pagination\"><\/div>\n                                    <div class=\"diamonds-container\">\n                        <div class=\"diamonds\">\n                            <a href=\"https:\/\/vanme.de\/campervan-masterpieces\/\" class=\"s1x-button btn-white-darken-do\"><span>Masterpieces<\/span><\/a>\n                            <a href=\"https:\/\/vanme.de\/campervan-single-pieces\/\" class=\"s1x-button btn-white-darken-do\"><span>Single Pieces<\/span><\/a>\n                            <a href=\"https:\/\/vanme.de\/accessoires\/\" class=\"s1x-button btn-white-darken-do\"><span>Accessoires<\/span><\/a>\n                            <a href=\"https:\/\/vanme.de\/collabs-und-partners\/vanme-und-4x4-proyect\/\" class=\"s1x-button btn-white-darken-do\"><span>Fahrwerke<\/span><\/a>\n                        <\/div>\n                    <\/div>\n                \n            <\/div>\n\n\n                    \n    <\/section>\n\n\n\n\n\n\n\n                        \n            \n            <section class=\"block-media cnt-2 block-media-mobile-sort-123 blockheight-laptop-none blockheight-tablet-none blockheight-mobile-none blockstyle-highlight block-media-width-same-width\" style=\"margin-top: 80px\">\n\n                \n                \n                    \n                    <div class=\"media media-0 \">\n\n                        \n\n                        \n                        <div class=\"overlay                              s1x-tovp-tablapdesk-cl                            s1x-tovp-mob-cl\n                            \">\n\n                            \n                            <div class='headline ff-bebas-ds65 ff-uppercase''>VanMe<\/div>\n                            <div class='subheadline ff-bebas-ds30'><span class=\"ff-thin\">Spezialisten f\u00fcr<\/span> <span class=\"ff-uppercase\">Individualisten<\/span><\/div>\n                            \n                            <div class='text ff-bodytext'><p>Stell dir einen Campervan vor, der exakt auf deine W\u00fcnsche zugeschnitten ist.<\/p>\n<p>Bei VANME verwandeln wir diese Vorstellung in die Realit\u00e4t. In unserer Hamburger Manufaktur entsteht dein individueller Camper Ausbau \u2013 gefertigt mit Liebe zum Detail, h\u00f6chsten Qualit\u00e4tsanspr\u00fcchen und einem klaren Sinn f\u00fcr \u00c4sthetik. <\/p>\n<p>VANME \u2013 Premium-Reisemobile f\u00fcr luxuri\u00f6ses Camping und Offroad-Abenteuer.<\/p>\n<\/div>\n                            <a class='s1x-button btn-white-do' href='https:\/\/vanme.de\/kontakt\/'>Kontakt<\/a>\n                        <\/div>\n\n                        \n                    <\/div>\n\n                \n                    \n                    <div class=\"media media-1 has-media\">\n\n                        \n\n                        \n                            <div class=\"s1x-video-uncut\">\n                                <video class=\"jshook-play-video-when-in-viewport \"\n                                       playsinline muted loop\n                                       width=\"1000\"\n                                       height=\"720\"\n                                       preload=\"none\"\n                                       poster=\"https:\/\/vanme.de\/wp-content\/uploads\/2025\/04\/webuildmemories_poster.jpg\">\n                                    <source src=\"https:\/\/vanme.de\/wp-content\/uploads\/2025\/05\/We-build-memories-Orange.mp4\">\n                                <\/video>\n                            <\/div>\n\n                        \n                        <div class=\"overlay s1x-absolute-100 has-media                            s1x-tovp-tablapdesk-                            s1x-tovp-mob-\n                            s1x-tovp-notext\">\n\n                            \n                            \n                            \n                            \n                            \n                            \n                        <\/div>\n\n                        \n                    <\/div>\n\n                \n            <\/section>\n\n            \n\n\n\n\n\n\n                        \n            \n            <section class=\"block-media cnt-2 block-media-mobile-sort-123 blockheight-laptop-100vh blockheight-tablet-80vh blockheight-mobile-2-3 blockstyle-signature block-media-width-same-width\" style=\"margin-top: 80px\">\n\n                <div class=\"signature-middle-string\">Masterpieces<\/div>\n                \n                    \n                    <div class=\"media media-0 has-media\">\n\n                        <a href='https:\/\/vanme.de\/campervan-masterpieces\/niffler-mountainbike-campervan\/'>\n\n                        \n                            \n                            <picture class=\"s1x-picture-cover jshook-provide-hq-after-dom-loaded \">\n                                <source srcset-hq=\"https:\/\/vanme.de\/wp-content\/uploads\/2026\/02\/startseite-masterpieces-hochkant-niffler.jpg\"\n                                        width=\"1500\"\n                                        height=\"1700\">\n\n                                \n                                <source srcset-hq=\"https:\/\/vanme.de\/wp-content\/uploads\/2026\/02\/startseite-masterpieces-hochkant-niffler.jpg.webp\"\n                                        width=\"1500\"\n                                        height=\"1700\"\n                                        type=\"image\/webp\">\n\n                                                                <img decoding=\"async\" loading=\"lazy\"\n                                     src=\"https:\/\/vanme.de\/wp-content\/uploads\/2026\/02\/startseite-masterpieces-hochkant-niffler-firstload.jpg\"\n                                     width=\"1500\"\n                                     height=\"1700\"\n                                     alt=\"\">\n                            <\/picture>\n\n                        \n                        <div class=\"overlay s1x-absolute-100 has-media                            s1x-tovp-tablapdesk-tc                            s1x-tovp-mob-tc\n                            \">\n\n                            \n                            <div class='headline ff-lakes-neue-cnd-ds30''>Mercedes Benz Sprinter<\/div>\n                            \n                                                            \n                                    <img decoding=\"async\" class=\"signature-png\"\n                                         loading=\"lazy\"\n                                         src=\"https:\/\/vanme.de\/wp-content\/uploads\/2026\/02\/Signature-Niffler.png\"\n                                         width=\"614\"\n                                         height=\"116\"\n                                         alt=\"\">\n\n                                                            \n                            \n                            \n                        <\/div>\n\n                        <\/a>\n                    <\/div>\n\n                \n                    \n                    <div class=\"media media-1 has-media\">\n\n                        <a href='https:\/\/vanme.de\/campervan-masterpieces\/la-onda\/'>\n\n                        \n                            \n                            <picture class=\"s1x-picture-cover jshook-provide-hq-after-dom-loaded \">\n                                <source srcset-hq=\"https:\/\/vanme.de\/wp-content\/uploads\/2025\/10\/startseite-masterpieces-hochkant-laonda-retouched-v2.jpg\"\n                                        width=\"1500\"\n                                        height=\"1700\">\n\n                                \n                                <source srcset-hq=\"https:\/\/vanme.de\/wp-content\/uploads\/2025\/10\/startseite-masterpieces-hochkant-laonda-retouched-v2.jpg.webp\"\n                                        width=\"1500\"\n                                        height=\"1700\"\n                                        type=\"image\/webp\">\n\n                                                                <img decoding=\"async\" loading=\"lazy\"\n                                     src=\"https:\/\/vanme.de\/wp-content\/uploads\/2025\/10\/startseite-masterpieces-hochkant-laonda-retouched-v2-firstload.jpg\"\n                                     width=\"1500\"\n                                     height=\"1700\"\n                                     alt=\"Nachbearbeitetes Bild vom La Onda Campervan mit Interieur im Hintergrund\">\n                            <\/picture>\n\n                        \n                        <div class=\"overlay s1x-absolute-100 has-media                            s1x-tovp-tablapdesk-tc                            s1x-tovp-mob-tc\n                            \">\n\n                            \n                            <div class='headline ff-lakes-neue-cnd-ds30''>Mercedes Benz Sprinter<\/div>\n                            \n                                                            \n                                    <img decoding=\"async\" class=\"signature-png\"\n                                         loading=\"lazy\"\n                                         src=\"https:\/\/vanme.de\/wp-content\/uploads\/2025\/07\/Signature-LaOnda.png\"\n                                         width=\"614\"\n                                         height=\"116\"\n                                         alt=\"La Onda Modellschriftzug\">\n\n                                                            \n                            \n                            \n                        <\/div>\n\n                        <\/a>\n                    <\/div>\n\n                \n            <\/section>\n\n            \n\n\n\n\n    <section class=\"block-banner\" style=\"margin-top: 120px;\">\n        <div class=\"marquee-text\">\n            <div class=\"marquee-text-track fontsize-big\" style=\"--seconds: 80s;\">\n\n                                                                            \n                            \n                                                            <p>Wir bauen Erinnerungen.<\/p>\n                            \n                        \n                            \n                                                            <p>VANME.<\/p>\n                            \n                        \n                            \n                                                            <p>Individueller Camperausbau seit bald einem Jahrzehnt.<\/p>\n                            \n                                                \n                            \n                                                            <p aria-hidden=\"true\">Wir bauen Erinnerungen.<\/p>\n                            \n                        \n                            \n                                                            <p aria-hidden=\"true\">VANME.<\/p>\n                            \n                        \n                            \n                                                            <p aria-hidden=\"true\">Individueller Camperausbau seit bald einem Jahrzehnt.<\/p>\n                            \n                                                \n                            \n                                                            <p aria-hidden=\"true\">Wir bauen Erinnerungen.<\/p>\n                            \n                        \n                            \n                                                            <p aria-hidden=\"true\">VANME.<\/p>\n                            \n                        \n                            \n                                                            <p aria-hidden=\"true\">Individueller Camperausbau seit bald einem Jahrzehnt.<\/p>\n                            \n                                                \n                            \n                                                            <p aria-hidden=\"true\">Wir bauen Erinnerungen.<\/p>\n                            \n                        \n                            \n                                                            <p aria-hidden=\"true\">VANME.<\/p>\n                            \n                        \n                            \n                                                            <p aria-hidden=\"true\">Individueller Camperausbau seit bald einem Jahrzehnt.<\/p>\n                            \n                                                            \n            <\/div>\n        <\/div>\n    <\/section>\n\n\n\n\n    <section class=\"block-text center area-align-left\" style=\"margin-top: 60px; max-width: unset\">\n\n        \n                                \n                                            <h2 class=\"ff-bebas-ds80 ff-uppercase hlsize-\">Single Pieces<\/h2>\n                    \n                    <div class=\"ff-bebas-ds30\"><span class=\"ff-uppercase ff-thin\">Campervan Unikate<\/span><\/div>\n        \n        <div class=\"ff-bodytext \">\n            <p>Unsere Campervans sind keine Serienprodukte, sondern individuelle Ma\u00dfanfertigungen. Vom ersten Entwurf bis zum letzten Schliff fertigen wir jedes Detail mit gr\u00f6\u00dfter Sorgfalt. Hier pr\u00e4sentieren wir dir drei Fahrzeuge, die die Vielfalt unserer Arbeit widerspiegeln. VANME \u2013 wo Offroad Camper zur Kunst werden.<\/p>\n        <\/div>\n\n\n                        <a class=\"s1x-button btn-white-do\" href=\"https:\/\/vanme.de\/campervan-single-pieces\/\">\n            Zur \u00dcbersicht        <\/a>\n        \n    <\/section>\n\n\n\n\n\n\n\n                        \n            \n            <section class=\"block-media cnt-2 block-media-mobile-sort-123 blockheight-laptop-1-1 blockheight-tablet-1-1 blockheight-mobile-1-1 blockstyle-highlight block-media-width-same-width\" style=\"margin-top: 80px\">\n\n                \n                \n                    \n                    <div class=\"media media-0 has-media\">\n\n                        \n\n                        \n                            \n                            <picture class=\"s1x-picture-cover jshook-provide-hq-after-dom-loaded \">\n                                <source srcset-hq=\"https:\/\/vanme.de\/wp-content\/uploads\/2025\/08\/Mercedes_Sprinter_Grau_Vanme_1-1by1-v2.jpg\"\n                                        width=\"1500\"\n                                        height=\"1500\">\n\n                                \n                                <source srcset-hq=\"https:\/\/vanme.de\/wp-content\/uploads\/2025\/08\/Mercedes_Sprinter_Grau_Vanme_1-1by1-v2.jpg.webp\"\n                                        width=\"1500\"\n                                        height=\"1500\"\n                                        type=\"image\/webp\">\n\n                                                                <img decoding=\"async\" loading=\"lazy\"\n                                     src=\"https:\/\/vanme.de\/wp-content\/uploads\/2025\/08\/Mercedes_Sprinter_Grau_Vanme_1-1by1-v2-firstload.jpg\"\n                                     width=\"1500\"\n                                     height=\"1500\"\n                                     alt=\"\">\n                            <\/picture>\n\n                        \n                        <div class=\"overlay s1x-absolute-100 has-media                            s1x-tovp-tablapdesk-tr                            s1x-tovp-mob-tr\n                            \">\n\n                            \n                            <div class='headline ff-bebas-ds65 ff-uppercase''>Bunnylounge 2.0<\/div>\n                            <div class='subheadline ff-bebas-ds30'>Mercedes Benz Sprinter<\/div>\n                            \n                            \n                            <a class='s1x-button btn-white-do' href='https:\/\/vanme.de\/campervan-single-pieces\/bunnylounge-2-0\/'>entdecken<\/a>\n                        <\/div>\n\n                        \n                    <\/div>\n\n                \n                    \n                    <div class=\"media media-1 has-media\">\n\n                        \n\n                        \n                            \n                            <picture class=\"s1x-picture-cover jshook-provide-hq-after-dom-loaded \">\n                                <source srcset-hq=\"https:\/\/vanme.de\/wp-content\/uploads\/2026\/02\/bedrock-slider-aussen-v2-DSC09484.jpg\"\n                                        width=\"1260\"\n                                        height=\"1080\">\n\n                                \n                                <source srcset-hq=\"https:\/\/vanme.de\/wp-content\/uploads\/2026\/02\/bedrock-slider-aussen-v2-DSC09484.jpg.webp\"\n                                        width=\"1260\"\n                                        height=\"1080\"\n                                        type=\"image\/webp\">\n\n                                                                <img decoding=\"async\" loading=\"lazy\"\n                                     src=\"https:\/\/vanme.de\/wp-content\/uploads\/2026\/02\/bedrock-slider-aussen-v2-DSC09484-firstload.jpg\"\n                                     width=\"1260\"\n                                     height=\"1080\"\n                                     alt=\"\">\n                            <\/picture>\n\n                        \n                        <div class=\"overlay s1x-absolute-100 has-media                            s1x-tovp-tablapdesk-br                            s1x-tovp-mob-br\n                            \">\n\n                            \n                            <div class='headline ff-bebas-ds65 ff-uppercase''>BEDROCK<\/div>\n                            <div class='subheadline ff-bebas-ds30'>Mercedes Benz Sprinter<\/div>\n                            \n                            \n                            <a class='s1x-button btn-white-do' href='https:\/\/vanme.de\/campervan-single-pieces\/bedrock\/'>entdecken<\/a>\n                        <\/div>\n\n                        \n                    <\/div>\n\n                \n            <\/section>\n\n            \n\n\n\n\n\n\n                        \n            \n            <section class=\"block-media cnt-1 block-media-mobile-sort- blockheight-laptop-100vh blockheight-tablet-1-1 blockheight-mobile-1-1 blockstyle-display block-media-width-\" style=\"margin-top: 0px\">\n\n                \n                \n                    \n                    <div class=\"media media-0 has-media\">\n\n                        \n\n                        \n                            <div class=\"s1x-video\">\n                                <video class=\"jshook-play-video-when-in-viewport \"\n                                       playsinline muted loop\n                                       width=\"1000\"\n                                       height=\"720\"\n                                       preload=\"none\"\n                                       poster=\"https:\/\/vanme.de\/wp-content\/uploads\/2025\/08\/Innenausbau-Straight-Edge-Poster.jpg\">\n                                    <source src=\"https:\/\/vanme.de\/wp-content\/uploads\/2025\/08\/Innenausbau-Straight-Edge.mp4\">\n                                <\/video>\n                            <\/div>\n\n                        \n                        <div class=\"overlay s1x-absolute-100 has-media                            s1x-tovp-tablapdesk-bl                            s1x-tovp-mob-tl\n                            \">\n\n                            <div class='preheadline ff-bebas-ds30'>Mercedes Benz Sprinter<\/div>\n                            <div class='headline ff-bebas-ds130 ff-uppercase''>Straight Edge<\/div>\n                            \n                            \n                            \n                            <a class='s1x-button btn-white-do btn-mixupdown' href='https:\/\/vanme.de\/campervan-single-pieces\/straight-edge\/'>entdecken<\/a>\n                        <\/div>\n\n                        \n                    <\/div>\n\n                \n            <\/section>\n\n            \n\n\n\n\n    <section class=\"block-text center area-align-left\" style=\"margin-top: 180px; max-width: unset\">\n\n        \n                                \n                                            <h2 class=\"ff-bebas-ds80 ff-uppercase hlsize-\"><span class=\"ff-thin\">Vielfalt der<\/span> M\u00f6glichkeiten<\/h2>\n                    \n        \n        <div class=\"ff-bodytext \">\n            <p>Am Anfang steht dein Traum. Am Ende dein Campervan. Dazwischen: jede Menge Leidenschaft. Hier findest du drei weitere Fahrzeuge, die Inspiration f\u00fcr dein eigenes Projekt sein k\u00f6nnen. Jedes davon handgefertigt, jedes davon ein echtes Unikat. Design. Handwerk. Freiheit. Camping \u00e0 la VANME.<\/p>\n        <\/div>\n\n\n                \n    <\/section>\n\n\n\n\n\n\n\n                        \n            \n            <section class=\"block-media cnt-3 block-media-mobile-sort- blockheight-laptop-15-19 blockheight-tablet-15-19 blockheight-mobile-15-19 blockstyle-marginalized block-media-width-\" style=\"margin-top: 20px\">\n\n                \n                \n                    \n                    <div class=\"media media-0 has-media\">\n\n                        \n\n                        \n                            \n                            <picture class=\"s1x-picture-cover jshook-provide-hq-after-dom-loaded \">\n                                <source srcset-hq=\"https:\/\/vanme.de\/wp-content\/uploads\/2025\/10\/dreamdancer-flashyhome.jpg\"\n                                        width=\"1500\"\n                                        height=\"1900\">\n\n                                \n                                <source srcset-hq=\"https:\/\/vanme.de\/wp-content\/uploads\/2025\/10\/dreamdancer-flashyhome.jpg.webp\"\n                                        width=\"1500\"\n                                        height=\"1900\"\n                                        type=\"image\/webp\">\n\n                                                                <img decoding=\"async\" loading=\"lazy\"\n                                     src=\"https:\/\/vanme.de\/wp-content\/uploads\/2025\/10\/dreamdancer-flashyhome-firstload.jpg\"\n                                     width=\"1500\"\n                                     height=\"1900\"\n                                     alt=\"\">\n                            <\/picture>\n\n                        \n                        <div class=\"overlay s1x-absolute-100 has-media                            s1x-tovp-tablapdesk-tc                            s1x-tovp-mob-tc\n                            \">\n\n                            <div class='preheadline ff-lakes-neue-cnd-ds22'>EVERY VAN TELLS A STORY<\/div>\n                            <div class='headline ff-bebas-ds65-drop ff-uppercase''>Dream Dancer<\/div>\n                            \n                            \n                            \n                            <a class='s1x-button btn-white-rec btn-mixupdown' href='https:\/\/vanme.de\/campervan-single-pieces\/dream-dancer\/'>Inspiration finden<\/a>\n                        <\/div>\n\n                        \n                    <\/div>\n\n                \n                    \n                    <div class=\"media media-1 has-media\">\n\n                        \n\n                        \n                            \n                            <picture class=\"s1x-picture-cover jshook-provide-hq-after-dom-loaded \">\n                                <source srcset-hq=\"https:\/\/vanme.de\/wp-content\/uploads\/2025\/10\/hulk-flashyhome.jpg\"\n                                        width=\"1500\"\n                                        height=\"1900\">\n\n                                \n                                <source srcset-hq=\"https:\/\/vanme.de\/wp-content\/uploads\/2025\/10\/hulk-flashyhome.jpg.webp\"\n                                        width=\"1500\"\n                                        height=\"1900\"\n                                        type=\"image\/webp\">\n\n                                                                <img decoding=\"async\" loading=\"lazy\"\n                                     src=\"https:\/\/vanme.de\/wp-content\/uploads\/2025\/10\/hulk-flashyhome-firstload.jpg\"\n                                     width=\"1500\"\n                                     height=\"1900\"\n                                     alt=\"\">\n                            <\/picture>\n\n                        \n                        <div class=\"overlay s1x-absolute-100 has-media                            s1x-tovp-tablapdesk-tc                            s1x-tovp-mob-tc\n                            \">\n\n                            <div class='preheadline ff-lakes-neue-cnd-ds22'>BUILD BY HAND, SHAPED BY VISION<\/div>\n                            <div class='headline ff-bebas-ds65-drop ff-uppercase''>Hulk<\/div>\n                            \n                            \n                            \n                            <a class='s1x-button btn-white-rec btn-mixupdown' href='https:\/\/vanme.de\/campervan-single-pieces\/hulk\/'>Einblicke gewinnen<\/a>\n                        <\/div>\n\n                        \n                    <\/div>\n\n                \n                    \n                    <div class=\"media media-2 has-media\">\n\n                        \n\n                        \n                            \n                            <picture class=\"s1x-picture-cover jshook-provide-hq-after-dom-loaded \">\n                                <source srcset-hq=\"https:\/\/vanme.de\/wp-content\/uploads\/2025\/08\/cosymate-flashyhome.jpg\"\n                                        width=\"1500\"\n                                        height=\"1900\">\n\n                                \n                                <source srcset-hq=\"https:\/\/vanme.de\/wp-content\/uploads\/2025\/08\/cosymate-flashyhome.jpg.webp\"\n                                        width=\"1500\"\n                                        height=\"1900\"\n                                        type=\"image\/webp\">\n\n                                                                <img decoding=\"async\" loading=\"lazy\"\n                                     src=\"https:\/\/vanme.de\/wp-content\/uploads\/2025\/08\/cosymate-flashyhome-firstload.jpg\"\n                                     width=\"1500\"\n                                     height=\"1900\"\n                                     alt=\"\">\n                            <\/picture>\n\n                        \n                        <div class=\"overlay s1x-absolute-100 has-media                            s1x-tovp-tablapdesk-tc                            s1x-tovp-mob-tc\n                            \">\n\n                            <div class='preheadline ff-lakes-neue-cnd-ds22'>EACH VAN A UNIQUE PIECE<\/div>\n                            <div class='headline ff-bebas-ds65-drop ff-uppercase''>Cosy Mate<\/div>\n                            \n                            \n                            \n                            <a class='s1x-button btn-white-rec btn-mixupdown' href='https:\/\/vanme.de\/campervan-single-pieces\/cosy-mate\/'>Entdecke die Vielfalt<\/a>\n                        <\/div>\n\n                        \n                    <\/div>\n\n                \n            <\/section>\n\n            \n\n\n\n\n    <section class=\"block-text right area-align-right\" style=\"margin-top: 80px; max-width: 1300px\">\n\n        \n                                \n                                            <h2 class=\"ff-bebas-ds80 ff-uppercase hlsize-\">Nimm dir kurz Zeit und h\u00f6re zu<\/h2>\n                    \n                    <div class=\"ff-bebas-ds30\"><span class=\"ff-thin\">Die Klangwelt des Reisens in VANME Campervans<\/span><\/div>\n        \n        <div class=\"ff-bodytext \">\n            <p>Reisen ist mehr als Bewegung. Es sind die feinen T\u00f6ne, die Atmosph\u00e4re schaffen: das \u00d6ffnen einer T\u00fcr, das Umr\u00fchren eines Getr\u00e4nks, der Geruch des Holzes. Schlie\u00df die Augen. Sp\u00fcr den Unterschied. Das ist Handarbeit.<\/p>\n        <\/div>\n\n\n                \n    <\/section>\n\n\n\n\n\n    <section class=\"block-audio\" style=\"margin-top: 40px\">\n\n        <div class=\"image-container\">\n            \n            <div class=\"parallelogram-container primary\">\n\n                <picture class=\"s1x-picture-cover jshook-provide-hq-after-dom-loaded parallelogram-image\">\n                    <source srcset-hq=\"https:\/\/vanme.de\/wp-content\/uploads\/2025\/08\/asmr-audio-background-wide.jpg\"\n                            width=\"1500\"\n                            height=\"1002\">\n\n                    \n                    <source srcset-hq=\"https:\/\/vanme.de\/wp-content\/uploads\/2025\/08\/asmr-audio-background-wide.jpg.webp\"\n                            width=\"1500\"\n                            height=\"1002\"\n                            type=\"image\/webp\">\n\n                                        <img loading=\"lazy\" decoding=\"async\" src=\"https:\/\/vanme.de\/wp-content\/uploads\/2025\/08\/asmr-audio-background-wide-firstload.jpg\"\n                         width=\"1500\"\n                         height=\"1002\"\n                         alt=\"\">\n\n                <\/picture>\n\n\n                <div class=\"player-container\">\n                    <canvas class=\"equalizer-canvas\" width=\"600\" height=\"600\"><\/canvas>\n                    <button class=\"play-button\" id=\"playButton\">\u25b6<\/button>\n                <\/div>\n\n                <audio id=\"audioElement\" style=\"display: none;\" preload=\"metadata\" crossorigin=\"anonymous\">\n                    <source src=\"https:\/\/vanme.de\/wp-content\/uploads\/2025\/08\/VanMe-ASMR-V2.mp3\" type=\"audio\/mpeg\">\n                <\/audio>\n\n\n\n            <\/div>\n\n            \n            <div class=\"parallelogram-container secondary\">\n\n                <picture class=\"secondary s1x-picture-cover jshook-provide-hq-after-dom-loaded parallelogram-image\">\n                    <source srcset-hq=\"https:\/\/vanme.de\/wp-content\/uploads\/2025\/07\/take-a-seat-main.jpg\"\n                            width=\"1500\"\n                            height=\"1002\">\n\n                    \n                    <source srcset-hq=\"https:\/\/vanme.de\/wp-content\/uploads\/2025\/07\/take-a-seat-main.jpg.webp\"\n                            width=\"1500\"\n                            height=\"1002\"\n                            type=\"image\/webp\">\n\n                                        <img loading=\"lazy\" decoding=\"async\" src=\"https:\/\/vanme.de\/wp-content\/uploads\/2025\/07\/take-a-seat-main-firstload.jpg\"\n                         width=\"1500\"\n                         height=\"1002\"\n                         alt=\"\">\n\n                <\/picture>\n\n            <\/div>\n\n        <\/div>\n\n\n        <script>\n            class CircularAudioPlayer {\n                constructor() {\n                    this.audio = document.getElementById('audioElement');\n                    this.playButton = document.getElementById('playButton');\n                    this.canvas = document.querySelector('.equalizer-canvas');\n                    this.ctx = this.canvas.getContext('2d');\n\n                    this.isPlaying = false;\n                    this.audioContext = null;\n                    this.analyser = null;\n                    this.dataArray = null;\n                    this.source = null;\n\n                    this.numBars = 100;\n                    this.barWidth = 50;\n                    this.centerX = 300;\n                    this.centerY = 300;\n                    this.innerRadius = 156;\n                    this.outerRadius = 600;\n\n                    this.init();\n                }\n\n                init() {\n                    this.playButton.addEventListener('click', () => this.togglePlay());\n                    this.audio.addEventListener('ended', () => this.stopAudio());\n                    this.audio.addEventListener('loadeddata', () => this.setupAudioContext());\n\n                    this.drawStaticEqualizer();\n\n                    \/\/ Setup audio context when audio is loaded\n                    if (this.audio.src || this.audio.children.length > 0) {\n                        this.setupAudioContext();\n                    }\n                }\n\n                async setupAudioContext() {\n                    if (!this.audioContext) {\n                        this.audioContext = new (window.AudioContext || window.webkitAudioContext)();\n                        this.analyser = this.audioContext.createAnalyser();\n                        this.analyser.fftSize = 512;\n                        this.dataArray = new Uint8Array(this.analyser.frequencyBinCount);\n\n                        this.source = this.audioContext.createMediaElementSource(this.audio);\n                        this.source.connect(this.analyser);\n                        this.analyser.connect(this.audioContext.destination);\n                    }\n                }\n\n                async togglePlay() {\n                    if (!this.audio.src && this.audio.children.length === 0) {\n                        alert('No audio file loaded!');\n                        return;\n                    }\n\n                    if (this.isPlaying) {\n                        this.pauseAudio();\n                    } else {\n                        await this.playAudio();\n                    }\n                }\n\n                async playAudio() {\n                    if (this.audioContext && this.audioContext.state === 'suspended') {\n                        await this.audioContext.resume();\n                    }\n\n                    await this.audio.play();\n                    this.isPlaying = true;\n                    this.playButton.textContent = '\u23f8\ufe0e';\n                    this.startVisualization();\n                }\n\n                pauseAudio() {\n                    this.audio.pause();\n                    this.isPlaying = false;\n                    this.playButton.textContent = '\u25b6';\n                }\n\n                stopAudio() {\n                    this.isPlaying = false;\n                    this.playButton.textContent = '\u25b6';\n                    this.drawStaticEqualizer();\n                }\n\n                startVisualization() {\n                    const animate = () => {\n                        if (this.isPlaying) {\n                            this.analyser.getByteFrequencyData(this.dataArray);\n                            this.drawEqualizer();\n                            requestAnimationFrame(animate);\n                        }\n                    };\n                    animate();\n                }\n\n                drawStaticEqualizer() {\n                    this.ctx.clearRect(0, 0, this.canvas.width, this.canvas.height);\n\n                    for (let i = 0; i < this.numBars; i++) {\n                        const angle = (i \/ this.numBars) * Math.PI * 2;\n                        const x1 = this.centerX + Math.cos(angle) * this.innerRadius;\n                        const y1 = this.centerY + Math.sin(angle) * this.innerRadius;\n                        const x2 = this.centerX + Math.cos(angle) * (this.innerRadius + 15);\n                        const y2 = this.centerY + Math.sin(angle) * (this.innerRadius + 15);\n\n                        this.ctx.strokeStyle = `rgba(255, 255, 255, 0.3)`;\n                        this.ctx.lineWidth = 2;\n                        this.ctx.beginPath();\n                        this.ctx.moveTo(x1, y1);\n                        this.ctx.lineTo(x2, y2);\n                        this.ctx.stroke();\n                    }\n                }\n\n                drawEqualizer() {\n                    this.ctx.clearRect(0, 0, this.canvas.width, this.canvas.height);\n\n                    for (let i = 0; i < this.numBars; i++) {\n                        \/\/ Use logarithmic mapping to focus on lower frequencies where most audio energy is\n                        \/\/ This ensures all bars have activity by concentrating on the audible frequency range\n                        const normalizedIndex = i \/ this.numBars;\n                        const logIndex = Math.pow(normalizedIndex, 1); \/\/ Exponential curve\n                        const dataIndex = Math.floor(logIndex * (this.dataArray.length * 0.6)); \/\/ Use only 60% of frequency range\n\n                        let amplitude = this.dataArray[dataIndex] \/ 255;\n\n                        \/\/ Apply frequency-specific sensitivity adjustments\n                        if (normalizedIndex < 0.25) {\n                            \/\/ Reduce sensitivity for low frequencies (first quarter)\n                            amplitude = Math.pow(amplitude, 1.9); \/\/ Much stronger compression\n                        } else if (normalizedIndex < 0.5) {\n                            \/\/ Moderate reduction for low-mid frequencies\n                            amplitude = Math.pow(amplitude, 1.6);\n                        } else if (normalizedIndex < 0.75) {\n                            \/\/ Slight boost for mid-high frequencies\n                            amplitude = Math.pow(amplitude, 1.6);\n                        } else {\n                            \/\/ Strong boost for high frequencies (last quarter)\n                            amplitude = Math.pow(amplitude, 1.6);\n                        }\n\n                        \/\/ Final amplitude processing\n                        amplitude = Math.min(1, amplitude * 1); \/\/ Overall boost with clamping\n\n                        const barHeight = 5 + amplitude * 35;\n\n                        const angle = (i \/ this.numBars) * Math.PI * 2;\n                        const x1 = this.centerX + Math.cos(angle) * this.innerRadius;\n                        const y1 = this.centerY + Math.sin(angle) * this.innerRadius;\n                        const x2 = this.centerX + Math.cos(angle) * (this.innerRadius + barHeight);\n                        const y2 = this.centerY + Math.sin(angle) * (this.innerRadius + barHeight);\n\n                        \/\/ Create gradient color based on amplitude\n                        const hue = (amplitude * 120 + 240) % 360; \/\/ Blue to red spectrum\n                        const alpha = 0.3 + amplitude * 0.7;\n                        \/\/this.ctx.strokeStyle = `hsla(${hue}, 70%, 60%, ${alpha})`;\n                        this.ctx.strokeStyle = `hsla(0, 70%, 100%, ${alpha})`;\n                        this.ctx.lineWidth = 2;\n\n                        this.ctx.beginPath();\n                        this.ctx.moveTo(x1, y1);\n                        this.ctx.lineTo(x2, y2);\n                        this.ctx.stroke();\n\n                        \/\/ Add glow effect for high amplitudes\n                        if (amplitude > 0.7) {\n                            this.ctx.shadowColor = `hsla(${hue}, 70%, 60%, 0.8)`;\n                            this.ctx.shadowBlur = 10;\n                            this.ctx.stroke();\n                            this.ctx.shadowBlur = 0;\n                        }\n                    }\n                }\n            }\n\n            \/\/ Initialize the player when the page loads\n            window.addEventListener('load', () => {\n                new CircularAudioPlayer();\n            });\n        <\/script>\n\n\n    <\/section>\n\n\n\n\n\n    <section class=\"block-text left area-align-left\" style=\"margin-top: 120px; max-width: unset\">\n\n        \n                                \n                                            <h2 class=\"ff-bebas-ds80 ff-uppercase hlsize-\"><span class=\"ff-thin\">Komponenten die deinen<\/span> Campervan <span class=\"ff-thin\">zum<\/span> Offroad Camper <span class=\"ff-thin\">machen<\/span><\/h2>\n                    \n        \n        <div class=\"ff-bodytext \">\n                    <\/div>\n\n\n                \n    <\/section>\n\n\n\n\n\n\n\n                        \n            \n            <section class=\"block-media cnt-1 block-media-mobile-sort- blockheight-laptop-100vh blockheight-tablet-1-1 blockheight-mobile-1-1 blockstyle-display block-media-width-\" style=\"margin-top: 80px\">\n\n                \n                \n                    \n                    <div class=\"media media-0 has-media\">\n\n                        \n\n                        \n                            \n                            <picture class=\"s1x-picture-cover jshook-provide-hq-after-dom-loaded \">\n                                <source srcset-hq=\"https:\/\/vanme.de\/wp-content\/uploads\/2025\/07\/DSC06220.jpg\"\n                                        width=\"1920\"\n                                        height=\"1282\">\n\n                                \n                                <source srcset-hq=\"https:\/\/vanme.de\/wp-content\/uploads\/2025\/07\/DSC06220.jpg.webp\"\n                                        width=\"1920\"\n                                        height=\"1282\"\n                                        type=\"image\/webp\">\n\n                                                                <img decoding=\"async\" loading=\"lazy\"\n                                     src=\"https:\/\/vanme.de\/wp-content\/uploads\/2025\/07\/DSC06220-firstload.jpg\"\n                                     width=\"1920\"\n                                     height=\"1282\"\n                                     alt=\"\">\n                            <\/picture>\n\n                        \n                        <div class=\"overlay s1x-absolute-100 has-media                            s1x-tovp-tablapdesk-bl                            s1x-tovp-mob-bl\n                            \">\n\n                            <div class='preheadline ff-bebas-ds30'>F\u00fcr die beste Sicht<\/div>\n                            <div class='headline ff-bebas-ds130 ff-uppercase''>Offroad-Scheinwerfer<\/div>\n                            \n                            \n                            \n                            \n                        <\/div>\n\n                        \n                    <\/div>\n\n                \n            <\/section>\n\n            \n\n\n\n\n\n\n                        \n            \n            <section class=\"block-media cnt-2 block-media-mobile-sort-123 blockheight-laptop-4-3 blockheight-tablet-4-3 blockheight-mobile-4-3 blockstyle-display block-media-width-same-width\" style=\"margin-top: 0px\">\n\n                \n                \n                    \n                    <div class=\"media media-0 has-media\">\n\n                        \n\n                        \n                            \n                            <picture class=\"s1x-picture-cover jshook-provide-hq-after-dom-loaded \">\n                                <source srcset-hq=\"https:\/\/vanme.de\/wp-content\/uploads\/2026\/03\/4x4proyect-fahrwerke-dsc05956.jpg\"\n                                        width=\"1920\"\n                                        height=\"1282\">\n\n                                \n                                <source srcset-hq=\"https:\/\/vanme.de\/wp-content\/uploads\/2026\/03\/4x4proyect-fahrwerke-dsc05956.jpg.webp\"\n                                        width=\"1920\"\n                                        height=\"1282\"\n                                        type=\"image\/webp\">\n\n                                                                <img decoding=\"async\" loading=\"lazy\"\n                                     src=\"https:\/\/vanme.de\/wp-content\/uploads\/2026\/03\/4x4proyect-fahrwerke-dsc05956-firstload.jpg\"\n                                     width=\"1920\"\n                                     height=\"1282\"\n                                     alt=\"\">\n                            <\/picture>\n\n                        \n                        <div class=\"overlay s1x-absolute-100 has-media                            s1x-tovp-tablapdesk-bl                            s1x-tovp-mob-bl\n                            \">\n\n                            <div class='preheadline ff-bebas-ds30'>H\u00f6herer Fahrkomfort und Offroadtauglichkeit <\/div>\n                            <div class='headline ff-bebas-ds65 ff-uppercase''>Fahrwerksoptimierung und H\u00f6herlegungen<\/div>\n                            \n                            \n                            \n                            \n                        <\/div>\n\n                        \n                    <\/div>\n\n                \n                    \n                    <div class=\"media media-1 has-media\">\n\n                        \n\n                        \n                            \n                            <picture class=\"s1x-picture-cover jshook-provide-hq-after-dom-loaded \">\n                                <source srcset-hq=\"https:\/\/vanme.de\/wp-content\/uploads\/2025\/07\/DSC03992.jpg\"\n                                        width=\"1920\"\n                                        height=\"1282\">\n\n                                \n                                <source srcset-hq=\"https:\/\/vanme.de\/wp-content\/uploads\/2025\/07\/DSC03992.jpg.webp\"\n                                        width=\"1920\"\n                                        height=\"1282\"\n                                        type=\"image\/webp\">\n\n                                                                <img decoding=\"async\" loading=\"lazy\"\n                                     src=\"https:\/\/vanme.de\/wp-content\/uploads\/2025\/07\/DSC03992-firstload.jpg\"\n                                     width=\"1920\"\n                                     height=\"1282\"\n                                     alt=\"\">\n                            <\/picture>\n\n                        \n                        <div class=\"overlay s1x-absolute-100 has-media                            s1x-tovp-tablapdesk-br                            s1x-tovp-mob-br\n                            \">\n\n                            <div class='preheadline ff-bebas-ds30'>Mehr Style durch<\/div>\n                            <div class='headline ff-bebas-ds65 ff-uppercase''>Signature Rim<\/div>\n                            \n                            \n                            \n                            \n                        <\/div>\n\n                        \n                    <\/div>\n\n                \n            <\/section>\n\n            \n\n\n\n\n\n\n                        \n            \n            <section class=\"block-media cnt-1 block-media-mobile-sort- blockheight-laptop-none blockheight-tablet-none blockheight-mobile-none blockstyle-display block-media-width-\" style=\"margin-top: 120px\">\n\n                \n                \n                    \n                    <div class=\"media media-0 has-media\">\n\n                        <a href='https:\/\/vanme.de\/bobo-der-campinganhaenger\/'>\n\n                        \n                            \n                            <picture class=\"s1x-picture-cover jshook-provide-hq-after-dom-loaded \">\n                                <source srcset-hq=\"https:\/\/vanme.de\/wp-content\/uploads\/2025\/07\/bobo-frontpage-edit.jpg\"\n                                        width=\"1920\"\n                                        height=\"1280\">\n\n                                \n                                <source srcset-hq=\"https:\/\/vanme.de\/wp-content\/uploads\/2025\/07\/bobo-frontpage-edit.jpg.webp\"\n                                        width=\"1920\"\n                                        height=\"1280\"\n                                        type=\"image\/webp\">\n\n                                                                <img decoding=\"async\" loading=\"lazy\"\n                                     src=\"https:\/\/vanme.de\/wp-content\/uploads\/2025\/07\/bobo-frontpage-edit-firstload.jpg\"\n                                     width=\"1920\"\n                                     height=\"1280\"\n                                     alt=\"\">\n                            <\/picture>\n\n                        \n                        <div class=\"overlay s1x-absolute-100 has-media                            s1x-tovp-tablapdesk-tl                            s1x-tovp-mob-tl\n                            \">\n\n                            \n                            \n                            \n                            \n                            \n                            \n                        <\/div>\n\n                        <\/a>\n                    <\/div>\n\n                \n            <\/section>\n\n            \n\n\n\n\n    <section class=\"block-text left area-align-left\" style=\"margin-top: 80px; max-width: unset\">\n\n        \n                                \n                                            <h2 class=\"ff-bebas-ds80 ff-uppercase hlsize-\"><span class=\"ff-thin\">Exklusive<\/span> Accessoires <span class=\"ff-thin\">f\u00fcr Individualisten<\/span><\/h2>\n                    \n        \n        <div class=\"ff-bodytext \">\n                    <\/div>\n\n\n                \n    <\/section>\n\n\n\n\n\n    <section class=\"block-imageslider-text image-ar-3-2\" style=\"margin-top: 40px\">\n\n                            \n                <div class=\"jshook-swiper-imageslider-text swiper\">\n                    <div class=\"swiper-wrapper\">\n\n                        \n                            <div class=\"swiper-slide\">\n\n                                <a href=\"https:\/\/vanme.de\/accessoires\/ventilkappen\/\">\n                                    \n                                    <picture class=\"s1x-picture-cover jshook-provide-hq-after-dom-loaded\">\n                                        <source srcset-hq=\"https:\/\/vanme.de\/wp-content\/uploads\/2025\/07\/accessoires-slider-ventilkappen-1.jpg\"\n                                                width=\"1500\"\n                                                height=\"1000\">\n\n                                        \n                                        <source srcset-hq=\"https:\/\/vanme.de\/wp-content\/uploads\/2025\/07\/accessoires-slider-ventilkappen-1.jpg.webp\"\n                                                width=\"1500\"\n                                                height=\"1000\"\n                                                type=\"image\/webp\">\n\n                                                                                <img decoding=\"async\" loading=\"lazy\"\n                                             src=\"https:\/\/vanme.de\/wp-content\/uploads\/2025\/07\/accessoires-slider-ventilkappen-1-firstload.jpg\"\n                                             width=\"1500\"\n                                             height=\"1000\"\n                                             alt=\"\">\n                                    <\/picture>\n\n                                                                            <h3 class=\"ff-bodytext ff-uppercase ff-bodytext-bold\">Ventilkappen<\/h3>\n                                    \n                                                                            <p class=\"ff-bodytext\">Die VANME Ventilkappen aus hochwertigem Aluminium setzen stilvolle Akzente, sch\u00fctzen zuverl\u00e4ssig vor Staub und Schmutz und verleihen deinem Offroad Camper dank eingraviertem Logo ein starkes Statement.<\/p>\n                                    \n                                <\/a>\n                            <\/div>\n\n                        \n                            <div class=\"swiper-slide\">\n\n                                <a href=\"https:\/\/vanme.de\/accessoires\/signature-rim-just-black\/\">\n                                    \n                                    <picture class=\"s1x-picture-cover jshook-provide-hq-after-dom-loaded\">\n                                        <source srcset-hq=\"https:\/\/vanme.de\/wp-content\/uploads\/2025\/07\/accessoires-slider-signaturerimblack.jpg\"\n                                                width=\"1500\"\n                                                height=\"1000\">\n\n                                        \n                                        <source srcset-hq=\"https:\/\/vanme.de\/wp-content\/uploads\/2025\/07\/accessoires-slider-signaturerimblack.jpg.webp\"\n                                                width=\"1500\"\n                                                height=\"1000\"\n                                                type=\"image\/webp\">\n\n                                                                                <img decoding=\"async\" loading=\"lazy\"\n                                             src=\"https:\/\/vanme.de\/wp-content\/uploads\/2025\/07\/accessoires-slider-signaturerimblack-firstload.jpg\"\n                                             width=\"1500\"\n                                             height=\"1000\"\n                                             alt=\"\">\n                                    <\/picture>\n\n                                                                            <h3 class=\"ff-bodytext ff-uppercase ff-bodytext-bold\">Signature Rim DEEP BLACK<\/h3>\n                                    \n                                                                            <p class=\"ff-bodytext\">Die VANME Signature Felge Revolution kombiniert edles Bicolor-Finish in Schwarz matt mit maximaler Stabilit\u00e4t und geringem Gewicht \u2013 perfekt f\u00fcr Campervans, SUVs und Pick-ups, die Performance und Design vereinen wollen.<\/p>\n                                    \n                                <\/a>\n                            <\/div>\n\n                        \n                            <div class=\"swiper-slide\">\n\n                                <a href=\"https:\/\/vanme.de\/accessoires\/fussmatte\/\">\n                                    \n                                    <picture class=\"s1x-picture-cover jshook-provide-hq-after-dom-loaded\">\n                                        <source srcset-hq=\"https:\/\/vanme.de\/wp-content\/uploads\/2025\/07\/accessoires-slider-fussmatten-1.jpg\"\n                                                width=\"1500\"\n                                                height=\"1000\">\n\n                                        \n                                        <source srcset-hq=\"https:\/\/vanme.de\/wp-content\/uploads\/2025\/07\/accessoires-slider-fussmatten-1.jpg.webp\"\n                                                width=\"1500\"\n                                                height=\"1000\"\n                                                type=\"image\/webp\">\n\n                                                                                <img decoding=\"async\" loading=\"lazy\"\n                                             src=\"https:\/\/vanme.de\/wp-content\/uploads\/2025\/07\/accessoires-slider-fussmatten-1-firstload.jpg\"\n                                             width=\"1500\"\n                                             height=\"1000\"\n                                             alt=\"\">\n                                    <\/picture>\n\n                                                                            <h3 class=\"ff-bodytext ff-uppercase ff-bodytext-bold\">VANME Interior-Matten<\/h3>\n                                    \n                                                                            <p class=\"ff-bodytext\">Die schwarzen VANME Fu\u00dfmatten \u00fcberzeugen mit weichem Material, edler Optik und robustem Finish \u2013 passgenau f\u00fcr Fiat Ducato, VW Crafter, MAN TGE und Mercedes Sprinter.<\/p>\n                                    \n                                <\/a>\n                            <\/div>\n\n                        \n                            <div class=\"swiper-slide\">\n\n                                <a href=\"https:\/\/vanme.de\/accessoires\/aura-design-konsole\/\">\n                                    \n                                    <picture class=\"s1x-picture-cover jshook-provide-hq-after-dom-loaded\">\n                                        <source srcset-hq=\"https:\/\/vanme.de\/wp-content\/uploads\/2025\/07\/accessoires-slider-kommode.jpg\"\n                                                width=\"1500\"\n                                                height=\"1000\">\n\n                                        \n                                        <source srcset-hq=\"https:\/\/vanme.de\/wp-content\/uploads\/2025\/07\/accessoires-slider-kommode.jpg.webp\"\n                                                width=\"1500\"\n                                                height=\"1000\"\n                                                type=\"image\/webp\">\n\n                                                                                <img decoding=\"async\" loading=\"lazy\"\n                                             src=\"https:\/\/vanme.de\/wp-content\/uploads\/2025\/07\/accessoires-slider-kommode-firstload.jpg\"\n                                             width=\"1500\"\n                                             height=\"1000\"\n                                             alt=\"\">\n                                    <\/picture>\n\n                                                                            <h3 class=\"ff-bodytext ff-uppercase ff-bodytext-bold\">AURA \u2013 Design Konsole<\/h3>\n                                    \n                                                                            <p class=\"ff-bodytext\">Klare Linien, warme Holzrahmung und mattschwarze Oberfl\u00e4che vereinen sich zu moderner Eleganz \u2013 handgefertigt f\u00fcr alle, die Funktion und \u00c4sthetik auf h\u00f6chstem Niveau sch\u00e4tzen.<\/p>\n                                    \n                                <\/a>\n                            <\/div>\n\n                        \n                            <div class=\"swiper-slide\">\n\n                                <a href=\"https:\/\/vanme.de\/accessoires\/verde-ambient-sideboard\/\">\n                                    \n                                    <picture class=\"s1x-picture-cover jshook-provide-hq-after-dom-loaded\">\n                                        <source srcset-hq=\"https:\/\/vanme.de\/wp-content\/uploads\/2025\/07\/accessoires-slider-raumtrenner.jpg\"\n                                                width=\"1500\"\n                                                height=\"1000\">\n\n                                        \n                                        <source srcset-hq=\"https:\/\/vanme.de\/wp-content\/uploads\/2025\/07\/accessoires-slider-raumtrenner.jpg.webp\"\n                                                width=\"1500\"\n                                                height=\"1000\"\n                                                type=\"image\/webp\">\n\n                                                                                <img decoding=\"async\" loading=\"lazy\"\n                                             src=\"https:\/\/vanme.de\/wp-content\/uploads\/2025\/07\/accessoires-slider-raumtrenner-firstload.jpg\"\n                                             width=\"1500\"\n                                             height=\"1000\"\n                                             alt=\"\">\n                                    <\/picture>\n\n                                                                            <h3 class=\"ff-bodytext ff-uppercase ff-bodytext-bold\">VERDE \u2013 Ambient-Sideboard<\/h3>\n                                    \n                                                                            <p class=\"ff-bodytext\">Sanft gerundeter Holzrahmen, tiefmatte Fl\u00e4chen und integrierte Beleuchtung setzen jedes Detail perfekt in Szene \u2013 geschaffen f\u00fcr Menschen, die das Besondere sch\u00e4tzen.<\/p>\n                                    \n                                <\/a>\n                            <\/div>\n\n                        \n                            <div class=\"swiper-slide\">\n\n                                <a href=\"https:\/\/vanme.de\/accessoires\/pioneers-in-design-hoodie-black\/\">\n                                    \n                                    <picture class=\"s1x-picture-cover jshook-provide-hq-after-dom-loaded\">\n                                        <source srcset-hq=\"https:\/\/vanme.de\/wp-content\/uploads\/2025\/07\/accessoires-slider-hoodieblack-1.jpg\"\n                                                width=\"1500\"\n                                                height=\"1000\">\n\n                                        \n                                        <source srcset-hq=\"https:\/\/vanme.de\/wp-content\/uploads\/2025\/07\/accessoires-slider-hoodieblack-1.jpg.webp\"\n                                                width=\"1500\"\n                                                height=\"1000\"\n                                                type=\"image\/webp\">\n\n                                                                                <img decoding=\"async\" loading=\"lazy\"\n                                             src=\"https:\/\/vanme.de\/wp-content\/uploads\/2025\/07\/accessoires-slider-hoodieblack-1-firstload.jpg\"\n                                             width=\"1500\"\n                                             height=\"1000\"\n                                             alt=\"\">\n                                    <\/picture>\n\n                                                                            <h3 class=\"ff-bodytext ff-uppercase ff-bodytext-bold\">Pioneers in Design Hoodie BLACK<\/h3>\n                                    \n                                                                            <p class=\"ff-bodytext\">Der VANME x Carhartt Hoodie kombiniert schwere Baumwolle, maximalen Tragekomfort und ikonischen \u201ePioneers in Design\u201c-Print \u2013 ein Statement f\u00fcr Handwerk, Mut und individuelle Abenteuer.<\/p>\n                                    \n                                <\/a>\n                            <\/div>\n\n                        \n                            <div class=\"swiper-slide\">\n\n                                <a href=\"https:\/\/vanme.de\/accessoires\/pioneers-in-design-shirt-black\/\">\n                                    \n                                    <picture class=\"s1x-picture-cover jshook-provide-hq-after-dom-loaded\">\n                                        <source srcset-hq=\"https:\/\/vanme.de\/wp-content\/uploads\/2025\/07\/accessoires-slider-tshirtblack.jpg\"\n                                                width=\"1500\"\n                                                height=\"1000\">\n\n                                        \n                                        <source srcset-hq=\"https:\/\/vanme.de\/wp-content\/uploads\/2025\/07\/accessoires-slider-tshirtblack.jpg.webp\"\n                                                width=\"1500\"\n                                                height=\"1000\"\n                                                type=\"image\/webp\">\n\n                                                                                <img decoding=\"async\" loading=\"lazy\"\n                                             src=\"https:\/\/vanme.de\/wp-content\/uploads\/2025\/07\/accessoires-slider-tshirtblack-firstload.jpg\"\n                                             width=\"1500\"\n                                             height=\"1000\"\n                                             alt=\"\">\n                                    <\/picture>\n\n                                                                            <h3 class=\"ff-bodytext ff-uppercase ff-bodytext-bold\">Signature Workwear Tee BLACK<\/h3>\n                                    \n                                                                            <p class=\"ff-bodytext\">Das VANME x Carhartt T-Shirt kombiniert strapazierf\u00e4hige Baumwolle, ikonisches Pocket-Detail und markantes VANME-Logo \u2013 ein Statement f\u00fcr Handwerk, Authentizit\u00e4t und individuelles Design.<\/p>\n                                    \n                                <\/a>\n                            <\/div>\n\n                        \n                            <div class=\"swiper-slide\">\n\n                                <a href=\"https:\/\/vanme.de\/accessoires\/pioneers-in-design-shirt-white\/\">\n                                    \n                                    <picture class=\"s1x-picture-cover jshook-provide-hq-after-dom-loaded\">\n                                        <source srcset-hq=\"https:\/\/vanme.de\/wp-content\/uploads\/2025\/07\/accessoires-slider-tshirtweiss_heller.jpg\"\n                                                width=\"1500\"\n                                                height=\"1000\">\n\n                                        \n                                        <source srcset-hq=\"https:\/\/vanme.de\/wp-content\/uploads\/2025\/07\/accessoires-slider-tshirtweiss_heller.jpg.webp\"\n                                                width=\"1500\"\n                                                height=\"1000\"\n                                                type=\"image\/webp\">\n\n                                                                                <img decoding=\"async\" loading=\"lazy\"\n                                             src=\"https:\/\/vanme.de\/wp-content\/uploads\/2025\/07\/accessoires-slider-tshirtweiss_heller-firstload.jpg\"\n                                             width=\"1500\"\n                                             height=\"1000\"\n                                             alt=\"\">\n                                    <\/picture>\n\n                                                                            <h3 class=\"ff-bodytext ff-uppercase ff-bodytext-bold\">Signature Workwear Tee WHITE<\/h3>\n                                    \n                                                                            <p class=\"ff-bodytext\">Das VANME x Carhartt T-Shirt kombiniert robuste Baumwolle, ikonisches Brustfach und markantes VANME-Logo \u2013 ein Statement f\u00fcr Handwerk, Authentizit\u00e4t und zeitloses Design.<\/p>\n                                    \n                                <\/a>\n                            <\/div>\n\n                        \n                            <div class=\"swiper-slide\">\n\n                                <a href=\"https:\/\/vanme.de\/accessoires\/vanme-welcome-light\/\">\n                                    \n                                    <picture class=\"s1x-picture-cover jshook-provide-hq-after-dom-loaded\">\n                                        <source srcset-hq=\"https:\/\/vanme.de\/wp-content\/uploads\/2025\/10\/led-welcome-light-DSC07784-fwresize.jpg\"\n                                                width=\"1920\"\n                                                height=\"1282\">\n\n                                        \n                                        <source srcset-hq=\"https:\/\/vanme.de\/wp-content\/uploads\/2025\/10\/led-welcome-light-DSC07784-fwresize.jpg.webp\"\n                                                width=\"1920\"\n                                                height=\"1282\"\n                                                type=\"image\/webp\">\n\n                                                                                <img decoding=\"async\" loading=\"lazy\"\n                                             src=\"https:\/\/vanme.de\/wp-content\/uploads\/2025\/10\/led-welcome-light-DSC07784-fwresize-firstload.jpg\"\n                                             width=\"1920\"\n                                             height=\"1282\"\n                                             alt=\"\">\n                                    <\/picture>\n\n                                                                            <h3 class=\"ff-bodytext ff-uppercase ff-bodytext-bold\">VANME Welcome Light<\/h3>\n                                    \n                                                                            <p class=\"ff-bodytext\">Das VANME Welcome Light projiziert beim \u00d6ffnen der T\u00fcr das VANME-Brandmark als LED-Licht pr\u00e4zise auf den Boden. Ein exklusives Detail, das Stil und Funktion vereint \u2013 f\u00fcr einen unverwechselbaren Auftritt bei jedem Einstieg.<\/p>\n                                    \n                                <\/a>\n                            <\/div>\n\n                        \n                            <div class=\"swiper-slide\">\n\n                                <a href=\"https:\/\/vanme.de\/accessoires\/vanme-keycase\/\">\n                                    \n                                    <picture class=\"s1x-picture-cover jshook-provide-hq-after-dom-loaded\">\n                                        <source srcset-hq=\"https:\/\/vanme.de\/wp-content\/uploads\/2025\/10\/keycase-footer.jpg\"\n                                                width=\"1920\"\n                                                height=\"1080\">\n\n                                        \n                                        <source srcset-hq=\"https:\/\/vanme.de\/wp-content\/uploads\/2025\/10\/keycase-footer.jpg.webp\"\n                                                width=\"1920\"\n                                                height=\"1080\"\n                                                type=\"image\/webp\">\n\n                                                                                <img decoding=\"async\" loading=\"lazy\"\n                                             src=\"https:\/\/vanme.de\/wp-content\/uploads\/2025\/10\/keycase-footer-firstload.jpg\"\n                                             width=\"1920\"\n                                             height=\"1080\"\n                                             alt=\"\">\n                                    <\/picture>\n\n                                                                            <h3 class=\"ff-bodytext ff-uppercase ff-bodytext-bold\">VANME Keycase<\/h3>\n                                    \n                                                                            <p class=\"ff-bodytext\">Das VANME Key Case aus feinstem Leder sch\u00fctzt deinen Mercedes-Benz Sprinter Schl\u00fcssel und setzt zugleich ein stilvolles Statement.<br \/>\r\nMit Logo-Pr\u00e4gung, VANME-Brandmark und optionaler Ausf\u00fchrung in Wunschfarbe oder Alcantara \u2013 Premium-Design f\u00fcr den ersten Moment jeder Fahrt.<\/p>\n                                    \n                                <\/a>\n                            <\/div>\n\n                        \n                    <\/div>\n\n                    <div class=\"swiper-buttons swiper-button-prev cssimg\"><\/div>\n                    <div class=\"swiper-buttons swiper-button-next\"><\/div>\n\n                <\/div>\n\n                    \n    <\/section>\n\n\n\n\n\n\n                        \n            \n            <section class=\"block-media cnt-1 block-media-mobile-sort- blockheight-laptop-100vh blockheight-tablet-1-1 blockheight-mobile-1-1 blockstyle-display block-media-width-\" style=\"margin-top: 80px\">\n\n                \n                \n                    \n                    <div class=\"media media-0 has-media\">\n\n                        <a href='https:\/\/vanme.de\/follow-on-instagram\/'>\n\n                        \n                            \n                            <picture class=\"s1x-picture-cover jshook-provide-hq-after-dom-loaded \">\n                                <source srcset-hq=\"https:\/\/vanme.de\/wp-content\/uploads\/2025\/11\/follow-us-IMG_7104-retouch.jpg\"\n                                        width=\"1920\"\n                                        height=\"1080\">\n\n                                \n                                <source srcset-hq=\"https:\/\/vanme.de\/wp-content\/uploads\/2025\/11\/follow-us-IMG_7104-retouch.jpg.webp\"\n                                        width=\"1920\"\n                                        height=\"1080\"\n                                        type=\"image\/webp\">\n\n                                                                <img decoding=\"async\" loading=\"lazy\"\n                                     src=\"https:\/\/vanme.de\/wp-content\/uploads\/2025\/11\/follow-us-IMG_7104-retouch-firstload.jpg\"\n                                     width=\"1920\"\n                                     height=\"1080\"\n                                     alt=\"\">\n                            <\/picture>\n\n                        \n                        <div class=\"overlay s1x-absolute-100 has-media                            s1x-tovp-tablapdesk-bl                            s1x-tovp-mob-bl\n                            \">\n\n                            <div class='preheadline ff-bebas-ds30'>Follow us on<\/div>\n                            <div class='headline ff-bebas-ds130 ff-uppercase''>Instagram<\/div>\n                            \n                            \n                            \n                            \n                        <\/div>\n\n                        <\/a>\n                    <\/div>\n\n                \n            <\/section>\n\n            \n\n\n\n\n\n\n                        \n            \n            <section class=\"block-media cnt-1 block-media-mobile-sort- blockheight-laptop-100vh blockheight-tablet-1-1 blockheight-mobile-1-1 blockstyle-display block-media-width-\" style=\"margin-top: 0px\">\n\n                \n                \n                    \n                    <div class=\"media media-0 has-media\">\n\n                        <a href='https:\/\/vanme.de\/karriere\/'>\n\n                        \n                            \n                            <picture class=\"s1x-picture-cover jshook-provide-hq-after-dom-loaded \">\n                                <source srcset-hq=\"https:\/\/vanme.de\/wp-content\/uploads\/2025\/09\/DSC03719.jpg\"\n                                        width=\"1920\"\n                                        height=\"1282\">\n\n                                \n                                <source srcset-hq=\"https:\/\/vanme.de\/wp-content\/uploads\/2025\/09\/DSC03719.jpg.webp\"\n                                        width=\"1920\"\n                                        height=\"1282\"\n                                        type=\"image\/webp\">\n\n                                                                <img decoding=\"async\" loading=\"lazy\"\n                                     src=\"https:\/\/vanme.de\/wp-content\/uploads\/2025\/09\/DSC03719-firstload.jpg\"\n                                     width=\"1920\"\n                                     height=\"1282\"\n                                     alt=\"\">\n                            <\/picture>\n\n                        \n                        <div class=\"overlay s1x-absolute-100 has-media                            s1x-tovp-tablapdesk-bl                            s1x-tovp-mob-bl\n                            \">\n\n                            \n                            <div class='headline ff-bebas-ds130 ff-uppercase''>Karriere<\/div>\n                            <div class='subheadline ff-bebas-ds30'>Jetzt bei VANME bewerben<\/div>\n                            \n                            \n                            \n                        <\/div>\n\n                        <\/a>\n                    <\/div>\n\n                \n            <\/section>\n\n            \n\n","protected":false},"excerpt":{"rendered":"","protected":false},"author":1,"featured_media":490,"parent":0,"menu_order":0,"comment_status":"closed","ping_status":"open","template":"","meta":{"_acf_changed":false,"footnotes":""},"class_list":["post-2","page","type-page","status-publish","has-post-thumbnail","hentry"],"acf":[],"_links":{"self":[{"href":"https:\/\/vanme.de\/wp-json\/wp\/v2\/pages\/2","targetHints":{"allow":["GET"]}}],"collection":[{"href":"https:\/\/vanme.de\/wp-json\/wp\/v2\/pages"}],"about":[{"href":"https:\/\/vanme.de\/wp-json\/wp\/v2\/types\/page"}],"author":[{"embeddable":true,"href":"https:\/\/vanme.de\/wp-json\/wp\/v2\/users\/1"}],"replies":[{"embeddable":true,"href":"https:\/\/vanme.de\/wp-json\/wp\/v2\/comments?post=2"}],"version-history":[{"count":30,"href":"https:\/\/vanme.de\/wp-json\/wp\/v2\/pages\/2\/revisions"}],"predecessor-version":[{"id":21459,"href":"https:\/\/vanme.de\/wp-json\/wp\/v2\/pages\/2\/revisions\/21459"}],"wp:featuredmedia":[{"embeddable":true,"href":"https:\/\/vanme.de\/wp-json\/wp\/v2\/media\/490"}],"wp:attachment":[{"href":"https:\/\/vanme.de\/wp-json\/wp\/v2\/media?parent=2"}],"curies":[{"name":"wp","href":"https:\/\/api.w.org\/{rel}","templated":true}]}}