{"id":254,"date":"2023-04-04T12:53:47","date_gmt":"2023-04-04T12:53:47","guid":{"rendered":"https:\/\/transform-network.net\/?page_id=254"},"modified":"2025-11-19T17:55:56","modified_gmt":"2025-11-19T16:55:56","slug":"board","status":"publish","type":"page","link":"https:\/\/transform-network.net\/board\/","title":{"rendered":"Board &#038; Political Coordination"},"content":{"rendered":"<div class=\"section-title\">\n<h2>Board<\/h2>\n<\/div>\n\t<div class=\"board-list \">\r\n\t\t\t\t\t<div class=\"\">\r\n\t\t\t\t<div class=\"row\">\r\n\t\t\t\t\t\t\t\r\n\t\t\t\t\t\t\r\n\t\t\t\t\t\t<div class=\"col-sm-6 col-md-3 person\">\t\r\n\t\t\t\t\t\t\t<div class=\"person-image\">\t\t\t\t\t\t\t\t\r\n\t\t\t\t\t\t\t\t<a class=\"image-container\" href=\"https:\/\/transform-network.net\/person\/heidemarie-ambrosch\/\">\r\n\t\t\t\t\t\t\t\t\t<img loading=\"lazy\" decoding=\"async\" width=\"193\" height=\"300\" src=\"https:\/\/transform-network.net\/wp-content\/uploads\/2025\/11\/Heidi-web-gerade-klein-193x300.jpg\" class=\"attachment-medium size-medium\" alt=\"\" srcset=\"https:\/\/transform-network.net\/wp-content\/uploads\/2025\/11\/Heidi-web-gerade-klein-193x300.jpg 193w, https:\/\/transform-network.net\/wp-content\/uploads\/2025\/11\/Heidi-web-gerade-klein-657x1024.jpg 657w, https:\/\/transform-network.net\/wp-content\/uploads\/2025\/11\/Heidi-web-gerade-klein-768x1197.jpg 768w, https:\/\/transform-network.net\/wp-content\/uploads\/2025\/11\/Heidi-web-gerade-klein-986x1536.jpg 986w, https:\/\/transform-network.net\/wp-content\/uploads\/2025\/11\/Heidi-web-gerade-klein-1314x2048.jpg 1314w, https:\/\/transform-network.net\/wp-content\/uploads\/2025\/11\/Heidi-web-gerade-klein-scaled.jpg 1643w\" sizes=\"auto, (max-width: 193px) 100vw, 193px\" \/>\t\t\t\t\t\t\t\t<\/a>\r\n\t\t\t\t\t\t\t<\/div>\t\t\t\t\t\t\t\t\r\n\t\t\t\t\t\t\t<div class=\"post-info\">\t\t\t\t\t\t\t\r\n\t\t\t\t\t\t\t\t<a href=\"https:\/\/transform-network.net\/person\/heidemarie-ambrosch\/\">\r\n\t\t\t\t\t\t\t\t\t<h3 class=\"post-title\">\r\n\t\t\t\t\t\t\t\t\t\tHeidemarie Ambrosch\t\t\t\t\t\t\t\t\t\t<div class=\"person-title\">Austria<\/div>\t\t\t\t\t\t\t\t\t<\/h3>\r\n\t\t\t\t\t\t\t\t<\/a>\r\n\t\t\t\t\t\t\t\t\t\t\t\t\t\t\t<\/div>\r\n\t\t\t\t\t\t<\/div>\t\r\n\t\t\t\r\n\t\t\t\t\t\t\r\n\t\t\t\t\t\t<div class=\"col-sm-6 col-md-3 person\">\t\r\n\t\t\t\t\t\t\t<div class=\"person-image\">\t\t\t\t\t\t\t\t\r\n\t\t\t\t\t\t\t\t<a class=\"image-container\" href=\"https:\/\/transform-network.net\/person\/marga-ferre\/\">\r\n\t\t\t\t\t\t\t\t\t<img loading=\"lazy\" decoding=\"async\" width=\"200\" height=\"300\" src=\"https:\/\/transform-network.net\/wp-content\/uploads\/2023\/09\/marga1-200x300.jpg\" class=\"attachment-medium size-medium\" alt=\"\" srcset=\"https:\/\/transform-network.net\/wp-content\/uploads\/2023\/09\/marga1-200x300.jpg 200w, https:\/\/transform-network.net\/wp-content\/uploads\/2023\/09\/marga1-683x1024.jpg 683w, https:\/\/transform-network.net\/wp-content\/uploads\/2023\/09\/marga1-768x1152.jpg 768w, https:\/\/transform-network.net\/wp-content\/uploads\/2023\/09\/marga1-1024x1536.jpg 1024w, https:\/\/transform-network.net\/wp-content\/uploads\/2023\/09\/marga1-1365x2048.jpg 1365w, https:\/\/transform-network.net\/wp-content\/uploads\/2023\/09\/marga1-scaled.jpg 1707w\" sizes=\"auto, (max-width: 200px) 100vw, 200px\" \/>\t\t\t\t\t\t\t\t<\/a>\r\n\t\t\t\t\t\t\t<\/div>\t\t\t\t\t\t\t\t\r\n\t\t\t\t\t\t\t<div class=\"post-info\">\t\t\t\t\t\t\t\r\n\t\t\t\t\t\t\t\t<a href=\"https:\/\/transform-network.net\/person\/marga-ferre\/\">\r\n\t\t\t\t\t\t\t\t\t<h3 class=\"post-title\">\r\n\t\t\t\t\t\t\t\t\t\tMarga Ferr\u00e9\t\t\t\t\t\t\t\t\t\t<div class=\"person-title\">President<br>Political Coordination<br>Spain<\/div>\t\t\t\t\t\t\t\t\t<\/h3>\r\n\t\t\t\t\t\t\t\t<\/a>\r\n\t\t\t\t\t\t\t\t\t\t\t\t\t\t\t<\/div>\r\n\t\t\t\t\t\t<\/div>\t\r\n\t\t\t\r\n\t\t\t\t\t\t\r\n\t\t\t\t\t\t<div class=\"col-sm-6 col-md-3 person\">\t\r\n\t\t\t\t\t\t\t<div class=\"person-image\">\t\t\t\t\t\t\t\t\r\n\t\t\t\t\t\t\t\t<a class=\"image-container\" href=\"https:\/\/transform-network.net\/person\/boris-kanzleiter-2\/\">\r\n\t\t\t\t\t\t\t\t\t<img loading=\"lazy\" decoding=\"async\" width=\"212\" height=\"300\" src=\"https:\/\/transform-network.net\/wp-content\/uploads\/2025\/11\/Foto-Boris-Kanzleiter-weiser-hintergrund-klein-212x300.jpg\" class=\"attachment-medium size-medium\" alt=\"\" srcset=\"https:\/\/transform-network.net\/wp-content\/uploads\/2025\/11\/Foto-Boris-Kanzleiter-weiser-hintergrund-klein-212x300.jpg 212w, https:\/\/transform-network.net\/wp-content\/uploads\/2025\/11\/Foto-Boris-Kanzleiter-weiser-hintergrund-klein-724x1024.jpg 724w, https:\/\/transform-network.net\/wp-content\/uploads\/2025\/11\/Foto-Boris-Kanzleiter-weiser-hintergrund-klein-768x1086.jpg 768w, https:\/\/transform-network.net\/wp-content\/uploads\/2025\/11\/Foto-Boris-Kanzleiter-weiser-hintergrund-klein-1086x1536.jpg 1086w, https:\/\/transform-network.net\/wp-content\/uploads\/2025\/11\/Foto-Boris-Kanzleiter-weiser-hintergrund-klein-1448x2048.jpg 1448w, https:\/\/transform-network.net\/wp-content\/uploads\/2025\/11\/Foto-Boris-Kanzleiter-weiser-hintergrund-klein-scaled.jpg 1810w\" sizes=\"auto, (max-width: 212px) 100vw, 212px\" \/>\t\t\t\t\t\t\t\t<\/a>\r\n\t\t\t\t\t\t\t<\/div>\t\t\t\t\t\t\t\t\r\n\t\t\t\t\t\t\t<div class=\"post-info\">\t\t\t\t\t\t\t\r\n\t\t\t\t\t\t\t\t<a href=\"https:\/\/transform-network.net\/person\/boris-kanzleiter-2\/\">\r\n\t\t\t\t\t\t\t\t\t<h3 class=\"post-title\">\r\n\t\t\t\t\t\t\t\t\t\tBoris Kanzleiter\t\t\t\t\t\t\t\t\t\t<div class=\"person-title\">Germany<\/div>\t\t\t\t\t\t\t\t\t<\/h3>\r\n\t\t\t\t\t\t\t\t<\/a>\r\n\t\t\t\t\t\t\t\t\t\t\t\t\t\t\t<\/div>\r\n\t\t\t\t\t\t<\/div>\t\r\n\t\t\t\r\n\t\t\t\t\t\t\r\n\t\t\t\t\t\t<div class=\"col-sm-6 col-md-3 person\">\t\r\n\t\t\t\t\t\t\t<div class=\"person-image\">\t\t\t\t\t\t\t\t\r\n\t\t\t\t\t\t\t\t<a class=\"image-container\" href=\"https:\/\/transform-network.net\/person\/czeslaw-kulesza\/\">\r\n\t\t\t\t\t\t\t\t\t<img loading=\"lazy\" decoding=\"async\" width=\"208\" height=\"300\" src=\"https:\/\/transform-network.net\/wp-content\/uploads\/2025\/11\/Czeslaw-web-klein-final-208x300.jpg\" class=\"attachment-medium size-medium\" alt=\"\" srcset=\"https:\/\/transform-network.net\/wp-content\/uploads\/2025\/11\/Czeslaw-web-klein-final-208x300.jpg 208w, https:\/\/transform-network.net\/wp-content\/uploads\/2025\/11\/Czeslaw-web-klein-final-709x1024.jpg 709w, https:\/\/transform-network.net\/wp-content\/uploads\/2025\/11\/Czeslaw-web-klein-final-768x1109.jpg 768w, https:\/\/transform-network.net\/wp-content\/uploads\/2025\/11\/Czeslaw-web-klein-final-1063x1536.jpg 1063w, https:\/\/transform-network.net\/wp-content\/uploads\/2025\/11\/Czeslaw-web-klein-final-1418x2048.jpg 1418w, https:\/\/transform-network.net\/wp-content\/uploads\/2025\/11\/Czeslaw-web-klein-final-scaled.jpg 1772w\" sizes=\"auto, (max-width: 208px) 100vw, 208px\" \/>\t\t\t\t\t\t\t\t<\/a>\r\n\t\t\t\t\t\t\t<\/div>\t\t\t\t\t\t\t\t\r\n\t\t\t\t\t\t\t<div class=\"post-info\">\t\t\t\t\t\t\t\r\n\t\t\t\t\t\t\t\t<a href=\"https:\/\/transform-network.net\/person\/czeslaw-kulesza\/\">\r\n\t\t\t\t\t\t\t\t\t<h3 class=\"post-title\">\r\n\t\t\t\t\t\t\t\t\t\tCzes\u0142aw Kulesza\t\t\t\t\t\t\t\t\t\t<div class=\"person-title\">Poland<\/div>\t\t\t\t\t\t\t\t\t<\/h3>\r\n\t\t\t\t\t\t\t\t<\/a>\r\n\t\t\t\t\t\t\t\t\t\t\t\t\t\t\t<\/div>\r\n\t\t\t\t\t\t<\/div>\t\r\n\t\t\t\r\n\t\t\t\t\t\t\r\n\t\t\t\t\t\t<div class=\"col-sm-6 col-md-3 person\">\t\r\n\t\t\t\t\t\t\t<div class=\"person-image\">\t\t\t\t\t\t\t\t\r\n\t\t\t\t\t\t\t\t<a class=\"image-container\" href=\"https:\/\/transform-network.net\/person\/yann-le-lann\/\">\r\n\t\t\t\t\t\t\t\t\t<img loading=\"lazy\" decoding=\"async\" width=\"191\" height=\"300\" src=\"https:\/\/transform-network.net\/wp-content\/uploads\/2025\/11\/yann-web-klein-191x300.jpg\" class=\"attachment-medium size-medium\" alt=\"\" srcset=\"https:\/\/transform-network.net\/wp-content\/uploads\/2025\/11\/yann-web-klein-191x300.jpg 191w, https:\/\/transform-network.net\/wp-content\/uploads\/2025\/11\/yann-web-klein-652x1024.jpg 652w, https:\/\/transform-network.net\/wp-content\/uploads\/2025\/11\/yann-web-klein-768x1207.jpg 768w, https:\/\/transform-network.net\/wp-content\/uploads\/2025\/11\/yann-web-klein-978x1536.jpg 978w, https:\/\/transform-network.net\/wp-content\/uploads\/2025\/11\/yann-web-klein-1303x2048.jpg 1303w, https:\/\/transform-network.net\/wp-content\/uploads\/2025\/11\/yann-web-klein-scaled.jpg 1629w\" sizes=\"auto, (max-width: 191px) 100vw, 191px\" \/>\t\t\t\t\t\t\t\t<\/a>\r\n\t\t\t\t\t\t\t<\/div>\t\t\t\t\t\t\t\t\r\n\t\t\t\t\t\t\t<div class=\"post-info\">\t\t\t\t\t\t\t\r\n\t\t\t\t\t\t\t\t<a href=\"https:\/\/transform-network.net\/person\/yann-le-lann\/\">\r\n\t\t\t\t\t\t\t\t\t<h3 class=\"post-title\">\r\n\t\t\t\t\t\t\t\t\t\tYann Le Lann\t\t\t\t\t\t\t\t\t\t<div class=\"person-title\">Vice President<br>Political Coordination<br>France<\/div>\t\t\t\t\t\t\t\t\t<\/h3>\r\n\t\t\t\t\t\t\t\t<\/a>\r\n\t\t\t\t\t\t\t\t\t\t\t\t\t\t\t<\/div>\r\n\t\t\t\t\t\t<\/div>\t\r\n\t\t\t\r\n\t\t\t\t\t\t\r\n\t\t\t\t\t\t<div class=\"col-sm-6 col-md-3 person\">\t\r\n\t\t\t\t\t\t\t<div class=\"person-image\">\t\t\t\t\t\t\t\t\r\n\t\t\t\t\t\t\t\t<a class=\"image-container\" href=\"https:\/\/transform-network.net\/person\/jiri-malek\/\">\r\n\t\t\t\t\t\t\t\t\t<img loading=\"lazy\" decoding=\"async\" width=\"197\" height=\"300\" src=\"https:\/\/transform-network.net\/wp-content\/uploads\/2025\/11\/Jiri-web-klein-197x300.jpg\" class=\"attachment-medium size-medium\" alt=\"\" srcset=\"https:\/\/transform-network.net\/wp-content\/uploads\/2025\/11\/Jiri-web-klein-197x300.jpg 197w, https:\/\/transform-network.net\/wp-content\/uploads\/2025\/11\/Jiri-web-klein-674x1024.jpg 674w, https:\/\/transform-network.net\/wp-content\/uploads\/2025\/11\/Jiri-web-klein-768x1167.jpg 768w, https:\/\/transform-network.net\/wp-content\/uploads\/2025\/11\/Jiri-web-klein-1011x1536.jpg 1011w, https:\/\/transform-network.net\/wp-content\/uploads\/2025\/11\/Jiri-web-klein-1348x2048.jpg 1348w, https:\/\/transform-network.net\/wp-content\/uploads\/2025\/11\/Jiri-web-klein-scaled.jpg 1685w\" sizes=\"auto, (max-width: 197px) 100vw, 197px\" \/>\t\t\t\t\t\t\t\t<\/a>\r\n\t\t\t\t\t\t\t<\/div>\t\t\t\t\t\t\t\t\r\n\t\t\t\t\t\t\t<div class=\"post-info\">\t\t\t\t\t\t\t\r\n\t\t\t\t\t\t\t\t<a href=\"https:\/\/transform-network.net\/person\/jiri-malek\/\">\r\n\t\t\t\t\t\t\t\t\t<h3 class=\"post-title\">\r\n\t\t\t\t\t\t\t\t\t\tJi\u0159\u00ed M\u00e1lek\t\t\t\t\t\t\t\t\t\t<div class=\"person-title\">Czech Republic<\/div>\t\t\t\t\t\t\t\t\t<\/h3>\r\n\t\t\t\t\t\t\t\t<\/a>\r\n\t\t\t\t\t\t\t\t\t\t\t\t\t\t\t<\/div>\r\n\t\t\t\t\t\t<\/div>\t\r\n\t\t\t\r\n\t\t\t\t\t\t\r\n\t\t\t\t\t\t<div class=\"col-sm-6 col-md-3 person\">\t\r\n\t\t\t\t\t\t\t<div class=\"person-image\">\t\t\t\t\t\t\t\t\r\n\t\t\t\t\t\t\t\t<a class=\"image-container\" href=\"https:\/\/transform-network.net\/person\/roberto-musacchio\/\">\r\n\t\t\t\t\t\t\t\t\t<img loading=\"lazy\" decoding=\"async\" width=\"200\" height=\"300\" src=\"https:\/\/transform-network.net\/wp-content\/uploads\/2025\/11\/Roberto-Musacchio-2-gros-200x300.jpg\" class=\"attachment-medium size-medium\" alt=\"\" srcset=\"https:\/\/transform-network.net\/wp-content\/uploads\/2025\/11\/Roberto-Musacchio-2-gros-200x300.jpg 200w, https:\/\/transform-network.net\/wp-content\/uploads\/2025\/11\/Roberto-Musacchio-2-gros-683x1024.jpg 683w, https:\/\/transform-network.net\/wp-content\/uploads\/2025\/11\/Roberto-Musacchio-2-gros-768x1151.jpg 768w, https:\/\/transform-network.net\/wp-content\/uploads\/2025\/11\/Roberto-Musacchio-2-gros-1025x1536.jpg 1025w, https:\/\/transform-network.net\/wp-content\/uploads\/2025\/11\/Roberto-Musacchio-2-gros-1367x2048.jpg 1367w, https:\/\/transform-network.net\/wp-content\/uploads\/2025\/11\/Roberto-Musacchio-2-gros-scaled.jpg 1708w\" sizes=\"auto, (max-width: 200px) 100vw, 200px\" \/>\t\t\t\t\t\t\t\t<\/a>\r\n\t\t\t\t\t\t\t<\/div>\t\t\t\t\t\t\t\t\r\n\t\t\t\t\t\t\t<div class=\"post-info\">\t\t\t\t\t\t\t\r\n\t\t\t\t\t\t\t\t<a href=\"https:\/\/transform-network.net\/person\/roberto-musacchio\/\">\r\n\t\t\t\t\t\t\t\t\t<h3 class=\"post-title\">\r\n\t\t\t\t\t\t\t\t\t\tRoberto Musacchio\t\t\t\t\t\t\t\t\t\t<div class=\"person-title\">Italy<\/div>\t\t\t\t\t\t\t\t\t<\/h3>\r\n\t\t\t\t\t\t\t\t<\/a>\r\n\t\t\t\t\t\t\t\t\t\t\t\t\t\t\t<\/div>\r\n\t\t\t\t\t\t<\/div>\t\r\n\t\t\t\r\n\t\t\t\t\t\t\r\n\t\t\t\t\t\t<div class=\"col-sm-6 col-md-3 person\">\t\r\n\t\t\t\t\t\t\t<div class=\"person-image\">\t\t\t\t\t\t\t\t\r\n\t\t\t\t\t\t\t\t<a class=\"image-container\" href=\"https:\/\/transform-network.net\/person\/anna-nygard\/\">\r\n\t\t\t\t\t\t\t\t\t<img loading=\"lazy\" decoding=\"async\" width=\"190\" height=\"300\" src=\"https:\/\/transform-network.net\/wp-content\/uploads\/2025\/11\/Anna-web-weis-190x300.jpg\" class=\"attachment-medium size-medium\" alt=\"\" srcset=\"https:\/\/transform-network.net\/wp-content\/uploads\/2025\/11\/Anna-web-weis-190x300.jpg 190w, https:\/\/transform-network.net\/wp-content\/uploads\/2025\/11\/Anna-web-weis-647x1024.jpg 647w, https:\/\/transform-network.net\/wp-content\/uploads\/2025\/11\/Anna-web-weis-768x1215.jpg 768w, https:\/\/transform-network.net\/wp-content\/uploads\/2025\/11\/Anna-web-weis-971x1536.jpg 971w, https:\/\/transform-network.net\/wp-content\/uploads\/2025\/11\/Anna-web-weis-1295x2048.jpg 1295w, https:\/\/transform-network.net\/wp-content\/uploads\/2025\/11\/Anna-web-weis-scaled.jpg 1618w\" sizes=\"auto, (max-width: 190px) 100vw, 190px\" \/>\t\t\t\t\t\t\t\t<\/a>\r\n\t\t\t\t\t\t\t<\/div>\t\t\t\t\t\t\t\t\r\n\t\t\t\t\t\t\t<div class=\"post-info\">\t\t\t\t\t\t\t\r\n\t\t\t\t\t\t\t\t<a href=\"https:\/\/transform-network.net\/person\/anna-nygard\/\">\r\n\t\t\t\t\t\t\t\t\t<h3 class=\"post-title\">\r\n\t\t\t\t\t\t\t\t\t\tAnna Nygard\t\t\t\t\t\t\t\t\t\t<div class=\"person-title\">Sweden<\/div>\t\t\t\t\t\t\t\t\t<\/h3>\r\n\t\t\t\t\t\t\t\t<\/a>\r\n\t\t\t\t\t\t\t\t\t\t\t\t\t\t\t<\/div>\r\n\t\t\t\t\t\t<\/div>\t\r\n\t\t\t\r\n\t\t\t\t\t\t\r\n\t\t\t\t\t\t<div class=\"col-sm-6 col-md-3 person\">\t\r\n\t\t\t\t\t\t\t<div class=\"person-image\">\t\t\t\t\t\t\t\t\r\n\t\t\t\t\t\t\t\t<a class=\"image-container\" href=\"https:\/\/transform-network.net\/person\/jukka-pietilainen\/\">\r\n\t\t\t\t\t\t\t\t\t<img loading=\"lazy\" decoding=\"async\" width=\"199\" height=\"300\" src=\"https:\/\/transform-network.net\/wp-content\/uploads\/2025\/11\/Jukka-web-compressed-199x300.jpg\" class=\"attachment-medium size-medium\" alt=\"\" srcset=\"https:\/\/transform-network.net\/wp-content\/uploads\/2025\/11\/Jukka-web-compressed-199x300.jpg 199w, https:\/\/transform-network.net\/wp-content\/uploads\/2025\/11\/Jukka-web-compressed-680x1024.jpg 680w, https:\/\/transform-network.net\/wp-content\/uploads\/2025\/11\/Jukka-web-compressed-768x1156.jpg 768w, https:\/\/transform-network.net\/wp-content\/uploads\/2025\/11\/Jukka-web-compressed-1020x1536.jpg 1020w, https:\/\/transform-network.net\/wp-content\/uploads\/2025\/11\/Jukka-web-compressed-1361x2048.jpg 1361w, https:\/\/transform-network.net\/wp-content\/uploads\/2025\/11\/Jukka-web-compressed-scaled.jpg 1701w\" sizes=\"auto, (max-width: 199px) 100vw, 199px\" \/>\t\t\t\t\t\t\t\t<\/a>\r\n\t\t\t\t\t\t\t<\/div>\t\t\t\t\t\t\t\t\r\n\t\t\t\t\t\t\t<div class=\"post-info\">\t\t\t\t\t\t\t\r\n\t\t\t\t\t\t\t\t<a href=\"https:\/\/transform-network.net\/person\/jukka-pietilainen\/\">\r\n\t\t\t\t\t\t\t\t\t<h3 class=\"post-title\">\r\n\t\t\t\t\t\t\t\t\t\tJukka Pietil\u00e4inen\t\t\t\t\t\t\t\t\t\t<div class=\"person-title\">Vice President<br>Political Coordination<br>Finland<\/div>\t\t\t\t\t\t\t\t\t<\/h3>\r\n\t\t\t\t\t\t\t\t<\/a>\r\n\t\t\t\t\t\t\t\t\t\t\t\t\t\t\t<\/div>\r\n\t\t\t\t\t\t<\/div>\t\r\n\t\t\t\r\n\t\t\t\t\t\t\t\t\t\t\r\n\t\t\t\t\t\t\t\r\n\r\n\t\t\t\t<\/div>\r\n\t\t\t<\/div>\r\n\t\t\t<\/div>\r\n\t\t\r\n\t\t\r\n\t\r\n\r\n\n<div class=\"section-title\">\n<h2>Political Coordination<\/h2>\n<\/div>\n<p style=\"text-align: center;\">\t<div class=\"board-list \">\r\n\t\t\t\t\t<div class=\"\">\r\n\t\t\t\t<div class=\"row\">\r\n\t\t\t\t\t\t\t\r\n\t\t\t\t\t\t\r\n\t\t\t\t\t\t<div class=\"col-sm-6 col-md-3 person\">\t\r\n\t\t\t\t\t\t\t<div class=\"person-image\">\t\t\t\t\t\t\t\t\r\n\t\t\t\t\t\t\t\t<a class=\"image-container\" href=\"https:\/\/transform-network.net\/person\/marga-ferre\/\">\r\n\t\t\t\t\t\t\t\t\t<img loading=\"lazy\" decoding=\"async\" width=\"200\" height=\"300\" src=\"https:\/\/transform-network.net\/wp-content\/uploads\/2023\/09\/marga1-200x300.jpg\" class=\"attachment-medium size-medium\" alt=\"\" srcset=\"https:\/\/transform-network.net\/wp-content\/uploads\/2023\/09\/marga1-200x300.jpg 200w, https:\/\/transform-network.net\/wp-content\/uploads\/2023\/09\/marga1-683x1024.jpg 683w, https:\/\/transform-network.net\/wp-content\/uploads\/2023\/09\/marga1-768x1152.jpg 768w, https:\/\/transform-network.net\/wp-content\/uploads\/2023\/09\/marga1-1024x1536.jpg 1024w, https:\/\/transform-network.net\/wp-content\/uploads\/2023\/09\/marga1-1365x2048.jpg 1365w, https:\/\/transform-network.net\/wp-content\/uploads\/2023\/09\/marga1-scaled.jpg 1707w\" sizes=\"auto, (max-width: 200px) 100vw, 200px\" \/>\t\t\t\t\t\t\t\t<\/a>\r\n\t\t\t\t\t\t\t<\/div>\t\t\t\t\t\t\t\t\r\n\t\t\t\t\t\t\t<div class=\"post-info\">\t\t\t\t\t\t\t\r\n\t\t\t\t\t\t\t\t<a href=\"https:\/\/transform-network.net\/person\/marga-ferre\/\">\r\n\t\t\t\t\t\t\t\t\t<h3 class=\"post-title\">\r\n\t\t\t\t\t\t\t\t\t\tMarga Ferr\u00e9\t\t\t\t\t\t\t\t\t\t<div class=\"person-title\">President<br>Political Coordination<br>Spain<\/div>\t\t\t\t\t\t\t\t\t<\/h3>\r\n\t\t\t\t\t\t\t\t<\/a>\r\n\t\t\t\t\t\t\t\t\t\t\t\t\t\t\t<\/div>\r\n\t\t\t\t\t\t<\/div>\t\r\n\t\t\t\r\n\t\t\t\t\t\t\r\n\t\t\t\t\t\t<div class=\"col-sm-6 col-md-3 person\">\t\r\n\t\t\t\t\t\t\t<div class=\"person-image\">\t\t\t\t\t\t\t\t\r\n\t\t\t\t\t\t\t\t<a class=\"image-container\" href=\"https:\/\/transform-network.net\/person\/yann-le-lann\/\">\r\n\t\t\t\t\t\t\t\t\t<img loading=\"lazy\" decoding=\"async\" width=\"191\" height=\"300\" src=\"https:\/\/transform-network.net\/wp-content\/uploads\/2025\/11\/yann-web-klein-191x300.jpg\" class=\"attachment-medium size-medium\" alt=\"\" srcset=\"https:\/\/transform-network.net\/wp-content\/uploads\/2025\/11\/yann-web-klein-191x300.jpg 191w, https:\/\/transform-network.net\/wp-content\/uploads\/2025\/11\/yann-web-klein-652x1024.jpg 652w, https:\/\/transform-network.net\/wp-content\/uploads\/2025\/11\/yann-web-klein-768x1207.jpg 768w, https:\/\/transform-network.net\/wp-content\/uploads\/2025\/11\/yann-web-klein-978x1536.jpg 978w, https:\/\/transform-network.net\/wp-content\/uploads\/2025\/11\/yann-web-klein-1303x2048.jpg 1303w, https:\/\/transform-network.net\/wp-content\/uploads\/2025\/11\/yann-web-klein-scaled.jpg 1629w\" sizes=\"auto, (max-width: 191px) 100vw, 191px\" \/>\t\t\t\t\t\t\t\t<\/a>\r\n\t\t\t\t\t\t\t<\/div>\t\t\t\t\t\t\t\t\r\n\t\t\t\t\t\t\t<div class=\"post-info\">\t\t\t\t\t\t\t\r\n\t\t\t\t\t\t\t\t<a href=\"https:\/\/transform-network.net\/person\/yann-le-lann\/\">\r\n\t\t\t\t\t\t\t\t\t<h3 class=\"post-title\">\r\n\t\t\t\t\t\t\t\t\t\tYann Le Lann\t\t\t\t\t\t\t\t\t\t<div class=\"person-title\">Vice President<br>Political Coordination<br>France<\/div>\t\t\t\t\t\t\t\t\t<\/h3>\r\n\t\t\t\t\t\t\t\t<\/a>\r\n\t\t\t\t\t\t\t\t\t\t\t\t\t\t\t<\/div>\r\n\t\t\t\t\t\t<\/div>\t\r\n\t\t\t\r\n\t\t\t\t\t\t\r\n\t\t\t\t\t\t<div class=\"col-sm-6 col-md-3 person\">\t\r\n\t\t\t\t\t\t\t<div class=\"person-image\">\t\t\t\t\t\t\t\t\r\n\t\t\t\t\t\t\t\t<a class=\"image-container\" href=\"https:\/\/transform-network.net\/person\/jukka-pietilainen\/\">\r\n\t\t\t\t\t\t\t\t\t<img loading=\"lazy\" decoding=\"async\" width=\"199\" height=\"300\" src=\"https:\/\/transform-network.net\/wp-content\/uploads\/2025\/11\/Jukka-web-compressed-199x300.jpg\" class=\"attachment-medium size-medium\" alt=\"\" srcset=\"https:\/\/transform-network.net\/wp-content\/uploads\/2025\/11\/Jukka-web-compressed-199x300.jpg 199w, https:\/\/transform-network.net\/wp-content\/uploads\/2025\/11\/Jukka-web-compressed-680x1024.jpg 680w, https:\/\/transform-network.net\/wp-content\/uploads\/2025\/11\/Jukka-web-compressed-768x1156.jpg 768w, https:\/\/transform-network.net\/wp-content\/uploads\/2025\/11\/Jukka-web-compressed-1020x1536.jpg 1020w, https:\/\/transform-network.net\/wp-content\/uploads\/2025\/11\/Jukka-web-compressed-1361x2048.jpg 1361w, https:\/\/transform-network.net\/wp-content\/uploads\/2025\/11\/Jukka-web-compressed-scaled.jpg 1701w\" sizes=\"auto, (max-width: 199px) 100vw, 199px\" \/>\t\t\t\t\t\t\t\t<\/a>\r\n\t\t\t\t\t\t\t<\/div>\t\t\t\t\t\t\t\t\r\n\t\t\t\t\t\t\t<div class=\"post-info\">\t\t\t\t\t\t\t\r\n\t\t\t\t\t\t\t\t<a href=\"https:\/\/transform-network.net\/person\/jukka-pietilainen\/\">\r\n\t\t\t\t\t\t\t\t\t<h3 class=\"post-title\">\r\n\t\t\t\t\t\t\t\t\t\tJukka Pietil\u00e4inen\t\t\t\t\t\t\t\t\t\t<div class=\"person-title\">Vice President<br>Political Coordination<br>Finland<\/div>\t\t\t\t\t\t\t\t\t<\/h3>\r\n\t\t\t\t\t\t\t\t<\/a>\r\n\t\t\t\t\t\t\t\t\t\t\t\t\t\t\t<\/div>\r\n\t\t\t\t\t\t<\/div>\t\r\n\t\t\t\r\n\t\t\t\t\t\t\r\n\t\t\t\t\t\t<div class=\"col-sm-6 col-md-3 person\">\t\r\n\t\t\t\t\t\t\t<div class=\"person-image\">\t\t\t\t\t\t\t\t\r\n\t\t\t\t\t\t\t\t<a class=\"image-container\" href=\"https:\/\/transform-network.net\/person\/barbara-steiner\/\">\r\n\t\t\t\t\t\t\t\t\t<img loading=\"lazy\" decoding=\"async\" width=\"205\" height=\"300\" src=\"https:\/\/transform-network.net\/wp-content\/uploads\/2025\/11\/barbara-website-205x300.jpg\" class=\"attachment-medium size-medium\" alt=\"\" srcset=\"https:\/\/transform-network.net\/wp-content\/uploads\/2025\/11\/barbara-website-205x300.jpg 205w, https:\/\/transform-network.net\/wp-content\/uploads\/2025\/11\/barbara-website-700x1024.jpg 700w, https:\/\/transform-network.net\/wp-content\/uploads\/2025\/11\/barbara-website-768x1124.jpg 768w, https:\/\/transform-network.net\/wp-content\/uploads\/2025\/11\/barbara-website-1050x1536.jpg 1050w, https:\/\/transform-network.net\/wp-content\/uploads\/2025\/11\/barbara-website-1400x2048.jpg 1400w, https:\/\/transform-network.net\/wp-content\/uploads\/2025\/11\/barbara-website.jpg 1568w\" sizes=\"auto, (max-width: 205px) 100vw, 205px\" \/>\t\t\t\t\t\t\t\t<\/a>\r\n\t\t\t\t\t\t\t<\/div>\t\t\t\t\t\t\t\t\r\n\t\t\t\t\t\t\t<div class=\"post-info\">\t\t\t\t\t\t\t\r\n\t\t\t\t\t\t\t\t<a href=\"https:\/\/transform-network.net\/person\/barbara-steiner\/\">\r\n\t\t\t\t\t\t\t\t\t<h3 class=\"post-title\">\r\n\t\t\t\t\t\t\t\t\t\tBarbara Steiner\t\t\t\t\t\t\t\t\t\t<div class=\"person-title\">Director<br>Political Coordination<br>Austria<\/div>\t\t\t\t\t\t\t\t\t<\/h3>\r\n\t\t\t\t\t\t\t\t<\/a>\r\n\t\t\t\t\t\t\t\t<div class=\"\"><a class=\"\" href=\"mailto:steiner@transform-network.net\">steiner@transform-network.net<\/a><\/div>\t\t\t\t\t\t\t<\/div>\r\n\t\t\t\t\t\t<\/div>\t\r\n\t\t\t\r\n\t\t\t\t\t\t\t\t\t\t\r\n\t\t\t\t\t\t\t\r\n\r\n\t\t\t\t<\/div>\r\n\t\t\t<\/div>\r\n\t\t\t<\/div>\n<h4>\u00a0<\/h4>\n","protected":false},"excerpt":{"rendered":"<p>Board Political Coordination \u00a0<\/p>\n","protected":false},"author":1,"featured_media":0,"parent":0,"menu_order":0,"comment_status":"closed","ping_status":"closed","template":"","meta":{"_acf_changed":false,"_monsterinsights_skip_tracking":false,"_monsterinsights_sitenote_active":false,"_monsterinsights_sitenote_note":"","_monsterinsights_sitenote_category":0,"_uf_show_specific_survey":0,"_uf_disable_surveys":false,"footnotes":""},"class_list":["post-254","page","type-page","status-publish","hentry"],"acf":[],"yoast_head":"<!-- This site is optimized with the Yoast SEO plugin v27.4 - https:\/\/yoast.com\/product\/yoast-seo-wordpress\/ -->\n<title>Board &amp; Political Coordination - transform!europe<\/title>\n<meta name=\"robots\" content=\"index, follow, max-snippet:-1, max-image-preview:large, max-video-preview:-1\" \/>\n<link rel=\"canonical\" href=\"https:\/\/transform-network.net\/board\/\" \/>\n<meta property=\"og:locale\" content=\"en_US\" \/>\n<meta property=\"og:type\" content=\"article\" \/>\n<meta property=\"og:title\" content=\"Board &amp; Political Coordination - transform!europe\" \/>\n<meta property=\"og:description\" content=\"Board Political Coordination \u00a0\" \/>\n<meta property=\"og:url\" content=\"https:\/\/transform-network.net\/board\/\" \/>\n<meta property=\"og:site_name\" content=\"transform!europe\" \/>\n<meta property=\"article:modified_time\" content=\"2025-11-19T16:55:56+00:00\" \/>\n<meta name=\"twitter:card\" content=\"summary_large_image\" \/>\n<meta name=\"twitter:label1\" content=\"Est. reading time\" \/>\n\t<meta name=\"twitter:data1\" content=\"1 minute\" \/>\n<script type=\"application\/ld+json\" class=\"yoast-schema-graph\">{\"@context\":\"https:\\\/\\\/schema.org\",\"@graph\":[{\"@type\":\"WebPage\",\"@id\":\"https:\\\/\\\/transform-network.net\\\/board\\\/\",\"url\":\"https:\\\/\\\/transform-network.net\\\/board\\\/\",\"name\":\"Board & Political Coordination - transform!europe\",\"isPartOf\":{\"@id\":\"https:\\\/\\\/transform-network.net\\\/#website\"},\"datePublished\":\"2023-04-04T12:53:47+00:00\",\"dateModified\":\"2025-11-19T16:55:56+00:00\",\"breadcrumb\":{\"@id\":\"https:\\\/\\\/transform-network.net\\\/board\\\/#breadcrumb\"},\"inLanguage\":\"en-US\",\"potentialAction\":[{\"@type\":\"ReadAction\",\"target\":[\"https:\\\/\\\/transform-network.net\\\/board\\\/\"]}]},{\"@type\":\"BreadcrumbList\",\"@id\":\"https:\\\/\\\/transform-network.net\\\/board\\\/#breadcrumb\",\"itemListElement\":[{\"@type\":\"ListItem\",\"position\":1,\"name\":\"Home\",\"item\":\"https:\\\/\\\/transform-network.net\\\/\"},{\"@type\":\"ListItem\",\"position\":2,\"name\":\"Board &#038; Political Coordination\"}]},{\"@type\":\"WebSite\",\"@id\":\"https:\\\/\\\/transform-network.net\\\/#website\",\"url\":\"https:\\\/\\\/transform-network.net\\\/\",\"name\":\"transform!europe\",\"description\":\"\u0395uropean network for alternative thinking and political dialogue\",\"publisher\":{\"@id\":\"https:\\\/\\\/transform-network.net\\\/#organization\"},\"potentialAction\":[{\"@type\":\"SearchAction\",\"target\":{\"@type\":\"EntryPoint\",\"urlTemplate\":\"https:\\\/\\\/transform-network.net\\\/?s={search_term_string}\"},\"query-input\":{\"@type\":\"PropertyValueSpecification\",\"valueRequired\":true,\"valueName\":\"search_term_string\"}}],\"inLanguage\":\"en-US\"},{\"@type\":\"Organization\",\"@id\":\"https:\\\/\\\/transform-network.net\\\/#organization\",\"name\":\"transform!europe\",\"url\":\"https:\\\/\\\/transform-network.net\\\/\",\"logo\":{\"@type\":\"ImageObject\",\"inLanguage\":\"en-US\",\"@id\":\"https:\\\/\\\/transform-network.net\\\/#\\\/schema\\\/logo\\\/image\\\/\",\"url\":\"https:\\\/\\\/transform-network.net\\\/wp-content\\\/uploads\\\/2023\\\/03\\\/transform_logo_2016-n.svg\",\"contentUrl\":\"https:\\\/\\\/transform-network.net\\\/wp-content\\\/uploads\\\/2023\\\/03\\\/transform_logo_2016-n.svg\",\"caption\":\"transform!europe\"},\"image\":{\"@id\":\"https:\\\/\\\/transform-network.net\\\/#\\\/schema\\\/logo\\\/image\\\/\"}}]}<\/script>\n<!-- \/ Yoast SEO plugin. -->","yoast_head_json":{"title":"Board & Political Coordination - transform!europe","robots":{"index":"index","follow":"follow","max-snippet":"max-snippet:-1","max-image-preview":"max-image-preview:large","max-video-preview":"max-video-preview:-1"},"canonical":"https:\/\/transform-network.net\/board\/","og_locale":"en_US","og_type":"article","og_title":"Board & Political Coordination - transform!europe","og_description":"Board Political Coordination \u00a0","og_url":"https:\/\/transform-network.net\/board\/","og_site_name":"transform!europe","article_modified_time":"2025-11-19T16:55:56+00:00","twitter_card":"summary_large_image","twitter_misc":{"Est. reading time":"1 minute"},"schema":{"@context":"https:\/\/schema.org","@graph":[{"@type":"WebPage","@id":"https:\/\/transform-network.net\/board\/","url":"https:\/\/transform-network.net\/board\/","name":"Board & Political Coordination - transform!europe","isPartOf":{"@id":"https:\/\/transform-network.net\/#website"},"datePublished":"2023-04-04T12:53:47+00:00","dateModified":"2025-11-19T16:55:56+00:00","breadcrumb":{"@id":"https:\/\/transform-network.net\/board\/#breadcrumb"},"inLanguage":"en-US","potentialAction":[{"@type":"ReadAction","target":["https:\/\/transform-network.net\/board\/"]}]},{"@type":"BreadcrumbList","@id":"https:\/\/transform-network.net\/board\/#breadcrumb","itemListElement":[{"@type":"ListItem","position":1,"name":"Home","item":"https:\/\/transform-network.net\/"},{"@type":"ListItem","position":2,"name":"Board &#038; Political Coordination"}]},{"@type":"WebSite","@id":"https:\/\/transform-network.net\/#website","url":"https:\/\/transform-network.net\/","name":"transform!europe","description":"\u0395uropean network for alternative thinking and political dialogue","publisher":{"@id":"https:\/\/transform-network.net\/#organization"},"potentialAction":[{"@type":"SearchAction","target":{"@type":"EntryPoint","urlTemplate":"https:\/\/transform-network.net\/?s={search_term_string}"},"query-input":{"@type":"PropertyValueSpecification","valueRequired":true,"valueName":"search_term_string"}}],"inLanguage":"en-US"},{"@type":"Organization","@id":"https:\/\/transform-network.net\/#organization","name":"transform!europe","url":"https:\/\/transform-network.net\/","logo":{"@type":"ImageObject","inLanguage":"en-US","@id":"https:\/\/transform-network.net\/#\/schema\/logo\/image\/","url":"https:\/\/transform-network.net\/wp-content\/uploads\/2023\/03\/transform_logo_2016-n.svg","contentUrl":"https:\/\/transform-network.net\/wp-content\/uploads\/2023\/03\/transform_logo_2016-n.svg","caption":"transform!europe"},"image":{"@id":"https:\/\/transform-network.net\/#\/schema\/logo\/image\/"}}]}},"_links":{"self":[{"href":"https:\/\/transform-network.net\/wp-json\/wp\/v2\/pages\/254","targetHints":{"allow":["GET"]}}],"collection":[{"href":"https:\/\/transform-network.net\/wp-json\/wp\/v2\/pages"}],"about":[{"href":"https:\/\/transform-network.net\/wp-json\/wp\/v2\/types\/page"}],"author":[{"embeddable":true,"href":"https:\/\/transform-network.net\/wp-json\/wp\/v2\/users\/1"}],"replies":[{"embeddable":true,"href":"https:\/\/transform-network.net\/wp-json\/wp\/v2\/comments?post=254"}],"version-history":[{"count":13,"href":"https:\/\/transform-network.net\/wp-json\/wp\/v2\/pages\/254\/revisions"}],"predecessor-version":[{"id":42955,"href":"https:\/\/transform-network.net\/wp-json\/wp\/v2\/pages\/254\/revisions\/42955"}],"wp:attachment":[{"href":"https:\/\/transform-network.net\/wp-json\/wp\/v2\/media?parent=254"}],"curies":[{"name":"wp","href":"https:\/\/api.w.org\/{rel}","templated":true}]}}