{"id":162,"date":"2025-10-08T04:58:49","date_gmt":"2025-10-08T02:58:49","guid":{"rendered":"https:\/\/timly.com\/?page_id=162"},"modified":"2026-04-07T08:22:53","modified_gmt":"2026-04-07T06:22:53","slug":"unternehmen","status":"publish","type":"page","link":"https:\/\/timly.com\/unternehmen\/","title":{"rendered":"Unternehmen"},"content":{"rendered":"\t\t<div data-elementor-type=\"wp-page\" data-elementor-id=\"162\" class=\"elementor elementor-162\" data-elementor-post-type=\"page\">\n\t\t\t\t<div class=\"elementor-element elementor-element-a332f2c e-flex e-con-boxed e-con e-parent\" data-id=\"a332f2c\" data-element_type=\"container\" data-e-type=\"container\" data-settings=\"{&quot;background_background&quot;:&quot;gradient&quot;}\">\n\t\t\t\t\t<div class=\"e-con-inner\">\n\t\t\t\t<div class=\"elementor-element elementor-element-7e04d3b elementor-widget__width-initial elementor-widget-tablet__width-inherit elementor-widget elementor-widget-heading\" data-id=\"7e04d3b\" data-element_type=\"widget\" data-e-type=\"widget\" data-widget_type=\"heading.default\">\n\t\t\t\t\t<h1 class=\"elementor-heading-title elementor-size-default\">Timly Software AG<\/h1>\t\t\t\t<\/div>\n\t\t\t\t<div class=\"elementor-element elementor-element-829942b elementor-widget__width-initial elementor-widget-tablet__width-inherit elementor-widget elementor-widget-text-editor\" data-id=\"829942b\" data-element_type=\"widget\" data-e-type=\"widget\" data-widget_type=\"text-editor.default\">\n\t\t\t\t\t\t\t\t\tDie digitale Inventarl\u00f6sung f\u00fcr Wartung, Service und Assetmanagement in Industrie und Dienstleistung. Werden Sie erfolgreicher mit einer intuitiven, ganzheitlichen Inventarl\u00f6sung, die Ihren Arbeitsalltag sp\u00fcrbar vereinfacht.\t\t\t\t\t\t\t\t<\/div>\n\t\t\t\t<div class=\"elementor-element elementor-element-fb38ceb elementor-widget elementor-widget-instant_button\" data-id=\"fb38ceb\" data-element_type=\"widget\" data-e-type=\"widget\" data-widget_type=\"instant_button.default\">\n\t\t\t\t<div class=\"elementor-widget-container\">\n\t\t\t\t\t        <a class=\"btn instant-btn btn-primary\" href=\"\/kontakt\/\">\n                        Kontaktieren Sie uns                    <\/a>\n        \t\t\t\t<\/div>\n\t\t\t\t<\/div>\n\t\t\t\t\t<\/div>\n\t\t\t\t<\/div>\n\t\t<div class=\"elementor-element elementor-element-67de7a0 e-flex e-con-boxed e-con e-parent\" data-id=\"67de7a0\" data-element_type=\"container\" data-e-type=\"container\">\n\t\t\t\t\t<div class=\"e-con-inner\">\n\t\t\t\t<div class=\"elementor-element elementor-element-d233828 elementor-widget__width-initial elementor-widget-tablet__width-inherit elementor-widget elementor-widget-heading\" data-id=\"d233828\" data-element_type=\"widget\" data-e-type=\"widget\" data-widget_type=\"heading.default\">\n\t\t\t\t\t<h2 class=\"elementor-heading-title elementor-size-default\">Unsere Software<\/h2>\t\t\t\t<\/div>\n\t\t\t\t<div class=\"elementor-element elementor-element-926d344 elementor-widget__width-initial elementor-widget-tablet__width-inherit elementor-widget elementor-widget-text-editor\" data-id=\"926d344\" data-element_type=\"widget\" data-e-type=\"widget\" data-widget_type=\"text-editor.default\">\n\t\t\t\t\t\t\t\t\tUnsere cloudbasierte Inventarsoftware b\u00fcndelt alle Informationen zu Ihren Assets \u2013 von IT-Equipment und M\u00f6beln bis hin zu Maschinen, Werkzeugen und ganzen Fahrzeugflotten \u2013 an einem zentralen Ort. \u00dcber QR-Code-Labels greifen Sie direkt vor Ort auf relevante Daten zu, aktualisieren Zust\u00e4nde und Bewegungen in Sekunden und behalten Ihre Best\u00e4nde in Echtzeit im Blick.\t\t\t\t\t\t\t\t<\/div>\n\t\t\t\t\t<\/div>\n\t\t\t\t<\/div>\n\t\t<div class=\"elementor-element elementor-element-5246b59 e-flex e-con-boxed e-con e-parent\" data-id=\"5246b59\" data-element_type=\"container\" data-e-type=\"container\">\n\t\t\t\t\t<div class=\"e-con-inner\">\n\t\t\t\t<div class=\"elementor-element elementor-element-cc39335 elementor-widget elementor-widget-instant_timeline\" data-id=\"cc39335\" data-element_type=\"widget\" data-e-type=\"widget\" data-widget_type=\"instant_timeline.default\">\n\t\t\t\t<div class=\"elementor-widget-container\">\n\t\t\t\t\t        <div class=\"instant-timeline position-relative\">\n            <div class=\"timeline-progress position-absolute z-1 shadow-sm\"><\/div>\n\n                            <div class=\"timeline-item mb-5 position-relative z-2\">\n                    <div class=\"row align-items-start\">\n                                                    <div class=\"col-md-6 order-2 order-md-1\">\n                                <div class=\"timeline-content p-4 rounded shadow position-relative bg-white\">\n                                    <h3 class=\"h4 mb-3\">Entstehung und Gr\u00fcndung<\/h3>\n                                    <div class=\"timeline-text\">\n                                        <p>Die Timly Software AG wurde 2020 von Philipp Baumann und Fitim Mehmeti in Zusammenarbeit mit der LANG GmbH gegr\u00fcndet, einem Bauunternehmen mit einer Geschichte, die bis ins Jahr 1891 zur\u00fcckreicht. Die Urspr\u00fcnge des Unternehmens basieren auf der gemeinsamen Vision, Ausr\u00fcstung, Werkzeuge und Schulungen zur Mitarbeiter-Sicherheit effizient zu verwalten.<\/p>                                    <\/div>\n                                <\/div>\n                            <\/div>\n                        \n                        <div class=\"timeline-icon d-flex align-items-center justify-content-center position-absolute z-3\">\n                            <i aria-hidden=\"true\" class=\"ti ti-seeding\"><\/i>                        <\/div>\n\n                        <div class=\"col-md-6 order-1 order-md-2\">\n                                                    <\/div>\n\n                                            <\/div>\n                <\/div>\n                            <div class=\"timeline-item mb-5 position-relative z-2\">\n                    <div class=\"row align-items-start\">\n                        \n                        <div class=\"timeline-icon d-flex align-items-center justify-content-center position-absolute z-3\">\n                            <i aria-hidden=\"true\" class=\"ti ti-chart-area-line\"><\/i>                        <\/div>\n\n                        <div class=\"col-md-6 order-1 order-md-2\">\n                                                    <\/div>\n\n                                                    <div class=\"col-md-6 order-2\">\n                                <div class=\"timeline-content p-4 rounded shadow position-relative bg-primary text-white color-light\">\n                                    <h3 class=\"h4 mb-3\">Evolution von Timly<\/h3>\n                                    <div class=\"timeline-text\">\n                                        <p>Urspr\u00fcnglich konzipiert, um das Management von Maschinen, Werkzeugen und Sicherheitsschulungen zu optimieren, hat sich Timly zu einer umfassenden cloudbasierten L\u00f6sung weiterentwickelt. Es erm\u00f6glicht Benutzern, vielf\u00e4ltiges Inventar zentral zu verfolgen und zu verwalten, von Fuhrpark- und IT-Assets bis hin zu M\u00f6beln, wobei der Zugriff auf Daten und Updates durch QR-Code-Labels erleichtert wird.<\/p>                                    <\/div>\n                                <\/div>\n                            <\/div>\n                                            <\/div>\n                <\/div>\n                            <div class=\"timeline-item mb-5 position-relative z-2\">\n                    <div class=\"row align-items-start\">\n                                                    <div class=\"col-md-6 order-2 order-md-1\">\n                                <div class=\"timeline-content p-4 rounded shadow position-relative bg-white\">\n                                    <h3 class=\"h4 mb-3\">Internationale Expansion<\/h3>\n                                    <div class=\"timeline-text\">\n                                        <p>Mit steigendem Erfolg in den ersten M\u00e4rkten in Deutschland, der Schweiz und \u00d6sterreich begab sich die Timly Software AG auf den Weg der internationalen Expansion. Die steigende Nachfrage nach ihrer cloudbasierten Asset-Management-L\u00f6sung veranlasste Timly, \u00fcber die Heimatbasis hinaus zu expandieren.<\/p>                                    <\/div>\n                                <\/div>\n                            <\/div>\n                        \n                        <div class=\"timeline-icon d-flex align-items-center justify-content-center position-absolute z-3\">\n                            <i aria-hidden=\"true\" class=\"bi bi-globe-asia-australia\"><\/i>                        <\/div>\n\n                        <div class=\"col-md-6 order-1 order-md-2\">\n                                                    <\/div>\n\n                                            <\/div>\n                <\/div>\n                            <div class=\"timeline-item mb-5 position-relative z-2\">\n                    <div class=\"row align-items-start\">\n                        \n                        <div class=\"timeline-icon d-flex align-items-center justify-content-center position-absolute z-3\">\n                            <i aria-hidden=\"true\" class=\"ti ti-buildings\"><\/i>                        <\/div>\n\n                        <div class=\"col-md-6 order-1 order-md-2\">\n                                                    <\/div>\n\n                                                    <div class=\"col-md-6 order-2\">\n                                <div class=\"timeline-content p-4 rounded shadow position-relative bg-primary text-white color-light\">\n                                    <h3 class=\"h4 mb-3\">Unaufhaltsamer Erfolg<\/h3>\n                                    <div class=\"timeline-text\">\n                                        <p>\u00dcber 30 Mitarbeiter tragen zum unaufhaltsamen Erfolg der Timly Software AG bei und gew\u00e4hrleisten die kontinuierliche Weiterentwicklung der intelligenten Software. Derzeit bedient Timly hunderte von Kunden weltweit und steht als Beleg f\u00fcr Exzellenz in der digitalen Inventarverwaltung.<\/p>                                    <\/div>\n                                <\/div>\n                            <\/div>\n                                            <\/div>\n                <\/div>\n                    <\/div>\n\n        <script>\n            jQuery(function($){\n                var $timeline = $('.instant-timeline');\n                var $progress = $timeline.find('.timeline-progress');\n                var $items = $timeline.find('.timeline-item');\n\n                function updateTimeline(){\n                    var scrollTop = $(window).scrollTop();\n                    var windowHeight = $(window).height();\n                    var timelineTop = $timeline.offset().top;\n                    var timelineHeight = $timeline.height();\n                    var viewLine = scrollTop + (windowHeight \/ 2);\n\n                    var height = viewLine - timelineTop;\n                    height = Math.max(0, Math.min(height, timelineHeight));\n                    $progress.css('height', height + 'px');\n\n                    $items.each(function(){\n                        var $item = $(this);\n                        var itemTop = $item.offset().top;\n\n                        if (viewLine > itemTop) {\n                            $item.find('.timeline-icon').addClass('active');\n                            $item.find('.timeline-content').addClass('active');\n                        } else {\n                            $item.find('.timeline-icon').removeClass('active');\n                            $item.find('.timeline-content').removeClass('active');\n                        }\n                    });\n                }\n\n                $(window).on('scroll', updateTimeline);\n                updateTimeline();\n            });\n        <\/script>\n\n        \t\t\t\t<\/div>\n\t\t\t\t<\/div>\n\t\t\t\t\t<\/div>\n\t\t\t\t<\/div>\n\t\t<div class=\"elementor-element elementor-element-3d0e9b0 e-flex e-con-boxed e-con e-parent\" data-id=\"3d0e9b0\" data-element_type=\"container\" data-e-type=\"container\">\n\t\t\t\t\t<div class=\"e-con-inner\">\n\t\t\t\t<div class=\"elementor-element elementor-element-07d3c59 elementor-widget__width-initial elementor-widget-tablet__width-inherit elementor-widget elementor-widget-heading\" data-id=\"07d3c59\" data-element_type=\"widget\" data-e-type=\"widget\" data-widget_type=\"heading.default\">\n\t\t\t\t\t<h2 class=\"elementor-heading-title elementor-size-default\">Lernen Sie das Timly Team kennen<\/h2>\t\t\t\t<\/div>\n\t\t\t\t\t<\/div>\n\t\t\t\t<\/div>\n\t\t<div class=\"elementor-element elementor-element-44fc714 e-flex e-con-boxed e-con e-parent\" data-id=\"44fc714\" data-element_type=\"container\" data-e-type=\"container\">\n\t\t\t\t\t<div class=\"e-con-inner\">\n\t\t<div class=\"elementor-element elementor-element-3ee8bcc e-con-full e-flex e-con e-child\" data-id=\"3ee8bcc\" data-element_type=\"container\" data-e-type=\"container\">\n\t\t\t\t<div class=\"elementor-element elementor-element-a7d76bb h-100 instant-widget-full-height-yes elementor-widget elementor-widget-instant_feature_box\" data-id=\"a7d76bb\" data-element_type=\"widget\" data-e-type=\"widget\" data-widget_type=\"instant_feature_box.default\">\n\t\t\t\t<div class=\"elementor-widget-container\">\n\t\t\t\t\t            <!-- Layout 3 -->\n            <div class=\"card rounded-4 layout-3 border-0 yes responsive-height mb-4 mb-md-0 feature-box  feature-shadow  feature-shadow-hover \">\n                <div class=\"card-body p-md-2\">\n                                            <div class=\"mb-4 feature-image rounded-4 overflow-hidden\">\n                                                                                        <img decoding=\"async\" src=\"https:\/\/timly.com\/wp-content\/uploads\/2026\/01\/Philipp-Profile-BIG.jpg\" alt=\"Philipp Profile BIG\" class=\"img-fluid w-100\" \/>\n                                                    <\/div>\n                    \t\t\t\t\t<div class=\"p-3 feature-content  text-center\">\n\t\t\t\t\t\t<div class=\"mb-3 d-flex align-items-center instant-feature-box-title\">\n\t\t\t\t\t\t\t\t\t\t\t\t\t\t\t\t\t\t\t\t\t\t<h3 class=\"h5 mb-0 w-100\">\n\t\t\t\t\t\t\t\t\tPhilipp Baumann\t\t\t\t\t\t\t\t<\/h3>\n\t\t\t\t\t\t\t\t\t\t\t\t\t<\/div>\n\n\t\t\t\t\t\t\t\t\t\t\t\t\t<div class=\"feature-summary\">\n\t\t\t\t\t\t\t\t<span class=\"text-primary\"><strong>Co-Founder &amp; CEO<\/strong><\/span><br>\nPhilipp ist Ideengeber und Stratege und verantwortet die Produktentwicklung. Er bringt \u00fcber zehn Jahre Digitalberatung mit und half, das B2C\u2011Gesch\u00e4ft von ricardo.ch aufzubauen.<br>\n<a href=\"https:\/\/www.linkedin.com\/in\/philippbaumann\/\" target=\"_blank\" rel=\"noopener\"><img decoding=\"async\" src=\"\/wp-content\/uploads\/2026\/01\/brand-linkedin.svg\" alt=\"LinkedIn Icon\" \/><\/a>\t\t\t\t\t\t\t<\/div>\n\t\t\t\t\t\t\n\t\t\t\t\t\t\t\t\t\t\t<\/div>\n                <\/div>\n            <\/div>\n        \t\t\t\t<\/div>\n\t\t\t\t<\/div>\n\t\t\t\t<\/div>\n\t\t<div class=\"elementor-element elementor-element-7c059dc e-con-full e-flex e-con e-child\" data-id=\"7c059dc\" data-element_type=\"container\" data-e-type=\"container\">\n\t\t\t\t<div class=\"elementor-element elementor-element-a9e954e h-100 instant-widget-full-height-yes elementor-widget elementor-widget-instant_feature_box\" data-id=\"a9e954e\" data-element_type=\"widget\" data-e-type=\"widget\" data-widget_type=\"instant_feature_box.default\">\n\t\t\t\t<div class=\"elementor-widget-container\">\n\t\t\t\t\t            <!-- Layout 3 -->\n            <div class=\"card rounded-4 layout-3 border-0 yes responsive-height mb-4 mb-md-0 feature-box  feature-shadow  feature-shadow-hover \">\n                <div class=\"card-body p-md-2\">\n                                            <div class=\"mb-4 feature-image rounded-4 overflow-hidden\">\n                                                                                        <img decoding=\"async\" src=\"https:\/\/timly.com\/wp-content\/uploads\/2026\/01\/Fitim-Profile-small.jpg\" alt=\"Fitim-Profile-small\" class=\"img-fluid w-100\" \/>\n                                                    <\/div>\n                    \t\t\t\t\t<div class=\"p-3 feature-content  text-center\">\n\t\t\t\t\t\t<div class=\"mb-3 d-flex align-items-center instant-feature-box-title\">\n\t\t\t\t\t\t\t\t\t\t\t\t\t\t\t\t\t\t\t\t\t\t<h3 class=\"h5 mb-0 w-100\">\n\t\t\t\t\t\t\t\t\tFitim Mehmeti\t\t\t\t\t\t\t\t<\/h3>\n\t\t\t\t\t\t\t\t\t\t\t\t\t<\/div>\n\n\t\t\t\t\t\t\t\t\t\t\t\t\t<div class=\"feature-summary\">\n\t\t\t\t\t\t\t\t<span class=\"text-primary\"><strong>Co-Founder &amp; CSO<\/strong><\/span><br>\nFitim leitet den Bereich Sales und verbindet Vertriebserfahrung mit Digitalexpertise. Er war Head Digital Business bei BonusCard.ch und leitete zuvor den Aussenhandel bei ricardo.ch.<br>\n<a href=\"https:\/\/www.linkedin.com\/in\/fitimmehmeti\/\" target=\"_blank\" rel=\"noopener\"><img decoding=\"async\" src=\"\/wp-content\/uploads\/2026\/01\/brand-linkedin.svg\" alt=\"LinkedIn Icon\" \/><\/a>\t\t\t\t\t\t\t<\/div>\n\t\t\t\t\t\t\n\t\t\t\t\t\t\t\t\t\t\t<\/div>\n                <\/div>\n            <\/div>\n        \t\t\t\t<\/div>\n\t\t\t\t<\/div>\n\t\t\t\t<\/div>\n\t\t<div class=\"elementor-element elementor-element-90c47c8 e-con-full e-flex e-con e-child\" data-id=\"90c47c8\" data-element_type=\"container\" data-e-type=\"container\">\n\t\t\t\t<div class=\"elementor-element elementor-element-03bc5c7 h-100 instant-widget-full-height-yes elementor-widget elementor-widget-instant_feature_box\" data-id=\"03bc5c7\" data-element_type=\"widget\" data-e-type=\"widget\" data-widget_type=\"instant_feature_box.default\">\n\t\t\t\t<div class=\"elementor-widget-container\">\n\t\t\t\t\t            <!-- Layout 3 -->\n            <div class=\"card rounded-4 layout-3 border-0 yes responsive-height mb-4 mb-md-0 feature-box  feature-shadow  feature-shadow-hover \">\n                <div class=\"card-body p-md-2\">\n                                            <div class=\"mb-4 feature-image rounded-4 overflow-hidden\">\n                                                                                        <img decoding=\"async\" src=\"https:\/\/timly.com\/wp-content\/uploads\/2026\/01\/Eva-Profile-small.jpg\" alt=\"Eva-Profile-small\" class=\"img-fluid w-100\" \/>\n                                                    <\/div>\n                    \t\t\t\t\t<div class=\"p-3 feature-content  text-center\">\n\t\t\t\t\t\t<div class=\"mb-3 d-flex align-items-center instant-feature-box-title\">\n\t\t\t\t\t\t\t\t\t\t\t\t\t\t\t\t\t\t\t\t\t\t<h3 class=\"h5 mb-0 w-100\">\n\t\t\t\t\t\t\t\t\tEva Baumann\t\t\t\t\t\t\t\t<\/h3>\n\t\t\t\t\t\t\t\t\t\t\t\t\t<\/div>\n\n\t\t\t\t\t\t\t\t\t\t\t\t\t<div class=\"feature-summary\">\n\t\t\t\t\t\t\t\t<span class=\"text-primary\"><strong>CFO<\/strong><\/span><br>\nEva verantwortet die strategischen Wachstumsprojekte und verbindet Beratung mit Unternehmertum. Sie war Gesch\u00e4ftsf\u00fchrerin eines KMU und hat Abschl\u00fcsse von NYU sowie der University of Oxford.<br><a href=\"https:\/\/www.linkedin.com\/in\/evamariabaumann\/\" target=\"_blank\" rel=\"noopener\"><img decoding=\"async\" src=\"\/wp-content\/uploads\/2026\/01\/brand-linkedin.svg\" alt=\"LinkedIn Icon\" \/><\/a>\t\t\t\t\t\t\t<\/div>\n\t\t\t\t\t\t\n\t\t\t\t\t\t\t\t\t\t\t<\/div>\n                <\/div>\n            <\/div>\n        \t\t\t\t<\/div>\n\t\t\t\t<\/div>\n\t\t\t\t<\/div>\n\t\t<div class=\"elementor-element elementor-element-680e05f e-con-full e-flex e-con e-child\" data-id=\"680e05f\" data-element_type=\"container\" data-e-type=\"container\">\n\t\t\t\t<div class=\"elementor-element elementor-element-90b2848 h-100 instant-widget-full-height-yes elementor-widget elementor-widget-instant_feature_box\" data-id=\"90b2848\" data-element_type=\"widget\" data-e-type=\"widget\" data-widget_type=\"instant_feature_box.default\">\n\t\t\t\t<div class=\"elementor-widget-container\">\n\t\t\t\t\t            <!-- Layout 3 -->\n            <div class=\"card rounded-4 layout-3 border-0 yes responsive-height mb-4 mb-md-0 feature-box  feature-shadow  feature-shadow-hover \">\n                <div class=\"card-body p-md-2\">\n                                            <div class=\"mb-4 feature-image rounded-4 overflow-hidden\">\n                                                                                        <img decoding=\"async\" src=\"https:\/\/timly.com\/wp-content\/uploads\/2026\/01\/Marc-small-Profile.jpg\" alt=\"Marc-small-Profile\" class=\"img-fluid w-100\" \/>\n                                                    <\/div>\n                    \t\t\t\t\t<div class=\"p-3 feature-content  text-center\">\n\t\t\t\t\t\t<div class=\"mb-3 d-flex align-items-center instant-feature-box-title\">\n\t\t\t\t\t\t\t\t\t\t\t\t\t\t\t\t\t\t\t\t\t\t<h3 class=\"h5 mb-0 w-100\">\n\t\t\t\t\t\t\t\t\tDr. Marc Oberl\u00e4nder\t\t\t\t\t\t\t\t<\/h3>\n\t\t\t\t\t\t\t\t\t\t\t\t\t<\/div>\n\n\t\t\t\t\t\t\t\t\t\t\t\t\t<div class=\"feature-summary\">\n\t\t\t\t\t\t\t\t<p><span class=\"text-primary\"><strong>CRO &amp; CMO<\/strong><\/span><br \/>Marc ist Chief Revenue Officer sowie Chief Marketing Officer mit Fokus auf Wachstum und Skalierung. Zuvor verantwortete er Business Development bei Ricardo sowie Marketing &amp; Sales bei Bonuscard.ch.<br \/><a href=\"https:\/\/www.linkedin.com\/in\/dr-marc-oberl%C3%A4nder-434b8285\/\" target=\"_blank\" rel=\"noopener\"><img decoding=\"async\" src=\"\/wp-content\/uploads\/2026\/01\/brand-linkedin.svg\" alt=\"LinkedIn Icon\" \/><\/a><\/p>\t\t\t\t\t\t\t<\/div>\n\t\t\t\t\t\t\n\t\t\t\t\t\t\t\t\t\t\t<\/div>\n                <\/div>\n            <\/div>\n        \t\t\t\t<\/div>\n\t\t\t\t<\/div>\n\t\t\t\t<\/div>\n\t\t\t\t\t<\/div>\n\t\t\t\t<\/div>\n\t\t<div class=\"elementor-element elementor-element-c89495f e-flex e-con-boxed e-con e-parent\" data-id=\"c89495f\" data-element_type=\"container\" data-e-type=\"container\">\n\t\t\t\t\t<div class=\"e-con-inner\">\n\t\t<div class=\"elementor-element elementor-element-1f83e82 e-con-full e-flex e-con e-child\" data-id=\"1f83e82\" data-element_type=\"container\" data-e-type=\"container\">\n\t\t\t\t<div class=\"elementor-element elementor-element-ade74fb h-100 instant-widget-full-height-yes elementor-widget elementor-widget-instant_feature_box\" data-id=\"ade74fb\" data-element_type=\"widget\" data-e-type=\"widget\" data-widget_type=\"instant_feature_box.default\">\n\t\t\t\t<div class=\"elementor-widget-container\">\n\t\t\t\t\t            <!-- Layout 3 -->\n            <div class=\"card rounded-4 layout-3 border-0 yes responsive-height mb-4 mb-md-0 feature-box  feature-shadow  feature-shadow-hover \">\n                <div class=\"card-body p-md-2\">\n                                            <div class=\"mb-4 feature-image rounded-4 overflow-hidden\">\n                                                                                        <img decoding=\"async\" src=\"https:\/\/timly.com\/wp-content\/uploads\/2026\/01\/Alex-Profile-small.jpg\" alt=\"Alex-Profile-small\" class=\"img-fluid w-100\" \/>\n                                                    <\/div>\n                    \t\t\t\t\t<div class=\"p-3 feature-content  text-center\">\n\t\t\t\t\t\t<div class=\"mb-3 d-flex align-items-center instant-feature-box-title\">\n\t\t\t\t\t\t\t\t\t\t\t\t\t\t\t\t\t\t\t\t\t\t<h3 class=\"h5 mb-0 w-100\">\n\t\t\t\t\t\t\t\t\tAlex Opak\t\t\t\t\t\t\t\t<\/h3>\n\t\t\t\t\t\t\t\t\t\t\t\t\t<\/div>\n\n\t\t\t\t\t\t\t\t\t\t\t\t\t<div class=\"feature-summary\">\n\t\t\t\t\t\t\t\t<span class=\"text-primary\"><strong>Lead Engineer<\/strong><\/span><br>\nAlex entwickelt seit vielen Jahren Websoftware mit Fokus auf Ruby, Elixir und JavaScript. Er bringt tiefes Backend\u2011Know\u2011how und Erfahrung aus Banking\u2011 und Insurtech\u2011Projekten ein.<br><a href=\"https:\/\/www.linkedin.com\/in\/alex-opak-9444565a\/\" target=\"_blank\" rel=\"noopener\"><img decoding=\"async\" src=\"\/wp-content\/uploads\/2026\/01\/brand-linkedin.svg\" alt=\"LinkedIn Icon\" \/><\/a>\t\t\t\t\t\t\t<\/div>\n\t\t\t\t\t\t\n\t\t\t\t\t\t\t\t\t\t\t<\/div>\n                <\/div>\n            <\/div>\n        \t\t\t\t<\/div>\n\t\t\t\t<\/div>\n\t\t\t\t<\/div>\n\t\t<div class=\"elementor-element elementor-element-e0ccf8d e-con-full e-flex e-con e-child\" data-id=\"e0ccf8d\" data-element_type=\"container\" data-e-type=\"container\">\n\t\t\t\t<div class=\"elementor-element elementor-element-13d13f7 h-100 instant-widget-full-height-yes elementor-widget elementor-widget-instant_feature_box\" data-id=\"13d13f7\" data-element_type=\"widget\" data-e-type=\"widget\" data-widget_type=\"instant_feature_box.default\">\n\t\t\t\t<div class=\"elementor-widget-container\">\n\t\t\t\t\t            <!-- Layout 3 -->\n            <div class=\"card rounded-4 layout-3 border-0 yes responsive-height mb-4 mb-md-0 feature-box  feature-shadow  feature-shadow-hover \">\n                <div class=\"card-body p-md-2\">\n                                            <div class=\"mb-4 feature-image rounded-4 overflow-hidden\">\n                                                                                        <img decoding=\"async\" src=\"https:\/\/timly.com\/wp-content\/uploads\/2026\/01\/Akshay-Profile-Web.jpg\" alt=\"Akshay-Profile-Web\" class=\"img-fluid w-100\" \/>\n                                                    <\/div>\n                    \t\t\t\t\t<div class=\"p-3 feature-content  text-center\">\n\t\t\t\t\t\t<div class=\"mb-3 d-flex align-items-center instant-feature-box-title\">\n\t\t\t\t\t\t\t\t\t\t\t\t\t\t\t\t\t\t\t\t\t\t<h3 class=\"h5 mb-0 w-100\">\n\t\t\t\t\t\t\t\t\tAkshay Neema\t\t\t\t\t\t\t\t<\/h3>\n\t\t\t\t\t\t\t\t\t\t\t\t\t<\/div>\n\n\t\t\t\t\t\t\t\t\t\t\t\t\t<div class=\"feature-summary\">\n\t\t\t\t\t\t\t\t<span class=\"text-primary\"><strong>Software Engineer<\/strong><\/span><br>\nAkshay ist Software Engineer mit Bachelor in Computer Science. Er liebt sauberen, testbaren Code und entwickelt robuste Anwendungen mit modernen Technologien.<br><a href=\"https:\/\/www.linkedin.com\/in\/akshay-neema-9396bb49\/\" target=\"_blank\" rel=\"noopener\"><img decoding=\"async\" src=\"\/wp-content\/uploads\/2026\/01\/brand-linkedin.svg\" alt=\"LinkedIn Icon\" \/><\/a>\t\t\t\t\t\t\t<\/div>\n\t\t\t\t\t\t\n\t\t\t\t\t\t\t\t\t\t\t<\/div>\n                <\/div>\n            <\/div>\n        \t\t\t\t<\/div>\n\t\t\t\t<\/div>\n\t\t\t\t<\/div>\n\t\t<div class=\"elementor-element elementor-element-0650169 e-con-full e-flex e-con e-child\" data-id=\"0650169\" data-element_type=\"container\" data-e-type=\"container\">\n\t\t\t\t<div class=\"elementor-element elementor-element-b4643ff h-100 instant-widget-full-height-yes elementor-widget elementor-widget-instant_feature_box\" data-id=\"b4643ff\" data-element_type=\"widget\" data-e-type=\"widget\" data-widget_type=\"instant_feature_box.default\">\n\t\t\t\t<div class=\"elementor-widget-container\">\n\t\t\t\t\t            <!-- Layout 3 -->\n            <div class=\"card rounded-4 layout-3 border-0 yes responsive-height mb-4 mb-md-0 feature-box  feature-shadow  feature-shadow-hover \">\n                <div class=\"card-body p-md-2\">\n                                            <div class=\"mb-4 feature-image rounded-4 overflow-hidden\">\n                                                                                        <img decoding=\"async\" src=\"https:\/\/timly.com\/wp-content\/uploads\/2026\/01\/Nico-Profile-small.jpg\" alt=\"Nico-Profile-small\" class=\"img-fluid w-100\" \/>\n                                                    <\/div>\n                    \t\t\t\t\t<div class=\"p-3 feature-content  text-center\">\n\t\t\t\t\t\t<div class=\"mb-3 d-flex align-items-center instant-feature-box-title\">\n\t\t\t\t\t\t\t\t\t\t\t\t\t\t\t\t\t\t\t\t\t\t<h3 class=\"h5 mb-0 w-100\">\n\t\t\t\t\t\t\t\t\tNicholas Weingarten\t\t\t\t\t\t\t\t<\/h3>\n\t\t\t\t\t\t\t\t\t\t\t\t\t<\/div>\n\n\t\t\t\t\t\t\t\t\t\t\t\t\t<div class=\"feature-summary\">\n\t\t\t\t\t\t\t\t<span class=\"text-primary\"><strong>Senior Account Executive &amp; Team Lead<\/strong><\/span><br>\nNicholas koordiniert die Verkaufsprozesse und versteht Kundenbed\u00fcrfnisse aus erster Hand. Seine Erfahrung in Luftfahrt\u2011Catering und Hotelsoftware hilft ihm, komplexe Serviceabl\u00e4ufe zu steuern.<br><a href=\"https:\/\/www.linkedin.com\/in\/nicholas-weingarten-91232b179\/\" target=\"_blank\" rel=\"noopener\"><img decoding=\"async\" src=\"\/wp-content\/uploads\/2026\/01\/brand-linkedin.svg\" alt=\"LinkedIn Icon\" \/><\/a>\t\t\t\t\t\t\t<\/div>\n\t\t\t\t\t\t\n\t\t\t\t\t\t\t\t\t\t\t<\/div>\n                <\/div>\n            <\/div>\n        \t\t\t\t<\/div>\n\t\t\t\t<\/div>\n\t\t\t\t<\/div>\n\t\t<div class=\"elementor-element elementor-element-5dbe389 e-con-full e-flex e-con e-child\" data-id=\"5dbe389\" data-element_type=\"container\" data-e-type=\"container\">\n\t\t\t\t<div class=\"elementor-element elementor-element-dd45999 h-100 instant-widget-full-height-yes elementor-widget elementor-widget-instant_feature_box\" data-id=\"dd45999\" data-element_type=\"widget\" data-e-type=\"widget\" data-widget_type=\"instant_feature_box.default\">\n\t\t\t\t<div class=\"elementor-widget-container\">\n\t\t\t\t\t            <!-- Layout 3 -->\n            <div class=\"card rounded-4 layout-3 border-0 yes responsive-height mb-4 mb-md-0 feature-box  feature-shadow  feature-shadow-hover \">\n                <div class=\"card-body p-md-2\">\n                                            <div class=\"mb-4 feature-image rounded-4 overflow-hidden\">\n                                                                                        <img decoding=\"async\" src=\"https:\/\/timly.com\/wp-content\/uploads\/2026\/01\/Sabahat-Profile-small.jpg\" alt=\"Sabahat-Profile-small\" class=\"img-fluid w-100\" \/>\n                                                    <\/div>\n                    \t\t\t\t\t<div class=\"p-3 feature-content  text-center\">\n\t\t\t\t\t\t<div class=\"mb-3 d-flex align-items-center instant-feature-box-title\">\n\t\t\t\t\t\t\t\t\t\t\t\t\t\t\t\t\t\t\t\t\t\t<h3 class=\"h5 mb-0 w-100\">\n\t\t\t\t\t\t\t\t\tSabahat Ansari\t\t\t\t\t\t\t\t<\/h3>\n\t\t\t\t\t\t\t\t\t\t\t\t\t<\/div>\n\n\t\t\t\t\t\t\t\t\t\t\t\t\t<div class=\"feature-summary\">\n\t\t\t\t\t\t\t\t<span class=\"text-primary\"><strong>Software Engineer<\/strong><\/span><br>\nSabahat entwickelt seit vielen Jahren Ruby\u2011on\u2011Rails\u2011Applikationen und arbeitet sicher mit AWS. Sie setzt die Produkt\u2011Roadmap in neue Funktionen um und st\u00e4rkt Stabilit\u00e4t sowie Performance.<br><a href=\"https:\/\/www.linkedin.com\/in\/sabahat-ansari-88001479\/\" target=\"_blank\" rel=\"noopener\"><img decoding=\"async\" src=\"\/wp-content\/uploads\/2026\/01\/brand-linkedin.svg\" alt=\"LinkedIn Icon\" \/><\/a>\t\t\t\t\t\t\t<\/div>\n\t\t\t\t\t\t\n\t\t\t\t\t\t\t\t\t\t\t<\/div>\n                <\/div>\n            <\/div>\n        \t\t\t\t<\/div>\n\t\t\t\t<\/div>\n\t\t\t\t<\/div>\n\t\t\t\t\t<\/div>\n\t\t\t\t<\/div>\n\t\t<div class=\"elementor-element elementor-element-cff0d4e e-flex e-con-boxed e-con e-parent\" data-id=\"cff0d4e\" data-element_type=\"container\" data-e-type=\"container\">\n\t\t\t\t\t<div class=\"e-con-inner\">\n\t\t<div class=\"elementor-element elementor-element-df515a3 e-con-full e-flex e-con e-child\" data-id=\"df515a3\" data-element_type=\"container\" data-e-type=\"container\">\n\t\t\t\t<div class=\"elementor-element elementor-element-4df48a9 h-100 instant-widget-full-height-yes elementor-widget elementor-widget-instant_feature_box\" data-id=\"4df48a9\" data-element_type=\"widget\" data-e-type=\"widget\" data-widget_type=\"instant_feature_box.default\">\n\t\t\t\t<div class=\"elementor-widget-container\">\n\t\t\t\t\t            <!-- Layout 3 -->\n            <div class=\"card rounded-4 layout-3 border-0 yes responsive-height mb-4 mb-md-0 feature-box  feature-shadow  feature-shadow-hover \">\n                <div class=\"card-body p-md-2\">\n                                            <div class=\"mb-4 feature-image rounded-4 overflow-hidden\">\n                                                                                        <img decoding=\"async\" src=\"https:\/\/timly.com\/wp-content\/uploads\/2026\/01\/Celie-Profile-Img.jpg\" alt=\"Celie-Profile-Img\" class=\"img-fluid w-100\" \/>\n                                                    <\/div>\n                    \t\t\t\t\t<div class=\"p-3 feature-content  text-center\">\n\t\t\t\t\t\t<div class=\"mb-3 d-flex align-items-center instant-feature-box-title\">\n\t\t\t\t\t\t\t\t\t\t\t\t\t\t\t\t\t\t\t\t\t\t<h3 class=\"h5 mb-0 w-100\">\n\t\t\t\t\t\t\t\t\tC\u00e9lie Bacconnier\t\t\t\t\t\t\t\t<\/h3>\n\t\t\t\t\t\t\t\t\t\t\t\t\t<\/div>\n\n\t\t\t\t\t\t\t\t\t\t\t\t\t<div class=\"feature-summary\">\n\t\t\t\t\t\t\t\t<span class=\"text-primary\"><strong>Senior Content Marketing Manager<\/strong><\/span><br>\nC\u00e9lie ist Content\u2011Strategin mit einem starken Hintergrund in Kommunikation und Copywriting. Sie gestaltet die franz\u00f6sische Markenstimme und erstellt Inhalte f\u00fcr alle wichtigen Kan\u00e4le.<br><a href=\"https:\/\/www.linkedin.com\/in\/celieb\/\" target=\"_blank\" rel=\"noopener\"><img decoding=\"async\" src=\"\/wp-content\/uploads\/2026\/01\/brand-linkedin.svg\" alt=\"LinkedIn Icon\" \/><\/a>\t\t\t\t\t\t\t<\/div>\n\t\t\t\t\t\t\n\t\t\t\t\t\t\t\t\t\t\t<\/div>\n                <\/div>\n            <\/div>\n        \t\t\t\t<\/div>\n\t\t\t\t<\/div>\n\t\t\t\t<\/div>\n\t\t<div class=\"elementor-element elementor-element-dd6a7fb e-con-full e-flex e-con e-child\" data-id=\"dd6a7fb\" data-element_type=\"container\" data-e-type=\"container\">\n\t\t\t\t<div class=\"elementor-element elementor-element-fae1118 h-100 instant-widget-full-height-yes elementor-widget elementor-widget-instant_feature_box\" data-id=\"fae1118\" data-element_type=\"widget\" data-e-type=\"widget\" data-widget_type=\"instant_feature_box.default\">\n\t\t\t\t<div class=\"elementor-widget-container\">\n\t\t\t\t\t            <!-- Layout 3 -->\n            <div class=\"card rounded-4 layout-3 border-0 yes responsive-height mb-4 mb-md-0 feature-box  feature-shadow  feature-shadow-hover \">\n                <div class=\"card-body p-md-2\">\n                                            <div class=\"mb-4 feature-image rounded-4 overflow-hidden\">\n                                                                                        <img decoding=\"async\" src=\"https:\/\/timly.com\/wp-content\/uploads\/2026\/01\/Galdric-Profile-2024.jpg\" alt=\"Galdric-Profile-2024\" class=\"img-fluid w-100\" \/>\n                                                    <\/div>\n                    \t\t\t\t\t<div class=\"p-3 feature-content  text-center\">\n\t\t\t\t\t\t<div class=\"mb-3 d-flex align-items-center instant-feature-box-title\">\n\t\t\t\t\t\t\t\t\t\t\t\t\t\t\t\t\t\t\t\t\t\t<h3 class=\"h5 mb-0 w-100\">\n\t\t\t\t\t\t\t\t\tGaldric Bienaim\u00e9\t\t\t\t\t\t\t\t<\/h3>\n\t\t\t\t\t\t\t\t\t\t\t\t\t<\/div>\n\n\t\t\t\t\t\t\t\t\t\t\t\t\t<div class=\"feature-summary\">\n\t\t\t\t\t\t\t\t<p><span class=\"text-primary\"><strong>Account Executive<\/strong><\/span><br \/>Galdric ist Account Executive f\u00fcr den franz\u00f6sischsprachigen Markt. Er betreut Kunden mit viel Vertriebserfahrung und sorgt f\u00fcr langfristige, erfolgreiche Partnerschaften.<br \/><a href=\"https:\/\/www.linkedin.com\/in\/galdric-bienaim%C3%A9-ba238b12b\/\" target=\"_blank\" rel=\"noopener\"><img decoding=\"async\" src=\"\/wp-content\/uploads\/2026\/01\/brand-linkedin.svg\" alt=\"LinkedIn Icon\" \/><\/a><\/p>\t\t\t\t\t\t\t<\/div>\n\t\t\t\t\t\t\n\t\t\t\t\t\t\t\t\t\t\t<\/div>\n                <\/div>\n            <\/div>\n        \t\t\t\t<\/div>\n\t\t\t\t<\/div>\n\t\t\t\t<\/div>\n\t\t<div class=\"elementor-element elementor-element-75b863c e-con-full e-flex e-con e-child\" data-id=\"75b863c\" data-element_type=\"container\" data-e-type=\"container\">\n\t\t\t\t<div class=\"elementor-element elementor-element-a305733 h-100 instant-widget-full-height-yes elementor-widget elementor-widget-instant_feature_box\" data-id=\"a305733\" data-element_type=\"widget\" data-e-type=\"widget\" data-widget_type=\"instant_feature_box.default\">\n\t\t\t\t<div class=\"elementor-widget-container\">\n\t\t\t\t\t            <!-- Layout 3 -->\n            <div class=\"card rounded-4 layout-3 border-0 yes responsive-height mb-4 mb-md-0 feature-box  feature-shadow  feature-shadow-hover \">\n                <div class=\"card-body p-md-2\">\n                                            <div class=\"mb-4 feature-image rounded-4 overflow-hidden\">\n                                                                                        <img decoding=\"async\" src=\"https:\/\/timly.com\/wp-content\/uploads\/2026\/01\/Jennifer-Ritz-Profile.jpg\" alt=\"Jennifer-Ritz-Profile\" class=\"img-fluid w-100\" \/>\n                                                    <\/div>\n                    \t\t\t\t\t<div class=\"p-3 feature-content  text-center\">\n\t\t\t\t\t\t<div class=\"mb-3 d-flex align-items-center instant-feature-box-title\">\n\t\t\t\t\t\t\t\t\t\t\t\t\t\t\t\t\t\t\t\t\t\t<h3 class=\"h5 mb-0 w-100\">\n\t\t\t\t\t\t\t\t\tJennifer Ritz\t\t\t\t\t\t\t\t<\/h3>\n\t\t\t\t\t\t\t\t\t\t\t\t\t<\/div>\n\n\t\t\t\t\t\t\t\t\t\t\t\t\t<div class=\"feature-summary\">\n\t\t\t\t\t\t\t\t<p><span class=\"text-primary\"><strong>Deputy Team Lead Content Marketing &amp; PR<\/strong><\/span><br \/>Jenny ist Deputy Team Lead f\u00fcr Content Marketing &amp; PR mit Fokus auf Deutsch und Englisch. Sie erstellt performante Inhalte und st\u00e4rkt damit Sichtbarkeit, Marke und Leadgenerierung.<br \/><a href=\"https:\/\/www.linkedin.com\/in\/jennifer-ritz90\/\" target=\"_blank\" rel=\"noopener\"><img decoding=\"async\" src=\"\/wp-content\/uploads\/2026\/01\/brand-linkedin.svg\" alt=\"LinkedIn Icon\" \/><\/a><\/p>\t\t\t\t\t\t\t<\/div>\n\t\t\t\t\t\t\n\t\t\t\t\t\t\t\t\t\t\t<\/div>\n                <\/div>\n            <\/div>\n        \t\t\t\t<\/div>\n\t\t\t\t<\/div>\n\t\t\t\t<\/div>\n\t\t<div class=\"elementor-element elementor-element-f145daf e-con-full e-flex e-con e-child\" data-id=\"f145daf\" data-element_type=\"container\" data-e-type=\"container\">\n\t\t\t\t<div class=\"elementor-element elementor-element-a6d4512 h-100 instant-widget-full-height-yes elementor-widget elementor-widget-instant_feature_box\" data-id=\"a6d4512\" data-element_type=\"widget\" data-e-type=\"widget\" data-widget_type=\"instant_feature_box.default\">\n\t\t\t\t<div class=\"elementor-widget-container\">\n\t\t\t\t\t            <!-- Layout 3 -->\n            <div class=\"card rounded-4 layout-3 border-0 yes responsive-height mb-4 mb-md-0 feature-box  feature-shadow  feature-shadow-hover \">\n                <div class=\"card-body p-md-2\">\n                                            <div class=\"mb-4 feature-image rounded-4 overflow-hidden\">\n                                                                                        <img decoding=\"async\" src=\"https:\/\/timly.com\/wp-content\/uploads\/2026\/01\/Dmitriy-Profile.jpg\" alt=\"Dmitriy-Profile\" class=\"img-fluid w-100\" \/>\n                                                    <\/div>\n                    \t\t\t\t\t<div class=\"p-3 feature-content  text-center\">\n\t\t\t\t\t\t<div class=\"mb-3 d-flex align-items-center instant-feature-box-title\">\n\t\t\t\t\t\t\t\t\t\t\t\t\t\t\t\t\t\t\t\t\t\t<h3 class=\"h5 mb-0 w-100\">\n\t\t\t\t\t\t\t\t\tDmitriy Kanivets\t\t\t\t\t\t\t\t<\/h3>\n\t\t\t\t\t\t\t\t\t\t\t\t\t<\/div>\n\n\t\t\t\t\t\t\t\t\t\t\t\t\t<div class=\"feature-summary\">\n\t\t\t\t\t\t\t\t<span class=\"text-primary\"><strong>Senior Developer<\/strong><\/span><br>\nDmitriy ist Senior Front-End-Entwickler mit starkem JavaScript-Schwerpunkt. Er optimiert Oberfl\u00e4che und Nutzererlebnis und setzt moderne Frontend-Standards pr\u00e4zise um.<br><a href=\"https:\/\/www.linkedin.com\/in\/dmitriykanivets\/\" target=\"_blank\" rel=\"noopener\"><img decoding=\"async\" src=\"\/wp-content\/uploads\/2026\/01\/brand-linkedin.svg\" alt=\"LinkedIn Icon\" \/><\/a>\t\t\t\t\t\t\t<\/div>\n\t\t\t\t\t\t\n\t\t\t\t\t\t\t\t\t\t\t<\/div>\n                <\/div>\n            <\/div>\n        \t\t\t\t<\/div>\n\t\t\t\t<\/div>\n\t\t\t\t<\/div>\n\t\t\t\t\t<\/div>\n\t\t\t\t<\/div>\n\t\t<div class=\"elementor-element elementor-element-1273048 e-flex e-con-boxed e-con e-parent\" data-id=\"1273048\" data-element_type=\"container\" data-e-type=\"container\">\n\t\t\t\t\t<div class=\"e-con-inner\">\n\t\t<div class=\"elementor-element elementor-element-2499cd8 e-con-full e-flex e-con e-child\" data-id=\"2499cd8\" data-element_type=\"container\" data-e-type=\"container\">\n\t\t\t\t<div class=\"elementor-element elementor-element-908f846 h-100 instant-widget-full-height-yes elementor-widget elementor-widget-instant_feature_box\" data-id=\"908f846\" data-element_type=\"widget\" data-e-type=\"widget\" data-widget_type=\"instant_feature_box.default\">\n\t\t\t\t<div class=\"elementor-widget-container\">\n\t\t\t\t\t            <!-- Layout 3 -->\n            <div class=\"card rounded-4 layout-3 border-0 yes responsive-height mb-4 mb-md-0 feature-box  feature-shadow  feature-shadow-hover \">\n                <div class=\"card-body p-md-2\">\n                                            <div class=\"mb-4 feature-image rounded-4 overflow-hidden\">\n                                                                                        <img decoding=\"async\" src=\"https:\/\/timly.com\/wp-content\/uploads\/2026\/01\/Karim-Attia-Profile.jpg\" alt=\"Karim-Attia-Profile\" class=\"img-fluid w-100\" \/>\n                                                    <\/div>\n                    \t\t\t\t\t<div class=\"p-3 feature-content  text-center\">\n\t\t\t\t\t\t<div class=\"mb-3 d-flex align-items-center instant-feature-box-title\">\n\t\t\t\t\t\t\t\t\t\t\t\t\t\t\t\t\t\t\t\t\t\t<h3 class=\"h5 mb-0 w-100\">\n\t\t\t\t\t\t\t\t\tKarim Attia\t\t\t\t\t\t\t\t<\/h3>\n\t\t\t\t\t\t\t\t\t\t\t\t\t<\/div>\n\n\t\t\t\t\t\t\t\t\t\t\t\t\t<div class=\"feature-summary\">\n\t\t\t\t\t\t\t\t<span class=\"text-primary\"><strong>Product Management Team Lead<\/strong><\/span><br>\nKarim ist Product Management Team Lead mit wirtschaftswissenschaftlichem Hintergrund. Er \u00fcbersetzt Kundenbed\u00fcrfnisse in klare Anforderungen und priorisiert Features datenbasiert.<br><a href=\"https:\/\/www.linkedin.com\/in\/karimattia\/\" target=\"_blank\" rel=\"noopener\"><img decoding=\"async\" src=\"\/wp-content\/uploads\/2026\/01\/brand-linkedin.svg\" alt=\"LinkedIn Icon\" \/><\/a>\t\t\t\t\t\t\t<\/div>\n\t\t\t\t\t\t\n\t\t\t\t\t\t\t\t\t\t\t<\/div>\n                <\/div>\n            <\/div>\n        \t\t\t\t<\/div>\n\t\t\t\t<\/div>\n\t\t\t\t<\/div>\n\t\t<div class=\"elementor-element elementor-element-07b7ef0 e-con-full e-flex e-con e-child\" data-id=\"07b7ef0\" data-element_type=\"container\" data-e-type=\"container\">\n\t\t\t\t<div class=\"elementor-element elementor-element-c6141f8 h-100 instant-widget-full-height-yes elementor-widget elementor-widget-instant_feature_box\" data-id=\"c6141f8\" data-element_type=\"widget\" data-e-type=\"widget\" data-widget_type=\"instant_feature_box.default\">\n\t\t\t\t<div class=\"elementor-widget-container\">\n\t\t\t\t\t            <!-- Layout 3 -->\n            <div class=\"card rounded-4 layout-3 border-0 yes responsive-height mb-4 mb-md-0 feature-box  feature-shadow  feature-shadow-hover \">\n                <div class=\"card-body p-md-2\">\n                                            <div class=\"mb-4 feature-image rounded-4 overflow-hidden\">\n                                                                                        <img decoding=\"async\" src=\"https:\/\/timly.com\/wp-content\/uploads\/2026\/01\/Jorge-Profile-Picture.jpg\" alt=\"Jorge-Profile-Picture\" class=\"img-fluid w-100\" \/>\n                                                    <\/div>\n                    \t\t\t\t\t<div class=\"p-3 feature-content  text-center\">\n\t\t\t\t\t\t<div class=\"mb-3 d-flex align-items-center instant-feature-box-title\">\n\t\t\t\t\t\t\t\t\t\t\t\t\t\t\t\t\t\t\t\t\t\t<h3 class=\"h5 mb-0 w-100\">\n\t\t\t\t\t\t\t\t\tJorge Alvarez\t\t\t\t\t\t\t\t<\/h3>\n\t\t\t\t\t\t\t\t\t\t\t\t\t<\/div>\n\n\t\t\t\t\t\t\t\t\t\t\t\t\t<div class=\"feature-summary\">\n\t\t\t\t\t\t\t\t<span class=\"text-primary\"><strong>Senior Developer<\/strong><\/span><br>\nJorge ist Senior Developer mit langj\u00e4hriger Erfahrung in der SaaS-Entwicklung. Er gestaltet skalierbare Architekturen und sorgt f\u00fcr stabile, performante Anwendungen.<br><a href=\"https:\/\/www.linkedin.com\/in\/jorge-alvarez-moreno\/\" target=\"_blank\" rel=\"noopener\"><img decoding=\"async\" src=\"\/wp-content\/uploads\/2026\/01\/brand-linkedin.svg\" alt=\"LinkedIn Icon\" \/><\/a>\t\t\t\t\t\t\t<\/div>\n\t\t\t\t\t\t\n\t\t\t\t\t\t\t\t\t\t\t<\/div>\n                <\/div>\n            <\/div>\n        \t\t\t\t<\/div>\n\t\t\t\t<\/div>\n\t\t\t\t<\/div>\n\t\t<div class=\"elementor-element elementor-element-91ad3c0 e-con-full e-flex e-con e-child\" data-id=\"91ad3c0\" data-element_type=\"container\" data-e-type=\"container\">\n\t\t\t\t<div class=\"elementor-element elementor-element-4e3c923 h-100 instant-widget-full-height-yes elementor-widget elementor-widget-instant_feature_box\" data-id=\"4e3c923\" data-element_type=\"widget\" data-e-type=\"widget\" data-widget_type=\"instant_feature_box.default\">\n\t\t\t\t<div class=\"elementor-widget-container\">\n\t\t\t\t\t            <!-- Layout 3 -->\n            <div class=\"card rounded-4 layout-3 border-0 yes responsive-height mb-4 mb-md-0 feature-box  feature-shadow  feature-shadow-hover \">\n                <div class=\"card-body p-md-2\">\n                                            <div class=\"mb-4 feature-image rounded-4 overflow-hidden\">\n                                                                                        <img decoding=\"async\" src=\"https:\/\/timly.com\/wp-content\/uploads\/2026\/01\/Ashwin.jpg\" alt=\"Ashwin\" class=\"img-fluid w-100\" \/>\n                                                    <\/div>\n                    \t\t\t\t\t<div class=\"p-3 feature-content  text-center\">\n\t\t\t\t\t\t<div class=\"mb-3 d-flex align-items-center instant-feature-box-title\">\n\t\t\t\t\t\t\t\t\t\t\t\t\t\t\t\t\t\t\t\t\t\t<h3 class=\"h5 mb-0 w-100\">\n\t\t\t\t\t\t\t\t\tAshwin Varma\t\t\t\t\t\t\t\t<\/h3>\n\t\t\t\t\t\t\t\t\t\t\t\t\t<\/div>\n\n\t\t\t\t\t\t\t\t\t\t\t\t\t<div class=\"feature-summary\">\n\t\t\t\t\t\t\t\t<span class=\"text-primary\"><strong>Software Engineer<\/strong><\/span><br>\nAshwin ist Software Engineer mit Bachelor in Informatik und Ingenieurwesen. Er entwickelt performante Features und bringt seine Leidenschaft f\u00fcr neue Technologien in jedes Projekt ein.<br><a href=\"https:\/\/www.linkedin.com\/in\/ashwin-varma-ab8848148\/\" target=\"_blank\" rel=\"noopener\"><img decoding=\"async\" src=\"\/wp-content\/uploads\/2026\/01\/brand-linkedin.svg\" alt=\"LinkedIn Icon\" \/><\/a>\t\t\t\t\t\t\t<\/div>\n\t\t\t\t\t\t\n\t\t\t\t\t\t\t\t\t\t\t<\/div>\n                <\/div>\n            <\/div>\n        \t\t\t\t<\/div>\n\t\t\t\t<\/div>\n\t\t\t\t<\/div>\n\t\t<div class=\"elementor-element elementor-element-94faeb8 e-con-full e-flex e-con e-child\" data-id=\"94faeb8\" data-element_type=\"container\" data-e-type=\"container\">\n\t\t\t\t<div class=\"elementor-element elementor-element-e06e294 h-100 instant-widget-full-height-yes elementor-widget elementor-widget-instant_feature_box\" data-id=\"e06e294\" data-element_type=\"widget\" data-e-type=\"widget\" data-widget_type=\"instant_feature_box.default\">\n\t\t\t\t<div class=\"elementor-widget-container\">\n\t\t\t\t\t            <!-- Layout 3 -->\n            <div class=\"card rounded-4 layout-3 border-0 yes responsive-height mb-4 mb-md-0 feature-box  feature-shadow  feature-shadow-hover \">\n                <div class=\"card-body p-md-2\">\n                                            <div class=\"mb-4 feature-image rounded-4 overflow-hidden\">\n                                                                                        <img decoding=\"async\" src=\"https:\/\/timly.com\/wp-content\/uploads\/2026\/01\/Kai-Profile-Website.jpg\" alt=\"Kai-Profile-Website\" class=\"img-fluid w-100\" \/>\n                                                    <\/div>\n                    \t\t\t\t\t<div class=\"p-3 feature-content  text-center\">\n\t\t\t\t\t\t<div class=\"mb-3 d-flex align-items-center instant-feature-box-title\">\n\t\t\t\t\t\t\t\t\t\t\t\t\t\t\t\t\t\t\t\t\t\t<h3 class=\"h5 mb-0 w-100\">\n\t\t\t\t\t\t\t\t\tKai Tang\t\t\t\t\t\t\t\t<\/h3>\n\t\t\t\t\t\t\t\t\t\t\t\t\t<\/div>\n\n\t\t\t\t\t\t\t\t\t\t\t\t\t<div class=\"feature-summary\">\n\t\t\t\t\t\t\t\t<span class=\"text-primary\"><strong>Senior Performance Marketing Manager<\/strong><\/span><br>\nKai ist Performance-Marketing-Spezialist mit Master in Betriebswirtschaftslehre. Er optimiert Kan\u00e4le datengetrieben und sorgt daf\u00fcr, dass Marketingbudget messbar Wirkung zeigt.\u200b<br><a href=\"https:\/\/www.linkedin.com\/in\/kaitang1\/\" target=\"_blank\" rel=\"noopener\"><img decoding=\"async\" src=\"\/wp-content\/uploads\/2026\/01\/brand-linkedin.svg\" alt=\"LinkedIn Icon\" \/><\/a>\t\t\t\t\t\t\t<\/div>\n\t\t\t\t\t\t\n\t\t\t\t\t\t\t\t\t\t\t<\/div>\n                <\/div>\n            <\/div>\n        \t\t\t\t<\/div>\n\t\t\t\t<\/div>\n\t\t\t\t<\/div>\n\t\t\t\t\t<\/div>\n\t\t\t\t<\/div>\n\t\t<div class=\"elementor-element elementor-element-b0d807a e-flex e-con-boxed e-con e-parent\" data-id=\"b0d807a\" data-element_type=\"container\" data-e-type=\"container\">\n\t\t\t\t\t<div class=\"e-con-inner\">\n\t\t<div class=\"elementor-element elementor-element-f693d6d e-con-full e-flex e-con e-child\" data-id=\"f693d6d\" data-element_type=\"container\" data-e-type=\"container\">\n\t\t\t\t<div class=\"elementor-element elementor-element-55a86cc h-100 instant-widget-full-height-yes elementor-widget elementor-widget-instant_feature_box\" data-id=\"55a86cc\" data-element_type=\"widget\" data-e-type=\"widget\" data-widget_type=\"instant_feature_box.default\">\n\t\t\t\t<div class=\"elementor-widget-container\">\n\t\t\t\t\t            <!-- Layout 3 -->\n            <div class=\"card rounded-4 layout-3 border-0 yes responsive-height mb-4 mb-md-0 feature-box  feature-shadow  feature-shadow-hover \">\n                <div class=\"card-body p-md-2\">\n                                            <div class=\"mb-4 feature-image rounded-4 overflow-hidden\">\n                                                                                        <img decoding=\"async\" src=\"https:\/\/timly.com\/wp-content\/uploads\/2026\/01\/Adrian-Wildeis-Profile.jpg\" alt=\"Adrian-Wildeis-Profile\" class=\"img-fluid w-100\" \/>\n                                                    <\/div>\n                    \t\t\t\t\t<div class=\"p-3 feature-content  text-center\">\n\t\t\t\t\t\t<div class=\"mb-3 d-flex align-items-center instant-feature-box-title\">\n\t\t\t\t\t\t\t\t\t\t\t\t\t\t\t\t\t\t\t\t\t\t<h3 class=\"h5 mb-0 w-100\">\n\t\t\t\t\t\t\t\t\tAdrian Wildeis\t\t\t\t\t\t\t\t<\/h3>\n\t\t\t\t\t\t\t\t\t\t\t\t\t<\/div>\n\n\t\t\t\t\t\t\t\t\t\t\t\t\t<div class=\"feature-summary\">\n\t\t\t\t\t\t\t\t<span class=\"text-primary\"><strong>Head of Development<\/strong><\/span><br>\nAdrian ist Head of Development mit interdisziplin\u00e4rem Studienhintergrund. Er verbindet Technik- und Managementerfahrung und treibt Skalierung sowie Produktqualit\u00e4t konsequent voran.\u200b<br><a href=\"https:\/\/www.linkedin.com\/in\/adrian-wildeis-2aa793a2\/\" target=\"_blank\" rel=\"noopener\"><img decoding=\"async\" src=\"\/wp-content\/uploads\/2026\/01\/brand-linkedin.svg\" alt=\"LinkedIn Icon\" \/><\/a>\t\t\t\t\t\t\t<\/div>\n\t\t\t\t\t\t\n\t\t\t\t\t\t\t\t\t\t\t<\/div>\n                <\/div>\n            <\/div>\n        \t\t\t\t<\/div>\n\t\t\t\t<\/div>\n\t\t\t\t<\/div>\n\t\t<div class=\"elementor-element elementor-element-d64e5b8 e-con-full e-flex e-con e-child\" data-id=\"d64e5b8\" data-element_type=\"container\" data-e-type=\"container\">\n\t\t\t\t<div class=\"elementor-element elementor-element-1bd42c7 h-100 instant-widget-full-height-yes elementor-widget elementor-widget-instant_feature_box\" data-id=\"1bd42c7\" data-element_type=\"widget\" data-e-type=\"widget\" data-widget_type=\"instant_feature_box.default\">\n\t\t\t\t<div class=\"elementor-widget-container\">\n\t\t\t\t\t            <!-- Layout 3 -->\n            <div class=\"card rounded-4 layout-3 border-0 yes responsive-height mb-4 mb-md-0 feature-box  feature-shadow  feature-shadow-hover \">\n                <div class=\"card-body p-md-2\">\n                                            <div class=\"mb-4 feature-image rounded-4 overflow-hidden\">\n                                                                                        <img decoding=\"async\" src=\"https:\/\/timly.com\/wp-content\/uploads\/2026\/01\/Angela-Pohl-Timly-Profile.jpg\" alt=\"Angela-Pohl-Timly-Profile\" class=\"img-fluid w-100\" \/>\n                                                    <\/div>\n                    \t\t\t\t\t<div class=\"p-3 feature-content  text-center\">\n\t\t\t\t\t\t<div class=\"mb-3 d-flex align-items-center instant-feature-box-title\">\n\t\t\t\t\t\t\t\t\t\t\t\t\t\t\t\t\t\t\t\t\t\t<h3 class=\"h5 mb-0 w-100\">\n\t\t\t\t\t\t\t\t\tAngela Pohl\t\t\t\t\t\t\t\t<\/h3>\n\t\t\t\t\t\t\t\t\t\t\t\t\t<\/div>\n\n\t\t\t\t\t\t\t\t\t\t\t\t\t<div class=\"feature-summary\">\n\t\t\t\t\t\t\t\t<span class=\"text-primary\"><strong>Senior Content Marketing Manager<\/strong><\/span><br>\nAngela ist Senior Content Marketing Managerin f\u00fcr den spanischsprachigen Markt. Sie kombiniert SEO-Expertise mit kreativem Storytelling und st\u00e4rkt so Reichweite und Markenpr\u00e4senz.\u200b<br><a href=\"https:\/\/www.linkedin.com\/in\/angela-p-3b6216161\/\" target=\"_blank\" rel=\"noopener\"><img decoding=\"async\" src=\"\/wp-content\/uploads\/2026\/01\/brand-linkedin.svg\" alt=\"LinkedIn Icon\" \/><\/a>\t\t\t\t\t\t\t<\/div>\n\t\t\t\t\t\t\n\t\t\t\t\t\t\t\t\t\t\t<\/div>\n                <\/div>\n            <\/div>\n        \t\t\t\t<\/div>\n\t\t\t\t<\/div>\n\t\t\t\t<\/div>\n\t\t<div class=\"elementor-element elementor-element-2084b94 e-con-full e-flex e-con e-child\" data-id=\"2084b94\" data-element_type=\"container\" data-e-type=\"container\">\n\t\t\t\t<div class=\"elementor-element elementor-element-f43bf2b h-100 instant-widget-full-height-yes elementor-widget elementor-widget-instant_feature_box\" data-id=\"f43bf2b\" data-element_type=\"widget\" data-e-type=\"widget\" data-widget_type=\"instant_feature_box.default\">\n\t\t\t\t<div class=\"elementor-widget-container\">\n\t\t\t\t\t            <!-- Layout 3 -->\n            <div class=\"card rounded-4 layout-3 border-0 yes responsive-height mb-4 mb-md-0 feature-box  feature-shadow  feature-shadow-hover \">\n                <div class=\"card-body p-md-2\">\n                                            <div class=\"mb-4 feature-image rounded-4 overflow-hidden\">\n                                                                                        <img decoding=\"async\" src=\"https:\/\/timly.com\/wp-content\/uploads\/2026\/01\/Thomas-Web-Profile-2025.jpg\" alt=\"Thomas-Web-Profile-2025\" class=\"img-fluid w-100\" \/>\n                                                    <\/div>\n                    \t\t\t\t\t<div class=\"p-3 feature-content  text-center\">\n\t\t\t\t\t\t<div class=\"mb-3 d-flex align-items-center instant-feature-box-title\">\n\t\t\t\t\t\t\t\t\t\t\t\t\t\t\t\t\t\t\t\t\t\t<h3 class=\"h5 mb-0 w-100\">\n\t\t\t\t\t\t\t\t\tThomas Weiss\t\t\t\t\t\t\t\t<\/h3>\n\t\t\t\t\t\t\t\t\t\t\t\t\t<\/div>\n\n\t\t\t\t\t\t\t\t\t\t\t\t\t<div class=\"feature-summary\">\n\t\t\t\t\t\t\t\t<span class=\"text-primary\"><strong>Account Executive<\/strong><\/span><br>\nThomas ist Account Executive f\u00fcr den englischsprachigen Markt. Er betreut Kunden mit viel Vertriebserfahrung und sorgt f\u00fcr langfristige, erfolgreiche Partnerschaften.<br><a href=\"https:\/\/www.linkedin.com\/in\/thomas-weiss-kam\/\" target=\"_blank\" rel=\"noopener\"><img decoding=\"async\" src=\"\/wp-content\/uploads\/2026\/01\/brand-linkedin.svg\" alt=\"LinkedIn Icon\" \/><\/a>\t\t\t\t\t\t\t<\/div>\n\t\t\t\t\t\t\n\t\t\t\t\t\t\t\t\t\t\t<\/div>\n                <\/div>\n            <\/div>\n        \t\t\t\t<\/div>\n\t\t\t\t<\/div>\n\t\t\t\t<\/div>\n\t\t<div class=\"elementor-element elementor-element-ddd8400 e-con-full e-flex e-con e-child\" data-id=\"ddd8400\" data-element_type=\"container\" data-e-type=\"container\">\n\t\t\t\t<div class=\"elementor-element elementor-element-fac3ab2 h-100 instant-widget-full-height-yes elementor-widget elementor-widget-instant_feature_box\" data-id=\"fac3ab2\" data-element_type=\"widget\" data-e-type=\"widget\" data-widget_type=\"instant_feature_box.default\">\n\t\t\t\t<div class=\"elementor-widget-container\">\n\t\t\t\t\t            <!-- Layout 3 -->\n            <div class=\"card rounded-4 layout-3 border-0 yes responsive-height mb-4 mb-md-0 feature-box  feature-shadow  feature-shadow-hover \">\n                <div class=\"card-body p-md-2\">\n                                            <div class=\"mb-4 feature-image rounded-4 overflow-hidden\">\n                                                                                        <img decoding=\"async\" src=\"https:\/\/timly.com\/wp-content\/uploads\/2026\/01\/Sandro-Profile-Web.jpg\" alt=\"Sandro-Profile-Web\" class=\"img-fluid w-100\" \/>\n                                                    <\/div>\n                    \t\t\t\t\t<div class=\"p-3 feature-content  text-center\">\n\t\t\t\t\t\t<div class=\"mb-3 d-flex align-items-center instant-feature-box-title\">\n\t\t\t\t\t\t\t\t\t\t\t\t\t\t\t\t\t\t\t\t\t\t<h3 class=\"h5 mb-0 w-100\">\n\t\t\t\t\t\t\t\t\tSandro Aramu\t\t\t\t\t\t\t\t<\/h3>\n\t\t\t\t\t\t\t\t\t\t\t\t\t<\/div>\n\n\t\t\t\t\t\t\t\t\t\t\t\t\t<div class=\"feature-summary\">\n\t\t\t\t\t\t\t\t<p><span class=\"text-primary\"><strong>Team Lead Customer Success<\/strong><\/span><br \/>Sandro ist Team Lead f\u00fcr Customer Success mit Fokus auf Servicequalit\u00e4t. Er begleitet Kunden eng und sorgt mit seiner Erfahrung f\u00fcr nachhaltige, erfolgreiche Partnerschaften.\u200b<br \/><a href=\"https:\/\/de.linkedin.com\/in\/sandro-aramu-b14646164\" target=\"_blank\" rel=\"noopener\"><img decoding=\"async\" src=\"\/wp-content\/uploads\/2026\/01\/brand-linkedin.svg\" alt=\"LinkedIn Icon\" \/><\/a><\/p>\t\t\t\t\t\t\t<\/div>\n\t\t\t\t\t\t\n\t\t\t\t\t\t\t\t\t\t\t<\/div>\n                <\/div>\n            <\/div>\n        \t\t\t\t<\/div>\n\t\t\t\t<\/div>\n\t\t\t\t<\/div>\n\t\t\t\t\t<\/div>\n\t\t\t\t<\/div>\n\t\t<div class=\"elementor-element elementor-element-01cb4b4 e-flex e-con-boxed e-con e-parent\" data-id=\"01cb4b4\" data-element_type=\"container\" data-e-type=\"container\">\n\t\t\t\t\t<div class=\"e-con-inner\">\n\t\t<div class=\"elementor-element elementor-element-ac19282 e-con-full e-flex e-con e-child\" data-id=\"ac19282\" data-element_type=\"container\" data-e-type=\"container\">\n\t\t\t\t<div class=\"elementor-element elementor-element-d5e707d h-100 instant-widget-full-height-yes elementor-widget elementor-widget-instant_feature_box\" data-id=\"d5e707d\" data-element_type=\"widget\" data-e-type=\"widget\" data-widget_type=\"instant_feature_box.default\">\n\t\t\t\t<div class=\"elementor-widget-container\">\n\t\t\t\t\t            <!-- Layout 3 -->\n            <div class=\"card rounded-4 layout-3 border-0 yes responsive-height mb-4 mb-md-0 feature-box  feature-shadow  feature-shadow-hover \">\n                <div class=\"card-body p-md-2\">\n                                            <div class=\"mb-4 feature-image rounded-4 overflow-hidden\">\n                                                                                        <img decoding=\"async\" src=\"https:\/\/timly.com\/wp-content\/uploads\/2026\/01\/Romina-Chitic-Timly.jpg\" alt=\"Romina-Chitic-Timly\" class=\"img-fluid w-100\" \/>\n                                                    <\/div>\n                    \t\t\t\t\t<div class=\"p-3 feature-content  text-center\">\n\t\t\t\t\t\t<div class=\"mb-3 d-flex align-items-center instant-feature-box-title\">\n\t\t\t\t\t\t\t\t\t\t\t\t\t\t\t\t\t\t\t\t\t\t<h3 class=\"h5 mb-0 w-100\">\n\t\t\t\t\t\t\t\t\tRomina Chitic\t\t\t\t\t\t\t\t<\/h3>\n\t\t\t\t\t\t\t\t\t\t\t\t\t<\/div>\n\n\t\t\t\t\t\t\t\t\t\t\t\t\t<div class=\"feature-summary\">\n\t\t\t\t\t\t\t\t<p><span class=\"text-primary\"><strong>Principal Product Designer<\/strong><\/span><br \/>Romina ist Principal Product Designer mit Schwerpunkt UX und UI. Sie gestaltet nutzerfreundliche Oberfl\u00e4chen und sorgt f\u00fcr \u00fcberzeugende, erfolgreiche Produkterlebnisse.\u200b<br \/><a href=\"https:\/\/ch.linkedin.com\/in\/rominachitic\/\" target=\"_blank\" rel=\"noopener\"><img decoding=\"async\" src=\"\/wp-content\/uploads\/2026\/01\/brand-linkedin.svg\" alt=\"LinkedIn Icon\" \/><\/a><\/p>\t\t\t\t\t\t\t<\/div>\n\t\t\t\t\t\t\n\t\t\t\t\t\t\t\t\t\t\t<\/div>\n                <\/div>\n            <\/div>\n        \t\t\t\t<\/div>\n\t\t\t\t<\/div>\n\t\t\t\t<\/div>\n\t\t<div class=\"elementor-element elementor-element-9d43a18 e-con-full e-flex e-con e-child\" data-id=\"9d43a18\" data-element_type=\"container\" data-e-type=\"container\">\n\t\t\t\t<div class=\"elementor-element elementor-element-e284fde h-100 instant-widget-full-height-yes elementor-widget elementor-widget-instant_feature_box\" data-id=\"e284fde\" data-element_type=\"widget\" data-e-type=\"widget\" data-widget_type=\"instant_feature_box.default\">\n\t\t\t\t<div class=\"elementor-widget-container\">\n\t\t\t\t\t            <!-- Layout 3 -->\n            <div class=\"card rounded-4 layout-3 border-0 yes responsive-height mb-4 mb-md-0 feature-box  feature-shadow  feature-shadow-hover \">\n                <div class=\"card-body p-md-2\">\n                                            <div class=\"mb-4 feature-image rounded-4 overflow-hidden\">\n                                                                                        <img decoding=\"async\" src=\"https:\/\/timly.com\/wp-content\/uploads\/2026\/01\/Darko-Website-Profile.jpg\" alt=\"Darko-Website-Profile\" class=\"img-fluid w-100\" \/>\n                                                    <\/div>\n                    \t\t\t\t\t<div class=\"p-3 feature-content  text-center\">\n\t\t\t\t\t\t<div class=\"mb-3 d-flex align-items-center instant-feature-box-title\">\n\t\t\t\t\t\t\t\t\t\t\t\t\t\t\t\t\t\t\t\t\t\t<h3 class=\"h5 mb-0 w-100\">\n\t\t\t\t\t\t\t\t\tDarko Denic\t\t\t\t\t\t\t\t<\/h3>\n\t\t\t\t\t\t\t\t\t\t\t\t\t<\/div>\n\n\t\t\t\t\t\t\t\t\t\t\t\t\t<div class=\"feature-summary\">\n\t\t\t\t\t\t\t\t<span class=\"text-primary\"><strong>Delivery Manager<\/strong><\/span><br>\nDarko ist Delivery Manager mit Hintergrund in Webtechnologien. Er steuert Projekte strukturiert und sorgt f\u00fcr termingerechte, erfolgreiche Produkteinf\u00fchrungen.\u200b<br><a href=\"https:\/\/www.linkedin.com\/in\/darko-denic-08b994170\/\" target=\"_blank\" rel=\"noopener\"><img decoding=\"async\" src=\"\/wp-content\/uploads\/2026\/01\/brand-linkedin.svg\" alt=\"LinkedIn Icon\" \/><\/a>\t\t\t\t\t\t\t<\/div>\n\t\t\t\t\t\t\n\t\t\t\t\t\t\t\t\t\t\t<\/div>\n                <\/div>\n            <\/div>\n        \t\t\t\t<\/div>\n\t\t\t\t<\/div>\n\t\t\t\t<\/div>\n\t\t<div class=\"elementor-element elementor-element-c690c34 e-con-full e-flex e-con e-child\" data-id=\"c690c34\" data-element_type=\"container\" data-e-type=\"container\">\n\t\t\t\t<div class=\"elementor-element elementor-element-f0ab6ea h-100 instant-widget-full-height-yes elementor-widget elementor-widget-instant_feature_box\" data-id=\"f0ab6ea\" data-element_type=\"widget\" data-e-type=\"widget\" data-widget_type=\"instant_feature_box.default\">\n\t\t\t\t<div class=\"elementor-widget-container\">\n\t\t\t\t\t            <!-- Layout 3 -->\n            <div class=\"card rounded-4 layout-3 border-0 yes responsive-height mb-4 mb-md-0 feature-box  feature-shadow  feature-shadow-hover \">\n                <div class=\"card-body p-md-2\">\n                                            <div class=\"mb-4 feature-image rounded-4 overflow-hidden\">\n                                                                                        <img decoding=\"async\" src=\"https:\/\/timly.com\/wp-content\/uploads\/2026\/01\/Jessica-Ferreira.jpg\" alt=\"Jessica-Ferreira\" class=\"img-fluid w-100\" \/>\n                                                    <\/div>\n                    \t\t\t\t\t<div class=\"p-3 feature-content  text-center\">\n\t\t\t\t\t\t<div class=\"mb-3 d-flex align-items-center instant-feature-box-title\">\n\t\t\t\t\t\t\t\t\t\t\t\t\t\t\t\t\t\t\t\t\t\t<h3 class=\"h5 mb-0 w-100\">\n\t\t\t\t\t\t\t\t\tJessica Pereira Ferreira\t\t\t\t\t\t\t\t<\/h3>\n\t\t\t\t\t\t\t\t\t\t\t\t\t<\/div>\n\n\t\t\t\t\t\t\t\t\t\t\t\t\t<div class=\"feature-summary\">\n\t\t\t\t\t\t\t\t<span class=\"text-primary\"><strong>Customer Success Manager<\/strong><\/span><br>\nJessica ist Customer Success Managerin mit starkem Serviceprofil. Sie betreut Kunden pers\u00f6nlich und sorgt f\u00fcr reibungslose, erfolgreiche Zusammenarbeit im Alltag.<br><a href=\"https:\/\/www.linkedin.com\/in\/jessica-pereira-ferreira-8a280620a\/\" target=\"_blank\" rel=\"noopener\"><img decoding=\"async\" src=\"\/wp-content\/uploads\/2026\/01\/brand-linkedin.svg\" alt=\"LinkedIn Icon\" \/><\/a>\t\t\t\t\t\t\t<\/div>\n\t\t\t\t\t\t\n\t\t\t\t\t\t\t\t\t\t\t<\/div>\n                <\/div>\n            <\/div>\n        \t\t\t\t<\/div>\n\t\t\t\t<\/div>\n\t\t\t\t<\/div>\n\t\t<div class=\"elementor-element elementor-element-c4ede1a e-con-full e-flex e-con e-child\" data-id=\"c4ede1a\" data-element_type=\"container\" data-e-type=\"container\">\n\t\t\t\t<div class=\"elementor-element elementor-element-f0c1418 h-100 instant-widget-full-height-yes elementor-widget elementor-widget-instant_feature_box\" data-id=\"f0c1418\" data-element_type=\"widget\" data-e-type=\"widget\" data-widget_type=\"instant_feature_box.default\">\n\t\t\t\t<div class=\"elementor-widget-container\">\n\t\t\t\t\t            <!-- Layout 3 -->\n            <div class=\"card rounded-4 layout-3 border-0 yes responsive-height mb-4 mb-md-0 feature-box  feature-shadow  feature-shadow-hover \">\n                <div class=\"card-body p-md-2\">\n                                            <div class=\"mb-4 feature-image rounded-4 overflow-hidden\">\n                                                                                        <img decoding=\"async\" src=\"https:\/\/timly.com\/wp-content\/uploads\/2026\/01\/Yulia-Profile.jpg\" alt=\"Yulia-Profile\" class=\"img-fluid w-100\" \/>\n                                                    <\/div>\n                    \t\t\t\t\t<div class=\"p-3 feature-content  text-center\">\n\t\t\t\t\t\t<div class=\"mb-3 d-flex align-items-center instant-feature-box-title\">\n\t\t\t\t\t\t\t\t\t\t\t\t\t\t\t\t\t\t\t\t\t\t<h3 class=\"h5 mb-0 w-100\">\n\t\t\t\t\t\t\t\t\tYulia Gerasimenko\t\t\t\t\t\t\t\t<\/h3>\n\t\t\t\t\t\t\t\t\t\t\t\t\t<\/div>\n\n\t\t\t\t\t\t\t\t\t\t\t\t\t<div class=\"feature-summary\">\n\t\t\t\t\t\t\t\t<p><span class=\"text-primary\"><strong>Team Lead Content Marketing &amp; PR<\/strong><\/span><br \/>Yulia ist Team Lead f\u00fcr Content Marketing &amp; PR mit Fokus auf Markenaufbau. Sie st\u00e4rkt die Sichtbarkeit mit strategischen Inhalten und sorgt f\u00fcr eine konsistente Pr\u00e4senz \u00fcber alle Kan\u00e4le.<br \/>\u200b<a href=\"https:\/\/de.linkedin.com\/in\/yulia-gerasimenko-a0a230184\" target=\"_blank\" rel=\"noopener\"><img decoding=\"async\" src=\"\/wp-content\/uploads\/2026\/01\/brand-linkedin.svg\" alt=\"LinkedIn Icon\" \/><\/a><\/p>\t\t\t\t\t\t\t<\/div>\n\t\t\t\t\t\t\n\t\t\t\t\t\t\t\t\t\t\t<\/div>\n                <\/div>\n            <\/div>\n        \t\t\t\t<\/div>\n\t\t\t\t<\/div>\n\t\t\t\t<\/div>\n\t\t\t\t\t<\/div>\n\t\t\t\t<\/div>\n\t\t<div class=\"elementor-element elementor-element-aebcbab e-flex e-con-boxed e-con e-parent\" data-id=\"aebcbab\" data-element_type=\"container\" data-e-type=\"container\">\n\t\t\t\t\t<div class=\"e-con-inner\">\n\t\t<div class=\"elementor-element elementor-element-0f26d36 e-con-full e-flex e-con e-child\" data-id=\"0f26d36\" data-element_type=\"container\" data-e-type=\"container\">\n\t\t\t\t<div class=\"elementor-element elementor-element-f388317 h-100 instant-widget-full-height-yes elementor-widget elementor-widget-instant_feature_box\" data-id=\"f388317\" data-element_type=\"widget\" data-e-type=\"widget\" data-widget_type=\"instant_feature_box.default\">\n\t\t\t\t<div class=\"elementor-widget-container\">\n\t\t\t\t\t            <!-- Layout 3 -->\n            <div class=\"card rounded-4 layout-3 border-0 yes responsive-height mb-4 mb-md-0 feature-box  feature-shadow  feature-shadow-hover \">\n                <div class=\"card-body p-md-2\">\n                                            <div class=\"mb-4 feature-image rounded-4 overflow-hidden\">\n                                                                                        <img decoding=\"async\" src=\"https:\/\/timly.com\/wp-content\/uploads\/2026\/01\/Lucy-Goeth-Web-Profile.jpg\" alt=\"Lucy-Goeth-Web-Profile\" class=\"img-fluid w-100\" \/>\n                                                    <\/div>\n                    \t\t\t\t\t<div class=\"p-3 feature-content  text-center\">\n\t\t\t\t\t\t<div class=\"mb-3 d-flex align-items-center instant-feature-box-title\">\n\t\t\t\t\t\t\t\t\t\t\t\t\t\t\t\t\t\t\t\t\t\t<h3 class=\"h5 mb-0 w-100\">\n\t\t\t\t\t\t\t\t\tLucy G\u00f6th\t\t\t\t\t\t\t\t<\/h3>\n\t\t\t\t\t\t\t\t\t\t\t\t\t<\/div>\n\n\t\t\t\t\t\t\t\t\t\t\t\t\t<div class=\"feature-summary\">\n\t\t\t\t\t\t\t\t<p><span class=\"text-primary\"><strong>Product Designer<\/strong><\/span><br \/>Lucy ist Product Designer mit Schwerpunkt UX und UI. Sie verbessert kontinuierlich die Benutzererfahrung und verbindet funktionale L\u00f6sungen mit einem klaren, modernen Design.\u200b<br \/><a href=\"https:\/\/ch.linkedin.com\/in\/lucy-goeth\" target=\"_blank\" rel=\"noopener\"><img decoding=\"async\" src=\"\/wp-content\/uploads\/2026\/01\/brand-linkedin.svg\" alt=\"LinkedIn Icon\" \/><\/a><\/p>\t\t\t\t\t\t\t<\/div>\n\t\t\t\t\t\t\n\t\t\t\t\t\t\t\t\t\t\t<\/div>\n                <\/div>\n            <\/div>\n        \t\t\t\t<\/div>\n\t\t\t\t<\/div>\n\t\t\t\t<\/div>\n\t\t<div class=\"elementor-element elementor-element-c1197e7 e-con-full e-flex e-con e-child\" data-id=\"c1197e7\" data-element_type=\"container\" data-e-type=\"container\">\n\t\t\t\t<div class=\"elementor-element elementor-element-00d6fed h-100 instant-widget-full-height-yes elementor-widget elementor-widget-instant_feature_box\" data-id=\"00d6fed\" data-element_type=\"widget\" data-e-type=\"widget\" data-widget_type=\"instant_feature_box.default\">\n\t\t\t\t<div class=\"elementor-widget-container\">\n\t\t\t\t\t            <!-- Layout 3 -->\n            <div class=\"card rounded-4 layout-3 border-0 yes responsive-height mb-4 mb-md-0 feature-box  feature-shadow  feature-shadow-hover \">\n                <div class=\"card-body p-md-2\">\n                                            <div class=\"mb-4 feature-image rounded-4 overflow-hidden\">\n                                                                                        <img decoding=\"async\" src=\"https:\/\/timly.com\/wp-content\/uploads\/2026\/03\/Fabian-Fischer-Unternehmensprofil.jpg\" alt=\"Fabian Fischer Unternehmensprofil\" class=\"img-fluid w-100\" \/>\n                                                    <\/div>\n                    \t\t\t\t\t<div class=\"p-3 feature-content  text-center\">\n\t\t\t\t\t\t<div class=\"mb-3 d-flex align-items-center instant-feature-box-title\">\n\t\t\t\t\t\t\t\t\t\t\t\t\t\t\t\t\t\t\t\t\t\t<h3 class=\"h5 mb-0 w-100\">\n\t\t\t\t\t\t\t\t\tFabian Fischer\t\t\t\t\t\t\t\t<\/h3>\n\t\t\t\t\t\t\t\t\t\t\t\t\t<\/div>\n\n\t\t\t\t\t\t\t\t\t\t\t\t\t<div class=\"feature-summary\">\n\t\t\t\t\t\t\t\t<p><span class=\"text-primary\"><strong>Product Manager<\/strong><\/span><br \/>Fabian ist Product Manager mit Fokus auf digitale Produkte, Prozesse und KI. Er verbindet strategisches Denken mit operativer Umsetzung und bringt Erfahrung in Produktentwicklung, UX und Automatisierung mit.<br \/><a href=\"https:\/\/www.linkedin.com\/in\/fabian-fischer-65571647\/\" target=\"_blank\" rel=\"noopener\"><img decoding=\"async\" class=\"alignnone\" src=\"\/wp-content\/uploads\/2026\/01\/brand-linkedin.svg\" alt=\"LinkedIn Icon\" width=\"24\" height=\"24\" \/><\/a><\/p>\t\t\t\t\t\t\t<\/div>\n\t\t\t\t\t\t\n\t\t\t\t\t\t\t\t\t\t\t<\/div>\n                <\/div>\n            <\/div>\n        \t\t\t\t<\/div>\n\t\t\t\t<\/div>\n\t\t\t\t<\/div>\n\t\t<div class=\"elementor-element elementor-element-be9cf11 e-con-full e-flex e-con e-child\" data-id=\"be9cf11\" data-element_type=\"container\" data-e-type=\"container\">\n\t\t\t\t<\/div>\n\t\t<div class=\"elementor-element elementor-element-2ee1a4c e-con-full e-flex e-con e-child\" data-id=\"2ee1a4c\" data-element_type=\"container\" data-e-type=\"container\">\n\t\t\t\t<\/div>\n\t\t\t\t\t<\/div>\n\t\t\t\t<\/div>\n\t\t<div class=\"elementor-element elementor-element-a7b45f1 e-flex e-con-boxed e-con e-parent\" data-id=\"a7b45f1\" data-element_type=\"container\" data-e-type=\"container\" data-settings=\"{&quot;background_background&quot;:&quot;classic&quot;}\">\n\t\t\t\t\t<div class=\"e-con-inner\">\n\t\t\t\t<div class=\"elementor-element elementor-element-8a306f9 elementor-widget__width-initial elementor-widget-tablet__width-inherit elementor-widget elementor-widget-heading\" data-id=\"8a306f9\" data-element_type=\"widget\" data-e-type=\"widget\" data-widget_type=\"heading.default\">\n\t\t\t\t\t<h2 class=\"text-light elementor-heading-title elementor-size-default\">Lernen Sie uns kennen und entdecken Sie, wie wir Ihr Inventar-Management vereinfachen.<\/h2>\t\t\t\t<\/div>\n\t\t<div class=\"elementor-element elementor-element-cfe7c9c e-con-full e-flex e-con e-child\" data-id=\"cfe7c9c\" data-element_type=\"container\" data-e-type=\"container\">\n\t\t\t\t<div class=\"elementor-element elementor-element-0af9d49 elementor-widget elementor-widget-instant_button\" data-id=\"0af9d49\" data-element_type=\"widget\" data-e-type=\"widget\" data-widget_type=\"instant_button.default\">\n\t\t\t\t<div class=\"elementor-widget-container\">\n\t\t\t\t\t        <a class=\"btn instant-btn btn-instant-cta-primary btn-lg\" href=\"\/kostenfreie-online-vorstellung\/\">\n                        Pers\u00f6nliche Demo                    <\/a>\n        \t\t\t\t<\/div>\n\t\t\t\t<\/div>\n\t\t\t\t<div class=\"elementor-element elementor-element-5f564f3 elementor-widget__width-initial elementor-widget elementor-widget-instant_button\" data-id=\"5f564f3\" data-element_type=\"widget\" data-e-type=\"widget\" data-widget_type=\"instant_button.default\">\n\t\t\t\t<div class=\"elementor-widget-container\">\n\t\t\t\t\t        <a class=\"btn instant-btn btn-outline-light btn-lg\" href=\"\/jetzt-testen\/\">\n                        Jetzt testen                    <\/a>\n        \t\t\t\t<\/div>\n\t\t\t\t<\/div>\n\t\t\t\t<\/div>\n\t\t\t\t<div class=\"elementor-element elementor-element-35b502c elementor-widget elementor-widget-template\" data-id=\"35b502c\" data-element_type=\"widget\" data-e-type=\"widget\" data-widget_type=\"template.default\">\n\t\t\t\t<div class=\"elementor-widget-container\">\n\t\t\t\t\t\t\t<div class=\"elementor-template\">\n\t\t\t\t\t<div data-elementor-type=\"container\" data-elementor-id=\"8317\" class=\"elementor elementor-8317\" data-elementor-post-type=\"elementor_library\">\n\t\t\t\t<div class=\"elementor-element elementor-element-4ca4508 e-con-full e-flex e-con e-child\" data-id=\"4ca4508\" data-element_type=\"container\" data-e-type=\"container\">\n\t\t\t\t<div class=\"elementor-element elementor-element-c993a4b elementor-widget elementor-widget-image\" data-id=\"c993a4b\" data-element_type=\"widget\" data-e-type=\"widget\" data-widget_type=\"image.default\">\n\t\t\t\t\t\t\t\t\t\t\t\t\t\t\t<img decoding=\"async\" width=\"93\" height=\"107\" src=\"https:\/\/timly.com\/wp-content\/uploads\/2025\/11\/best-support.svg\" class=\"attachment-large size-large wp-image-3401\" alt=\"\" \/>\t\t\t\t\t\t\t\t\t\t\t\t\t\t\t<\/div>\n\t\t\t\t<div class=\"elementor-element elementor-element-3af6b2a7 elementor-widget elementor-widget-image\" data-id=\"3af6b2a7\" data-element_type=\"widget\" data-e-type=\"widget\" data-widget_type=\"image.default\">\n\t\t\t\t\t\t\t\t\t\t\t\t\t\t\t<img decoding=\"async\" width=\"93\" height=\"107\" src=\"https:\/\/timly.com\/wp-content\/uploads\/2025\/11\/regional-leader.svg\" class=\"attachment-large size-large wp-image-3404\" alt=\"\" \/>\t\t\t\t\t\t\t\t\t\t\t\t\t\t\t<\/div>\n\t\t\t\t<div class=\"elementor-element elementor-element-a5b433f elementor-widget elementor-widget-image\" data-id=\"a5b433f\" data-element_type=\"widget\" data-e-type=\"widget\" data-widget_type=\"image.default\">\n\t\t\t\t\t\t\t\t\t\t\t\t\t\t\t<img loading=\"lazy\" decoding=\"async\" width=\"120\" height=\"94\" src=\"https:\/\/timly.com\/wp-content\/uploads\/2025\/11\/best-value-badge.png.webp\" class=\"attachment-large size-large wp-image-3402\" alt=\"\" \/>\t\t\t\t\t\t\t\t\t\t\t\t\t\t\t<\/div>\n\t\t\t\t<div class=\"elementor-element elementor-element-205b0fcb elementor-widget elementor-widget-image\" data-id=\"205b0fcb\" data-element_type=\"widget\" data-e-type=\"widget\" data-widget_type=\"image.default\">\n\t\t\t\t\t\t\t\t\t\t\t\t\t\t\t<img loading=\"lazy\" decoding=\"async\" width=\"800\" height=\"625\" src=\"https:\/\/timly.com\/wp-content\/uploads\/2025\/11\/GetApp-Badge-2025.svg\" class=\"attachment-large size-large wp-image-3403\" alt=\"\" \/>\t\t\t\t\t\t\t\t\t\t\t\t\t\t\t<\/div>\n\t\t\t\t<div class=\"elementor-element elementor-element-324d07fa elementor-widget elementor-widget-image\" data-id=\"324d07fa\" data-element_type=\"widget\" data-e-type=\"widget\" data-widget_type=\"image.default\">\n\t\t\t\t\t\t\t\t\t\t\t\t\t\t\t<img loading=\"lazy\" decoding=\"async\" width=\"800\" height=\"625\" src=\"https:\/\/timly.com\/wp-content\/uploads\/2025\/11\/Software-Advice-Badge-2025.svg\" class=\"attachment-large size-large wp-image-3405\" alt=\"\" \/>\t\t\t\t\t\t\t\t\t\t\t\t\t\t\t<\/div>\n\t\t\t\t<\/div>\n\t\t\t\t<\/div>\n\t\t\t\t<\/div>\n\t\t\t\t\t\t<\/div>\n\t\t\t\t<\/div>\n\t\t\t\t\t<\/div>\n\t\t\t\t<\/div>\n\t\t\t\t<\/div>\n\t\t","protected":false},"excerpt":{"rendered":"<p>Timly Software AG Die digitale Inventarl\u00f6sung f\u00fcr Wartung, Service und Assetmanagement in Industrie und Dienstleistung. Werden Sie erfolgreicher mit einer intuitiven, ganzheitlichen Inventarl\u00f6sung, die Ihren Arbeitsalltag sp\u00fcrbar vereinfacht. Kontaktieren Sie uns Unsere Software Unsere cloudbasierte Inventarsoftware b\u00fcndelt alle Informationen zu Ihren Assets \u2013 von IT-Equipment und M\u00f6beln bis hin zu Maschinen, Werkzeugen und ganzen Fahrzeugflotten [&hellip;]<\/p>\n","protected":false},"author":1,"featured_media":0,"parent":0,"menu_order":0,"comment_status":"closed","ping_status":"closed","template":"","meta":{"footnotes":""},"class_list":["post-162","page","type-page","status-publish","hentry"],"lang":"de","translations":{"de":162,"en":28326,"fr":28599,"es":28852},"pll_sync_post":[],"_links":{"self":[{"href":"https:\/\/timly.com\/wp-json\/wp\/v2\/pages\/162","targetHints":{"allow":["GET"]}}],"collection":[{"href":"https:\/\/timly.com\/wp-json\/wp\/v2\/pages"}],"about":[{"href":"https:\/\/timly.com\/wp-json\/wp\/v2\/types\/page"}],"author":[{"embeddable":true,"href":"https:\/\/timly.com\/wp-json\/wp\/v2\/users\/1"}],"replies":[{"embeddable":true,"href":"https:\/\/timly.com\/wp-json\/wp\/v2\/comments?post=162"}],"version-history":[{"count":90,"href":"https:\/\/timly.com\/wp-json\/wp\/v2\/pages\/162\/revisions"}],"predecessor-version":[{"id":44356,"href":"https:\/\/timly.com\/wp-json\/wp\/v2\/pages\/162\/revisions\/44356"}],"wp:attachment":[{"href":"https:\/\/timly.com\/wp-json\/wp\/v2\/media?parent=162"}],"curies":[{"name":"wp","href":"https:\/\/api.w.org\/{rel}","templated":true}]}}