{"id":4,"date":"2017-10-24T15:39:32","date_gmt":"2017-10-24T15:39:32","guid":{"rendered":"https:\/\/suf.cc\/wp\/?page_id=4"},"modified":"2019-09-28T13:53:25","modified_gmt":"2019-09-28T11:53:25","slug":"lastips","status":"publish","type":"page","link":"https:\/\/suf.cc\/lastips\/","title":{"rendered":"L\u00e4stips"},"content":{"rendered":"<p>Inom SUF till\u00e4mpas tendensfrihet, vilket inneb\u00e4r att olika id\u00e9er kan f\u00f6respr\u00e5kas parallellt inom federationen, s\u00e5 l\u00e4nge de inte strider mot principf\u00f6rklaringen. F\u00f6rdelen med detta \u00e4r att vi kan vinna st\u00f6rre enhet och slagkraft.<\/p>\n<blockquote><p>Texterna p\u00e5 den h\u00e4r sidan \u00e4r ett axplock ur olika ideologier och praktiker som SUF anv\u00e4nder sig av, alla f\u00f6r att uppn\u00e5 v\u00e5rt gemensamma m\u00e5l: det klassl\u00f6sa samh\u00e4llet.<\/p><\/blockquote>\n<h6>Texter av SUF<\/h6>\n<p><a href=\"https:\/\/suf.cc\/wp-content\/uploads\/2017\/11\/var_makt_2004_kunskapsfabriken.pdf\" target=\"_blank\" rel=\"noopener noreferrer\">V\u00e4lkommen till Kunskapsfabriken &#8211; kamp och organisering i skolan<\/a><br \/>\n<a href=\"https:\/\/suf.cc\/wp-content\/uploads\/2017\/11\/skolkamp.pdf\" target=\"_blank\" rel=\"noopener noreferrer\">Mer om skolkamp<\/a><br \/>\n<a href=\"https:\/\/suf.cc\/wp-content\/uploads\/2017\/11\/SUF-sommarjobbsfolder.pdf\" target=\"_blank\" rel=\"noopener noreferrer\">N\u00e5gra tips till dig som f\u00e5tt sommarjobb<\/a><br \/>\n<a href=\"https:\/\/www.sac.se\/Om-SAC\/Historik\/Arkiv\/Broschyrer,-sm%C3%A5skrifter-och-b%C3%B6cker\/Antologier-och-skrifter-utan-f%C3%B6rfattarnamn\/SAC\/Revo-Tankar-om-den-frihetliga-socialismen-och-revolutionen\">Revo &#8211; tankar om den frihetliga socialismen\u00c2\u00a0 och revolutionen<\/a><\/p>\n<h6>Arbetsplatskamp<\/h6>\n<p><a href=\"http:\/\/www.riff-raff.se\/3-4\/stekha.php\" target=\"_blank\" rel=\"noopener noreferrer\">Att steka hamburgare eller Kampen mot v\u00e4rdet p\u00e5 en hamburgerrestaurang &#8211; Riff-Raff<\/a><br \/>\n<a href=\"https:\/\/www.sac.se\/Om-SAC\/Organisation\/Styrdokument2\/Fackligt-program-f%C3%B6r-SAC-Syndikalisterna\" target=\"_blank\" rel=\"noopener noreferrer\">SAC:s fackliga program<\/a><br \/>\n<a href=\"http:\/\/www.folkrorelselinjen.nu\/texter\/foab\/02_paus_for_galna_vargar.html\" target=\"_blank\" rel=\"noopener noreferrer\">Paus f\u00f6r galna vargar<\/a><br \/>\n<a href=\"http:\/\/notesfrombelow.org\/article\/an-introduction-to-wobbly\">Fackf\u00f6reningen IWW:s experiment f\u00f6r att skapa en digital fackf\u00f6rening riktad till arbetare i prek\u00e4ra anst\u00e4llningar<\/a><\/p>\n<h6>Ideologi<\/h6>\n<p><a href=\"http:\/\/www.riff-raff.se\/1\/samkap.php\" target=\"_blank\" rel=\"noopener noreferrer\">Samma gamla kapitalism &#8211; Riff-Raff<\/a><\/p>\n<p><a href=\"https:\/\/www.marxists.org\/archive\/marx\/works\/1848\/communist-manifesto\/\" target=\"_blank\" rel=\"noopener\">Manifesto of the Communist Party<\/a><\/p>\n<p><a href=\"https:\/\/thebreadbook.org\/conquestofbread.html\" target=\"_blank\" rel=\"noopener\">The Conquest of Bread<\/a><\/p>\n<h6>Historia<\/h6>\n<p><a href=\"https:\/\/www.sac.se\/Om-SAC\/Historik\/Arkiv\/Textarkiv\/Texter-om-SAC\/SAC-och-syndikalismen\" target=\"_blank\" rel=\"noopener noreferrer\">SAC och syndikalismen \u2013 en kort introduktion &#8211; Ingemar Sj\u00f6\u00f6<\/a><\/p>\n<h6>Gigekonomi<\/h6>\n<p><a href=\"https:\/\/www.etc.se\/ekonomi\/darfor-vaxer-de-ofrivilliga-gig-jobben\">ETC skriver om gigekonomi<\/a><\/p>\n<p><a href=\"https:\/\/youtu.be\/wpcJlw4CpPc\">Dokument\u00e4r om Uber<\/a><\/p>\n<p><a href=\"https:\/\/www.stockholmdirekt.se\/nyheter\/forbjudet-kora-andras-skrap-till-tippen\/reprji!@XFpZAxtTYYIA6GJMMTOGg\/\">Stockholm Stads f\u00f6rbud mot tj\u00e4nsten Tiptapp<\/a><\/p>\n<p><a href=\"https:\/\/www.stockholmdirekt.se\/nyheter\/hard-kamp-om-uppdragen-i-popular-app\/reprjc!h2Ptxu@hvXhX3XJL2kL7TQ\/\">Stockholm Direkt skriver om tj\u00e4nsten Tiptapp<\/a><\/p>\n<p><a href=\"https:\/\/www.regeringen.se\/495f62\/contentassets\/82aabf7f731c4e18aaee3b8dc3621063\/delningsekonomi--pa-anvandarnas-villkor-sou-201726\">Regeringens utredning av &#8220;delningsekonomins&#8221; konsekvenser f\u00f6r anv\u00e4ndarna (2017)<\/a><\/p>\n<p><a href=\"https:\/\/www.svt.se\/nyheter\/ekonomi\/unga-utan-anstallning-kan-ga-miste-om-miljonbelopp-i-pension\">SVT Nyheter om f\u00f6rs\u00e4kringsbolagets Skandias rapport om de anst\u00e4llda i gig-ekonomin<\/a><\/p>\n<p><a href=\"https:\/\/www.skandia.se\/globalassets\/pdf\/press-och-media\/rapporter-och-debatt\/de-bortglomda-pensionsmiljonerna--en-rapport-om-framtida-pensioner-for-anstallda-i-gig-ekonomin.pdf\">Skandias Rapport om de anst\u00e4llda i gig-ekonomin<\/a><\/p>\n<h6>Entrepren\u00f6rskap<\/h6>\n<p><a href=\"https:\/\/alltatalla.se\/allmant\/entreprenorskap-klassfred-pa-nysprak\">Allt \u00e5t Allas analys av vad entrepren\u00f6rskap egentligen betyder<\/a><\/p>\n<h6>Gamification<\/h6>\n<p><a href=\"https:\/\/aeon.co\/essays\/how-employers-have-gamified-work-for-maximum-profit\">Level UP! Top Rating! Om plattformar som utnyttjar v\u00e5ra bel\u00f6ningssystem f\u00f6r att f\u00e5 ut s\u00e5 mycket arbetstid av oss som m\u00f6jligt<\/a><\/p>\n<h6>Cybernetik<\/h6>\n<p><a href=\"https:\/\/theanarchistlibrary.org\/library\/the-invisible-committe-to-our-friends#toc15\">Osynliga kommitt\u00e9n om cybernetik<\/a><\/p>\n<p><a href=\"https:\/\/gatorna.info\/threads\/militant-cybernetik-1678\">Gatorna.info om cybernetik\u00c2\u00a0<\/a><\/p>\n<p><a href=\"https:\/\/www.goto10.se\/evenemang\/smart-city-lab-1-sensors-and-actuators\/\">Laboration om &#8220;smarta st\u00e4der&#8221; i Stockholm<\/a><\/p>\n<p><a href=\"https:\/\/www.podbean.com\/media\/share\/pb-wjxma-95a008\">Podden General Intellect Unit\u00c2\u00a0om cybernetik\u00c2\u00a0<\/a><\/p>\n<p>All Watched By Machines of Loving Grace &#8211; BBC-dokument\u00e4r om cybernetikens historia. <a href=\"https:\/\/vimeo.com\/groups\/96331\/videos\/80799353\">Del 1<\/a> \/ <a href=\"https:\/\/vimeo.com\/groups\/96331\/videos\/80799352\">Del 2<\/a> \/ <a href=\"https:\/\/www.dailymotion.com\/video\/x2eku4s\">Del 3<\/a><\/p>\n<h4>Tips p\u00e5 socialistiska bokhandlar och webbutiker<\/h4>\n<p>Givetvis \u00e4r det mycket trevligare att l\u00e4sa i en bok \u00e4n att p\u00e5 n\u00e4tet. H\u00e4r f\u00f6ljer d\u00e4rf\u00f6r tips p\u00e5 n\u00e5gra bokhandlar och webbutiker d\u00e4r du kan k\u00f6pa intressant litteratur till rimliga priser.<\/p>\n<ul>\n<li><a href=\"http:\/\/www.bokcafet.se\/\" target=\"_blank\" rel=\"noopener noreferrer\">Bokcaf\u00e9t i J\u00f6nk\u00f6ping<\/a><\/li>\n<li><a href=\"http:\/\/www.syndikalistisktforum.se\/\" target=\"_blank\" rel=\"noopener noreferrer\">Syndikalistiskt forum i G\u00f6teborg<\/a><\/li>\n<li><a href=\"http:\/\/www.ageradistribution.net\/\" target=\"_blank\" rel=\"noopener noreferrer\">Agera distribution<\/a><\/li>\n<li><a href=\"https:\/\/amaltheabokkafe.tumblr.com\/\">Amalthea Bokkaf\u00e9 i Malm\u00f6<\/a><\/li>\n<\/ul>\n<h6><\/h6>\n","protected":false},"excerpt":{"rendered":"<p>Inom SUF till\u00e4mpas tendensfrihet, vilket inneb\u00e4r att olika id\u00e9er kan f\u00f6respr\u00e5kas parallellt inom federationen, s\u00e5 l\u00e4nge de inte strider mot<\/p>\n","protected":false},"author":4,"featured_media":0,"parent":0,"menu_order":0,"comment_status":"closed","ping_status":"closed","template":"","meta":{"colormag_page_container_layout":"default_layout","colormag_page_sidebar_layout":"default_layout"},"_links":{"self":[{"href":"https:\/\/suf.cc\/wp-json\/wp\/v2\/pages\/4"}],"collection":[{"href":"https:\/\/suf.cc\/wp-json\/wp\/v2\/pages"}],"about":[{"href":"https:\/\/suf.cc\/wp-json\/wp\/v2\/types\/page"}],"author":[{"embeddable":true,"href":"https:\/\/suf.cc\/wp-json\/wp\/v2\/users\/4"}],"replies":[{"embeddable":true,"href":"https:\/\/suf.cc\/wp-json\/wp\/v2\/comments?post=4"}],"version-history":[{"count":19,"href":"https:\/\/suf.cc\/wp-json\/wp\/v2\/pages\/4\/revisions"}],"predecessor-version":[{"id":2744,"href":"https:\/\/suf.cc\/wp-json\/wp\/v2\/pages\/4\/revisions\/2744"}],"wp:attachment":[{"href":"https:\/\/suf.cc\/wp-json\/wp\/v2\/media?parent=4"}],"curies":[{"name":"wp","href":"https:\/\/api.w.org\/{rel}","templated":true}]}}