{"id":35,"date":"2021-06-22T22:54:33","date_gmt":"2021-06-22T20:54:33","guid":{"rendered":"https:\/\/p592192.mittwaldserver.info\/wp_qrfld\/public\/?page_id=35"},"modified":"2023-05-24T09:15:35","modified_gmt":"2023-05-24T07:15:35","slug":"projekte","status":"publish","type":"page","link":"https:\/\/qrfld.com\/projekte\/","title":{"rendered":"Projekte"},"content":{"rendered":"\n\n\t<meta itemscope itemprop=\"mainEntityOfPage\" itemtype=\"https:\/\/schema.org\/WebPage\" itemid=\"https:\/\/qrfld.com\/projekt\/infocontainer-krampnitz\/\" content=\"Infocontainer Krampnitz\" \/><meta itemprop=\"datePublished\" content=\"2023-05-23\" \/><meta itemprop=\"dateModified\" content=\"2023-05-23\" \/><meta itemprop=\"name\" content=\"Qrfld\"\/><meta itemprop=\"url\" content=\"https:\/\/qrfld.com\/author\/brigitta\/\" \/><meta itemprop=\"name\" content=\"brigitta\" \/><meta itemprop=\"url\" content=\"https:\/\/qrfld.com\/wp-content\/uploads\/2023\/05\/Qrfld-InfoboxKrampnitz-1-copyr-BBungard-2560x1500-1.jpg\" \/><meta itemprop=\"width\" content=\"2560\" \/><meta itemprop=\"height\" content=\"1500\" \/><meta itemprop=\"interactionType\" content=\"https:\/\/schema.org\/CommentAction\" \/><meta itemprop=\"userInteractionCount\" content=\"0\" \/>\n\t\t\t\t\t\t<img width=\"1024\" height=\"600\" src=\"https:\/\/qrfld.com\/wp-content\/uploads\/2023\/05\/Qrfld-InfoboxKrampnitz-1-copyr-BBungard-2560x1500-1-1024x600.jpg\" alt=\"\" loading=\"lazy\" itemprop=\"image\" srcset=\"https:\/\/qrfld.com\/wp-content\/uploads\/2023\/05\/Qrfld-InfoboxKrampnitz-1-copyr-BBungard-2560x1500-1-1024x600.jpg 1024w, https:\/\/qrfld.com\/wp-content\/uploads\/2023\/05\/Qrfld-InfoboxKrampnitz-1-copyr-BBungard-2560x1500-1-300x176.jpg 300w, https:\/\/qrfld.com\/wp-content\/uploads\/2023\/05\/Qrfld-InfoboxKrampnitz-1-copyr-BBungard-2560x1500-1-768x450.jpg 768w, https:\/\/qrfld.com\/wp-content\/uploads\/2023\/05\/Qrfld-InfoboxKrampnitz-1-copyr-BBungard-2560x1500-1-1536x900.jpg 1536w, https:\/\/qrfld.com\/wp-content\/uploads\/2023\/05\/Qrfld-InfoboxKrampnitz-1-copyr-BBungard-2560x1500-1-2048x1200.jpg 2048w\" sizes=\"(max-width: 1024px) 100vw, 1024px\" \/>\n\t\t\t\t\t<a href=\"https:\/\/qrfld.com\/projekt\/infocontainer-krampnitz\/\"><\/a>\n\t\t\t\t\t        <h2>Entwicklungstr\u00e4ger Potsdam<\/h2>\n\t\t\t\t\t        Visuell und interaktiv: Vorschau auf einen neuen Stadtteil\n\t<meta itemscope itemprop=\"mainEntityOfPage\" itemtype=\"https:\/\/schema.org\/WebPage\" itemid=\"https:\/\/qrfld.com\/projekt\/branding-und-leitsystem\/\" content=\"Branding und Leitsystem\" \/><meta itemprop=\"datePublished\" content=\"2022-02-04\" \/><meta itemprop=\"dateModified\" content=\"2022-02-04\" \/><meta itemprop=\"name\" content=\"Qrfld\"\/><meta itemprop=\"url\" content=\"https:\/\/qrfld.com\/author\/brigitta\/\" \/><meta itemprop=\"name\" content=\"brigitta\" \/><meta itemprop=\"url\" content=\"https:\/\/qrfld.com\/wp-content\/uploads\/2022\/02\/Qrfld-Kompetenzzentrum-3-2560x1550-1.jpg\" \/><meta itemprop=\"width\" content=\"2560\" \/><meta itemprop=\"height\" content=\"1500\" \/><meta itemprop=\"interactionType\" content=\"https:\/\/schema.org\/CommentAction\" \/><meta itemprop=\"userInteractionCount\" content=\"0\" \/>\n\t\t\t\t\t\t<img width=\"1024\" height=\"600\" src=\"https:\/\/qrfld.com\/wp-content\/uploads\/2022\/02\/Qrfld-Kompetenzzentrum-3-2560x1550-1-1024x600.jpg\" alt=\"Kompetenzzentrum Infowand\" loading=\"lazy\" itemprop=\"image\" srcset=\"https:\/\/qrfld.com\/wp-content\/uploads\/2022\/02\/Qrfld-Kompetenzzentrum-3-2560x1550-1-1024x600.jpg 1024w, https:\/\/qrfld.com\/wp-content\/uploads\/2022\/02\/Qrfld-Kompetenzzentrum-3-2560x1550-1-300x176.jpg 300w, https:\/\/qrfld.com\/wp-content\/uploads\/2022\/02\/Qrfld-Kompetenzzentrum-3-2560x1550-1-768x450.jpg 768w, https:\/\/qrfld.com\/wp-content\/uploads\/2022\/02\/Qrfld-Kompetenzzentrum-3-2560x1550-1-1536x900.jpg 1536w, https:\/\/qrfld.com\/wp-content\/uploads\/2022\/02\/Qrfld-Kompetenzzentrum-3-2560x1550-1-2048x1200.jpg 2048w\" sizes=\"(max-width: 1024px) 100vw, 1024px\" \/>\n\t\t\t\t\t<a href=\"https:\/\/qrfld.com\/projekt\/branding-und-leitsystem\/\"><\/a>\n\t\t\t\t\t        <h2>Kompetenzzentrum f\u00fcr Energiespeicherung und Energiesystemmanagement<\/h2>\n\t\t\t\t\t        Logo, Grafiken, Leitsystem und interaktive Foyerwand \n\t<meta itemscope itemprop=\"mainEntityOfPage\" itemtype=\"https:\/\/schema.org\/WebPage\" itemid=\"https:\/\/qrfld.com\/projekt\/wir-machen-stadt\/\" content=\"Wir machen Stadt\" \/><meta itemprop=\"datePublished\" content=\"2021-07-12\" \/><meta itemprop=\"dateModified\" content=\"2023-05-24\" \/><meta itemprop=\"name\" content=\"Qrfld\"\/><meta itemprop=\"url\" content=\"https:\/\/qrfld.com\/author\/jemo\/\" \/><meta itemprop=\"name\" content=\"jemo\" \/><meta itemprop=\"url\" content=\"https:\/\/qrfld.com\/wp-content\/uploads\/2021\/07\/Qrfld-ProPotsdam-WirMachenStadt-1-2560x1550-1.jpg\" \/><meta itemprop=\"width\" content=\"2560\" \/><meta itemprop=\"height\" content=\"1550\" \/><meta itemprop=\"interactionType\" content=\"https:\/\/schema.org\/CommentAction\" \/><meta itemprop=\"userInteractionCount\" content=\"0\" \/>\n\t\t\t\t\t\t<img width=\"1024\" height=\"620\" src=\"https:\/\/qrfld.com\/wp-content\/uploads\/2021\/07\/Qrfld-ProPotsdam-WirMachenStadt-1-2560x1550-1-1024x620.jpg\" alt=\"ProPotsdam: Wir machen Stadt, Werkschau\" loading=\"lazy\" itemprop=\"image\" srcset=\"https:\/\/qrfld.com\/wp-content\/uploads\/2021\/07\/Qrfld-ProPotsdam-WirMachenStadt-1-2560x1550-1-1024x620.jpg 1024w, https:\/\/qrfld.com\/wp-content\/uploads\/2021\/07\/Qrfld-ProPotsdam-WirMachenStadt-1-2560x1550-1-300x182.jpg 300w, https:\/\/qrfld.com\/wp-content\/uploads\/2021\/07\/Qrfld-ProPotsdam-WirMachenStadt-1-2560x1550-1-768x465.jpg 768w, https:\/\/qrfld.com\/wp-content\/uploads\/2021\/07\/Qrfld-ProPotsdam-WirMachenStadt-1-2560x1550-1-1536x930.jpg 1536w, https:\/\/qrfld.com\/wp-content\/uploads\/2021\/07\/Qrfld-ProPotsdam-WirMachenStadt-1-2560x1550-1-2048x1240.jpg 2048w\" sizes=\"(max-width: 1024px) 100vw, 1024px\" \/>\n\t\t\t\t\t<a href=\"https:\/\/qrfld.com\/projekt\/wir-machen-stadt\/\"><\/a>\n\t\t\t\t\t        <h2>ProPotsdam<\/h2>\n\t\t\t\t\t        Eine interaktive Werkschau und nachhaltige Foyergestaltung\n\t<meta itemscope itemprop=\"mainEntityOfPage\" itemtype=\"https:\/\/schema.org\/WebPage\" itemid=\"https:\/\/qrfld.com\/projekt\/propotsdam-kundenzentrum\/\" content=\"ProPotsdam Kundenzentrum\" \/><meta itemprop=\"datePublished\" content=\"2023-05-23\" \/><meta itemprop=\"dateModified\" content=\"2023-05-24\" \/><meta itemprop=\"name\" content=\"Qrfld\"\/><meta itemprop=\"url\" content=\"https:\/\/qrfld.com\/author\/brigitta\/\" \/><meta itemprop=\"name\" content=\"brigitta\" \/><meta itemprop=\"url\" content=\"https:\/\/qrfld.com\/wp-content\/uploads\/2023\/05\/Qrfld-ProPotsdam-Servicepoint-0-2560x1800-1.jpg\" \/><meta itemprop=\"width\" content=\"2560\" \/><meta itemprop=\"height\" content=\"1800\" \/><meta itemprop=\"interactionType\" content=\"https:\/\/schema.org\/CommentAction\" \/><meta itemprop=\"userInteractionCount\" content=\"0\" \/>\n\t\t\t\t\t\t<img width=\"1024\" height=\"720\" src=\"https:\/\/qrfld.com\/wp-content\/uploads\/2023\/05\/Qrfld-ProPotsdam-Servicepoint-0-2560x1800-1-1024x720.jpg\" alt=\"Einrichtung ProPotsdam Kundenzentrum\" loading=\"lazy\" itemprop=\"image\" srcset=\"https:\/\/qrfld.com\/wp-content\/uploads\/2023\/05\/Qrfld-ProPotsdam-Servicepoint-0-2560x1800-1-1024x720.jpg 1024w, https:\/\/qrfld.com\/wp-content\/uploads\/2023\/05\/Qrfld-ProPotsdam-Servicepoint-0-2560x1800-1-300x211.jpg 300w, https:\/\/qrfld.com\/wp-content\/uploads\/2023\/05\/Qrfld-ProPotsdam-Servicepoint-0-2560x1800-1-768x540.jpg 768w, https:\/\/qrfld.com\/wp-content\/uploads\/2023\/05\/Qrfld-ProPotsdam-Servicepoint-0-2560x1800-1-1536x1080.jpg 1536w, https:\/\/qrfld.com\/wp-content\/uploads\/2023\/05\/Qrfld-ProPotsdam-Servicepoint-0-2560x1800-1-2048x1440.jpg 2048w\" sizes=\"(max-width: 1024px) 100vw, 1024px\" \/>\n\t\t\t\t\t<a href=\"https:\/\/qrfld.com\/projekt\/propotsdam-kundenzentrum\/\"><\/a>\n\t\t\t\t\t        \n\t\t\t\t\t        Eine neue Raumgestaltung f\u00fcr das Kundenzentrum, die das Corporate Design der ProPotsdam reflektiert\n\t<meta itemscope itemprop=\"mainEntityOfPage\" itemtype=\"https:\/\/schema.org\/WebPage\" itemid=\"https:\/\/qrfld.com\/projekt\/leitfaden-fuer-die-mehrwegpflicht\/\" content=\"Leitfaden f\u00fcr die Mehrwegpflicht\" \/><meta itemprop=\"datePublished\" content=\"2023-05-23\" \/><meta itemprop=\"dateModified\" content=\"2023-05-24\" \/><meta itemprop=\"name\" content=\"Qrfld\"\/><meta itemprop=\"url\" content=\"https:\/\/qrfld.com\/author\/brigitta\/\" \/><meta itemprop=\"name\" content=\"brigitta\" \/><meta itemprop=\"url\" content=\"https:\/\/qrfld.com\/wp-content\/uploads\/2023\/05\/Qrfld-LeitfadenMehrwehpflicht-Galerie-1-copyr-BBungard-2560x1500-1.jpg\" \/><meta itemprop=\"width\" content=\"2560\" \/><meta itemprop=\"height\" content=\"1500\" \/><meta itemprop=\"interactionType\" content=\"https:\/\/schema.org\/CommentAction\" \/><meta itemprop=\"userInteractionCount\" content=\"0\" \/>\n\t\t\t\t\t\t<img width=\"1024\" height=\"600\" src=\"https:\/\/qrfld.com\/wp-content\/uploads\/2023\/05\/Qrfld-LeitfadenMehrwehpflicht-Galerie-1-copyr-BBungard-2560x1500-1-1024x600.jpg\" alt=\"Leitfaden f\u00fcr die Mehrwegpflicht\" loading=\"lazy\" itemprop=\"image\" srcset=\"https:\/\/qrfld.com\/wp-content\/uploads\/2023\/05\/Qrfld-LeitfadenMehrwehpflicht-Galerie-1-copyr-BBungard-2560x1500-1-1024x600.jpg 1024w, https:\/\/qrfld.com\/wp-content\/uploads\/2023\/05\/Qrfld-LeitfadenMehrwehpflicht-Galerie-1-copyr-BBungard-2560x1500-1-300x176.jpg 300w, https:\/\/qrfld.com\/wp-content\/uploads\/2023\/05\/Qrfld-LeitfadenMehrwehpflicht-Galerie-1-copyr-BBungard-2560x1500-1-768x450.jpg 768w, https:\/\/qrfld.com\/wp-content\/uploads\/2023\/05\/Qrfld-LeitfadenMehrwehpflicht-Galerie-1-copyr-BBungard-2560x1500-1-1536x900.jpg 1536w, https:\/\/qrfld.com\/wp-content\/uploads\/2023\/05\/Qrfld-LeitfadenMehrwehpflicht-Galerie-1-copyr-BBungard-2560x1500-1-2048x1200.jpg 2048w\" sizes=\"(max-width: 1024px) 100vw, 1024px\" \/>\n\t\t\t\t\t<a href=\"https:\/\/qrfld.com\/projekt\/leitfaden-fuer-die-mehrwegpflicht\/\"><\/a>\n\t\t\t\t\t        <h2>Potsdamer B\u00fcrgerstiftung<\/h2>\n\t\t\t\t\t        Eine leicht verst\u00e4ndlicher Leitfaden f\u00fcr Kommunen und Gastronomie\n\t<meta itemscope itemprop=\"mainEntityOfPage\" itemtype=\"https:\/\/schema.org\/WebPage\" itemid=\"https:\/\/qrfld.com\/projekt\/instant-film-verpackung\/\" content=\"Instant Film Verpackung\" \/><meta itemprop=\"datePublished\" content=\"2021-06-23\" \/><meta itemprop=\"dateModified\" content=\"2022-01-12\" \/><meta itemprop=\"name\" content=\"Qrfld\"\/><meta itemprop=\"url\" content=\"https:\/\/qrfld.com\/author\/jemo\/\" \/><meta itemprop=\"name\" content=\"jemo\" \/><meta itemprop=\"url\" content=\"https:\/\/qrfld.com\/wp-content\/uploads\/2021\/06\/Qrfld-Impossible-Slider-Startseite-1-2560x1460-1.jpg\" \/><meta itemprop=\"width\" content=\"2560\" \/><meta itemprop=\"height\" content=\"1460\" \/><meta itemprop=\"interactionType\" content=\"https:\/\/schema.org\/CommentAction\" \/><meta itemprop=\"userInteractionCount\" content=\"0\" \/>\n\t\t\t\t\t\t<img width=\"1024\" height=\"584\" src=\"https:\/\/qrfld.com\/wp-content\/uploads\/2021\/06\/Qrfld-Impossible-Slider-Startseite-1-2560x1460-1-1024x584.jpg\" alt=\"Impossible: Instant Film Verpackungen\" loading=\"lazy\" itemprop=\"image\" srcset=\"https:\/\/qrfld.com\/wp-content\/uploads\/2021\/06\/Qrfld-Impossible-Slider-Startseite-1-2560x1460-1-1024x584.jpg 1024w, https:\/\/qrfld.com\/wp-content\/uploads\/2021\/06\/Qrfld-Impossible-Slider-Startseite-1-2560x1460-1-300x171.jpg 300w, https:\/\/qrfld.com\/wp-content\/uploads\/2021\/06\/Qrfld-Impossible-Slider-Startseite-1-2560x1460-1-768x438.jpg 768w, https:\/\/qrfld.com\/wp-content\/uploads\/2021\/06\/Qrfld-Impossible-Slider-Startseite-1-2560x1460-1-1536x876.jpg 1536w, https:\/\/qrfld.com\/wp-content\/uploads\/2021\/06\/Qrfld-Impossible-Slider-Startseite-1-2560x1460-1-2048x1168.jpg 2048w\" sizes=\"(max-width: 1024px) 100vw, 1024px\" \/>\n\t\t\t\t\t<a href=\"https:\/\/qrfld.com\/projekt\/instant-film-verpackung\/\"><\/a>\n\t\t\t\t\t        <h2>Impossible<\/h2>\n\t\t\t\t\t        Instant Film Verpackungen mit klarer Information und Raum f\u00fcr Variation\n\t<meta itemscope itemprop=\"mainEntityOfPage\" itemtype=\"https:\/\/schema.org\/WebPage\" itemid=\"https:\/\/qrfld.com\/projekt\/lebendige-bauten\/\" content=\"Lebendige Bauten\" \/><meta itemprop=\"datePublished\" content=\"2021-07-12\" \/><meta itemprop=\"dateModified\" content=\"2022-01-10\" \/><meta itemprop=\"name\" content=\"Qrfld\"\/><meta itemprop=\"url\" content=\"https:\/\/qrfld.com\/author\/brigitta\/\" \/><meta itemprop=\"name\" content=\"brigitta\" \/><meta itemprop=\"url\" content=\"https:\/\/qrfld.com\/wp-content\/uploads\/2021\/07\/Qrfld-ProPotsdam-LebendigeBauten-Slider-Startseite-2-2560x1460-1.jpg\" \/><meta itemprop=\"width\" content=\"2560\" \/><meta itemprop=\"height\" content=\"1460\" \/><meta itemprop=\"interactionType\" content=\"https:\/\/schema.org\/CommentAction\" \/><meta itemprop=\"userInteractionCount\" content=\"0\" \/>\n\t\t\t\t\t\t<img width=\"1024\" height=\"584\" src=\"https:\/\/qrfld.com\/wp-content\/uploads\/2021\/07\/Qrfld-ProPotsdam-LebendigeBauten-Slider-Startseite-2-2560x1460-1-1024x584.jpg\" alt=\"ProPotsdam: Lebendige Bauten, Filmprojektion 1\" loading=\"lazy\" itemprop=\"image\" srcset=\"https:\/\/qrfld.com\/wp-content\/uploads\/2021\/07\/Qrfld-ProPotsdam-LebendigeBauten-Slider-Startseite-2-2560x1460-1-1024x584.jpg 1024w, https:\/\/qrfld.com\/wp-content\/uploads\/2021\/07\/Qrfld-ProPotsdam-LebendigeBauten-Slider-Startseite-2-2560x1460-1-300x171.jpg 300w, https:\/\/qrfld.com\/wp-content\/uploads\/2021\/07\/Qrfld-ProPotsdam-LebendigeBauten-Slider-Startseite-2-2560x1460-1-768x438.jpg 768w, https:\/\/qrfld.com\/wp-content\/uploads\/2021\/07\/Qrfld-ProPotsdam-LebendigeBauten-Slider-Startseite-2-2560x1460-1-1536x876.jpg 1536w, https:\/\/qrfld.com\/wp-content\/uploads\/2021\/07\/Qrfld-ProPotsdam-LebendigeBauten-Slider-Startseite-2-2560x1460-1-2048x1168.jpg 2048w\" sizes=\"(max-width: 1024px) 100vw, 1024px\" \/>\n\t\t\t\t\t<a href=\"https:\/\/qrfld.com\/projekt\/lebendige-bauten\/\"><\/a>\n\t\t\t\t\t        <h2>ProPotsdam<\/h2>\n\t\t\t\t\t        Eine multimediale Ausstellung informiert \u00fcber die Sanierung des Kulturquartiers Schiffbauergasse\n\t<meta itemscope itemprop=\"mainEntityOfPage\" itemtype=\"https:\/\/schema.org\/WebPage\" itemid=\"https:\/\/qrfld.com\/projekt\/russischer-kosmismus\/\" content=\"Russischer Kosmismus\" \/><meta itemprop=\"datePublished\" content=\"2021-06-22\" \/><meta itemprop=\"dateModified\" content=\"2022-01-10\" \/><meta itemprop=\"name\" content=\"Qrfld\"\/><meta itemprop=\"url\" content=\"https:\/\/qrfld.com\/author\/jemo\/\" \/><meta itemprop=\"name\" content=\"jemo\" \/><meta itemprop=\"url\" content=\"https:\/\/qrfld.com\/wp-content\/uploads\/2021\/06\/Qrfld-Kosmismus-Slider-Startseite-3-2560x1460-1.jpg\" \/><meta itemprop=\"width\" content=\"2560\" \/><meta itemprop=\"height\" content=\"1460\" \/><meta itemprop=\"interactionType\" content=\"https:\/\/schema.org\/CommentAction\" \/><meta itemprop=\"userInteractionCount\" content=\"0\" \/>\n\t\t\t\t\t\t<img width=\"1024\" height=\"584\" src=\"https:\/\/qrfld.com\/wp-content\/uploads\/2021\/06\/Qrfld-Kosmismus-Slider-Startseite-3-2560x1460-1-1024x584.jpg\" alt=\"Haus der Kulturen der Welt: Russischer Kosmismus Titelbanner\" loading=\"lazy\" itemprop=\"image\" srcset=\"https:\/\/qrfld.com\/wp-content\/uploads\/2021\/06\/Qrfld-Kosmismus-Slider-Startseite-3-2560x1460-1-1024x584.jpg 1024w, https:\/\/qrfld.com\/wp-content\/uploads\/2021\/06\/Qrfld-Kosmismus-Slider-Startseite-3-2560x1460-1-300x171.jpg 300w, https:\/\/qrfld.com\/wp-content\/uploads\/2021\/06\/Qrfld-Kosmismus-Slider-Startseite-3-2560x1460-1-768x438.jpg 768w, https:\/\/qrfld.com\/wp-content\/uploads\/2021\/06\/Qrfld-Kosmismus-Slider-Startseite-3-2560x1460-1-1536x876.jpg 1536w, https:\/\/qrfld.com\/wp-content\/uploads\/2021\/06\/Qrfld-Kosmismus-Slider-Startseite-3-2560x1460-1-2048x1168.jpg 2048w\" sizes=\"(max-width: 1024px) 100vw, 1024px\" \/>\n\t\t\t\t\t<a href=\"https:\/\/qrfld.com\/projekt\/russischer-kosmismus\/\"><\/a>\n\t\t\t\t\t        <h2>Haus der Kulturen der Welt<\/h2>\n\t\t\t\t\t        Raumgreifende Typografie f\u00fcr die Ausstellung zu einer kosmischen Zukunftsvision\n\t<meta itemscope itemprop=\"mainEntityOfPage\" itemtype=\"https:\/\/schema.org\/WebPage\" itemid=\"https:\/\/qrfld.com\/projekt\/eroeffnung-plantage\/\" content=\"Er\u00f6ffnung Plantage\" \/><meta itemprop=\"datePublished\" content=\"2022-02-01\" \/><meta itemprop=\"dateModified\" content=\"2023-05-23\" \/><meta itemprop=\"name\" content=\"Qrfld\"\/><meta itemprop=\"url\" content=\"https:\/\/qrfld.com\/author\/brigitta\/\" \/><meta itemprop=\"name\" content=\"brigitta\" \/><meta itemprop=\"url\" content=\"https:\/\/qrfld.com\/wp-content\/uploads\/2022\/02\/Qrfld-SanTraeger-Plantage_8_2560x1550.jpg\" \/><meta itemprop=\"width\" content=\"2560\" \/><meta itemprop=\"height\" content=\"1550\" \/><meta itemprop=\"interactionType\" content=\"https:\/\/schema.org\/CommentAction\" \/><meta itemprop=\"userInteractionCount\" content=\"0\" \/>\n\t\t\t\t\t\t<img width=\"1024\" height=\"620\" src=\"https:\/\/qrfld.com\/wp-content\/uploads\/2022\/02\/Qrfld-SanTraeger-Plantage_8_2560x1550-1024x620.jpg\" alt=\"\" loading=\"lazy\" itemprop=\"image\" srcset=\"https:\/\/qrfld.com\/wp-content\/uploads\/2022\/02\/Qrfld-SanTraeger-Plantage_8_2560x1550-1024x620.jpg 1024w, https:\/\/qrfld.com\/wp-content\/uploads\/2022\/02\/Qrfld-SanTraeger-Plantage_8_2560x1550-300x182.jpg 300w, https:\/\/qrfld.com\/wp-content\/uploads\/2022\/02\/Qrfld-SanTraeger-Plantage_8_2560x1550-768x465.jpg 768w, https:\/\/qrfld.com\/wp-content\/uploads\/2022\/02\/Qrfld-SanTraeger-Plantage_8_2560x1550-1536x930.jpg 1536w, https:\/\/qrfld.com\/wp-content\/uploads\/2022\/02\/Qrfld-SanTraeger-Plantage_8_2560x1550-2048x1240.jpg 2048w\" sizes=\"(max-width: 1024px) 100vw, 1024px\" \/>\n\t\t\t\t\t<a href=\"https:\/\/qrfld.com\/projekt\/eroeffnung-plantage\/\"><\/a>\n\t\t\t\t\t        <h2>ProPotsdam<\/h2>\n\t\t\t\t\t        Rahmengestaltung und Kinder-Workshop zur Er\u00f6ffnung des Sportplatzes\n\t<meta itemscope itemprop=\"mainEntityOfPage\" itemtype=\"https:\/\/schema.org\/WebPage\" itemid=\"https:\/\/qrfld.com\/projekt\/platz-der-einheit-was-fehlt-hier\/\" content=\"Platz der Einheit: Was fehlt hier?\" \/><meta itemprop=\"datePublished\" content=\"2021-07-12\" \/><meta itemprop=\"dateModified\" content=\"2022-02-15\" \/><meta itemprop=\"name\" content=\"Qrfld\"\/><meta itemprop=\"url\" content=\"https:\/\/qrfld.com\/author\/brigitta\/\" \/><meta itemprop=\"name\" content=\"brigitta\" \/><meta itemprop=\"url\" content=\"https:\/\/qrfld.com\/wp-content\/uploads\/2021\/07\/Qrfld-PlatzderEinheit-Slider-Startseite-2560x1460-1.jpg\" \/><meta itemprop=\"width\" content=\"2560\" \/><meta itemprop=\"height\" content=\"1460\" \/><meta itemprop=\"interactionType\" content=\"https:\/\/schema.org\/CommentAction\" \/><meta itemprop=\"userInteractionCount\" content=\"0\" \/>\n\t\t\t\t\t\t<img width=\"1024\" height=\"584\" src=\"https:\/\/qrfld.com\/wp-content\/uploads\/2021\/07\/Qrfld-PlatzderEinheit-Slider-Startseite-2560x1460-1-1024x584.jpg\" alt=\"Platz der Einheit Potsdam: Was fehlt hier? Galerie der Ideen\" loading=\"lazy\" itemprop=\"image\" srcset=\"https:\/\/qrfld.com\/wp-content\/uploads\/2021\/07\/Qrfld-PlatzderEinheit-Slider-Startseite-2560x1460-1-1024x584.jpg 1024w, https:\/\/qrfld.com\/wp-content\/uploads\/2021\/07\/Qrfld-PlatzderEinheit-Slider-Startseite-2560x1460-1-300x171.jpg 300w, https:\/\/qrfld.com\/wp-content\/uploads\/2021\/07\/Qrfld-PlatzderEinheit-Slider-Startseite-2560x1460-1-768x438.jpg 768w, https:\/\/qrfld.com\/wp-content\/uploads\/2021\/07\/Qrfld-PlatzderEinheit-Slider-Startseite-2560x1460-1-1536x876.jpg 1536w, https:\/\/qrfld.com\/wp-content\/uploads\/2021\/07\/Qrfld-PlatzderEinheit-Slider-Startseite-2560x1460-1-2048x1168.jpg 2048w\" sizes=\"(max-width: 1024px) 100vw, 1024px\" \/>\n\t\t\t\t\t<a href=\"https:\/\/qrfld.com\/projekt\/platz-der-einheit-was-fehlt-hier\/\"><\/a>\n\t\t\t\t\t        <h2>Localize<\/h2>\n\t\t\t\t\t        Potsdams zentraler Platz der Einheit wird kaum genutzt. \nWir fragen die B\u00fcrger der Stadt: Was fehlt hier? \n\t<meta itemscope itemprop=\"mainEntityOfPage\" itemtype=\"https:\/\/schema.org\/WebPage\" itemid=\"https:\/\/qrfld.com\/projekt\/weiter-offen\/\" content=\"Weiter Offen\" \/><meta itemprop=\"datePublished\" content=\"2021-06-22\" \/><meta itemprop=\"dateModified\" content=\"2021-12-14\" \/><meta itemprop=\"name\" content=\"Qrfld\"\/><meta itemprop=\"url\" content=\"https:\/\/qrfld.com\/author\/jemo\/\" \/><meta itemprop=\"name\" content=\"jemo\" \/><meta itemprop=\"url\" content=\"https:\/\/qrfld.com\/wp-content\/uploads\/2021\/06\/Qrfld-HamburgerKunsthalle-Slider-Startseite-2560x1460-1.jpg\" \/><meta itemprop=\"width\" content=\"2560\" \/><meta itemprop=\"height\" content=\"1460\" \/><meta itemprop=\"interactionType\" content=\"https:\/\/schema.org\/CommentAction\" \/><meta itemprop=\"userInteractionCount\" content=\"0\" \/>\n\t\t\t\t\t\t<img width=\"1024\" height=\"584\" src=\"https:\/\/qrfld.com\/wp-content\/uploads\/2021\/06\/Qrfld-HamburgerKunsthalle-Slider-Startseite-2560x1460-1-1024x584.jpg\" alt=\"Hamburger Kunsthalle: Weiter Offen\" loading=\"lazy\" itemprop=\"image\" srcset=\"https:\/\/qrfld.com\/wp-content\/uploads\/2021\/06\/Qrfld-HamburgerKunsthalle-Slider-Startseite-2560x1460-1-1024x584.jpg 1024w, https:\/\/qrfld.com\/wp-content\/uploads\/2021\/06\/Qrfld-HamburgerKunsthalle-Slider-Startseite-2560x1460-1-300x171.jpg 300w, https:\/\/qrfld.com\/wp-content\/uploads\/2021\/06\/Qrfld-HamburgerKunsthalle-Slider-Startseite-2560x1460-1-768x438.jpg 768w, https:\/\/qrfld.com\/wp-content\/uploads\/2021\/06\/Qrfld-HamburgerKunsthalle-Slider-Startseite-2560x1460-1-1536x876.jpg 1536w, https:\/\/qrfld.com\/wp-content\/uploads\/2021\/06\/Qrfld-HamburgerKunsthalle-Slider-Startseite-2560x1460-1-2048x1168.jpg 2048w\" sizes=\"(max-width: 1024px) 100vw, 1024px\" \/>\n\t\t\t\t\t<a href=\"https:\/\/qrfld.com\/projekt\/weiter-offen\/\"><\/a>\n\t\t\t\t\t        <h2>Hamburger Kunsthalle<\/h2>\n\t\t\t\t\t        Eine Infokampagne zur Teilschliessung ruft gleichzeitig eine neue Haltung des Museums aus: Weiter offen!\n\t<meta itemscope itemprop=\"mainEntityOfPage\" itemtype=\"https:\/\/schema.org\/WebPage\" itemid=\"https:\/\/qrfld.com\/projekt\/transparentes-museum\/\" content=\"Transparentes Museum\" \/><meta itemprop=\"datePublished\" content=\"2021-12-14\" \/><meta itemprop=\"dateModified\" content=\"2022-01-10\" \/><meta itemprop=\"name\" content=\"Qrfld\"\/><meta itemprop=\"url\" content=\"https:\/\/qrfld.com\/author\/brigitta\/\" \/><meta itemprop=\"name\" content=\"brigitta\" \/><meta itemprop=\"url\" content=\"https:\/\/qrfld.com\/wp-content\/uploads\/2021\/12\/Qrfld-HamburgerKunsthalle-TransparentesMuseum-3-2560x3000-1-scaled.jpg\" \/><meta itemprop=\"width\" content=\"2185\" \/><meta itemprop=\"height\" content=\"2560\" \/><meta itemprop=\"interactionType\" content=\"https:\/\/schema.org\/CommentAction\" \/><meta itemprop=\"userInteractionCount\" content=\"0\" \/>\n\t\t\t\t\t\t<img width=\"874\" height=\"1024\" src=\"https:\/\/qrfld.com\/wp-content\/uploads\/2021\/12\/Qrfld-HamburgerKunsthalle-TransparentesMuseum-3-2560x3000-1-874x1024.jpg\" alt=\"Ausstellungsdesign Hamburger Kunsthalle Transparentes Museum\" loading=\"lazy\" itemprop=\"image\" srcset=\"https:\/\/qrfld.com\/wp-content\/uploads\/2021\/12\/Qrfld-HamburgerKunsthalle-TransparentesMuseum-3-2560x3000-1-874x1024.jpg 874w, https:\/\/qrfld.com\/wp-content\/uploads\/2021\/12\/Qrfld-HamburgerKunsthalle-TransparentesMuseum-3-2560x3000-1-256x300.jpg 256w, https:\/\/qrfld.com\/wp-content\/uploads\/2021\/12\/Qrfld-HamburgerKunsthalle-TransparentesMuseum-3-2560x3000-1-768x900.jpg 768w, https:\/\/qrfld.com\/wp-content\/uploads\/2021\/12\/Qrfld-HamburgerKunsthalle-TransparentesMuseum-3-2560x3000-1-1311x1536.jpg 1311w, https:\/\/qrfld.com\/wp-content\/uploads\/2021\/12\/Qrfld-HamburgerKunsthalle-TransparentesMuseum-3-2560x3000-1-1748x2048.jpg 1748w\" sizes=\"(max-width: 874px) 100vw, 874px\" \/>\n\t\t\t\t\t<a href=\"https:\/\/qrfld.com\/projekt\/transparentes-museum\/\"><\/a>\n\t\t\t\t\t        <h2>Hamburger Kunsthalle<\/h2>\n\t\t\t\t\t        Eine interaktive Ausstellung gew\u00e4hrt Einblicke in die Arbeit hinter in die Museumskulissen\n\t<meta itemscope itemprop=\"mainEntityOfPage\" itemtype=\"https:\/\/schema.org\/WebPage\" itemid=\"https:\/\/qrfld.com\/projekt\/moma-membership\/\" content=\"MoMA Membership\" \/><meta itemprop=\"datePublished\" content=\"2021-11-22\" \/><meta itemprop=\"dateModified\" content=\"2022-01-10\" \/><meta itemprop=\"name\" content=\"Qrfld\"\/><meta itemprop=\"url\" content=\"https:\/\/qrfld.com\/author\/brigitta\/\" \/><meta itemprop=\"name\" content=\"brigitta\" \/><meta itemprop=\"url\" content=\"https:\/\/qrfld.com\/wp-content\/uploads\/2021\/11\/Qrfld-MoMA-Belong-1-2560x1800-1.jpg\" \/><meta itemprop=\"width\" content=\"2560\" \/><meta itemprop=\"height\" content=\"1800\" \/><meta itemprop=\"interactionType\" content=\"https:\/\/schema.org\/CommentAction\" \/><meta itemprop=\"userInteractionCount\" content=\"0\" \/>\n\t\t\t\t\t\t<img width=\"1024\" height=\"720\" src=\"https:\/\/qrfld.com\/wp-content\/uploads\/2021\/11\/Qrfld-MoMA-Belong-1-2560x1800-1-1024x720.jpg\" alt=\"MoMA Belong to something\" loading=\"lazy\" itemprop=\"image\" srcset=\"https:\/\/qrfld.com\/wp-content\/uploads\/2021\/11\/Qrfld-MoMA-Belong-1-2560x1800-1-1024x720.jpg 1024w, https:\/\/qrfld.com\/wp-content\/uploads\/2021\/11\/Qrfld-MoMA-Belong-1-2560x1800-1-300x211.jpg 300w, https:\/\/qrfld.com\/wp-content\/uploads\/2021\/11\/Qrfld-MoMA-Belong-1-2560x1800-1-768x540.jpg 768w, https:\/\/qrfld.com\/wp-content\/uploads\/2021\/11\/Qrfld-MoMA-Belong-1-2560x1800-1-1536x1080.jpg 1536w, https:\/\/qrfld.com\/wp-content\/uploads\/2021\/11\/Qrfld-MoMA-Belong-1-2560x1800-1-2048x1440.jpg 2048w\" sizes=\"(max-width: 1024px) 100vw, 1024px\" \/>\n\t\t\t\t\t<a href=\"https:\/\/qrfld.com\/projekt\/moma-membership\/\"><\/a>\n\t\t\t\t\t        <h2>MoMA<\/h2>\n\t\t\t\t\t        Eine variable Kampagne konvertiert Museumsbesucher zu Mitgliedern\n\t<meta itemscope itemprop=\"mainEntityOfPage\" itemtype=\"https:\/\/schema.org\/WebPage\" itemid=\"https:\/\/qrfld.com\/projekt\/german-expressionism-ausstellung\/\" content=\"German Expressionism Ausstellung\" \/><meta itemprop=\"datePublished\" content=\"2021-11-26\" \/><meta itemprop=\"dateModified\" content=\"2022-01-10\" \/><meta itemprop=\"name\" content=\"Qrfld\"\/><meta itemprop=\"url\" content=\"https:\/\/qrfld.com\/author\/brigitta\/\" \/><meta itemprop=\"name\" content=\"brigitta\" \/><meta itemprop=\"url\" content=\"https:\/\/qrfld.com\/wp-content\/uploads\/2021\/11\/Qrfld-MoMA-GermanExpressionism-1-2560x1550-1.jpg\" \/><meta itemprop=\"width\" content=\"2560\" \/><meta itemprop=\"height\" content=\"1550\" \/><meta itemprop=\"interactionType\" content=\"https:\/\/schema.org\/CommentAction\" \/><meta itemprop=\"userInteractionCount\" content=\"0\" \/>\n\t\t\t\t\t\t<img width=\"1024\" height=\"620\" src=\"https:\/\/qrfld.com\/wp-content\/uploads\/2021\/11\/Qrfld-MoMA-GermanExpressionism-1-2560x1550-1-1024x620.jpg\" alt=\"MoMA German Expressionism Ausstellungstitel\" loading=\"lazy\" itemprop=\"image\" srcset=\"https:\/\/qrfld.com\/wp-content\/uploads\/2021\/11\/Qrfld-MoMA-GermanExpressionism-1-2560x1550-1-1024x620.jpg 1024w, https:\/\/qrfld.com\/wp-content\/uploads\/2021\/11\/Qrfld-MoMA-GermanExpressionism-1-2560x1550-1-300x182.jpg 300w, https:\/\/qrfld.com\/wp-content\/uploads\/2021\/11\/Qrfld-MoMA-GermanExpressionism-1-2560x1550-1-768x465.jpg 768w, https:\/\/qrfld.com\/wp-content\/uploads\/2021\/11\/Qrfld-MoMA-GermanExpressionism-1-2560x1550-1-1536x930.jpg 1536w, https:\/\/qrfld.com\/wp-content\/uploads\/2021\/11\/Qrfld-MoMA-GermanExpressionism-1-2560x1550-1-2048x1240.jpg 2048w\" sizes=\"(max-width: 1024px) 100vw, 1024px\" \/>\n\t\t\t\t\t<a href=\"https:\/\/qrfld.com\/projekt\/german-expressionism-ausstellung\/\"><\/a>\n\t\t\t\t\t        <h2>MoMA<\/h2>\n\t\t\t\t\t        Eine \u00fcberraschend simple L\u00f6sung f\u00fcr einen langen Austellungstitel\n\t<meta itemscope itemprop=\"mainEntityOfPage\" itemtype=\"https:\/\/schema.org\/WebPage\" itemid=\"https:\/\/qrfld.com\/projekt\/performance-exhibition-series\/\" content=\"Performance Serie\" \/><meta itemprop=\"datePublished\" content=\"2021-11-26\" \/><meta itemprop=\"dateModified\" content=\"2022-01-29\" \/><meta itemprop=\"name\" content=\"Qrfld\"\/><meta itemprop=\"url\" content=\"https:\/\/qrfld.com\/author\/brigitta\/\" \/><meta itemprop=\"name\" content=\"brigitta\" \/><meta itemprop=\"url\" content=\"https:\/\/qrfld.com\/wp-content\/uploads\/2021\/11\/Qrfld-MoMA-Performance-Exh-7-2560x1800-1.jpg\" \/><meta itemprop=\"width\" content=\"2560\" \/><meta itemprop=\"height\" content=\"1800\" \/><meta itemprop=\"interactionType\" content=\"https:\/\/schema.org\/CommentAction\" \/><meta itemprop=\"userInteractionCount\" content=\"0\" \/>\n\t\t\t\t\t\t<img width=\"1024\" height=\"720\" src=\"https:\/\/qrfld.com\/wp-content\/uploads\/2021\/11\/Qrfld-MoMA-Performance-Exh-7-2560x1800-1-1024x720.jpg\" alt=\"MoMA Performance Exhibition Series Brosch\u00fcre\" loading=\"lazy\" itemprop=\"image\" srcset=\"https:\/\/qrfld.com\/wp-content\/uploads\/2021\/11\/Qrfld-MoMA-Performance-Exh-7-2560x1800-1-1024x720.jpg 1024w, https:\/\/qrfld.com\/wp-content\/uploads\/2021\/11\/Qrfld-MoMA-Performance-Exh-7-2560x1800-1-300x211.jpg 300w, https:\/\/qrfld.com\/wp-content\/uploads\/2021\/11\/Qrfld-MoMA-Performance-Exh-7-2560x1800-1-768x540.jpg 768w, https:\/\/qrfld.com\/wp-content\/uploads\/2021\/11\/Qrfld-MoMA-Performance-Exh-7-2560x1800-1-1536x1080.jpg 1536w, https:\/\/qrfld.com\/wp-content\/uploads\/2021\/11\/Qrfld-MoMA-Performance-Exh-7-2560x1800-1-2048x1440.jpg 2048w\" sizes=\"(max-width: 1024px) 100vw, 1024px\" \/>\n\t\t\t\t\t<a href=\"https:\/\/qrfld.com\/projekt\/performance-exhibition-series\/\"><\/a>\n\t\t\t\t\t        <h2>MoMA<\/h2>\n\t\t\t\t\t        Titelwand und Flyer f\u00fcr eine Serie von live Performances im MoMA Atrium\n\t<meta itemscope itemprop=\"mainEntityOfPage\" itemtype=\"https:\/\/schema.org\/WebPage\" itemid=\"https:\/\/qrfld.com\/projekt\/film-marquee\/\" content=\"Film Marquee\" \/><meta itemprop=\"datePublished\" content=\"2021-08-26\" \/><meta itemprop=\"dateModified\" content=\"2022-02-07\" \/><meta itemprop=\"name\" content=\"Qrfld\"\/><meta itemprop=\"url\" content=\"https:\/\/qrfld.com\/author\/brigitta\/\" \/><meta itemprop=\"name\" content=\"brigitta\" \/><meta itemprop=\"url\" content=\"https:\/\/qrfld.com\/wp-content\/uploads\/2021\/08\/Qrfld-MoMAFilmMarquee-Slider-Startseite-2560x1460-1.jpg\" \/><meta itemprop=\"width\" content=\"2560\" \/><meta itemprop=\"height\" content=\"1460\" \/><meta itemprop=\"interactionType\" content=\"https:\/\/schema.org\/CommentAction\" \/><meta itemprop=\"userInteractionCount\" content=\"0\" \/>\n\t\t\t\t\t\t<img width=\"1024\" height=\"584\" src=\"https:\/\/qrfld.com\/wp-content\/uploads\/2021\/08\/Qrfld-MoMAFilmMarquee-Slider-Startseite-2560x1460-1-1024x584.jpg\" alt=\"MoMA Film Marquee\" loading=\"lazy\" itemprop=\"image\" srcset=\"https:\/\/qrfld.com\/wp-content\/uploads\/2021\/08\/Qrfld-MoMAFilmMarquee-Slider-Startseite-2560x1460-1-1024x584.jpg 1024w, https:\/\/qrfld.com\/wp-content\/uploads\/2021\/08\/Qrfld-MoMAFilmMarquee-Slider-Startseite-2560x1460-1-300x171.jpg 300w, https:\/\/qrfld.com\/wp-content\/uploads\/2021\/08\/Qrfld-MoMAFilmMarquee-Slider-Startseite-2560x1460-1-768x438.jpg 768w, https:\/\/qrfld.com\/wp-content\/uploads\/2021\/08\/Qrfld-MoMAFilmMarquee-Slider-Startseite-2560x1460-1-1536x876.jpg 1536w, https:\/\/qrfld.com\/wp-content\/uploads\/2021\/08\/Qrfld-MoMAFilmMarquee-Slider-Startseite-2560x1460-1-2048x1168.jpg 2048w\" sizes=\"(max-width: 1024px) 100vw, 1024px\" \/>\n\t\t\t\t\t<a href=\"https:\/\/qrfld.com\/projekt\/film-marquee\/\"><\/a>\n\t\t\t\t\t        <h2>MoMA<\/h2>\n\t\t\t\t\t        Maximale Sichtbarkeit mit kleinem Budget fu\u0308r die MoMA Filmkinos\n\t<meta itemscope itemprop=\"mainEntityOfPage\" itemtype=\"https:\/\/schema.org\/WebPage\" itemid=\"https:\/\/qrfld.com\/projekt\/new-directors-new-films\/\" content=\"New Directors New Films\" \/><meta itemprop=\"datePublished\" content=\"2021-08-29\" \/><meta itemprop=\"dateModified\" content=\"2022-01-10\" \/><meta itemprop=\"name\" content=\"Qrfld\"\/><meta itemprop=\"url\" content=\"https:\/\/qrfld.com\/author\/brigitta\/\" \/><meta itemprop=\"name\" content=\"brigitta\" \/><meta itemprop=\"url\" content=\"https:\/\/qrfld.com\/wp-content\/uploads\/2021\/08\/NDNF_all-booklets_900b.jpg\" \/><meta itemprop=\"width\" content=\"900\" \/><meta itemprop=\"height\" content=\"539\" \/><meta itemprop=\"interactionType\" content=\"https:\/\/schema.org\/CommentAction\" \/><meta itemprop=\"userInteractionCount\" content=\"0\" \/>\n\t\t\t\t\t\t<img width=\"900\" height=\"539\" src=\"https:\/\/qrfld.com\/wp-content\/uploads\/2021\/08\/NDNF_all-booklets_900b.jpg\" alt=\"\" loading=\"lazy\" itemprop=\"image\" srcset=\"https:\/\/qrfld.com\/wp-content\/uploads\/2021\/08\/NDNF_all-booklets_900b.jpg 900w, https:\/\/qrfld.com\/wp-content\/uploads\/2021\/08\/NDNF_all-booklets_900b-300x180.jpg 300w, https:\/\/qrfld.com\/wp-content\/uploads\/2021\/08\/NDNF_all-booklets_900b-768x460.jpg 768w\" sizes=\"(max-width: 900px) 100vw, 900px\" \/>\n\t\t\t\t\t<a href=\"https:\/\/qrfld.com\/projekt\/new-directors-new-films\/\"><\/a>\n\t\t\t\t\t        <h2>MoMA<\/h2>\n\t\t\t\t\t        Ein Erscheinungsbild f\u00fcr das gemeinsame Filmfestival des Lincoln Center und MoMA\n\t<meta itemscope itemprop=\"mainEntityOfPage\" itemtype=\"https:\/\/schema.org\/WebPage\" itemid=\"https:\/\/qrfld.com\/projekt\/hair-salon-identity\/\" content=\"Hair Salon Identity\" \/><meta itemprop=\"datePublished\" content=\"2021-11-26\" \/><meta itemprop=\"dateModified\" content=\"2022-01-10\" \/><meta itemprop=\"name\" content=\"Qrfld\"\/><meta itemprop=\"url\" content=\"https:\/\/qrfld.com\/author\/brigitta\/\" \/><meta itemprop=\"name\" content=\"brigitta\" \/><meta itemprop=\"url\" content=\"https:\/\/qrfld.com\/wp-content\/uploads\/2021\/11\/Qrfld-KieranMcKennaSalon-0-2560x1800-1.jpg\" \/><meta itemprop=\"width\" content=\"2560\" \/><meta itemprop=\"height\" content=\"1800\" \/><meta itemprop=\"interactionType\" content=\"https:\/\/schema.org\/CommentAction\" \/><meta itemprop=\"userInteractionCount\" content=\"0\" \/>\n\t\t\t\t\t\t<img width=\"1024\" height=\"720\" src=\"https:\/\/qrfld.com\/wp-content\/uploads\/2021\/11\/Qrfld-KieranMcKennaSalon-0-2560x1800-1-1024x720.jpg\" alt=\"Kieran McKenna Salon\" loading=\"lazy\" itemprop=\"image\" srcset=\"https:\/\/qrfld.com\/wp-content\/uploads\/2021\/11\/Qrfld-KieranMcKennaSalon-0-2560x1800-1-1024x720.jpg 1024w, https:\/\/qrfld.com\/wp-content\/uploads\/2021\/11\/Qrfld-KieranMcKennaSalon-0-2560x1800-1-300x211.jpg 300w, https:\/\/qrfld.com\/wp-content\/uploads\/2021\/11\/Qrfld-KieranMcKennaSalon-0-2560x1800-1-768x540.jpg 768w, https:\/\/qrfld.com\/wp-content\/uploads\/2021\/11\/Qrfld-KieranMcKennaSalon-0-2560x1800-1-1536x1080.jpg 1536w, https:\/\/qrfld.com\/wp-content\/uploads\/2021\/11\/Qrfld-KieranMcKennaSalon-0-2560x1800-1-2048x1440.jpg 2048w\" sizes=\"(max-width: 1024px) 100vw, 1024px\" \/>\n\t\t\t\t\t<a href=\"https:\/\/qrfld.com\/projekt\/hair-salon-identity\/\"><\/a>\n\t\t\t\t\t        <h2>Kieran McKenna Salon<\/h2>\n\t\t\t\t\t        Eine Identity mit Pr\u00e4zision und Schwung f\u00fcr einen New Yorker Friseursalon\n\t<meta itemscope itemprop=\"mainEntityOfPage\" itemtype=\"https:\/\/schema.org\/WebPage\" itemid=\"https:\/\/qrfld.com\/projekt\/trailer-moma-film-mitgliedschaft\/\" content=\"MoMA Film Werbe-Spot\" \/><meta itemprop=\"datePublished\" content=\"2022-01-03\" \/><meta itemprop=\"dateModified\" content=\"2022-01-03\" \/><meta itemprop=\"name\" content=\"Qrfld\"\/><meta itemprop=\"url\" content=\"https:\/\/qrfld.com\/author\/brigitta\/\" \/><meta itemprop=\"name\" content=\"brigitta\" \/><meta itemprop=\"url\" content=\"https:\/\/qrfld.com\/wp-content\/uploads\/2022\/01\/Screen-Shot-2022-01-03-at-13.33.43.jpg\" \/><meta itemprop=\"width\" content=\"2560\" \/><meta itemprop=\"height\" content=\"1440\" \/><meta itemprop=\"interactionType\" content=\"https:\/\/schema.org\/CommentAction\" \/><meta itemprop=\"userInteractionCount\" content=\"0\" \/>\n\t\t\t\t\t\t<img width=\"1024\" height=\"576\" src=\"https:\/\/qrfld.com\/wp-content\/uploads\/2022\/01\/Screen-Shot-2022-01-03-at-13.33.43-1024x576.jpg\" alt=\"MoMA Film Plus Membership Trailer\" loading=\"lazy\" itemprop=\"image\" srcset=\"https:\/\/qrfld.com\/wp-content\/uploads\/2022\/01\/Screen-Shot-2022-01-03-at-13.33.43-1024x576.jpg 1024w, https:\/\/qrfld.com\/wp-content\/uploads\/2022\/01\/Screen-Shot-2022-01-03-at-13.33.43-300x169.jpg 300w, https:\/\/qrfld.com\/wp-content\/uploads\/2022\/01\/Screen-Shot-2022-01-03-at-13.33.43-768x432.jpg 768w, https:\/\/qrfld.com\/wp-content\/uploads\/2022\/01\/Screen-Shot-2022-01-03-at-13.33.43-1536x864.jpg 1536w, https:\/\/qrfld.com\/wp-content\/uploads\/2022\/01\/Screen-Shot-2022-01-03-at-13.33.43-2048x1152.jpg 2048w\" sizes=\"(max-width: 1024px) 100vw, 1024px\" \/>\n\t\t\t\t\t<a href=\"https:\/\/qrfld.com\/projekt\/trailer-moma-film-mitgliedschaft\/\"><\/a>\n\t\t\t\t\t        <h2>MoMA<\/h2>\n\t\t\t\t\t        Werbespot mit Schriftanimation f\u00fcr die MoMA Film Kinos\n\t<a href=\"https:\/\/brigittabungard.com\/\" target=\"_blank\" rel=\"noopener\"><\/a> \n\n","protected":false},"excerpt":{"rendered":"<p>Entwicklungstr\u00e4ger Potsdam Visuell und interaktiv: Vorschau auf einen neuen Stadtteil Kompetenzzentrum f\u00fcr Energiespeicherung und Energiesystemmanagement Logo, Grafiken, Leitsystem und interaktive Foyerwand ProPotsdam Eine interaktive Werkschau und nachhaltige Foyergestaltung Eine neue Raumgestaltung f\u00fcr das Kundenzentrum, die das Corporate Design der ProPotsdam reflektiert Potsdamer B\u00fcrgerstiftung Eine leicht verst\u00e4ndlicher Leitfaden f\u00fcr Kommunen und Gastronomie Impossible Instant Film Verpackungen&hellip;<\/p>\n","protected":false},"author":1,"featured_media":0,"parent":0,"menu_order":0,"comment_status":"closed","ping_status":"closed","template":"","meta":{"inline_featured_image":false},"yoast_head":"<!-- This site is optimized with the Yoast SEO plugin v17.8 - https:\/\/yoast.com\/wordpress\/plugins\/seo\/ -->\n<title>Projekte - Qrfld<\/title>\n<meta name=\"robots\" content=\"index, follow, max-snippet:-1, max-image-preview:large, max-video-preview:-1\" \/>\n<link rel=\"canonical\" href=\"https:\/\/qrfld.com\/projekte\/\" \/>\n<meta property=\"og:locale\" content=\"de_DE\" \/>\n<meta property=\"og:type\" content=\"article\" \/>\n<meta property=\"og:title\" content=\"Projekte - Qrfld\" \/>\n<meta property=\"og:description\" content=\"Entwicklungstr\u00e4ger Potsdam Visuell und interaktiv: Vorschau auf einen neuen Stadtteil Kompetenzzentrum f\u00fcr Energiespeicherung und Energiesystemmanagement Logo, Grafiken, Leitsystem und interaktive Foyerwand ProPotsdam Eine interaktive Werkschau und nachhaltige Foyergestaltung Eine neue Raumgestaltung f\u00fcr das Kundenzentrum, die das Corporate Design der ProPotsdam reflektiert Potsdamer B\u00fcrgerstiftung Eine leicht verst\u00e4ndlicher Leitfaden f\u00fcr Kommunen und Gastronomie Impossible Instant Film Verpackungen&hellip;\" \/>\n<meta property=\"og:url\" content=\"https:\/\/qrfld.com\/projekte\/\" \/>\n<meta property=\"og:site_name\" content=\"Qrfld\" \/>\n<meta property=\"article:modified_time\" content=\"2023-05-24T07:15:35+00:00\" \/>\n<meta property=\"og:image\" content=\"https:\/\/qrfld.com\/wp-content\/uploads\/2023\/05\/Qrfld-InfoboxKrampnitz-1-copyr-BBungard-2560x1500-1-1024x600.jpg\" \/>\n<meta name=\"twitter:card\" content=\"summary_large_image\" \/>\n<meta name=\"twitter:label1\" content=\"Gesch\u00e4tzte Lesezeit\" \/>\n\t<meta name=\"twitter:data1\" content=\"1 Minute\" \/>\n<script type=\"application\/ld+json\" class=\"yoast-schema-graph\">{\"@context\":\"https:\/\/schema.org\",\"@graph\":[{\"@type\":\"Organization\",\"@id\":\"https:\/\/qrfld.com\/#organization\",\"name\":\"Studio Qrfld by Brigitta Bungard\",\"url\":\"https:\/\/qrfld.com\/\",\"sameAs\":[],\"logo\":{\"@type\":\"ImageObject\",\"@id\":\"https:\/\/qrfld.com\/#logo\",\"inLanguage\":\"de-DE\",\"url\":\"https:\/\/qrfld.com\/wp-content\/uploads\/2021\/07\/qrfld-logo.svg\",\"contentUrl\":\"https:\/\/qrfld.com\/wp-content\/uploads\/2021\/07\/qrfld-logo.svg\",\"width\":\"1024\",\"height\":\"1024\",\"caption\":\"Studio Qrfld by Brigitta Bungard\"},\"image\":{\"@id\":\"https:\/\/qrfld.com\/#logo\"}},{\"@type\":\"WebSite\",\"@id\":\"https:\/\/qrfld.com\/#website\",\"url\":\"https:\/\/qrfld.com\/\",\"name\":\"Qrfld\",\"description\":\"Studio f\\u00fcr Visuelle Kommunikation\",\"publisher\":{\"@id\":\"https:\/\/qrfld.com\/#organization\"},\"potentialAction\":[{\"@type\":\"SearchAction\",\"target\":{\"@type\":\"EntryPoint\",\"urlTemplate\":\"https:\/\/qrfld.com\/?s={search_term_string}\"},\"query-input\":\"required name=search_term_string\"}],\"inLanguage\":\"de-DE\"},{\"@type\":\"ImageObject\",\"@id\":\"https:\/\/qrfld.com\/projekte\/#primaryimage\",\"inLanguage\":\"de-DE\",\"url\":\"https:\/\/qrfld.com\/wp-content\/uploads\/2023\/05\/Qrfld-InfoboxKrampnitz-1-copyr-BBungard-2560x1500-1.jpg\",\"contentUrl\":\"https:\/\/qrfld.com\/wp-content\/uploads\/2023\/05\/Qrfld-InfoboxKrampnitz-1-copyr-BBungard-2560x1500-1.jpg\",\"width\":2560,\"height\":1500},{\"@type\":\"WebPage\",\"@id\":\"https:\/\/qrfld.com\/projekte\/#webpage\",\"url\":\"https:\/\/qrfld.com\/projekte\/\",\"name\":\"Projekte - Qrfld\",\"isPartOf\":{\"@id\":\"https:\/\/qrfld.com\/#website\"},\"primaryImageOfPage\":{\"@id\":\"https:\/\/qrfld.com\/projekte\/#primaryimage\"},\"datePublished\":\"2021-06-22T20:54:33+00:00\",\"dateModified\":\"2023-05-24T07:15:35+00:00\",\"breadcrumb\":{\"@id\":\"https:\/\/qrfld.com\/projekte\/#breadcrumb\"},\"inLanguage\":\"de-DE\",\"potentialAction\":[{\"@type\":\"ReadAction\",\"target\":[\"https:\/\/qrfld.com\/projekte\/\"]}]},{\"@type\":\"BreadcrumbList\",\"@id\":\"https:\/\/qrfld.com\/projekte\/#breadcrumb\",\"itemListElement\":[{\"@type\":\"ListItem\",\"position\":1,\"name\":\"Start\",\"item\":\"https:\/\/qrfld.com\/\"},{\"@type\":\"ListItem\",\"position\":2,\"name\":\"Projekte\"}]}]}<\/script>\n<!-- \/ Yoast SEO plugin. -->","yoast_head_json":{"title":"Projekte - Qrfld","robots":{"index":"index","follow":"follow","max-snippet":"max-snippet:-1","max-image-preview":"max-image-preview:large","max-video-preview":"max-video-preview:-1"},"canonical":"https:\/\/qrfld.com\/projekte\/","og_locale":"de_DE","og_type":"article","og_title":"Projekte - Qrfld","og_description":"Entwicklungstr\u00e4ger Potsdam Visuell und interaktiv: Vorschau auf einen neuen Stadtteil Kompetenzzentrum f\u00fcr Energiespeicherung und Energiesystemmanagement Logo, Grafiken, Leitsystem und interaktive Foyerwand ProPotsdam Eine interaktive Werkschau und nachhaltige Foyergestaltung Eine neue Raumgestaltung f\u00fcr das Kundenzentrum, die das Corporate Design der ProPotsdam reflektiert Potsdamer B\u00fcrgerstiftung Eine leicht verst\u00e4ndlicher Leitfaden f\u00fcr Kommunen und Gastronomie Impossible Instant Film Verpackungen&hellip;","og_url":"https:\/\/qrfld.com\/projekte\/","og_site_name":"Qrfld","article_modified_time":"2023-05-24T07:15:35+00:00","og_image":[{"url":"https:\/\/qrfld.com\/wp-content\/uploads\/2023\/05\/Qrfld-InfoboxKrampnitz-1-copyr-BBungard-2560x1500-1-1024x600.jpg"}],"twitter_card":"summary_large_image","twitter_misc":{"Gesch\u00e4tzte Lesezeit":"1 Minute"},"schema":{"@context":"https:\/\/schema.org","@graph":[{"@type":"Organization","@id":"https:\/\/qrfld.com\/#organization","name":"Studio Qrfld by Brigitta Bungard","url":"https:\/\/qrfld.com\/","sameAs":[],"logo":{"@type":"ImageObject","@id":"https:\/\/qrfld.com\/#logo","inLanguage":"de-DE","url":"https:\/\/qrfld.com\/wp-content\/uploads\/2021\/07\/qrfld-logo.svg","contentUrl":"https:\/\/qrfld.com\/wp-content\/uploads\/2021\/07\/qrfld-logo.svg","width":"1024","height":"1024","caption":"Studio Qrfld by Brigitta Bungard"},"image":{"@id":"https:\/\/qrfld.com\/#logo"}},{"@type":"WebSite","@id":"https:\/\/qrfld.com\/#website","url":"https:\/\/qrfld.com\/","name":"Qrfld","description":"Studio f\u00fcr Visuelle Kommunikation","publisher":{"@id":"https:\/\/qrfld.com\/#organization"},"potentialAction":[{"@type":"SearchAction","target":{"@type":"EntryPoint","urlTemplate":"https:\/\/qrfld.com\/?s={search_term_string}"},"query-input":"required name=search_term_string"}],"inLanguage":"de-DE"},{"@type":"ImageObject","@id":"https:\/\/qrfld.com\/projekte\/#primaryimage","inLanguage":"de-DE","url":"https:\/\/qrfld.com\/wp-content\/uploads\/2023\/05\/Qrfld-InfoboxKrampnitz-1-copyr-BBungard-2560x1500-1.jpg","contentUrl":"https:\/\/qrfld.com\/wp-content\/uploads\/2023\/05\/Qrfld-InfoboxKrampnitz-1-copyr-BBungard-2560x1500-1.jpg","width":2560,"height":1500},{"@type":"WebPage","@id":"https:\/\/qrfld.com\/projekte\/#webpage","url":"https:\/\/qrfld.com\/projekte\/","name":"Projekte - Qrfld","isPartOf":{"@id":"https:\/\/qrfld.com\/#website"},"primaryImageOfPage":{"@id":"https:\/\/qrfld.com\/projekte\/#primaryimage"},"datePublished":"2021-06-22T20:54:33+00:00","dateModified":"2023-05-24T07:15:35+00:00","breadcrumb":{"@id":"https:\/\/qrfld.com\/projekte\/#breadcrumb"},"inLanguage":"de-DE","potentialAction":[{"@type":"ReadAction","target":["https:\/\/qrfld.com\/projekte\/"]}]},{"@type":"BreadcrumbList","@id":"https:\/\/qrfld.com\/projekte\/#breadcrumb","itemListElement":[{"@type":"ListItem","position":1,"name":"Start","item":"https:\/\/qrfld.com\/"},{"@type":"ListItem","position":2,"name":"Projekte"}]}]}},"_links":{"self":[{"href":"https:\/\/qrfld.com\/wp-json\/wp\/v2\/pages\/35"}],"collection":[{"href":"https:\/\/qrfld.com\/wp-json\/wp\/v2\/pages"}],"about":[{"href":"https:\/\/qrfld.com\/wp-json\/wp\/v2\/types\/page"}],"author":[{"embeddable":true,"href":"https:\/\/qrfld.com\/wp-json\/wp\/v2\/users\/1"}],"replies":[{"embeddable":true,"href":"https:\/\/qrfld.com\/wp-json\/wp\/v2\/comments?post=35"}],"version-history":[{"count":24,"href":"https:\/\/qrfld.com\/wp-json\/wp\/v2\/pages\/35\/revisions"}],"predecessor-version":[{"id":1163,"href":"https:\/\/qrfld.com\/wp-json\/wp\/v2\/pages\/35\/revisions\/1163"}],"wp:attachment":[{"href":"https:\/\/qrfld.com\/wp-json\/wp\/v2\/media?parent=35"}],"curies":[{"name":"wp","href":"https:\/\/api.w.org\/{rel}","templated":true}]}}