{"id":2,"date":"2019-09-04T13:36:39","date_gmt":"2019-09-04T11:36:39","guid":{"rendered":"https:\/\/pb3c.com\/?page_id=2"},"modified":"2025-08-18T14:21:37","modified_gmt":"2025-08-18T12:21:37","slug":"beispiel-seite","status":"publish","type":"page","link":"https:\/\/pb3c.com\/","title":{"rendered":"Home"},"content":{"rendered":"<div class=\"wpb-content-wrapper\"><p>[vc_row full_width=&#8221;stretch_row_content_no_spaces&#8221; el_class=&#8221;slider-container full-height&#8221;][vc_column][vc_row_inner disable_element=&#8221;yes&#8221;][vc_column_inner width=&#8221;1\/2&#8243;][vc_single_image image=&#8221;23928&#8243; img_size=&#8221;full&#8221; css=&#8221;&#8221;][\/vc_column_inner][vc_column_inner width=&#8221;1\/2&#8243;][vc_column_text css=&#8221;&#8221; el_class=&#8221;h-89&#8243;]<\/p>\n<h1>EXPO REAL 2025<\/h1>\n<p>[\/vc_column_text][vc_btn title=&#8221;Zur Anmeldeseite f\u00fcr alle Panels&#8221; size=&#8221;lg&#8221; css=&#8221;&#8221; link=&#8221;url:https%3A%2F%2Fpb3c.com%2Fexpo-real%2F|title:Unsere%20Leistungen&#8221;][\/vc_column_inner][\/vc_row_inner][vc_row_inner][vc_column_inner width=&#8221;1\/2&#8243;][vc_single_image image=&#8221;8773&#8243; img_size=&#8221;full&#8221;][\/vc_column_inner][vc_column_inner width=&#8221;1\/2&#8243;][vc_column_text el_class=&#8221;h-89&#8243;]<\/p>\n<h1>PB3C macht<br \/>\nUnternehmen zu<br \/>\nMeinungsf\u00fchrern<\/h1>\n<p>[\/vc_column_text][vc_btn title=&#8221;Unsere Leistungen&#8221; size=&#8221;lg&#8221; link=&#8221;url:https%3A%2F%2Fpb3c.com%2Fleistungen%2F|title:Unsere%20Leistungen&#8221;][\/vc_column_inner][\/vc_row_inner][vc_row_inner][vc_column_inner width=&#8221;1\/2&#8243;][vc_single_image image=&#8221;8774&#8243; img_size=&#8221;full&#8221;][\/vc_column_inner][vc_column_inner width=&#8221;1\/2&#8243;][vc_column_text el_class=&#8221;h-89&#8243;]<\/p>\n<h1>Ob Branding oder<br \/>\nBotschaften \u2013 PB3C steht<br \/>\nf\u00fcr Positionierung<\/h1>\n<p>[\/vc_column_text][vc_btn title=&#8221;Mehr \u00fcber uns&#8221; size=&#8221;lg&#8221; link=&#8221;url:https%3A%2F%2Fpb3c.com%2Fueber-uns%2F|title:Mehr%20%C3%BCber%20uns&#8221;][\/vc_column_inner][\/vc_row_inner][vc_row_inner][vc_column_inner width=&#8221;1\/2&#8243;][vc_single_image image=&#8221;8955&#8243; img_size=&#8221;full&#8221;][\/vc_column_inner][vc_column_inner width=&#8221;1\/2&#8243;][vc_column_text el_class=&#8221;h-89&#8243;]<\/p>\n<h1>PB3C st\u00e4rkt Ihren<br \/>\nSocial-Media-Auftritt<\/h1>\n<p>[\/vc_column_text][vc_btn title=&#8221;Mehr zu Online-Marketing&#8221; size=&#8221;lg&#8221; link=&#8221;url:https%3A%2F%2Fpb3c.com%2Fleistungen%2Fonline-marketing%2F|title:Mehr%20zu%20Online-Marketing&#8221;][\/vc_column_inner][\/vc_row_inner][vc_row_inner][vc_column_inner width=&#8221;1\/2&#8243;][vc_single_image image=&#8221;8776&#8243; img_size=&#8221;full&#8221;][\/vc_column_inner][vc_column_inner width=&#8221;1\/2&#8243;][vc_column_text el_class=&#8221;h-89&#8243;]<\/p>\n<h1>PB3C ist seit fast 25 Jahren<br \/>\nMarktf\u00fchrer<\/h1>\n<p>[\/vc_column_text][vc_btn title=&#8221;Das sagen unsere Kunden&#8221; size=&#8221;lg&#8221; link=&#8221;url:https%3A%2F%2Fpb3c.com%2Fkunden%2F|title:Das%20sagen%20unsere%20Kunden&#8221;][\/vc_column_inner][\/vc_row_inner][\/vc_column][\/vc_row][vc_row full_width=&#8221;stretch_row&#8221;][vc_column][vc_column_text]<\/p>\n<h1>Aktuelles von PB3C<\/h1>\n<p>[\/vc_column_text]<div class=\"news_list news_list_home immonews_img\"><div class=\"news_element \"><div class=\"news_el_img_container\"><div class=\"news_el_img\"><div style=\"background: url(https:\/\/pb3c.com\/wp-content\/uploads\/2026\/04\/Webseiten-Header-17-26-1-768x432.png) no-repeat center center; background-size: cover;\"><\/div><div class=\"right_badge\"><svg id=\"Ebene_1\" data-name=\"Ebene 1\" xmlns=\"http:\/\/www.w3.org\/2000\/svg\" viewBox=\"0 0 512 512\"><path d=\"M427.89,409.54c-20.08-19.9-39.25-39.11-59.61-59.4l0,0C403,308.28,418.17,249.52,399.61,188A164.71,164.71,0,0,0,289.67,78C154.56,37.28,32.84,159,73.58,294.11A164.69,164.69,0,0,0,183.52,404.05c61.82,18.65,120.84,3.27,162.77-31.83l0,0s1.78,1.68,3.18,3.07q45.07,45,90.09,90.15L444,470l22.62-22.62C453.71,434.76,440.71,422.24,427.89,409.54ZM236.59,386a145,145,0,1,1,145-145A145,145,0,0,1,236.59,386Z\"\/><path d=\"M295.69,165.87v20.39h33.47v27.41c0,23.31,0,46.61,0,69.92,0,21.86-10.2,32.11-31.77,32.12q-64.15,0-128.32,0c-16,0-24-7.82-24.06-23.65-.06-39.83,0-120.9.07-121.63a4.84,4.84,0,0,1,4.84-4.56ZM274.26,295.23V186.64H166.2V295.23ZM307.89,208H296.17v86.26l7.17-.46a4.87,4.87,0,0,0,4.55-4.85Z\"\/><rect x=\"188.4\" y=\"205.85\" width=\"63.64\" height=\"19.21\"\/><\/svg><\/div><a href=\"https:\/\/pb3c.com\/pb3cnews\/pb3c-news-27-4-2026\/\" title=\"\" ><\/a><\/div><p class=\"n-tag\"><a href=\"https:\/\/pb3c.com\/newskategorie\/pb3cnews\/\" title=\"\">PB3C News<\/a><\/p><\/div><h3><a href=\"https:\/\/pb3c.com\/pb3cnews\/pb3c-news-27-4-2026\/\" title=\"\" >PB3C News 17-26<\/a><\/h3><\/div><div class=\"news_element news_element_mobile_hide\"><div class=\"news_el_img_container\"><div class=\"news_el_img\"><div style=\"background: url(https:\/\/pb3c.com\/wp-content\/uploads\/2026\/04\/260416_PB3C_RealTALK_150_Website_EF-768x570.png) no-repeat center center; background-size: cover;\"><\/div><div class=\"right_badge\"><svg id=\"Ebene_1\" data-name=\"Ebene 1\" xmlns=\"http:\/\/www.w3.org\/2000\/svg\" viewBox=\"0 0 512 512\"><path d=\"M427,250.45A171,171,0,1,0,203,413.06V384.38A144,144,0,1,1,310,384v28.77A171.07,171.07,0,0,0,427,250.45Z\"\/><path d=\"M163,250.45a93,93,0,1,1,147,75.72v26.95a116,116,0,1,0-107,.54V326.87A92.89,92.89,0,0,1,163,250.45Z\"\/><path d=\"M255.24,458.45c-15.37-6.1-22.73-19-27.94-33.48-6.27-17.41-9.06-35.56-10.23-54-.7-11.13-1.45-22.29-1.55-33.44-.19-22.23,16.86-40.31,37.46-41.68s42.58,13.18,43.45,39c1,28.75-1.87,57.36-9.91,85.2-.62,2.13-1.53,4.18-2.33,6.26-5.31,13.91-12.91,25.88-27.27,32.11A2.75,2.75,0,0,1,255.24,458.45Z\"\/><path d=\"M257.18,200.37c21.55-.05,39.49,18.26,39.58,40.4a40.83,40.83,0,0,1-40.91,41c-22.62-.06-40.52-18.37-40.47-41.38C215.43,218.05,233.84,200.43,257.18,200.37Z\"\/><\/svg><\/div><a href=\"https:\/\/pb3c.com\/pb3c-real-talk-150\/\" title=\"\" ><\/a><\/div><p class=\"n-tag\"><a href=\"https:\/\/pb3c.com\/tag\/podcasts\/\" title=\"\">Podcasts<\/a><span class=\"komma\">, <\/span><\/p><\/div><h3><a href=\"https:\/\/pb3c.com\/pb3c-real-talk-150\/\" title=\"\" >[vc_row el_id=&#8221;podcast1&#8243;][vc_column][vc_column_text css=&#8221;&#8221;] Mit dem Laden des Videos akzeptieren Sie die Datenschutzerkl\u00e4rung von YouTube.Mehr erfahren Video laden YouTube immer entsperren [\/vc_column_text][vc_empty_space][\/vc_column][vc_column el_id=&#8221;beitrag1&#8243;][vc_row_inner][vc_column_inner width=&#8221;1\/2&#8243;][vc_single_image image=&#8221;32711&#8243; img_size=&#8221;full&#8221; alignment=&#8221;center&#8221; css=&#8221;.vc_custom_1776326777082{margin-bottom: 20px !important;}&#8221;][vc_column_text css=&#8221;.vc_custom_1776326969144{margin-top: [&hellip;]<\/a><\/h3><p class=\"news-date\"><a href=\"https:\/\/pb3c.com\/autor\/sonja-roesch\/\" title=\"\">Moderation Sonja R\u00f6sch<\/a><\/p><\/div><div class=\"news_element news_element_mobile_hide\"><div class=\"news_el_img_container\"><div class=\"news_el_img\"><div style=\"background: url(https:\/\/pb3c.com\/wp-content\/uploads\/2025\/12\/12-25-News1-1500x1000-1-768x512.jpg) no-repeat center center; background-size: cover;\"><\/div><div class=\"right_badge\"><svg id=\"Ebene_1\" data-name=\"Ebene 1\" xmlns=\"http:\/\/www.w3.org\/2000\/svg\" viewBox=\"0 0 512 512\"><g id=\"PTVgUp.tif\"><path d=\"M314,309.62v31.43c-24.08,9.62-48.48,9.79-72.78,1.62-25.51-8.58-39.87-27.81-46.55-53.83L178,286.09V266.5l12.87-3.45v-9.29l-13-2.36V230.6l16-2.32c7.16-30,25-50.93,55.67-59.2,22.79-6.13,54.62-2.6,72.41,8.36l-12.72,27.7c-8.71-2.35-16.18-4.77-23.83-6.36-19.25-4-36.57,2.78-44.47,17.3-1.86,3.42-2.72,7.37-4.66,12.79h51.42v23.26H234.43c-.31,4.51-.49,7.15-.84,12.25h46.08v22.73h-41.2c.85,15.77,13.1,27,30.14,27.28,12.16.23,24.37-2,36.55-3.24C307.6,310.91,310,310.33,314,309.62Z\"\/><\/g><g id=\"PTVgUp.tif-2\" data-name=\"PTVgUp.tif\"><path d=\"M324.59,99.19l20.53-27.4c12.74,29.09,25,57,37.93,86.55l-93.92-10.43,17.36-24.12c-10.33-2.32-19.36-5.19-28.61-6.29C197,107.82,136.65,157.93,121.54,222.16c-17.46,74.25,21.13,146.63,91.2,168.79,84.51,26.72,168.4-18.44,180.5-110.4,1.86-14.19.23-27.58-1.08-42-.3-3.28-1.3-10-1.3-10l-1-6c1.51-.24,22.48-2.51,29.64-3,0,0,1.46,7.9,2.68,14.75,17,89.62-43.88,176.52-134.64,191.69C191.18,442,98.84,372.34,87.9,275.23c-9.86-87.59,56-173.57,143-187C262.88,83.23,293.78,86.89,324.59,99.19Z\"\/><\/g><\/svg><\/div><a href=\"https:\/\/pb3c.com\/wohninvestments-in-deutschland-12-2025\/\" title=\"\" ><\/a><\/div><p class=\"n-tag\"><a href=\"https:\/\/pb3c.com\/tag\/wohninvestments\/\" title=\"\">Wohninvestments<\/a><span class=\"komma\">, <\/span><\/p><\/div><h3><a href=\"https:\/\/pb3c.com\/wohninvestments-in-deutschland-12-2025\/\" title=\"\" >[vc_row el_id=&#8221;editorial&#8221;][vc_column el_id=&#8221;beitrag1&#8243;][vc_column_text el_class=&#8221;subnews_section&#8221;] EDITORIAL [\/vc_column_text][vc_column_text css=&#8221;&#8221;]Liebe Leserinnen und Leser, der Wohninvestmentmarkt gewinnt weiter an Kontur. W\u00e4hrend andere Wirtschaftsbereiche schrumpfen, gibt es bei Wohnimmobilien in den meisten St\u00e4dten mehr Ums\u00e4tze [&hellip;]<\/a><\/h3><\/div><\/div>[\/vc_column][\/vc_row][vc_row full_width=&#8221;stretch_row&#8221; equal_height=&#8221;yes&#8221; css=&#8221;.vc_custom_1710932065645{background-color: #f7f8fa !important;}&#8221;][vc_column width=&#8221;1\/2&#8243;]<div class=\"vc_row wpb_row vc_inner vc_row-fluid book-tip vc_row-o-equal-height vc_row-flex\"><div class=\"wpb_column vc_column_container vc_col-sm-6\"><div class=\"vc_column-inner\"><div class=\"wpb_wrapper\"><picture>\n                              <source media=\"(max-width: 767px)\" srcset=\"https:\/\/pb3c.com\/wp-content\/uploads\/2024\/03\/Cover-Buch-HFR_v2-768x775.jpg\">\n                              <source media=\"(min-width: 768px)\" srcset=\"https:\/\/pb3c.com\/wp-content\/uploads\/2024\/03\/Cover-Buch-HFR_v2-1014x1024.jpg 1x, https:\/\/pb3c.com\/wp-content\/uploads\/2024\/03\/Cover-Buch-HFR_v2.jpg 2x\">\n                              <img decoding=\"async\" src=\"https:\/\/pb3c.com\/wp-content\/uploads\/2024\/03\/Cover-Buch-HFR_v2-1014x1024.jpg\" width=\"t\" height=\"t\" alt=\"\" \/>\n                            <\/picture><\/div><\/div><\/div><div class=\"wpb_column vc_column_container vc_col-sm-6\"><div class=\"vc_column-inner\"><div class=\"wpb_wrapper\"><p class=\"n-tag\">Buchtipp<\/p><h2>Zwischen Medienkritik und Realit\u00e4tsn\u00e4he<\/h2><p>L\u00fcgenpresse, Fake News, postfaktisches Zeitalter \u2013 Begriffe, die aktuell relevanter sind denn je. Obgleich Geschichten so alt sind wie die Menschheit selbst, hat besonders der Begriff des Narrativs vor dem Hintergrund der medialen Berichterstattung einen regelrechten Diskurs ausgel\u00f6st. Es gibt viele, die sich lautstark gegen die Medien aufb\u00e4umen, aber nur wenige, die die Thematik ganzheitlich betrachten.<\/p><div class=\"book-content\"><p>In diesem Buch nimmt der Autor nicht nur auf realistische Art und Weise die Perspektive der Medien ein, sondern ergreift Partei f\u00fcr sie \u2013 mit einer umfassenden Bestandsaufnahme, die unterschiedlichste Disziplinen vereint. Aus Sicht eines studierten Philosophen und Kommunikationsexperten beleuchtet diese Verteidigungsschrift das Zusammenspiel von Narrativen und Emotionen in den Medien und schafft eine solide Basis f\u00fcr alle, die sich realit\u00e4tsnah mit aktuellen Entwicklungen auseinandersetzen wollen.<\/p>\n<p>L\u00fcgenpresse ist ein b\u00f6ses Wort, Philosophie und Kommunikationstheorien schwere Kost. Mit Beispielen aus der Praxis und mutigen \u00dcberlegungen bildet dieses Buch eine Br\u00fccke zwischen Theorie und Praxis, die aufschlussreiche Perspektiven und neue Denkanst\u00f6\u00dfe bereith\u00e4lt. Der Autor scheut sich dabei nicht, klar Stellung zu beziehen \u2013 manchmal auch mit einem Augenzwinkern. Ein schwieriges Thema, das leicht zu lesen ist.<\/p>\n<p><a href=\"https:\/\/www.amazon.de\/Die-Wahrheit-Medien-Orientierung-zwischen\/dp\/3658401990\/ref=sr_1_1?__mk_de_DE=%C3%85M%C3%85%C5%BD%C3%95%C3%91&amp;crid=1OUNSOR7MNS6N&amp;dib=eyJ2IjoiMSJ9.LylI2g2bQOfZUoGUMtzzJZFINBnbYA43Ua8xRrBYotAEjAiGGIUsZvJECwmr6Pz32DeGIyN4A4LjUXLH1rPNOWwKFoBL7wWdQBSSdq8i6D0yvzk3HkAUpnsP5G0YDvTHJVTiuQVIoA01lXensrW_vKqo2vL-KshQPcWrngCguPN8czDWGgk4wjB4Hk6o97uykzspeUqx5KlteFbTfdIkYqpGDHHNJaKz5LujMzbL4DE.Fpgw0812GOFNP2CnOP0ooZk038f6XrtFHOs_74s6sTs&amp;dib_tag=se&amp;keywords=Holger+Friedrichs&amp;qid=1744025389&amp;sprefix=holger+friedrichs%2Caps%2C83&amp;sr=8-1\" target=\"_blank\" rel=\"noopener\">Hier bestellen!<\/a><\/p>\n<\/div><div class=\"book-text-switch\"><p><a href=\"#\" title=\"\"><svg width=\"14\" height=\"8\" viewBox=\"0 0 14 8\" fill=\"none\" xmlns=\"http:\/\/www.w3.org\/2000\/svg\">\n                              <path d=\"M12.3738 1.07696L7.03564 6.41516L1.69745 1.07696\" stroke=\"black\" stroke-width=\"2\" stroke-linecap=\"round\"\/>\n                              <\/svg><span class=\"read_more\">Mehr lesen<\/span><span class=\"read_less\">Weniger lesen<\/span><\/a><\/p><\/div><\/div><\/div><\/div><\/div>[\/vc_column][vc_column width=&#8221;1\/2&#8243;]<div class=\"vc_row wpb_row vc_inner vc_row-fluid book-tip vc_row-o-equal-height vc_row-flex\"><div class=\"wpb_column vc_column_container vc_col-sm-6\"><div class=\"vc_column-inner\"><div class=\"wpb_wrapper\"><picture>\n                              <source media=\"(max-width: 767px)\" srcset=\"https:\/\/pb3c.com\/wp-content\/uploads\/2025\/04\/Buch-Sonja-3-768x776.jpg\">\n                              <source media=\"(min-width: 768px)\" srcset=\"https:\/\/pb3c.com\/wp-content\/uploads\/2025\/04\/Buch-Sonja-3.jpg 1x, https:\/\/pb3c.com\/wp-content\/uploads\/2025\/04\/Buch-Sonja-3.jpg 2x\">\n                              <img decoding=\"async\" src=\"https:\/\/pb3c.com\/wp-content\/uploads\/2025\/04\/Buch-Sonja-3.jpg\" width=\"t\" height=\"t\" alt=\"\" \/>\n                            <\/picture><\/div><\/div><\/div><div class=\"wpb_column vc_column_container vc_col-sm-6\"><div class=\"vc_column-inner\"><div class=\"wpb_wrapper\"><p class=\"n-tag\">Buchtipp<\/p><h2>Von Social Media zu Social Selling<\/h2><p>Wieviel Influencer darf ein CEO sein?<\/p>\n<p>Ein Profil auf LinkedIn zu haben, ist l\u00e4ngst kein Nice-to-have mehr, sondern ein echter Erfolgsfaktor f\u00fcr F\u00fchrungskr\u00e4fte. Vorausgesetzt, sie wissen die Plattform f\u00fcr sich zu nutzen. Denn vom richtigen Profilbild \u00fcber den perfekten Aufbau eines Beitrags bis hin zum Zeitpunkt des Postings \u00fcberlassen Profis hier nichts dem Zufall.<\/p><div class=\"book-content\"><p>Die Autorin Sonja R\u00f6sch ist ein solcher Profi. Die Kommunikationsexpertin und Unternehmerin gilt in Fachkreisen als die \u00bbErfinderin des Social Selling\u00ab im deutschsprachigen Raum. In ihrem Buch beschreibt sie, wie CEOs von einem professionellen LinkedIn-Management profitieren und wie sie dieses Schritt f\u00fcr Schritt aufbauen k\u00f6nnen. Anhand des von der Autorin entwickelten Modells der \u00bbSocial 5\u00ab, eine Typologie der typischen LinkedIn-User, zeigt das Buch auf, wie sich Kontakte besser einsch\u00e4tzen lassen und wie darauf basierend authentische Beitr\u00e4ge gelingen k\u00f6nnen. Beispiele hierf\u00fcr geben unter anderem erfolgreiche F\u00fchrungskr\u00e4fte der Finanz- und Immobilienwelt, die ihre LinkedIn-Erfolgsgeschichte als Testimonials im Buch teilen.<\/p>\n<p><a href=\"https:\/\/www.amazon.de\/Von-Social-Media-Selling-erfolgreiches\/dp\/3800676656\/ref=sr_1_1?__mk_de_DE=%C3%85M%C3%85%C5%BD%C3%95%C3%91&amp;crid=3V5SM2K7CFS9A&amp;dib=eyJ2IjoiMSJ9.iqDH6mCfqE7He7i0nerWdzJvm9P_JvbBT0-Uxa9qrGEH2uIpzWDLaZpuhCY8v9D5-jOLQMxnfVTph8sEhWRC-cYbZOcuErpmnlpY4dO-ELSUt_iIZBI4ccERgsqPZgqR0UOU3hD_2mY82IAGXmYvnskWKXTQL4hVcrXSeODCyZCaF6wz6MLXoJwhVbx2eMiY1KMHQIVZYhX1tEEBayAACw.6wNDyQEZsMnwKMlKPIf68zGEoBa5mp-0eIJfelzHTYY&amp;dib_tag=se&amp;keywords=Sonja+R%C3%B6sch&amp;qid=1744015120&amp;sprefix=sonja+r%C3%B6sch%2Caps%2C79&amp;sr=8-1\" target=\"_blank\" rel=\"noopener\">Hier bestellen!<\/a><\/p>\n<\/div><div class=\"book-text-switch\"><p><a href=\"#\" title=\"\"><svg width=\"14\" height=\"8\" viewBox=\"0 0 14 8\" fill=\"none\" xmlns=\"http:\/\/www.w3.org\/2000\/svg\">\n                              <path d=\"M12.3738 1.07696L7.03564 6.41516L1.69745 1.07696\" stroke=\"black\" stroke-width=\"2\" stroke-linecap=\"round\"\/>\n                              <\/svg><span class=\"read_more\">Mehr lesen<\/span><span class=\"read_less\">Weniger lesen<\/span><\/a><\/p><\/div><\/div><\/div><\/div><\/div>[\/vc_column][\/vc_row][vc_row full_width=&#8221;stretch_row&#8221;][vc_column width=&#8221;1\/12&#8243;][\/vc_column][vc_column width=&#8221;10\/12&#8243;][vc_column_text el_class=&#8221;txt-28&#8243;]<\/p>\n<h1>PR f\u00fcr Immobilien und Finanzgesellschaften<\/h1>\n<p>PB3C ist Deutschlands f\u00fchrende Kommunikationsberatung mit Fokus auf Immobilien und Finanzen. Die Bandbreite unserer Aufgaben in der Kommunikation reicht von Immobilien, Real Asset, Verm\u00f6gensverwalter, Gr\u00fcne Investments, Infrastructure, Private Equity bis hin zu Banking und Private Wealth. Wir entwickeln Strategien, klare Botschaften und hochwertigen Content zur Positionierung Ihrer Marke. Dabei beherrschen wir klassische und digitale Medien. Oder kurz gesagt: Wir machen Ihre Themen gro\u00df.[\/vc_column_text][vc_btn title=&#8221;Mehr erfahren&#8221; link=&#8221;url:https%3A%2F%2Fpb3c.com%2Fueber-uns%2F|title:%5B%3Ade%5DLeistungen%5B%3Aen%5DServices%5B%3A%5D||&#8221;][\/vc_column][vc_column width=&#8221;1\/12&#8243;][\/vc_column][\/vc_row][vc_row full_width=&#8221;stretch_row&#8221; disable_element=&#8221;yes&#8221;][vc_column]<div class=\"flexslider quotes_slider\"><ul class=\"slides\"><li>\n\t\t\t\t\t\t\t\t\t\t\t\t\t\t\t\t\t\t\t\t\t\t<div class=\"clearfix\">\n\t\t\t\t\t\t\t\t\t\t\t\t\t\t\t\t\t\t\t\t\t\t\t<div class=\"s-quotes-img\" style=\"background: url(https:\/\/pb3c.com\/wp-content\/uploads\/2019\/09\/US_volker_arndt.jpg) no-repeat center center; background-size: cover;\"><\/div>\t\t\t\t\n\t\t\t\t\t\t\t\t\t\t\t\t\t\t\t\t\t\t\t\t\t\t\t<div class=\"s-quotes-text txt-16 op-80\">\n\t\t\t\t\t\t\t\t\t\t\t\t\t\t\t\t\t\t\t\t\t\t\t\t<h4>Volker Arndt<span>,<\/span> Gesch\u00e4ftsf\u00fchrer, US Treuhand Verwaltungsgesellschaft f\u00fcr US-Immobilienfonds mbH<\/h4>\n\t\t\t\t\t\t\t\t\t\t\t\t\t\t\t\t\t\t\t\t\t\t\t\t<p>\u201eDie US Treuhand ist ein auf US-Immobilienanlagen spezialisiertes Unternehmen und seit 1995 in Deutschland t\u00e4tig. Gute Unternehmenskommunikation und die Positionierung unseres Unternehmens sind bedeutende Managementaufgaben. Hierzu arbeiten wir seit 2004 vertrauensvoll mit PB3C zusammen, insbesondere in den Bereichen Internet, Pressearbeit und Text. F\u00fcr Privatanleger haben wir bisher US-Immobilieninvestitionen in H\u00f6he von mehr als 4,5 Mrd. US-Dollar realisiert.\u201c<\/p>\n\t\t\t\t\t\t\t\t\t\t\t\t\t\t\t\t\t\t\t\t\t\t\t\t<div class=\"vc_btn3-container vc_btn3-inline\">\n\t\t\t\t\t\t\t\t\t\t\t\t\t\t\t\t\t\t\t\t\t\t\t\t\t<a class=\"vc_general vc_btn3 vc_btn3-size-md vc_btn3-shape-rounded vc_btn3-style-modern vc_btn3-color-grey\" href=\"https:\/\/pb3c.com\/kunden\/\" title=\"\">\n\t\t\t\t\t\t\t\t\t\t\t\t\t\t\t\t\t\t\t\t\t\t\t\t\t\tMehr erfahren\n\t\t\t\t\t\t\t\t\t\t\t\t\t\t\t\t\t\t\t\t\t\t\t\t\t<\/a>\n\t\t\t\t\t\t\t\t\t\t\t\t\t\t\t\t\t\t\t\t\t\t\t\t<\/div>\n\t\t\t\t\t\t\t\t\t\t\t\t\t\t\t\t\t\t\t\t\t\t\t<\/div>\t\n\t\t\t\t\t\t\t\t\t\t\t\t\t\t\t\t\t\t\t\t\t\t<\/div>\n\t\t\t\t\t\t\t\t\t\t\t\t\t\t\t\t\t\t\t\t\t<\/li><li>\n\t\t\t\t\t\t\t\t\t\t\t\t\t\t\t\t\t\t\t\t\t\t<div class=\"clearfix\">\n\t\t\t\t\t\t\t\t\t\t\t\t\t\t\t\t\t\t\t\t\t\t\t<div class=\"s-quotes-img\" style=\"background: url(https:\/\/pb3c.com\/wp-content\/uploads\/2019\/09\/APCOA_sebastian-merkle.jpg) no-repeat center center; background-size: cover;\"><\/div>\t\t\t\t\n\t\t\t\t\t\t\t\t\t\t\t\t\t\t\t\t\t\t\t\t\t\t\t<div class=\"s-quotes-text txt-16 op-80\">\n\t\t\t\t\t\t\t\t\t\t\t\t\t\t\t\t\t\t\t\t\t\t\t\t<h4>Sebastian Merkle<span>,<\/span> Head of Corporate Communications & Brand Strategy, APCOA PARKING Deutschland GmbH<\/h4>\n\t\t\t\t\t\t\t\t\t\t\t\t\t\t\t\t\t\t\t\t\t\t\t\t<p>\u201eDie APCOA PARKING Gruppe ist der f\u00fchrende Parkraum-Manager in Europa. Der Konzern verf\u00fcgt \u00fcber mehr als 45 Jahre Erfahrung, Know-how aus zw\u00f6lf europ\u00e4ischen L\u00e4ndern und ein breit gestreutes Kundenportfolio, darunter mehr als 30 europ\u00e4ische Flugh\u00e4fen. In der Presse- und \u00d6ffentlichkeitsarbeit arbeiten wir mit dem Team von der PB3C zusammen. Die Zusammenarbeit funktioniert sehr gut. Die Mitarbeiter des Teams arbeiten schnell, zuverl\u00e4ssig und kompetent.\u201c<\/p>\n\t\t\t\t\t\t\t\t\t\t\t\t\t\t\t\t\t\t\t\t\t\t\t\t<div class=\"vc_btn3-container vc_btn3-inline\">\n\t\t\t\t\t\t\t\t\t\t\t\t\t\t\t\t\t\t\t\t\t\t\t\t\t<a class=\"vc_general vc_btn3 vc_btn3-size-md vc_btn3-shape-rounded vc_btn3-style-modern vc_btn3-color-grey\" href=\"https:\/\/pb3c.com\/kunden\/\" title=\"\">\n\t\t\t\t\t\t\t\t\t\t\t\t\t\t\t\t\t\t\t\t\t\t\t\t\t\tMehr erfahren\n\t\t\t\t\t\t\t\t\t\t\t\t\t\t\t\t\t\t\t\t\t\t\t\t\t<\/a>\n\t\t\t\t\t\t\t\t\t\t\t\t\t\t\t\t\t\t\t\t\t\t\t\t<\/div>\n\t\t\t\t\t\t\t\t\t\t\t\t\t\t\t\t\t\t\t\t\t\t\t<\/div>\t\n\t\t\t\t\t\t\t\t\t\t\t\t\t\t\t\t\t\t\t\t\t\t<\/div>\n\t\t\t\t\t\t\t\t\t\t\t\t\t\t\t\t\t\t\t\t\t<\/li><li>\n\t\t\t\t\t\t\t\t\t\t\t\t\t\t\t\t\t\t\t\t\t\t<div class=\"clearfix\">\n\t\t\t\t\t\t\t\t\t\t\t\t\t\t\t\t\t\t\t\t\t\t\t<div class=\"s-quotes-img\" style=\"background: url(https:\/\/pb3c.com\/wp-content\/uploads\/2019\/09\/Hemso_jens-nagel.jpg) no-repeat center center; background-size: cover;\"><\/div>\t\t\t\t\n\t\t\t\t\t\t\t\t\t\t\t\t\t\t\t\t\t\t\t\t\t\t\t<div class=\"s-quotes-text txt-16 op-80\">\n\t\t\t\t\t\t\t\t\t\t\t\t\t\t\t\t\t\t\t\t\t\t\t\t<h4>Jens Nagel<span>,<\/span> Gesch\u00e4ftsf\u00fchrer, Hems\u00f6 GmbH<\/h4>\n\t\t\t\t\t\t\t\t\t\t\t\t\t\t\t\t\t\t\t\t\t\t\t\t<p>\u201eWir sind einer der f\u00fchrenden ausl\u00e4ndischen Investoren im deutschen Segment der Pflegeheime. Um erfolgreich zu expandieren und Zugang zu den aktuellen Eigent\u00fcmern von Seniorenimmobilien in Deutschland zu bekommen, haben wir uns f\u00fcr die Zusammenarbeit mit der PB3C entschieden. Mithilfe der \u00d6ffentlichkeitsarbeit k\u00f6nnen wir unter anderem die finanziellen und organisatorischen Vorteile einer \u00dcbernahme durch Hems\u00f6 sowie die gute Zusammenarbeit zwischen Hems\u00f6 und seinen Pflegeheimbetreibern kommunizieren. Das Team der PB3C ist gut strukturiert und setzt Ideen punktgenau um. So konnten wir uns bisher erfolgreich in Deutschland positionieren.\u201c<\/p>\n\t\t\t\t\t\t\t\t\t\t\t\t\t\t\t\t\t\t\t\t\t\t\t\t<div class=\"vc_btn3-container vc_btn3-inline\">\n\t\t\t\t\t\t\t\t\t\t\t\t\t\t\t\t\t\t\t\t\t\t\t\t\t<a class=\"vc_general vc_btn3 vc_btn3-size-md vc_btn3-shape-rounded vc_btn3-style-modern vc_btn3-color-grey\" href=\"https:\/\/pb3c.com\/kunden\/\" title=\"\">\n\t\t\t\t\t\t\t\t\t\t\t\t\t\t\t\t\t\t\t\t\t\t\t\t\t\tMehr erfahren\n\t\t\t\t\t\t\t\t\t\t\t\t\t\t\t\t\t\t\t\t\t\t\t\t\t<\/a>\n\t\t\t\t\t\t\t\t\t\t\t\t\t\t\t\t\t\t\t\t\t\t\t\t<\/div>\n\t\t\t\t\t\t\t\t\t\t\t\t\t\t\t\t\t\t\t\t\t\t\t<\/div>\t\n\t\t\t\t\t\t\t\t\t\t\t\t\t\t\t\t\t\t\t\t\t\t<\/div>\n\t\t\t\t\t\t\t\t\t\t\t\t\t\t\t\t\t\t\t\t\t<\/li><li>\n\t\t\t\t\t\t\t\t\t\t\t\t\t\t\t\t\t\t\t\t\t\t<div class=\"clearfix\">\n\t\t\t\t\t\t\t\t\t\t\t\t\t\t\t\t\t\t\t\t\t\t\t<div class=\"s-quotes-img\" style=\"background: url(https:\/\/pb3c.com\/wp-content\/uploads\/2019\/09\/thomas-meyer-neu-500x500-1.png) no-repeat center center; background-size: cover;\"><\/div>\t\t\t\t\n\t\t\t\t\t\t\t\t\t\t\t\t\t\t\t\t\t\t\t\t\t\t\t<div class=\"s-quotes-text txt-16 op-80\">\n\t\t\t\t\t\t\t\t\t\t\t\t\t\t\t\t\t\t\t\t\t\t\t\t<h4>Thomas Meyer<span>,<\/span> Vorstand, WERTGRUND Immobilien AG<\/h4>\n\t\t\t\t\t\t\t\t\t\t\t\t\t\t\t\t\t\t\t\t\t\t\t\t<p>\u201eDie WERTGRUND Immobilien AG ist ein Investment- und Managementunternehmen f\u00fcr Bestandswohnimmobilien in Deutschland. Wir haben die PB3C engagiert, um \u00fcber professionelle Pressearbeit institutionelle und private Kunden f\u00fcr unseren offenen Publikumsfonds und unsere Spezialfonds zu erreichen. Mit den Ergebnissen sind wir sehr zufrieden. Wir sind regelm\u00e4\u00dfig in den \u00fcberregionalen, aber auch in lokalen Medien vertreten. Das Team der PB3C hat immer wieder neue Ideen, mit denen wir uns am Markt positionieren k\u00f6nnen.\u201c<\/p>\n\t\t\t\t\t\t\t\t\t\t\t\t\t\t\t\t\t\t\t\t\t\t\t\t<div class=\"vc_btn3-container vc_btn3-inline\">\n\t\t\t\t\t\t\t\t\t\t\t\t\t\t\t\t\t\t\t\t\t\t\t\t\t<a class=\"vc_general vc_btn3 vc_btn3-size-md vc_btn3-shape-rounded vc_btn3-style-modern vc_btn3-color-grey\" href=\"https:\/\/pb3c.com\/kunden\/\" title=\"\">\n\t\t\t\t\t\t\t\t\t\t\t\t\t\t\t\t\t\t\t\t\t\t\t\t\t\tMehr erfahren\n\t\t\t\t\t\t\t\t\t\t\t\t\t\t\t\t\t\t\t\t\t\t\t\t\t<\/a>\n\t\t\t\t\t\t\t\t\t\t\t\t\t\t\t\t\t\t\t\t\t\t\t\t<\/div>\n\t\t\t\t\t\t\t\t\t\t\t\t\t\t\t\t\t\t\t\t\t\t\t<\/div>\t\n\t\t\t\t\t\t\t\t\t\t\t\t\t\t\t\t\t\t\t\t\t\t<\/div>\n\t\t\t\t\t\t\t\t\t\t\t\t\t\t\t\t\t\t\t\t\t<\/li><\/ul><\/div>[\/vc_column][\/vc_row][vc_row full_width=&#8221;stretch_row_content&#8221; css=&#8221;.vc_custom_1710932016226{background-color: #f7f8fa !important;}&#8221;][vc_column]<div class=\"clients_logos_list_container\"><div class=\"clients_logos_list_slick\"><div class=\"clients_logos_element\"><div class=\"clients_logos_element_inner\"><a href=\"http:\/\/www.bbe.de\/de\" title=\"BBE Handelsberatung GmbH\" target=\"_blank\"><img decoding=\"async\" src=\"https:\/\/pb3c.com\/wp-content\/uploads\/2019\/09\/bbe.jpg\" alt=\"BBE Handelsberatung GmbH\" \/><\/a><\/div><\/div><div class=\"clients_logos_element\"><div class=\"clients_logos_element_inner\"><a href=\"https:\/\/www.reim.bnpparibas.de\/\" title=\"BNP Paribas Real Estate Investment Management Germany GmbH\" target=\"_blank\"><img decoding=\"async\" src=\"https:\/\/pb3c.com\/wp-content\/uploads\/2022\/05\/BNP-316x176-1.png\" alt=\"BNP Paribas Real Estate Investment Management Germany GmbH\" \/><\/a><\/div><\/div><div class=\"clients_logos_element\"><div class=\"clients_logos_element_inner\"><a href=\"http:\/\/www.cbre.de\" title=\"CBRE GmbH\" target=\"_blank\"><img decoding=\"async\" src=\"https:\/\/pb3c.com\/wp-content\/uploads\/2019\/09\/cbre.jpg\" alt=\"CBRE GmbH\" \/><\/a><\/div><\/div><div class=\"clients_logos_element\"><div class=\"clients_logos_element_inner\"><a href=\"https:\/\/www.dje.de\/\" title=\"DJE Kapital AG\" target=\"_blank\"><img decoding=\"async\" src=\"https:\/\/pb3c.com\/wp-content\/uploads\/2024\/01\/DJE_Kapital-316x176-1.png\" alt=\"DJE Kapital AG\" \/><\/a><\/div><\/div><div class=\"clients_logos_element\"><div class=\"clients_logos_element_inner\"><a href=\"https:\/\/www.empira.ch\/de\/\" title=\"Empira AG\" target=\"_blank\"><img decoding=\"async\" src=\"https:\/\/pb3c.com\/wp-content\/uploads\/2019\/09\/empira.jpg\" alt=\"Empira AG\" \/><\/a><\/div><\/div><div class=\"clients_logos_element\"><div class=\"clients_logos_element_inner\"><a href=\"https:\/\/www.engelvoelkers.com\/berlincommercial\/\" title=\"Engel &#038; V\u00f6lkers Gewerbe Berlin GmbH &#038; Co. KG\" target=\"_blank\"><img decoding=\"async\" src=\"https:\/\/pb3c.com\/wp-content\/uploads\/2023\/08\/ev-commercial-berlin-316x176-1.png\" alt=\"Engel &#038; V\u00f6lkers Gewerbe Berlin GmbH &#038; Co. KG\" \/><\/a><\/div><\/div><div class=\"clients_logos_element\"><div class=\"clients_logos_element_inner\"><a href=\"https:\/\/www.goldingcapital.com\/\" title=\"Golding Capital Partners GmbH\" target=\"_blank\"><img decoding=\"async\" src=\"https:\/\/pb3c.com\/wp-content\/uploads\/2021\/06\/golding-316x176-1.png\" alt=\"Golding Capital Partners GmbH\" \/><\/a><\/div><\/div><div class=\"clients_logos_element\"><div class=\"clients_logos_element_inner\"><a href=\"https:\/\/www.hemsoe.de\/\" title=\"Hems\u00f6 GmbH\" target=\"_blank\"><img decoding=\"async\" src=\"https:\/\/pb3c.com\/wp-content\/uploads\/2019\/09\/hemsoe.jpg\" alt=\"Hems\u00f6 GmbH\" \/><\/a><\/div><\/div><div class=\"clients_logos_element\"><div class=\"clients_logos_element_inner\"><a href=\"https:\/\/www.lfde.com\/de-de\/\" title=\"LFDE La Financi\u00e8re de l\u2019Echiquier\" target=\"_blank\"><img decoding=\"async\" src=\"https:\/\/pb3c.com\/wp-content\/uploads\/2024\/01\/LFDE-316x176-1.jpg\" alt=\"LFDE La Financi\u00e8re de l\u2019Echiquier\" \/><\/a><\/div><\/div><div class=\"clients_logos_element\"><div class=\"clients_logos_element_inner\"><a href=\"https:\/\/drluebkekelber.de\/\" title=\"L\u00fcbke Kelber\" target=\"_blank\"><img decoding=\"async\" src=\"https:\/\/pb3c.com\/wp-content\/uploads\/2022\/10\/logo_luebke-kelber-316x176-1.jpg\" alt=\"L\u00fcbke Kelber\" \/><\/a><\/div><\/div><div class=\"clients_logos_element\"><div class=\"clients_logos_element_inner\"><a href=\"https:\/\/schick-immobilien.de\/\" title=\"Michael Schick Immobilien GmbH\" target=\"_blank\"><img decoding=\"async\" src=\"https:\/\/pb3c.com\/wp-content\/uploads\/2023\/02\/schick-logo-316x176-1.jpg\" alt=\"Michael Schick Immobilien GmbH\" \/><\/a><\/div><\/div><div class=\"clients_logos_element\"><div class=\"clients_logos_element_inner\"><a href=\"https:\/\/www.realisag.de\/de\/startseite\/index.html\" title=\"REAL I.S. AG\" target=\"_blank\"><img decoding=\"async\" src=\"https:\/\/pb3c.com\/wp-content\/uploads\/2019\/09\/real-i-s.jpg\" alt=\"REAL I.S. AG\" \/><\/a><\/div><\/div><div class=\"clients_logos_element\"><div class=\"clients_logos_element_inner\"><a href=\"https:\/\/www.segro.com\/\" title=\"SEGRO Germany GmbH\" target=\"_blank\"><img decoding=\"async\" src=\"https:\/\/pb3c.com\/wp-content\/uploads\/2019\/09\/segro.jpg\" alt=\"SEGRO Germany GmbH\" \/><\/a><\/div><\/div><div class=\"clients_logos_element\"><div class=\"clients_logos_element_inner\"><a href=\"https:\/\/www.swisslife-am.com\/de\/home.html\" title=\"Swiss Life Asset Management AG\" target=\"_blank\"><img decoding=\"async\" src=\"https:\/\/pb3c.com\/wp-content\/uploads\/2021\/01\/slam-logo.png\" alt=\"Swiss Life Asset Management AG\" \/><\/a><\/div><\/div><div class=\"clients_logos_element\"><div class=\"clients_logos_element_inner\"><a href=\"https:\/\/www.tsc-realestate.de\/\" title=\"TSC Real Estate Germany GmbH\" target=\"_blank\"><img decoding=\"async\" src=\"https:\/\/pb3c.com\/wp-content\/uploads\/2023\/05\/logo-tsc-316x176-1.jpg\" alt=\"TSC Real Estate Germany GmbH\" \/><\/a><\/div><\/div><div class=\"clients_logos_element\"><div class=\"clients_logos_element_inner\"><a href=\"https:\/\/ustreuhand.de\/\" title=\"US Treuhand Verwaltungsgesellschaft f\u00fcr US-Immobilienfonds mbH\" target=\"_blank\"><img decoding=\"async\" src=\"https:\/\/pb3c.com\/wp-content\/uploads\/2019\/09\/us-treuhand.jpg\" alt=\"US Treuhand Verwaltungsgesellschaft f\u00fcr US-Immobilienfonds mbH\" \/><\/a><\/div><\/div><div class=\"clients_logos_element\"><div class=\"clients_logos_element_inner\"><a href=\"https:\/\/www.wertgrund.de\/\" title=\"WERTGRUND Immobilien AG\" target=\"_blank\"><img decoding=\"async\" src=\"https:\/\/pb3c.com\/wp-content\/uploads\/2019\/09\/wertgrund.jpg\" alt=\"WERTGRUND Immobilien AG\" \/><\/a><\/div><\/div><\/div><\/div>[\/vc_column][\/vc_row][vc_row full_width=&#8221;stretch_row&#8221; parallax=&#8221;content-moving&#8221; parallax_image=&#8221;61&#8243; parallax_speed_bg=&#8221;1.3&#8243; el_class=&#8221;dark-section counting-numbers op-90 overlay-67&#8243;][vc_column][vc_row_inner][vc_column_inner width=&#8221;1\/3&#8243;][vc_column_text css=&#8221;&#8221;]<\/p>\n<h5 style=\"text-align: center;\">90<\/h5>\n<p style=\"text-align: center;\">Mitarbeiter aus den Bereichen Beratung, Text, Strategie und Online<\/p>\n<p>[\/vc_column_text][\/vc_column_inner][vc_column_inner width=&#8221;1\/3&#8243;][vc_column_text css=&#8221;&#8221;]<\/p>\n<h5 style=\"text-align: center;\">110<\/h5>\n<p style=\"text-align: center;\">Kunden aus Deutschland, \u00d6sterreich, der Schweiz und Gro\u00dfbritannien<\/p>\n<p>[\/vc_column_text][\/vc_column_inner][vc_column_inner width=&#8221;1\/3&#8243;][vc_column_text]<\/p>\n<h5 style=\"text-align: center;\">5<\/h5>\n<p style=\"text-align: center;\">Standorte in Berlin, Hamburg, Frankfurt, M\u00fcnchen und D\u00fcsseldorf<\/p>\n<p>[\/vc_column_text][\/vc_column_inner][\/vc_row_inner][\/vc_column][\/vc_row][vc_row full_width=&#8221;stretch_row&#8221;][vc_column width=&#8221;1\/2&#8243;][vc_column_text]<\/p>\n<h1>Wir machen Sie zum Thought Leader<\/h1>\n<p>F\u00fcr Immobilien- und Finanzgesellschaften bieten wir strategische Kommunikation und laufende Betreuung in den Disziplinen Public Relations, Digital Marketing und Corporate Publishing. Wir sind die die einzige Agentur in diesen Branchen, die dabei auf eine hauseigene Fachredaktion und Online-Spezialisten zur\u00fcckgreifen kann.<\/p>\n<p>Wir sind Marktf\u00fchrer, weil sich Kunden auf unsere Eigeninitiative bei der Entwicklung neuer Themen und Inhalte verlassen k\u00f6nnen. Gemeinsam mit uns werden Sie zum Thought Leader f\u00fcr Ihre Botschaften.[\/vc_column_text][vc_btn title=&#8221;Mehr erfahren&#8221; link=&#8221;url:https%3A%2F%2Fpb3c.com%2Fleistungen%2F|title:%5B%3Ade%5DLeistungen%5B%3Aen%5DServices%5B%3A%5D||&#8221;][\/vc_column][vc_column width=&#8221;1\/2&#8243;][vc_single_image image=&#8221;524&#8243; img_size=&#8221;full&#8221; alignment=&#8221;center&#8221;][vc_column_text css=&#8221;.vc_custom_1667231519447{padding-top: 1.3em !important;}&#8221; el_class=&#8221;list-with-line two-col-list txt-16&#8243;]<\/p>\n<ul>\n<li>Strategische Positionierung<\/li>\n<li>Public Relations<\/li>\n<li>Corporate Publishing<\/li>\n<li>Online-Marketing<\/li>\n<li>Politische Kommunikation<\/li>\n<li>M&amp;A Kommunikation<\/li>\n<li>Interne Kommunikation<\/li>\n<li>Events<\/li>\n<li>Investor Relations<\/li>\n<li>Multimedia<\/li>\n<\/ul>\n<p>[\/vc_column_text][\/vc_column][\/vc_row]<\/p>\n<\/div>","protected":false},"excerpt":{"rendered":"<p>[vc_row full_width=&#8221;stretch_row_content_no_spaces&#8221; el_class=&#8221;slider-container full-height&#8221;][vc_column][vc_row_inner disable_element=&#8221;yes&#8221;][vc_column_inner width=&#8221;1\/2&#8243;][vc_single_image image=&#8221;23928&#8243; img_size=&#8221;full&#8221; css=&#8221;&#8221;][\/vc_column_inner][vc_column_inner width=&#8221;1\/2&#8243;][vc_column_text css=&#8221;&#8221; el_class=&#8221;h-89&#8243;] EXPO REAL 2025 [\/vc_column_text][vc_btn title=&#8221;Zur Anmeldeseite f\u00fcr alle Panels&#8221; size=&#8221;lg&#8221; css=&#8221;&#8221; link=&#8221;url:https%3A%2F%2Fpb3c.com%2Fexpo-real%2F|title:Unsere%20Leistungen&#8221;][\/vc_column_inner][\/vc_row_inner][vc_row_inner][vc_column_inner width=&#8221;1\/2&#8243;][vc_single_image image=&#8221;8773&#8243; img_size=&#8221;full&#8221;][\/vc_column_inner][vc_column_inner width=&#8221;1\/2&#8243;][vc_column_text el_class=&#8221;h-89&#8243;] PB3C [&hellip;]<\/p>\n","protected":false},"author":2,"featured_media":0,"parent":0,"menu_order":7,"comment_status":"closed","ping_status":"open","template":"","meta":{"_acf_changed":false,"footnotes":""},"class_list":["post-2","page","type-page","status-publish","hentry"],"acf":[],"yoast_head":"<!-- This site is optimized with the Yoast SEO plugin v23.4 - https:\/\/yoast.com\/wordpress\/plugins\/seo\/ -->\n<title>PB3C | Seit 25 Jahren Marktf\u00fchrer f\u00fcr Immobilienkommunikation<\/title>\n<meta name=\"description\" content=\"PB3C ist die f\u00fchrende Agentur f\u00fcr Immobilienkommunikation, Immobilien-PR sowie Online-Marketing und Corporate Publishing f\u00fcr die Immobilien- und Finanzbranche.\" \/>\n<meta name=\"robots\" content=\"index, follow, max-snippet:-1, max-image-preview:large, max-video-preview:-1\" \/>\n<link rel=\"canonical\" href=\"https:\/\/pb3c.com\/\" \/>\n<meta property=\"og:locale\" content=\"de_DE\" \/>\n<meta property=\"og:type\" content=\"article\" \/>\n<meta property=\"og:title\" content=\"PB3C | Seit 25 Jahren Marktf\u00fchrer f\u00fcr Immobilienkommunikation\" \/>\n<meta property=\"og:description\" content=\"PB3C ist die f\u00fchrende Agentur f\u00fcr Immobilienkommunikation, Immobilien-PR sowie Online-Marketing und Corporate Publishing f\u00fcr die Immobilien- und Finanzbranche.\" \/>\n<meta property=\"og:url\" content=\"https:\/\/pb3c.com\/\" \/>\n<meta property=\"og:site_name\" content=\"PB3C | Seit 25 Jahren Marktf\u00fchrer f\u00fcr Immobilienkommunikation\" \/>\n<meta property=\"article:publisher\" content=\"https:\/\/www.facebook.com\/Immobilienkommunikation\" \/>\n<meta property=\"article:modified_time\" content=\"2025-08-18T12:21:37+00:00\" \/>\n<meta name=\"twitter:card\" content=\"summary_large_image\" \/>\n<meta name=\"twitter:site\" content=\"@PB3C_GmbH\" \/>\n<meta name=\"twitter:label1\" content=\"Gesch\u00e4tzte Lesezeit\" \/>\n\t<meta name=\"twitter:data1\" content=\"4\u00a0Minuten\" \/>\n<script type=\"application\/ld+json\" class=\"yoast-schema-graph\">{\"@context\":\"https:\/\/schema.org\",\"@graph\":[{\"@type\":\"WebPage\",\"@id\":\"https:\/\/pb3c.com\/\",\"url\":\"https:\/\/pb3c.com\/\",\"name\":\"PB3C | Seit 25 Jahren Marktf\u00fchrer f\u00fcr Immobilienkommunikation\",\"isPartOf\":{\"@id\":\"https:\/\/pb3c.com\/#website\"},\"datePublished\":\"2019-09-04T11:36:39+00:00\",\"dateModified\":\"2025-08-18T12:21:37+00:00\",\"description\":\"PB3C ist die f\u00fchrende Agentur f\u00fcr Immobilienkommunikation, Immobilien-PR sowie Online-Marketing und Corporate Publishing f\u00fcr die Immobilien- und Finanzbranche.\",\"breadcrumb\":{\"@id\":\"https:\/\/pb3c.com\/#breadcrumb\"},\"inLanguage\":\"de\",\"potentialAction\":[{\"@type\":\"ReadAction\",\"target\":[\"https:\/\/pb3c.com\/\"]}]},{\"@type\":\"BreadcrumbList\",\"@id\":\"https:\/\/pb3c.com\/#breadcrumb\",\"itemListElement\":[{\"@type\":\"ListItem\",\"position\":1,\"name\":\"Startseite\",\"item\":\"https:\/\/pb3c.com\/\"},{\"@type\":\"ListItem\",\"position\":2,\"name\":\"Home\"}]},{\"@type\":\"WebSite\",\"@id\":\"https:\/\/pb3c.com\/#website\",\"url\":\"https:\/\/pb3c.com\/\",\"name\":\"PB3C | Seit 25 Jahren Marktf\u00fchrer f\u00fcr Immobilienkommunikation\",\"description\":\"\",\"potentialAction\":[{\"@type\":\"SearchAction\",\"target\":{\"@type\":\"EntryPoint\",\"urlTemplate\":\"https:\/\/pb3c.com\/?s={search_term_string}\"},\"query-input\":{\"@type\":\"PropertyValueSpecification\",\"valueRequired\":true,\"valueName\":\"search_term_string\"}}],\"inLanguage\":\"de\"}]}<\/script>\n<!-- \/ Yoast SEO plugin. -->","yoast_head_json":{"title":"PB3C | Seit 25 Jahren Marktf\u00fchrer f\u00fcr Immobilienkommunikation","description":"PB3C ist die f\u00fchrende Agentur f\u00fcr Immobilienkommunikation, Immobilien-PR sowie Online-Marketing und Corporate Publishing f\u00fcr die Immobilien- und Finanzbranche.","robots":{"index":"index","follow":"follow","max-snippet":"max-snippet:-1","max-image-preview":"max-image-preview:large","max-video-preview":"max-video-preview:-1"},"canonical":"https:\/\/pb3c.com\/","og_locale":"de_DE","og_type":"article","og_title":"PB3C | Seit 25 Jahren Marktf\u00fchrer f\u00fcr Immobilienkommunikation","og_description":"PB3C ist die f\u00fchrende Agentur f\u00fcr Immobilienkommunikation, Immobilien-PR sowie Online-Marketing und Corporate Publishing f\u00fcr die Immobilien- und Finanzbranche.","og_url":"https:\/\/pb3c.com\/","og_site_name":"PB3C | Seit 25 Jahren Marktf\u00fchrer f\u00fcr Immobilienkommunikation","article_publisher":"https:\/\/www.facebook.com\/Immobilienkommunikation","article_modified_time":"2025-08-18T12:21:37+00:00","twitter_card":"summary_large_image","twitter_site":"@PB3C_GmbH","twitter_misc":{"Gesch\u00e4tzte Lesezeit":"4\u00a0Minuten"},"schema":{"@context":"https:\/\/schema.org","@graph":[{"@type":"WebPage","@id":"https:\/\/pb3c.com\/","url":"https:\/\/pb3c.com\/","name":"PB3C | Seit 25 Jahren Marktf\u00fchrer f\u00fcr Immobilienkommunikation","isPartOf":{"@id":"https:\/\/pb3c.com\/#website"},"datePublished":"2019-09-04T11:36:39+00:00","dateModified":"2025-08-18T12:21:37+00:00","description":"PB3C ist die f\u00fchrende Agentur f\u00fcr Immobilienkommunikation, Immobilien-PR sowie Online-Marketing und Corporate Publishing f\u00fcr die Immobilien- und Finanzbranche.","breadcrumb":{"@id":"https:\/\/pb3c.com\/#breadcrumb"},"inLanguage":"de","potentialAction":[{"@type":"ReadAction","target":["https:\/\/pb3c.com\/"]}]},{"@type":"BreadcrumbList","@id":"https:\/\/pb3c.com\/#breadcrumb","itemListElement":[{"@type":"ListItem","position":1,"name":"Startseite","item":"https:\/\/pb3c.com\/"},{"@type":"ListItem","position":2,"name":"Home"}]},{"@type":"WebSite","@id":"https:\/\/pb3c.com\/#website","url":"https:\/\/pb3c.com\/","name":"PB3C | Seit 25 Jahren Marktf\u00fchrer f\u00fcr Immobilienkommunikation","description":"","potentialAction":[{"@type":"SearchAction","target":{"@type":"EntryPoint","urlTemplate":"https:\/\/pb3c.com\/?s={search_term_string}"},"query-input":{"@type":"PropertyValueSpecification","valueRequired":true,"valueName":"search_term_string"}}],"inLanguage":"de"}]}},"_links":{"self":[{"href":"https:\/\/pb3c.com\/wp-json\/wp\/v2\/pages\/2","targetHints":{"allow":["GET"]}}],"collection":[{"href":"https:\/\/pb3c.com\/wp-json\/wp\/v2\/pages"}],"about":[{"href":"https:\/\/pb3c.com\/wp-json\/wp\/v2\/types\/page"}],"author":[{"embeddable":true,"href":"https:\/\/pb3c.com\/wp-json\/wp\/v2\/users\/2"}],"replies":[{"embeddable":true,"href":"https:\/\/pb3c.com\/wp-json\/wp\/v2\/comments?post=2"}],"version-history":[{"count":58,"href":"https:\/\/pb3c.com\/wp-json\/wp\/v2\/pages\/2\/revisions"}],"predecessor-version":[{"id":21580,"href":"https:\/\/pb3c.com\/wp-json\/wp\/v2\/pages\/2\/revisions\/21580"}],"wp:attachment":[{"href":"https:\/\/pb3c.com\/wp-json\/wp\/v2\/media?parent=2"}],"curies":[{"name":"wp","href":"https:\/\/api.w.org\/{rel}","templated":true}]}}