{"id":215,"date":"2019-08-08T23:46:30","date_gmt":"2019-08-08T21:46:30","guid":{"rendered":"http:\/\/new.patchlab.pl\/?page_id=215"},"modified":"2025-11-25T14:43:18","modified_gmt":"2025-11-25T13:43:18","slug":"zespol","status":"publish","type":"page","link":"https:\/\/patchlab.pl\/zespol\/","title":{"rendered":"Zesp\u00f3\u0142"},"content":{"rendered":"<h5 class=\"notop\">Organizatorem festiwalu Patchlab jest <a href=\"https:\/\/fundacjaphoton.pl\" target=\"_blank\" rel=\"noopener noreferrer\">Fundacja Photon<\/a>.<\/h5>\n<h4 class=\"notop\"><a href=\"http:\/\/https:\/\/fundacjaphoton.pl\/\"><img loading=\"lazy\" decoding=\"async\" class=\"alignnone wp-image-5854\" src=\"https:\/\/patchlab.pl\/wp-content\/uploads\/2023\/10\/patch_photon_2023.png\" alt=\"\" width=\"224\" height=\"91\" \/><\/a><\/h4>\n<h4><\/h4>\n<p>&nbsp;<\/p>\n<h5>Zesp\u00f3\u0142 Festiwalu Patchlab 2025<\/h5>\n<p>Elwira Wojtunik \u2013 dyrektorka artystyczna<br \/>\nPopesz Csaba L\u00e1ng \u2013 dyrektor wykonawczy<\/p>\n<p>Karolina Paluch &#8211; koordynacja produkcji<br \/>\nElektro Moon Vision &amp; AI &#8211; projekt identyfikacji wizualnej i zwiastun<br \/>\nStudio Widok &#8211; oprawa graficzna<br \/>\nFaustyna Ostr\u00f3\u017cka &#8211; komunikacja PR i media spo\u0142eczno\u015bciowe<br \/>\nBartosz Sob\u00f3l &#8211; web design<br \/>\nPiotr Jawor, Pola Madej \u2013 wsparcie dzia\u0142a\u0144 produkcyjnych<br \/>\nDawid \u015acigalski, Stan Bara\u0144ski \u2013 dokumentacja fotograficzna<br \/>\nHiStories &#8211; dokumentacja filmowa<br \/>\nUrszula Obstarczyk &#8211; opieka nad osobami artystycznymi<br \/>\nAgata \u0141ukaszewska &#8211; koordynacja wolontariuszy<\/p>\n<p>Dru\u017cyna wolontariacka: Anna D\u0105bkowska, Wiktoria Gutteter, Karol Janiga, Oliwia Jurczy\u0144ska, Aleksandra Lewan, Ewelina Piecyk, Aleksandra Szpecht, Aleksandra Wielgus, Kasia Wojtanowska, Zuzanna Worek, Aleksandra Wyroba<\/p>\n<p><img loading=\"lazy\" decoding=\"async\" class=\"alignright wp-image-7689 size-large\" src=\"https:\/\/patchlab.pl\/wp-content\/uploads\/2024\/12\/download-39-1024x683.jpeg\" alt=\"\" width=\"1024\" height=\"683\" \/><\/p>\n<div><\/div>\n","protected":false},"excerpt":{"rendered":"<p>Organizatorem festiwalu<\/p>\n","protected":false},"author":1,"featured_media":0,"parent":0,"menu_order":0,"comment_status":"closed","ping_status":"closed","template":"","meta":{"_acf_changed":false,"footnotes":""},"class_list":["post-215","page","type-page","status-publish","hentry"],"acf":[],"yoast_head":"<!-- This site is optimized with the Yoast SEO plugin v25.1 - https:\/\/yoast.com\/wordpress\/plugins\/seo\/ -->\n<title>Zesp\u00f3\u0142 | Patchlab digital art festival<\/title>\n<meta name=\"robots\" content=\"index, follow, max-snippet:-1, max-image-preview:large, max-video-preview:-1\" \/>\n<link rel=\"canonical\" href=\"https:\/\/patchlab.pl\/zespol\/\" \/>\n<meta property=\"og:locale\" content=\"pl_PL\" \/>\n<meta property=\"og:type\" content=\"article\" \/>\n<meta property=\"og:title\" content=\"Zesp\u00f3\u0142 | Patchlab digital art festival\" \/>\n<meta property=\"og:description\" content=\"Organizatorem festiwalu\" \/>\n<meta property=\"og:url\" content=\"https:\/\/patchlab.pl\/zespol\/\" \/>\n<meta property=\"og:site_name\" content=\"Patchlab\" \/>\n<meta property=\"article:publisher\" content=\"https:\/\/www.facebook.com\/patchlabfestival\/\" \/>\n<meta property=\"article:modified_time\" content=\"2025-11-25T13:43:18+00:00\" \/>\n<meta property=\"og:image\" content=\"https:\/\/patchlab.pl\/wp-content\/uploads\/2023\/10\/patch_photon_2023.png\" \/>\n\t<meta property=\"og:image:width\" content=\"310\" \/>\n\t<meta property=\"og:image:height\" content=\"106\" \/>\n\t<meta property=\"og:image:type\" content=\"image\/png\" \/>\n<meta name=\"twitter:card\" content=\"summary_large_image\" \/>\n<meta name=\"twitter:label1\" content=\"Szacowany czas czytania\" \/>\n\t<meta name=\"twitter:data1\" content=\"1 minuta\" \/>\n<script type=\"application\/ld+json\" class=\"yoast-schema-graph\">{\"@context\":\"https:\/\/schema.org\",\"@graph\":[{\"@type\":\"WebPage\",\"@id\":\"https:\/\/patchlab.pl\/zespol\/\",\"url\":\"https:\/\/patchlab.pl\/zespol\/\",\"name\":\"Zesp\u00f3\u0142 | Patchlab digital art festival\",\"isPartOf\":{\"@id\":\"https:\/\/patchlab.pl\/#website\"},\"primaryImageOfPage\":{\"@id\":\"https:\/\/patchlab.pl\/zespol\/#primaryimage\"},\"image\":{\"@id\":\"https:\/\/patchlab.pl\/zespol\/#primaryimage\"},\"thumbnailUrl\":\"https:\/\/patchlab.pl\/wp-content\/uploads\/2023\/10\/patch_photon_2023.png\",\"datePublished\":\"2019-08-08T21:46:30+00:00\",\"dateModified\":\"2025-11-25T13:43:18+00:00\",\"breadcrumb\":{\"@id\":\"https:\/\/patchlab.pl\/zespol\/#breadcrumb\"},\"inLanguage\":\"pl-PL\",\"potentialAction\":[{\"@type\":\"ReadAction\",\"target\":[\"https:\/\/patchlab.pl\/zespol\/\"]}]},{\"@type\":\"ImageObject\",\"inLanguage\":\"pl-PL\",\"@id\":\"https:\/\/patchlab.pl\/zespol\/#primaryimage\",\"url\":\"https:\/\/patchlab.pl\/wp-content\/uploads\/2023\/10\/patch_photon_2023.png\",\"contentUrl\":\"https:\/\/patchlab.pl\/wp-content\/uploads\/2023\/10\/patch_photon_2023.png\",\"width\":310,\"height\":106},{\"@type\":\"BreadcrumbList\",\"@id\":\"https:\/\/patchlab.pl\/zespol\/#breadcrumb\",\"itemListElement\":[{\"@type\":\"ListItem\",\"position\":1,\"name\":\"Strona g\u0142\u00f3wna\",\"item\":\"https:\/\/patchlab.pl\/\"},{\"@type\":\"ListItem\",\"position\":2,\"name\":\"Zesp\u00f3\u0142\"}]},{\"@type\":\"WebSite\",\"@id\":\"https:\/\/patchlab.pl\/#website\",\"url\":\"https:\/\/patchlab.pl\/\",\"name\":\"Patchlab\",\"description\":\"digital art festival\",\"potentialAction\":[{\"@type\":\"SearchAction\",\"target\":{\"@type\":\"EntryPoint\",\"urlTemplate\":\"https:\/\/patchlab.pl\/?s={search_term_string}\"},\"query-input\":{\"@type\":\"PropertyValueSpecification\",\"valueRequired\":true,\"valueName\":\"search_term_string\"}}],\"inLanguage\":\"pl-PL\"}]}<\/script>\n<!-- \/ Yoast SEO plugin. -->","yoast_head_json":{"title":"Zesp\u00f3\u0142 | Patchlab digital art festival","robots":{"index":"index","follow":"follow","max-snippet":"max-snippet:-1","max-image-preview":"max-image-preview:large","max-video-preview":"max-video-preview:-1"},"canonical":"https:\/\/patchlab.pl\/zespol\/","og_locale":"pl_PL","og_type":"article","og_title":"Zesp\u00f3\u0142 | Patchlab digital art festival","og_description":"Organizatorem festiwalu","og_url":"https:\/\/patchlab.pl\/zespol\/","og_site_name":"Patchlab","article_publisher":"https:\/\/www.facebook.com\/patchlabfestival\/","article_modified_time":"2025-11-25T13:43:18+00:00","og_image":[{"width":310,"height":106,"url":"https:\/\/patchlab.pl\/wp-content\/uploads\/2023\/10\/patch_photon_2023.png","type":"image\/png"}],"twitter_card":"summary_large_image","twitter_misc":{"Szacowany czas czytania":"1 minuta"},"schema":{"@context":"https:\/\/schema.org","@graph":[{"@type":"WebPage","@id":"https:\/\/patchlab.pl\/zespol\/","url":"https:\/\/patchlab.pl\/zespol\/","name":"Zesp\u00f3\u0142 | Patchlab digital art festival","isPartOf":{"@id":"https:\/\/patchlab.pl\/#website"},"primaryImageOfPage":{"@id":"https:\/\/patchlab.pl\/zespol\/#primaryimage"},"image":{"@id":"https:\/\/patchlab.pl\/zespol\/#primaryimage"},"thumbnailUrl":"https:\/\/patchlab.pl\/wp-content\/uploads\/2023\/10\/patch_photon_2023.png","datePublished":"2019-08-08T21:46:30+00:00","dateModified":"2025-11-25T13:43:18+00:00","breadcrumb":{"@id":"https:\/\/patchlab.pl\/zespol\/#breadcrumb"},"inLanguage":"pl-PL","potentialAction":[{"@type":"ReadAction","target":["https:\/\/patchlab.pl\/zespol\/"]}]},{"@type":"ImageObject","inLanguage":"pl-PL","@id":"https:\/\/patchlab.pl\/zespol\/#primaryimage","url":"https:\/\/patchlab.pl\/wp-content\/uploads\/2023\/10\/patch_photon_2023.png","contentUrl":"https:\/\/patchlab.pl\/wp-content\/uploads\/2023\/10\/patch_photon_2023.png","width":310,"height":106},{"@type":"BreadcrumbList","@id":"https:\/\/patchlab.pl\/zespol\/#breadcrumb","itemListElement":[{"@type":"ListItem","position":1,"name":"Strona g\u0142\u00f3wna","item":"https:\/\/patchlab.pl\/"},{"@type":"ListItem","position":2,"name":"Zesp\u00f3\u0142"}]},{"@type":"WebSite","@id":"https:\/\/patchlab.pl\/#website","url":"https:\/\/patchlab.pl\/","name":"Patchlab","description":"digital art festival","potentialAction":[{"@type":"SearchAction","target":{"@type":"EntryPoint","urlTemplate":"https:\/\/patchlab.pl\/?s={search_term_string}"},"query-input":{"@type":"PropertyValueSpecification","valueRequired":true,"valueName":"search_term_string"}}],"inLanguage":"pl-PL"}]}},"_links":{"self":[{"href":"https:\/\/patchlab.pl\/wp-json\/wp\/v2\/pages\/215","targetHints":{"allow":["GET"]}}],"collection":[{"href":"https:\/\/patchlab.pl\/wp-json\/wp\/v2\/pages"}],"about":[{"href":"https:\/\/patchlab.pl\/wp-json\/wp\/v2\/types\/page"}],"author":[{"embeddable":true,"href":"https:\/\/patchlab.pl\/wp-json\/wp\/v2\/users\/1"}],"replies":[{"embeddable":true,"href":"https:\/\/patchlab.pl\/wp-json\/wp\/v2\/comments?post=215"}],"version-history":[{"count":30,"href":"https:\/\/patchlab.pl\/wp-json\/wp\/v2\/pages\/215\/revisions"}],"predecessor-version":[{"id":8685,"href":"https:\/\/patchlab.pl\/wp-json\/wp\/v2\/pages\/215\/revisions\/8685"}],"wp:attachment":[{"href":"https:\/\/patchlab.pl\/wp-json\/wp\/v2\/media?parent=215"}],"curies":[{"name":"wp","href":"https:\/\/api.w.org\/{rel}","templated":true}]}}