{"id":50575,"date":"2023-10-02T09:03:33","date_gmt":"2023-10-02T15:03:33","guid":{"rendered":"https:\/\/oraculus.mx\/?page_id=50575"},"modified":"2025-01-20T13:19:42","modified_gmt":"2025-01-20T19:19:42","slug":"oraculus-2","status":"publish","type":"page","link":"https:\/\/oraculus.mx\/","title":{"rendered":"Oraculus"},"content":{"rendered":"[vc_row][vc_column]\t\t    <div class=\"posts post-grid-style9 style9-posts      \" data-loadmore=\"#loadmore-98\" data-rand=\"98\">\n      \t\t                <article itemscope itemtype=\"http:\/\/schema.org\/Article\" class=\"post style13 center-category post-34317 page type-page status-publish has-post-thumbnail hentry category-poll-of-polls\">\n\t<div class=\"row no-padding\">\n\t\t<div class=\"small-12 medium-7 small-order-1 columns \">\n\t\t\t\t\t\t<figure class=\"post-gallery\">\n\t\t\t\t\t\t\t\t<a href=\"https:\/\/oraculus.mx\/aprobacion-presidencial\/\" title=\"Aprobaci\u00f3n Presidencial\"><img loading=\"lazy\" decoding=\"async\" width=\"1846\" height=\"852\" src=\"https:\/\/oraculus.mx\/wp-content\/uploads\/2023\/11\/Screen-Shot-2023-11-26-at-8.54.36-PM.png\" class=\"attachment-thevoux-style2-2x size-thevoux-style2-2x wp-post-image\" alt=\"\" srcset=\"https:\/\/oraculus.mx\/wp-content\/uploads\/2023\/11\/Screen-Shot-2023-11-26-at-8.54.36-PM.png 1846w, https:\/\/oraculus.mx\/wp-content\/uploads\/2023\/11\/Screen-Shot-2023-11-26-at-8.54.36-PM-300x138.png 300w, https:\/\/oraculus.mx\/wp-content\/uploads\/2023\/11\/Screen-Shot-2023-11-26-at-8.54.36-PM-1024x473.png 1024w, https:\/\/oraculus.mx\/wp-content\/uploads\/2023\/11\/Screen-Shot-2023-11-26-at-8.54.36-PM-768x354.png 768w, https:\/\/oraculus.mx\/wp-content\/uploads\/2023\/11\/Screen-Shot-2023-11-26-at-8.54.36-PM-1536x709.png 1536w\" sizes=\"auto, (max-width: 1846px) 100vw, 1846px\" \/><\/a>\n\t\t\t<\/figure>\n\t\t\t\t\t<\/div>\n\t\t<div class=\"small-12 medium-5 small-order-2 columns content-side \">\n\t\t\t<div class=\"style13-content\">\n\t\t\t\t<div>\n\t\t\t\t\t\t<div class=\"thb-post-top\">\n\t\t\t\t<aside class=\"post-meta style1\">\n\t\t\t<a href=\"https:\/\/oraculus.mx\/category\/poll-of-polls\/\" class=\"cat-poll-of-polls\" aria-label=\"Poll of Polls\">Poll of Polls<\/a>\t\t<\/aside>\n\t\t\t\t\t\t<aside class=\"post-date\">\n\t\t\t\tjunio 16, 2019\t\t\t<\/aside>\n\t\t\t<\/div>\n\t\t\t\t\t\t<header class=\"post-title entry-header\">\n\t\t\t\t\t\t<h2 itemprop=\"headline\"><a href=\"https:\/\/oraculus.mx\/aprobacion-presidencial\/\" title=\"Aprobaci\u00f3n Presidencial\">Aprobaci\u00f3n Presidencial<\/a><\/h2>\n\t\t\t\t\t<\/header>\n\t\t\t\t\t<div class=\"post-content small\">\n\t\t\t\t\t\t<p>[vc_row][vc_column width=\u00bb1\/6&#8243;][\/vc_column][vc_column width=\u00bb2\/3&#8243; offset=\u00bbvc_col-xs-1&#8243;][vc_empty_space height=\u00bb25px\u00bb][vc_column_text] Aprobaci\u00f3n presidencial [\/vc_column_text][vc_empty_space height=\u00bb10px\u00bb][vc_raw_html]JTNDcCUyMGlkJTNEJTIydXBkYXRlJTIyJTIwY2xhc3MlM0QlMjJ1cGRhdGUlMjIlMjBzdHlsZSUzRCUyMnRleHQtYWxpZ24lM0ElMjBjZW50ZXIlM0IlMjIlM0UlM0MlMkZwJTNF[\/vc_raw_html][vc_empty_space height=\u00bb20px\u00bb][vc_column_text]&hellip;<\/p>\n\t\t\t\t\t<\/div>\n\t\t\t\t<\/div>\n\t\t\t\t<footer class=\"post-style2-links\">\n\t<a href=\"https:\/\/oraculus.mx\/aprobacion-presidencial\/#respond\" title=\"Aprobaci\u00f3n Presidencial\" class=\"post-link comment-link\">\n\t\t<svg version=\"1.1\" xmlns=\"http:\/\/www.w3.org\/2000\/svg\" xmlns:xlink=\"http:\/\/www.w3.org\/1999\/xlink\" x=\"0px\" y=\"0px\" width=\"13px\" height=\"13.091px\" viewBox=\"0 0 13 13.091\" enable-background=\"new 0 0 13 13.091\" xml:space=\"preserve\">\n<path d=\"M13,0.919v9.188c0,0.504-0.413,0.918-0.92,0.918H6.408l-2.136,1.838C3.999,13.094,3.62,13.166,3.284,13\n\tc-0.321-0.137-0.528-0.461-0.528-0.826v-1.148H0.919C0.413,11.025,0,10.611,0,10.107V0.919C0,0.414,0.413,0,0.919,0H12.08\n\tC12.587,0,13,0.414,13,0.919z M12.08,0.919H0.919v9.188h2.756v2.066l2.389-2.066h6.017V0.919z\"\/>\n<\/svg>\t\t0 Comments\t<\/a> \n\t<\/footer>\t\t<\/div>\n\t<\/div>\n\t\t<aside class=\"post-bottom-meta hide\">\n\t\t<meta itemprop=\"mainEntityOfPage\" content=\"https:\/\/oraculus.mx\/aprobacion-presidencial\/\">\n\t\t<span class=\"vcard author\" itemprop=\"author\" content=\"Ana Aja\">\n\t\t\t<span class=\"fn\">Ana Aja<\/span>\n\t\t<\/span>\n\t\t<time class=\"time publised entry-date\" datetime=\"2019-06-16T20:00:05-06:00\" itemprop=\"datePublished\" content=\"2019-06-16T20:00:05-06:00\">junio 16, 2019<\/time>\n\t\t<meta itemprop=\"dateModified\" class=\"updated\" content=\"2025-07-04T15:19:43-06:00\">\n\t\t<span itemprop=\"publisher\" itemscope itemtype=\"https:\/\/schema.org\/Organization\">\n\t\t\t<meta itemprop=\"name\" content=\"Oraculus\">\n\t\t\t<span itemprop=\"logo\" itemscope itemtype=\"https:\/\/schema.org\/ImageObject\">\n\t\t\t\t<meta itemprop=\"url\" content=\"https:\/\/oraculus.mx\/wp-content\/themes\/thevoux-wp\/assets\/img\/logo.png\">\n\t\t\t<\/span>\n\t\t<\/span>\n\t\t<span itemprop=\"image\" itemscope itemtype=\"http:\/\/schema.org\/ImageObject\">\n\t\t\t<meta itemprop=\"url\" content=\"https:\/\/oraculus.mx\/wp-content\/uploads\/2023\/11\/Screen-Shot-2023-11-26-at-8.54.36-PM.png\">\n\t\t\t<meta itemprop=\"width\" content=\"1846\" \/>\n\t\t\t<meta itemprop=\"height\" content=\"852\" \/>\n\t\t<\/span>\n\t<\/aside>\n\t<\/article>\n  \t\t                <\/div>\n\t[\/vc_column][\/vc_row][vc_row][vc_column][vc_empty_space][vc_single_image image=\u00bb32354&#8243; img_size=\u00bbfull\u00bb alignment=\u00bbcenter\u00bb][vc_empty_space][\/vc_column][\/vc_row][vc_row][vc_column][vc_row_inner][vc_column_inner width=\u00bb1\/6&#8243;][\/vc_column_inner][vc_column_inner width=\u00bb2\/3&#8243;][vc_column_text]\n<h2 style=\"text-align: center;\">A.R.M.A Secretar\u00edas de Estado Diciembre 2024<\/h2>\n[\/vc_column_text][vc_raw_html]JTNDcCUyMGlkJTNEJTIydXBkYXRlJTIyJTIwY2xhc3MlM0QlMjJ1cGRhdGUlMjIlMjBzdHlsZSUzRCUyMnRleHQtYWxpZ24lM0ElMjBjZW50ZXIlM0IlMjIlM0UlM0MlMkZwJTNF[\/vc_raw_html][vc_empty_space height=\u00bb20px\u00bb][vc_column_text]\n<p style=\"text-align: center;\">Central de Inteligencia Pol\u00edtica (CIP) presenta mensualmente el An\u00e1lisis de Reputaci\u00f3n Medi\u00e1tica de Actores (A.R.M.A.), un estudio que eval\u00faa la cobertura e impacto en medios del gabinete de la presidenta Claudia Sheinbaum. El an\u00e1lisis se basa en el monitoreo y procesamiento de m\u00e1s de 35,000 notas period\u00edsticas diarias, permitiendo medir y comparar la reputaci\u00f3n medi\u00e1tica de los funcionarios.<\/p>\n[\/vc_column_text][vc_empty_space][\/vc_column_inner][vc_column_inner width=\u00bb1\/6&#8243;][\/vc_column_inner][\/vc_row_inner][vc_row_inner][vc_column_inner][vc_raw_html]JTNDZGl2JTIwaWQlM0QlMjJjb250YWluZXIlMjIlM0UlM0MlMkZkaXYlM0U=[\/vc_raw_html][vc_btn title=\u00bbVer estudio\u00bb shape=\u00bbsquare\u00bb color=\u00bbdefault\u00bb size=\u00bbsm\u00bb align=\u00bbcenter\u00bb link=\u00bburl:https%3A%2F%2Foraculus.mx%2Farma-presidenciables%2F|title:Ver%20m%C3%A1s||\u00bb][\/vc_column_inner][\/vc_row_inner][\/vc_column][\/vc_row][vc_row][vc_column][vc_empty_space][vc_single_image image=\u00bb32354&#8243; img_size=\u00bbfull\u00bb alignment=\u00bbcenter\u00bb][vc_empty_space][\/vc_column][\/vc_row][vc_row disable_element=\u00bbyes\u00bb][vc_column width=\u00bb3\/4&#8243;][vc_empty_space height=\u00bb50px\u00bb][vc_column_text]\n<h2>Columnas Recomendadas<\/h2>\n[\/vc_column_text][vc_empty_space height=\u00bb20px\u00bb][vc_column_text]Hoy los expertos recomiendan leer las siguientes notas de opini\u00f3n:[\/vc_column_text][vc_empty_space][\/vc_column][vc_column width=\u00bb1\/4&#8243;][\/vc_column][\/vc_row][vc_row disable_element=\u00bbyes\u00bb][vc_column]\t\t    <div class=\"posts post-grid-style1 style1-posts   row columns-3   \" data-loadmore=\"#loadmore-48\" data-rand=\"48\">\n      \t\t        <div class=\"small-12 medium-4 large-4 columns\">\n          <article itemscope itemtype=\"http:\/\/schema.org\/Article\" class=\"post style6 post-50624 type-post status-publish format-standard has-post-thumbnail hentry category-columnas-recomendadas\">\n\t\t<figure class=\"post-gallery\">\n\t\t\t\t<a href=\"https:\/\/www.efinf.com\/clipviewer\/files\/88b1688adfb85c430cb831800029ff6a.pdf\" title=\"Aprieta la oposici\u00f3n a Ernestina\"><img loading=\"lazy\" decoding=\"async\" width=\"293\" height=\"335\" src=\"https:\/\/oraculus.mx\/wp-content\/uploads\/2023\/10\/Captura-de-Pantalla-2023-10-17-a-las-8.46.23.png\" class=\"attachment-thevoux-style1-2x size-thevoux-style1-2x wp-post-image\" alt=\"\" srcset=\"https:\/\/oraculus.mx\/wp-content\/uploads\/2023\/10\/Captura-de-Pantalla-2023-10-17-a-las-8.46.23.png 293w, https:\/\/oraculus.mx\/wp-content\/uploads\/2023\/10\/Captura-de-Pantalla-2023-10-17-a-las-8.46.23-262x300.png 262w\" sizes=\"auto, (max-width: 293px) 100vw, 293px\" \/><\/a>\n\t<\/figure>\n\t\t\t\t<span class=\"fuente\"> \n\t\t\t\t\t\t\tAdri\u00e1n Rueda,\n\t\t\t\t<\/span>\n\t\t\t<span class=\"fuente\">\n\t\t\t\t\t\t\t<a href=\"\" target=\"_blank\" title=\"Exc\u00e9lsior\">Exc\u00e9lsior<\/a>\n\t\t\t\t<\/span>\n\t\t<header class=\"post-title entry-header\">\n\t\t<h5 itemprop=\"headline\"><a href=\"https:\/\/www.efinf.com\/clipviewer\/files\/88b1688adfb85c430cb831800029ff6a.pdf\" title=\"Aprieta la oposici\u00f3n a Ernestina\">Aprieta la oposici\u00f3n a Ernestina<\/a><\/h5>\n\t<\/header>\n\t\t\t<aside class=\"post-bottom-meta hide\">\n\t\t<meta itemprop=\"mainEntityOfPage\" content=\"https:\/\/www.efinf.com\/clipviewer\/files\/88b1688adfb85c430cb831800029ff6a.pdf\">\n\t\t<span class=\"vcard author\" itemprop=\"author\" content=\"Ana Aja\">\n\t\t\t<span class=\"fn\">Ana Aja<\/span>\n\t\t<\/span>\n\t\t<time class=\"time publised entry-date\" datetime=\"2023-10-02T09:50:24-06:00\" itemprop=\"datePublished\" content=\"2023-10-02T09:50:24-06:00\">octubre 2, 2023<\/time>\n\t\t<meta itemprop=\"dateModified\" class=\"updated\" content=\"2023-10-17T08:46:52-06:00\">\n\t\t<span itemprop=\"publisher\" itemscope itemtype=\"https:\/\/schema.org\/Organization\">\n\t\t\t<meta itemprop=\"name\" content=\"Oraculus\">\n\t\t\t<span itemprop=\"logo\" itemscope itemtype=\"https:\/\/schema.org\/ImageObject\">\n\t\t\t\t<meta itemprop=\"url\" content=\"https:\/\/oraculus.mx\/wp-content\/themes\/thevoux-wp\/assets\/img\/logo.png\">\n\t\t\t<\/span>\n\t\t<\/span>\n\t\t<span itemprop=\"image\" itemscope itemtype=\"http:\/\/schema.org\/ImageObject\">\n\t\t\t<meta itemprop=\"url\" content=\"https:\/\/oraculus.mx\/wp-content\/uploads\/2023\/10\/Captura-de-Pantalla-2023-10-17-a-las-8.46.23.png\">\n\t\t\t<meta itemprop=\"width\" content=\"293\" \/>\n\t\t\t<meta itemprop=\"height\" content=\"335\" \/>\n\t\t<\/span>\n\t<\/aside>\n\t<\/article>        <\/div>\n  \t\t      \t\t        <div class=\"small-12 medium-4 large-4 columns\">\n          <article itemscope itemtype=\"http:\/\/schema.org\/Article\" class=\"post style6 post-50608 type-post status-publish format-standard has-post-thumbnail hentry category-columnas-recomendadas category-oraculus-formula\">\n\t\t<figure class=\"post-gallery\">\n\t\t\t\t<a href=\"https:\/\/www.efinf.com\/clipviewer\/files\/513837e383be3658c1167a0e4a6a398f.pdf\" title=\"\u00bfPodr\u00e1 Samuel Garc\u00eda ser candidato presidencial?\"><img loading=\"lazy\" decoding=\"async\" width=\"487\" height=\"329\" src=\"https:\/\/oraculus.mx\/wp-content\/uploads\/2023\/10\/Captura-de-Pantalla-2023-10-16-a-las-8.59.48.png\" class=\"attachment-thevoux-style1-2x size-thevoux-style1-2x wp-post-image\" alt=\"\" srcset=\"https:\/\/oraculus.mx\/wp-content\/uploads\/2023\/10\/Captura-de-Pantalla-2023-10-16-a-las-8.59.48.png 487w, https:\/\/oraculus.mx\/wp-content\/uploads\/2023\/10\/Captura-de-Pantalla-2023-10-16-a-las-8.59.48-300x203.png 300w\" sizes=\"auto, (max-width: 487px) 100vw, 487px\" \/><\/a>\n\t<\/figure>\n\t\t\t\t<span class=\"fuente\"> \n\t\t\t\t\t\t\tLeo Zuckermann,\n\t\t\t\t<\/span>\n\t\t\t<span class=\"fuente\">\n\t\t\t\t\t\t\t<a href=\"\" target=\"_blank\" title=\"Exc\u00e9lsior\">Exc\u00e9lsior<\/a>\n\t\t\t\t<\/span>\n\t\t<header class=\"post-title entry-header\">\n\t\t<h5 itemprop=\"headline\"><a href=\"https:\/\/www.efinf.com\/clipviewer\/files\/513837e383be3658c1167a0e4a6a398f.pdf\" title=\"\u00bfPodr\u00e1 Samuel Garc\u00eda ser candidato presidencial?\">\u00bfPodr\u00e1 Samuel Garc\u00eda ser candidato presidencial?<\/a><\/h5>\n\t<\/header>\n\t\t\t<aside class=\"post-bottom-meta hide\">\n\t\t<meta itemprop=\"mainEntityOfPage\" content=\"https:\/\/www.efinf.com\/clipviewer\/files\/513837e383be3658c1167a0e4a6a398f.pdf\">\n\t\t<span class=\"vcard author\" itemprop=\"author\" content=\"Ana Aja\">\n\t\t\t<span class=\"fn\">Ana Aja<\/span>\n\t\t<\/span>\n\t\t<time class=\"time publised entry-date\" datetime=\"2023-10-02T09:28:51-06:00\" itemprop=\"datePublished\" content=\"2023-10-02T09:28:51-06:00\">octubre 2, 2023<\/time>\n\t\t<meta itemprop=\"dateModified\" class=\"updated\" content=\"2023-10-17T08:32:20-06:00\">\n\t\t<span itemprop=\"publisher\" itemscope itemtype=\"https:\/\/schema.org\/Organization\">\n\t\t\t<meta itemprop=\"name\" content=\"Oraculus\">\n\t\t\t<span itemprop=\"logo\" itemscope itemtype=\"https:\/\/schema.org\/ImageObject\">\n\t\t\t\t<meta itemprop=\"url\" content=\"https:\/\/oraculus.mx\/wp-content\/themes\/thevoux-wp\/assets\/img\/logo.png\">\n\t\t\t<\/span>\n\t\t<\/span>\n\t\t<span itemprop=\"image\" itemscope itemtype=\"http:\/\/schema.org\/ImageObject\">\n\t\t\t<meta itemprop=\"url\" content=\"https:\/\/oraculus.mx\/wp-content\/uploads\/2023\/10\/Captura-de-Pantalla-2023-10-16-a-las-8.59.48.png\">\n\t\t\t<meta itemprop=\"width\" content=\"487\" \/>\n\t\t\t<meta itemprop=\"height\" content=\"329\" \/>\n\t\t<\/span>\n\t<\/aside>\n\t<\/article>        <\/div>\n  \t\t      \t\t        <div class=\"small-12 medium-4 large-4 columns\">\n          <article itemscope itemtype=\"http:\/\/schema.org\/Article\" class=\"post style6 post-50605 type-post status-publish format-standard has-post-thumbnail hentry category-columnas-recomendadas category-oraculus-formula\">\n\t\t<figure class=\"post-gallery\">\n\t\t\t\t<a href=\"https:\/\/www.efinf.com\/clipviewer\/files\/03b64fa2dadb1ef56d4f0eca4124fed5.pdf\" title=\"X\u00f3chitl en su laberinto\"><img loading=\"lazy\" decoding=\"async\" width=\"365\" height=\"301\" src=\"https:\/\/oraculus.mx\/wp-content\/uploads\/2023\/10\/Captura-de-Pantalla-2023-10-16-a-las-8.58.05.png\" class=\"attachment-thevoux-style1-2x size-thevoux-style1-2x wp-post-image\" alt=\"\" srcset=\"https:\/\/oraculus.mx\/wp-content\/uploads\/2023\/10\/Captura-de-Pantalla-2023-10-16-a-las-8.58.05.png 365w, https:\/\/oraculus.mx\/wp-content\/uploads\/2023\/10\/Captura-de-Pantalla-2023-10-16-a-las-8.58.05-300x247.png 300w\" sizes=\"auto, (max-width: 365px) 100vw, 365px\" \/><\/a>\n\t<\/figure>\n\t\t\t\t<span class=\"fuente\"> \n\t\t\t\t\t\t\tEnrique Quintana,\n\t\t\t\t<\/span>\n\t\t\t<span class=\"fuente\">\n\t\t\t\t\t\t\t<a href=\"\" target=\"_blank\" title=\"El Financiero\">El Financiero<\/a>\n\t\t\t\t<\/span>\n\t\t<header class=\"post-title entry-header\">\n\t\t<h5 itemprop=\"headline\"><a href=\"https:\/\/www.efinf.com\/clipviewer\/files\/03b64fa2dadb1ef56d4f0eca4124fed5.pdf\" title=\"X\u00f3chitl en su laberinto\">X\u00f3chitl en su laberinto<\/a><\/h5>\n\t<\/header>\n\t\t\t<aside class=\"post-bottom-meta hide\">\n\t\t<meta itemprop=\"mainEntityOfPage\" content=\"https:\/\/www.efinf.com\/clipviewer\/files\/03b64fa2dadb1ef56d4f0eca4124fed5.pdf\">\n\t\t<span class=\"vcard author\" itemprop=\"author\" content=\"Ana Aja\">\n\t\t\t<span class=\"fn\">Ana Aja<\/span>\n\t\t<\/span>\n\t\t<time class=\"time publised entry-date\" datetime=\"2023-10-02T09:26:36-06:00\" itemprop=\"datePublished\" content=\"2023-10-02T09:26:36-06:00\">octubre 2, 2023<\/time>\n\t\t<meta itemprop=\"dateModified\" class=\"updated\" content=\"2023-10-16T08:59:19-06:00\">\n\t\t<span itemprop=\"publisher\" itemscope itemtype=\"https:\/\/schema.org\/Organization\">\n\t\t\t<meta itemprop=\"name\" content=\"Oraculus\">\n\t\t\t<span itemprop=\"logo\" itemscope itemtype=\"https:\/\/schema.org\/ImageObject\">\n\t\t\t\t<meta itemprop=\"url\" content=\"https:\/\/oraculus.mx\/wp-content\/themes\/thevoux-wp\/assets\/img\/logo.png\">\n\t\t\t<\/span>\n\t\t<\/span>\n\t\t<span itemprop=\"image\" itemscope itemtype=\"http:\/\/schema.org\/ImageObject\">\n\t\t\t<meta itemprop=\"url\" content=\"https:\/\/oraculus.mx\/wp-content\/uploads\/2023\/10\/Captura-de-Pantalla-2023-10-16-a-las-8.58.05.png\">\n\t\t\t<meta itemprop=\"width\" content=\"365\" \/>\n\t\t\t<meta itemprop=\"height\" content=\"301\" \/>\n\t\t<\/span>\n\t<\/aside>\n\t<\/article>        <\/div>\n  \t\t                <\/div>\n\t[\/vc_column][\/vc_row][vc_row disable_element=\u00bbyes\u00bb][vc_column][vc_empty_space][vc_single_image image=\u00bb32354&#8243; img_size=\u00bbfull\u00bb alignment=\u00bbcenter\u00bb][vc_empty_space][\/vc_column][\/vc_row][vc_row disable_element=\u00bbyes\u00bb][vc_column width=\u00bb3\/4&#8243;][vc_empty_space height=\u00bb50px\u00bb][vc_column_text]\n<h2>Oraculus en medios<\/h2>\n[\/vc_column_text][vc_empty_space height=\u00bb20px\u00bb][vc_column_text]Nuestra presencia en los principales reflectores del pa\u00eds.[\/vc_column_text][vc_empty_space][\/vc_column][vc_column width=\u00bb1\/4&#8243;][\/vc_column][\/vc_row][vc_row disable_element=\u00bbyes\u00bb][vc_column el_class=\u00bboraculus-medios\u00bb]\t\t    <div class=\"posts post-grid-style1 style1-posts   row columns-4   \" data-loadmore=\"#loadmore-35\" data-rand=\"35\">\n      \t\t        <div class=\"small-12 medium-6 large-3 columns\">\n          <article itemscope itemtype=\"http:\/\/schema.org\/Article\" class=\"post style6 post-50619 type-post status-publish format-standard has-post-thumbnail hentry category-oraculus-en-medios\">\n\t\t<figure class=\"post-gallery\">\n\t\t\t\t<a href=\"https:\/\/cnnespanol.cnn.com\/2023\/08\/22\/dos-mujeres-candidatura-frente-opositor-mexico-xochitl-galvez-beatriz-paredes-orix\/\" title=\"Dos mujeres se disputan la candidatura por el frente opositor en M\u00e9xico: Beatriz Paredes y X\u00f3chitl G\u00e1lvez\"><img loading=\"lazy\" decoding=\"async\" width=\"500\" height=\"200\" src=\"https:\/\/oraculus.mx\/wp-content\/uploads\/2023\/10\/cnn.jpg\" class=\"attachment-thevoux-style1-2x size-thevoux-style1-2x wp-post-image\" alt=\"\" srcset=\"https:\/\/oraculus.mx\/wp-content\/uploads\/2023\/10\/cnn.jpg 500w, https:\/\/oraculus.mx\/wp-content\/uploads\/2023\/10\/cnn-300x120.jpg 300w\" sizes=\"auto, (max-width: 500px) 100vw, 500px\" \/><\/a>\n\t<\/figure>\n\t\t\t\t\t<header class=\"post-title entry-header\">\n\t\t<h5 itemprop=\"headline\"><a href=\"https:\/\/cnnespanol.cnn.com\/2023\/08\/22\/dos-mujeres-candidatura-frente-opositor-mexico-xochitl-galvez-beatriz-paredes-orix\/\" title=\"Dos mujeres se disputan la candidatura por el frente opositor en M\u00e9xico: Beatriz Paredes y X\u00f3chitl G\u00e1lvez\">Dos mujeres se disputan la candidatura por el frente opositor en M\u00e9xico: Beatriz Paredes y X\u00f3chitl G\u00e1lvez<\/a><\/h5>\n\t<\/header>\n\t\t\t<aside class=\"post-bottom-meta hide\">\n\t\t<meta itemprop=\"mainEntityOfPage\" content=\"https:\/\/cnnespanol.cnn.com\/2023\/08\/22\/dos-mujeres-candidatura-frente-opositor-mexico-xochitl-galvez-beatriz-paredes-orix\/\">\n\t\t<span class=\"vcard author\" itemprop=\"author\" content=\"Ana Aja\">\n\t\t\t<span class=\"fn\">Ana Aja<\/span>\n\t\t<\/span>\n\t\t<time class=\"time publised entry-date\" datetime=\"2023-10-02T09:44:23-06:00\" itemprop=\"datePublished\" content=\"2023-10-02T09:44:23-06:00\">octubre 2, 2023<\/time>\n\t\t<meta itemprop=\"dateModified\" class=\"updated\" content=\"2023-11-23T20:52:57-06:00\">\n\t\t<span itemprop=\"publisher\" itemscope itemtype=\"https:\/\/schema.org\/Organization\">\n\t\t\t<meta itemprop=\"name\" content=\"Oraculus\">\n\t\t\t<span itemprop=\"logo\" itemscope itemtype=\"https:\/\/schema.org\/ImageObject\">\n\t\t\t\t<meta itemprop=\"url\" content=\"https:\/\/oraculus.mx\/wp-content\/themes\/thevoux-wp\/assets\/img\/logo.png\">\n\t\t\t<\/span>\n\t\t<\/span>\n\t\t<span itemprop=\"image\" itemscope itemtype=\"http:\/\/schema.org\/ImageObject\">\n\t\t\t<meta itemprop=\"url\" content=\"https:\/\/oraculus.mx\/wp-content\/uploads\/2023\/10\/cnn.jpg\">\n\t\t\t<meta itemprop=\"width\" content=\"500\" \/>\n\t\t\t<meta itemprop=\"height\" content=\"200\" \/>\n\t\t<\/span>\n\t<\/aside>\n\t<\/article>        <\/div>\n  \t\t      \t\t        <div class=\"small-12 medium-6 large-3 columns\">\n          <article itemscope itemtype=\"http:\/\/schema.org\/Article\" class=\"post style6 post-50617 type-post status-publish format-standard has-post-thumbnail hentry category-oraculus-en-medios\">\n\t\t<figure class=\"post-gallery\">\n\t\t\t\t<a href=\"https:\/\/www.youtube.com\/watch?app=desktop&#038;v=oWqIyLKxtlo\" title=\"Entrevista Juan Ricardo P\u00e9rez Escamilla de Oraculus\"><img loading=\"lazy\" decoding=\"async\" width=\"500\" height=\"200\" src=\"https:\/\/oraculus.mx\/wp-content\/uploads\/2023\/10\/logo-w-radio.jpg\" class=\"attachment-thevoux-style1-2x size-thevoux-style1-2x wp-post-image\" alt=\"\" srcset=\"https:\/\/oraculus.mx\/wp-content\/uploads\/2023\/10\/logo-w-radio.jpg 500w, https:\/\/oraculus.mx\/wp-content\/uploads\/2023\/10\/logo-w-radio-300x120.jpg 300w\" sizes=\"auto, (max-width: 500px) 100vw, 500px\" \/><\/a>\n\t<\/figure>\n\t\t\t\t\t<header class=\"post-title entry-header\">\n\t\t<h5 itemprop=\"headline\"><a href=\"https:\/\/www.youtube.com\/watch?app=desktop&#038;v=oWqIyLKxtlo\" title=\"Entrevista Juan Ricardo P\u00e9rez Escamilla de Oraculus\">Entrevista Juan Ricardo P\u00e9rez Escamilla de Oraculus<\/a><\/h5>\n\t<\/header>\n\t\t\t<aside class=\"post-bottom-meta hide\">\n\t\t<meta itemprop=\"mainEntityOfPage\" content=\"https:\/\/www.youtube.com\/watch?app=desktop&#038;v=oWqIyLKxtlo\">\n\t\t<span class=\"vcard author\" itemprop=\"author\" content=\"Ana Aja\">\n\t\t\t<span class=\"fn\">Ana Aja<\/span>\n\t\t<\/span>\n\t\t<time class=\"time publised entry-date\" datetime=\"2023-10-02T09:40:07-06:00\" itemprop=\"datePublished\" content=\"2023-10-02T09:40:07-06:00\">octubre 2, 2023<\/time>\n\t\t<meta itemprop=\"dateModified\" class=\"updated\" content=\"2023-10-02T09:40:07-06:00\">\n\t\t<span itemprop=\"publisher\" itemscope itemtype=\"https:\/\/schema.org\/Organization\">\n\t\t\t<meta itemprop=\"name\" content=\"Oraculus\">\n\t\t\t<span itemprop=\"logo\" itemscope itemtype=\"https:\/\/schema.org\/ImageObject\">\n\t\t\t\t<meta itemprop=\"url\" content=\"https:\/\/oraculus.mx\/wp-content\/themes\/thevoux-wp\/assets\/img\/logo.png\">\n\t\t\t<\/span>\n\t\t<\/span>\n\t\t<span itemprop=\"image\" itemscope itemtype=\"http:\/\/schema.org\/ImageObject\">\n\t\t\t<meta itemprop=\"url\" content=\"https:\/\/oraculus.mx\/wp-content\/uploads\/2023\/10\/logo-w-radio.jpg\">\n\t\t\t<meta itemprop=\"width\" content=\"500\" \/>\n\t\t\t<meta itemprop=\"height\" content=\"200\" \/>\n\t\t<\/span>\n\t<\/aside>\n\t<\/article>        <\/div>\n  \t\t      \t\t        <div class=\"small-12 medium-6 large-3 columns\">\n          <article itemscope itemtype=\"http:\/\/schema.org\/Article\" class=\"post style6 post-50611 type-post status-publish format-standard has-post-thumbnail hentry category-oraculus-en-medios\">\n\t\t<figure class=\"post-gallery\">\n\t\t\t\t<a href=\"https:\/\/noticieros.televisa.com\/ultimas-noticias\/oraculus-es-sitio-internet-especializado-elecciones\/\" title=\"Oraculus, un sitio de internet especializado en elecciones\"><img loading=\"lazy\" decoding=\"async\" width=\"500\" height=\"200\" src=\"https:\/\/oraculus.mx\/wp-content\/uploads\/2023\/10\/noticieros_televisa.jpg\" class=\"attachment-thevoux-style1-2x size-thevoux-style1-2x wp-post-image\" alt=\"\" srcset=\"https:\/\/oraculus.mx\/wp-content\/uploads\/2023\/10\/noticieros_televisa.jpg 500w, https:\/\/oraculus.mx\/wp-content\/uploads\/2023\/10\/noticieros_televisa-300x120.jpg 300w\" sizes=\"auto, (max-width: 500px) 100vw, 500px\" \/><\/a>\n\t<\/figure>\n\t\t\t\t\t<header class=\"post-title entry-header\">\n\t\t<h5 itemprop=\"headline\"><a href=\"https:\/\/noticieros.televisa.com\/ultimas-noticias\/oraculus-es-sitio-internet-especializado-elecciones\/\" title=\"Oraculus, un sitio de internet especializado en elecciones\">Oraculus, un sitio de internet especializado en elecciones<\/a><\/h5>\n\t<\/header>\n\t\t\t<aside class=\"post-bottom-meta hide\">\n\t\t<meta itemprop=\"mainEntityOfPage\" content=\"https:\/\/noticieros.televisa.com\/ultimas-noticias\/oraculus-es-sitio-internet-especializado-elecciones\/\">\n\t\t<span class=\"vcard author\" itemprop=\"author\" content=\"Ana Aja\">\n\t\t\t<span class=\"fn\">Ana Aja<\/span>\n\t\t<\/span>\n\t\t<time class=\"time publised entry-date\" datetime=\"2023-10-02T09:31:22-06:00\" itemprop=\"datePublished\" content=\"2023-10-02T09:31:22-06:00\">octubre 2, 2023<\/time>\n\t\t<meta itemprop=\"dateModified\" class=\"updated\" content=\"2023-10-02T09:33:54-06:00\">\n\t\t<span itemprop=\"publisher\" itemscope itemtype=\"https:\/\/schema.org\/Organization\">\n\t\t\t<meta itemprop=\"name\" content=\"Oraculus\">\n\t\t\t<span itemprop=\"logo\" itemscope itemtype=\"https:\/\/schema.org\/ImageObject\">\n\t\t\t\t<meta itemprop=\"url\" content=\"https:\/\/oraculus.mx\/wp-content\/themes\/thevoux-wp\/assets\/img\/logo.png\">\n\t\t\t<\/span>\n\t\t<\/span>\n\t\t<span itemprop=\"image\" itemscope itemtype=\"http:\/\/schema.org\/ImageObject\">\n\t\t\t<meta itemprop=\"url\" content=\"https:\/\/oraculus.mx\/wp-content\/uploads\/2023\/10\/noticieros_televisa.jpg\">\n\t\t\t<meta itemprop=\"width\" content=\"500\" \/>\n\t\t\t<meta itemprop=\"height\" content=\"200\" \/>\n\t\t<\/span>\n\t<\/aside>\n\t<\/article>        <\/div>\n  \t\t      \t\t        <div class=\"small-12 medium-6 large-3 columns\">\n          <article itemscope itemtype=\"http:\/\/schema.org\/Article\" class=\"post style6 post-50599 type-post status-publish format-standard has-post-thumbnail hentry category-oraculus-en-medios category-uncategorized\">\n\t\t<figure class=\"post-gallery\">\n\t\t\t\t<a href=\"https:\/\/wradio.com.mx\/programa\/2023\/08\/10\/asi_las_cosas_con_carlos_loret_de_mola\/1691619942_783264.html\" title=\"X\u00f3chitl G\u00e1lvez es la que mayor cobertura medi\u00e1tica tiene: Estudio ARMA\"><img loading=\"lazy\" decoding=\"async\" width=\"500\" height=\"200\" src=\"https:\/\/oraculus.mx\/wp-content\/uploads\/2023\/10\/logo-w-radio.jpg\" class=\"attachment-thevoux-style1-2x size-thevoux-style1-2x wp-post-image\" alt=\"\" srcset=\"https:\/\/oraculus.mx\/wp-content\/uploads\/2023\/10\/logo-w-radio.jpg 500w, https:\/\/oraculus.mx\/wp-content\/uploads\/2023\/10\/logo-w-radio-300x120.jpg 300w\" sizes=\"auto, (max-width: 500px) 100vw, 500px\" \/><\/a>\n\t<\/figure>\n\t\t\t\t\t<header class=\"post-title entry-header\">\n\t\t<h5 itemprop=\"headline\"><a href=\"https:\/\/wradio.com.mx\/programa\/2023\/08\/10\/asi_las_cosas_con_carlos_loret_de_mola\/1691619942_783264.html\" title=\"X\u00f3chitl G\u00e1lvez es la que mayor cobertura medi\u00e1tica tiene: Estudio ARMA\">X\u00f3chitl G\u00e1lvez es la que mayor cobertura medi\u00e1tica tiene: Estudio ARMA<\/a><\/h5>\n\t<\/header>\n\t\t\t<aside class=\"post-bottom-meta hide\">\n\t\t<meta itemprop=\"mainEntityOfPage\" content=\"https:\/\/wradio.com.mx\/programa\/2023\/08\/10\/asi_las_cosas_con_carlos_loret_de_mola\/1691619942_783264.html\">\n\t\t<span class=\"vcard author\" itemprop=\"author\" content=\"Ana Aja\">\n\t\t\t<span class=\"fn\">Ana Aja<\/span>\n\t\t<\/span>\n\t\t<time class=\"time publised entry-date\" datetime=\"2023-10-02T09:15:37-06:00\" itemprop=\"datePublished\" content=\"2023-10-02T09:15:37-06:00\">octubre 2, 2023<\/time>\n\t\t<meta itemprop=\"dateModified\" class=\"updated\" content=\"2023-10-02T09:17:23-06:00\">\n\t\t<span itemprop=\"publisher\" itemscope itemtype=\"https:\/\/schema.org\/Organization\">\n\t\t\t<meta itemprop=\"name\" content=\"Oraculus\">\n\t\t\t<span itemprop=\"logo\" itemscope itemtype=\"https:\/\/schema.org\/ImageObject\">\n\t\t\t\t<meta itemprop=\"url\" content=\"https:\/\/oraculus.mx\/wp-content\/themes\/thevoux-wp\/assets\/img\/logo.png\">\n\t\t\t<\/span>\n\t\t<\/span>\n\t\t<span itemprop=\"image\" itemscope itemtype=\"http:\/\/schema.org\/ImageObject\">\n\t\t\t<meta itemprop=\"url\" content=\"https:\/\/oraculus.mx\/wp-content\/uploads\/2023\/10\/logo-w-radio.jpg\">\n\t\t\t<meta itemprop=\"width\" content=\"500\" \/>\n\t\t\t<meta itemprop=\"height\" content=\"200\" \/>\n\t\t<\/span>\n\t<\/aside>\n\t<\/article>        <\/div>\n  \t\t                <\/div>\n\t[vc_empty_space height=\u00bb20px\u00bb][vc_btn title=\u00bbVer m\u00e1s\u00bb shape=\u00bbsquare\u00bb color=\u00bbdefault\u00bb size=\u00bbsm\u00bb align=\u00bbcenter\u00bb link=\u00bburl:https%3A%2F%2Foraculus.mx%2Foraculus-en-medios|title:Ver%20m%C3%A1s||\u00bb][vc_empty_space height=\u00bb20px\u00bb][\/vc_column][\/vc_row][vc_row][vc_column][vc_empty_space height=\u00bb50px\u00bb][\/vc_column][\/vc_row]\n","protected":false},"excerpt":{"rendered":"<p>[vc_row][vc_column][\/vc_column][\/vc_row][vc_row][vc_column][vc_empty_space][vc_single_image image=\u00bb32354&#8243; img_size=\u00bbfull\u00bb alignment=\u00bbcenter\u00bb][vc_empty_space][\/vc_column][\/vc_row][vc_row][vc_column][vc_row_inner][vc_column_inner width=\u00bb1\/6&#8243;][\/vc_column_inner][vc_column_inner width=\u00bb2\/3&#8243;][vc_column_text] A.R.M.A Secretar\u00edas de Estado Diciembre 2024 [\/vc_column_text][vc_raw_html]JTNDcCUyMGlkJTNEJTIydXBkYXRlJTIyJTIwY2xhc3MlM0QlMjJ1cGRhdGUlMjIlMjBzdHlsZSUzRCUyMnRleHQtYWxpZ24lM0ElMjBjZW50ZXIlM0IlMjIlM0UlM0MlMkZwJTNF[\/vc_raw_html][vc_empty_space height=\u00bb20px\u00bb][vc_column_text] Central de Inteligencia Pol\u00edtica (CIP) presenta mensualmente el An\u00e1lisis de Reputaci\u00f3n Medi\u00e1tica de Actores (A.R.M.A.), un estudio que&hellip;<\/p>\n","protected":false},"author":3,"featured_media":0,"parent":0,"menu_order":0,"comment_status":"closed","ping_status":"closed","template":"","meta":{"inline_featured_image":false,"advanced_seo_description":"","jetpack_seo_html_title":"","jetpack_seo_noindex":false,"footnotes":"","_links_to":"","_links_to_target":""},"categories":[],"tags":[],"coauthors":[643767011],"class_list":["post-50575","page","type-page","status-publish","hentry"],"jetpack_shortlink":"https:\/\/wp.me\/Pa2gVp-d9J","jetpack_sharing_enabled":true,"_links":{"self":[{"href":"https:\/\/oraculus.mx\/wp-json\/wp\/v2\/pages\/50575","targetHints":{"allow":["GET"]}}],"collection":[{"href":"https:\/\/oraculus.mx\/wp-json\/wp\/v2\/pages"}],"about":[{"href":"https:\/\/oraculus.mx\/wp-json\/wp\/v2\/types\/page"}],"author":[{"embeddable":true,"href":"https:\/\/oraculus.mx\/wp-json\/wp\/v2\/users\/3"}],"replies":[{"embeddable":true,"href":"https:\/\/oraculus.mx\/wp-json\/wp\/v2\/comments?post=50575"}],"version-history":[{"count":47,"href":"https:\/\/oraculus.mx\/wp-json\/wp\/v2\/pages\/50575\/revisions"}],"predecessor-version":[{"id":52264,"href":"https:\/\/oraculus.mx\/wp-json\/wp\/v2\/pages\/50575\/revisions\/52264"}],"wp:attachment":[{"href":"https:\/\/oraculus.mx\/wp-json\/wp\/v2\/media?parent=50575"}],"wp:term":[{"taxonomy":"category","embeddable":true,"href":"https:\/\/oraculus.mx\/wp-json\/wp\/v2\/categories?post=50575"},{"taxonomy":"post_tag","embeddable":true,"href":"https:\/\/oraculus.mx\/wp-json\/wp\/v2\/tags?post=50575"},{"taxonomy":"author","embeddable":true,"href":"https:\/\/oraculus.mx\/wp-json\/wp\/v2\/coauthors?post=50575"}],"curies":[{"name":"wp","href":"https:\/\/api.w.org\/{rel}","templated":true}]}}