{"id":41,"date":"2018-09-03T19:24:28","date_gmt":"2018-09-03T19:24:28","guid":{"rendered":"http:\/\/mastersofarchitecture.eu\/?page_id=41"},"modified":"2025-12-18T22:48:52","modified_gmt":"2025-12-18T22:48:52","slug":"o-nas","status":"publish","type":"page","link":"https:\/\/mastersofarchitecture.eu\/o-nas\/","title":{"rendered":"o nas"},"content":{"rendered":"<section class=\"kc-elm kc-css-203179 kc_row\"><div class=\"kc-row-container  kc-container\"><div class=\"kc-wrap-columns\"><div class=\"kc-elm kc-css-469303 kc_col-sm-12 kc_column kc_col-sm-12\"><div class=\"kc-col-container\"><div class=\"kc-elm kc-css-235981\" style=\"height: 40px; clear: both; width:100%;\"><\/div><\/div><\/div><\/div><\/div><\/section><section class=\"kc-elm kc-css-682580 kc_row\"><div class=\"kc-row-container  kc-container\"><div class=\"kc-wrap-columns\"><div class=\"kc-elm kc-css-12077 kc_col-sm-12 kc_column kc_col-sm-12\"><div class=\"kc-col-container\"><div class=\"kc-elm kc-css-803164 kc_text_block\"><p class=\"MsoNormal\" style=\"margin-bottom: .0001pt;\">Mistrzowie Architektury to mi\u0119dzynarodowa seria wyk\u0142ad\u00f3w architektonicznych odbywaj\u0105cych si\u0119 w\u00a0Katowicach. Cykl organizowany jest przez katowicki oddzia\u0142 Stowarzyszenia Architekt\u00f3w Polskich od 2004 roku, cho\u0107 wed\u0142ug pierwotnych za\u0142o\u017ce\u0144 mia\u0142 by\u0107 jedynie seri\u0105 5-ciu wyk\u0142ad\u00f3w o\u00a0najwi\u0119kszych europejskich stolicach. Na pierwszy ogie\u0144 poszed\u0142 Londyn, a\u00a0do Katowic przyjecha\u0142 Simon Foxell &#8211; \u00f3wczesny prezes Kr\u00f3lewskiego Instytutu Architekt\u00f3w Brytyjskich (RIBA). Jego wyk\u0142ad o\u00a0stolicy Anglii, podobnie jak 4 kolejne wyst\u0105pienia na temat Berlina, Pary\u017ca, Wiednia i\u00a0Amsterdamu spotka\u0142y si\u0119 z\u00a0tak ogromnym zainteresowaniem, \u017ce jedyn\u0105 mo\u017cliw\u0105 decyzj\u0105 by\u0142a kontynuacja cyklu w\u00a0kolejnych latach. Spotkania z\u00a0zagranicznymi architektami organizowane s\u0105 w Katowicach a\u017c do dzi\u015b i\u00a0wp\u0142yn\u0119\u0142y na edukacj\u0119 wielu rocznik\u00f3w student\u00f3w, kt\u00f3rzy mieli dost\u0119p do zupe\u0142nie innej wiedzy ni\u017c ich poprzednicy jeszcze kilka lat wcze\u015bniej.<\/p>\n<p class=\"MsoNormal\" style=\"margin-bottom: .0001pt;\"><span style=\"font-style: inherit;\">Wyk\u0142ady s\u0105 <\/span><span style=\"font-style: inherit;\">unikaln\u0105 atrakcj\u0105 dla wszystkich interesuj\u0105cych si\u0119 architektur\u0105 i okazj\u0105 do <\/span><span style=\"font-style: inherit;\">spotkania wybitnych architekt\u00f3w z\u00a0ca\u0142ego \u015bwiata. W okresie 2004-2021, SARP <\/span><span style=\"font-style: inherit;\">mia\u0142 zaszczyt go\u015bci\u0107 ponad 70-ciu architekt\u00f3w, w\u015br\u00f3d nich laureat\u00f3w nagrody <\/span><span style=\"font-style: inherit;\">Pritzkera oraz nagrody im. Mies\u2019a van der Rohe. Ka\u017cda kolejna edycja stanowi <\/span><span style=\"font-style: inherit;\">niepowtarzalne forum wymiany pomys\u0142\u00f3w, projekt\u00f3w i do\u015bwiadcze\u0144 z\u00a0ca\u0142ego <\/span><span style=\"font-style: inherit;\">\u015bwiata. Wyk\u0142adom cz\u0119sto towarzysz\u0105 wystawy, b\u0119d\u0105ce uzupe\u0142nieniem ca\u0142o\u015bci.<\/span><\/p>\n<p class=\"MsoNormal\" style=\"margin-bottom: .0001pt;\"><span style=\"font-style: inherit;\">W <\/span><span style=\"font-style: inherit;\">wydarzeniach mo\u017cemy uczestniczy\u0107 dzi\u0119ki pracy kurator\u00f3w oraz os\u00f3b dzia\u0142aj\u0105cych zespo\u0142ach <\/span><span style=\"font-style: inherit;\">organizacyjnych. Pomys\u0142odawc\u0105 cyklu jest Wojciech Ma\u0142ecki, jego prac\u0119 <\/span><span style=\"font-style: inherit;\">kontynuowali kolejno Tomasz B\u0105bski, Paulina Adamczyk oraz Wojciech Fudala a od 2025 roku <\/span><span style=\"font-style: inherit;\">kuratorkami wyst\u0105pie\u0144 s\u0105 Paulina Kostyra-Dzier\u017c\u0119ga i Kamila Cie\u015bla-Kozina.\u00a0<\/span><\/p>\n<\/div><\/div><\/div><\/div><\/div><\/section><section class=\"kc-elm kc-css-990666 kc_row\"><div class=\"kc-row-container  kc-container\"><div class=\"kc-wrap-columns\"><div class=\"kc-elm kc-css-605220 kc_col-sm-12 kc_column kc_col-sm-12\"><div class=\"kc-col-container\"><div class=\"kc-elm kc-css-415931 kc_text_block\"><h4>KURATOR:<\/h4>\n<\/div><\/div><\/div><\/div><\/div><\/section><section class=\"kc-elm kc-css-361317 kc_row\"><div class=\"kc-row-container  kc-container\"><div class=\"kc-wrap-columns\"><div class=\"kc-elm kc-css-261388 kc_col-sm-3 kc_column kc_col-sm-3\"><div class=\"kc-col-container\">\n<div class=\"kc-elm kc-css-79019 kc-team kc-team-3\">\n\n\t<figure class=\"content-image\"><img src=\"https:\/\/mastersofarchitecture.eu\/wp-content\/uploads\/2025\/12\/Kama_01-e1766098115429.jpeg\" alt=\"\"><\/figure><div class=\"overlay\"><div class=\"content-title\">Kamila Cie\u015bla-Kozina<\/div><div class=\"content-subtitle\">Kurator<\/div><\/div>\n<\/div>\n<\/div><\/div><div class=\"kc-elm kc-css-475569 kc_col-sm-3 kc_column kc_col-sm-3\"><div class=\"kc-col-container\">\n<div class=\"kc-elm kc-css-252320 kc-team kc-team-3\">\n\n\t<figure class=\"content-image\"><img src=\"https:\/\/mastersofarchitecture.eu\/wp-content\/uploads\/2025\/01\/Kostyra_Dzierzega_Paulina-scaled-e1766092160550.jpg\" alt=\"\"><\/figure><div class=\"overlay\"><div class=\"content-title\">Paulina Kostyra-Dzier\u017c\u0119ga<\/div><div class=\"content-subtitle\">Kurator<\/div><\/div>\n<\/div>\n<\/div><\/div><div class=\"kc-elm kc-css-418421 kc_col-sm-3 kc_column kc_col-sm-3\"><div class=\"kc-col-container\"><\/div><\/div><div class=\"kc-elm kc-css-182956 kc_col-sm-3 kc_column kc_col-sm-3\"><div class=\"kc-col-container\"><\/div><\/div><\/div><\/div><\/section><section class=\"kc-elm kc-css-433997 kc_row\"><div class=\"kc-row-container  kc-container\"><div class=\"kc-wrap-columns\"><div class=\"kc-elm kc-css-508556 kc_col-sm-12 kc_column kc_col-sm-12\"><div class=\"kc-col-container\"><div class=\"kc-elm kc-css-338392 kc_text_block\"><h4>DOTYCHCZASOWI KURATORZY :<\/h4>\n<\/div><\/div><\/div><\/div><\/div><\/section><section class=\"kc-elm kc-css-305159 kc_row\"><div class=\"kc-row-container  kc-container\"><div class=\"kc-wrap-columns\"><div class=\"kc-elm kc-css-371145 kc_col-sm-3 kc_column kc_col-sm-3\"><div class=\"kc-col-container\">\n<div class=\"kc-elm kc-css-86799 kc-team kc-team-3\">\n\n\t<figure class=\"content-image\"><img src=\"https:\/\/mastersofarchitecture.eu\/wp-content\/uploads\/2019\/03\/Wojciech-1.jpg\" alt=\"\"><\/figure><div class=\"overlay\"><div class=\"content-title\">Wojciech Ma\u0142ecki<\/div><\/div>\n<\/div>\n<div class=\"kc-elm kc-css-580631 kc_text_block\"><p style=\"text-align: center;\">2004-2013<br \/>(pomys\u0142odawca cyklu)<\/p>\n<\/div><\/div><\/div><div class=\"kc-elm kc-css-305678 kc_col-sm-3 kc_column kc_col-sm-3\"><div class=\"kc-col-container\">\n<div class=\"kc-elm kc-css-555003 kc-team kc-team-3\">\n\n\t<figure class=\"content-image\"><img src=\"https:\/\/mastersofarchitecture.eu\/wp-content\/uploads\/2019\/03\/Tomek-1.jpg\" alt=\"\"><\/figure><div class=\"overlay\"><div class=\"content-title\">Tomasz B\u0105bski<\/div><\/div>\n<\/div>\n<div class=\"kc-elm kc-css-891117 kc_text_block\"><p style=\"text-align: center;\">2013-2014<\/p>\n<\/div><\/div><\/div><div class=\"kc-elm kc-css-952215 kc_col-sm-3 kc_column kc_col-sm-3\"><div class=\"kc-col-container\">\n<div class=\"kc-elm kc-css-396359 kc-team kc-team-3\">\n\n\t<figure class=\"content-image\"><img src=\"https:\/\/mastersofarchitecture.eu\/wp-content\/uploads\/2019\/03\/Paulina-m-1.jpg\" alt=\"\"><\/figure><div class=\"overlay\"><div class=\"content-title\">Paulina Adamczyk<\/div><\/div>\n<\/div>\n<div class=\"kc-elm kc-css-676197 kc_text_block\"><p style=\"text-align: center;\">2014-2017<\/p>\n<\/div><\/div><\/div><div class=\"kc-elm kc-css-757757 kc_col-sm-3 kc_column kc_col-sm-3\"><div class=\"kc-col-container\">\n<div class=\"kc-elm kc-css-7943 kc-team kc-team-3\">\n\n\t<figure class=\"content-image\"><img src=\"https:\/\/mastersofarchitecture.eu\/wp-content\/uploads\/2018\/09\/Wojciech-m-1.jpg\" alt=\"\"><\/figure><div class=\"overlay\"><div class=\"content-title\">Wojciech Fudala<\/div><\/div>\n<\/div>\n<div class=\"kc-elm kc-css-817228 kc_text_block\"><p>2017-2024<\/p>\n<\/div><\/div><\/div><\/div><\/div><\/section>\n","protected":false},"excerpt":{"rendered":"","protected":false},"author":1,"featured_media":0,"parent":0,"menu_order":0,"comment_status":"closed","ping_status":"closed","template":"","meta":{"_monsterinsights_skip_tracking":false,"_monsterinsights_sitenote_active":false,"_monsterinsights_sitenote_note":"","_monsterinsights_sitenote_category":0,"footnotes":""},"yoast_head":"<!-- This site is optimized with the Yoast SEO plugin v22.3 - https:\/\/yoast.com\/wordpress\/plugins\/seo\/ -->\n<title>Mistrzowie Architektury | SARP Katowice - wi\u0119cej o nas<\/title>\n<meta name=\"description\" content=\"Mistrzowie Architektury to cykliczna seria wyk\u0142ad\u00f3w o szczeg\u00f3lnej randze w Polsce, organizowana przez katowicki oddzia\u0142 Stowarzyszenia Architekt\u00f3w Polskich.\" \/>\n<meta name=\"robots\" content=\"index, follow, max-snippet:-1, max-image-preview:large, max-video-preview:-1\" \/>\n<link rel=\"canonical\" href=\"https:\/\/mastersofarchitecture.eu\/o-nas\/\" \/>\n<meta property=\"og:locale\" content=\"pl_PL\" \/>\n<meta property=\"og:type\" content=\"article\" \/>\n<meta property=\"og:title\" content=\"Mistrzowie Architektury | SARP Katowice - wi\u0119cej o nas\" \/>\n<meta property=\"og:description\" content=\"Mistrzowie Architektury to cykliczna seria wyk\u0142ad\u00f3w o szczeg\u00f3lnej randze w Polsce, organizowana przez katowicki oddzia\u0142 Stowarzyszenia Architekt\u00f3w Polskich.\" \/>\n<meta property=\"og:url\" content=\"https:\/\/mastersofarchitecture.eu\/o-nas\/\" \/>\n<meta property=\"article:modified_time\" content=\"2025-12-18T22:48:52+00:00\" \/>\n<meta property=\"og:image\" content=\"https:\/\/mastersofarchitecture.eu\/wp-content\/uploads\/2025\/12\/Kama_01-e1766098115429.jpeg\" \/>\n<meta name=\"twitter:card\" content=\"summary_large_image\" \/>\n<meta name=\"twitter:label1\" content=\"Szacowany czas czytania\" \/>\n\t<meta name=\"twitter:data1\" content=\"3 minuty\" \/>\n<script type=\"application\/ld+json\" class=\"yoast-schema-graph\">{\"@context\":\"https:\/\/schema.org\",\"@graph\":[{\"@type\":\"WebPage\",\"@id\":\"https:\/\/mastersofarchitecture.eu\/o-nas\/\",\"url\":\"https:\/\/mastersofarchitecture.eu\/o-nas\/\",\"name\":\"Mistrzowie Architektury | SARP Katowice - wi\u0119cej o nas\",\"isPartOf\":{\"@id\":\"https:\/\/mastersofarchitecture.eu\/#website\"},\"primaryImageOfPage\":{\"@id\":\"https:\/\/mastersofarchitecture.eu\/o-nas\/#primaryimage\"},\"image\":{\"@id\":\"https:\/\/mastersofarchitecture.eu\/o-nas\/#primaryimage\"},\"thumbnailUrl\":\"https:\/\/mastersofarchitecture.eu\/wp-content\/uploads\/2025\/12\/Kama_01-e1766098115429.jpeg\",\"datePublished\":\"2018-09-03T19:24:28+00:00\",\"dateModified\":\"2025-12-18T22:48:52+00:00\",\"description\":\"Mistrzowie Architektury to cykliczna seria wyk\u0142ad\u00f3w o szczeg\u00f3lnej randze w Polsce, organizowana przez katowicki oddzia\u0142 Stowarzyszenia Architekt\u00f3w Polskich.\",\"breadcrumb\":{\"@id\":\"https:\/\/mastersofarchitecture.eu\/o-nas\/#breadcrumb\"},\"inLanguage\":\"pl-PL\",\"potentialAction\":[{\"@type\":\"ReadAction\",\"target\":[\"https:\/\/mastersofarchitecture.eu\/o-nas\/\"]}]},{\"@type\":\"ImageObject\",\"inLanguage\":\"pl-PL\",\"@id\":\"https:\/\/mastersofarchitecture.eu\/o-nas\/#primaryimage\",\"url\":\"https:\/\/mastersofarchitecture.eu\/wp-content\/uploads\/2025\/12\/Kama_01-e1766098115429.jpeg\",\"contentUrl\":\"https:\/\/mastersofarchitecture.eu\/wp-content\/uploads\/2025\/12\/Kama_01-e1766098115429.jpeg\",\"width\":959,\"height\":887},{\"@type\":\"BreadcrumbList\",\"@id\":\"https:\/\/mastersofarchitecture.eu\/o-nas\/#breadcrumb\",\"itemListElement\":[{\"@type\":\"ListItem\",\"position\":1,\"name\":\"Strona g\u0142\u00f3wna\",\"item\":\"https:\/\/mastersofarchitecture.eu\/\"},{\"@type\":\"ListItem\",\"position\":2,\"name\":\"o nas\"}]},{\"@type\":\"WebSite\",\"@id\":\"https:\/\/mastersofarchitecture.eu\/#website\",\"url\":\"https:\/\/mastersofarchitecture.eu\/\",\"name\":\"masters of architecture - mistrzowie architektury\",\"description\":\"mistrzowie architektury\",\"publisher\":{\"@id\":\"https:\/\/mastersofarchitecture.eu\/#organization\"},\"potentialAction\":[{\"@type\":\"SearchAction\",\"target\":{\"@type\":\"EntryPoint\",\"urlTemplate\":\"https:\/\/mastersofarchitecture.eu\/?s={search_term_string}\"},\"query-input\":\"required name=search_term_string\"}],\"inLanguage\":\"pl-PL\"},{\"@type\":\"Organization\",\"@id\":\"https:\/\/mastersofarchitecture.eu\/#organization\",\"name\":\"masters of architecture\",\"url\":\"https:\/\/mastersofarchitecture.eu\/\",\"logo\":{\"@type\":\"ImageObject\",\"inLanguage\":\"pl-PL\",\"@id\":\"https:\/\/mastersofarchitecture.eu\/#\/schema\/logo\/image\/\",\"url\":\"https:\/\/mastersofarchitecture.eu\/wp-content\/uploads\/2019\/06\/Logo_MA-sarp-new.png\",\"contentUrl\":\"https:\/\/mastersofarchitecture.eu\/wp-content\/uploads\/2019\/06\/Logo_MA-sarp-new.png\",\"width\":1304,\"height\":1180,\"caption\":\"masters of architecture\"},\"image\":{\"@id\":\"https:\/\/mastersofarchitecture.eu\/#\/schema\/logo\/image\/\"}}]}<\/script>\n<!-- \/ Yoast SEO plugin. -->","yoast_head_json":{"title":"Mistrzowie Architektury | SARP Katowice - wi\u0119cej o nas","description":"Mistrzowie Architektury to cykliczna seria wyk\u0142ad\u00f3w o szczeg\u00f3lnej randze w Polsce, organizowana przez katowicki oddzia\u0142 Stowarzyszenia Architekt\u00f3w Polskich.","robots":{"index":"index","follow":"follow","max-snippet":"max-snippet:-1","max-image-preview":"max-image-preview:large","max-video-preview":"max-video-preview:-1"},"canonical":"https:\/\/mastersofarchitecture.eu\/o-nas\/","og_locale":"pl_PL","og_type":"article","og_title":"Mistrzowie Architektury | SARP Katowice - wi\u0119cej o nas","og_description":"Mistrzowie Architektury to cykliczna seria wyk\u0142ad\u00f3w o szczeg\u00f3lnej randze w Polsce, organizowana przez katowicki oddzia\u0142 Stowarzyszenia Architekt\u00f3w Polskich.","og_url":"https:\/\/mastersofarchitecture.eu\/o-nas\/","article_modified_time":"2025-12-18T22:48:52+00:00","og_image":[{"url":"https:\/\/mastersofarchitecture.eu\/wp-content\/uploads\/2025\/12\/Kama_01-e1766098115429.jpeg"}],"twitter_card":"summary_large_image","twitter_misc":{"Szacowany czas czytania":"3 minuty"},"schema":{"@context":"https:\/\/schema.org","@graph":[{"@type":"WebPage","@id":"https:\/\/mastersofarchitecture.eu\/o-nas\/","url":"https:\/\/mastersofarchitecture.eu\/o-nas\/","name":"Mistrzowie Architektury | SARP Katowice - wi\u0119cej o nas","isPartOf":{"@id":"https:\/\/mastersofarchitecture.eu\/#website"},"primaryImageOfPage":{"@id":"https:\/\/mastersofarchitecture.eu\/o-nas\/#primaryimage"},"image":{"@id":"https:\/\/mastersofarchitecture.eu\/o-nas\/#primaryimage"},"thumbnailUrl":"https:\/\/mastersofarchitecture.eu\/wp-content\/uploads\/2025\/12\/Kama_01-e1766098115429.jpeg","datePublished":"2018-09-03T19:24:28+00:00","dateModified":"2025-12-18T22:48:52+00:00","description":"Mistrzowie Architektury to cykliczna seria wyk\u0142ad\u00f3w o szczeg\u00f3lnej randze w Polsce, organizowana przez katowicki oddzia\u0142 Stowarzyszenia Architekt\u00f3w Polskich.","breadcrumb":{"@id":"https:\/\/mastersofarchitecture.eu\/o-nas\/#breadcrumb"},"inLanguage":"pl-PL","potentialAction":[{"@type":"ReadAction","target":["https:\/\/mastersofarchitecture.eu\/o-nas\/"]}]},{"@type":"ImageObject","inLanguage":"pl-PL","@id":"https:\/\/mastersofarchitecture.eu\/o-nas\/#primaryimage","url":"https:\/\/mastersofarchitecture.eu\/wp-content\/uploads\/2025\/12\/Kama_01-e1766098115429.jpeg","contentUrl":"https:\/\/mastersofarchitecture.eu\/wp-content\/uploads\/2025\/12\/Kama_01-e1766098115429.jpeg","width":959,"height":887},{"@type":"BreadcrumbList","@id":"https:\/\/mastersofarchitecture.eu\/o-nas\/#breadcrumb","itemListElement":[{"@type":"ListItem","position":1,"name":"Strona g\u0142\u00f3wna","item":"https:\/\/mastersofarchitecture.eu\/"},{"@type":"ListItem","position":2,"name":"o nas"}]},{"@type":"WebSite","@id":"https:\/\/mastersofarchitecture.eu\/#website","url":"https:\/\/mastersofarchitecture.eu\/","name":"masters of architecture - mistrzowie architektury","description":"mistrzowie architektury","publisher":{"@id":"https:\/\/mastersofarchitecture.eu\/#organization"},"potentialAction":[{"@type":"SearchAction","target":{"@type":"EntryPoint","urlTemplate":"https:\/\/mastersofarchitecture.eu\/?s={search_term_string}"},"query-input":"required name=search_term_string"}],"inLanguage":"pl-PL"},{"@type":"Organization","@id":"https:\/\/mastersofarchitecture.eu\/#organization","name":"masters of architecture","url":"https:\/\/mastersofarchitecture.eu\/","logo":{"@type":"ImageObject","inLanguage":"pl-PL","@id":"https:\/\/mastersofarchitecture.eu\/#\/schema\/logo\/image\/","url":"https:\/\/mastersofarchitecture.eu\/wp-content\/uploads\/2019\/06\/Logo_MA-sarp-new.png","contentUrl":"https:\/\/mastersofarchitecture.eu\/wp-content\/uploads\/2019\/06\/Logo_MA-sarp-new.png","width":1304,"height":1180,"caption":"masters of architecture"},"image":{"@id":"https:\/\/mastersofarchitecture.eu\/#\/schema\/logo\/image\/"}}]}},"_links":{"self":[{"href":"https:\/\/mastersofarchitecture.eu\/wp-json\/wp\/v2\/pages\/41"}],"collection":[{"href":"https:\/\/mastersofarchitecture.eu\/wp-json\/wp\/v2\/pages"}],"about":[{"href":"https:\/\/mastersofarchitecture.eu\/wp-json\/wp\/v2\/types\/page"}],"author":[{"embeddable":true,"href":"https:\/\/mastersofarchitecture.eu\/wp-json\/wp\/v2\/users\/1"}],"replies":[{"embeddable":true,"href":"https:\/\/mastersofarchitecture.eu\/wp-json\/wp\/v2\/comments?post=41"}],"version-history":[{"count":105,"href":"https:\/\/mastersofarchitecture.eu\/wp-json\/wp\/v2\/pages\/41\/revisions"}],"predecessor-version":[{"id":4333,"href":"https:\/\/mastersofarchitecture.eu\/wp-json\/wp\/v2\/pages\/41\/revisions\/4333"}],"wp:attachment":[{"href":"https:\/\/mastersofarchitecture.eu\/wp-json\/wp\/v2\/media?parent=41"}],"curies":[{"name":"wp","href":"https:\/\/api.w.org\/{rel}","templated":true}]}}