{"id":566,"date":"2020-05-13T05:10:43","date_gmt":"2020-05-13T05:10:43","guid":{"rendered":"https:\/\/lightdox.com\/?page_id=566"},"modified":"2020-05-13T05:10:43","modified_gmt":"2020-05-13T05:10:43","slug":"news","status":"publish","type":"page","link":"https:\/\/lightdox.com\/news\/","title":{"rendered":"News"},"content":{"rendered":"\n<h2 class=\"has-text-align-center wp-block-heading\">News<\/h2>\n\n\n<div class=\"alignnone\"><div class=\"tg-grid-wrapper tg-txt full-height\" id=\"grid-565\" data-version=\"2.7.4\"><style class=\"tg-grid-styles\" type=\"text\/css\" scoped>#grid-565 .tg-nav-color:not(.dots):not(.tg-dropdown-value):not(.tg-dropdown-title):hover,#grid-565 .tg-nav-color:hover .tg-nav-color,#grid-565 .tg-page-number.tg-page-current,#grid-565 .tg-filter.tg-filter-active span{color:#ff6863}#grid-565 .tg-filter:before,#grid-565 .tg-filter.tg-filter-active:before{color:#999999}#grid-565 .tg-dropdown-holder,#grid-565 .tg-search-inner,#grid-565 .tg-sorter-order{border:1px solid #DDDDDD}#grid-565 .tg-search-clear,#grid-565 .tg-search-clear:hover{border:none;border-left:1px solid #DDDDDD}.tg-txt .tg-nav-font,.tg-txt input[type=text].tg-search{font-size:14px;font-weight:600}.tg-txt .tg-search::-webkit-input-placeholder{font-size:14px}.tg-txt .tg-search::-moz-placeholder{font-size:14px}.tg-txt .tg-search:-ms-input-placeholder{font-size:14px}.tg-txt .tg-icon-left-arrow:before{content:\"\\e604\";font-size:32px;font-weight:100}.tg-txt .tg-icon-right-arrow:before{content:\"\\e602\";font-size:32px;font-weight:100}.tg-txt .tg-icon-dropdown-open:before,.tg-txt .tg-icon-sorter-down:before{content:\"\\e60a\"}.tg-txt .tg-icon-sorter-up:before{content:\"\\e609\"}.tg-txt .tg-search-clear:before{content:\"\\e611\";font-weight:300}.tg-txt .tg-search-icon:before{content:\"\\e62e\";font-size:16px;font-weight:600}#grid-565 .tg-nav-color,#grid-565 .tg-search-icon:hover:before,#grid-565 .tg-search-icon:hover input,#grid-565 .tg-disabled:hover .tg-icon-left-arrow,#grid-565 .tg-disabled:hover .tg-icon-right-arrow,#grid-565 .tg-dropdown-title.tg-nav-color:hover{color:#999999}#grid-565 input.tg-search:hover{color:#999999 !important}#grid-565 input.tg-search::-webkit-input-placeholder{color:#999999}#grid-565 input.tg-search::-moz-placeholder{color:#999999;opacity:1}#grid-565 input.tg-search:-ms-input-placeholder{color:#999999}.grid-565 .tg-dropdown-item{color:#777777;background:#ffffff}.grid-565 .tg-filter-active,.grid-565 .tg-dropdown-item:hover{color:#444444;background:#f5f6fa}#grid-565 .tg-slider-bullets li.tg-active-item span{background:#59585b}#grid-565 .tg-slider-bullets li span{background:#DDDDDD}#grid-565 .tg-grid-area-top1{text-align:center}#grid-565 .tg-grid-area-bottom1{text-align:center}.light-dox a,.light-dox a:active,.light-dox a:focus,.light-dox .tg-item-title,.light-dox .tg-item-excerpt,.light-dox .tg-cats-holder{text-decoration:none;border:none;-webkit-box-shadow:none;box-shadow:none;-webkit-transition:opacity 0.25s ease,color 0.25s ease,-webkit-transform 0.3s ease-in-out;-moz-transition:opacity 0.25s ease,color 0.25s ease,-moz-transform 0.3s ease-in-out;-ms-transition:opacity 0.25s ease,color 0.25s ease,-ms-transform 0.3s ease-in-out;-o-transition:opacity 0.25s ease,color 0.25s ease,-o-transform 0.3s ease-in-out;transition:opacity 0.25s ease,color 0.25s ease,transform 0.3s ease-in-out}.light-dox.tg-item{cursor:pointer}.light-dox .tg-center-holder{text-align:center}.light-dox .tg-item-inner{overflow:hidden}.light-dox .tg-center-holder{opacity:0}.light-dox:hover .tg-center-holder{opacity:1}.light-dox:hover .tg-item-image{opacity:0}.light-dox .tg-center-holder{padding:20px 10px}.light-dox .tg-item-title{-webkit-transform:translateY(-20px);-moz-transform:translateY(-20px);-ms-transform:translateY(-20px);-o-transform:translateY(-20px);transform:translateY(-20px)}.light-dox .tg-item-excerpt,.light-dox .tg-cats-holder{-webkit-transform:translateY(20px);-moz-transform:translateY(20px);-ms-transform:translateY(20px);-o-transform:translateY(20px);transform:translateY(20px)}.light-dox:hover .tg-item-title,.light-dox:hover .tg-item-excerpt,.light-dox:hover .tg-cats-holder{-webkit-transform:translateY(0);-moz-transform:translateY(0);-ms-transform:translateY(0);-o-transform:translateY(0);transform:translateY(0)}.light-dox .tg-link-button i{display:none !important}.light-dox .tg-link-button,a.tg-item-link,.light-dox .tg-item-media-holder,.light-dox .tg-item-overlay{position:absolute;display:block;top:0;left:0;bottom:0;right:0}.light-dox:hover .tg-item-overlay{opacity:1}.light-dox.tg-force-play .tg-link-button,.light-dox.tg-is-playing .tg-link-button{opacity:0;visibility:hidden}.light-dox .tg-item-title,.light-dox .tg-item-title a{font-size:18px;font-family:'Lightdox',sans-serif;line-height:20px;font-weight:600;margin:0 !important;padding:0 !important;text-align:center}.light-dox .tg-item-excerpt{position:relative;display:block;font-size:14px;line-height:16px;font-weight:normal;padding:8px 4px 0 4px !important}.light-dox .tg-cats-holder{position:relative;display:block;margin:0;font-size:12px;line-height:16px;padding:6px 0 0 0;font-weight:600}.light-dox .tg-cats-holder *{font-size:12px;line-height:16px;font-weight:600}.light-dox .tg-cats-holder a:hover{opacity:0.7}.tg-item .tg-dark div,.tg-item .tg-dark h1,.tg-item .tg-dark h1 a,.tg-item .tg-dark h2,.tg-item .tg-dark h2 a,.tg-item .tg-dark h3,.tg-item .tg-dark h3 a,.tg-item .tg-dark h4,.tg-item .tg-dark h4 a,.tg-item .tg-dark h5,.tg-item .tg-dark h5 a,.tg-item .tg-dark h6,.tg-item .tg-dark h6 a,.tg-item .tg-dark a,.tg-item .tg-dark a.tg-link-url,.tg-item .tg-dark i,.tg-item .tg-dark .tg-media-button,.tg-item .tg-dark .tg-item-price span{color:#000000;fill:#000000;stroke:#000000;border-color:#000000}.tg-item .tg-dark p,.tg-item .tg-dark ol,.tg-item .tg-dark ul,.tg-item .tg-dark li{color:#0a0a0a;fill:#0a0a0a;stroke:#0a0a0a;border-color:#0a0a0a}.tg-item .tg-dark span,.tg-item .tg-dark .no-liked .to-heart-icon path,.tg-item .tg-dark .empty-heart .to-heart-icon path,.tg-item .tg-dark .tg-item-comment i,.tg-item .tg-dark .tg-item-price del span{color:#474747;fill:#474747;stroke:#474747;border-color:#474747}.tg-item .tg-light div,.tg-item .tg-light h1,.tg-item .tg-light h1 a,.tg-item .tg-light h2,.tg-item .tg-light h2 a,.tg-item .tg-light h3,.tg-item .tg-light h3 a,.tg-item .tg-light h4,.tg-item .tg-light h4 a,.tg-item .tg-light h5,.tg-item .tg-light h5 a,.tg-item .tg-light h6,.tg-item .tg-light h6 a,.tg-item .tg-light a,.tg-item .tg-light a.tg-link-url,.tg-item .tg-light i,.tg-item .tg-light .tg-media-button,.tg-item .tg-light .tg-item-price span{color:#ffffff;fill:#ffffff;stroke:#ffffff;border-color:#ffffff}.tg-item .tg-light p,.tg-item .tg-light ol,.tg-item .tg-light ul,.tg-item .tg-light li{color:#fcfcfc;fill:#fcfcfc;stroke:#fcfcfc;border-color:#fcfcfc}.tg-item .tg-light span,.tg-item .tg-light .no-liked .to-heart-icon path,.tg-item .tg-light .empty-heart .to-heart-icon path,.tg-item .tg-light .tg-item-comment i,.tg-item .tg-light .tg-item-price del span{color:#f7f7f7;fill:#f7f7f7;stroke:#f7f7f7;border-color:#f7f7f7}#grid-565 .tg-item-content-holder{background-color:#ffffff}#grid-565 .tg-item-overlay{background-color:rgba(255,255,255,0.65)}<\/style><div class=\"tg-grid-sizer\"><\/div><div class=\"tg-gutter-sizer\"><\/div><div class=\"tg-grid-holder tg-layout-grid\"  data-name=\"News\"  data-style=\"grid\" data-row=\"1\" data-layout=\"vertical\" data-rtl=\"\" data-fitrows=\"\" data-filtercomb=\"\" data-filterlogic=\"OR\" data-filterload =\"\" data-sortbyload =\"\" data-orderload =\"false\" data-fullwidth=\"\" data-fullheight=\"null\" data-gutters=\"[[320,10],[480,10],[768,10],[980,20],[1200,25],[9999,30]]\" data-slider='{\"itemNav\":\"null\",\"swingSpeed\":0.1,\"cycleBy\":\"null\",\"cycle\":5000,\"startAt\":1}' data-ratio=\"0.71\" data-cols=\"[[320,1],[480,2],[768,2],[980,2],[1200,3],[9999,4]]\" data-rows=\"[[320,200],[480,200],[768,240],[980,280],[1200,320],[9999,380]]\" data-animation='{&quot;name&quot;:&quot;Fade in&quot;,&quot;visible&quot;:&quot;&quot;,&quot;hidden&quot;:&quot;&quot;}' data-transition=\"700ms\" data-ajaxmethod=\"\" data-ajaxdelay=\"100\" data-preloader=\"\" data-itemdelay=\"100\" data-gallery=\"\" data-ajax=\"\"><article class=\"tg-item tg-post-7598 light-dox f6\" data-date=\"1770220814\" data-row=\"1\" data-col=\"1\"><div class=\"tg-item-inner\"><div class=\"tg-item-media-holder tg-dark\"><div class=\"tg-item-media-inner\"><div class=\"tg-item-image\" style=\"background-image: url(https:\/\/lightdox.com\/wp-content\/uploads\/2025\/08\/DYLM_stills_10-1024x576.jpg)\"><\/div><\/div><div class=\"tg-center-holder\"><div class=\"tg-center-inner\"><div class=\"tg-item-overlay\"><\/div><h2 class=\"tg-item-title\"><a href=\"https:\/\/lightdox.com\/icarus-films-acquires-u-s-canadian-rights-to-do-you-love-me-rapid-eye-movies-boards-for-germany-austria\/\" target=\"_self\">Icarus Films Acquires U.S. &amp; Canadian Rights to DO YOU LOVE ME \u2014 Rapid Eye Movies Boards for Germany &amp; Austria<\/a><\/h2><p class=\"tg-item-excerpt\">We are thrilled to share that\u00a0Icarus Films\u00a0has acquired U.S. and Canadian distribution rights to Lana Daher\u2019s acclaimed debut feature\u00a0DO YOU LOVE ME, ahead&#8230;<\/p><\/div><\/div><a class=\"tg-link-button\" href=\"https:\/\/lightdox.com\/icarus-films-acquires-u-s-canadian-rights-to-do-you-love-me-rapid-eye-movies-boards-for-germany-austria\/\" target=\"_self\"><i class=\"tg-icon-link\"><\/i><\/a><\/div><\/div><\/article><article class=\"tg-item tg-post-7505 light-dox f6\" data-date=\"1768902172\" data-row=\"1\" data-col=\"1\"><div class=\"tg-item-inner\"><div class=\"tg-item-media-holder tg-dark\"><div class=\"tg-item-media-inner\"><div class=\"tg-item-image\" style=\"background-image: url(https:\/\/lightdox.com\/wp-content\/uploads\/2026\/01\/News-on-Website-Visual-526-x-740-px-5.png)\"><\/div><\/div><div class=\"tg-center-holder\"><div class=\"tg-center-inner\"><div class=\"tg-item-overlay\"><\/div><h2 class=\"tg-item-title\"><a href=\"https:\/\/lightdox.com\/fiume-o-morte-wins-the-european-documentary-award-at-the-european-film-awards-2026\/\" target=\"_self\">FIUME O MORTE!\u00a0wins the European Documentary Award at the European Film Awards 2026<\/a><\/h2><p class=\"tg-item-excerpt\">Igor Bezinovi\u0107\u2019s documentary receives Europe\u2019s highest documentary honour at the European Film Awards 2026&#8230;.<\/p><\/div><\/div><a class=\"tg-link-button\" href=\"https:\/\/lightdox.com\/fiume-o-morte-wins-the-european-documentary-award-at-the-european-film-awards-2026\/\" target=\"_self\"><i class=\"tg-icon-link\"><\/i><\/a><\/div><\/div><\/article><article class=\"tg-item tg-post-7453 light-dox f6\" data-date=\"1766505147\" data-row=\"1\" data-col=\"1\"><div class=\"tg-item-inner\"><div class=\"tg-item-media-holder tg-dark\"><div class=\"tg-item-media-inner\"><div class=\"tg-item-image\" style=\"background-image: url(https:\/\/lightdox.com\/wp-content\/uploads\/2025\/12\/News-on-Website-Visual-526-x-740-px.jpg)\"><\/div><\/div><div class=\"tg-center-holder\"><div class=\"tg-center-inner\"><div class=\"tg-item-overlay\"><\/div><h2 class=\"tg-item-title\"><a href=\"https:\/\/lightdox.com\/2025-recap\/\" target=\"_self\">2025 Recap<\/a><\/h2><p class=\"tg-item-excerpt\">As 2025 draws to a close, we look back with gratitude and excitement at everything this year brought to Lightdox&#8230;.<\/p><\/div><\/div><a class=\"tg-link-button\" href=\"https:\/\/lightdox.com\/2025-recap\/\" target=\"_self\"><i class=\"tg-icon-link\"><\/i><\/a><\/div><\/div><\/article><article class=\"tg-item tg-post-7437 light-dox f6\" data-date=\"1764862523\" data-row=\"1\" data-col=\"1\"><div class=\"tg-item-inner\"><div class=\"tg-item-media-holder tg-dark\"><div class=\"tg-item-media-inner\"><div class=\"tg-item-image\" style=\"background-image: url(https:\/\/lightdox.com\/wp-content\/uploads\/2025\/12\/News-on-Website-Visual-526-x-740-px-3.png)\"><\/div><\/div><div class=\"tg-center-holder\"><div class=\"tg-center-inner\"><div class=\"tg-item-overlay\"><\/div><h2 class=\"tg-item-title\"><a href=\"https:\/\/lightdox.com\/fiume-o-morte-selected-as-croatias-submission-for-the-2026-goya-awards\/\" target=\"_self\">FIUME O MORTE! Selected as Croatia\u2019s Submission for the 2026 Goya Awards<\/a><\/h2><p class=\"tg-item-excerpt\">FIUME O MORTE!\u00a0by\u00a0Igor Bezinovi\u0107\u00a0has been officially selected to represent\u00a0Croatia in the race for the\u00a0Goya Award for Best European Film\u00a0at the\u00a040th Goya&#8230;<\/p><\/div><\/div><a class=\"tg-link-button\" href=\"https:\/\/lightdox.com\/fiume-o-morte-selected-as-croatias-submission-for-the-2026-goya-awards\/\" target=\"_self\"><i class=\"tg-icon-link\"><\/i><\/a><\/div><\/div><\/article><article class=\"tg-item tg-post-7445 light-dox f6\" data-date=\"1763741978\" data-row=\"1\" data-col=\"1\"><div class=\"tg-item-inner\"><div class=\"tg-item-media-holder tg-dark\"><div class=\"tg-item-media-inner\"><div class=\"tg-item-image\" style=\"background-image: url(https:\/\/lightdox.com\/wp-content\/uploads\/2025\/12\/585880221_1477471097712256_2324009142196060037_n-819x1024.jpg)\"><\/div><\/div><div class=\"tg-center-holder\"><div class=\"tg-center-inner\"><div class=\"tg-item-overlay\"><\/div><h2 class=\"tg-item-title\"><a href=\"https:\/\/lightdox.com\/flophouse-america-nominated-for-the-cinema-eye-honors-spotlight-award\/\" target=\"_self\">FLOPHOUSE AMERICA Nominated for the Cinema Eye Honors Spotlight Award<\/a><\/h2><p class=\"tg-item-excerpt\">The journey of\u00a0FLOPHOUSE AMERICA\u00a0continues with an exciting new milestone: Monica Str\u00f8mdahl\u2019s debut feature has been nominated for the\u00a0Spotlight Award\u00a0at&#8230;<\/p><\/div><\/div><a class=\"tg-link-button\" href=\"https:\/\/lightdox.com\/flophouse-america-nominated-for-the-cinema-eye-honors-spotlight-award\/\" target=\"_self\"><i class=\"tg-icon-link\"><\/i><\/a><\/div><\/div><\/article><article class=\"tg-item tg-post-7434 light-dox f6\" data-date=\"1763478680\" data-row=\"1\" data-col=\"1\"><div class=\"tg-item-inner\"><div class=\"tg-item-media-holder tg-dark\"><div class=\"tg-item-media-inner\"><div class=\"tg-item-image\" style=\"background-image: url(https:\/\/lightdox.com\/wp-content\/uploads\/2025\/11\/News-on-Website-Visual-526-x-740-px-2.png)\"><\/div><\/div><div class=\"tg-center-holder\"><div class=\"tg-center-inner\"><div class=\"tg-item-overlay\"><\/div><h2 class=\"tg-item-title\"><a href=\"https:\/\/lightdox.com\/fiume-o-morte-nominated-for-the-2026-european-film-awards\/\" target=\"_self\">FIUME O MORTE! nominated for the 2026 European Film Awards<\/a><\/h2><p class=\"tg-item-excerpt\">We are thrilled to share that\u00a0FIUME O MORTE!\u00a0by\u00a0Igor Bezinovi\u0107\u00a0has received nominations for both\u00a0European Documentary\u00a0and\u00a0European Film category\u00a0at&#8230;<\/p><\/div><\/div><a class=\"tg-link-button\" href=\"https:\/\/lightdox.com\/fiume-o-morte-nominated-for-the-2026-european-film-awards\/\" target=\"_self\"><i class=\"tg-icon-link\"><\/i><\/a><\/div><\/div><\/article><article class=\"tg-item tg-post-7315 light-dox f6\" data-date=\"1761580564\" data-row=\"1\" data-col=\"1\"><div class=\"tg-item-inner\"><div class=\"tg-item-media-holder tg-dark\"><div class=\"tg-item-media-inner\"><div class=\"tg-item-image\" style=\"background-image: url(https:\/\/lightdox.com\/wp-content\/uploads\/2025\/10\/News-on-Website-Visual-526-x-740-px.png)\"><\/div><\/div><div class=\"tg-center-holder\"><div class=\"tg-center-inner\"><div class=\"tg-item-overlay\"><\/div><h2 class=\"tg-item-title\"><a href=\"https:\/\/lightdox.com\/fiume-o-morte-and-flophouse-america-shortlisted-for-the-2026-european-film-awards\/\" target=\"_self\">FIUME O MORTE! and FLOPHOUSE AMERICA Shortlisted for the 2026 European Film Awards<\/a><\/h2><p class=\"tg-item-excerpt\">We are thrilled to share that two of our films \u2014\u00a0Fiume o morte!\u00a0by Igor Bezinovi\u0107 and\u00a0Flophouse America\u00a0by Monica Str\u00f8mdahl \u2014 have been shortlisted for&#8230;<\/p><\/div><\/div><a class=\"tg-link-button\" href=\"https:\/\/lightdox.com\/fiume-o-morte-and-flophouse-america-shortlisted-for-the-2026-european-film-awards\/\" target=\"_self\"><i class=\"tg-icon-link\"><\/i><\/a><\/div><\/div><\/article><article class=\"tg-item tg-post-7326 light-dox f6\" data-date=\"1757084310\" data-row=\"1\" data-col=\"1\"><div class=\"tg-item-inner\"><div class=\"tg-item-media-holder tg-dark\"><div class=\"tg-item-media-inner\"><div class=\"tg-item-image\" style=\"background-image: url(https:\/\/lightdox.com\/wp-content\/uploads\/2024\/12\/FOM_still_01_2-1024x671.png)\"><\/div><\/div><div class=\"tg-center-holder\"><div class=\"tg-center-inner\"><div class=\"tg-item-overlay\"><\/div><h2 class=\"tg-item-title\"><a href=\"https:\/\/lightdox.com\/fiume-o-morte-to-represent-croatia-at-the-98th-academy-awards\/\" target=\"_self\">Fiume o morte! to Represent Croatia at the 98th Academy Awards<\/a><\/h2><p class=\"tg-item-excerpt\">Fiume o morte!, directed by Igor Bezinovi\u0107, has been selected as Croatia\u2019s official entry for the Best International Feature Film category at the 98th&#8230;<\/p><\/div><\/div><a class=\"tg-link-button\" href=\"https:\/\/lightdox.com\/fiume-o-morte-to-represent-croatia-at-the-98th-academy-awards\/\" target=\"_self\"><i class=\"tg-icon-link\"><\/i><\/a><\/div><\/div><\/article><article class=\"tg-item tg-post-7331 light-dox f6\" data-date=\"1756480280\" data-row=\"1\" data-col=\"1\"><div class=\"tg-item-inner\"><div class=\"tg-item-media-holder tg-dark\"><div class=\"tg-item-media-inner\"><div class=\"tg-item-image\" style=\"background-image: url(https:\/\/lightdox.com\/wp-content\/uploads\/2025\/08\/DYLM_stills_1-1024x662.png)\"><\/div><\/div><div class=\"tg-center-holder\"><div class=\"tg-center-inner\"><div class=\"tg-item-overlay\"><\/div><h2 class=\"tg-item-title\"><a href=\"https:\/\/lightdox.com\/welcoming-lana-dahers-love-letter-to-beirut-do-you-love-me-ahead-of-world-premiere-at-giornate-degli-autori\/\" target=\"_self\">Welcoming Lana Daher\u2019s Love Letter to Beirut,\u00a0Do You Love Me, ahead of World Premiere at Giornate degli autori<\/a><\/h2><p class=\"tg-item-excerpt\">We are thrilled to welcome Lana Daher\u2019s debut feature\u00a0Do You Love Me\u00a0to the Lightdox lineup, as the film celebrates its world premiere at Giornate degli&#8230;<\/p><\/div><\/div><a class=\"tg-link-button\" href=\"https:\/\/lightdox.com\/welcoming-lana-dahers-love-letter-to-beirut-do-you-love-me-ahead-of-world-premiere-at-giornate-degli-autori\/\" target=\"_self\"><i class=\"tg-icon-link\"><\/i><\/a><\/div><\/div><\/article><article class=\"tg-item tg-post-7061 light-dox f6\" data-date=\"1749057430\" data-row=\"1\" data-col=\"1\"><div class=\"tg-item-inner\"><div class=\"tg-item-media-holder tg-dark\"><div class=\"tg-item-media-inner\"><div class=\"tg-item-image\" style=\"background-image: url(https:\/\/lightdox.com\/wp-content\/uploads\/2025\/05\/Welded-Together_6-1024x576.jpg)\"><\/div><\/div><div class=\"tg-center-holder\"><div class=\"tg-center-inner\"><div class=\"tg-item-overlay\"><\/div><h2 class=\"tg-item-title\"><a href=\"https:\/\/lightdox.com\/welded-together-by-anastasiya-miroshnichenko-joins-our-slate-ahead-of-world-premiere-at-sheffield-docfest\/\" target=\"_self\">Welded Together\u00a0by Anastasiya Miroshnichenko Joins our Slate ahead of World Premiere at Sheffield DocFest<\/a><\/h2><p class=\"tg-item-excerpt\">We are proud to announce our acquisition of\u00a0Welded Together\u00a0by acclaimed Belarusian director\u00a0Anastasiya Miroshnichenko, which will celebrate its world&#8230;<\/p><\/div><\/div><a class=\"tg-link-button\" href=\"https:\/\/lightdox.com\/welded-together-by-anastasiya-miroshnichenko-joins-our-slate-ahead-of-world-premiere-at-sheffield-docfest\/\" target=\"_self\"><i class=\"tg-icon-link\"><\/i><\/a><\/div><\/div><\/article><article class=\"tg-item tg-post-7005 light-dox f6\" data-date=\"1748531169\" data-row=\"1\" data-col=\"1\"><div class=\"tg-item-inner\"><div class=\"tg-item-media-holder tg-dark\"><div class=\"tg-item-media-inner\"><div class=\"tg-item-image\" style=\"background-image: url(https:\/\/lightdox.com\/wp-content\/uploads\/2025\/05\/AgathasAlmanac05-768x1024.jpg)\"><\/div><\/div><div class=\"tg-center-holder\"><div class=\"tg-center-inner\"><div class=\"tg-item-overlay\"><\/div><h2 class=\"tg-item-title\"><a href=\"https:\/\/lightdox.com\/theatrical-deals-bloom-for-agathas-almanac\/\" target=\"_self\">Theatrical Deals Bloom for\u00a0Agatha\u2019s Almanac<\/a><\/h2><p class=\"tg-item-excerpt\">Bantam Film (Benelux)\u00a0and\u00a0Joint Entertainment (Taiwan)\u00a0to Bring Amalie Atkins\u2019 Poetic Debut to Audiences Worldwide&#8230;<\/p><\/div><\/div><a class=\"tg-link-button\" href=\"https:\/\/lightdox.com\/theatrical-deals-bloom-for-agathas-almanac\/\" target=\"_self\"><i class=\"tg-icon-link\"><\/i><\/a><\/div><\/div><\/article><article class=\"tg-item tg-post-6991 light-dox f6\" data-date=\"1748443094\" data-row=\"1\" data-col=\"1\"><div class=\"tg-item-inner\"><div class=\"tg-item-media-holder tg-dark\"><div class=\"tg-item-media-inner\"><div class=\"tg-item-image\" style=\"background-image: url(https:\/\/lightdox.com\/wp-content\/uploads\/2025\/05\/f4eeb820-a989-455b-adb5-498944e72963-768x1024.png)\"><\/div><\/div><div class=\"tg-center-holder\"><div class=\"tg-center-inner\"><div class=\"tg-item-overlay\"><\/div><h2 class=\"tg-item-title\"><a href=\"https:\/\/lightdox.com\/welcoming-ice-grave-to-our-lineup-world-premiere-at-dok-fest-munich\/\" target=\"_self\">Welcoming ICE GRAVE to our Lineup \u2013 World Premiere at DOK.fest Munich<\/a><\/h2><p class=\"tg-item-excerpt\">Welcoming ICE GRAVE to our Lineup \u2013 World Premiere at DOK.fest Munich We\u2019re thrilled to welcome ICE GRAVE, the latest documentary feature by acclaimed&#8230;<\/p><\/div><\/div><a class=\"tg-link-button\" href=\"https:\/\/lightdox.com\/welcoming-ice-grave-to-our-lineup-world-premiere-at-dok-fest-munich\/\" target=\"_self\"><i class=\"tg-icon-link\"><\/i><\/a><\/div><\/div><\/article><article class=\"tg-item tg-post-6840 light-dox f6\" data-date=\"1742320606\" data-row=\"1\" data-col=\"1\"><div class=\"tg-item-inner\"><div class=\"tg-item-media-holder tg-dark\"><div class=\"tg-item-media-inner\"><div class=\"tg-item-image\" style=\"background-image: url(https:\/\/lightdox.com\/wp-content\/uploads\/2025\/03\/AgathasAlmanac01-713x1024.jpg)\"><\/div><\/div><div class=\"tg-center-holder\"><div class=\"tg-center-inner\"><div class=\"tg-item-overlay\"><\/div><h2 class=\"tg-item-title\"><a href=\"https:\/\/lightdox.com\/were-thrilled-to-welcome-amalie-atkins-debut-feature-documentary-agathas-almanac-to-our-lineup\/\" target=\"_self\">Welcoming Amalie Atkins\u2019 debut feature documentary \u2018Agatha\u2019s Almanac\u2019 onboard ahead of CPH:DOX World Premiere<\/a><\/h2><p class=\"tg-item-excerpt\">We\u2019re excited to share that we\u2019ve acquired the rights to\u00a0Agatha\u2019s Almanac, a stunning debut feature by\u00a0Amalie Atkins, just ahead of its\u00a0World Premiere at&#8230;<\/p><\/div><\/div><a class=\"tg-link-button\" href=\"https:\/\/lightdox.com\/were-thrilled-to-welcome-amalie-atkins-debut-feature-documentary-agathas-almanac-to-our-lineup\/\" target=\"_self\"><i class=\"tg-icon-link\"><\/i><\/a><\/div><\/div><\/article><article class=\"tg-item tg-post-6822 light-dox f6\" data-date=\"1741100581\" data-row=\"1\" data-col=\"1\"><div class=\"tg-item-inner\"><div class=\"tg-item-media-holder tg-dark\"><div class=\"tg-item-media-inner\"><div class=\"tg-item-image\" style=\"background-image: url(https:\/\/lightdox.com\/wp-content\/uploads\/2025\/03\/IMG_15A7BAFADBC2-1-819x1024.jpeg)\"><\/div><\/div><div class=\"tg-center-holder\"><div class=\"tg-center-inner\"><div class=\"tg-item-overlay\"><\/div><h2 class=\"tg-item-title\"><a href=\"https:\/\/lightdox.com\/intercepted-by-oksana-karpovych-arrives-in-cinemas-across-poland\/\" target=\"_self\">INTERCEPTED by Oksana Karpovych Arrives in Cinemas Across Poland<\/a><\/h2><p class=\"tg-item-excerpt\">INTERCEPTED by Oksana Karpovych Arrives in Cinemas Across Poland We are happy to share that INTERCEPTED, the powerful and critically acclaimed documentary&#8230;<\/p><\/div><\/div><a class=\"tg-link-button\" href=\"https:\/\/lightdox.com\/intercepted-by-oksana-karpovych-arrives-in-cinemas-across-poland\/\" target=\"_self\"><i class=\"tg-icon-link\"><\/i><\/a><\/div><\/div><\/article><article class=\"tg-item tg-post-6813 light-dox f6\" data-date=\"1741045289\" data-row=\"1\" data-col=\"1\"><div class=\"tg-item-inner\"><div class=\"tg-item-media-holder tg-dark\"><div class=\"tg-item-media-inner\"><div class=\"tg-item-image\" style=\"background-image: url(https:\/\/lightdox.com\/wp-content\/uploads\/2025\/03\/481597772_18484733254029939_3289237562541903369_n-819x1024.jpg)\"><\/div><\/div><div class=\"tg-center-holder\"><div class=\"tg-center-inner\"><div class=\"tg-item-overlay\"><\/div><h2 class=\"tg-item-title\"><a href=\"https:\/\/lightdox.com\/bye-bye-tiberias-by-lina-soualem-opens-in-cinemas-across-spain-with-docs-del-mes\/\" target=\"_self\">BYE BYE TIBERIAS by Lina Soualem Opens in Cinemas Across Spain with Docs del Mes<\/a><\/h2><p class=\"tg-item-excerpt\">We&#8217;re thrilled to share that BYE BYE TIBERIAS by Lina Soualem will be screening in cinemas across Spain this March as part of Docs del Mes, the monthly&#8230;<\/p><\/div><\/div><a class=\"tg-link-button\" href=\"https:\/\/lightdox.com\/bye-bye-tiberias-by-lina-soualem-opens-in-cinemas-across-spain-with-docs-del-mes\/\" target=\"_self\"><i class=\"tg-icon-link\"><\/i><\/a><\/div><\/div><\/article><article class=\"tg-item tg-post-6757 light-dox f6\" data-date=\"1739535555\" data-row=\"1\" data-col=\"1\"><div class=\"tg-item-inner\"><div class=\"tg-item-media-holder tg-dark\"><div class=\"tg-item-media-inner\"><div class=\"tg-item-image\" style=\"background-image: url(https:\/\/lightdox.com\/wp-content\/uploads\/2025\/02\/INCE-BerthaDocHouse-819x1024.jpg)\"><\/div><\/div><div class=\"tg-center-holder\"><div class=\"tg-center-inner\"><div class=\"tg-item-overlay\"><\/div><h2 class=\"tg-item-title\"><a href=\"https:\/\/lightdox.com\/intercepted-by-oksana-karpovych-opens-at-bertha-dochouse-for-a-limited-theatrical-release\/\" target=\"_self\">INTERCEPTED by Oksana Karpovych Opens at Bertha DocHouse for a Limited Theatrical Release<\/a><\/h2><p class=\"tg-item-excerpt\">We are thrilled to share that\u00a0INTERCEPTED\u00a0by Oksana Karpovych is coming to\u00a0Bertha DocHouse in London\u00a0for a limited theatrical release, opening\u00a0Friday,&#8230;<\/p><\/div><\/div><a class=\"tg-link-button\" href=\"https:\/\/lightdox.com\/intercepted-by-oksana-karpovych-opens-at-bertha-dochouse-for-a-limited-theatrical-release\/\" target=\"_self\"><i class=\"tg-icon-link\"><\/i><\/a><\/div><\/div><\/article><article class=\"tg-item tg-post-6744 light-dox f6\" data-date=\"1739278143\" data-row=\"1\" data-col=\"1\"><div class=\"tg-item-inner\"><div class=\"tg-item-media-holder tg-dark\"><div class=\"tg-item-media-inner\"><div class=\"tg-item-image\" style=\"background-image: url(https:\/\/lightdox.com\/wp-content\/uploads\/2025\/02\/475921447_1100399682125704_8846260651338755428_n-768x1024.jpg)\"><\/div><\/div><div class=\"tg-center-holder\"><div class=\"tg-center-inner\"><div class=\"tg-item-overlay\"><\/div><h2 class=\"tg-item-title\"><a href=\"https:\/\/lightdox.com\/fiume-o-morte-triumphs-at-iffr-2025-winning-the-tiger-award-and-fipresci-prize\/\" target=\"_self\">Fiume o morte! Triumphs at IFFR 2025, Winning the Tiger Award and FIPRESCI Prize<\/a><\/h2><p class=\"tg-item-excerpt\">We are beyond proud to share the incredible news:\u00a0Fiume o morte!\u00a0by Igor Bezinovi\u0107 has won the Tiger Award &amp; FIPRESCI Prize at IFFR!&#8230;<\/p><\/div><\/div><a class=\"tg-link-button\" href=\"https:\/\/lightdox.com\/fiume-o-morte-triumphs-at-iffr-2025-winning-the-tiger-award-and-fipresci-prize\/\" target=\"_self\"><i class=\"tg-icon-link\"><\/i><\/a><\/div><\/div><\/article><article class=\"tg-item tg-post-6671 light-dox f6\" data-date=\"1736263048\" data-row=\"1\" data-col=\"1\"><div class=\"tg-item-inner\"><div class=\"tg-item-media-holder tg-dark\"><div class=\"tg-item-media-inner\"><div class=\"tg-item-image\" style=\"background-image: url(https:\/\/lightdox.com\/wp-content\/uploads\/2024\/12\/FOM_still_03_01_1.8.1-1024x576.png)\"><\/div><\/div><div class=\"tg-center-holder\"><div class=\"tg-center-inner\"><div class=\"tg-item-overlay\"><\/div><h2 class=\"tg-item-title\"><a href=\"https:\/\/lightdox.com\/igor-bezinovics-fuime-o-morte-joins-our-slate\/\" target=\"_self\">Welcoming onboard Igor Bezinovi\u0107&#8217;s &#8216;Fiume o morte!&#8217;<\/a><\/h2><p class=\"tg-item-excerpt\">We are thrilled to announce the acquisition of Igor Bezinovi\u0107&#8217;s hybrid documentary\u00a0Fiume o morte!, premiering in the Tiger Competition at IFFR 2025&#8230;.<\/p><\/div><\/div><a class=\"tg-link-button\" href=\"https:\/\/lightdox.com\/igor-bezinovics-fuime-o-morte-joins-our-slate\/\" target=\"_self\"><i class=\"tg-icon-link\"><\/i><\/a><\/div><\/div><\/article><article class=\"tg-item tg-post-6629 light-dox f6\" data-date=\"1734975810\" data-row=\"1\" data-col=\"1\"><div class=\"tg-item-inner\"><div class=\"tg-item-media-holder tg-dark\"><div class=\"tg-item-media-inner\"><div class=\"tg-item-image\" style=\"background-image: url(https:\/\/lightdox.com\/wp-content\/uploads\/2024\/12\/Red-Happy-Holidays-Your-Story-576x1024.png)\"><\/div><\/div><div class=\"tg-center-holder\"><div class=\"tg-center-inner\"><div class=\"tg-item-overlay\"><\/div><h2 class=\"tg-item-title\"><a href=\"https:\/\/lightdox.com\/2024-recap\/\" target=\"_self\">2024 Recap<\/a><\/h2><p class=\"tg-item-excerpt\">As we close out another year at Lightdox, we take a moment to reflect on the milestones and unforgettable moments that we celebrated in 2024&#8230;.<\/p><\/div><\/div><a class=\"tg-link-button\" href=\"https:\/\/lightdox.com\/2024-recap\/\" target=\"_self\"><i class=\"tg-icon-link\"><\/i><\/a><\/div><\/div><\/article><article class=\"tg-item tg-post-6541 light-dox f6\" data-date=\"1733177651\" data-row=\"1\" data-col=\"1\"><div class=\"tg-item-inner\"><div class=\"tg-item-media-holder tg-dark\"><div class=\"tg-item-media-inner\"><div class=\"tg-item-image\" style=\"background-image: url(https:\/\/lightdox.com\/wp-content\/uploads\/2024\/12\/News-on-Website-Visual-526-x-740-px-2.png)\"><\/div><\/div><div class=\"tg-center-holder\"><div class=\"tg-center-inner\"><div class=\"tg-item-overlay\"><\/div><h2 class=\"tg-item-title\"><a href=\"https:\/\/lightdox.com\/bye-bye-tiberias-nominated-for-best-european-film-best-european-documentary-at-2024-european-film-awards\/\" target=\"_self\">BYE BYE TIBERIAS Nominated for Best European Film &amp; Best European Documentary at 2024 European Film Awards<\/a><\/h2><p class=\"tg-item-excerpt\">We\u2019re overjoyed and proud to share that BYE BYE TIBERIAS has received dual nominations at the\u00a02024 European Film Awards\u2014for\u00a0Best European Film\u00a0and\u00a0Best&#8230;<\/p><\/div><\/div><a class=\"tg-link-button\" href=\"https:\/\/lightdox.com\/bye-bye-tiberias-nominated-for-best-european-film-best-european-documentary-at-2024-european-film-awards\/\" target=\"_self\"><i class=\"tg-icon-link\"><\/i><\/a><\/div><\/div><\/article><article class=\"tg-item tg-post-6484 light-dox f6\" data-date=\"1729801622\" data-row=\"1\" data-col=\"1\"><div class=\"tg-item-inner\"><div class=\"tg-item-media-holder tg-dark\"><div class=\"tg-item-media-inner\"><div class=\"tg-item-image\" style=\"background-image: url(https:\/\/lightdox.com\/wp-content\/uploads\/2024\/10\/MUOS_keyframe-2-Mark-Olexa-1024x576.jpg)\"><\/div><\/div><div class=\"tg-center-holder\"><div class=\"tg-center-inner\"><div class=\"tg-item-overlay\"><\/div><h2 class=\"tg-item-title\"><a href=\"https:\/\/lightdox.com\/valentina-and-the-muosters-joins-our-slate-ahead-of-its-international-premiere-at-dok-leipzig-2024\/\" target=\"_self\">Valentina and the MUOSters Joins Our Slate Ahead of Its International Premiere at DOK Leipzig 2024<\/a><\/h2><p class=\"tg-item-excerpt\">We\u2019re excited to announce that Francesca Scalisi\u2019s feature documentary\u00a0Valentina and the MUOSters\u00a0has joined our slate ahead of its International Premiere&#8230;<\/p><\/div><\/div><a class=\"tg-link-button\" href=\"https:\/\/lightdox.com\/valentina-and-the-muosters-joins-our-slate-ahead-of-its-international-premiere-at-dok-leipzig-2024\/\" target=\"_self\"><i class=\"tg-icon-link\"><\/i><\/a><\/div><\/div><\/article><article class=\"tg-item tg-post-6404 light-dox f6\" data-date=\"1727776987\" data-row=\"1\" data-col=\"1\"><div class=\"tg-item-inner\"><div class=\"tg-item-media-holder tg-dark\"><div class=\"tg-item-media-inner\"><div class=\"tg-item-image\" style=\"background-image: url(https:\/\/lightdox.com\/wp-content\/uploads\/2024\/10\/Screen-Shot-2024-10-01-at-12.54.30-PM-929x1024.png)\"><\/div><\/div><div class=\"tg-center-holder\"><div class=\"tg-center-inner\"><div class=\"tg-item-overlay\"><\/div><h2 class=\"tg-item-title\"><a href=\"https:\/\/lightdox.com\/intercepted-by-oksana-karpovych-us-theatrical-release\/\" target=\"_self\">INTERCEPTED by Oksana Karpovych US Theatrical Release<\/a><\/h2><p class=\"tg-item-excerpt\">We&#8217;re thrilled to announce that\u00a0INTERCEPTED will have its US theatrical release on\u00a0Friday, October 4, 2024, at Film Forum, through our partnership with&#8230;<\/p><\/div><\/div><a class=\"tg-link-button\" href=\"https:\/\/lightdox.com\/intercepted-by-oksana-karpovych-us-theatrical-release\/\" target=\"_self\"><i class=\"tg-icon-link\"><\/i><\/a><\/div><\/div><\/article><article class=\"tg-item tg-post-6373 light-dox f6\" data-date=\"1726749950\" data-row=\"1\" data-col=\"1\"><div class=\"tg-item-inner\"><div class=\"tg-item-media-holder tg-dark\"><div class=\"tg-item-media-inner\"><div class=\"tg-item-image\" style=\"background-image: url(https:\/\/lightdox.com\/wp-content\/uploads\/2024\/09\/460503499_909684211187049_4410871478963954941_n-1024x1024.jpg)\"><\/div><\/div><div class=\"tg-center-holder\"><div class=\"tg-center-inner\"><div class=\"tg-item-overlay\"><\/div><h2 class=\"tg-item-title\"><a href=\"https:\/\/lightdox.com\/intercepted-by-oksana-karpovych-nominated-for-lux-audience-award-2025\/\" target=\"_self\">INTERCEPTED by Oksana Karpovych nominated for LUX Audience Award 2025<\/a><\/h2><p class=\"tg-item-excerpt\">We have incredible news to share \u2014 INTERCEPTED by Oksana Karpovych is one of the 5 LUX Audience Award 2025 nominees!&#8230;<\/p><\/div><\/div><a class=\"tg-link-button\" href=\"https:\/\/lightdox.com\/intercepted-by-oksana-karpovych-nominated-for-lux-audience-award-2025\/\" target=\"_self\"><i class=\"tg-icon-link\"><\/i><\/a><\/div><\/div><\/article><article class=\"tg-item tg-post-6358 light-dox f6\" data-date=\"1726587737\" data-row=\"1\" data-col=\"1\"><div class=\"tg-item-inner\"><div class=\"tg-item-media-holder tg-dark\"><div class=\"tg-item-media-inner\"><div class=\"tg-item-image\" style=\"background-image: url(https:\/\/lightdox.com\/wp-content\/uploads\/2024\/09\/News-on-Website-Visual-526-x-740-px.png)\"><\/div><\/div><div class=\"tg-center-holder\"><div class=\"tg-center-inner\"><div class=\"tg-item-overlay\"><\/div><h2 class=\"tg-item-title\"><a href=\"https:\/\/lightdox.com\/bye-bye-tiberias-and-marching-in-the-dark-selected-for-european-film-awards-2024\/\" target=\"_self\">BYE BYE TIBERIAS and MARCHING IN THE DARK selected for European Film Awards 2024<\/a><\/h2><p class=\"tg-item-excerpt\">We are thrilled to announce that two of our films,\u00a0BYE BYE TIBERIAS\u00a0by Lina Soualem and\u00a0MARCHING IN THE DARK\u00a0by Kinshuk Surjan, have been chosen as part of&#8230;<\/p><\/div><\/div><a class=\"tg-link-button\" href=\"https:\/\/lightdox.com\/bye-bye-tiberias-and-marching-in-the-dark-selected-for-european-film-awards-2024\/\" target=\"_self\"><i class=\"tg-icon-link\"><\/i><\/a><\/div><\/div><\/article><article class=\"tg-item tg-post-6200 light-dox f6\" data-date=\"1718809284\" data-row=\"1\" data-col=\"1\"><div class=\"tg-item-inner\"><div class=\"tg-item-media-holder tg-dark\"><div class=\"tg-item-media-inner\"><div class=\"tg-item-image\" style=\"background-image: url(https:\/\/lightdox.com\/wp-content\/uploads\/2024\/05\/At-the-door-of-the-house-who-will-come-knocking-4-Nikica-NovakoviA\u0087-1024x576.jpeg)\"><\/div><\/div><div class=\"tg-center-holder\"><div class=\"tg-center-inner\"><div class=\"tg-item-overlay\"><\/div><h2 class=\"tg-item-title\"><a href=\"https:\/\/lightdox.com\/celebrating-the-world-premiere-of-at-the-door-of-the-house-who-will-come-knocking-by-maja-novakovic-at-sheffield-docfest\/\" target=\"_self\">Celebrating the World Premiere of AT THE DOOR OF THE HOUSE WHO WILL COME KNOCKING by Maja Novakovi\u0107 at Sheffield DocFest<\/a><\/h2><p class=\"tg-item-excerpt\">Maja Novakovi\u0107&#8217;s stunning feature debut celebrated its World Premiere at the 31st edition Sheffield DocFest, where it won the Grand Jury Award in the&#8230;<\/p><\/div><\/div><a class=\"tg-link-button\" href=\"https:\/\/lightdox.com\/celebrating-the-world-premiere-of-at-the-door-of-the-house-who-will-come-knocking-by-maja-novakovic-at-sheffield-docfest\/\" target=\"_self\"><i class=\"tg-icon-link\"><\/i><\/a><\/div><\/div><\/article><article class=\"tg-item tg-post-5980 light-dox f6\" data-date=\"1710969018\" data-row=\"1\" data-col=\"1\"><div class=\"tg-item-inner\"><div class=\"tg-item-media-holder tg-dark\"><div class=\"tg-item-media-inner\"><div class=\"tg-item-image\" style=\"background-image: url(https:\/\/lightdox.com\/wp-content\/uploads\/2024\/03\/marching-in-the-dark_0198-1024x683.jpg)\"><\/div><\/div><div class=\"tg-center-holder\"><div class=\"tg-center-inner\"><div class=\"tg-item-overlay\"><\/div><h2 class=\"tg-item-title\"><a href=\"https:\/\/lightdox.com\/lightdox-at-cphdox-2024\/\" target=\"_self\">Lightdox at CPH:DOX 2024<\/a><\/h2><p class=\"tg-item-excerpt\">Celebrating the World Premiere of MARCHING IN THE DARK by Kinshuk Surjan!&#8230;<\/p><\/div><\/div><a class=\"tg-link-button\" href=\"https:\/\/lightdox.com\/lightdox-at-cphdox-2024\/\" target=\"_self\"><i class=\"tg-icon-link\"><\/i><\/a><\/div><\/div><\/article><article class=\"tg-item tg-post-5896 light-dox f6\" data-date=\"1709588043\" data-row=\"1\" data-col=\"1\"><div class=\"tg-item-inner\"><div class=\"tg-item-media-holder tg-dark\"><div class=\"tg-item-media-inner\"><div class=\"tg-item-image\" style=\"background-image: url(https:\/\/lightdox.com\/wp-content\/uploads\/2024\/03\/428634994_122102899502216102_4218259296883809322_n-1024x701.jpg)\"><\/div><\/div><div class=\"tg-center-holder\"><div class=\"tg-center-inner\"><div class=\"tg-item-overlay\"><\/div><h2 class=\"tg-item-title\"><a href=\"https:\/\/lightdox.com\/intercepted-world-premiere-at-berlinale\/\" target=\"_self\">INTERCEPTED World Premiere at Berlinale<\/a><\/h2><p class=\"tg-item-excerpt\">We\u2019re still buzzing from the emotions of celebrating the World Premiere of Oksana Karpovych\u2019s powerful feature documentary INTERCEPTED at the Forum!&#8230;<\/p><\/div><\/div><a class=\"tg-link-button\" href=\"https:\/\/lightdox.com\/intercepted-world-premiere-at-berlinale\/\" target=\"_self\"><i class=\"tg-icon-link\"><\/i><\/a><\/div><\/div><\/article><article class=\"tg-item tg-post-5875 light-dox f6\" data-date=\"1708609430\" data-row=\"1\" data-col=\"1\"><div class=\"tg-item-inner\"><div class=\"tg-item-media-holder tg-dark\"><div class=\"tg-item-media-inner\"><div class=\"tg-item-image\" style=\"background-image: url(https:\/\/lightdox.com\/wp-content\/uploads\/2023\/08\/1.-Hiam_Lina_Deir-Hanna-night_Credit_Frida-Marzouk_Beall-Productions-1024x576.jpg)\"><\/div><\/div><div class=\"tg-center-holder\"><div class=\"tg-center-inner\"><div class=\"tg-item-overlay\"><\/div><h2 class=\"tg-item-title\"><a href=\"https:\/\/lightdox.com\/bye-bye-tiberias-by-lina-soualem-secures-uk-and-ireland-distribution\/\" target=\"_self\">BYE BYE TIBERIAS by Lina Soualem Secures UK and Ireland Distribution<\/a><\/h2><p class=\"tg-item-excerpt\">We\u2019re thrilled to share that T A P E collective has acquired the rights to Lina Soualem\u2019s poignant feature documentary BYE BYE TIBERIAS for UK and Ireland&#8230;<\/p><\/div><\/div><a class=\"tg-link-button\" href=\"https:\/\/lightdox.com\/bye-bye-tiberias-by-lina-soualem-secures-uk-and-ireland-distribution\/\" target=\"_self\"><i class=\"tg-icon-link\"><\/i><\/a><\/div><\/div><\/article><article class=\"tg-item tg-post-5853 light-dox f6\" data-date=\"1707758000\" data-row=\"1\" data-col=\"1\"><div class=\"tg-item-inner\"><div class=\"tg-item-media-holder tg-dark\"><div class=\"tg-item-media-inner\"><div class=\"tg-item-image\" style=\"background-image: url(https:\/\/lightdox.com\/wp-content\/uploads\/2024\/02\/Intercepted-2-\u00a9-Christopher-Nunn-1024x576.jpg)\"><\/div><\/div><div class=\"tg-center-holder\"><div class=\"tg-center-inner\"><div class=\"tg-item-overlay\"><\/div><h2 class=\"tg-item-title\"><a href=\"https:\/\/lightdox.com\/lightdox-at-berlinale-2024\/\" target=\"_self\">Lightdox at Berlinale 2024<\/a><\/h2><p class=\"tg-item-excerpt\">Celebrating the World Premiere of Oksana Karpovych&#8217;s INTERCEPTED at Berlinale Forum!&#8230;<\/p><\/div><\/div><a class=\"tg-link-button\" href=\"https:\/\/lightdox.com\/lightdox-at-berlinale-2024\/\" target=\"_self\"><i class=\"tg-icon-link\"><\/i><\/a><\/div><\/div><\/article><article class=\"tg-item tg-post-5849 light-dox f6\" data-date=\"1707756925\" data-row=\"1\" data-col=\"1\"><div class=\"tg-item-inner\"><div class=\"tg-item-media-holder tg-dark\"><div class=\"tg-item-media-inner\"><div class=\"tg-item-image\" style=\"background-image: url(https:\/\/lightdox.com\/wp-content\/uploads\/2024\/01\/Still-5-As-the-Tide-Comes-In-\u00a9-Nicolai-Dybdal-Moller-Bryn-Thomas-1024x498.jpg)\"><\/div><\/div><div class=\"tg-center-holder\"><div class=\"tg-center-inner\"><div class=\"tg-item-overlay\"><\/div><h2 class=\"tg-item-title\"><a href=\"https:\/\/lightdox.com\/welcoming-as-the-tide-comes-in-by-juan-palacios\/\" target=\"_self\">Welcoming AS THE TIDE COMES IN by Juan Palacios<\/a><\/h2><p class=\"tg-item-excerpt\">We are thrilled to announce that we are coming on board to represent Juan Palacios&#8217; masterful feature documentary AS THE TIDE COMES IN!&#8230;<\/p><\/div><\/div><a class=\"tg-link-button\" href=\"https:\/\/lightdox.com\/welcoming-as-the-tide-comes-in-by-juan-palacios\/\" target=\"_self\"><i class=\"tg-icon-link\"><\/i><\/a><\/div><\/div><\/article><article class=\"tg-item tg-post-5598 light-dox f6\" data-date=\"1699384636\" data-row=\"1\" data-col=\"1\"><div class=\"tg-item-inner\"><div class=\"tg-item-media-holder tg-dark\"><div class=\"tg-item-media-inner\"><div class=\"tg-item-image\" style=\"background-image: url(https:\/\/lightdox.com\/wp-content\/uploads\/2023\/11\/Motherland_31.03_efa_tn_v2-576x1024.jpg)\"><\/div><\/div><div class=\"tg-center-holder\"><div class=\"tg-center-inner\"><div class=\"tg-item-overlay\"><\/div><h2 class=\"tg-item-title\"><a href=\"https:\/\/lightdox.com\/motherland-nominated-for-european-film-awards-2023\/\" target=\"_self\">MOTHERLAND nominated for European Film Awards 2023<\/a><\/h2><p class=\"tg-item-excerpt\">MOTHERLAND nominated for Best European Documentary at European Film Awards 2023 We are thrilled to share this amazing news &#8211;\u00a0MOTHERLAND by Hanna&#8230;<\/p><\/div><\/div><a class=\"tg-link-button\" href=\"https:\/\/lightdox.com\/motherland-nominated-for-european-film-awards-2023\/\" target=\"_self\"><i class=\"tg-icon-link\"><\/i><\/a><\/div><\/div><\/article><article class=\"tg-item tg-post-5448 light-dox f6\" data-date=\"1691420518\" data-row=\"1\" data-col=\"1\"><div class=\"tg-item-inner\"><div class=\"tg-item-media-holder tg-dark\"><div class=\"tg-item-media-inner\"><div class=\"tg-item-image\" style=\"background-image: url(https:\/\/lightdox.com\/wp-content\/uploads\/2023\/07\/Body_Petra-Pan-Film_Photo-1024x576.png)\"><\/div><\/div><div class=\"tg-center-holder\"><div class=\"tg-center-inner\"><div class=\"tg-item-overlay\"><\/div><h2 class=\"tg-item-title\"><a href=\"https:\/\/lightdox.com\/lightdox-welcomes-on-board-body-by-petra-seliskar\/\" target=\"_self\">Lightdox welcomes on board BODY by Petra Seli\u0161kar<\/a><\/h2><p class=\"tg-item-excerpt\">BODY will have its World Premiere at the 29th edition of Sarajevo Film Festival, part of the \u201cHeart of Sarajevo\u201d competition for Best Documentary&#8230;.<\/p><\/div><\/div><a class=\"tg-link-button\" href=\"https:\/\/lightdox.com\/lightdox-welcomes-on-board-body-by-petra-seliskar\/\" target=\"_self\"><i class=\"tg-icon-link\"><\/i><\/a><\/div><\/div><\/article><article class=\"tg-item tg-post-5391 light-dox f6\" data-date=\"1689780085\" data-row=\"1\" data-col=\"1\"><div class=\"tg-item-inner\"><div class=\"tg-item-media-holder tg-dark\"><div class=\"tg-item-media-inner\"><div class=\"tg-item-image\" style=\"background-image: url(https:\/\/lightdox.com\/wp-content\/uploads\/2023\/07\/NC-DCTV-web.png)\"><\/div><\/div><div class=\"tg-center-holder\"><div class=\"tg-center-inner\"><div class=\"tg-item-overlay\"><\/div><h2 class=\"tg-item-title\"><a href=\"https:\/\/lightdox.com\/north-circular-by-luke-mcmanus-nyc-theatrical-premiere\/\" target=\"_self\">NORTH CIRCULAR by Luke McManus NYC Theatrical Premiere<\/a><\/h2><p class=\"tg-item-excerpt\">NORTH CIRCULAR by Luke McManus NYC Theatrical Premiere The multiple&nbsp;award-winning Irish box-office hit&nbsp;NORTH CIRCULAR by Luke McManus is coming&#8230;<\/p><\/div><\/div><a class=\"tg-link-button\" href=\"https:\/\/lightdox.com\/north-circular-by-luke-mcmanus-nyc-theatrical-premiere\/\" target=\"_self\"><i class=\"tg-icon-link\"><\/i><\/a><\/div><\/div><\/article><article class=\"tg-item tg-post-5346 light-dox f6\" data-date=\"1687521072\" data-row=\"1\" data-col=\"1\"><div class=\"tg-item-inner\"><div class=\"tg-item-media-holder tg-dark\"><div class=\"tg-item-media-inner\"><div class=\"tg-item-image\" style=\"background-image: url(https:\/\/lightdox.com\/wp-content\/uploads\/2023\/06\/IMG_2273-576x1024.png)\"><\/div><\/div><div class=\"tg-center-holder\"><div class=\"tg-center-inner\"><div class=\"tg-item-overlay\"><\/div><h2 class=\"tg-item-title\"><a href=\"https:\/\/lightdox.com\/how-to-save-a-dead-friend-awarded-etoile-de-la-scam\/\" target=\"_self\">HOW TO SAVE A DEAD FRIEND awarded with \u00c9toile de la Scam!<\/a><\/h2><p class=\"tg-item-excerpt\">Marusya Syroechkovskaya\u2019s thrilling debut HOW TO SAVE A DEAD FRIEND  now adds \u00c9toile de la SCAM Award to long list of accolades!&#8230;<\/p><\/div><\/div><a class=\"tg-link-button\" href=\"https:\/\/lightdox.com\/how-to-save-a-dead-friend-awarded-etoile-de-la-scam\/\" target=\"_self\"><i class=\"tg-icon-link\"><\/i><\/a><\/div><\/div><\/article><article class=\"tg-item tg-post-5291 light-dox f6\" data-date=\"1684338324\" data-row=\"1\" data-col=\"1\"><div class=\"tg-item-inner\"><div class=\"tg-item-media-holder tg-dark\"><div class=\"tg-item-media-inner\"><div class=\"tg-item-image\" style=\"background-image: url(https:\/\/lightdox.com\/wp-content\/uploads\/2023\/03\/OnTheEdge_04_\u00a9PenelopeChauvelot-1024x683.jpg)\"><\/div><\/div><div class=\"tg-center-holder\"><div class=\"tg-center-inner\"><div class=\"tg-item-overlay\"><\/div><h2 class=\"tg-item-title\"><a href=\"https:\/\/lightdox.com\/nicolas-peduzzis-on-the-edge-at-acid-cannes-2023\/\" target=\"_self\">Nicolas Peduzzi\u2019s ON THE EDGE at ACID Cannes 2023<\/a><\/h2><p class=\"tg-item-excerpt\">We are thrilled to return to the March\u00e9 du Film and especially honored to present the moving ON THE EDGE by Nicolas Peduzzi in the ACID Cannes selection&#8230;<\/p><\/div><\/div><a class=\"tg-link-button\" href=\"https:\/\/lightdox.com\/nicolas-peduzzis-on-the-edge-at-acid-cannes-2023\/\" target=\"_self\"><i class=\"tg-icon-link\"><\/i><\/a><\/div><\/div><\/article><article class=\"tg-item tg-post-5251 light-dox f6\" data-date=\"1682595379\" data-row=\"1\" data-col=\"1\"><div class=\"tg-item-inner\"><div class=\"tg-item-media-holder tg-dark\"><div class=\"tg-item-media-inner\"><div class=\"tg-item-image\" style=\"background-image: url(https:\/\/lightdox.com\/wp-content\/uploads\/2023\/04\/WEB-Twitter_2023-C_Aristegui-crop1-.jpg)\"><\/div><\/div><div class=\"tg-center-holder\"><div class=\"tg-center-inner\"><div class=\"tg-item-overlay\"><\/div><h2 class=\"tg-item-title\"><a href=\"https:\/\/lightdox.com\/carmen-aristegui-named-2023-ipi-ims-world-press-freedom-hero\/\" target=\"_self\">Carmen Aristegui named 2023 IPI-IMS World Press Freedom Hero<\/a><\/h2><p class=\"tg-item-excerpt\">Aristegui honoured for her decades of fearless reporting on corruption despite targeted efforts to silence her&#8230;<\/p><\/div><\/div><a class=\"tg-link-button\" href=\"https:\/\/lightdox.com\/carmen-aristegui-named-2023-ipi-ims-world-press-freedom-hero\/\" target=\"_self\"><i class=\"tg-icon-link\"><\/i><\/a><\/div><\/div><\/article><article class=\"tg-item tg-post-5243 light-dox f6\" data-date=\"1682594342\" data-row=\"1\" data-col=\"1\"><div class=\"tg-item-inner\"><div class=\"tg-item-media-holder tg-dark\"><div class=\"tg-item-media-inner\"><div class=\"tg-item-image\" style=\"background-image: url(https:\/\/lightdox.com\/wp-content\/uploads\/2023\/02\/Dreamers_02_Carlos_\u00a9IntermezzoFilms-Luc-Peter-1024x512.jpg)\"><\/div><\/div><div class=\"tg-center-holder\"><div class=\"tg-center-inner\"><div class=\"tg-item-overlay\"><\/div><h2 class=\"tg-item-title\"><a href=\"https:\/\/lightdox.com\/lightdox-at-visions-du-reel-2023\/\" target=\"_self\">Lightdox at Visions du R\u00e9el 2023<\/a><\/h2><p class=\"tg-item-excerpt\">We are so happy to be back in Nyon and to celebrate the World Premiere of DREAMERS by St\u00e9phanie Barbey &amp; Luc Peter at the 54th edition of Visions du R\u00e9el!&#8230;<\/p><\/div><\/div><a class=\"tg-link-button\" href=\"https:\/\/lightdox.com\/lightdox-at-visions-du-reel-2023\/\" target=\"_self\"><i class=\"tg-icon-link\"><\/i><\/a><\/div><\/div><\/article><article class=\"tg-item tg-post-5138 light-dox f6\" data-date=\"1679332705\" data-row=\"1\" data-col=\"1\"><div class=\"tg-item-inner\"><div class=\"tg-item-media-holder tg-dark\"><div class=\"tg-item-media-inner\"><div class=\"tg-item-image\" style=\"background-image: url(https:\/\/lightdox.com\/wp-content\/uploads\/2023\/03\/MOTHERLAND_4-1024x554.jpg)\"><\/div><\/div><div class=\"tg-center-holder\"><div class=\"tg-center-inner\"><div class=\"tg-item-overlay\"><\/div><h2 class=\"tg-item-title\"><a href=\"https:\/\/lightdox.com\/lightdox-at-cphdox-2023\/\" target=\"_self\">Lightdox at CPH:DOX 2023<\/a><\/h2><p class=\"tg-item-excerpt\">We are so excited to be in Copenhagen for CPH:DOX this year and to celebrate two World Premieres &#8211; from the dark reality of modern Belarus in the powerful&#8230;<\/p><\/div><\/div><a class=\"tg-link-button\" href=\"https:\/\/lightdox.com\/lightdox-at-cphdox-2023\/\" target=\"_self\"><i class=\"tg-icon-link\"><\/i><\/a><\/div><\/div><\/article><article class=\"tg-item tg-post-5054 light-dox f6\" data-date=\"1677517988\" data-row=\"1\" data-col=\"1\"><div class=\"tg-item-inner\"><div class=\"tg-item-media-holder tg-dark\"><div class=\"tg-item-media-inner\"><div class=\"tg-item-image\" style=\"background-image: url(https:\/\/lightdox.com\/wp-content\/uploads\/2023\/02\/333538694_1204204997131346_8180927067434280391_n.jpg)\"><\/div><\/div><div class=\"tg-center-holder\"><div class=\"tg-center-inner\"><div class=\"tg-item-overlay\"><\/div><h2 class=\"tg-item-title\"><a href=\"https:\/\/lightdox.com\/museum-of-the-revolution-wins-main-award-at-big-sky-dff\/\" target=\"_self\">MUSEUM OF THE REVOLUTION wins main award at Big Sky Documentary Film Festival<\/a><\/h2><p class=\"tg-item-excerpt\">MUSEUM OF THE REVOLUTION by Sr\u0111an Ke\u010da won the Best Feature Award at Big Sky Documentary Film Festival where it had its US Premiere!&#8230;<\/p><\/div><\/div><a class=\"tg-link-button\" href=\"https:\/\/lightdox.com\/museum-of-the-revolution-wins-main-award-at-big-sky-dff\/\" target=\"_self\"><i class=\"tg-icon-link\"><\/i><\/a><\/div><\/div><\/article><article class=\"tg-item tg-post-4928 light-dox f6\" data-date=\"1673020551\" data-row=\"1\" data-col=\"1\"><div class=\"tg-item-inner\"><div class=\"tg-item-media-holder tg-dark\"><div class=\"tg-item-media-inner\"><div class=\"tg-item-image\" style=\"background-image: url(https:\/\/lightdox.com\/wp-content\/uploads\/2022\/03\/HSDF_STILL_19-1024x576.jpg)\"><\/div><\/div><div class=\"tg-center-holder\"><div class=\"tg-center-inner\"><div class=\"tg-item-overlay\"><\/div><h2 class=\"tg-item-title\"><a href=\"https:\/\/lightdox.com\/how-to-save-a-dead-friend-to-have-french-theatrical-release-in-2023\/\" target=\"_self\">HOW TO SAVE A DEAD FRIEND to have French Theatrical Release in 2023<\/a><\/h2><p class=\"tg-item-excerpt\">French distributor La Vingt-Cinquieme Heure comes on board acquiring the rights of Marusya Syroechkovskaya&#8217;s HOW TO SAVE A DEAD FRIEND&#8230;<\/p><\/div><\/div><a class=\"tg-link-button\" href=\"https:\/\/lightdox.com\/how-to-save-a-dead-friend-to-have-french-theatrical-release-in-2023\/\" target=\"_self\"><i class=\"tg-icon-link\"><\/i><\/a><\/div><\/div><\/article><article class=\"tg-item tg-post-4879 light-dox f6\" data-date=\"1671808120\" data-row=\"1\" data-col=\"1\"><div class=\"tg-item-inner\"><div class=\"tg-item-media-holder tg-dark\"><div class=\"tg-item-media-inner\"><div class=\"tg-item-image\" style=\"background-image: url(https:\/\/lightdox.com\/wp-content\/uploads\/2022\/12\/IMG_ECE9680EC04B-1-731x1024.jpeg)\"><\/div><\/div><div class=\"tg-center-holder\"><div class=\"tg-center-inner\"><div class=\"tg-item-overlay\"><\/div><h2 class=\"tg-item-title\"><a href=\"https:\/\/lightdox.com\/2022-our-year-in-review\/\" target=\"_self\">2022 &#8211; Our year in review<\/a><\/h2><p class=\"tg-item-excerpt\">Let\u2019s go through the highlights of the past year as we gear towards the next one, renewed with energy and purpose&#8230;.<\/p><\/div><\/div><a class=\"tg-link-button\" href=\"https:\/\/lightdox.com\/2022-our-year-in-review\/\" target=\"_self\"><i class=\"tg-icon-link\"><\/i><\/a><\/div><\/div><\/article><article class=\"tg-item tg-post-4868 light-dox f6\" data-date=\"1671037766\" data-row=\"1\" data-col=\"1\"><div class=\"tg-item-inner\"><div class=\"tg-item-media-holder tg-dark\"><div class=\"tg-item-media-inner\"><div class=\"tg-item-image\" style=\"background-image: url(https:\/\/lightdox.com\/wp-content\/uploads\/2022\/12\/Little_Palestine_03-1024x576.jpg)\"><\/div><\/div><div class=\"tg-center-holder\"><div class=\"tg-center-inner\"><div class=\"tg-item-overlay\"><\/div><h2 class=\"tg-item-title\"><a href=\"https:\/\/lightdox.com\/little-palestine-diary-of-a-siege-in-consideration-for-best-documentary-feature-at-95th-oscars\/\" target=\"_self\">LITTLE PALESTINE, DIARY OF A SIEGE in consideration for Best Documentary Feature at 95th Oscars<\/a><\/h2><p class=\"tg-item-excerpt\">It is an honor to share that the multiple award-winning LITTLE PALESTINE, DIARY OF A SIEGE by Abdallah Al-Khatib is in consideration for Best Documentary&#8230;<\/p><\/div><\/div><a class=\"tg-link-button\" href=\"https:\/\/lightdox.com\/little-palestine-diary-of-a-siege-in-consideration-for-best-documentary-feature-at-95th-oscars\/\" target=\"_self\"><i class=\"tg-icon-link\"><\/i><\/a><\/div><\/div><\/article><article class=\"tg-item tg-post-4853 light-dox f6\" data-date=\"1669932717\" data-row=\"1\" data-col=\"1\"><div class=\"tg-item-inner\"><div class=\"tg-item-media-holder tg-dark\"><div class=\"tg-item-media-inner\"><div class=\"tg-item-image\" style=\"background-image: url(https:\/\/lightdox.com\/wp-content\/uploads\/2022\/12\/ncr-incinemasnow-798x1024.jpg)\"><\/div><\/div><div class=\"tg-center-holder\"><div class=\"tg-center-inner\"><div class=\"tg-item-overlay\"><\/div><h2 class=\"tg-item-title\"><a href=\"https:\/\/lightdox.com\/north-circular-released-in-theaters-in-ireland\/\" target=\"_self\">NORTH CIRCULAR released in theaters in Ireland<\/a><\/h2><p class=\"tg-item-excerpt\">Luke McManus\u2019s award-winning directorial debut comes to cinemas in Ireland on December 2nd with screenings in Belfast, Cork, Dublin, Galway, D\u00fan Laoghaire&#8230;<\/p><\/div><\/div><a class=\"tg-link-button\" href=\"https:\/\/lightdox.com\/north-circular-released-in-theaters-in-ireland\/\" target=\"_self\"><i class=\"tg-icon-link\"><\/i><\/a><\/div><\/div><\/article><article class=\"tg-item tg-post-4844 light-dox f6\" data-date=\"1669930152\" data-row=\"1\" data-col=\"1\"><div class=\"tg-item-inner\"><div class=\"tg-item-media-holder tg-dark\"><div class=\"tg-item-media-inner\"><div class=\"tg-item-image\" style=\"background-image: url(https:\/\/lightdox.com\/wp-content\/uploads\/2022\/12\/314400715_667679118249785_6231591117792491045_n-683x1024.jpg)\"><\/div><\/div><div class=\"tg-center-holder\"><div class=\"tg-center-inner\"><div class=\"tg-item-overlay\"><\/div><h2 class=\"tg-item-title\"><a href=\"https:\/\/lightdox.com\/lightdox-welcomes-on-board-happy-pills-by-arnaud-robert-and-paolo-woods\/\" target=\"_self\">Lightdox welcomes on board HAPPY PILLS by Arnaud Robert and Paolo Woods<\/a><\/h2><p class=\"tg-item-excerpt\">We are pleased and excited to share the news of the latest title in our line-up \u2014 the feature documentary Happy Pills by Arnaud Robert and Paolo Woods&#8230;.<\/p><\/div><\/div><a class=\"tg-link-button\" href=\"https:\/\/lightdox.com\/lightdox-welcomes-on-board-happy-pills-by-arnaud-robert-and-paolo-woods\/\" target=\"_self\"><i class=\"tg-icon-link\"><\/i><\/a><\/div><\/div><\/article><article class=\"tg-item tg-post-4710 light-dox f6\" data-date=\"1666375341\" data-row=\"1\" data-col=\"1\"><div class=\"tg-item-inner\"><div class=\"tg-item-media-holder tg-dark\"><div class=\"tg-item-media-inner\"><div class=\"tg-item-image\" style=\"background-image: url(https:\/\/lightdox.com\/wp-content\/uploads\/2022\/10\/d3b5f3a4-d4de-48a3-8ef8-07066652f5d4-2.png)\"><\/div><\/div><div class=\"tg-center-holder\"><div class=\"tg-center-inner\"><div class=\"tg-item-overlay\"><\/div><h2 class=\"tg-item-title\"><a href=\"https:\/\/lightdox.com\/a-life-like-any-other-by-faustine-cros-has-world-premiere-at-dok-leipzig-2022\/\" target=\"_self\">A LIFE LIKE ANY OTHER by Faustine Cros has World Premiere at DOK Leipzig 2022<\/a><\/h2><p class=\"tg-item-excerpt\">We\u2019re so happy to welcome on board the feature debut by Faustine Cros A LIFE LIKE ANY OTHER!&#8230;<\/p><\/div><\/div><a class=\"tg-link-button\" href=\"https:\/\/lightdox.com\/a-life-like-any-other-by-faustine-cros-has-world-premiere-at-dok-leipzig-2022\/\" target=\"_self\"><i class=\"tg-icon-link\"><\/i><\/a><\/div><\/div><\/article><article class=\"tg-item tg-post-4580 light-dox f6\" data-date=\"1663074333\" data-row=\"1\" data-col=\"1\"><div class=\"tg-item-inner\"><div class=\"tg-item-media-holder tg-dark\"><div class=\"tg-item-media-inner\"><div class=\"tg-item-image\" style=\"background-image: url(https:\/\/lightdox.com\/wp-content\/uploads\/2022\/02\/Terra-Femme-M-Courtney-Stephens-1024x768.jpg)\"><\/div><\/div><div class=\"tg-center-holder\"><div class=\"tg-center-inner\"><div class=\"tg-item-overlay\"><\/div><h2 class=\"tg-item-title\"><a href=\"https:\/\/lightdox.com\/terra-femme-theatrical-premiere-in-new-york\/\" target=\"_self\">TERRA FEMME Theatrical Premiere in New York<\/a><\/h2><p class=\"tg-item-excerpt\">Courtney Stephens\u2019 beautiful essay film TERRA FEMME is having its New York Theatrical Premiere starting Thursday, September 15 at the Anthology Film Archives!&#8230;<\/p><\/div><\/div><a class=\"tg-link-button\" href=\"https:\/\/lightdox.com\/terra-femme-theatrical-premiere-in-new-york\/\" target=\"_self\"><i class=\"tg-icon-link\"><\/i><\/a><\/div><\/div><\/article><article class=\"tg-item tg-post-4563 light-dox f6\" data-date=\"1662138070\" data-row=\"1\" data-col=\"1\"><div class=\"tg-item-inner\"><div class=\"tg-item-media-holder tg-dark\"><div class=\"tg-item-media-inner\"><div class=\"tg-item-image\" style=\"background-image: url(https:\/\/lightdox.com\/wp-content\/uploads\/2022\/09\/299309813_10159230677046200_4287791579689453561_n-768x1024.jpg)\"><\/div><\/div><div class=\"tg-center-holder\"><div class=\"tg-center-inner\"><div class=\"tg-item-overlay\"><\/div><h2 class=\"tg-item-title\"><a href=\"https:\/\/lightdox.com\/museum-of-the-revolution-released-in-theaters-in-germany-grabs-heart-of-sarajevo-award\/\" target=\"_self\">MUSEUM OF THE REVOLUTION released in theaters in Germany \/ Grabs Heart of Sarajevo Award<\/a><\/h2><p class=\"tg-item-excerpt\">We are celebrating the start of the German theatrical release of Heart of Sarajevo winner MUSEUM OF THE REVOLUTION on September 1st!&#8230;<\/p><\/div><\/div><a class=\"tg-link-button\" href=\"https:\/\/lightdox.com\/museum-of-the-revolution-released-in-theaters-in-germany-grabs-heart-of-sarajevo-award\/\" target=\"_self\"><i class=\"tg-icon-link\"><\/i><\/a><\/div><\/div><\/article><article class=\"tg-item tg-post-4560 light-dox f6\" data-date=\"1662136705\" data-row=\"1\" data-col=\"1\"><div class=\"tg-item-inner\"><div class=\"tg-item-media-holder tg-dark\"><div class=\"tg-item-media-inner\"><div class=\"tg-item-image\" style=\"background-image: url(https:\/\/lightdox.com\/wp-content\/uploads\/2022\/09\/Copy-of-x.png)\"><\/div><\/div><div class=\"tg-center-holder\"><div class=\"tg-center-inner\"><div class=\"tg-item-overlay\"><\/div><h2 class=\"tg-item-title\"><a href=\"https:\/\/lightdox.com\/how-to-save-a-dead-friend-selected-for-european-film-awards-2022\/\" target=\"_self\">HOW TO SAVE A DEAD FRIEND selected for European Film Awards 2022<\/a><\/h2><p class=\"tg-item-excerpt\">Marusya Syroechkovskaya\u2019s HOW TO SAVE A DEAD FRIEND is among the 13 films in the Documentary category at the European Film Awards 2022!&#8230;<\/p><\/div><\/div><a class=\"tg-link-button\" href=\"https:\/\/lightdox.com\/how-to-save-a-dead-friend-selected-for-european-film-awards-2022\/\" target=\"_self\"><i class=\"tg-icon-link\"><\/i><\/a><\/div><\/div><\/article><article class=\"tg-item tg-post-4470 light-dox f6\" data-date=\"1656599923\" data-row=\"1\" data-col=\"1\"><div class=\"tg-item-inner\"><div class=\"tg-item-media-holder tg-dark\"><div class=\"tg-item-media-inner\"><div class=\"tg-item-image\" style=\"background-image: url(https:\/\/lightdox.com\/wp-content\/uploads\/2022\/06\/NorthCircular_Still_002-678x1024.jpg)\"><\/div><\/div><div class=\"tg-center-holder\"><div class=\"tg-center-inner\"><div class=\"tg-item-overlay\"><\/div><h2 class=\"tg-item-title\"><a href=\"https:\/\/lightdox.com\/lightdox-welcomes-on-board-north-circular-by-luke-mcmanus\/\" target=\"_self\">Lightdox Welcomes on Board &#8216;NORTH CIRCULAR&#8217; by Luke McManus<\/a><\/h2><p class=\"tg-item-excerpt\">We are thrilled to share the news of our latest acquisition &#8211; NORTH CIRCULAR by Luke McManus, which had its International Premiere at Sheffield DocFest 2022!&#8230;<\/p><\/div><\/div><a class=\"tg-link-button\" href=\"https:\/\/lightdox.com\/lightdox-welcomes-on-board-north-circular-by-luke-mcmanus\/\" target=\"_self\"><i class=\"tg-icon-link\"><\/i><\/a><\/div><\/div><\/article><article class=\"tg-item tg-post-4360 light-dox f6\" data-date=\"1652716499\" data-row=\"1\" data-col=\"1\"><div class=\"tg-item-inner\"><div class=\"tg-item-media-holder tg-dark\"><div class=\"tg-item-media-inner\"><div class=\"tg-item-image\" style=\"background-image: url(https:\/\/lightdox.com\/wp-content\/uploads\/2022\/05\/278580335_120432390600016_8187736181573263000_n-1024x1024.jpg)\"><\/div><\/div><div class=\"tg-center-holder\"><div class=\"tg-center-inner\"><div class=\"tg-item-overlay\"><\/div><h2 class=\"tg-item-title\"><a href=\"https:\/\/lightdox.com\/lightdox-at-cannes-2022\/\" target=\"_self\">Lightdox at Cannes 2022<\/a><\/h2><p class=\"tg-item-excerpt\">We\u2019re coming to Cannes, this time in person! HOW TO SAVE A DEAD FRIEND part of ACID programme, Market screenings and more!&#8230;<\/p><\/div><\/div><a class=\"tg-link-button\" href=\"https:\/\/lightdox.com\/lightdox-at-cannes-2022\/\" target=\"_self\"><i class=\"tg-icon-link\"><\/i><\/a><\/div><\/div><\/article><article class=\"tg-item tg-post-4353 light-dox f6\" data-date=\"1652280858\" data-row=\"1\" data-col=\"1\"><div class=\"tg-item-inner\"><div class=\"tg-item-media-holder tg-dark\"><div class=\"tg-item-media-inner\"><div class=\"tg-item-image\" style=\"background-image: url(https:\/\/lightdox.com\/wp-content\/uploads\/2022\/05\/Arica-Quad-Laurels-1920px-1024x768.jpg)\"><\/div><\/div><div class=\"tg-center-holder\"><div class=\"tg-center-inner\"><div class=\"tg-item-overlay\"><\/div><h2 class=\"tg-item-title\"><a href=\"https:\/\/lightdox.com\/arica-now-in-cinemas-across-the-uk\/\" target=\"_self\">ARICA now in cinemas across the UK<\/a><\/h2><p class=\"tg-item-excerpt\">The courtroom drama ARICA by Lars Edman &amp; William Johansson Kal\u00e9n \u2014 distributed by Tull Stories \u2014 opens in theaters across the UK on Friday, May 6th!&#8230;<\/p><\/div><\/div><a class=\"tg-link-button\" href=\"https:\/\/lightdox.com\/arica-now-in-cinemas-across-the-uk\/\" target=\"_self\"><i class=\"tg-icon-link\"><\/i><\/a><\/div><\/div><\/article><article class=\"tg-item tg-post-4345 light-dox f6\" data-date=\"1652184657\" data-row=\"1\" data-col=\"1\"><div class=\"tg-item-inner\"><div class=\"tg-item-media-holder tg-dark\"><div class=\"tg-item-media-inner\"><div class=\"tg-item-image\" style=\"background-image: url(https:\/\/lightdox.com\/wp-content\/uploads\/2021\/04\/Little_Palestine_02-1024x576.jpg)\"><\/div><\/div><div class=\"tg-center-holder\"><div class=\"tg-center-inner\"><div class=\"tg-item-overlay\"><\/div><h2 class=\"tg-item-title\"><a href=\"https:\/\/lightdox.com\/cinema-politica-is-the-canadian-distributor-of-little-palestine-diary-of-a-siege\/\" target=\"_self\">Cinema Politica is the Canadian distributor of LITTLE PALESTINE, DIARY OF A SIEGE<\/a><\/h2><p class=\"tg-item-excerpt\">Canadian distributor Cinema Politica has acquired the rights for Abdallah Al-Khatib\u2019s award-winning feature debut LITTLE PALESTINE, DIARY OF A SIEGE for Canada!&#8230;<\/p><\/div><\/div><a class=\"tg-link-button\" href=\"https:\/\/lightdox.com\/cinema-politica-is-the-canadian-distributor-of-little-palestine-diary-of-a-siege\/\" target=\"_self\"><i class=\"tg-icon-link\"><\/i><\/a><\/div><\/div><\/article><article class=\"tg-item tg-post-4221 light-dox f6\" data-date=\"1649447916\" data-row=\"1\" data-col=\"1\"><div class=\"tg-item-inner\"><div class=\"tg-item-media-holder tg-dark\"><div class=\"tg-item-media-inner\"><div class=\"tg-item-image\" style=\"background-image: url(https:\/\/lightdox.com\/wp-content\/uploads\/2022\/04\/x-3.png)\"><\/div><\/div><div class=\"tg-center-holder\"><div class=\"tg-center-inner\"><div class=\"tg-item-overlay\"><\/div><h2 class=\"tg-item-title\"><a href=\"https:\/\/lightdox.com\/lightdox-at-visions-du-reel-2022\/\" target=\"_self\">Lightdox at Visions du R\u00e9el 2022<\/a><\/h2><p class=\"tg-item-excerpt\">We&#8217;re looking forward to another busy edition of the International Film Fesival Nyon!&#8230;<\/p><\/div><\/div><a class=\"tg-link-button\" href=\"https:\/\/lightdox.com\/lightdox-at-visions-du-reel-2022\/\" target=\"_self\"><i class=\"tg-icon-link\"><\/i><\/a><\/div><\/div><\/article><article class=\"tg-item tg-post-3927 light-dox f6\" data-date=\"1640952372\" data-row=\"1\" data-col=\"1\"><div class=\"tg-item-inner\"><div class=\"tg-item-media-holder tg-dark\"><div class=\"tg-item-media-inner\"><div class=\"tg-item-image\" style=\"background-image: url(https:\/\/lightdox.com\/wp-content\/uploads\/2021\/02\/1126431-768x1024.jpg)\"><\/div><\/div><div class=\"tg-center-holder\"><div class=\"tg-center-inner\"><div class=\"tg-item-overlay\"><\/div><h2 class=\"tg-item-title\"><a href=\"https:\/\/lightdox.com\/the-witches-of-the-orient-new-year-tour-in-melbourne\/\" target=\"_self\">The Witches of the Orient &#8211; Down Under New Year Tour in Melbourne<\/a><\/h2><p class=\"tg-item-excerpt\">ACMI will host 16 screenings of Julien Faraut&#8217;s amazing feature documentary about the record-breaking Japanese women&#8217;s volleyball team from the 1960s&#8230;.<\/p><\/div><\/div><a class=\"tg-link-button\" href=\"https:\/\/lightdox.com\/the-witches-of-the-orient-new-year-tour-in-melbourne\/\" target=\"_self\"><i class=\"tg-icon-link\"><\/i><\/a><\/div><\/div><\/article><article class=\"tg-item tg-post-3908 light-dox f6\" data-date=\"1640794412\" data-row=\"1\" data-col=\"1\"><div class=\"tg-item-inner\"><div class=\"tg-item-media-holder tg-dark\"><div class=\"tg-item-media-inner\"><div class=\"tg-item-image\" style=\"background-image: url(https:\/\/lightdox.com\/wp-content\/uploads\/2021\/12\/231183016_6114781468594108_535304128100764702_n-1024x683.jpg)\"><\/div><\/div><div class=\"tg-center-holder\"><div class=\"tg-center-inner\"><div class=\"tg-item-overlay\"><\/div><h2 class=\"tg-item-title\"><a href=\"https:\/\/lightdox.com\/the-5-best-films-i-saw-in-2021-that-didnt-end-up-in-our-line-up\/\" target=\"_self\">The 5 Best Films I Saw in 2021 (that didn\u2019t end up in our line-up)<\/a><\/h2><p class=\"tg-item-excerpt\">2021 was again a year of great films and emerging of fantastic new talents, and as always, I enjoyed every single film I\u2019ve been fortunate to discover, on&#8230;<\/p><\/div><\/div><a class=\"tg-link-button\" href=\"https:\/\/lightdox.com\/the-5-best-films-i-saw-in-2021-that-didnt-end-up-in-our-line-up\/\" target=\"_self\"><i class=\"tg-icon-link\"><\/i><\/a><\/div><\/div><\/article><article class=\"tg-item tg-post-3902 light-dox f6\" data-date=\"1640275576\" data-row=\"1\" data-col=\"1\"><div class=\"tg-item-inner\"><div class=\"tg-item-media-holder tg-dark\"><div class=\"tg-item-media-inner\"><div class=\"tg-item-image\" style=\"background-image: url(https:\/\/lightdox.com\/wp-content\/uploads\/2021\/12\/1.-ULTRAVIOLETTE-Affiche-A3-Eng-B-HD-Milana-Christitch-724x1024.jpg)\"><\/div><\/div><div class=\"tg-center-holder\"><div class=\"tg-center-inner\"><div class=\"tg-item-overlay\"><\/div><h2 class=\"tg-item-title\"><a href=\"https:\/\/lightdox.com\/lightdox-welcomes-robin-hunzingers-ultraviolette-and-the-blood-spitters-gang\/\" target=\"_self\">Lightdox Welcomes Robin Hunzinger&#8217;s &#8216;Ultraviolette and the Blood-Spitters Gang&#8217;<\/a><\/h2><p class=\"tg-item-excerpt\">We\u2019re so excited to welcome Robin Hunzinger\u2019s wonderful feature documentary &#8216;Ultraviolette and the Blood-Spitters Gang&#8217; to our catalogue!&#8230;<\/p><\/div><\/div><a class=\"tg-link-button\" href=\"https:\/\/lightdox.com\/lightdox-welcomes-robin-hunzingers-ultraviolette-and-the-blood-spitters-gang\/\" target=\"_self\"><i class=\"tg-icon-link\"><\/i><\/a><\/div><\/div><\/article><article class=\"tg-item tg-post-3895 light-dox f6\" data-date=\"1640271753\" data-row=\"1\" data-col=\"1\"><div class=\"tg-item-inner\"><div class=\"tg-item-media-holder tg-dark\"><div class=\"tg-item-media-inner\"><div class=\"tg-item-image\" style=\"background-image: url(https:\/\/lightdox.com\/wp-content\/uploads\/2021\/12\/A2_Arica_1221-724x1024.jpg)\"><\/div><\/div><div class=\"tg-center-holder\"><div class=\"tg-center-inner\"><div class=\"tg-item-overlay\"><\/div><h2 class=\"tg-item-title\"><a href=\"https:\/\/lightdox.com\/arica-to-be-part-of-vice-the-short-list-with-suroosh-alvi\/\" target=\"_self\">ARICA to be part of VICE&#8217;s &#8216;The Short List with Suroosh Alvi&#8217;<\/a><\/h2><p class=\"tg-item-excerpt\">Lars Edman and William Johansson Kal\u00e9n&#8217;s ARICA will be part of the second season which is set to premiere globally in Spring 2022&#8230;.<\/p><\/div><\/div><a class=\"tg-link-button\" href=\"https:\/\/lightdox.com\/arica-to-be-part-of-vice-the-short-list-with-suroosh-alvi\/\" target=\"_self\"><i class=\"tg-icon-link\"><\/i><\/a><\/div><\/div><\/article><article class=\"tg-item tg-post-3793 light-dox f6\" data-date=\"1638813286\" data-row=\"1\" data-col=\"1\"><div class=\"tg-item-inner\"><div class=\"tg-item-media-holder tg-dark\"><div class=\"tg-item-media-inner\"><div class=\"tg-item-image\" style=\"background-image: url(https:\/\/lightdox.com\/wp-content\/uploads\/2021\/12\/IMG_4296-768x1024.jpeg)\"><\/div><\/div><div class=\"tg-center-holder\"><div class=\"tg-center-inner\"><div class=\"tg-item-overlay\"><\/div><h2 class=\"tg-item-title\"><a href=\"https:\/\/lightdox.com\/lightdox-at-idfa-2021\/\" target=\"_self\">Lightdox at IDFA 2021<\/a><\/h2><p class=\"tg-item-excerpt\">Another edition of IDFA is in the books and what a special event it was! We&#8217;re happy to share some of the highlights with you&#8230;.<\/p><\/div><\/div><a class=\"tg-link-button\" href=\"https:\/\/lightdox.com\/lightdox-at-idfa-2021\/\" target=\"_self\"><i class=\"tg-icon-link\"><\/i><\/a><\/div><\/div><\/article><article class=\"tg-item tg-post-3745 light-dox f6\" data-date=\"1638543388\" data-row=\"1\" data-col=\"1\"><div class=\"tg-item-inner\"><div class=\"tg-item-media-holder tg-dark\"><div class=\"tg-item-media-inner\"><div class=\"tg-item-image\" style=\"background-image: url(https:\/\/lightdox.com\/wp-content\/uploads\/2020\/04\/a-bright-light-still2-1024x576.jpg)\"><\/div><\/div><div class=\"tg-center-holder\"><div class=\"tg-center-inner\"><div class=\"tg-item-overlay\"><\/div><h2 class=\"tg-item-title\"><a href=\"https:\/\/lightdox.com\/new-book-about-cult-singer-karen-dalton-released\/\" target=\"_self\">New book about cult singer Karen Dalton released<\/a><\/h2><p class=\"tg-item-excerpt\">Emmanuelle Antille publishes new book &#8220;K D&#8221; &#8211; a final installment in a trilogy about cult singer Karen Dalton&#8230;.<\/p><\/div><\/div><a class=\"tg-link-button\" href=\"https:\/\/lightdox.com\/new-book-about-cult-singer-karen-dalton-released\/\" target=\"_self\"><i class=\"tg-icon-link\"><\/i><\/a><\/div><\/div><\/article><article class=\"tg-item tg-post-3711 light-dox f6\" data-date=\"1637176649\" data-row=\"1\" data-col=\"1\"><div class=\"tg-item-inner\"><div class=\"tg-item-media-holder tg-dark\"><div class=\"tg-item-media-inner\"><div class=\"tg-item-image\" style=\"background-image: url(https:\/\/lightdox.com\/wp-content\/uploads\/2021\/11\/MUSEUM-OF-THE-REVOLUTION-STILL-1-1024x512.jpeg)\"><\/div><\/div><div class=\"tg-center-holder\"><div class=\"tg-center-inner\"><div class=\"tg-item-overlay\"><\/div><h2 class=\"tg-item-title\"><a href=\"https:\/\/lightdox.com\/museum-of-the-revolution-to-have-world-premiere-at-idfa-2021\/\" target=\"_self\">MUSEUM OF THE REVOLUTION to World Premiere at IDFA 2021<\/a><\/h2><p class=\"tg-item-excerpt\">Museum of the Revolution by Sr\u0111an Ke\u010da, a fable of a failed utopia, will have its World Premiere at IDFA. We are proud to present three films at IDFA this&#8230;<\/p><\/div><\/div><a class=\"tg-link-button\" href=\"https:\/\/lightdox.com\/museum-of-the-revolution-to-have-world-premiere-at-idfa-2021\/\" target=\"_self\"><i class=\"tg-icon-link\"><\/i><\/a><\/div><\/div><\/article><article class=\"tg-item tg-post-3578 light-dox f6 f1\" data-date=\"1633533746\" data-row=\"1\" data-col=\"1\"><div class=\"tg-item-inner\"><div class=\"tg-item-media-holder tg-dark\"><div class=\"tg-item-media-inner\"><div class=\"tg-item-image\" style=\"background-image: url(https:\/\/lightdox.com\/wp-content\/uploads\/2021\/10\/We-are.png)\"><\/div><\/div><div class=\"tg-center-holder\"><div class=\"tg-center-inner\"><div class=\"tg-item-overlay\"><\/div><h2 class=\"tg-item-title\"><a href=\"https:\/\/lightdox.com\/lightdox-is-hiring\/\" target=\"_self\">Lightdox is hiring a Film Sales and Distribution Executive<\/a><\/h2><p class=\"tg-item-excerpt\">We are looking for a teammate! In order to accompany us in our development, we are looking for a motivated person to join our team and help us grow&#8230;.<\/p><\/div><\/div><a class=\"tg-link-button\" href=\"https:\/\/lightdox.com\/lightdox-is-hiring\/\" target=\"_self\"><i class=\"tg-icon-link\"><\/i><\/a><\/div><\/div><\/article><article class=\"tg-item tg-post-3529 light-dox f6 f61\" data-date=\"1631891305\" data-row=\"1\" data-col=\"1\"><div class=\"tg-item-inner\"><div class=\"tg-item-media-holder tg-dark\"><div class=\"tg-item-media-inner\"><div class=\"tg-item-image\" style=\"background-image: url(https:\/\/lightdox.com\/wp-content\/uploads\/2021\/02\/LesSorcieres_00086403_cTMS-Entertainment-Voyage-a-Kullorsuaq-1024x742.jpg)\"><\/div><\/div><div class=\"tg-center-holder\"><div class=\"tg-center-inner\"><div class=\"tg-item-overlay\"><\/div><h2 class=\"tg-item-title\"><a href=\"https:\/\/lightdox.com\/the-witches-of-the-orient-coming-to-canada\/\" target=\"_self\">THE WITCHES OF THE ORIENT coming to Canada<\/a><\/h2><p class=\"tg-item-excerpt\">Julien Faraut\u2019s vibrant documentary is released in Canada this September with boutique distributor Films We Like&#8230;.<\/p><\/div><\/div><a class=\"tg-link-button\" href=\"https:\/\/lightdox.com\/the-witches-of-the-orient-coming-to-canada\/\" target=\"_self\"><i class=\"tg-icon-link\"><\/i><\/a><\/div><\/div><\/article><article class=\"tg-item tg-post-3395 light-dox f6 f40\" data-date=\"1626698219\" data-row=\"1\" data-col=\"1\"><div class=\"tg-item-inner\"><div class=\"tg-item-media-holder tg-dark\"><div class=\"tg-item-media-inner\"><div class=\"tg-item-image\" style=\"background-image: url(https:\/\/lightdox.com\/wp-content\/uploads\/2021\/07\/pelo-casque-lumiere-1024x576.png)\"><\/div><\/div><div class=\"tg-center-holder\"><div class=\"tg-center-inner\"><div class=\"tg-item-overlay\"><\/div><h2 class=\"tg-item-title\"><a href=\"https:\/\/lightdox.com\/penelope-my-love-to-have-world-premiere-at-fid-marseille-2021\/\" target=\"_self\">PENELOPE MY LOVE to have World Premiere at FID Marseille 2021<\/a><\/h2><p class=\"tg-item-excerpt\">PENELOPE MY LOVE and LOOKING FOR HORSES Premiering at FID Marseille 2021. It&#8217;s a pleasure to announce that the latest addition to our catalogue &#8211; PENELOPE&#8230;<\/p><\/div><\/div><a class=\"tg-link-button\" href=\"https:\/\/lightdox.com\/penelope-my-love-to-have-world-premiere-at-fid-marseille-2021\/\" target=\"_self\"><i class=\"tg-icon-link\"><\/i><\/a><\/div><\/div><\/article><article class=\"tg-item tg-post-3313 light-dox f6\" data-date=\"1625503491\" data-row=\"1\" data-col=\"1\"><div class=\"tg-item-inner\"><div class=\"tg-item-media-holder tg-dark\"><div class=\"tg-item-media-inner\"><div class=\"tg-item-image\" style=\"background-image: url(https:\/\/lightdox.com\/wp-content\/uploads\/2021\/07\/acid-cannes-2021.jpg)\"><\/div><\/div><div class=\"tg-center-holder\"><div class=\"tg-center-inner\"><div class=\"tg-item-overlay\"><\/div><h2 class=\"tg-item-title\"><a href=\"https:\/\/lightdox.com\/lightdox-at-cannes-2021\/\" target=\"_self\">Lightdox at Cannes 2021<\/a><\/h2><p class=\"tg-item-excerpt\">We are thrilled to be part of the March\u00e9 du Film once again and  to share that LITTLE PALESTINE, DIARY OF A SIEGE is part of the ACID Cannes program at&#8230;<\/p><\/div><\/div><a class=\"tg-link-button\" href=\"https:\/\/lightdox.com\/lightdox-at-cannes-2021\/\" target=\"_self\"><i class=\"tg-icon-link\"><\/i><\/a><\/div><\/div><\/article><article class=\"tg-item tg-post-3079 light-dox f6\" data-date=\"1618580058\" data-row=\"1\" data-col=\"1\"><div class=\"tg-item-inner\"><div class=\"tg-item-media-holder tg-dark\"><div class=\"tg-item-media-inner\"><div class=\"tg-item-image\" style=\"background-image: url(https:\/\/lightdox.com\/wp-content\/uploads\/2021\/04\/EtzE8-XEAIyLpu-724x1024.jpg)\"><\/div><\/div><div class=\"tg-center-holder\"><div class=\"tg-center-inner\"><div class=\"tg-item-overlay\"><\/div><h2 class=\"tg-item-title\"><a href=\"https:\/\/lightdox.com\/lightdox-at-52nd-visions-du-reel\/\" target=\"_self\">Lightdox at 52nd Visions du R\u00e9el<\/a><\/h2><p class=\"tg-item-excerpt\">The 52nd edition of the International Film Fesival Nyon has started and we\u2019re very excited to be there and take part!&#8230;<\/p><\/div><\/div><a class=\"tg-link-button\" href=\"https:\/\/lightdox.com\/lightdox-at-52nd-visions-du-reel\/\" target=\"_self\"><i class=\"tg-icon-link\"><\/i><\/a><\/div><\/div><\/article><article class=\"tg-item tg-post-3026 light-dox f6 f54 f7 f11 f60\" data-date=\"1617893207\" data-row=\"1\" data-col=\"1\"><div class=\"tg-item-inner\"><div class=\"tg-item-media-holder tg-dark\"><div class=\"tg-item-media-inner\"><div class=\"tg-item-image\" style=\"background-image: url(https:\/\/lightdox.com\/wp-content\/uploads\/2021\/04\/Little_Palestine_10-1024x576.jpg)\"><\/div><\/div><div class=\"tg-center-holder\"><div class=\"tg-center-inner\"><div class=\"tg-item-overlay\"><\/div><h2 class=\"tg-item-title\"><a href=\"https:\/\/lightdox.com\/lightdox-welcomes-abdallah-al-khatibs-little-palestine-diary-of-a-siege\/\" target=\"_self\">Lightdox Welcomes Abdallah Al-Khatib&#8217;s Little Palestine, Diary of a Siege<\/a><\/h2><p class=\"tg-item-excerpt\">We are proud to announce the latest addition to our catalogue &#8211; Abdallah Al-Khatib\u2019s directorial debut Little Palestine, Diary of a Siege which will&#8230;<\/p><\/div><\/div><a class=\"tg-link-button\" href=\"https:\/\/lightdox.com\/lightdox-welcomes-abdallah-al-khatibs-little-palestine-diary-of-a-siege\/\" target=\"_self\"><i class=\"tg-icon-link\"><\/i><\/a><\/div><\/div><\/article><article class=\"tg-item tg-post-3007 light-dox f6\" data-date=\"1617091816\" data-row=\"1\" data-col=\"1\"><div class=\"tg-item-inner\"><div class=\"tg-item-media-holder tg-dark\"><div class=\"tg-item-media-inner\"><div class=\"tg-item-image\" style=\"background-image: url(https:\/\/lightdox.com\/wp-content\/uploads\/2020\/05\/paris-calligrammes-1024x742.jpg)\"><\/div><\/div><div class=\"tg-center-holder\"><div class=\"tg-center-inner\"><div class=\"tg-item-overlay\"><\/div><h2 class=\"tg-item-title\"><a href=\"https:\/\/lightdox.com\/icarus-acquires-north-american-rights-to-ulrike-ottingers-paris-calligrammes\/\" target=\"_self\">Icarus acquires North American rights to Ulrike Ottinger&#8217;s\u00a0Paris Calligrammes<\/a><\/h2><p class=\"tg-item-excerpt\">Ulrike Ottinger&#8217;s acclaimed doc signed for US and Canada by<br \/> distribution company Icarus Films<\/p><\/div><\/div><a class=\"tg-link-button\" href=\"https:\/\/lightdox.com\/icarus-acquires-north-american-rights-to-ulrike-ottingers-paris-calligrammes\/\" target=\"_self\"><i class=\"tg-icon-link\"><\/i><\/a><\/div><\/div><\/article><article class=\"tg-item tg-post-2895 light-dox f6 f54 f57 f58 f38 f55 f59 f56\" data-date=\"1612533031\" data-row=\"1\" data-col=\"1\"><div class=\"tg-item-inner\"><div class=\"tg-item-media-holder tg-dark\"><div class=\"tg-item-media-inner\"><div class=\"tg-item-image\" style=\"background-image: url(https:\/\/lightdox.com\/wp-content\/uploads\/2021\/02\/1126431-768x1024.jpg)\"><\/div><\/div><div class=\"tg-center-holder\"><div class=\"tg-center-inner\"><div class=\"tg-item-overlay\"><\/div><h2 class=\"tg-item-title\"><a href=\"https:\/\/lightdox.com\/lightdox-welcomes-julien-farauts-new-documentary-the-witches-of-the-orient\/\" target=\"_self\">Lightdox Welcomes Julien Faraut\u2019s New Documentary The Witches of the Orient<\/a><\/h2><p class=\"tg-item-excerpt\">Lightdox is proud to announce its new acquisition, Julien Faraut\u2019s latest film The Witches of the Orient, which wil have its International Premiere at the&#8230;<\/p><\/div><\/div><a class=\"tg-link-button\" href=\"https:\/\/lightdox.com\/lightdox-welcomes-julien-farauts-new-documentary-the-witches-of-the-orient\/\" target=\"_self\"><i class=\"tg-icon-link\"><\/i><\/a><\/div><\/div><\/article><article class=\"tg-item tg-post-2781 light-dox f6 f49 f53 f51 f48 f43 f52\" data-date=\"1606563881\" data-row=\"1\" data-col=\"1\"><div class=\"tg-item-inner\"><div class=\"tg-item-media-holder tg-dark\"><div class=\"tg-item-media-inner\"><div class=\"tg-item-image\" style=\"background-image: url(https:\/\/lightdox.com\/wp-content\/uploads\/2020\/11\/59765512_10156031064441837_4219735789849804800_o-1024x1024.jpg)\"><\/div><\/div><div class=\"tg-center-holder\"><div class=\"tg-center-inner\"><div class=\"tg-item-overlay\"><\/div><h2 class=\"tg-item-title\"><a href=\"https:\/\/lightdox.com\/anna-berthollet-lightdox-founder-to-be-a-jury-member-at-ridm-2020\/\" target=\"_self\">Anna Berthollet, Lightdox founder, to be a jury member at RIDM 2020<\/a><\/h2><p class=\"tg-item-excerpt\">Anna Berthollet will be part of the National Feature Competition jury at the 23rd edition of the Montreal International Documentary Festival, held from&#8230;<\/p><\/div><\/div><a class=\"tg-link-button\" href=\"https:\/\/lightdox.com\/anna-berthollet-lightdox-founder-to-be-a-jury-member-at-ridm-2020\/\" target=\"_self\"><i class=\"tg-icon-link\"><\/i><\/a><\/div><\/div><\/article><article class=\"tg-item tg-post-2774 light-dox f6 f47 f45 f46 f44\" data-date=\"1606473528\" data-row=\"1\" data-col=\"1\"><div class=\"tg-item-inner\"><div class=\"tg-item-media-holder tg-dark\"><div class=\"tg-item-media-inner\"><div class=\"tg-item-image\" style=\"background-image: url(https:\/\/lightdox.com\/wp-content\/uploads\/2020\/10\/Their-Algeria_new-poster-1-725x1024.jpg)\"><\/div><\/div><div class=\"tg-center-holder\"><div class=\"tg-center-inner\"><div class=\"tg-item-overlay\"><\/div><h2 class=\"tg-item-title\"><a href=\"https:\/\/lightdox.com\/lightdox-collaboration-with-mc-distribution-in-mena-region\/\" target=\"_self\">Lightdox collaboration with MC Distribution in MENA region<\/a><\/h2><p class=\"tg-item-excerpt\">We are happy to announce that we are starting a collaboration with MC Distribution in the MENA region. MC Distribution has acquired the distribution rights&#8230;<\/p><\/div><\/div><a class=\"tg-link-button\" href=\"https:\/\/lightdox.com\/lightdox-collaboration-with-mc-distribution-in-mena-region\/\" target=\"_self\"><i class=\"tg-icon-link\"><\/i><\/a><\/div><\/div><\/article><article class=\"tg-item tg-post-2744 light-dox f6 f42 f41 f34 f27 f43 f44 f40\" data-date=\"1605626152\" data-row=\"1\" data-col=\"1\"><div class=\"tg-item-inner\"><div class=\"tg-item-media-holder tg-dark\"><div class=\"tg-item-media-inner\"><div class=\"tg-item-image\" style=\"background-image: url(https:\/\/lightdox.com\/wp-content\/uploads\/2020\/11\/ARICA-Poster-724x1024.jpg)\"><\/div><\/div><div class=\"tg-center-holder\"><div class=\"tg-center-inner\"><div class=\"tg-item-overlay\"><\/div><h2 class=\"tg-item-title\"><a href=\"https:\/\/lightdox.com\/arica-to-have-world-premiere-at-idfa-2020\/\" target=\"_self\">ARICA to have World Premiere at IDFA 2020<\/a><\/h2><p class=\"tg-item-excerpt\">Lightdox is proud to present five films at the The International Documentary Festival Amsterdam this year, starting this week&#8230;.<\/p><\/div><\/div><a class=\"tg-link-button\" href=\"https:\/\/lightdox.com\/arica-to-have-world-premiere-at-idfa-2020\/\" target=\"_self\"><i class=\"tg-icon-link\"><\/i><\/a><\/div><\/div><\/article><article class=\"tg-item tg-post-2535 light-dox f6 f37 f34 f35 f36\" data-date=\"1601471261\" data-row=\"1\" data-col=\"1\"><div class=\"tg-item-inner\"><div class=\"tg-item-media-holder tg-dark\"><div class=\"tg-item-media-inner\"><div class=\"tg-item-image\" style=\"background-image: url(https:\/\/lightdox.com\/wp-content\/uploads\/2020\/06\/il-mio-corpo-poster-acid-717x1024.png)\"><\/div><\/div><div class=\"tg-center-holder\"><div class=\"tg-center-inner\"><div class=\"tg-item-overlay\"><\/div><h2 class=\"tg-item-title\"><a href=\"https:\/\/lightdox.com\/curzon-acquires-uk-and-ireland-rights-to-il-mio-corpo\/\" target=\"_self\">Curzon acquires UK and Ireland rights to Il Mio Corpo<\/a><\/h2><p class=\"tg-item-excerpt\">UK&#8217;s leading arthouse distributor and cinema chain Curzon has acquired the rights to Il Mio Corpo in the UK and Ireland. It will be featured both in&#8230;<\/p><\/div><\/div><a class=\"tg-link-button\" href=\"https:\/\/lightdox.com\/curzon-acquires-uk-and-ireland-rights-to-il-mio-corpo\/\" target=\"_self\"><i class=\"tg-icon-link\"><\/i><\/a><\/div><\/div><\/article><article class=\"tg-item tg-post-2195 light-dox f6 f33\" data-date=\"1599475500\" data-row=\"1\" data-col=\"1\"><div class=\"tg-item-inner\"><div class=\"tg-item-media-holder tg-dark\"><div class=\"tg-item-media-inner\"><div class=\"tg-item-image\" style=\"background-image: url(https:\/\/lightdox.com\/wp-content\/uploads\/2020\/04\/MADAME_Still_04_print_GM_PunkorDie-St\u00e9phane-RiethauserX.jpg)\"><\/div><\/div><div class=\"tg-center-holder\"><div class=\"tg-center-inner\"><div class=\"tg-item-overlay\"><\/div><h2 class=\"tg-item-title\"><a href=\"https:\/\/lightdox.com\/madame-world-tour-continues\/\" target=\"_self\">Madame World Tour Continues<\/a><\/h2><p class=\"tg-item-excerpt\">After a holdback caused by COVID-19 pandemic, Madame documentary hits the road&#8230;<\/p><\/div><\/div><a class=\"tg-link-button\" href=\"https:\/\/lightdox.com\/madame-world-tour-continues\/\" target=\"_self\"><i class=\"tg-icon-link\"><\/i><\/a><\/div><\/div><\/article><article class=\"tg-item tg-post-1028 light-dox f6\" data-date=\"1592775274\" data-row=\"1\" data-col=\"1\"><div class=\"tg-item-inner\"><div class=\"tg-item-media-holder tg-dark\"><div class=\"tg-item-media-inner\"><div class=\"tg-item-image\" style=\"background-image: url(https:\/\/lightdox.com\/wp-content\/uploads\/2020\/06\/citizen-nobel-poster-717x1024.jpg)\"><\/div><\/div><div class=\"tg-center-holder\"><div class=\"tg-center-inner\"><div class=\"tg-item-overlay\"><\/div><h2 class=\"tg-item-title\"><a href=\"https:\/\/lightdox.com\/another-wonderful-collaboration-with-stephane-goel-and-a-first-nobel-prize-winner-in-our-line-up\/\" target=\"_self\">Collaboration with St\u00e9phane Go\u00ebl and a first Nobel Prize winner in our line-up<\/a><\/h2><p class=\"tg-item-excerpt\">Another wonderful collaboration with St\u00e9phane Go\u00ebl and a first Nobel Prize winner in our line-up After working successfully with St\u00e9phane Go\u00ebl previous&#8230;<\/p><\/div><\/div><a class=\"tg-link-button\" href=\"https:\/\/lightdox.com\/another-wonderful-collaboration-with-stephane-goel-and-a-first-nobel-prize-winner-in-our-line-up\/\" target=\"_self\"><i class=\"tg-icon-link\"><\/i><\/a><\/div><\/div><\/article><article class=\"tg-item tg-post-569 light-dox f6 f31\" data-date=\"1588396620\" data-row=\"1\" data-col=\"1\"><div class=\"tg-item-inner\"><div class=\"tg-item-media-holder tg-dark\"><div class=\"tg-item-media-inner\"><div class=\"tg-item-image\" style=\"background-image: url(https:\/\/lightdox.com\/wp-content\/uploads\/2020\/05\/1586951414400_0620x0435_0x0x0x0_1587972036550.jpg)\"><\/div><\/div><div class=\"tg-center-holder\"><div class=\"tg-center-inner\"><div class=\"tg-item-overlay\"><\/div><h2 class=\"tg-item-title\"><a href=\"https:\/\/lightdox.com\/51st-visions-du-reel-17-april-2-may-2020\/\" target=\"_self\">51st Visions du R\u00e9el (17 April\u20142 May 2020)<\/a><\/h2><p class=\"tg-item-excerpt\">This first time completely online edition, was finished with success, bringing new formats, industry events and online meetings but keeping rigorous&#8230;<\/p><\/div><\/div><a class=\"tg-link-button\" href=\"https:\/\/lightdox.com\/51st-visions-du-reel-17-april-2-may-2020\/\" target=\"_self\"><i class=\"tg-icon-link\"><\/i><\/a><\/div><\/div><\/article><article class=\"tg-item tg-post-558 light-dox f6 f28 f25 f30 f29 f27 f26\" data-date=\"1582778700\" data-row=\"1\" data-col=\"1\"><div class=\"tg-item-inner\"><div class=\"tg-item-media-holder tg-dark\"><div class=\"tg-item-media-inner\"><div class=\"tg-item-image\" style=\"background-image: url(https:\/\/lightdox.com\/wp-content\/uploads\/2020\/05\/paris-calligrammes-1024x742.jpg)\"><\/div><\/div><div class=\"tg-center-holder\"><div class=\"tg-center-inner\"><div class=\"tg-item-overlay\"><\/div><h2 class=\"tg-item-title\"><a href=\"https:\/\/lightdox.com\/lightdox-welcomes-ulrike-ottingers-new-documentary-paris-calligrammes\/\" target=\"_self\">Lightdox Welcomes Ulrike Ottinger\u2019s new documentary Paris Calligrammes<\/a><\/h2><p class=\"tg-item-excerpt\">We are proudly announcing our new acquisition, Ulrike Ottinger\u2019s latest film Paris Calligrammes, that premiered at the 70th edition of Berlin International&#8230;<\/p><\/div><\/div><a class=\"tg-link-button\" href=\"https:\/\/lightdox.com\/lightdox-welcomes-ulrike-ottingers-new-documentary-paris-calligrammes\/\" target=\"_self\"><i class=\"tg-icon-link\"><\/i><\/a><\/div><\/div><\/article><\/div><\/div><\/div>","protected":false},"excerpt":{"rendered":"<p>News<\/p>\n","protected":false},"author":1,"featured_media":0,"parent":0,"menu_order":0,"comment_status":"closed","ping_status":"closed","template":"","meta":{"_acf_changed":false,"_genesis_hide_title":false,"_genesis_hide_breadcrumbs":false,"_genesis_hide_singular_image":false,"_genesis_hide_footer_widgets":false,"_genesis_custom_body_class":"","_genesis_custom_post_class":"","_genesis_layout":"","footnotes":""},"acf":[],"_links":{"self":[{"href":"https:\/\/lightdox.com\/wp-json\/wp\/v2\/pages\/566"}],"collection":[{"href":"https:\/\/lightdox.com\/wp-json\/wp\/v2\/pages"}],"about":[{"href":"https:\/\/lightdox.com\/wp-json\/wp\/v2\/types\/page"}],"author":[{"embeddable":true,"href":"https:\/\/lightdox.com\/wp-json\/wp\/v2\/users\/1"}],"replies":[{"embeddable":true,"href":"https:\/\/lightdox.com\/wp-json\/wp\/v2\/comments?post=566"}],"version-history":[{"count":1,"href":"https:\/\/lightdox.com\/wp-json\/wp\/v2\/pages\/566\/revisions"}],"predecessor-version":[{"id":567,"href":"https:\/\/lightdox.com\/wp-json\/wp\/v2\/pages\/566\/revisions\/567"}],"wp:attachment":[{"href":"https:\/\/lightdox.com\/wp-json\/wp\/v2\/media?parent=566"}],"curies":[{"name":"wp","href":"https:\/\/api.w.org\/{rel}","templated":true}]}}