{"id":18,"date":"2022-02-16T10:04:40","date_gmt":"2022-02-16T09:04:40","guid":{"rendered":"https:\/\/wp.fthgiessen.de\/?page_id=18"},"modified":"2025-07-08T18:18:50","modified_gmt":"2025-07-08T16:18:50","slug":"datenschutz","status":"publish","type":"page","link":"https:\/\/fth.de\/datenschutz\/","title":{"rendered":"Datenschutz"},"content":{"rendered":"<div id='av_section_1'  class='avia-section av-44hgm-a29d0dfd5555ee6ea502fba724cb7361 main_color avia-section-huge avia-no-border-styling  avia-builder-el-0  avia-builder-el-no-sibling  avia-bg-style-scroll av-minimum-height av-minimum-height-75 av-height-75  container_wrap fullsize'   data-av_minimum_height_pc='75' data-av_min_height_opt='75'><div class='container av-section-cont-open' ><main  role=\"main\" itemprop=\"mainContentOfPage\"  class='template-page content  av-content-full alpha units'><div class='post-entry post-entry-type-page post-entry-18'><div class='entry-content-wrapper clearfix'>\n<div  class='flex_column av-s3ti-ae4d7afa67f9bc422bf710e6a7fceeab av_one_third  avia-builder-el-1  el_before_av_two_third  avia-builder-el-first  first av-break-at-tablet flex_column_div  '     ><section  class='av_textblock_section av-l0gz5i1p-ba4565283bf7b96a2a184df4bc5e4634 '   itemscope=\"itemscope\" itemtype=\"https:\/\/schema.org\/CreativeWork\" ><div class='avia_textblock'  itemprop=\"text\" ><h2>Kontaktdaten des Unternehmens:<\/h2>\n<p>Freie Theologische Hochschule (FTH) Gie\u00dfen<br \/>\nTel. +49 (0) 641-979700<br \/>\nE-Mail: info@fth.de<\/p>\n<p>Unternehmensbezeichnung:<br \/>\nF\u00f6rderverein f\u00fcr evangelikale Theologie und Ausbildung (FTA) e.V.<br \/>\nRathenaustr. 5-7, 35394 Gie\u00dfen<\/p>\n<p>Mitglieder des Vorstands (FTA e.V.)<\/p>\n<ul>\n<li>Irmgard Heitmann, Vorsitzende<\/li>\n<li>Brigitte Bieber, 1. stv. Vorsitzende<\/li>\n<li>Matthias Hennemann, 2. stv. Vorsitzender<\/li>\n<\/ul>\n<h3>Kontaktdaten des Datenschutzbeauftragten:<\/h3>\n<p>Dipl.-Ing. Lars Ebertz<br \/>\nim Namen der\u00a0L-E-C.COM\u00a0GmbH<br \/>\nOber den Wiesen 17<br \/>\n35756 Mittenaar<\/p>\n<p>E-Mail:\u00a0lars@ebertz-datenschutz.de<\/p>\n<\/div><\/section><br \/>\n\n<style type=\"text\/css\" data-created_by=\"avia_inline_auto\" id=\"style-css-av-l2meb1sa-2fdaf01ea450e5ee6ab5aa564275572b\">\n#top .hr.hr-invisible.av-l2meb1sa-2fdaf01ea450e5ee6ab5aa564275572b{\nheight:60px;\n}\n<\/style>\n<div  class='hr av-l2meb1sa-2fdaf01ea450e5ee6ab5aa564275572b hr-invisible  avia-builder-el-3  el_after_av_textblock  avia-builder-el-last '><span class='hr-inner '><span class=\"hr-inner-style\"><\/span><\/span><\/div><\/p><\/div><div  class='flex_column av-3hu12-13ced3b8fc009a649d26ae800aa00f5e av_two_third  avia-builder-el-4  el_after_av_one_third  avia-builder-el-last  av-break-at-tablet flex_column_div  '     ><section  class='av_textblock_section av-l2mebhhl-ac9d326adcf0263d29a3b38318abf282 '   itemscope=\"itemscope\" itemtype=\"https:\/\/schema.org\/CreativeWork\" ><div class='avia_textblock'  itemprop=\"text\" ><h1>Datenschutzerkl\u00e4rung<\/h1>\n<\/div><\/section><br \/>\n\n<style type=\"text\/css\" data-created_by=\"avia_inline_auto\" id=\"style-css-av-l2meb7y5-fe8c7d3afee5f29290c8f7533e470cf6\">\n#top .hr.hr-invisible.av-l2meb7y5-fe8c7d3afee5f29290c8f7533e470cf6{\nheight:20px;\n}\n<\/style>\n<div  class='hr av-l2meb7y5-fe8c7d3afee5f29290c8f7533e470cf6 hr-invisible  avia-builder-el-6  el_after_av_textblock  el_before_av_textblock '><span class='hr-inner '><span class=\"hr-inner-style\"><\/span><\/span><\/div><br \/>\n<section  class='av_textblock_section av-2hpvi-8084d34cf55a41e278488b8a8f29317e '   itemscope=\"itemscope\" itemtype=\"https:\/\/schema.org\/CreativeWork\" ><div class='avia_textblock'  itemprop=\"text\" ><h2>1. Datenschutz auf einen Blick<\/h2>\n<h3>Allgemeine Hinweise<\/h3>\n<p>Die folgenden Hinweise geben einen einfachen \u00dcberblick dar\u00fcber, was mit Ihren personenbezogenen Daten passiert, wenn Sie diese Website besuchen. Personenbezogene Daten sind alle Daten, mit denen Sie pers\u00f6nlich identifiziert werden k\u00f6nnen. Ausf\u00fchrliche Informationen zum Thema Datenschutz entnehmen Sie unserer unter diesem Text aufgef\u00fchrten Datenschutzerkl\u00e4rung.<\/p>\n<h3>Datenerfassung auf dieser Website<\/h3>\n<h4>Wer ist verantwortlich f\u00fcr die Datenerfassung auf dieser Website?<\/h4>\n<p>Die Datenverarbeitung auf dieser Website erfolgt durch den Websitebetreiber. Dessen Kontaktdaten k\u00f6nnen Sie dem Impressum dieser Website entnehmen.<\/p>\n<h4>Wie erfassen wir Ihre Daten?<\/h4>\n<p>Ihre Daten werden zum einen dadurch erhoben, dass Sie uns diese mitteilen. Hierbei kann es sich z. B. um Daten handeln, die Sie in ein Kontaktformular eingeben.<\/p>\n<p>Andere Daten werden automatisch oder nach Ihrer Einwilligung beim Besuch der Website durch unsere ITSysteme erfasst. Das sind vor allem technische Daten (z. B. Internetbrowser, Betriebssystem oder Uhrzeit des Seitenaufrufs). Die Erfassung dieser Daten erfolgt automatisch, sobald Sie diese Website betreten.<\/p>\n<h4>Wof\u00fcr nutzen wir Ihre Daten?<\/h4>\n<p>Ein Teil der Daten wird erhoben, um eine fehlerfreie Bereitstellung der Website zu gew\u00e4hrleisten. Andere Daten k\u00f6nnen zur Analyse Ihres Nutzerverhaltens verwendet werden.<\/p>\n<h4>Welche Rechte haben Sie bez\u00fcglich Ihrer Daten?<\/h4>\n<p>Sie haben jederzeit das Recht, unentgeltlich Auskunft \u00fcber Herkunft, Empf\u00e4nger und Zweck Ihrergespeicherten personenbezogenen Daten zu erhalten. Sie haben au\u00dferdem ein Recht, die Berichtigung oder L\u00f6schung dieser Daten zu verlangen. Wenn Sie eine Einwilligung zur Datenverarbeitung erteilt haben, k\u00f6nnen Sie diese Einwilligung jederzeit f\u00fcr die Zukunft widerrufen. Au\u00dferdem haben Sie das Recht, unter bestimmten Umst\u00e4nden die Einschr\u00e4nkung der Verarbeitung Ihrer personenbezogenen Daten zu verlangen. Des Weiteren steht Ihnen ein Beschwerderecht bei der zust\u00e4ndigen Aufsichtsbeh\u00f6rde zu.<\/p>\n<p>Hierzu sowie zu weiteren Fragen zum Thema Datenschutz k\u00f6nnen Sie sich jederzeit unter der im Impressum angegebenen Adresse an uns wenden.<\/p>\n<h2>2. Hosting und Content Delivery Networks (CDN)<\/h2>\n<h3>Externes Hosting<\/h3>\n<p>Diese Website wird bei einem externen Dienstleister gehostet (Hoster). Die personenbezogenen Daten, die auf dieser Website erfasst werden, werden auf den Servern des Hosters gespeichert. Hierbei kann es sich v. a. um IP-Adressen, Kontaktanfragen, Meta- und Kommunikationsdaten, Vertragsdaten, Kontaktdaten, Namen, Websitezugriffe und sonstige Daten, die \u00fcber eine Website generiert werden, handeln.<br \/>\nDer Einsatz des Hosters erfolgt zum Zwecke der Vertragserf\u00fcllung gegen\u00fcber unseren potenziellen und bestehenden Kunden (Art. 6 Abs. 1 lit. b DSGVO) und im Interesse einer sicheren, schnellen und effizienten Bereitstellung unseres Online-Angebots durch einen professionellen Anbieter (Art. 6 Abs. 1 lit. f DSGVO).<\/p>\n<p>Unser Hoster wird Ihre Daten nur insoweit verarbeiten, wie dies zur Erf\u00fcllung seiner Leistungspflichten erforderlich ist und unsere Weisungen in Bezug auf diese Daten befolgen.<\/p>\n<h4>Abschluss eines Vertrages \u00fcber Auftragsverarbeitung<\/h4>\n<p>Um die datenschutzkonforme Verarbeitung zu gew\u00e4hrleisten, haben wir einen Vertrag \u00fcber Auftragsverarbeitung mit unserem Hoster geschlossen.<\/p>\n<h2>3. Allgemeine Hinweise und Pflichtinformationen<\/h2>\n<h3>Datenschutz<\/h3>\n<p>Die Betreiber dieser Seiten nehmen den Schutz Ihrer pers\u00f6nlichen Daten sehr ernst. Wir behandeln Ihre personenbezogenen Daten vertraulich und entsprechend der gesetzlichen Datenschutzvorschriften sowie dieser Datenschutzerkl\u00e4rung.<\/p>\n<p>Wenn Sie diese Website benutzen, werden verschiedene personenbezogene Daten erhoben. Personenbezogene Daten sind Daten, mit denen Sie pers\u00f6nlich identifiziert werden k\u00f6nnen. Die vorliegende Datenschutzerkl\u00e4rung erl\u00e4utert, welche Daten wir erheben und wof\u00fcr wir sie nutzen. Sie erl\u00e4utert auch, wie und zu welchem Zweck das geschieht.<\/p>\n<p>Wir weisen darauf hin, dass die Daten\u00fcbertragung im Internet (z. B. bei der Kommunikation per E-Mail) Sicherheitsl\u00fccken aufweisen kann. Ein l\u00fcckenloser Schutz der Daten vor dem Zugriff durch Dritte ist nicht m\u00f6glich.<\/p>\n<h3>Hinweis zur verantwortlichen Stelle<\/h3>\n<p>Die verantwortliche Stelle f\u00fcr die Datenverarbeitung auf dieser Website ist:<\/p>\n<p>Freie Theologische Hochschule (FTH) Gie\u00dfen<\/p>\n<p>Getragen durch:<\/p>\n<p>F\u00f6rderverein f\u00fcr evangelikale Theologie und Ausbildung (FTA) e.V.<br \/>\nRathenaustr. 5-7, 35394 Gie\u00dfen<\/p>\n<p>Telefon: +49 (0) 641 979700<br \/>\nE-Mail: info@fth.de<\/p>\n<p>Verantwortliche Stelle ist die nat\u00fcrliche oder juristische Person, die allein oder gemeinsam mit anderen \u00fcber die Zwecke und Mittel der Verarbeitung von personenbezogenen Daten (z. B. Namen, E-Mail-Adressen o. \u00c4.) entscheidet.<\/p>\n<h3>Gesetzlich vorgeschriebener Datenschutzbeauftragter<\/h3>\n<p>Wir haben f\u00fcr unser Unternehmen einen Datenschutzbeauftragten bestellt.<\/p>\n<p>Dipl.-Ing. Lars Ebertz im Namen der\u00a0L-E-C.COM\u00a0GmbH<br \/>\nOber den Wiesen 17<br \/>\n35756 Mittenaar<\/p>\n<p>E-Mail:\u00a0lars@ebertz-datenschutz.de<\/p>\n<h3>Widerruf Ihrer Einwilligung zur Datenverarbeitung<\/h3>\n<p>Viele Datenverarbeitungsvorg\u00e4nge sind nur mit Ihrer ausdr\u00fccklichen Einwilligung m\u00f6glich. Sie k\u00f6nnen eine bereits erteilte Einwilligung jederzeit widerrufen. Die Rechtm\u00e4\u00dfigkeit der bis zum Widerruf erfolgten Datenverarbeitung bleibt vom Widerruf unber\u00fchrt.<\/p>\n<h3>Widerspruchsrecht gegen die Datenerhebung in besonderen F\u00e4llen sowie gegen Direktwerbung (Art. 21 DSGVO)<\/h3>\n<p>WENN DIE DATENVERARBEITUNG AUF GRUNDLAGE VON ART. 6 ABS. 1 LIT. E ODER F DSGVO ERFOLGT, HABEN SIE JEDERZEIT DAS RECHT, AUS GR\u00dcNDEN, DIE SICH AUS IHRER BESONDEREN SITUATION ERGEBEN, GEGEN DIE VERARBEITUNG IHRER PERSONENBEZOGENEN DATEN WIDERSPRUCH EINZULEGEN; DIES GILT AUCH F\u00dcR EIN AUF DIESE BESTIMMUNGEN GEST\u00dcTZTES PROFILING. DIE JEWEILIGE RECHTSGRUNDLAGE, AUF DENEN EINE VERARBEITUNG BERUHT, ENTNEHMEN SIE DIESER DATENSCHUTZERKL\u00c4RUNG. WENN SIE WIDERSPRUCH EINLEGEN, WERDEN WIR IHRE BETROFFENEN PERSONENBEZOGENEN DATEN NICHT MEHR VERARBEITEN, ES SEI DENN, WIR K\u00d6NNEN ZWINGENDE SCHUTZW\u00dcRDIGE GR\u00dcNDE F\u00dcR DIE VERARBEITUNG NACHWEISEN, DIE IHRE INTERESSEN, RECHTE UND FREIHEITEN \u00dcBERWIEGEN ODER DIE VERARBEITUNG DIENT DER GELTENDMACHUNG, AUS\u00dcBUNG ODER VERTEIDIGUNG VON RECHTSANSPR\u00dcCHEN (WIDERSPRUCH NACH ART. 21 ABS. 1 DSGVO).<\/p>\n<p>WERDEN IHRE PERSONENBEZOGENEN DATEN VERARBEITET, UM DIREKTWERBUNG ZU BETREIBEN, SO HABEN SIE DAS RECHT, JEDERZEIT WIDERSPRUCH GEGEN DIE VERARBEITUNG SIE BETREFFENDER PERSONENBEZOGENER DATEN ZUM ZWECKE DERARTIGER WERBUNG EINZULEGEN; DIES GILT AUCH F\u00dcR DAS PROFILING, SOWEIT ES MIT SOLCHER DIREKTWERBUNG IN VERBINDUNG STEHT. WENN SIE WIDERSPRECHEN, WERDEN IHRE PERSONENBEZOGENEN DATEN ANSCHLIESSEND NICHT MEHR ZUM ZWECKE DER DIREKTWERBUNG VERWENDET (WIDERSPRUCH NACH ART. 21 ABS. 2 DSGVO).<\/p>\n<h3>Beschwerderecht bei der zust\u00e4ndigen Aufsichtsbeh\u00f6rde<\/h3>\n<p>Im Falle von Verst\u00f6\u00dfen gegen die DSGVO steht den Betroffenen ein Beschwerderecht bei einer Aufsichtsbeh\u00f6rde, insbesondere in dem Mitgliedstaat ihres gew\u00f6hnlichen Aufenthalts, ihres Arbeitsplatzes oder des Orts des mutma\u00dflichen Versto\u00dfes zu. Das Beschwerderecht besteht unbeschadet anderweitiger verwaltungsrechtlicher oder gerichtlicher Rechtsbehelfe.<\/p>\n<h3>Recht auf Daten\u00fcbertragbarkeit<\/h3>\n<p>Sie haben das Recht, Daten, die wir auf Grundlage Ihrer Einwilligung oder in Erf\u00fcllung eines Vertrags automatisiert verarbeiten, an sich oder an einen Dritten in einem g\u00e4ngigen, maschinenlesbaren Format aush\u00e4ndigen zu lassen. Sofern Sie die direkte \u00dcbertragung der Daten an einen anderen Verantwortlichen verlangen, erfolgt dies nur, soweit es technisch machbar ist.<\/p>\n<h3>SSL- bzw. TLS-Verschl\u00fcsselung<\/h3>\n<p>Diese Seite nutzt aus Sicherheitsgr\u00fcnden und zum Schutz der \u00dcbertragung vertraulicher Inhalte, wie zum Beispiel Bestellungen oder Anfragen, die Sie an uns als Seitenbetreiber senden, eine SSL- bzw. TLS-Verschl\u00fcsselung.<\/p>\n<p>Eine verschl\u00fcsselte Verbindung erkennen Sie daran, dass die Adresszeile des Browsers von \u201ehttp:\/\/\u201c auf \u201ehttps:\/\/\u201c wechselt und an dem Schloss-Symbol in Ihrer Browserzeile. Wenn die SSL- bzw. TLS-Verschl\u00fcsselung aktiviert ist, k\u00f6nnen die Daten, die Sie an uns \u00fcbermitteln, nicht von Dritten mitgelesen werden.<\/p>\n<h3>Auskunft, L\u00f6schung und Berichtigung<\/h3>\n<p>Sie haben im Rahmen der geltenden gesetzlichen Bestimmungen jederzeit das Recht auf unentgeltliche Auskunft \u00fcber Ihre gespeicherten personenbezogenen Daten, deren Herkunft und Empf\u00e4nger und den Zweck der Datenverarbeitung und ggf. ein Recht auf Berichtigung oder L\u00f6schung dieser Daten. Hierzu sowie zu weiteren Fragen zum Thema personenbezogene Daten k\u00f6nnen Sie sich jederzeit unter der im Impressum angegebenen Adresse an uns wenden.<\/p>\n<h3>Recht auf Einschr\u00e4nkung der Verarbeitung<\/h3>\n<p>Sie haben das Recht, die Einschr\u00e4nkung der Verarbeitung Ihrer personenbezogenen Daten zu verlangen. Hierzu k\u00f6nnen Sie sich jederzeit unter der im Impressum angegebenen Adresse an uns wenden. Das Recht auf Einschr\u00e4nkung der Verarbeitung besteht in folgenden F\u00e4llen:<\/p>\n<ul>\n<li>Wenn Sie die Richtigkeit Ihrer bei uns gespeicherten personenbezogenen Daten bestreiten, ben\u00f6tigen wir in der Regel Zeit, um dies zu \u00fcberpr\u00fcfen. F\u00fcr die Dauer der Pr\u00fcfung haben Sie das Recht, die Einschr\u00e4nkung der Verarbeitung Ihrer personenbezogenen Daten zu verlangen.\n<ul>\n<li>Wenn die Verarbeitung Ihrer personenbezogenen Daten unrechtm\u00e4\u00dfig geschah\/geschieht, k\u00f6nnen Sie statt der L\u00f6schung die Einschr\u00e4nkung der Datenverarbeitung verlangen.<\/li>\n<li>Wenn wir Ihre personenbezogenen Daten nicht mehr ben\u00f6tigen, Sie sie jedoch zur Aus\u00fcbung, Verteidigung oder Geltendmachung von Rechtsanspr\u00fcchen ben\u00f6tigen, haben Sie das Recht, statt der L\u00f6schung die Einschr\u00e4nkung der Verarbeitung Ihrer personenbezogenen Daten zu verlangen.<\/li>\n<\/ul>\n<\/li>\n<li>Wenn Sie einen Widerspruch nach Art. 21 Abs. 1 DSGVO eingelegt haben, muss eine Abw\u00e4gung zwischen Ihren und unseren Interessen vorgenommen werden. Solange noch nicht feststeht, wessen Interessen \u00fcberwiegen, haben Sie das Recht, die Einschr\u00e4nkung der Verarbeitung Ihrer personenbezogenen Daten zu verlangen.<\/li>\n<\/ul>\n<p>Wenn Sie die Verarbeitung Ihrer personenbezogenen Daten eingeschr\u00e4nkt haben, d\u00fcrfen diese Daten \u2013 von ihrer Speicherung abgesehen \u2013 nur mit Ihrer Einwilligung oder zur Geltendmachung, Aus\u00fcbung oder Verteidigung von Rechtsanspr\u00fcchen oder zum Schutz der Rechte einer anderen nat\u00fcrlichen oder juristischen Person oder aus Gr\u00fcnden eines wichtigen \u00f6ffentlichen Interesses der Europ\u00e4ischen Union oder eines Mitgliedstaats verarbeitet werden.<\/p>\n<h3>Widerspruch gegen Werbe-E-Mails<\/h3>\n<p>Der Nutzung von im Rahmen der Impressumspflicht ver\u00f6ffentlichten Kontaktdaten zur \u00dcbersendung von nicht ausdr\u00fccklich angeforderter Werbung und Informationsmaterialien wird hiermit widersprochen. Die Betreiber der Seiten behalten sich ausdr\u00fccklich rechtliche Schritte im Falle der unverlangten Zusendung von Werbeinformationen, etwa durch Spam-E-Mails, vor.<\/p>\n<h2>4. Datenerfassung auf dieser Website<\/h2>\n<h3>Cookies<\/h3>\n<p>Diese Website verwendet keine automatisch gesetzten Cookies zur Nutzerwiedererkennung. Cookies sind kleine Textdateien, die Webbrowser auf einem Endger\u00e4t speichern. Diese helfen dabei, das Angebot nutzerfreundlicher, effektiver und sicherer zu machen.<\/p>\n<p>Nach dem durch Sie autorisierten Abspielen eines Videos von YouTube, kann YouTube bzw. Google verschiedene Cookies auf Ihrem Endger\u00e4t speichern. Die Cookies verbleiben auf Ihrem Endger\u00e4t, bis sie abgelaufen sind oder Sie sie l\u00f6schen. Gleiches gilt f\u00fcr die anderen von uns verwendeten Plugins und Tools (siehe 5.).<\/p>\n<p>Mit einem modernen Webbrowser k\u00f6nnen Sie das Setzen von Cookies \u00fcberwachen, einschr\u00e4nken oder unterbinden. Viele Webbrowser lassen sich so konfigurieren, dass Cookies mit dem Schlie\u00dfen des Programms von selbst gel\u00f6scht werden.<\/p>\n<h3>Server-Log-Dateien<\/h3>\n<p>Der Provider der Seiten erhebt und speichert automatisch Informationen in so genannten Server-LogDateien, die Ihr Browser automatisch an uns \u00fcbermittelt. Dies sind:<\/p>\n<ul>\n<li>Browsertyp und Browserversion verwendetes Betriebssystem<\/li>\n<li>Referrer URL<\/li>\n<li>Hostname des zugreifenden Rechners<\/li>\n<li>Uhrzeit der Serveranfrage IP-Adresse<\/li>\n<\/ul>\n<p>Eine Zusammenf\u00fchrung dieser Daten mit anderen Datenquellen wird nicht vorgenommen.<\/p>\n<p>Die Erfassung dieser Daten erfolgt auf Grundlage von Art. 6 Abs. 1 lit. f DSGVO. Der Websitebetreiber hat ein berechtigtes Interesse an der technisch fehlerfreien Darstellung und der Optimierung seiner Website \u2013 hierzu m\u00fcssen die Server-Log-Files erfasst werden.<\/p>\n<h3>Kontaktformular<\/h3>\n<p>Wenn Sie uns per Kontaktformular Anfragen zukommen lassen, werden Ihre Angaben aus dem Anfrageformular inklusive der von Ihnen dort angegebenen Kontaktdaten zwecks Bearbeitung der Anfrage und f\u00fcr den Fall von Anschlussfragen bei uns gespeichert. Diese Daten geben wir nicht ohne Ihre Einwilligung weiter.<\/p>\n<p>Die Verarbeitung dieser Daten erfolgt auf Grundlage von Art. 6 Abs. 1 lit. b DSGVO, sofern Ihre Anfrage mit der Erf\u00fcllung eines Vertrags zusammenh\u00e4ngt oder zur Durchf\u00fchrung vorvertraglicher Ma\u00dfnahmen erforderlich ist. In allen \u00fcbrigen F\u00e4llen beruht die Verarbeitung auf unserem berechtigten Interesse an der effektiven Bearbeitung der an uns gerichteten Anfragen (Art. 6 Abs. 1 lit. f DSGVO) oder auf Ihrer Einwilligung (Art. 6 Abs. 1 lit. a DSGVO) sofern diese abgefragt wurde.<\/p>\n<p>Die von Ihnen im Kontaktformular eingegebenen Daten verbleiben bei uns, bis Sie uns zur L\u00f6schung auffordern, Ihre Einwilligung zur Speicherung widerrufen oder der Zweck f\u00fcr die Datenspeicherung entf\u00e4llt<br \/>\n(z. B. nach abgeschlossener Bearbeitung Ihrer Anfrage). Zwingende gesetzliche Bestimmungen \u2013 insbesondere Aufbewahrungsfristen \u2013 bleiben unber\u00fchrt.<\/p>\n<h3>Anfrage per E-Mail, Telefon oder Telefax<\/h3>\n<p>Wenn Sie uns per E-Mail, Telefon oder Telefax kontaktieren, wird Ihre Anfrage inklusive aller daraus hervorgehenden personenbezogenen Daten (Name, Anfrage) zum Zwecke der Bearbeitung Ihres Anliegens bei uns gespeichert und verarbeitet. Diese Daten geben wir nicht ohne Ihre Einwilligung weiter.<\/p>\n<p>Die Verarbeitung dieser Daten erfolgt auf Grundlage von Art. 6 Abs. 1 lit. b DSGVO, sofern Ihre Anfrage mit der Erf\u00fcllung eines Vertrags zusammenh\u00e4ngt oder zur Durchf\u00fchrung vorvertraglicher Ma\u00dfnahmen erforderlich ist. In allen \u00fcbrigen F\u00e4llen beruht die Verarbeitung auf unserem berechtigten Interesse an der effektiven Bearbeitung der an uns gerichteten Anfragen (Art. 6 Abs. 1 lit. f DSGVO) oder auf Ihrer Einwilligung (Art. 6 Abs. 1 lit. a DSGVO) sofern diese abgefragt wurde.<\/p>\n<p>Die von Ihnen an uns per Kontaktanfragen \u00fcbersandten Daten verbleiben bei uns, bis Sie uns zur L\u00f6schung auffordern, Ihre Einwilligung zur Speicherung widerrufen oder der Zweck f\u00fcr die Datenspeicherung entf\u00e4llt<br \/>\n(z. B. nach abgeschlossener Bearbeitung Ihres Anliegens). Zwingende gesetzliche Bestimmungen \u2013 insbesondere gesetzliche Aufbewahrungsfristen \u2013 bleiben unber\u00fchrt.<\/p>\n<h3>Kommunikation via WhatsApp<\/h3>\n<p>F\u00fcr die Kommunikation mit unseren Kunden und sonstigen Dritten nutzen wir unter anderem den InstantMessaging-Dienst WhatsApp. Anbieter ist die WhatsApp Ireland Limited, 4 Grand Canal Square, Grand Canal Harbour, Dublin 2, Irland.<\/p>\n<p>Die Kommunikation erfolgt \u00fcber eine Ende-zu-Ende-Verschl\u00fcsselung (Peer-to-Peer), die verhindert, dass WhatsApp oder sonstige Dritte Zugriff auf die Kommunikationsinhalte erlangen k\u00f6nnen. WhatsApp erh\u00e4lt jedoch Zugriff auf Metadaten, die im Zuge des Kommunikationsvorgangs entstehen (z.B. Absender, Empf\u00e4nger und Zeitpunkt). Wir weisen ferner darauf hin, dass WhatsApp nach eigener Aussage, personenbezogene Daten seiner Nutzer mit seiner in den USA ans\u00e4ssigen Konzernmutter Facebook teilt. Weitere Details zur Datenverarbeitung finden Sie in der Datenschutzrichtlinie von WhatsApp unter: <a href=\"https:\/\/www.whatsapp.com\/legal\/#privacy-policy\" target=\"_blank\" rel=\"noopener\">https:\/\/www.whatsapp.com\/legal\/#privacy-policy<\/a><\/p>\n<p>Der Einsatz von WhatsApp erfolgt auf Grundlage unseres berechtigten Interesses an einer m\u00f6glichst schnellen und effektiven Kommunikation mit Kunden, Interessenten und sonstigen Gesch\u00e4fts- und Vertragspartnern (Art. 6 Abs. 1 S. 1 lit. f DSGVO). Sofern eine entsprechende Einwilligung abgefragt wurde, erfolgt die Datenverarbeitung ausschlie\u00dflich auf Grundlage der Einwilligung; diese ist jederzeit mit Wirkung f\u00fcr die Zukunft widerrufbar.<\/p>\n<p>Die zwischen und auf WhatsApp ausgetauschten Kommunikationsinhalte verbleiben bei uns, bis Sie uns zur L\u00f6schung auffordern, Ihre Einwilligung zur Speicherung widerrufen oder der Zweck f\u00fcr die Datenspeicherung entf\u00e4llt (z. B. nach abgeschlossener Bearbeitung Ihrer Anfrage). Zwingende gesetzliche Bestimmungen \u2013 insbesondere Aufbewahrungsfristen \u2013 bleiben unber\u00fchrt.<\/p>\n<p>Wir nutzen WhatsApp in der Variante \u201eWhatsApp Business\u201c.<\/p>\n<p>Die Daten\u00fcbertragung in die USA wird auf die Standardvertragsklauseln der EU-Kommission gest\u00fctzt.<\/p>\n<p>Details finden Sie hier: <a href=\"https:\/\/www.whatsapp.com\/legal\/business-data-transfer-addendum\" target=\"_blank\" rel=\"noopener\">https:\/\/www.whatsapp.com\/legal\/business-data-transfer-addendum<\/a><\/p>\n<h2>5. Plugins und Tools<\/h2>\n<h3>Nutzung von Facebook-Diensten u. Instagram<\/h3>\n<p>Auf unserer Homepage verlinken wir auf das soziale Netzwerk Facebook, 1601 South California Avenue, Palo Alto, CA 94304, USA sowie zu Diensten und Funktionen des Anbieters Instagram LLC., 1601 Willow Road, Menlo Park, CA 94025, USA. Diese US-amerikanischen Anbieter unterstehen f\u00fcr alle ihre Angebote den in den USA g\u00fcltigen Datenschutzvorschriften und bei Bet\u00e4tigung innerhalb der Europ\u00e4ischen Union den strengen Richtlinien der DSGVO.<\/p>\n<p>Bitte lesen Sie sich dazu genau die Datenschutzerkl\u00e4rungen der Anbieter durch:<\/p>\n<p>Facebook: <a href=\"https:\/\/de-de.facebook.com\/about\/privacy\" target=\"_blank\" rel=\"noopener\">de-de.facebook.com\/about\/privacy<\/a><br \/>\nInstagram: <a href=\"https:\/\/www.instagram.com\/about\/legal\/privacy\/\" target=\"_blank\" rel=\"noopener\">www.instagram.com\/about\/legal\/privacy<\/a><\/p>\n<h3>Externe Medieninhalte<\/h3>\n<p>Wir verwenden im Rahmen unseres Internetangebotes teilweise Inhalte, die direkt von Servern der nachfolgend im Einzelnen benannten Anbiter geladen werden. Zweck der Einbindung dieser Inhalte ist es, unser Internetangebot attraktiver zu machen. In dem Zweck, unser Internetangebot attraktiver zu machen besteht zugleich unser berechtigtes Interesse an der Verwendung solcher Fremdinhalte. Rechtsgrundlage f\u00fcr die Nutzung der nachfolgenden Social Media Plugins sind unsere berechtigten Interessen nach Art. 6 Abs. 1 lit. f DSGVO.<\/p>\n<h4 style=\"padding-left: 40px;\">YouTube<\/h4>\n<p style=\"padding-left: 40px;\">Unser Internetangebot verwendet Medieninhalte der Plattform YouTube. Anbieter ist die Google Ireland Limited, Gordon House, Barrow Street, Dublin 4, Irland (nachfolgend \u201eGoogle\u201c). Nach dem Klick auf den Play-Button eines entsprechend eingebetteten Videos, somit der Einwilligung in die Daten\u00fcbertragung, findet ein Datenaustausch statt. Es werden Ihre IP-Adresse und ggf. weitere von Google f\u00fcr YouTube ben\u00f6tigte Daten erfasst. Die erzeugten Informationen \u00fcber Ihre Benutzung dieses Internetangebotes werden m\u00f6glicherweise auf einem Server in den USA gespeichert. Auch werden diese Informationen gegebenenfalls an Dritte \u00fcbertragen, sofern dies gesetzlich vorgeschrieben ist oder soweit Dritte diese Daten im Auftrag von Google verarbeiten.<\/p>\n<p style=\"padding-left: 40px;\">Des Weiteren kann YouTube nach dem durch Sie autorisierten Start des Videos verschiedene Cookies auf Ihrem Endger\u00e4t speichern. Mit Hilfe dieser Cookies kann YouTube Informationen \u00fcber Besucher dieser Website erhalten. Diese Informationen werden u. a. verwendet, um Videostatistiken zu erfassen, die Anwenderfreundlichkeit zu verbessern und Betrugsversuchen vorzubeugen.<\/p>\n<p style=\"padding-left: 40px;\">Wenn Sie in Ihrem YouTube-Account eingeloggt sind, erm\u00f6glichen Sie YouTube, Ihr Surfverhalten direkt Ihrem pers\u00f6nlichen Profil zuzuordnen. Dies k\u00f6nnen Sie verhindern, indem Sie sich vorher aus Ihrem YouTubeAccount ausloggen.<\/p>\n<p style=\"padding-left: 40px;\">Informationen wie Google mit Ihren personenbezogenen Daten umgeht finden Sie in der Datenschutzerkl\u00e4rung von Google: <a href=\"https:\/\/policies.google.com\/privacy\" target=\"_blank\" rel=\"noopener\">https:\/\/policies.google.com\/privacy<\/a>.<\/p>\n<h4 style=\"padding-left: 40px;\">Google Maps<\/h4>\n<p style=\"padding-left: 40px;\">Unser Internetangebot nutzt \u00fcber eine API den Kartendienst Google Maps. Anbieter ist die Google Ireland Limited, Gordon House, Barrow Street, Dublin 4, Irland (nachfolgend \u201eGoogle\u201c). Nach dem Klick auf den Button einer entsprechend eingebetteten Karte, somit der Einwilligung in die Daten\u00fcbertragung, findet ein Datenaustausch statt. Es werden Ihre IP-Adresse und ggf. weitere von Google f\u00fcr Google Maps ben\u00f6tigte Daten erfasst. Die erzeugten Informationen \u00fcber Ihre Benutzung dieses Internetangebotes werden m\u00f6glicherweise auf einem Server in den USA gespeichert. Auch werden diese Informationen gegebenenfalls an Dritte \u00fcbertragen, sofern dies gesetzlich vorgeschrieben ist oder soweit Dritte diese Daten im Auftrag von Google verarbeiten.<\/p>\n<p style=\"padding-left: 40px;\">Die Nutzung von Google Maps erfolgt im Interesse einer ansprechenden Darstellung unserer Online-Angebote und an einer leichten Auffindbarkeit der von uns auf der Website angegebenen Orte. Dies stellt ein berechtigtes Interesse im Sinne von Art. 6 Abs. 1 lit. f DSGVO dar. Da eine entsprechende Einwilligung abgefragt wurde, erfolgt die Verarbeitung ausschlie\u00dflich auf Grundlage von Art. 6 Abs. 1 lit. a DSGVO; die Einwilligung ist jederzeit widerrufbar und wird nicht gespeichert.<\/p>\n<p style=\"padding-left: 40px;\">Informationen wie Google mit Ihren personenbezogenen Daten umgeht finden Sie in der Datenschutzerkl\u00e4rung von Google: <a href=\"https:\/\/policies.google.com\/privacy\" target=\"_blank\" rel=\"noopener\">https:\/\/policies.google.com\/privacy<\/a>.<\/p>\n<h4 style=\"padding-left: 40px;\">Vimeo<\/h4>\n<p style=\"padding-left: 40px;\">Diese Website nutzt Plugins des Videoportals Vimeo. Anbieter ist die Vimeo Inc., 555 West 18th Street, New York, New York 10011, USA.<\/p>\n<p style=\"padding-left: 40px;\">Wenn Sie eine unserer mit einem Vimeo-Video ausgestatteten Seiten besuchen, wird eine Verbindung zu den Servern von Vimeo hergestellt. Dabei wird dem Vimeo-Server mitgeteilt, welche unserer Seiten Sie besucht haben. Zudem erlangt Vimeo Ihre IP-Adresse. Dies gilt auch dann, wenn Sie nicht bei Vimeo eingeloggt sind oder keinen Account bei Vimeo besitzen. Die von Vimeo erfassten Informationen werden an den Vimeo-Server in den USA \u00fcbermittelt.<\/p>\n<p style=\"padding-left: 40px;\">Wenn Sie in Ihrem Vimeo-Account eingeloggt sind, erm\u00f6glichen Sie Vimeo, Ihr Surfverhalten direkt Ihrem pers\u00f6nlichen Profil zuzuordnen. Dies k\u00f6nnen Sie verhindern, indem Sie sich aus Ihrem Vimeo-Account ausloggen.<\/p>\n<p style=\"padding-left: 40px;\">Zur Wiedererkennung der Websitebesucher verwendet Vimeo Cookies bzw. vergleichbare Wiedererkennungstechnologien (z.B. Device-Fingerprinting).<\/p>\n<p style=\"padding-left: 40px;\">Die Nutzung von Vimeo erfolgt im Interesse einer ansprechenden Darstellung unserer Online-Angebote.<\/p>\n<p style=\"padding-left: 40px;\">Dies stellt ein berechtigtes Interesse im Sinne des Art. 6 Abs. 1 lit. f DSGVO dar. Sofern eine entsprechende Einwilligung abgefragt wurde, erfolgt die Verarbeitung ausschlie\u00dflich auf Grundlage von Art. 6 Abs. 1 lit. a DSGVO; die Einwilligung ist jederzeit widerrufbar.<\/p>\n<p style=\"padding-left: 40px;\">Weitere Informationen zum Umgang mit Nutzerdaten finden Sie in der Datenschutzerkl\u00e4rung von Vimeo unter: <a href=\"https:\/\/vimeo.com\/privacy\" target=\"_blank\" rel=\"noopener\">https:\/\/vimeo.com\/privacy<\/a>.<\/p>\n<h4 style=\"padding-left: 40px;\">Podigee Podcast-Hosting<\/h4>\n<p style=\"padding-left: 40px;\">Im Rahmen unseres Internetangebots stellen wir einen Podcast zur Verf\u00fcgung. Wir nutzen den Podcast-Hosting-Dienst Podigee des Anbieters Podigee GmbH, Schlesische Stra\u00dfe 20, 10997 Berlin, Deutschland. Die Podcasts werden dabei von Podigee geladen oder \u00fcber Podigee \u00fcbertragen. Nach dem Klick auf den Play-Button einer Folge, wird eine Verbindung zu Podigee aufgebaut und es findet ein Datenaustausch statt. Es werden in diesem Zusammenhang keine Cookies auf Ihrem Endger\u00e4t gespeichert. Podigee ist gem\u00e4\u00df Art. 28 DSGVO ein Auftragsdatenverarbeiter und als solcher auch von uns verpflichtet.<\/p>\n<p style=\"padding-left: 40px;\">Die Nutzung erfolgt auf Grundlage unserer berechtigten Interessen, d.h. Interesse an einer sicheren und effizienten Bereitstellung, Analyse sowie Optimierung unseres Podcastangebotes gem. Art. 6 Abs. 1 lit. f. DSGVO.<\/p>\n<p style=\"padding-left: 40px;\">Podigee verarbeitet IP-Adressen und Ger\u00e4teinformationen, um Podcast-Downloads\/Wiedergaben zu erm\u00f6glichen und statistische Daten, wie z.B. Abrufzahlen zu ermitteln. Diese Daten werden vor der Speicherung in der Datenbank von Podigee anonymisiert oder pseudonymisiert, sofern Sie f\u00fcr die Bereitstellung der Podcasts nicht erforderlich sind.<\/p>\n<p style=\"padding-left: 40px;\">Weitere Informationen und Widerspruchsm\u00f6glichkeiten finden sich in der Datenschutzerkl\u00e4rung von Podigee: <a href=\"https:\/\/www.podigee.com\/de\/about\/privacy\/\" target=\"_blank\" rel=\"noopener\">https:\/\/www.podigee.com\/de\/about\/privacy\/<\/a>.<\/p>\n<h4 style=\"padding-left: 40px;\">Hinweis zur Datenweitergabe in die USA<\/h4>\n<p style=\"padding-left: 40px;\">Auf unserer Webseite sind unter anderem Tools von Unternehmen mit Sitz in den USA eingebunden. Wenn diese Tools aktiv sind, k\u00f6nnen Ihre personenbezogenen Daten an die US-Server der jeweiligen Unternehmen weitergegeben werden. Wir weisen darauf hin, dass die USA kein sicherer Drittstaat im Sinne des EU-Datenschutzrechts sind. US-Unternehmen sind dazu verpflichtet, personenbezogene Daten an Sicherheitsbeh\u00f6rden herauszugeben, ohne dass Sie als Betroffener hiergegen gerichtlich vorgehen k\u00f6nnten. Es kann daher nicht ausgeschlossen werden, dass US-Beh\u00f6rden (z.B. Geheimdienste) Ihre auf US-Servern befindlichen Daten zu \u00dcberwachungszwecken verarbeiten, auswerten und dauerhaft speichern. Wir haben auf diese Verarbeitungst\u00e4tigkeiten keinen Einfluss.<\/p>\n<h3>Newsletter<\/h3>\n<p>Wenn Sie das Anmeldeformular des Newsletters auf unserer Webseite \u00fcber den entsprechenden Button aufrufen, laden Sie Inhalte von Brevo (ehemals Sendinblue), dem Dienstleister f\u00fcr unseren Newsletter-Versand (Brevo GmbH, K\u00f6penicker Stra\u00dfe 126, 10179 Berlin). Mit dem Klick auf den Button stimmen Sie der Daten\u00fcbertragung zu. Beachten Sie daher bitte auch die <a href=\"https:\/\/www.brevo.com\/de\/legal\/termsofuse\/\" target=\"_blank\" rel=\"noopener\">Nutzungsbedingungen<\/a> von Brevo. Sie m\u00fcssen den Erhalt des Newsletter in einer Opt-in-Email best\u00e4tigen und k\u00f6nnen sich nat\u00fcrlich jederzeit abmelden. Die von Ihnen zum Zwecke des Newsletterbezugs eingegeben Daten werden auf den Servern von Brevo in Deutschland gespeichert.<\/p>\n<h4 style=\"padding-left: 40px;\">Datenanalyse mittels Brevo<\/h4>\n<p style=\"padding-left: 40px;\">Mit Hilfe von Brevo ist es uns m\u00f6glich, unsere Newsletter-Kampagnen zu analysieren. So k\u00f6nnen wir z. B. sehen, ob eine Newsletter-Nachricht ge\u00f6ffnet und welche Links ggf. angeklickt wurden. Auf diese Weise k\u00f6nnen wir u. a. feststellen, welche Links besonders oft angeklickt wurden. Au\u00dferdem k\u00f6nnen wir erkennen, ob nach dem \u00d6ffnen\/ Anklicken bestimmte vorher definierte Aktionen durchgef\u00fchrt wurden. Wenn Sie keine Analyse durch Brevo wollen, m\u00fcssen Sie den Newsletter abbestellen. Hierf\u00fcr stellen wir in jeder Newsletternachricht einen entsprechenden Link zur Verf\u00fcgung.<\/p>\n<h4 style=\"padding-left: 40px;\">Rechtsgrundlage<\/h4>\n<p style=\"padding-left: 40px;\">Die Datenverarbeitung erfolgt auf Grundlage Ihrer Einwilligung (Art. 6 Abs. 1 lit. a DSGVO). Sie k\u00f6nnen diese Einwilligung jederzeit widerrufen. Die Rechtm\u00e4\u00dfigkeit der bereits erfolgten Datenverarbeitungsvorg\u00e4nge bleibt vom Widerruf unber\u00fchrt.<\/p>\n<h4 style=\"padding-left: 40px;\">Speicherdauer<\/h4>\n<p style=\"padding-left: 40px;\">Die von Ihnen zum Zwecke des Newsletter-Bezugs bei uns hinterlegten Daten werden bis zu Ihrer Austragung aus dem Newsletter bei uns bzw. Brevo gespeichert und nach der Abbestellung des Newsletters aus der Newsletterverteilerliste gel\u00f6scht. Daten, die zu anderen Zwecken bei uns gespeichert wurden, bleiben hiervon unber\u00fchrt.<\/p>\n<p style=\"padding-left: 40px;\">Nach Ihrer Austragung aus der Newsletterverteilerliste wird Ihre E-Mail-Adresse bei Brevo ggf. in einer Blacklist gespeichert, sofern dies zur Verhinderung k\u00fcnftiger Mailings erforderlich ist. Die Daten aus der Blacklist werden nur f\u00fcr diesen Zweck verwendet und nicht mit anderen Daten zusammengef\u00fchrt. Dies dient sowohl Ihrem Interesse als auch unserem Interesse an der Einhaltung der gesetzlichen Vorgaben beim Versand von Newslettern (berechtigtes Interesse im Sinne des Art. 6 Abs. 1 lit. f DSGVO). Die Speicherung in der Blacklist ist zeitlich nicht befristet. Sie k\u00f6nnen der Speicherung widersprechen, sofern Ihre Interessen unser berechtigtes Interesse \u00fcberwiegen. N\u00e4heres entnehmen Sie den <a href=\"https:\/\/www.brevo.com\/de\/legal\/privacypolicy\/\" target=\"_blank\" rel=\"noopener\">Datenschutzbestimmungen<\/a> von Brevo.<\/p>\n<h4 style=\"padding-left: 40px;\">Auftragsverarbeitung<\/h4>\n<p style=\"padding-left: 40px;\">Wir haben einen Vertrag \u00fcber Auftragsverarbeitung (AVV) mit Brevo geschlossen. Hierbei handelt es sich um einen datenschutzrechtlich vorgeschriebenen Vertrag, der gew\u00e4hrleistet, dass Brevo die personenbezogenen Daten unserer Newsletterempf\u00e4nger nur nach unseren Weisungen und unter Einhaltung der DSGVO verarbeitet.<\/p>\n<\/div><\/section><br \/>\n\n<style type=\"text\/css\" data-created_by=\"avia_inline_auto\" id=\"style-css-av-liddv6wa-42e5bfa00af1eee61fec7080e008752c\">\n#top .hr.hr-invisible.av-liddv6wa-42e5bfa00af1eee61fec7080e008752c{\nheight:15px;\n}\n<\/style>\n<div  class='hr av-liddv6wa-42e5bfa00af1eee61fec7080e008752c hr-invisible  avia-builder-el-8  el_after_av_textblock  el_before_av_textblock '><span class='hr-inner '><span class=\"hr-inner-style\"><\/span><\/span><\/div><br \/>\n<section  class='av_textblock_section av-lidd77ih-1bbdc40e19ad460780cf03a99c5396a5 '   itemscope=\"itemscope\" itemtype=\"https:\/\/schema.org\/CreativeWork\" ><div class='avia_textblock'  itemprop=\"text\" ><h3>Auswertung und Analyse<\/h3>\n<p>Wir verwenden im Rahmen unseres Internetangebotes Dienste der etracker GmbH (Erste Brunnenstra\u00dfe 1, 20459 Hamburg, <a href=\"https:\/\/www.etracker.com\" target=\"_blank\" rel=\"noopener\">www.etracker.com<\/a>) zur Analyse von Nutzungsdaten. Die Daten werden in unserem Auftrag von etracker ausschlie\u00dflich in Deutschland verarbeitet und gespeichert und unterliegen damit den strengen deutschen und europ\u00e4ischen Datenschutzgesetzen und -standards. Die etracker GmbH wurde diesbez\u00fcglich unabh\u00e4ngig gepr\u00fcft, zertifiziert und mit dem Datenschutz-G\u00fctesiegel <a href=\"https:\/\/www.eprivacy.eu\/kunden\/vergebene-siegel\/firma\/etracker-gmbh\/\" target=\"_blank\" rel=\"noopener\">ePrivacyseal<\/a> ausgezeichnet. Weitere Informationen zum Datenschutz der etracker GmbH finden Sie <a href=\"https:\/\/www.etracker.com\/datenschutz\/\" target=\"_blank\" rel=\"noopener\">hier<\/a>.<\/p>\n<h4 style=\"padding-left: 40px;\">Cookies<\/h4>\n<p style=\"padding-left: 40px;\">Ohne Ihre Einwilligung werden keine Cookies zur Nutzerwiedererkennung in Ihrem Browser gespeichert und es werden auch keine Informationen aus dem Speicher Ihres Endger\u00e4ts ausgelesen. Die cookielose Nutzung des etracker Analyse-Tools erfolgt auf Grundlage von Art. 6 Abs. 1 lit. f DSGVO. Wir haben ein berechtigtes Interesse an der Analyse des Nutzerverhaltens, um sowohl unser Webangebot als auch die Werbung zu optimieren. Die Rechte und Grundfreiheiten der betroffenen Personen bleiben gewahrt. Die IP-Adresse wird bei der Analyse mit etracker fr\u00fchestm\u00f6glich anonymisiert und eine Besucherwiedererkennung ist maximal f\u00fcr die Dauer des laufenden Tages m\u00f6glich.<\/p>\n<p style=\"padding-left: 40px;\">Cookies sind kleine Textdateien, die vom Internet Browser auf dem Endger\u00e4t des Nutzers gespeichert werden. Die Cookies von etracker enthalten dabei keine Informationen, die eine Identifikation eines Nutzers erm\u00f6glichen. Sofern eine entsprechende Einwilligung abgefragt wurde, erfolgt die Verarbeitung ausschlie\u00dflich auf Grundlage von Art. 6 Abs. 1 lit. a DSGVO und \u00a7 25 Abs. 1 TTDSG. Die Einwilligung ist jederzeit widerrufbar.<\/p>\n<h4 style=\"padding-left: 40px;\">Widerspruch<\/h4>\n<p style=\"padding-left: 40px;\">Sie k\u00f6nnen der vorbeschriebenen Datenverarbeitung jederzeit durch Klick auf den Schieberegler widersprechen. Der Widerspruch hat keine nachteiligen Folgen. Wird kein Schieberegler angezeigt, ist die Datenerfassung bereits durch andere Blockier-Ma\u00dfnahmen unterbunden.<\/p>\n<h4 style=\"padding-left: 40px;\">Auftragsverarbeitung<\/h4>\n<p style=\"padding-left: 40px;\">Wir haben einen Vertrag \u00fcber Auftragsverarbeitung (AVV) zur Nutzung des oben genannten Dienstes geschlossen. Hierbei handelt es sich um einen datenschutzrechtlich vorgeschriebenen Vertrag, der gew\u00e4hrleistet, dass dieser die personenbezogenen Daten unserer Websitebesucher nur nach unseren Weisungen und unter Einhaltung der DSGVO verarbeitet.<\/p>\n<\/div><\/section><br \/>\n\n<style type=\"text\/css\" data-created_by=\"avia_inline_auto\" id=\"style-css-av-14iyq-857063c50ae92e0502def3a992e55129\">\n#top .hr.hr-invisible.av-14iyq-857063c50ae92e0502def3a992e55129{\nheight:15px;\n}\n<\/style>\n<div  class='hr av-14iyq-857063c50ae92e0502def3a992e55129 hr-invisible  avia-builder-el-10  el_after_av_textblock  el_before_av_textblock '><span class='hr-inner '><span class=\"hr-inner-style\"><\/span><\/span><\/div><br \/>\n<section  class='av_textblock_section av-121m2-33995e807fbfc4e9780fe530913b5835 '   itemscope=\"itemscope\" itemtype=\"https:\/\/schema.org\/CreativeWork\" ><div class='avia_textblock'  itemprop=\"text\" ><h2>6. Audio- und Videokonferenzen<\/h2>\n<h3>Datenverarbeitung<\/h3>\n<p>F\u00fcr die Kommunikation mit unseren Kunden setzen wir unter anderen Online-Konferenz-Tools ein. Die im Einzelnen von uns genutzten Tools sind unten aufgelistet. Wenn Sie mit uns per Video- oder Audiokonferenz via Internet kommunizieren, werden Ihre personenbezogenen Daten von uns und dem Anbieter des jeweiligen Konferenz-Tools erfasst und verarbeitet.<\/p>\n<p>Die Konferenz-Tools erfassen dabei alle Daten, die Sie zur Nutzung der Tools bereitstellen\/einsetzen (E-MailAdresse und\/oder Ihre Telefonnummer). Ferner verarbeiten die Konferenz-Tools die Dauer der Konferenz, Beginn und Ende (Zeit) der Teilnahme an der Konferenz, Anzahl der Teilnehmer und sonstige \u201eKontextinformationen\u201c im Zusammenhang mit dem Kommunikationsvorgang (Metadaten).<\/p>\n<p>Des Weiteren verarbeitet der Anbieter des Tools alle technischen Daten, die zur Abwicklung der Online-Kommunikation erforderlich sind. Dies umfasst insbesondere IP-Adressen, MAC-Adressen, Ger\u00e4te-IDs, Ger\u00e4tetyp, Betriebssystemtyp und -version, Client-Version, Kameratyp, Mikrofon oder Lautsprecher sowie die Art der Verbindung.<\/p>\n<p>Sofern innerhalb des Tools Inhalte ausgetauscht, hochgeladen oder in sonstiger Weise bereitgestellt werden, werden diese ebenfalls auf den Servern der Tool-Anbieter gespeichert. Zu solchen Inhalten z\u00e4hlen insbesondere Cloud-Aufzeichnungen, Chat-\/ Sofortnachrichten, Voicemails hochgeladene Fotos und Videos, Dateien, Whiteboards und andere Informationen, die w\u00e4hrend der Nutzung des Dienstes geteilt werden.<\/p>\n<p>Bitte beachten Sie, dass wir nicht vollumf\u00e4nglich Einfluss auf die Datenverarbeitungsvorg\u00e4nge der verwendeten Tools haben. Unsere M\u00f6glichkeiten richten sich ma\u00dfgeblich nach der Unternehmenspolitik des jeweiligen Anbieters. Weitere Hinweise zur Datenverarbeitung durch die Konferenztools entnehmen Sie den Datenschutzerkl\u00e4rungen der jeweils eingesetzten Tools, die wir unter diesem Text aufgef\u00fchrt haben.<\/p>\n<h3>Zweck und Rechtsgrundlagen<\/h3>\n<p>Die Konferenz-Tools werden genutzt, um mit angehenden oder bestehenden Vertragspartnern zu kommunizieren oder bestimmte Leistungen gegen\u00fcber unseren Kunden anzubieten (Art. 6 Abs. 1 S. 1 lit. b DSGVO). Des Weiteren dient der Einsatz der Tools der allgemeinen Vereinfachung und Beschleunigung der Kommunikation mit uns bzw. unserem Unternehmen (berechtigtes Interesse im Sinne von Art. 6 Abs. 1 lit. f DSGVO). Soweit eine Einwilligung abgefragt wurde, erfolgt der Einsatz der betreffenden Tools auf Grundlage dieser Einwilligung; die Einwilligung ist jederzeit mit Wirkung f\u00fcr die Zukunft widerrufbar.<\/p>\n<h3>Speicherdauer<\/h3>\n<p>Die unmittelbar von uns \u00fcber die Video- und Konferenz-Tools erfassten Daten werden von unseren Systemen gel\u00f6scht, sobald Sie uns zur L\u00f6schung auffordern, Ihre Einwilligung zur Speicherung widerrufen oder der Zweck f\u00fcr die Datenspeicherung entf\u00e4llt. Gespeicherte Cookies verbleiben auf Ihrem Endger\u00e4t, bis Sie sie l\u00f6schen. Zwingende gesetzliche Aufbewahrungsfristen bleiben unber\u00fchrt.<br \/>\nAuf die Speicherdauer Ihrer Daten, die von den Betreibern der Konferenz-Tools zu eigenen Zwecken gespeichert werden, haben wir keinen Einfluss. F\u00fcr Einzelheiten dazu informieren Sie sich bitte direkt bei den Betreibern der Konferenz-Tools.<\/p>\n<h3>Eingesetzte Konferenz-Tools<\/h3>\n<p>Wir setzen folgende Konferenz-Tools ein:<\/p>\n<h4 style=\"padding-left: 40px;\">Microsoft Teams<\/h4>\n<p style=\"padding-left: 40px;\">Wir nutzen Microsoft Teams. Anbieter ist die Microsoft Corporation, One Microsoft Way, Redmond, WA 98052-6399, USA. Details zur Datenverarbeitung entnehmen Sie der Datenschutzerkl\u00e4rung von Microsoft Teams: <a href=\"https:\/\/privacy.microsoft.com\/de-de\/privacystatement\" target=\"_blank\" rel=\"noopener\">https:\/\/privacy.microsoft.com\/de-de\/privacystatement<\/a>.<\/p>\n<h4 style=\"padding-left: 40px;\">Abschluss eines Vertrags \u00fcber Auftragsverarbeitung<\/h4>\n<p style=\"padding-left: 40px;\">Wir haben mit dem Anbieter von Microsoft Teams einen Vertrag zur Auftragsverarbeitung abgeschlossen und setzen die strengen Vorgaben der deutschen Datenschutzbeh\u00f6rden bei der Nutzung von Microsoft Teams vollst\u00e4ndig um.<\/p>\n<\/div><\/section><\/p><\/div>\n","protected":false},"excerpt":{"rendered":"","protected":false},"author":2,"featured_media":0,"parent":0,"menu_order":0,"comment_status":"closed","ping_status":"closed","template":"","meta":{"_acf_changed":false,"inline_featured_image":false,"footnotes":""},"class_list":["post-18","page","type-page","status-publish","hentry"],"acf":[],"_links":{"self":[{"href":"https:\/\/fth.de\/wp-json\/wp\/v2\/pages\/18","targetHints":{"allow":["GET"]}}],"collection":[{"href":"https:\/\/fth.de\/wp-json\/wp\/v2\/pages"}],"about":[{"href":"https:\/\/fth.de\/wp-json\/wp\/v2\/types\/page"}],"author":[{"embeddable":true,"href":"https:\/\/fth.de\/wp-json\/wp\/v2\/users\/2"}],"replies":[{"embeddable":true,"href":"https:\/\/fth.de\/wp-json\/wp\/v2\/comments?post=18"}],"version-history":[{"count":40,"href":"https:\/\/fth.de\/wp-json\/wp\/v2\/pages\/18\/revisions"}],"predecessor-version":[{"id":19130,"href":"https:\/\/fth.de\/wp-json\/wp\/v2\/pages\/18\/revisions\/19130"}],"wp:attachment":[{"href":"https:\/\/fth.de\/wp-json\/wp\/v2\/media?parent=18"}],"curies":[{"name":"wp","href":"https:\/\/api.w.org\/{rel}","templated":true}]}}