{"id":964,"date":"2021-07-16T09:35:59","date_gmt":"2021-07-16T09:35:59","guid":{"rendered":"http:\/\/feilepatrickbyrne.ie\/?page_id=964"},"modified":"2021-12-08T14:22:56","modified_gmt":"2021-12-08T14:22:56","slug":"about-us","status":"publish","type":"page","link":"https:\/\/feilepatrickbyrne.ie\/about-us\/","title":{"rendered":"About Us"},"content":{"rendered":"\t\t<div data-elementor-type=\"wp-page\" data-elementor-id=\"964\" class=\"elementor elementor-964\" data-elementor-post-type=\"page\">\n\t\t\t\t\t\t<section class=\"elementor-section elementor-top-section elementor-element elementor-element-6bfba99 inner-banner elementor-section-boxed elementor-section-height-default elementor-section-height-default\" data-id=\"6bfba99\" data-element_type=\"section\" data-e-type=\"section\" data-settings=\"{&quot;background_background&quot;:&quot;classic&quot;}\">\n\t\t\t\t\t\t\t<div class=\"elementor-background-overlay\"><\/div>\n\t\t\t\t\t\t\t<div class=\"elementor-container elementor-column-gap-default\">\n\t\t\t\t\t<div class=\"elementor-column elementor-col-100 elementor-top-column elementor-element elementor-element-22b0b23\" data-id=\"22b0b23\" data-element_type=\"column\" data-e-type=\"column\">\n\t\t\t<div class=\"elementor-widget-wrap elementor-element-populated\">\n\t\t\t\t\t\t<section class=\"elementor-section elementor-inner-section elementor-element elementor-element-d7bb433 elementor-section-content-middle elementor-section-boxed elementor-section-height-default elementor-section-height-default\" data-id=\"d7bb433\" data-element_type=\"section\" data-e-type=\"section\">\n\t\t\t\t\t\t<div class=\"elementor-container elementor-column-gap-default\">\n\t\t\t\t\t<div class=\"elementor-column elementor-col-100 elementor-inner-column elementor-element elementor-element-673ffd2\" data-id=\"673ffd2\" data-element_type=\"column\" data-e-type=\"column\">\n\t\t\t<div class=\"elementor-widget-wrap elementor-element-populated\">\n\t\t\t\t\t\t<div class=\"elementor-element elementor-element-577b83c elementor-widget elementor-widget-heading\" data-id=\"577b83c\" data-element_type=\"widget\" data-e-type=\"widget\" data-widget_type=\"heading.default\">\n\t\t\t\t<div class=\"elementor-widget-container\">\n\t\t\t\t\t<h2 class=\"elementor-heading-title elementor-size-default\">About the Festival<\/h2>\t\t\t\t<\/div>\n\t\t\t\t<\/div>\n\t\t\t\t<div class=\"elementor-element elementor-element-638d72a elementor-widget elementor-widget-heading\" data-id=\"638d72a\" data-element_type=\"widget\" data-e-type=\"widget\" data-widget_type=\"heading.default\">\n\t\t\t\t<div class=\"elementor-widget-container\">\n\t\t\t\t\t<h3 class=\"elementor-heading-title elementor-size-default\">Maidir leis an bhF\u00e9ile\n<\/h3>\t\t\t\t<\/div>\n\t\t\t\t<\/div>\n\t\t\t\t\t<\/div>\n\t\t<\/div>\n\t\t\t\t\t<\/div>\n\t\t<\/section>\n\t\t\t\t\t<\/div>\n\t\t<\/div>\n\t\t\t\t\t<\/div>\n\t\t<\/section>\n\t\t\t\t<section class=\"elementor-section elementor-top-section elementor-element elementor-element-9cb2797 elementor-section-boxed elementor-section-height-default elementor-section-height-default\" data-id=\"9cb2797\" data-element_type=\"section\" data-e-type=\"section\">\n\t\t\t\t\t\t<div class=\"elementor-container elementor-column-gap-default\">\n\t\t\t\t\t<div class=\"elementor-column elementor-col-100 elementor-top-column elementor-element elementor-element-79ecc17\" data-id=\"79ecc17\" data-element_type=\"column\" data-e-type=\"column\">\n\t\t\t<div class=\"elementor-widget-wrap elementor-element-populated\">\n\t\t\t\t\t\t<section class=\"elementor-section elementor-inner-section elementor-element elementor-element-712ec72 elementor-section-content-bottom elementor-section-boxed elementor-section-height-default elementor-section-height-default\" data-id=\"712ec72\" data-element_type=\"section\" data-e-type=\"section\">\n\t\t\t\t\t\t<div class=\"elementor-container elementor-column-gap-default\">\n\t\t\t\t\t<div class=\"elementor-column elementor-col-100 elementor-inner-column elementor-element elementor-element-5061beb\" data-id=\"5061beb\" data-element_type=\"column\" data-e-type=\"column\">\n\t\t\t<div class=\"elementor-widget-wrap elementor-element-populated\">\n\t\t\t\t\t\t<div class=\"elementor-element elementor-element-9e8ce57 elementor-widget-divider--separator-type-pattern elementor-widget-divider--view-line elementor-widget elementor-widget-divider\" data-id=\"9e8ce57\" data-element_type=\"widget\" data-e-type=\"widget\" data-widget_type=\"divider.default\">\n\t\t\t\t<div class=\"elementor-widget-container\">\n\t\t\t\t\t\t\t<div class=\"elementor-divider\" style=\"--divider-pattern-url: url(&quot;data:image\/svg+xml,%3Csvg xmlns=&#039;http:\/\/www.w3.org\/2000\/svg&#039; preserveAspectRatio=&#039;none&#039; overflow=&#039;visible&#039; height=&#039;100%&#039; viewBox=&#039;0 0 20 16&#039; fill=&#039;none&#039; stroke=&#039;black&#039; stroke-width=&#039;2.2&#039; stroke-linecap=&#039;square&#039; stroke-miterlimit=&#039;10&#039;%3E%3Cg transform=&#039;translate(-12.000000, 0)&#039;%3E%3Cpath d=&#039;M28,0L10,18&#039;\/%3E%3Cpath d=&#039;M18,0L0,18&#039;\/%3E%3Cpath d=&#039;M48,0L30,18&#039;\/%3E%3Cpath d=&#039;M38,0L20,18&#039;\/%3E%3C\/g%3E%3C\/svg%3E&quot;);\">\n\t\t\t<span class=\"elementor-divider-separator\">\n\t\t\t\t\t\t<\/span>\n\t\t<\/div>\n\t\t\t\t\t\t<\/div>\n\t\t\t\t<\/div>\n\t\t\t\t<div class=\"elementor-element elementor-element-4844f70 elementor-widget elementor-widget-heading\" data-id=\"4844f70\" data-element_type=\"widget\" data-e-type=\"widget\" data-widget_type=\"heading.default\">\n\t\t\t\t<div class=\"elementor-widget-container\">\n\t\t\t\t\t<h2 class=\"elementor-heading-title elementor-size-default\">The Festival<\/h2>\t\t\t\t<\/div>\n\t\t\t\t<\/div>\n\t\t\t\t<div class=\"elementor-element elementor-element-58d6e11 elementor-widget elementor-widget-text-editor\" data-id=\"58d6e11\" data-element_type=\"widget\" data-e-type=\"widget\" data-widget_type=\"text-editor.default\">\n\t\t\t\t<div class=\"elementor-widget-container\">\n\t\t\t\t\t\t\t\t\t<p>F\u00e9ile Patrick Byrne is a traditional music festival held annually on the Palm Sunday weekend in and around Carrickmacross, Co. Monaghan. Organised by the Carrickmacross branch of Comhaltas, the F\u00e9ile was set up to act as a flagship event in the promotion of Irish traditional music in the locality.\u00a0<\/p>\t\t\t\t\t\t\t\t<\/div>\n\t\t\t\t<\/div>\n\t\t\t\t\t<\/div>\n\t\t<\/div>\n\t\t\t\t\t<\/div>\n\t\t<\/section>\n\t\t\t\t\t<\/div>\n\t\t<\/div>\n\t\t\t\t\t<\/div>\n\t\t<\/section>\n\t\t\t\t<section class=\"elementor-section elementor-top-section elementor-element elementor-element-3c97c3e elementor-section-full_width elementor-section-height-default elementor-section-height-default\" data-id=\"3c97c3e\" data-element_type=\"section\" data-e-type=\"section\" data-settings=\"{&quot;background_background&quot;:&quot;classic&quot;}\">\n\t\t\t\t\t\t\t<div class=\"elementor-background-overlay\"><\/div>\n\t\t\t\t\t\t\t<div class=\"elementor-container elementor-column-gap-no\">\n\t\t\t\t\t<div class=\"elementor-column elementor-col-100 elementor-top-column elementor-element elementor-element-a80caae\" data-id=\"a80caae\" data-element_type=\"column\" data-e-type=\"column\">\n\t\t\t<div class=\"elementor-widget-wrap elementor-element-populated\">\n\t\t\t\t\t\t<section class=\"elementor-section elementor-inner-section elementor-element elementor-element-f17804c elementor-section-full_width elementor-section-content-top elementor-reverse-mobile elementor-section-height-default elementor-section-height-default\" data-id=\"f17804c\" data-element_type=\"section\" data-e-type=\"section\" data-settings=\"{&quot;background_background&quot;:&quot;gradient&quot;}\">\n\t\t\t\t\t\t\t<div class=\"elementor-background-overlay\"><\/div>\n\t\t\t\t\t\t\t<div class=\"elementor-container elementor-column-gap-wider\">\n\t\t\t\t\t<div class=\"elementor-column elementor-col-33 elementor-inner-column elementor-element elementor-element-669f4c5 elementor-invisible\" data-id=\"669f4c5\" data-element_type=\"column\" data-e-type=\"column\" data-settings=\"{&quot;animation&quot;:&quot;slideInLeft&quot;}\">\n\t\t\t<div class=\"elementor-widget-wrap elementor-element-populated\">\n\t\t\t\t\t\t<div class=\"elementor-element elementor-element-7ac9a37 elementor-widget-divider--separator-type-pattern elementor-widget-divider--view-line elementor-widget elementor-widget-divider\" data-id=\"7ac9a37\" data-element_type=\"widget\" data-e-type=\"widget\" data-widget_type=\"divider.default\">\n\t\t\t\t<div class=\"elementor-widget-container\">\n\t\t\t\t\t\t\t<div class=\"elementor-divider\" style=\"--divider-pattern-url: url(&quot;data:image\/svg+xml,%3Csvg xmlns=&#039;http:\/\/www.w3.org\/2000\/svg&#039; preserveAspectRatio=&#039;none&#039; overflow=&#039;visible&#039; height=&#039;100%&#039; viewBox=&#039;0 0 20 16&#039; fill=&#039;none&#039; stroke=&#039;black&#039; stroke-width=&#039;2.2&#039; stroke-linecap=&#039;square&#039; stroke-miterlimit=&#039;10&#039;%3E%3Cg transform=&#039;translate(-12.000000, 0)&#039;%3E%3Cpath d=&#039;M28,0L10,18&#039;\/%3E%3Cpath d=&#039;M18,0L0,18&#039;\/%3E%3Cpath d=&#039;M48,0L30,18&#039;\/%3E%3Cpath d=&#039;M38,0L20,18&#039;\/%3E%3C\/g%3E%3C\/svg%3E&quot;);\">\n\t\t\t<span class=\"elementor-divider-separator\">\n\t\t\t\t\t\t<\/span>\n\t\t<\/div>\n\t\t\t\t\t\t<\/div>\n\t\t\t\t<\/div>\n\t\t\t\t<div class=\"elementor-element elementor-element-953a4cd elementor-widget elementor-widget-text-editor\" data-id=\"953a4cd\" data-element_type=\"widget\" data-e-type=\"widget\" data-widget_type=\"text-editor.default\">\n\t\t\t\t<div class=\"elementor-widget-container\">\n\t\t\t\t\t\t\t\t\tF\u00e9ile Patrick Byrne has grown steadily since its inception in 2007 as a two day workshop weekend. In 2016 our event ran for six days and was attended by over 1,000 people. It has been successful in showcasing the finest traditional performers to local audiences. The knock-on effect has been a raised awareness of traditional music and a significant growth in the uptake of classes in traditional arts which Carrickmacross Comhaltas provide for both adults and young people.\n\n\t\t\t\t\t\t\t\t<\/div>\n\t\t\t\t<\/div>\n\t\t\t\t<div class=\"elementor-element elementor-element-fe5773d elementor-widget elementor-widget-text-editor\" data-id=\"fe5773d\" data-element_type=\"widget\" data-e-type=\"widget\" data-widget_type=\"text-editor.default\">\n\t\t\t\t<div class=\"elementor-widget-container\">\n\t\t\t\t\t\t\t\t\t\u201cF\u00e9ile Patrick Byrne has evolved as a significant traditional music festival in the county with the core artistic programme growing in strength year on year. The festival is programmed and delivered by a dedicated and able branch of Comhaltas in Carrickmacross.\u201d\n\n\t\t\t\t\t\t\t\t<\/div>\n\t\t\t\t<\/div>\n\t\t\t\t<div class=\"elementor-element elementor-element-fd43f3d elementor-widget elementor-widget-text-editor\" data-id=\"fd43f3d\" data-element_type=\"widget\" data-e-type=\"widget\" data-widget_type=\"text-editor.default\">\n\t\t\t\t<div class=\"elementor-widget-container\">\n\t\t\t\t\t\t\t\t\tMonaghan Co. Council Arts Development Plan 2016-2020: \u2018Renewing the Case for the Arts\u2018.\n\n\t\t\t\t\t\t\t\t<\/div>\n\t\t\t\t<\/div>\n\t\t\t\t\t<\/div>\n\t\t<\/div>\n\t\t\t\t<div class=\"elementor-column elementor-col-33 elementor-inner-column elementor-element elementor-element-2c08f74 elementor-hidden-mobile elementor-hidden-tablet\" data-id=\"2c08f74\" data-element_type=\"column\" data-e-type=\"column\">\n\t\t\t<div class=\"elementor-widget-wrap elementor-element-populated\">\n\t\t\t\t\t\t<div class=\"elementor-element elementor-element-efae5e5 elementor-widget elementor-widget-image\" data-id=\"efae5e5\" data-element_type=\"widget\" data-e-type=\"widget\" data-widget_type=\"image.default\">\n\t\t\t\t<div class=\"elementor-widget-container\">\n\t\t\t\t\t\t\t\t\t\t\t\t\t\t\t<img fetchpriority=\"high\" decoding=\"async\" width=\"380\" height=\"463\" src=\"https:\/\/feilepatrickbyrne.ie\/wp-content\/uploads\/2021\/07\/home-box-2.png\" class=\"elementor-animation-float attachment-large size-large wp-image-543\" alt=\"\" srcset=\"https:\/\/feilepatrickbyrne.ie\/wp-content\/uploads\/2021\/07\/home-box-2.png 380w, https:\/\/feilepatrickbyrne.ie\/wp-content\/uploads\/2021\/07\/home-box-2-246x300.png 246w\" sizes=\"(max-width: 380px) 100vw, 380px\" \/>\t\t\t\t\t\t\t\t\t\t\t\t\t\t\t<\/div>\n\t\t\t\t<\/div>\n\t\t\t\t<div class=\"elementor-element elementor-element-a207e8c elementor-widget elementor-widget-image\" data-id=\"a207e8c\" data-element_type=\"widget\" data-e-type=\"widget\" data-widget_type=\"image.default\">\n\t\t\t\t<div class=\"elementor-widget-container\">\n\t\t\t\t\t\t\t\t\t\t\t\t\t\t\t<img decoding=\"async\" width=\"380\" height=\"426\" src=\"https:\/\/feilepatrickbyrne.ie\/wp-content\/uploads\/2021\/07\/home-box-4.jpg\" class=\"elementor-animation-float attachment-full size-full wp-image-547\" alt=\"\" srcset=\"https:\/\/feilepatrickbyrne.ie\/wp-content\/uploads\/2021\/07\/home-box-4.jpg 380w, https:\/\/feilepatrickbyrne.ie\/wp-content\/uploads\/2021\/07\/home-box-4-268x300.jpg 268w\" sizes=\"(max-width: 380px) 100vw, 380px\" \/>\t\t\t\t\t\t\t\t\t\t\t\t\t\t\t<\/div>\n\t\t\t\t<\/div>\n\t\t\t\t\t<\/div>\n\t\t<\/div>\n\t\t\t\t<div class=\"elementor-column elementor-col-33 elementor-inner-column elementor-element elementor-element-d69a2b1\" data-id=\"d69a2b1\" data-element_type=\"column\" data-e-type=\"column\">\n\t\t\t<div class=\"elementor-widget-wrap elementor-element-populated\">\n\t\t\t\t\t\t<div class=\"elementor-element elementor-element-85d6734 elementor-hidden-mobile elementor-widget elementor-widget-spacer\" data-id=\"85d6734\" data-element_type=\"widget\" data-e-type=\"widget\" data-widget_type=\"spacer.default\">\n\t\t\t\t<div class=\"elementor-widget-container\">\n\t\t\t\t\t\t\t<div class=\"elementor-spacer\">\n\t\t\t<div class=\"elementor-spacer-inner\"><\/div>\n\t\t<\/div>\n\t\t\t\t\t\t<\/div>\n\t\t\t\t<\/div>\n\t\t\t\t<div class=\"elementor-element elementor-element-ef00901 elementor-widget elementor-widget-image\" data-id=\"ef00901\" data-element_type=\"widget\" data-e-type=\"widget\" data-widget_type=\"image.default\">\n\t\t\t\t<div class=\"elementor-widget-container\">\n\t\t\t\t\t\t\t\t\t\t\t\t\t\t\t<img decoding=\"async\" width=\"595\" height=\"503\" src=\"https:\/\/feilepatrickbyrne.ie\/wp-content\/uploads\/2021\/07\/home-box-1.png\" class=\"elementor-animation-float attachment-full size-full wp-image-538\" alt=\"\" srcset=\"https:\/\/feilepatrickbyrne.ie\/wp-content\/uploads\/2021\/07\/home-box-1.png 595w, https:\/\/feilepatrickbyrne.ie\/wp-content\/uploads\/2021\/07\/home-box-1-300x254.png 300w\" sizes=\"(max-width: 595px) 100vw, 595px\" \/>\t\t\t\t\t\t\t\t\t\t\t\t\t\t\t<\/div>\n\t\t\t\t<\/div>\n\t\t\t\t<div class=\"elementor-element elementor-element-6476ae6 elementor-widget elementor-widget-image\" data-id=\"6476ae6\" data-element_type=\"widget\" data-e-type=\"widget\" data-widget_type=\"image.default\">\n\t\t\t\t<div class=\"elementor-widget-container\">\n\t\t\t\t\t\t\t\t\t\t\t\t\t\t\t<img loading=\"lazy\" decoding=\"async\" width=\"515\" height=\"306\" src=\"https:\/\/feilepatrickbyrne.ie\/wp-content\/uploads\/2021\/07\/home-box-3.png\" class=\"elementor-animation-float attachment-full size-full wp-image-542\" alt=\"\" srcset=\"https:\/\/feilepatrickbyrne.ie\/wp-content\/uploads\/2021\/07\/home-box-3.png 515w, https:\/\/feilepatrickbyrne.ie\/wp-content\/uploads\/2021\/07\/home-box-3-300x178.png 300w\" sizes=\"(max-width: 515px) 100vw, 515px\" \/>\t\t\t\t\t\t\t\t\t\t\t\t\t\t\t<\/div>\n\t\t\t\t<\/div>\n\t\t\t\t\t<\/div>\n\t\t<\/div>\n\t\t\t\t\t<\/div>\n\t\t<\/section>\n\t\t\t\t\t<\/div>\n\t\t<\/div>\n\t\t\t\t\t<\/div>\n\t\t<\/section>\n\t\t\t\t<\/div>\n\t\t","protected":false},"excerpt":{"rendered":"<p>About the Festival Maidir leis an bhF\u00e9ile The Festival F\u00e9ile Patrick Byrne is a traditional music festival held annually on the Palm Sunday weekend in and around Carrickmacross, Co. Monaghan. Organised by the Carrickmacross branch of Comhaltas, the F\u00e9ile was set up to act as a flagship event in the promotion of Irish traditional music [&hellip;]<\/p>\n","protected":false},"author":1,"featured_media":0,"parent":0,"menu_order":0,"comment_status":"closed","ping_status":"closed","template":"","meta":{"site-sidebar-layout":"default","site-content-layout":"page-builder","ast-site-content-layout":"default","site-content-style":"default","site-sidebar-style":"default","ast-global-header-display":"","ast-banner-title-visibility":"","ast-main-header-display":"","ast-hfb-above-header-display":"","ast-hfb-below-header-display":"","ast-hfb-mobile-header-display":"","site-post-title":"disabled","ast-breadcrumbs-content":"disabled","ast-featured-img":"disabled","footer-sml-layout":"","ast-disable-related-posts":"","theme-transparent-header-meta":"default","adv-header-id-meta":"","stick-header-meta":"default","header-above-stick-meta":"","header-main-stick-meta":"","header-below-stick-meta":"","astra-migrate-meta-layouts":"default","ast-page-background-enabled":"default","ast-page-background-meta":{"desktop":{"background-color":"","background-image":"","background-repeat":"repeat","background-position":"center center","background-size":"auto","background-attachment":"scroll","background-type":"","background-media":"","overlay-type":"","overlay-color":"","overlay-opacity":"","overlay-gradient":""},"tablet":{"background-color":"","background-image":"","background-repeat":"repeat","background-position":"center center","background-size":"auto","background-attachment":"scroll","background-type":"","background-media":"","overlay-type":"","overlay-color":"","overlay-opacity":"","overlay-gradient":""},"mobile":{"background-color":"","background-image":"","background-repeat":"repeat","background-position":"center center","background-size":"auto","background-attachment":"scroll","background-type":"","background-media":"","overlay-type":"","overlay-color":"","overlay-opacity":"","overlay-gradient":""}},"ast-content-background-meta":{"desktop":{"background-color":"var(--ast-global-color-5)","background-image":"","background-repeat":"repeat","background-position":"center center","background-size":"auto","background-attachment":"scroll","background-type":"","background-media":"","overlay-type":"","overlay-color":"","overlay-opacity":"","overlay-gradient":""},"tablet":{"background-color":"var(--ast-global-color-5)","background-image":"","background-repeat":"repeat","background-position":"center center","background-size":"auto","background-attachment":"scroll","background-type":"","background-media":"","overlay-type":"","overlay-color":"","overlay-opacity":"","overlay-gradient":""},"mobile":{"background-color":"var(--ast-global-color-5)","background-image":"","background-repeat":"repeat","background-position":"center center","background-size":"auto","background-attachment":"scroll","background-type":"","background-media":"","overlay-type":"","overlay-color":"","overlay-opacity":"","overlay-gradient":""}},"footnotes":""},"class_list":["post-964","page","type-page","status-publish","hentry"],"yoast_head":"<!-- This site is optimized with the Yoast SEO plugin v27.5 - https:\/\/yoast.com\/product\/yoast-seo-wordpress\/ -->\n<title>About Us - F\u00e9ile Patrick Byrne<\/title>\n<meta name=\"robots\" content=\"index, follow, max-snippet:-1, max-image-preview:large, max-video-preview:-1\" \/>\n<link rel=\"canonical\" href=\"https:\/\/feilepatrickbyrne.ie\/about-us\/\" \/>\n<meta property=\"og:locale\" content=\"en_US\" \/>\n<meta property=\"og:type\" content=\"article\" \/>\n<meta property=\"og:title\" content=\"About Us - F\u00e9ile Patrick Byrne\" \/>\n<meta property=\"og:description\" content=\"About the Festival Maidir leis an bhF\u00e9ile The Festival F\u00e9ile Patrick Byrne is a traditional music festival held annually on the Palm Sunday weekend in and around Carrickmacross, Co. Monaghan. Organised by the Carrickmacross branch of Comhaltas, the F\u00e9ile was set up to act as a flagship event in the promotion of Irish traditional music [&hellip;]\" \/>\n<meta property=\"og:url\" content=\"https:\/\/feilepatrickbyrne.ie\/about-us\/\" \/>\n<meta property=\"og:site_name\" content=\"F\u00e9ile Patrick Byrne\" \/>\n<meta property=\"article:modified_time\" content=\"2021-12-08T14:22:56+00:00\" \/>\n<meta property=\"og:image\" content=\"http:\/\/feilepatrickbyrne.ie\/wp-content\/uploads\/2021\/07\/home-box-2.png\" \/>\n<meta name=\"twitter:card\" content=\"summary_large_image\" \/>\n<meta name=\"twitter:label1\" content=\"Est. reading time\" \/>\n\t<meta name=\"twitter:data1\" content=\"2 minutes\" \/>\n<script type=\"application\/ld+json\" class=\"yoast-schema-graph\">{\"@context\":\"https:\\\/\\\/schema.org\",\"@graph\":[{\"@type\":\"WebPage\",\"@id\":\"https:\\\/\\\/feilepatrickbyrne.ie\\\/about-us\\\/\",\"url\":\"https:\\\/\\\/feilepatrickbyrne.ie\\\/about-us\\\/\",\"name\":\"About Us - F\u00e9ile Patrick Byrne\",\"isPartOf\":{\"@id\":\"https:\\\/\\\/feilepatrickbyrne.ie\\\/#website\"},\"primaryImageOfPage\":{\"@id\":\"https:\\\/\\\/feilepatrickbyrne.ie\\\/about-us\\\/#primaryimage\"},\"image\":{\"@id\":\"https:\\\/\\\/feilepatrickbyrne.ie\\\/about-us\\\/#primaryimage\"},\"thumbnailUrl\":\"http:\\\/\\\/feilepatrickbyrne.ie\\\/wp-content\\\/uploads\\\/2021\\\/07\\\/home-box-2.png\",\"datePublished\":\"2021-07-16T09:35:59+00:00\",\"dateModified\":\"2021-12-08T14:22:56+00:00\",\"breadcrumb\":{\"@id\":\"https:\\\/\\\/feilepatrickbyrne.ie\\\/about-us\\\/#breadcrumb\"},\"inLanguage\":\"en-US\",\"potentialAction\":[{\"@type\":\"ReadAction\",\"target\":[\"https:\\\/\\\/feilepatrickbyrne.ie\\\/about-us\\\/\"]}]},{\"@type\":\"ImageObject\",\"inLanguage\":\"en-US\",\"@id\":\"https:\\\/\\\/feilepatrickbyrne.ie\\\/about-us\\\/#primaryimage\",\"url\":\"https:\\\/\\\/feilepatrickbyrne.ie\\\/wp-content\\\/uploads\\\/2021\\\/07\\\/home-box-2.png\",\"contentUrl\":\"https:\\\/\\\/feilepatrickbyrne.ie\\\/wp-content\\\/uploads\\\/2021\\\/07\\\/home-box-2.png\",\"width\":380,\"height\":463},{\"@type\":\"BreadcrumbList\",\"@id\":\"https:\\\/\\\/feilepatrickbyrne.ie\\\/about-us\\\/#breadcrumb\",\"itemListElement\":[{\"@type\":\"ListItem\",\"position\":1,\"name\":\"Home\",\"item\":\"https:\\\/\\\/feilepatrickbyrne.ie\\\/\"},{\"@type\":\"ListItem\",\"position\":2,\"name\":\"About Us\"}]},{\"@type\":\"WebSite\",\"@id\":\"https:\\\/\\\/feilepatrickbyrne.ie\\\/#website\",\"url\":\"https:\\\/\\\/feilepatrickbyrne.ie\\\/\",\"name\":\"F\u00e9ile Patrick Byrne\",\"description\":\"Feile Patrick\",\"publisher\":{\"@id\":\"https:\\\/\\\/feilepatrickbyrne.ie\\\/#organization\"},\"potentialAction\":[{\"@type\":\"SearchAction\",\"target\":{\"@type\":\"EntryPoint\",\"urlTemplate\":\"https:\\\/\\\/feilepatrickbyrne.ie\\\/?s={search_term_string}\"},\"query-input\":{\"@type\":\"PropertyValueSpecification\",\"valueRequired\":true,\"valueName\":\"search_term_string\"}}],\"inLanguage\":\"en-US\"},{\"@type\":\"Organization\",\"@id\":\"https:\\\/\\\/feilepatrickbyrne.ie\\\/#organization\",\"name\":\"F\u00e9ile Patrick Byrne\",\"url\":\"https:\\\/\\\/feilepatrickbyrne.ie\\\/\",\"logo\":{\"@type\":\"ImageObject\",\"inLanguage\":\"en-US\",\"@id\":\"https:\\\/\\\/feilepatrickbyrne.ie\\\/#\\\/schema\\\/logo\\\/image\\\/\",\"url\":\"https:\\\/\\\/feilepatrickbyrne.ie\\\/wp-content\\\/uploads\\\/2021\\\/06\\\/Logo-white.png\",\"contentUrl\":\"https:\\\/\\\/feilepatrickbyrne.ie\\\/wp-content\\\/uploads\\\/2021\\\/06\\\/Logo-white.png\",\"width\":243,\"height\":195,\"caption\":\"F\u00e9ile Patrick Byrne\"},\"image\":{\"@id\":\"https:\\\/\\\/feilepatrickbyrne.ie\\\/#\\\/schema\\\/logo\\\/image\\\/\"}}]}<\/script>\n<!-- \/ Yoast SEO plugin. -->","yoast_head_json":{"title":"About Us - F\u00e9ile Patrick Byrne","robots":{"index":"index","follow":"follow","max-snippet":"max-snippet:-1","max-image-preview":"max-image-preview:large","max-video-preview":"max-video-preview:-1"},"canonical":"https:\/\/feilepatrickbyrne.ie\/about-us\/","og_locale":"en_US","og_type":"article","og_title":"About Us - F\u00e9ile Patrick Byrne","og_description":"About the Festival Maidir leis an bhF\u00e9ile The Festival F\u00e9ile Patrick Byrne is a traditional music festival held annually on the Palm Sunday weekend in and around Carrickmacross, Co. Monaghan. Organised by the Carrickmacross branch of Comhaltas, the F\u00e9ile was set up to act as a flagship event in the promotion of Irish traditional music [&hellip;]","og_url":"https:\/\/feilepatrickbyrne.ie\/about-us\/","og_site_name":"F\u00e9ile Patrick Byrne","article_modified_time":"2021-12-08T14:22:56+00:00","og_image":[{"url":"http:\/\/feilepatrickbyrne.ie\/wp-content\/uploads\/2021\/07\/home-box-2.png","type":"","width":"","height":""}],"twitter_card":"summary_large_image","twitter_misc":{"Est. reading time":"2 minutes"},"schema":{"@context":"https:\/\/schema.org","@graph":[{"@type":"WebPage","@id":"https:\/\/feilepatrickbyrne.ie\/about-us\/","url":"https:\/\/feilepatrickbyrne.ie\/about-us\/","name":"About Us - F\u00e9ile Patrick Byrne","isPartOf":{"@id":"https:\/\/feilepatrickbyrne.ie\/#website"},"primaryImageOfPage":{"@id":"https:\/\/feilepatrickbyrne.ie\/about-us\/#primaryimage"},"image":{"@id":"https:\/\/feilepatrickbyrne.ie\/about-us\/#primaryimage"},"thumbnailUrl":"http:\/\/feilepatrickbyrne.ie\/wp-content\/uploads\/2021\/07\/home-box-2.png","datePublished":"2021-07-16T09:35:59+00:00","dateModified":"2021-12-08T14:22:56+00:00","breadcrumb":{"@id":"https:\/\/feilepatrickbyrne.ie\/about-us\/#breadcrumb"},"inLanguage":"en-US","potentialAction":[{"@type":"ReadAction","target":["https:\/\/feilepatrickbyrne.ie\/about-us\/"]}]},{"@type":"ImageObject","inLanguage":"en-US","@id":"https:\/\/feilepatrickbyrne.ie\/about-us\/#primaryimage","url":"https:\/\/feilepatrickbyrne.ie\/wp-content\/uploads\/2021\/07\/home-box-2.png","contentUrl":"https:\/\/feilepatrickbyrne.ie\/wp-content\/uploads\/2021\/07\/home-box-2.png","width":380,"height":463},{"@type":"BreadcrumbList","@id":"https:\/\/feilepatrickbyrne.ie\/about-us\/#breadcrumb","itemListElement":[{"@type":"ListItem","position":1,"name":"Home","item":"https:\/\/feilepatrickbyrne.ie\/"},{"@type":"ListItem","position":2,"name":"About Us"}]},{"@type":"WebSite","@id":"https:\/\/feilepatrickbyrne.ie\/#website","url":"https:\/\/feilepatrickbyrne.ie\/","name":"F\u00e9ile Patrick Byrne","description":"Feile Patrick","publisher":{"@id":"https:\/\/feilepatrickbyrne.ie\/#organization"},"potentialAction":[{"@type":"SearchAction","target":{"@type":"EntryPoint","urlTemplate":"https:\/\/feilepatrickbyrne.ie\/?s={search_term_string}"},"query-input":{"@type":"PropertyValueSpecification","valueRequired":true,"valueName":"search_term_string"}}],"inLanguage":"en-US"},{"@type":"Organization","@id":"https:\/\/feilepatrickbyrne.ie\/#organization","name":"F\u00e9ile Patrick Byrne","url":"https:\/\/feilepatrickbyrne.ie\/","logo":{"@type":"ImageObject","inLanguage":"en-US","@id":"https:\/\/feilepatrickbyrne.ie\/#\/schema\/logo\/image\/","url":"https:\/\/feilepatrickbyrne.ie\/wp-content\/uploads\/2021\/06\/Logo-white.png","contentUrl":"https:\/\/feilepatrickbyrne.ie\/wp-content\/uploads\/2021\/06\/Logo-white.png","width":243,"height":195,"caption":"F\u00e9ile Patrick Byrne"},"image":{"@id":"https:\/\/feilepatrickbyrne.ie\/#\/schema\/logo\/image\/"}}]}},"_links":{"self":[{"href":"https:\/\/feilepatrickbyrne.ie\/wp-json\/wp\/v2\/pages\/964","targetHints":{"allow":["GET"]}}],"collection":[{"href":"https:\/\/feilepatrickbyrne.ie\/wp-json\/wp\/v2\/pages"}],"about":[{"href":"https:\/\/feilepatrickbyrne.ie\/wp-json\/wp\/v2\/types\/page"}],"author":[{"embeddable":true,"href":"https:\/\/feilepatrickbyrne.ie\/wp-json\/wp\/v2\/users\/1"}],"replies":[{"embeddable":true,"href":"https:\/\/feilepatrickbyrne.ie\/wp-json\/wp\/v2\/comments?post=964"}],"version-history":[{"count":60,"href":"https:\/\/feilepatrickbyrne.ie\/wp-json\/wp\/v2\/pages\/964\/revisions"}],"predecessor-version":[{"id":1785,"href":"https:\/\/feilepatrickbyrne.ie\/wp-json\/wp\/v2\/pages\/964\/revisions\/1785"}],"wp:attachment":[{"href":"https:\/\/feilepatrickbyrne.ie\/wp-json\/wp\/v2\/media?parent=964"}],"curies":[{"name":"wp","href":"https:\/\/api.w.org\/{rel}","templated":true}]}}