{"id":7576,"date":"2022-03-04T06:12:03","date_gmt":"2022-03-04T04:12:03","guid":{"rendered":"https:\/\/feaa.usv.ro\/?page_id=7576"},"modified":"2024-10-23T11:39:17","modified_gmt":"2024-10-23T08:39:17","slug":"alumni-feaa","status":"publish","type":"page","link":"https:\/\/feaa.usv.ro\/alumni-feaa\/","title":{"rendered":"Alumni FEAA"},"content":{"rendered":"<div class=\"wpb-content-wrapper\">[vc_row][vc_column][vc_tta_tour active_section=&#8221;1&#8243;][vc_tta_section i_icon_fontawesome=&#8221;fas fa-home&#8221; add_icon=&#8221;true&#8221; title=&#8221;Acas\u0103&#8221; tab_id=&#8221;acasa-alumni&#8221;][vc_column_text css=&#8221;.vc_custom_1698144692147{margin-top: 5px !important;margin-right: 5px !important;margin-bottom: 5px !important;margin-left: 5px !important;padding-top: 15px !important;padding-right: 15px !important;padding-bottom: 15px !important;padding-left: 15px !important;}&#8221;]<strong>Alumni FEAA<\/strong>\r\n\r\n<span>ALUMNI FEAA <\/span>\u00ee\u015fi propune s\u0103 dezvolte \u015fi s\u0103 consolideze comunitatea absolven\u0163ilor astfel \u00eenc\u00e2t prin sprijinul reciproc s\u0103 fie atinse obiectivele specifice at\u00e2t mediului academic c\u00e2t \u015fi mediului \u00een care absolven\u0163ii activeaz\u0103. Totodat\u0103 ALUMNI FEAA dore\u015fte s\u0103 \u00eent\u0103reasc\u0103 leg\u0103tura dintre universitate, absolven\u0163i, studen\u0163i, cadre didactice \u015fi mediul de afaceri.\r\n\r\nCalitatea de alumnus\/alumna ofer\u0103 o serie de oportunit\u0103\u021bi:\r\n<ul>\r\n \t<li>Acces la informa\u021bii privind activit\u0103\u021bile desf\u0103\u0219urate de FEAA<\/li>\r\n \t<li>Participarea la evenimentele organizate<\/li>\r\n \t<li>Men\u021binerea leg\u0103turii cu absolven\u021bii din diferite genera\u021bii<\/li>\r\n<\/ul>\r\n[\/vc_column_text][\/vc_tta_section][vc_tta_section i_icon_fontawesome=&#8221;fa fa-user-graduate&#8221; add_icon=&#8221;true&#8221; title=&#8221;Absolven\u021bi&#8221; tab_id=&#8221;absolventi&#8221;][vc_column_text css=&#8221;.vc_custom_1698145110301{margin-top: 5px !important;margin-right: 5px !important;margin-bottom: 5px !important;margin-left: 5px !important;padding-top: 15px !important;padding-right: 15px !important;padding-bottom: 15px !important;padding-left: 15px !important;}&#8221;]<strong>Absolven\u021bi<\/strong>\r\n<ul>\r\n \t<li>Absolven\u0163i de succes<\/li>\r\n \t<li>Rapoarte de inser\u0163ie<\/li>\r\n<\/ul>\r\nDac\u0103 e\u015fti absolvent FEAA, pentru a p\u0103stra leg\u0103tura cu colegii \u015fi mediul academic te invit\u0103m s\u0103 te \u00eenscrii \u00een comunitatea ALUMNI FEAA complet\u00e2nd formularul urm\u0103tor:[\/vc_column_text][vc_column_text css=&#8221;.vc_custom_1648035294493{margin-top: 5px !important;margin-right: 5px !important;margin-bottom: 5px !important;margin-left: 5px !important;padding-top: 15px !important;padding-right: 15px !important;padding-bottom: 15px !important;padding-left: 15px !important;}&#8221;]<a href=\"https:\/\/docs.google.com\/forms\/d\/e\/1FAIpQLSfgcf7deimE1BK8DdOcCaR6psa8s8r6jT--yc--_S-Mvqkbdw\/viewform?usp=sf_link\">https:\/\/docs.google.com\/forms\/d\/e\/1FAIpQLSfgcf7deimE1BK8DdOcCaR6psa8s8r6jT&#8211;yc&#8211;_S-Mvqkbdw\/viewform?usp=sf_link<\/a>[\/vc_column_text]\n<div class=\"wpcf7 no-js\" id=\"wpcf7-f1533-o1\" lang=\"ro-RO\" dir=\"ltr\" data-wpcf7-id=\"1533\">\n<div class=\"screen-reader-response\"><p role=\"status\" aria-live=\"polite\" aria-atomic=\"true\"><\/p> <ul><\/ul><\/div>\n<form action=\"\/wp-json\/wp\/v2\/pages\/7576#wpcf7-f1533-o1\" method=\"post\" class=\"wpcf7-form init\" aria-label=\"Formular de contact\" novalidate=\"novalidate\" data-status=\"init\">\n<fieldset class=\"hidden-fields-container\"><input type=\"hidden\" name=\"_wpcf7\" value=\"1533\" \/><input type=\"hidden\" name=\"_wpcf7_version\" value=\"6.1.5\" \/><input type=\"hidden\" name=\"_wpcf7_locale\" value=\"ro_RO\" \/><input type=\"hidden\" name=\"_wpcf7_unit_tag\" value=\"wpcf7-f1533-o1\" \/><input type=\"hidden\" name=\"_wpcf7_container_post\" value=\"0\" \/><input type=\"hidden\" name=\"_wpcf7_posted_data_hash\" value=\"\" \/><input type=\"hidden\" name=\"_wpcf7_recaptcha_response\" value=\"\" \/>\n<\/fieldset>\n<p><label> Numele \u0219i prenumele (obligatoriu)<br \/>\n<span class=\"wpcf7-form-control-wrap\" data-name=\"your-name\"><input size=\"40\" maxlength=\"400\" class=\"wpcf7-form-control wpcf7-text wpcf7-validates-as-required\" aria-required=\"true\" aria-invalid=\"false\" value=\"\" type=\"text\" name=\"your-name\" \/><\/span> <\/label>\n<\/p>\n<p><label> Adresa de email (obligatoriu)<br \/>\n<span class=\"wpcf7-form-control-wrap\" data-name=\"your-email\"><input size=\"40\" maxlength=\"400\" class=\"wpcf7-form-control wpcf7-email wpcf7-validates-as-required wpcf7-text wpcf7-validates-as-email\" aria-required=\"true\" aria-invalid=\"false\" value=\"\" type=\"email\" name=\"your-email\" \/><\/span> <\/label>\n<\/p>\n<p><label> Testimonial<br \/>\n<span class=\"wpcf7-form-control-wrap\" data-name=\"your-message\"><textarea cols=\"40\" rows=\"10\" maxlength=\"2000\" class=\"wpcf7-form-control wpcf7-textarea\" aria-invalid=\"false\" name=\"your-message\"><\/textarea><\/span> <\/label>\n<\/p>\n<p><input class=\"wpcf7-form-control wpcf7-submit has-spinner\" type=\"submit\" value=\"Trimite\" \/>\n<\/p><div class=\"wpcf7-response-output\" aria-hidden=\"true\"><\/div>\n<\/form>\n<\/div>\n[\/vc_tta_section][vc_tta_section i_icon_fontawesome=&#8221;fa fa-pen-nib&#8221; add_icon=&#8221;true&#8221; title=&#8221;Testimoniale&#8221; tab_id=&#8221;testimoniale&#8221;][vc_column_text css=&#8221;.vc_custom_1705931146501{margin-top: 5px !important;margin-right: 5px !important;margin-bottom: 5px !important;margin-left: 5px !important;padding-top: 15px !important;padding-right: 15px !important;padding-bottom: 15px !important;padding-left: 15px !important;}&#8221;]\r\n<h3><strong>Cebanu Valentina<\/strong><\/h3>\r\nAm absolvit Finante si Banci in anul 2012 si pot sa spun cu certitudine ca perioada celor 3 ani de licenta a fost o perioada de care-mi aduc aminte cu drag. Cu unii dintre profesori inca mai pastrez legatura si ma bucura faptul ca atunci cand ne intalnim pe strada ma recunosc chiar si dupa atatia ani. :)[\/vc_column_text][vc_separator][vc_column_text css=&#8221;.vc_custom_1698143655278{margin-top: 5px !important;margin-right: 5px !important;margin-bottom: 5px !important;margin-left: 5px !important;padding-top: 15px !important;padding-right: 15px !important;padding-bottom: 15px !important;padding-left: 15px !important;}&#8221;]\r\n<h3><strong>Maria Botnar<\/strong><\/h3>\r\n\u00cen perioada 2017-2022 am urmat cursurile FEAA \u00een cadrul programului de licen\u021b\u0103 CIG resprectiv programului de masterat CAFEC.\r\nLa finalul anului 2 de licen\u021b\u0103, am aplicat pentru un internship la o multina\u021bional\u0103 \u0219i de atunci am r\u0103mas angajat\u0103 la acea companie.\r\nMul\u021bumesc cadrelor didactice care ne-au dat sfaturi \u0219i ne-au \u00eencurajat la \u00eenceput de drum.\r\n\r\n<hr \/>\r\n\r\n<h3><strong>Cojocari Alexandru<\/strong><\/h3>\r\n<h4>Hai la USV!<\/h4>\r\nAcesta a fost mesajul cu care am debutat pe parcursul celor 5 cei mai frumo\u0219i ani petrecu\u021bi \u00een cadrul Facult\u0103\u021bii de Economie, Administra\u021bie \u0219i Afaceri de la Universitatea \u0218tefan cel Mare din Suceava.\r\nAu trecut 5 ani, dar ast\u0103zi tot m\u0103 simt \u00eenc\u0103 student, sau cel pu\u021bin am o nostalgie dup\u0103 perioada aceasta, c\u00e2nd descopeream necunoscutul, ne bucuram de fiecare proiect sus\u021binut cu succes \u0219i de fiecare not\u0103 ob\u021binut\u0103 \u00een urma unui examen.\r\nExperien\u021ba mea la USV a fost mai mult dec\u00e2t o perioad\u0103 de \u00eenv\u0103\u021bare, a fost o c\u0103l\u0103torie care m-a format \u0219i m-a transformat. Profesorii excep\u021bionali, resursele academice bogate \u0219i comunitatea vibrant\u0103 de colegi au contribuit la dezvoltarea mea personal\u0103 \u0219i profesional\u0103 \u00een moduri pe care nu le voi uita niciodat\u0103.\r\nAceast\u0103 universitate mi-a oferit cuno\u0219tin\u021be solide, dar \u0219i \u00eencredere \u00een propriile abilit\u0103\u021bi. M-a \u00eencurajat s\u0103 explorez noi orizonturi \u0219i s\u0103 m\u0103 angajez \u00een c\u0103utarea cunoa\u0219terii \u00eentr-un mod profund. Toate acestea m-au preg\u0103tit pentru provoc\u0103rile vie\u021bii \u0219i pentru cariera mea ulterioar\u0103.\r\nAst\u0103zi, \u00een prag de nou an academic, dup\u0103 \u00eencheierea unui program de licen\u021b\u0103 \u0219i masterat la Facultatea de Economie, Administra\u021bie \u0219i Afaceri, m\u0103 simt preg\u0103tit s\u0103 explorez lumea \u0219i s\u0103 \u00eendeplinesc scopuri mari. \u00cen fiecare reu\u0219it\u0103 pe care o voi ob\u021bine \u00een viitor, voi \u021bine minte cu drag r\u0103d\u0103cinile mele academice de aici.\r\nCu aceast\u0103 ocazie vreau s\u0103 le mul\u021bumesc tuturor cadrelor didactice \u0219i s\u0103 le doresc mult\u0103 s\u0103n\u0103tate, succese, r\u0103bdare, \u0219i un an universitar c\u00e2t mai prosper.\r\n\r\n<hr \/>\r\n\r\n<h3><b>Co\u0219man Vadim<\/b><\/h3>\r\n\u00cen 2016-2019 am studiat Informatic\u0103 Economic\u0103 \u00een cadrul FEAA, USV.\r\nDatorit\u0103 USV \u0219i Erasmus+ am beneficiat de 2 mobilit\u0103\u021bi de studiu (Cehia, Belgia), la fel, am beneficiat de o mul\u021bime de alte proiecte.\r\nFiind originar din R. Moldova, m-am acomodat foarte u\u0219or datorit\u0103 mediului \u0219i afec\u021biunii localnicilor fa\u021b\u0103 de studen\u021bii din MD.\r\nMul\u021bumesc USV!\r\n\r\n<hr \/>\r\n\r\n<h3><b>\u0218tefan Sfichi<\/b><\/h3>\r\n\u00cen perioada 2005-2007 am urmat cursurile FEAA \u00een cadrul unui masterat de 2 ani &#8211; MFCTS. Am \u00eenv\u0103\u021bat lucruri interesante aici. Nu pot s\u0103 nu-mi aduc aminte de unele recomand\u0103ri ce mi-au r\u0103mas \u0219i acum \u00een minte.\r\nUrez succes tuturor celor care \u00ee\u0219i doresc s\u0103 urmeze cursurile FEAA.\r\n\r\n<hr \/>\r\n\r\n[\/vc_column_text][\/vc_tta_section][vc_tta_section i_icon_fontawesome=&#8221;fas fa-camera&#8221; add_icon=&#8221;true&#8221; title=&#8221;Evenimente&#8221; tab_id=&#8221;evenimente&#8221;][vc_separator][vc_column_text css=&#8221;.vc_custom_1718866237273{margin-top: 5px !important;margin-right: 5px !important;margin-bottom: 5px !important;margin-left: 5px !important;padding-top: 15px !important;padding-right: 15px !important;padding-bottom: 15px !important;padding-left: 15px !important;}&#8221;]Fotografii de la Mar\u0219ul absolven\u021bilor USV 2024[\/vc_column_text][vc_gallery type=&#8221;image_grid&#8221; images=&#8221;30957,30958,30960,30961,30965,30959,30962,30963,30964,30966,30967,30968&#8243; onclick=&#8221;img_link_large&#8221; custom_links_target=&#8221;_blank&#8221;][vc_separator][vc_column_text css=&#8221;.vc_custom_1718860608095{margin-top: 5px !important;margin-right: 5px !important;margin-bottom: 5px !important;margin-left: 5px !important;padding-top: 15px !important;padding-right: 15px !important;padding-bottom: 15px !important;padding-left: 15px !important;}&#8221;]\r\n<div class=\"wp-block-image\"><a href=\"https:\/\/feaa.usv.ro\/wp-content\/uploads\/sites\/15\/2023\/10\/Afis-bursa-locurilor-de-munca.jpg\"><img fetchpriority=\"high\" decoding=\"async\" class=\"aligncenter wp-image-11497 size-medium\" src=\"https:\/\/feaa.usv.ro\/wp-content\/uploads\/sites\/15\/2023\/10\/Afis-bursa-locurilor-de-munca-212x300.jpg\" alt=\"\" width=\"212\" height=\"300\" srcset=\"https:\/\/feaa.usv.ro\/wp-content\/uploads\/sites\/15\/2023\/10\/Afis-bursa-locurilor-de-munca-212x300.jpg 212w, https:\/\/feaa.usv.ro\/wp-content\/uploads\/sites\/15\/2023\/10\/Afis-bursa-locurilor-de-munca-725x1024.jpg 725w, https:\/\/feaa.usv.ro\/wp-content\/uploads\/sites\/15\/2023\/10\/Afis-bursa-locurilor-de-munca-768x1085.jpg 768w, https:\/\/feaa.usv.ro\/wp-content\/uploads\/sites\/15\/2023\/10\/Afis-bursa-locurilor-de-munca.jpg 843w\" sizes=\"(max-width: 212px) 100vw, 212px\" \/><\/a><\/div>\r\n[\/vc_column_text][vc_separator][vc_column_text css=&#8221;.vc_custom_1698213263128{margin: 5px !important;padding: 5px !important;}&#8221;]\r\n<h2>Parteneriat integrat \u00eentre comunitatea ALUMNI FEEA \u0219i studen\u021bi<\/h2>\r\n[\/vc_column_text][vc_row_inner][vc_column_inner width=&#8221;1\/2&#8243;][vc_column_text css=&#8221;.vc_custom_1698213275448{margin-top: 5px !important;margin-right: 5px !important;margin-bottom: 5px !important;margin-left: 5px !important;padding-top: 15px !important;padding-right: 15px !important;padding-bottom: 15px !important;padding-left: 15px !important;}&#8221;]\r\n<div class=\"wp-block-image\"><a href=\"https:\/\/feaa.usv.ro\/wp-content\/uploads\/sites\/15\/2023\/10\/Alumni_day.jpg\"><img decoding=\"async\" class=\"alignleft wp-image-11431\" src=\"https:\/\/feaa.usv.ro\/wp-content\/uploads\/sites\/15\/2023\/10\/Alumni_day-230x300.jpg\" alt=\"\" width=\"400\" height=\"522\" srcset=\"https:\/\/feaa.usv.ro\/wp-content\/uploads\/sites\/15\/2023\/10\/Alumni_day-230x300.jpg 230w, https:\/\/feaa.usv.ro\/wp-content\/uploads\/sites\/15\/2023\/10\/Alumni_day.jpg 600w\" sizes=\"(max-width: 400px) 100vw, 400px\" \/><\/a><\/div>\r\n[\/vc_column_text][\/vc_column_inner][vc_column_inner width=&#8221;1\/2&#8243;][vc_gallery type=&#8221;image_grid&#8221; images=&#8221;11439,11440,11441,11442,11444,11445,11446,11447&#8243; onclick=&#8221;img_link_large&#8221; custom_links_target=&#8221;_blank&#8221;][\/vc_column_inner][\/vc_row_inner][vc_separator][vc_column_text css=&#8221;.vc_custom_1648028478175{margin-top: 5px !important;margin-right: 5px !important;margin-bottom: 5px !important;margin-left: 5px !important;padding-top: 15px !important;padding-right: 15px !important;padding-bottom: 15px !important;padding-left: 15px !important;}&#8221;]\r\n<ul>\r\n \t<li><strong>Cursuri festive<\/strong><\/li>\r\n \t<li><strong>Concursuri<\/strong><\/li>\r\n \t<li><strong>Mar\u0219ul absolven\u021bilor \u2013 Mar\u0219ul absolven\u021bilor este un prilej de \u00eent\u00e2lnire al absolven\u021bilor universit\u0103\u021bii sucevene \u0219i de celebrare a celor care vor deveni ambasadorii Universit\u0103\u021bii \u0218tefan cel Mare printr-un festival al tinere\u021bii \u0219i bucuriei<\/strong><\/li>\r\n \t<li><strong>ALUMNI WEEK SAU ALUMNI DAY<\/strong><\/li>\r\n<\/ul>\r\n<strong>Pentru mai multe Evenimente da\u021bi click <a href=\"https:\/\/feaa.usv.ro\/avizier-web\/\" target=\"_blank\" rel=\"noopener\">AICI<\/a>.<\/strong>[\/vc_column_text][vc_separator][\/vc_tta_section][vc_tta_section i_icon_fontawesome=&#8221;fa fa-highlighter&#8221; add_icon=&#8221;true&#8221; title=&#8221;Oportunit\u0103\u021bi de angajare&#8221; tab_id=&#8221;oportunitati-angajari&#8221;][vc_column_text css=&#8221;.vc_custom_1648028968830{margin-top: 5px !important;margin-right: 5px !important;margin-bottom: 5px !important;margin-left: 5px !important;padding-top: 15px !important;padding-right: 15px !important;padding-bottom: 15px !important;padding-left: 15px !important;}&#8221;]Anun\u021burile cu locuri de munc\u0103, site FEAA, le g\u0103si\u021bi <a href=\"https:\/\/feaa.usv.ro\/locuri-de-munca\/\" target=\"_blank\" rel=\"noopener\"><strong>AICI<\/strong><\/a>.[\/vc_column_text][vc_column_text css=&#8221;.vc_custom_1648028953566{margin-top: 5px !important;margin-right: 5px !important;margin-bottom: 5px !important;margin-left: 5px !important;padding-top: 15px !important;padding-right: 15px !important;padding-bottom: 15px !important;padding-left: 15px !important;}&#8221;]Anun\u021burile cu locuri de munc\u0103, site USV, le g\u0103si\u021bi <a href=\"https:\/\/usv.ro\/resurse\/angajari\/locuri-de-munca-pentru-studenti-sau-absolventi\/\" target=\"_blank\" rel=\"noopener\"><strong>AICI<\/strong><\/a>.[\/vc_column_text][\/vc_tta_section][\/vc_tta_tour][\/vc_column][\/vc_row][vc_row][vc_column][\/vc_column][\/vc_row]<\/div>","protected":false},"excerpt":{"rendered":"<p>[vc_row][vc_column][vc_tta_tour active_section=&#8221;1&#8243;][vc_tta_section i_icon_fontawesome=&#8221;fas fa-home&#8221; add_icon=&#8221;true&#8221; title=&#8221;Acas\u0103&#8221; tab_id=&#8221;acasa-alumni&#8221;][vc_column_text css=&#8221;.vc_custom_1698144692147{margin-top: 5px !important;margin-right: 5px !important;margin-bottom: 5px !important;margin-left: 5px !important;padding-top: 15px !important;padding-right: 15px !important;padding-bottom: 15px !important;padding-left: 15px !important;}&#8221;]Alumni FEAA ALUMNI FEAA \u00ee\u015fi propune s\u0103 dezvolte \u015fi s\u0103 consolideze comunitatea absolven\u0163ilor astfel \u00eenc\u00e2t prin sprijinul reciproc s\u0103 fie atinse obiectivele specifice at\u00e2t mediului academic c\u00e2t \u015fi mediului \u00een care absolven\u0163ii<\/p>\n","protected":false},"author":19,"featured_media":0,"parent":0,"menu_order":0,"comment_status":"closed","ping_status":"closed","template":"","meta":{"cybocfi_hide_featured_image":"","footnotes":""},"class_list":["post-7576","page","type-page","status-publish","hentry"],"yoast_head":"<!-- This site is optimized with the Yoast SEO plugin v27.4 - https:\/\/yoast.com\/product\/yoast-seo-wordpress\/ -->\n<title>Alumni FEAA - Facultatea de Economie, Administra\u021bie \u0219i Afaceri<\/title>\n<meta name=\"robots\" content=\"index, follow, max-snippet:-1, max-image-preview:large, max-video-preview:-1\" \/>\n<link rel=\"canonical\" href=\"https:\/\/feaa.usv.ro\/alumni-feaa\/\" \/>\n<meta property=\"og:locale\" content=\"en_US\" \/>\n<meta property=\"og:type\" content=\"article\" \/>\n<meta property=\"og:title\" content=\"Alumni FEAA - Facultatea de Economie, Administra\u021bie \u0219i Afaceri\" \/>\n<meta property=\"og:description\" content=\"[vc_row][vc_column][vc_tta_tour active_section=&#8221;1&#8243;][vc_tta_section i_icon_fontawesome=&#8221;fas fa-home&#8221; add_icon=&#8221;true&#8221; title=&#8221;Acas\u0103&#8221; tab_id=&#8221;acasa-alumni&#8221;][vc_column_text css=&#8221;.vc_custom_1698144692147{margin-top: 5px !important;margin-right: 5px !important;margin-bottom: 5px !important;margin-left: 5px !important;padding-top: 15px !important;padding-right: 15px !important;padding-bottom: 15px !important;padding-left: 15px !important;}&#8221;]Alumni FEAA ALUMNI FEAA \u00ee\u015fi propune s\u0103 dezvolte \u015fi s\u0103 consolideze comunitatea absolven\u0163ilor astfel \u00eenc\u00e2t prin sprijinul reciproc s\u0103 fie atinse obiectivele specifice at\u00e2t mediului academic c\u00e2t \u015fi mediului \u00een care absolven\u0163ii\" \/>\n<meta property=\"og:url\" content=\"https:\/\/feaa.usv.ro\/alumni-feaa\/\" \/>\n<meta property=\"og:site_name\" content=\"Facultatea de Economie, Administra\u021bie \u0219i Afaceri\" \/>\n<meta property=\"article:modified_time\" content=\"2024-10-23T08:39:17+00:00\" \/>\n<meta property=\"og:image\" content=\"https:\/\/feaa.usv.ro\/wp-content\/uploads\/sites\/15\/2023\/10\/Afis-bursa-locurilor-de-munca-212x300.jpg\" \/>\n<meta name=\"twitter:card\" content=\"summary_large_image\" \/>\n<meta name=\"twitter:label1\" content=\"Est. reading time\" \/>\n\t<meta name=\"twitter:data1\" content=\"5 minutes\" \/>\n<script type=\"application\/ld+json\" class=\"yoast-schema-graph\">{\"@context\":\"https:\\\/\\\/schema.org\",\"@graph\":[{\"@type\":\"WebPage\",\"@id\":\"https:\\\/\\\/feaa.usv.ro\\\/alumni-feaa\\\/\",\"url\":\"https:\\\/\\\/feaa.usv.ro\\\/alumni-feaa\\\/\",\"name\":\"Alumni FEAA - Facultatea de Economie, Administra\u021bie \u0219i Afaceri\",\"isPartOf\":{\"@id\":\"https:\\\/\\\/feaa.usv.ro\\\/#website\"},\"primaryImageOfPage\":{\"@id\":\"https:\\\/\\\/feaa.usv.ro\\\/alumni-feaa\\\/#primaryimage\"},\"image\":{\"@id\":\"https:\\\/\\\/feaa.usv.ro\\\/alumni-feaa\\\/#primaryimage\"},\"thumbnailUrl\":\"https:\\\/\\\/feaa.usv.ro\\\/wp-content\\\/uploads\\\/sites\\\/15\\\/2023\\\/10\\\/Afis-bursa-locurilor-de-munca-212x300.jpg\",\"datePublished\":\"2022-03-04T04:12:03+00:00\",\"dateModified\":\"2024-10-23T08:39:17+00:00\",\"breadcrumb\":{\"@id\":\"https:\\\/\\\/feaa.usv.ro\\\/alumni-feaa\\\/#breadcrumb\"},\"inLanguage\":\"en-US\",\"potentialAction\":[{\"@type\":\"ReadAction\",\"target\":[\"https:\\\/\\\/feaa.usv.ro\\\/alumni-feaa\\\/\"]}]},{\"@type\":\"ImageObject\",\"inLanguage\":\"en-US\",\"@id\":\"https:\\\/\\\/feaa.usv.ro\\\/alumni-feaa\\\/#primaryimage\",\"url\":\"https:\\\/\\\/feaa.usv.ro\\\/wp-content\\\/uploads\\\/sites\\\/15\\\/2023\\\/10\\\/Afis-bursa-locurilor-de-munca.jpg\",\"contentUrl\":\"https:\\\/\\\/feaa.usv.ro\\\/wp-content\\\/uploads\\\/sites\\\/15\\\/2023\\\/10\\\/Afis-bursa-locurilor-de-munca.jpg\",\"width\":843,\"height\":1191},{\"@type\":\"BreadcrumbList\",\"@id\":\"https:\\\/\\\/feaa.usv.ro\\\/alumni-feaa\\\/#breadcrumb\",\"itemListElement\":[{\"@type\":\"ListItem\",\"position\":1,\"name\":\"Home\",\"item\":\"https:\\\/\\\/feaa.usv.ro\\\/\"},{\"@type\":\"ListItem\",\"position\":2,\"name\":\"Alumni FEAA\"}]},{\"@type\":\"WebSite\",\"@id\":\"https:\\\/\\\/feaa.usv.ro\\\/#website\",\"url\":\"https:\\\/\\\/feaa.usv.ro\\\/\",\"name\":\"Facultatea de Economie, Administra\u021bie \u0219i Afaceri\",\"description\":\"\",\"potentialAction\":[{\"@type\":\"SearchAction\",\"target\":{\"@type\":\"EntryPoint\",\"urlTemplate\":\"https:\\\/\\\/feaa.usv.ro\\\/?s={search_term_string}\"},\"query-input\":{\"@type\":\"PropertyValueSpecification\",\"valueRequired\":true,\"valueName\":\"search_term_string\"}}],\"inLanguage\":\"en-US\"}]}<\/script>\n<!-- \/ Yoast SEO plugin. -->","yoast_head_json":{"title":"Alumni FEAA - Facultatea de Economie, Administra\u021bie \u0219i Afaceri","robots":{"index":"index","follow":"follow","max-snippet":"max-snippet:-1","max-image-preview":"max-image-preview:large","max-video-preview":"max-video-preview:-1"},"canonical":"https:\/\/feaa.usv.ro\/alumni-feaa\/","og_locale":"en_US","og_type":"article","og_title":"Alumni FEAA - Facultatea de Economie, Administra\u021bie \u0219i Afaceri","og_description":"[vc_row][vc_column][vc_tta_tour active_section=&#8221;1&#8243;][vc_tta_section i_icon_fontawesome=&#8221;fas fa-home&#8221; add_icon=&#8221;true&#8221; title=&#8221;Acas\u0103&#8221; tab_id=&#8221;acasa-alumni&#8221;][vc_column_text css=&#8221;.vc_custom_1698144692147{margin-top: 5px !important;margin-right: 5px !important;margin-bottom: 5px !important;margin-left: 5px !important;padding-top: 15px !important;padding-right: 15px !important;padding-bottom: 15px !important;padding-left: 15px !important;}&#8221;]Alumni FEAA ALUMNI FEAA \u00ee\u015fi propune s\u0103 dezvolte \u015fi s\u0103 consolideze comunitatea absolven\u0163ilor astfel \u00eenc\u00e2t prin sprijinul reciproc s\u0103 fie atinse obiectivele specifice at\u00e2t mediului academic c\u00e2t \u015fi mediului \u00een care absolven\u0163ii","og_url":"https:\/\/feaa.usv.ro\/alumni-feaa\/","og_site_name":"Facultatea de Economie, Administra\u021bie \u0219i Afaceri","article_modified_time":"2024-10-23T08:39:17+00:00","og_image":[{"url":"https:\/\/feaa.usv.ro\/wp-content\/uploads\/sites\/15\/2023\/10\/Afis-bursa-locurilor-de-munca-212x300.jpg","type":"","width":"","height":""}],"twitter_card":"summary_large_image","twitter_misc":{"Est. reading time":"5 minutes"},"schema":{"@context":"https:\/\/schema.org","@graph":[{"@type":"WebPage","@id":"https:\/\/feaa.usv.ro\/alumni-feaa\/","url":"https:\/\/feaa.usv.ro\/alumni-feaa\/","name":"Alumni FEAA - Facultatea de Economie, Administra\u021bie \u0219i Afaceri","isPartOf":{"@id":"https:\/\/feaa.usv.ro\/#website"},"primaryImageOfPage":{"@id":"https:\/\/feaa.usv.ro\/alumni-feaa\/#primaryimage"},"image":{"@id":"https:\/\/feaa.usv.ro\/alumni-feaa\/#primaryimage"},"thumbnailUrl":"https:\/\/feaa.usv.ro\/wp-content\/uploads\/sites\/15\/2023\/10\/Afis-bursa-locurilor-de-munca-212x300.jpg","datePublished":"2022-03-04T04:12:03+00:00","dateModified":"2024-10-23T08:39:17+00:00","breadcrumb":{"@id":"https:\/\/feaa.usv.ro\/alumni-feaa\/#breadcrumb"},"inLanguage":"en-US","potentialAction":[{"@type":"ReadAction","target":["https:\/\/feaa.usv.ro\/alumni-feaa\/"]}]},{"@type":"ImageObject","inLanguage":"en-US","@id":"https:\/\/feaa.usv.ro\/alumni-feaa\/#primaryimage","url":"https:\/\/feaa.usv.ro\/wp-content\/uploads\/sites\/15\/2023\/10\/Afis-bursa-locurilor-de-munca.jpg","contentUrl":"https:\/\/feaa.usv.ro\/wp-content\/uploads\/sites\/15\/2023\/10\/Afis-bursa-locurilor-de-munca.jpg","width":843,"height":1191},{"@type":"BreadcrumbList","@id":"https:\/\/feaa.usv.ro\/alumni-feaa\/#breadcrumb","itemListElement":[{"@type":"ListItem","position":1,"name":"Home","item":"https:\/\/feaa.usv.ro\/"},{"@type":"ListItem","position":2,"name":"Alumni FEAA"}]},{"@type":"WebSite","@id":"https:\/\/feaa.usv.ro\/#website","url":"https:\/\/feaa.usv.ro\/","name":"Facultatea de Economie, Administra\u021bie \u0219i Afaceri","description":"","potentialAction":[{"@type":"SearchAction","target":{"@type":"EntryPoint","urlTemplate":"https:\/\/feaa.usv.ro\/?s={search_term_string}"},"query-input":{"@type":"PropertyValueSpecification","valueRequired":true,"valueName":"search_term_string"}}],"inLanguage":"en-US"}]}},"_links":{"self":[{"href":"https:\/\/feaa.usv.ro\/wp-json\/wp\/v2\/pages\/7576","targetHints":{"allow":["GET"]}}],"collection":[{"href":"https:\/\/feaa.usv.ro\/wp-json\/wp\/v2\/pages"}],"about":[{"href":"https:\/\/feaa.usv.ro\/wp-json\/wp\/v2\/types\/page"}],"author":[{"embeddable":true,"href":"https:\/\/feaa.usv.ro\/wp-json\/wp\/v2\/users\/19"}],"replies":[{"embeddable":true,"href":"https:\/\/feaa.usv.ro\/wp-json\/wp\/v2\/comments?post=7576"}],"version-history":[{"count":0,"href":"https:\/\/feaa.usv.ro\/wp-json\/wp\/v2\/pages\/7576\/revisions"}],"wp:attachment":[{"href":"https:\/\/feaa.usv.ro\/wp-json\/wp\/v2\/media?parent=7576"}],"curies":[{"name":"wp","href":"https:\/\/api.w.org\/{rel}","templated":true}]}}