{"id":19829,"date":"2024-12-09T11:39:38","date_gmt":"2024-12-09T15:39:38","guid":{"rendered":"https:\/\/cotejo.info\/?page_id=19829"},"modified":"2026-04-09T13:22:37","modified_gmt":"2026-04-09T17:22:37","slug":"inicio-2025","status":"publish","type":"page","link":"https:\/\/cotejo.info\/","title":{"rendered":"Inicio 2025"},"content":{"rendered":"<h2 class=\"wp-block-heading is-style-text-display has-custom-color-2-color has-text-color has-link-color wp-elements-033d198bb689db0407a087dd1ddc2cca is-style-text-display--1\" style=\"font-size:clamp(1.25rem, 1.25rem + ((1vw - 0.2rem) * 1.176), 2rem);\" id=\"cotejos-nacionales\"><a href=\"https:\/\/cotejo.info\/secciones\/discurso-publico\/cotejos-nacionales\/\" data-type=\"category\" data-id=\"856\">Cotejos nacionales<\/a><\/h2>\n\n\n<div class=\"wp-block-columns is-layout-flex wp-container-core-columns-is-layout-ff4b9c61 wp-block-columns-is-layout-flex\" style=\"margin-top:0;margin-bottom:0\">\n<div class=\"wp-block-column is-layout-flow wp-block-column-is-layout-flow\" style=\"flex-basis:60%\">\n<div class=\"wp-block-query is-layout-flow wp-block-query-is-layout-flow\"><ul class=\"columns-1 wp-block-post-template is-layout-grid wp-container-core-post-template-is-layout-626d27ed wp-block-post-template-is-layout-grid\"><li class=\"wp-block-post post-28621 post type-post status-publish format-standard has-post-thumbnail hentry category-cotejos-nacionales category-discurso-publico category-media-verdad tag-pdvsa-2025 tag-produccion-de-gasolina tag-venezuela\">\n<figure class=\"wp-block-post-featured-image\"><img loading=\"lazy\" decoding=\"async\" width=\"600\" height=\"400\" src=\"https:\/\/cotejo.info\/wp-content\/uploads\/2026\/04\/slider-5.jpg\" class=\"attachment-post-thumbnail size-post-thumbnail wp-post-image\" alt=\"Paula Henao: \u201cVenezuela no requiri\u00f3 importaci\u00f3n de gasolina en 2025\u201d\" style=\"object-fit:cover;\" srcset=\"https:\/\/cotejo.info\/wp-content\/uploads\/2026\/04\/slider-5.jpg 600w, https:\/\/cotejo.info\/wp-content\/uploads\/2026\/04\/slider-5-300x200.jpg 300w\" sizes=\"auto, (max-width: 600px) 100vw, 600px\" \/><\/figure>\n\n<h2 class=\"wp-block-post-title has-barlow-condensed-font-family\"><a href=\"https:\/\/cotejo.info\/2026\/04\/media-verdad-paula-henao-venezuela-no-importo-gasolina-2025\/\" target=\"_self\" >Paula Henao: \u201cVenezuela no requiri\u00f3 importaci\u00f3n de gasolina en 2025\u201d<\/a><\/h2>\n\n<div class=\"wp-block-post-date\"><time datetime=\"2026-04-30T13:27:42-04:00\">abril 30, 2026<\/time><\/div>\n\n<div style=\"font-size:0.5rem;font-style:normal;font-weight:400;line-height:1.3;\" class=\"wp-block-post-excerpt has-roboto-font-family\"><p class=\"wp-block-post-excerpt__excerpt\">La Ministra de Hidrocarburos, Paula Henao, declar\u00f3 que Venezuela cubri\u00f3 la demanda interna de gasolina durante 2025 sin recurrir a importaciones de combustible, debido a la recuperaci\u00f3n de la capacidad refinadora.\u00a0 La declaraci\u00f3n la hizo el 22 de abril de 2026, durante su participaci\u00f3n en la Asamblea Anual de la Asociaci\u00f3n Venezolana de la Industria<\/p><p class=\"wp-block-post-excerpt__more-text\"><a class=\"wp-block-post-excerpt__more-link\" href=\"https:\/\/cotejo.info\/2026\/04\/media-verdad-paula-henao-venezuela-no-importo-gasolina-2025\/\">M\u00e1s &gt;&gt;&gt;<\/a><\/p><\/div>\n<\/li><\/ul><\/div>\n<\/div>\n\n\n\n<div class=\"wp-block-column is-layout-flow wp-block-column-is-layout-flow\" style=\"flex-basis:40%\">\n<div class=\"wp-block-query is-layout-flow wp-block-query-is-layout-flow\"><ul class=\"columns-1 wp-block-post-template is-layout-grid wp-container-core-post-template-is-layout-626d27ed wp-block-post-template-is-layout-grid\"><li class=\"wp-block-post post-28599 post type-post status-publish format-standard has-post-thumbnail hentry category-cotejos-nacionales category-discurso-publico category-media-verdad tag-corrupcion-policial tag-diosdado-cabello tag-foro-penal tag-ovp tag-pranes tag-retardo-procesal tag-sistema-judicial-venezuela\">\n\n<div class=\"wp-block-group has-global-padding is-layout-constrained wp-block-group-is-layout-constrained\">\n<div class=\"wp-block-columns is-layout-flex wp-container-core-columns-is-layout-a85f4655 wp-block-columns-is-layout-flex\">\n<div class=\"wp-block-column is-vertically-aligned-top is-layout-flow wp-block-column-is-layout-flow\" style=\"flex-basis:55%\"><figure class=\"aligncenter wp-block-post-featured-image\"><img loading=\"lazy\" decoding=\"async\" width=\"600\" height=\"400\" src=\"https:\/\/cotejo.info\/wp-content\/uploads\/2026\/04\/slider.jpg\" class=\"attachment-post-thumbnail size-post-thumbnail wp-post-image\" alt=\"Aunque el pranato en Venezuela fue debilitado en 2023, la red de extorsi\u00f3n no desapareci\u00f3 sino que mut\u00f3\" style=\"object-fit:cover;\" srcset=\"https:\/\/cotejo.info\/wp-content\/uploads\/2026\/04\/slider.jpg 600w, https:\/\/cotejo.info\/wp-content\/uploads\/2026\/04\/slider-300x200.jpg 300w\" sizes=\"auto, (max-width: 600px) 100vw, 600px\" \/><\/figure><\/div>\n\n\n\n<div class=\"wp-block-column is-layout-flow wp-block-column-is-layout-flow\" style=\"flex-basis:66.66%\"><h3 class=\"wp-block-heading is-style-text-subtitle has-custom-color-2-color has-text-color has-link-color has-large-font-size wp-elements-f3dcd6bc2bf8cfcf12bb54f3b7bb0617 is-style-text-subtitle--2\" style=\"text-transform:uppercase\" id=\"nacionales\">Nacionales<\/h3>\n\n<h2 class=\"wp-block-post-title has-large-font-size has-barlow-condensed-font-family\"><a href=\"https:\/\/cotejo.info\/2026\/04\/media-verdad-diosdado-cabello-pranato-extorsion-carcelaria-traslados-judiciales\/\" target=\"_self\" >Diosdado Cabello afirma que la extorsi\u00f3n carcelaria para asistir a juicios desapareci\u00f3<\/a><\/h2>\n\n<div class=\"wp-block-post-date\"><time datetime=\"2026-04-27T09:22:23-04:00\">abril 27, 2026<\/time><\/div>\n\n\n<hr class=\"wp-block-separator has-alpha-channel-opacity is-style-default\"\/>\n<\/div>\n<\/div>\n<\/div>\n\n<\/li><li class=\"wp-block-post post-28560 post type-post status-publish format-standard has-post-thumbnail hentry category-cotejos-nacionales category-discurso-publico category-media-verdad tag-maria-corina-machado tag-media-verdad tag-pobreza-en-venezuela\">\n\n<div class=\"wp-block-group has-global-padding is-layout-constrained wp-block-group-is-layout-constrained\">\n<div class=\"wp-block-columns is-layout-flex wp-container-core-columns-is-layout-a85f4655 wp-block-columns-is-layout-flex\">\n<div class=\"wp-block-column is-vertically-aligned-top is-layout-flow wp-block-column-is-layout-flow\" style=\"flex-basis:55%\"><figure class=\"aligncenter wp-block-post-featured-image\"><img loading=\"lazy\" decoding=\"async\" width=\"600\" height=\"400\" src=\"https:\/\/cotejo.info\/wp-content\/uploads\/2026\/04\/slider-maria-corina-machado-pobreza-venezuela-media-verdad.jpg\" class=\"attachment-post-thumbnail size-post-thumbnail wp-post-image\" alt=\"Imagen: Cotejo.info\" style=\"object-fit:cover;\" srcset=\"https:\/\/cotejo.info\/wp-content\/uploads\/2026\/04\/slider-maria-corina-machado-pobreza-venezuela-media-verdad.jpg 600w, https:\/\/cotejo.info\/wp-content\/uploads\/2026\/04\/slider-maria-corina-machado-pobreza-venezuela-media-verdad-300x200.jpg 300w\" sizes=\"auto, (max-width: 600px) 100vw, 600px\" \/><\/figure><\/div>\n\n\n\n<div class=\"wp-block-column is-layout-flow wp-block-column-is-layout-flow\" style=\"flex-basis:66.66%\"><h3 class=\"wp-block-heading is-style-text-subtitle has-custom-color-2-color has-text-color has-link-color has-large-font-size wp-elements-f3dcd6bc2bf8cfcf12bb54f3b7bb0617 is-style-text-subtitle--3\" style=\"text-transform:uppercase\" id=\"nacionales\">Nacionales<\/h3>\n\n<h2 class=\"wp-block-post-title has-large-font-size has-barlow-condensed-font-family\"><a href=\"https:\/\/cotejo.info\/2026\/04\/media-verdad-maria-corina-machado-86-poblacion-pobreza-venezuela\/\" target=\"_self\" >Mar\u00eda Corina Machado: \u201c86% de la poblaci\u00f3n en Venezuela vive en pobreza\u201d<\/a><\/h2>\n\n<div class=\"wp-block-post-date\"><time datetime=\"2026-04-24T16:00:00-04:00\">abril 24, 2026<\/time><\/div>\n\n\n<hr class=\"wp-block-separator has-alpha-channel-opacity is-style-default\"\/>\n<\/div>\n<\/div>\n<\/div>\n\n<\/li><li class=\"wp-block-post post-28477 post type-post status-publish format-standard has-post-thumbnail hentry category-cotejos-nacionales category-discurso-publico category-media-verdad tag-jorge-arreaza tag-ley-de-amnistia-para-la-convivencia-democratica tag-presos-politicos tag-venezuela\">\n\n<div class=\"wp-block-group has-global-padding is-layout-constrained wp-block-group-is-layout-constrained\">\n<div class=\"wp-block-columns is-layout-flex wp-container-core-columns-is-layout-a85f4655 wp-block-columns-is-layout-flex\">\n<div class=\"wp-block-column is-vertically-aligned-top is-layout-flow wp-block-column-is-layout-flow\" style=\"flex-basis:55%\"><figure class=\"aligncenter wp-block-post-featured-image\"><img loading=\"lazy\" decoding=\"async\" width=\"600\" height=\"400\" src=\"https:\/\/cotejo.info\/wp-content\/uploads\/2026\/04\/slider-Jorge-Arreaza-Ley-de-Amnistia-amplia-e-innegable.jpg\" class=\"attachment-post-thumbnail size-post-thumbnail wp-post-image\" alt=\"Jorge Arreaza: \u201cla contribuci\u00f3n de la Ley de Amnist\u00eda ha sido amplia e innegable&quot;\" style=\"object-fit:cover;\" srcset=\"https:\/\/cotejo.info\/wp-content\/uploads\/2026\/04\/slider-Jorge-Arreaza-Ley-de-Amnistia-amplia-e-innegable.jpg 600w, https:\/\/cotejo.info\/wp-content\/uploads\/2026\/04\/slider-Jorge-Arreaza-Ley-de-Amnistia-amplia-e-innegable-300x200.jpg 300w\" sizes=\"auto, (max-width: 600px) 100vw, 600px\" \/><\/figure><\/div>\n\n\n\n<div class=\"wp-block-column is-layout-flow wp-block-column-is-layout-flow\" style=\"flex-basis:66.66%\"><h3 class=\"wp-block-heading is-style-text-subtitle has-custom-color-2-color has-text-color has-link-color has-large-font-size wp-elements-f3dcd6bc2bf8cfcf12bb54f3b7bb0617 is-style-text-subtitle--4\" style=\"text-transform:uppercase\" id=\"nacionales\">Nacionales<\/h3>\n\n<h2 class=\"wp-block-post-title has-large-font-size has-barlow-condensed-font-family\"><a href=\"https:\/\/cotejo.info\/2026\/04\/media-verdad-jorge-arreaza-ley-amnistia-amplia-innegable\/\" target=\"_self\" >Jorge Arreaza: \u201cla contribuci\u00f3n de la Ley de Amnist\u00eda ha sido amplia e innegable\u00bb<\/a><\/h2>\n\n<div class=\"wp-block-post-date\"><time datetime=\"2026-04-20T15:08:53-04:00\">abril 20, 2026<\/time><\/div>\n\n\n<hr class=\"wp-block-separator has-alpha-channel-opacity is-style-default\"\/>\n<\/div>\n<\/div>\n<\/div>\n\n<\/li><\/ul><\/div>\n<\/div>\n<\/div>\n\n\n<h3 class=\"wp-block-heading is-style-text-display has-text-color has-link-color has-x-large-font-size wp-elements-3664c0421e039f2e4c43aebdcc98aeb7 is-style-text-display--5\" style=\"color:#578e05\" id=\"cotejos-regionales\"><a href=\"https:\/\/cotejo.info\/secciones\/discurso-publico\/regionales\/\" data-type=\"category\" data-id=\"145\">Cotejos regionales<\/a><\/h3>\n\n\n<div class=\"wp-block-columns is-layout-flex wp-container-core-columns-is-layout-658170e2 wp-block-columns-is-layout-flex\">\n<div class=\"wp-block-column has-background is-layout-flow wp-block-column-is-layout-flow\" style=\"background-color:#acde21;padding-top:var(--wp--preset--spacing--30);padding-right:var(--wp--preset--spacing--30);padding-bottom:var(--wp--preset--spacing--30);padding-left:var(--wp--preset--spacing--30);flex-basis:66%\">\n<div class=\"wp-block-query is-layout-flow wp-block-query-is-layout-flow\"><ul style=\"background-color:#acde21;\" class=\"has-link-color columns-2 wp-elements-d2383b24e86b99d23cfb01bb81702ad2 wp-block-post-template has-text-color has-custom-color-1-color has-background is-layout-grid wp-container-core-post-template-is-layout-49d727a6 wp-block-post-template-is-layout-grid\"><li class=\"wp-block-post post-27136 post type-post status-publish format-standard has-post-thumbnail hentry category-discurso-publico category-media-verdad category-regionales tag-portuguesa tag-primitivo-cedeno\">\n<figure class=\"wp-block-post-featured-image wp-elements-d2383b24e86b99d23cfb01bb81702ad2\"><img loading=\"lazy\" decoding=\"async\" width=\"600\" height=\"400\" src=\"https:\/\/cotejo.info\/wp-content\/uploads\/2025\/12\/slider-1-3.jpg\" class=\"attachment-post-thumbnail size-post-thumbnail wp-post-image\" alt=\"Primitivo Cede\u00f1o: Portuguesa tiene el mejor aeropuerto de los estados llaneros\" style=\"object-fit:cover;\" srcset=\"https:\/\/cotejo.info\/wp-content\/uploads\/2025\/12\/slider-1-3.jpg 600w, https:\/\/cotejo.info\/wp-content\/uploads\/2025\/12\/slider-1-3-300x200.jpg 300w\" sizes=\"auto, (max-width: 600px) 100vw, 600px\" \/><\/figure>\n\n<h2 style=\"color:#020202;background-color:#acde21; padding-right:0;padding-left:0;padding-top:0;padding-bottom:0;\" class=\"has-link-color wp-elements-8ab976dd12a8d90bb5ee277f805e34ec wp-block-post-title has-text-color has-background has-large-font-size\"><a href=\"https:\/\/cotejo.info\/2025\/12\/media-verdad-primitivo-cedeno-portuguesa-tiene-mejores-aeropuertos-estados-llaneros\/\" target=\"_self\" >Primitivo Cede\u00f1o: Portuguesa tiene el mejor aeropuerto de los estados llaneros<\/a><\/h2>\n\n<div style=\"color:#000000;\" class=\"has-link-color wp-elements-5189450c0245c83a18f070b7ac153176 wp-block-post-date has-text-color\"><time datetime=\"2025-12-18T22:10:14-04:00\">diciembre 18, 2025<\/time><\/div>\n<\/li><li class=\"wp-block-post post-27077 post type-post status-publish format-standard has-post-thumbnail hentry category-discurso-publico category-regionales tag-ninos-en-calle tag-venezuela tag-yaracuy\">\n<figure class=\"wp-block-post-featured-image wp-elements-d2383b24e86b99d23cfb01bb81702ad2\"><img loading=\"lazy\" decoding=\"async\" width=\"600\" height=\"400\" src=\"https:\/\/cotejo.info\/wp-content\/uploads\/2025\/12\/slider-2.jpg\" class=\"attachment-post-thumbnail size-post-thumbnail wp-post-image\" alt=\"N\u00e9stor Duarte, director regional del Idenna: En Yaracuy no hay ni\u00f1os pernoctando en las calles\" style=\"object-fit:cover;\" srcset=\"https:\/\/cotejo.info\/wp-content\/uploads\/2025\/12\/slider-2.jpg 600w, https:\/\/cotejo.info\/wp-content\/uploads\/2025\/12\/slider-2-300x200.jpg 300w\" sizes=\"auto, (max-width: 600px) 100vw, 600px\" \/><\/figure>\n\n<h2 style=\"color:#020202;background-color:#acde21; padding-right:0;padding-left:0;padding-top:0;padding-bottom:0;\" class=\"has-link-color wp-elements-8ab976dd12a8d90bb5ee277f805e34ec wp-block-post-title has-text-color has-background has-large-font-size\"><a href=\"https:\/\/cotejo.info\/2025\/12\/media-verdad-nestor-duarte-en-yaracuy-no-hay-pernocta-de-ninos-calle\/\" target=\"_self\" >N\u00e9stor Duarte, director regional del Idenna: En Yaracuy no hay ni\u00f1os pernoctando en las calles<\/a><\/h2>\n\n<div style=\"color:#000000;\" class=\"has-link-color wp-elements-5189450c0245c83a18f070b7ac153176 wp-block-post-date has-text-color\"><time datetime=\"2025-12-17T16:42:25-04:00\">diciembre 17, 2025<\/time><\/div>\n<\/li><\/ul><\/div>\n<\/div>\n\n\n\n<div class=\"wp-block-column is-layout-flow wp-block-column-is-layout-flow\" style=\"flex-basis:33%\">\n<div class=\"wp-block-group has-global-padding is-layout-constrained wp-block-group-is-layout-constrained\">\n<figure class=\"wp-block-image aligncenter size-full is-resized has-lightbox\"><a href=\"https:\/\/cotejo.info\/mentirometro\/\"><img loading=\"lazy\" decoding=\"async\" width=\"484\" height=\"265\" src=\"https:\/\/cotejo.info\/wp-content\/uploads\/2025\/03\/mentirometro-solo.png\" alt=\"\" class=\"wp-image-22952\" style=\"width:239px;height:auto\" srcset=\"https:\/\/cotejo.info\/wp-content\/uploads\/2025\/03\/mentirometro-solo.png 484w, https:\/\/cotejo.info\/wp-content\/uploads\/2025\/03\/mentirometro-solo-300x164.png 300w\" sizes=\"auto, (max-width: 484px) 100vw, 484px\" \/><\/a><\/figure>\n\n\n<h2 class=\"wp-block-heading has-text-align-center has-x-large-font-size\" style=\"padding-top:0;padding-bottom:0\" id=\"mentirometro\"><a href=\"https:\/\/cotejo.info\/mentirometro\/\">Mentir\u00f3metro<\/a><\/h2><\/div>\n\n\n\n<div class=\"wp-block-group has-global-padding is-layout-constrained wp-container-core-group-is-layout-b6f77d2f wp-block-group-is-layout-constrained\">\n<div class=\"wp-block-columns has-background is-layout-flex wp-container-core-columns-is-layout-8d88fe0f wp-block-columns-is-layout-flex\" style=\"border-radius:15px;background-color:#cf2e2e;padding-top:var(--wp--preset--spacing--20);padding-bottom:var(--wp--preset--spacing--20)\">\n<div class=\"wp-block-column is-layout-flow wp-block-column-is-layout-flow\" style=\"padding-top:0;padding-bottom:0\">\n<div class=\"wp-block-coblocks-counter has-text-align-center has-custom-color-1-color has-vivid-red-background-color has-text-color has-background has-link-color has-large-font-size coblocks-animate wp-elements-5f07d58c1dc57b7eb0c2c8eb7266b43e\" style=\"font-style:normal;font-weight:600\" data-coblocks-animation=\"slideInLeft\" data-counter-speed=\"5\">108<\/div><div class=\"wp-block-coblocks-counter has-text-align-center has-custom-color-1-color has-vivid-red-background-color has-text-color has-background has-link-color has-large-font-size coblocks-animate\" style=\"font-style:normal;font-weight:600\" data-coblocks-animation=\"slideInLeft\" data-counter-speed=\"5\">Mentiras<\/div>\n<\/div>\n<\/div>\n\n\n\n<div class=\"wp-block-columns has-background is-layout-flex wp-container-core-columns-is-layout-8d88fe0f wp-block-columns-is-layout-flex\" style=\"border-radius:15px;background-color:#0738b5;padding-top:var(--wp--preset--spacing--20);padding-bottom:var(--wp--preset--spacing--20)\">\n<div class=\"wp-block-column is-layout-flow wp-block-column-is-layout-flow\" style=\"padding-top:0;padding-right:0;padding-bottom:0;padding-left:0\">\n<div class=\"wp-block-coblocks-counter has-text-align-center has-custom-color-1-color has-text-color has-background has-link-color has-large-font-size coblocks-animate wp-elements-ed8848045c4aea8cbb5c5affe99c0b66\" style=\"background-color:#0738b5;font-style:normal;font-weight:600\" data-coblocks-animation=\"slideInBottom\" data-counter-speed=\"6\">111<\/div><div class=\"wp-block-coblocks-counter has-text-align-center has-custom-color-1-color has-text-color has-background has-link-color has-large-font-size coblocks-animate\" style=\"background-color:#0738b5;font-style:normal;font-weight:600\" data-coblocks-animation=\"slideInBottom\" data-counter-speed=\"6\">Medias verdades<\/div>\n<\/div>\n<\/div>\n\n\n\n<div class=\"wp-block-columns has-background is-layout-flex wp-container-core-columns-is-layout-8d88fe0f wp-block-columns-is-layout-flex\" style=\"border-radius:15px;background-color:#439613;padding-top:var(--wp--preset--spacing--20);padding-bottom:var(--wp--preset--spacing--20)\">\n<div class=\"wp-block-column is-layout-flow wp-block-column-is-layout-flow\">\n<div class=\"wp-block-coblocks-counter has-text-align-center has-custom-color-1-color has-text-color has-background has-link-color has-large-font-size wp-elements-e624950e22307aec462ee6a1f31f3c88\" style=\"background-color:#439613;font-style:normal;font-weight:600\" data-counter-speed=\"7\">74<\/div><div class=\"wp-block-coblocks-counter has-text-align-center has-custom-color-1-color has-text-color has-background has-link-color has-large-font-size\" style=\"background-color:#439613;font-style:normal;font-weight:600\" data-counter-speed=\"7\">Verdades<\/div>\n<\/div>\n<\/div>\n<\/div>\n<\/div>\n<\/div>\n\n\n<h3 class=\"wp-block-heading is-style-text-display has-text-color has-link-color has-x-large-font-size wp-elements-aa88509ee9138c83a1505300fadd0816 is-style-text-display--6\" style=\"color:#070707;padding-right:var(--wp--preset--spacing--20);padding-left:var(--wp--preset--spacing--20)\" id=\"lupa-en-los-datos\">Lupa en los datos<\/h3>\n\n\n<div class=\"wp-block-group is-nowrap is-layout-flex wp-container-core-group-is-layout-6c531013 wp-block-group-is-layout-flex\">\n<div class=\"wp-block-columns is-layout-flex wp-container-core-columns-is-layout-17fc1b09 wp-block-columns-is-layout-flex\">\n<div class=\"wp-block-column is-layout-flow wp-block-column-is-layout-flow\" style=\"border-radius:15px\">\n<div class=\"wp-block-group is-style-default is-vertical is-content-justification-right is-layout-flex wp-container-core-group-is-layout-c0d519fa wp-block-group-is-layout-flex has-background\" style=\"border-radius:10px;background-image:url(&apos;https:\/\/cotejo.info\/wp-content\/uploads\/2025\/02\/Fondo-indice-catalina3.jpg&apos;);background-size:cover;\">\n<p class=\"has-text-align-center has-custom-color-1-color has-text-color has-link-color has-barlow-condensed-font-family has-x-large-font-size has-custom-font has-custom-weight wp-elements-ec7406ffa8ccaa63f1ade6e6834bd8d9\" style=\"font-family:Barlow Condensed;font-weight:500\"><a href=\"https:\/\/cotejo.info\/indice-catalina-2\/\" data-type=\"page\" data-id=\"1883\">\u00cdndice Catalina<\/a><\/p>\n\n\n\n<p class=\"has-text-align-right has-custom-color-1-color has-text-color has-link-color has-x-large-font-size has-custom-weight has-custom-letterspacing wp-elements-ccb62877fc00108423169a8193ef8ddd\" style=\"letter-spacing:-0.1px;font-weight:bold;font-size:66px\"><strong><strong><strong><strong><strong>554.34<\/strong><\/strong> Bs.D<\/strong><\/strong><\/strong><\/p>\n\n\n\n<p class=\"has-text-align-right has-custom-color-1-color has-text-color has-link-color has-medium-font-size has-custom-weight has-custom-letterspacing wp-elements-519f51c3838f4edb7685eebe2f7c0110\" style=\"letter-spacing:-0.1px;font-weight:bold;font-size:66px\"><strong>Var <strong>26,16%<\/strong><\/strong><\/p>\n\n\n\n<p class=\"has-text-align-center has-custom-color-1-color has-text-color has-link-color has-medium-font-size wp-elements-2a948b22c91da3aff21097ad5749def8\" style=\"text-transform:uppercase\"><strong>Semana del 20\/10 al 30\/10<\/strong><\/p>\n\n\n\n<div style=\"height:30px\" aria-hidden=\"true\" class=\"wp-block-spacer wp-container-content-b0b89ccb\"><\/div>\n<\/div>\n<\/div>\n\n\n\n<div class=\"wp-block-column is-layout-flow wp-block-column-is-layout-flow\">\n<div class=\"wp-block-group has-custom-color-1-background-color has-background is-vertical is-content-justification-right is-layout-flex wp-container-core-group-is-layout-c0d519fa wp-block-group-is-layout-flex\" style=\"border-radius:10px;background-image:url(&apos;https:\/\/cotejo.info\/wp-content\/uploads\/2025\/02\/Mujeres-asesinadas-02.jpg&apos;);background-size:cover;\">\n<p class=\"has-text-align-center has-custom-color-1-color has-text-color has-link-color has-barlow-condensed-font-family has-x-large-font-size has-custom-font has-custom-weight wp-elements-0cb651de06d20eeca3d7d8a6c4cacff8\" style=\"font-family:Barlow Condensed;font-weight:500\"><a data-type=\"page\" data-id=\"19620\" href=\"https:\/\/cotejo.info\/mujeres-asesinadas\/\">101 Mujeres<\/a><\/p>\n\n\n\n<p class=\"has-text-align-right has-custom-color-1-color has-text-color has-link-color has-large-font-size has-custom-weight has-custom-letterspacing wp-elements-c2c6823e589d956c164e300e252687fe\" style=\"letter-spacing:-0.1px;font-weight:bold;font-size:66px\">han sido <strong>asesinadas en Venezuela<\/strong><\/p>\n\n\n\n<p class=\"has-text-align-right has-custom-color-1-color has-text-color has-link-color has-medium-font-size wp-elements-fa1ddd785d9067e10fc34c4d0a2e12bf\" style=\"text-transform:uppercase\"><strong><strong><strong>Entre el <strong>01\/01 y el&nbsp; 30\/10 de 2025<\/strong><\/strong><\/strong><\/strong><\/p>\n\n\n\n<div style=\"height:0px\" aria-hidden=\"true\" class=\"wp-block-spacer wp-container-content-95942140\"><\/div>\n<\/div>\n<\/div>\n\n\n\n<div class=\"wp-block-column is-layout-flow wp-block-column-is-layout-flow\">\n<div class=\"wp-block-group is-style-default has-custom-color-1-background-color has-background is-vertical is-content-justification-right is-layout-flex wp-container-core-group-is-layout-c0d519fa wp-block-group-is-layout-flex\" style=\"border-radius:10px;background-image:url(&apos;https:\/\/cotejo.info\/wp-content\/uploads\/2025\/02\/fondo-fake.jpg&apos;);background-position:99% 32%;background-size:cover;background-attachment:scroll;\">\n<p class=\"has-text-align-right has-custom-color-1-color has-text-color has-link-color has-barlow-condensed-font-family has-x-large-font-size has-custom-font has-custom-weight wp-elements-9a332151a6e88a0942740ec78b059023\" style=\"font-family:Barlow Condensed;font-weight:500\"><a href=\"https:\/\/monitor.cotejo.info\/avanzado.php\" data-type=\"page\" data-id=\"1883\">Los bulos que desmentimos<\/a><\/p>\n\n\n\n<p class=\"has-text-align-right has-custom-color-1-color has-text-color has-link-color has-large-font-size has-custom-weight has-custom-letterspacing wp-elements-b336984861e1cf5c550f787ce67f778d\" style=\"letter-spacing:-0.1px;font-weight:bold;font-size:66px\">Explora nuestro tablero interactivo<\/p>\n\n\n\n<div style=\"height:36px\" aria-hidden=\"true\" class=\"wp-block-spacer wp-container-content-95942140\"><\/div>\n<\/div>\n<\/div>\n<\/div>\n<\/div>\n\n\n<h3 class=\"wp-block-heading is-style-text-display has-custom-color-2-color has-text-color has-link-color has-x-large-font-size wp-elements-803ee742efb46dcfc0f4b851cbc925d5 is-style-text-display--7\" style=\"padding-right:var(--wp--preset--spacing--20);padding-left:var(--wp--preset--spacing--20)\" id=\"desmentidos-en-redes\"><a href=\"https:\/\/cotejo.info\/secciones\/desmentidos-en-redes\/\" data-type=\"category\" data-id=\"858\">Desmentidos en redes<\/a><\/h3>\n\n\n<div class=\"wp-block-columns is-layout-flex wp-container-core-columns-is-layout-7fc3d43a wp-block-columns-is-layout-flex\">\n<div class=\"wp-block-column has-background is-layout-flow wp-block-column-is-layout-flow\" style=\"border-style:none;border-width:0px;border-radius:11px;background-color:#ffffff;padding-top:0;padding-right:0;padding-bottom:0;padding-left:0;flex-basis:33%\">\n<div class=\"wp-block-query is-layout-flow wp-block-query-is-layout-flow\"><ul style=\"background-color:#ffffff;\" class=\"wp-block-post-template has-background is-layout-flow wp-block-post-template-is-layout-flow\"><li class=\"wp-block-post post-28625 post type-post status-publish format-standard has-post-thumbnail hentry category-desmentidos-en-redes category-falso tag-falso tag-gran-norteamerica tag-venezuela tag-venezuela-estado-51\">\n\n<div class=\"wp-block-group is-style-default has-background is-layout-flow wp-block-group-is-layout-flow\" style=\"background-color:#ffffff;padding-top:var(--wp--preset--spacing--20);padding-right:var(--wp--preset--spacing--20);padding-bottom:var(--wp--preset--spacing--20);padding-left:var(--wp--preset--spacing--20)\"><figure class=\"wp-block-post-featured-image\"><img loading=\"lazy\" decoding=\"async\" width=\"600\" height=\"400\" src=\"https:\/\/cotejo.info\/wp-content\/uploads\/2026\/04\/VF-portada-Gran-Norteamerica.jpg\" class=\"attachment-post-thumbnail size-post-thumbnail wp-post-image\" alt=\"Imagen: Cotejo.info\" style=\"object-fit:cover;\" srcset=\"https:\/\/cotejo.info\/wp-content\/uploads\/2026\/04\/VF-portada-Gran-Norteamerica.jpg 600w, https:\/\/cotejo.info\/wp-content\/uploads\/2026\/04\/VF-portada-Gran-Norteamerica-300x200.jpg 300w\" sizes=\"auto, (max-width: 600px) 100vw, 600px\" \/><\/figure>\n\n<h2 class=\"wp-block-post-title has-barlow-condensed-font-family\"><a href=\"https:\/\/cotejo.info\/2026\/04\/falso-venezuela-gran-norteamerica-estado-51\/\" target=\"_self\" >Es falso que EE. UU. haya revelado una uni\u00f3n llamada \u201cGran Norteam\u00e9rica\u201d que incluya a Venezuela<\/a><\/h2>\n\n<div class=\"wp-block-post-date\"><time datetime=\"2026-04-30T13:33:38-04:00\">abril 30, 2026<\/time><\/div><\/div>\n\n<\/li><\/ul><\/div>\n<\/div>\n\n\n\n<div class=\"wp-block-column is-layout-flow wp-block-column-is-layout-flow\" style=\"flex-basis:66%\">\n<div class=\"wp-block-query is-layout-flow wp-block-query-is-layout-flow\"><ul class=\"columns-2 wp-block-post-template is-layout-grid wp-container-core-post-template-is-layout-49d727a6 wp-block-post-template-is-layout-grid\"><li class=\"wp-block-post post-28612 post type-post status-publish format-standard has-post-thumbnail hentry category-desmentidos-en-redes category-falso tag-aumento-iva-venezuela tag-falso tag-iva-venezuela\">\n\n<div class=\"wp-block-group has-global-padding is-layout-constrained wp-block-group-is-layout-constrained\">\n<div class=\"wp-block-columns is-layout-flex wp-container-core-columns-is-layout-a85f4655 wp-block-columns-is-layout-flex\">\n<div class=\"wp-block-column is-vertically-aligned-top is-layout-flow wp-block-column-is-layout-flow\" style=\"padding-top:0;padding-bottom:0;flex-basis:55%\"><figure style=\"aspect-ratio:auto;\" class=\"aligncenter wp-block-post-featured-image\"><img loading=\"lazy\" decoding=\"async\" width=\"600\" height=\"400\" src=\"https:\/\/cotejo.info\/wp-content\/uploads\/2026\/04\/VF-portada-Falso-aumento-de-25-del-IVA-a-partir-del-1o-de-mayo.jpg\" class=\"attachment-post-thumbnail size-post-thumbnail wp-post-image\" alt=\"Imagen: Cotejo.info\" style=\"width:100%;height:100%;object-fit:cover;\" srcset=\"https:\/\/cotejo.info\/wp-content\/uploads\/2026\/04\/VF-portada-Falso-aumento-de-25-del-IVA-a-partir-del-1o-de-mayo.jpg 600w, https:\/\/cotejo.info\/wp-content\/uploads\/2026\/04\/VF-portada-Falso-aumento-de-25-del-IVA-a-partir-del-1o-de-mayo-300x200.jpg 300w\" sizes=\"auto, (max-width: 600px) 100vw, 600px\" \/><\/figure><\/div>\n\n\n\n<div class=\"wp-block-column is-layout-flow wp-block-column-is-layout-flow\" style=\"padding-top:var(--wp--preset--spacing--20);padding-bottom:var(--wp--preset--spacing--20);flex-basis:66.66%\"><h2 class=\"wp-block-post-title has-large-font-size has-barlow-condensed-font-family\"><a href=\"https:\/\/cotejo.info\/2026\/04\/falso-aumento-iva-venezuela-25-por-ciento\/\" target=\"_self\" >Es falso que el Seniat anunci\u00f3 un aumento del IVA al 25% en Venezuela a partir de mayo de 2026<\/a><\/h2>\n\n<div class=\"wp-block-post-date\"><time datetime=\"2026-04-30T11:30:00-04:00\">abril 30, 2026<\/time><\/div>\n\n\n<hr class=\"wp-block-separator has-alpha-channel-opacity is-style-default\"\/>\n<\/div>\n<\/div>\n<\/div>\n\n<\/li><li class=\"wp-block-post post-28600 post type-post status-publish format-standard has-post-thumbnail hentry category-alterado category-desmentidos-en-redes tag-alterado tag-defensa-nicolas-maduro tag-factura-cobro-defensa-maduro\">\n\n<div class=\"wp-block-group has-global-padding is-layout-constrained wp-block-group-is-layout-constrained\">\n<div class=\"wp-block-columns is-layout-flex wp-container-core-columns-is-layout-a85f4655 wp-block-columns-is-layout-flex\">\n<div class=\"wp-block-column is-vertically-aligned-top is-layout-flow wp-block-column-is-layout-flow\" style=\"padding-top:0;padding-bottom:0;flex-basis:55%\"><figure style=\"aspect-ratio:auto;\" class=\"aligncenter wp-block-post-featured-image\"><img loading=\"lazy\" decoding=\"async\" width=\"600\" height=\"400\" src=\"https:\/\/cotejo.info\/wp-content\/uploads\/2026\/04\/VF-portada-Factura-con-importe-por-defensa-de-Maduro.jpg\" class=\"attachment-post-thumbnail size-post-thumbnail wp-post-image\" alt=\"Imagen: Cotejo.info\" style=\"width:100%;height:100%;object-fit:cover;\" srcset=\"https:\/\/cotejo.info\/wp-content\/uploads\/2026\/04\/VF-portada-Factura-con-importe-por-defensa-de-Maduro.jpg 600w, https:\/\/cotejo.info\/wp-content\/uploads\/2026\/04\/VF-portada-Factura-con-importe-por-defensa-de-Maduro-300x200.jpg 300w\" sizes=\"auto, (max-width: 600px) 100vw, 600px\" \/><\/figure><\/div>\n\n\n\n<div class=\"wp-block-column is-layout-flow wp-block-column-is-layout-flow\" style=\"padding-top:var(--wp--preset--spacing--20);padding-bottom:var(--wp--preset--spacing--20);flex-basis:66.66%\"><h2 class=\"wp-block-post-title has-large-font-size has-barlow-condensed-font-family\"><a href=\"https:\/\/cotejo.info\/2026\/04\/esta-alterada-la-factura-que-incluye-un-cobro-por-defensa-de-maduro\/\" target=\"_self\" >Est\u00e1 alterada la factura que incluye un cobro por \u201cDefensa de Maduro\u201d<\/a><\/h2>\n\n<div class=\"wp-block-post-date\"><time datetime=\"2026-04-30T09:00:00-04:00\">abril 30, 2026<\/time><\/div>\n\n\n<hr class=\"wp-block-separator has-alpha-channel-opacity is-style-default\"\/>\n<\/div>\n<\/div>\n<\/div>\n\n<\/li><li class=\"wp-block-post post-28589 post type-post status-publish format-standard has-post-thumbnail hentry category-alterado category-desmentidos-en-redes tag-pdvsa-cripto tag-tareck-el-aissami tag-venezuela tag-verificaciones-facebook\">\n\n<div class=\"wp-block-group has-global-padding is-layout-constrained wp-block-group-is-layout-constrained\">\n<div class=\"wp-block-columns is-layout-flex wp-container-core-columns-is-layout-a85f4655 wp-block-columns-is-layout-flex\">\n<div class=\"wp-block-column is-vertically-aligned-top is-layout-flow wp-block-column-is-layout-flow\" style=\"padding-top:0;padding-bottom:0;flex-basis:55%\"><figure style=\"aspect-ratio:auto;\" class=\"aligncenter wp-block-post-featured-image\"><img loading=\"lazy\" decoding=\"async\" width=\"600\" height=\"400\" src=\"https:\/\/cotejo.info\/wp-content\/uploads\/2026\/04\/VF-portada-Tareck-El-Aissami-silla-de-ruedas.jpg\" class=\"attachment-post-thumbnail size-post-thumbnail wp-post-image\" alt=\"Est\u00e1 alterada la fotograf\u00eda de Tareck El Aissami en silla de ruedas y llorando\" style=\"width:100%;height:100%;object-fit:cover;\" srcset=\"https:\/\/cotejo.info\/wp-content\/uploads\/2026\/04\/VF-portada-Tareck-El-Aissami-silla-de-ruedas.jpg 600w, https:\/\/cotejo.info\/wp-content\/uploads\/2026\/04\/VF-portada-Tareck-El-Aissami-silla-de-ruedas-300x200.jpg 300w\" sizes=\"auto, (max-width: 600px) 100vw, 600px\" \/><\/figure><\/div>\n\n\n\n<div class=\"wp-block-column is-layout-flow wp-block-column-is-layout-flow\" style=\"padding-top:var(--wp--preset--spacing--20);padding-bottom:var(--wp--preset--spacing--20);flex-basis:66.66%\"><h2 class=\"wp-block-post-title has-large-font-size has-barlow-condensed-font-family\"><a href=\"https:\/\/cotejo.info\/2026\/04\/alterada-foto-tareck-el-aissami-silla-ruedas-ia\/\" target=\"_self\" >Est\u00e1 alterada la fotograf\u00eda de Tareck El Aissami en silla de ruedas y llorando<\/a><\/h2>\n\n<div class=\"wp-block-post-date\"><time datetime=\"2026-04-29T20:59:30-04:00\">abril 29, 2026<\/time><\/div>\n\n\n<hr class=\"wp-block-separator has-alpha-channel-opacity is-style-default\"\/>\n<\/div>\n<\/div>\n<\/div>\n\n<\/li><li class=\"wp-block-post post-28582 post type-post status-publish format-standard has-post-thumbnail hentry category-desmentidos-en-redes category-falso tag-ayuda-humanitaria-ee-uu tag-desvio-de-medicamentos-a-cuba tag-venezuela tag-verificaciones-facebook\">\n\n<div class=\"wp-block-group has-global-padding is-layout-constrained wp-block-group-is-layout-constrained\">\n<div class=\"wp-block-columns is-layout-flex wp-container-core-columns-is-layout-a85f4655 wp-block-columns-is-layout-flex\">\n<div class=\"wp-block-column is-vertically-aligned-top is-layout-flow wp-block-column-is-layout-flow\" style=\"padding-top:0;padding-bottom:0;flex-basis:55%\"><figure style=\"aspect-ratio:auto;\" class=\"aligncenter wp-block-post-featured-image\"><img loading=\"lazy\" decoding=\"async\" width=\"600\" height=\"400\" src=\"https:\/\/cotejo.info\/wp-content\/uploads\/2026\/04\/VF-portada-Medicamentos-donados-por-EEUU-Venezuela.jpg\" class=\"attachment-post-thumbnail size-post-thumbnail wp-post-image\" alt=\"Es falso que ayuda humanitaria enviada por EE. UU. a Venezuela apareci\u00f3 en Cuba y Colombia\" style=\"width:100%;height:100%;object-fit:cover;\" srcset=\"https:\/\/cotejo.info\/wp-content\/uploads\/2026\/04\/VF-portada-Medicamentos-donados-por-EEUU-Venezuela.jpg 600w, https:\/\/cotejo.info\/wp-content\/uploads\/2026\/04\/VF-portada-Medicamentos-donados-por-EEUU-Venezuela-300x200.jpg 300w\" sizes=\"auto, (max-width: 600px) 100vw, 600px\" \/><\/figure><\/div>\n\n\n\n<div class=\"wp-block-column is-layout-flow wp-block-column-is-layout-flow\" style=\"padding-top:var(--wp--preset--spacing--20);padding-bottom:var(--wp--preset--spacing--20);flex-basis:66.66%\"><h2 class=\"wp-block-post-title has-large-font-size has-barlow-condensed-font-family\"><a href=\"https:\/\/cotejo.info\/2026\/04\/falso-aparecen-ayuda-humanitarias-eeuu-venezuela-cuba-colombia\/\" target=\"_self\" >Es falso que ayuda humanitaria enviada por EE. UU. a Venezuela apareci\u00f3 en Cuba y Colombia<\/a><\/h2>\n\n<div class=\"wp-block-post-date\"><time datetime=\"2026-04-29T20:22:54-04:00\">abril 29, 2026<\/time><\/div>\n\n\n<hr class=\"wp-block-separator has-alpha-channel-opacity is-style-default\"\/>\n<\/div>\n<\/div>\n<\/div>\n\n<\/li><\/ul><\/div>\n<\/div>\n<\/div>\n\n\n\n<div class=\"wp-block-columns is-style-section-5 has-custom-color-2-background-color has-background is-layout-flex wp-container-core-columns-is-layout-0d2466c3 wp-block-columns-is-layout-flex is-style-section-5--8\" style=\"border-radius:23px;padding-top:var(--wp--preset--spacing--20);padding-right:var(--wp--preset--spacing--20);padding-bottom:var(--wp--preset--spacing--20);padding-left:var(--wp--preset--spacing--20)\">\n<div class=\"wp-block-column is-vertically-aligned-center is-style-default has-custom-color-2-background-color has-background is-layout-flow wp-block-column-is-layout-flow\">\n<div class=\"wp-block-columns is-layout-flex wp-container-core-columns-is-layout-7fc3d43a wp-block-columns-is-layout-flex\">\n<div class=\"wp-block-column has-custom-color-2-background-color has-background is-layout-flow wp-block-column-is-layout-flow\" style=\"flex-basis:25%\">\n<figure class=\"wp-block-image aligncenter size-full is-resized has-lightbox\"><a href=\"https:\/\/cotejo.info\/metodos-en-nuestro-trabajo\/\"><img loading=\"lazy\" decoding=\"async\" width=\"343\" height=\"341\" src=\"https:\/\/cotejo.info\/wp-content\/uploads\/2025\/02\/lupa-1-01.png\" alt=\"\" class=\"wp-image-21050\" style=\"aspect-ratio:1;object-fit:cover;width:152px;height:auto\" srcset=\"https:\/\/cotejo.info\/wp-content\/uploads\/2025\/02\/lupa-1-01.png 343w, https:\/\/cotejo.info\/wp-content\/uploads\/2025\/02\/lupa-1-01-300x298.png 300w, https:\/\/cotejo.info\/wp-content\/uploads\/2025\/02\/lupa-1-01-150x150.png 150w\" sizes=\"auto, (max-width: 343px) 100vw, 343px\" \/><\/a><\/figure>\n<\/div>\n\n\n\n<div class=\"wp-block-column has-custom-color-2-background-color has-background is-layout-flow wp-block-column-is-layout-flow\" style=\"flex-basis:75%\"><h2 class=\"wp-block-heading has-custom-color-2-background-color has-text-color has-background has-link-color wp-elements-552ed0f43ce64e97e9f0b44ceb525f71\" style=\"border-style:none;border-width:0px;color:#ccff00;margin-top:0;margin-right:0;margin-bottom:0;margin-left:0;padding-top:0;padding-right:0;padding-bottom:0;padding-left:0;font-size:clamp(1.25rem, 1.25rem + ((1vw - 0.2rem) * 1.176), 2rem);font-style:normal;font-weight:500\" id=\"asi-cotejamos-la-informacion-que-ofrecemos\"><a href=\"https:\/\/cotejo.info\/metodos-en-nuestro-trabajo\/\" data-type=\"page\" data-id=\"2694\">As\u00ed cotejamos la informaci\u00f3n que ofrecemos<\/a><\/h2>\n\n\n<p class=\"has-custom-color-1-color has-text-color has-link-color wp-elements-320ca0d8262d6561e10e5d34351921cb\" style=\"font-size:clamp(0.875rem, 0.875rem + ((1vw - 0.2rem) * 0.51), 1.2rem);\">Hemos desarrollado una metodolog\u00eda propia y adaptada al <strong>contexto venezolano<\/strong>, donde el desconocimiento de las cifras oficiales es una constante, la opacidad y la negaci\u00f3n de la realidad es la norma en el discurso p\u00fablico gubernamental.<\/p>\n<\/div>\n<\/div>\n<\/div>\n<\/div>\n\n\n<h3 class=\"wp-block-heading is-style-text-display has-custom-color-2-color has-text-color has-link-color has-x-large-font-size wp-elements-8dde548d13362c0d3fe5101961ee59f1 is-style-text-display--9\" id=\"especiales\"><a href=\"https:\/\/cotejo.info\/secciones\/especiales\/\" data-type=\"category\" data-id=\"1\">Especiales<\/a><\/h3>\n\n\n<div class=\"wp-block-columns is-layout-flex wp-container-core-columns-is-layout-c6809a2b wp-block-columns-is-layout-flex\">\n<div class=\"wp-block-column is-layout-flow wp-block-column-is-layout-flow\" style=\"padding-top:0;padding-right:0;padding-bottom:0;padding-left:0;flex-basis:33%\">\n<div class=\"wp-block-query is-layout-flow wp-block-query-is-layout-flow\"><ul class=\"columns-1 wp-block-post-template is-layout-grid wp-container-core-post-template-is-layout-33e7cd9c wp-block-post-template-is-layout-grid\"><li class=\"wp-block-post post-28571 post type-post status-publish format-standard has-post-thumbnail hentry category-especiales category-periodismo-datos tag-bulos tag-destituciones tag-funcionarios-publicos tag-ordenes-de-captura\">\n\n<div class=\"wp-block-group is-style-default is-layout-flow wp-block-group-is-layout-flow\" style=\"padding-top:0;padding-right:var(--wp--preset--spacing--30);padding-bottom:0;padding-left:var(--wp--preset--spacing--30)\"><figure class=\"wp-block-post-featured-image\"><img loading=\"lazy\" decoding=\"async\" width=\"600\" height=\"400\" src=\"https:\/\/cotejo.info\/wp-content\/uploads\/2026\/04\/Cotejo_web-notaSEO-ordenes-de-captura.jpg\" class=\"attachment-post-thumbnail size-post-thumbnail wp-post-image\" alt=\"Los bulos contra funcionarios p\u00fablicos\" style=\"object-fit:cover;\" srcset=\"https:\/\/cotejo.info\/wp-content\/uploads\/2026\/04\/Cotejo_web-notaSEO-ordenes-de-captura.jpg 600w, https:\/\/cotejo.info\/wp-content\/uploads\/2026\/04\/Cotejo_web-notaSEO-ordenes-de-captura-300x200.jpg 300w\" sizes=\"auto, (max-width: 600px) 100vw, 600px\" \/><\/figure>\n\n<h2 class=\"wp-block-post-title has-barlow-condensed-font-family\"><a href=\"https:\/\/cotejo.info\/2026\/05\/entre-destituciones-falsas-y-capturas-inexistentes-los-bulos-alrededor-de-funcionarios-publicos\/\" target=\"_self\" >Entre destituciones falsas y capturas inexistentes: los bulos alrededor de funcionarios p\u00fablicos<\/a><\/h2>\n\n<div class=\"wp-block-post-date\"><time datetime=\"2026-05-01T08:00:53-04:00\">mayo 1, 2026<\/time><\/div>\n\n<div style=\"font-size:0.55rem;\" class=\"wp-block-post-excerpt\"><p class=\"wp-block-post-excerpt__excerpt\">Durante los cuatro meses que lleva Delcy Rodr\u00edguez como presidenta encargada de Venezuela, ha hecho una \u201creorganizaci\u00f3n del poder\u201d con destituciones de funcionarios p\u00fablicos y nuevos nombramientos. En este contexto de inestabilidad pol\u00edtica, se ha registrado un repunte en la circulaci\u00f3n de contenidos falsos dirigidos contra figuras clave del oficialismo.&hellip;<\/p><p class=\"wp-block-post-excerpt__more-text\"><a class=\"wp-block-post-excerpt__more-link\" href=\"https:\/\/cotejo.info\/2026\/05\/entre-destituciones-falsas-y-capturas-inexistentes-los-bulos-alrededor-de-funcionarios-publicos\/\">M\u00e1s &gt;&gt;&gt;<\/a><\/p><\/div><\/div>\n\n<\/li><\/ul><\/div>\n<\/div>\n\n\n\n<div class=\"wp-block-column is-layout-flow wp-container-core-column-is-layout-8bdcbe7e wp-block-column-is-layout-flow\" style=\"padding-top:0;padding-right:0;padding-bottom:0;padding-left:0;flex-basis:66%\">\n<div class=\"wp-block-query is-layout-flow wp-block-query-is-layout-flow\"><ul class=\"columns-2 wp-block-post-template is-layout-grid wp-container-core-post-template-is-layout-e6eaa4f5 wp-block-post-template-is-layout-grid\"><li class=\"wp-block-post post-28248 post type-post status-publish format-standard has-post-thumbnail hentry category-especiales tag-desinformaciones tag-estados-unidos tag-guerra tag-iran tag-israel\">\n\n<div class=\"wp-block-group is-layout-flow wp-container-core-group-is-layout-da777912 wp-block-group-is-layout-flow\" style=\"padding-top:var(--wp--preset--spacing--20);padding-right:var(--wp--preset--spacing--20);padding-bottom:var(--wp--preset--spacing--20);padding-left:var(--wp--preset--spacing--20)\"><figure class=\"wp-block-post-featured-image\"><img loading=\"lazy\" decoding=\"async\" width=\"600\" height=\"400\" src=\"https:\/\/cotejo.info\/wp-content\/uploads\/2026\/03\/Cotejo_web-notaSEO-10desinformaciones.jpg\" class=\"attachment-post-thumbnail size-post-thumbnail wp-post-image\" alt=\"Guerra en Ir\u00e1n: 10 desinformaciones detectadas en Venezuela\" style=\"object-fit:cover;\" srcset=\"https:\/\/cotejo.info\/wp-content\/uploads\/2026\/03\/Cotejo_web-notaSEO-10desinformaciones.jpg 600w, https:\/\/cotejo.info\/wp-content\/uploads\/2026\/03\/Cotejo_web-notaSEO-10desinformaciones-300x200.jpg 300w\" sizes=\"auto, (max-width: 600px) 100vw, 600px\" \/><\/figure>\n\n<h3 style=\"font-size:clamp(0.918rem, 0.918rem + ((1vw - 0.2rem) * 0.725), 1.38rem);\" class=\"wp-block-post-title has-barlow-condensed-font-family\"><a href=\"https:\/\/cotejo.info\/2026\/03\/falso-guerra-iran-desinformaciones-detectadas-venezuela\/\" target=\"_self\" >Guerra en Ir\u00e1n: 10 desinformaciones detectadas en Venezuela<\/a><\/h3>\n\n<div class=\"wp-block-post-date\"><time datetime=\"2026-03-31T11:08:50-04:00\">marzo 31, 2026<\/time><\/div>\n\n\n<hr class=\"wp-block-separator has-alpha-channel-opacity\"\/>\n<\/div>\n\n<\/li><li class=\"wp-block-post post-27877 post type-post status-publish format-standard has-post-thumbnail hentry category-especiales category-periodismo-datos tag-desinformacion tag-dolarizacion tag-economia tag-politica tag-venezuela\">\n\n<div class=\"wp-block-group is-layout-flow wp-container-core-group-is-layout-da777912 wp-block-group-is-layout-flow\" style=\"padding-top:var(--wp--preset--spacing--20);padding-right:var(--wp--preset--spacing--20);padding-bottom:var(--wp--preset--spacing--20);padding-left:var(--wp--preset--spacing--20)\"><figure class=\"wp-block-post-featured-image\"><img loading=\"lazy\" decoding=\"async\" width=\"600\" height=\"400\" src=\"https:\/\/cotejo.info\/wp-content\/uploads\/2026\/03\/Cotejo_web-notaSEO-dolarVen-1.jpg\" class=\"attachment-post-thumbnail size-post-thumbnail wp-post-image\" alt=\"Bulos sobre dolarizaci\u00f3n: la mentira paga y se da vuelto\" style=\"object-fit:cover;\" srcset=\"https:\/\/cotejo.info\/wp-content\/uploads\/2026\/03\/Cotejo_web-notaSEO-dolarVen-1.jpg 600w, https:\/\/cotejo.info\/wp-content\/uploads\/2026\/03\/Cotejo_web-notaSEO-dolarVen-1-300x200.jpg 300w\" sizes=\"auto, (max-width: 600px) 100vw, 600px\" \/><\/figure>\n\n<h3 style=\"font-size:clamp(0.918rem, 0.918rem + ((1vw - 0.2rem) * 0.725), 1.38rem);\" class=\"wp-block-post-title has-barlow-condensed-font-family\"><a href=\"https:\/\/cotejo.info\/2026\/03\/bulos-dolarizacion-venezuela-marzo\/\" target=\"_self\" >Bulos sobre dolarizaci\u00f3n: la mentira paga y se da vuelto\u00a0<\/a><\/h3>\n\n<div class=\"wp-block-post-date\"><time datetime=\"2026-03-01T13:39:50-04:00\">marzo 1, 2026<\/time><\/div>\n\n\n<hr class=\"wp-block-separator has-alpha-channel-opacity\"\/>\n<\/div>\n\n<\/li><li class=\"wp-block-post post-27796 post type-post status-publish format-standard has-post-thumbnail hentry category-especiales category-periodismo-datos\">\n\n<div class=\"wp-block-group is-layout-flow wp-container-core-group-is-layout-da777912 wp-block-group-is-layout-flow\" style=\"padding-top:var(--wp--preset--spacing--20);padding-right:var(--wp--preset--spacing--20);padding-bottom:var(--wp--preset--spacing--20);padding-left:var(--wp--preset--spacing--20)\"><figure class=\"wp-block-post-featured-image\"><img loading=\"lazy\" decoding=\"async\" width=\"600\" height=\"400\" src=\"https:\/\/cotejo.info\/wp-content\/uploads\/2026\/02\/Cotejo_web-notaSEO-maduro-colombiano.jpg\" class=\"attachment-post-thumbnail size-post-thumbnail wp-post-image\" alt=\"Reciclaje de desinformaci\u00f3n, Maduro no es colombiano\" style=\"object-fit:cover;\" srcset=\"https:\/\/cotejo.info\/wp-content\/uploads\/2026\/02\/Cotejo_web-notaSEO-maduro-colombiano.jpg 600w, https:\/\/cotejo.info\/wp-content\/uploads\/2026\/02\/Cotejo_web-notaSEO-maduro-colombiano-300x200.jpg 300w\" sizes=\"auto, (max-width: 600px) 100vw, 600px\" \/><\/figure>\n\n<h3 style=\"font-size:clamp(0.918rem, 0.918rem + ((1vw - 0.2rem) * 0.725), 1.38rem);\" class=\"wp-block-post-title has-barlow-condensed-font-family\"><a href=\"https:\/\/cotejo.info\/2026\/02\/reciclaje-desinformacion-bulo-maduro-colombiano\/\" target=\"_self\" >Reciclaje de desinformaci\u00f3n: reviven el bulo que asegura que Maduro es colombiano<\/a><\/h3>\n\n<div class=\"wp-block-post-date\"><time datetime=\"2026-02-24T10:45:13-04:00\">febrero 24, 2026<\/time><\/div>\n\n\n<hr class=\"wp-block-separator has-alpha-channel-opacity\"\/>\n<\/div>\n\n<\/li><li class=\"wp-block-post post-27541 post type-post status-publish format-standard has-post-thumbnail hentry category-especiales category-periodismo-datos tag-crisis-en-venezuela tag-donald-trump tag-nicolas-maduro tag-venezuela\">\n\n<div class=\"wp-block-group is-layout-flow wp-container-core-group-is-layout-da777912 wp-block-group-is-layout-flow\" style=\"padding-top:var(--wp--preset--spacing--20);padding-right:var(--wp--preset--spacing--20);padding-bottom:var(--wp--preset--spacing--20);padding-left:var(--wp--preset--spacing--20)\"><figure class=\"wp-block-post-featured-image\"><img loading=\"lazy\" decoding=\"async\" width=\"600\" height=\"400\" src=\"https:\/\/cotejo.info\/wp-content\/uploads\/2026\/02\/Collage-desinformaciones-Maduro-3-enero.jpg\" class=\"attachment-post-thumbnail size-post-thumbnail wp-post-image\" alt=\"Inteligencia artificial y bulos: la otra cara del 3 de enero\" style=\"object-fit:cover;\" srcset=\"https:\/\/cotejo.info\/wp-content\/uploads\/2026\/02\/Collage-desinformaciones-Maduro-3-enero.jpg 600w, https:\/\/cotejo.info\/wp-content\/uploads\/2026\/02\/Collage-desinformaciones-Maduro-3-enero-300x200.jpg 300w\" sizes=\"auto, (max-width: 600px) 100vw, 600px\" \/><\/figure>\n\n<h3 style=\"font-size:clamp(0.918rem, 0.918rem + ((1vw - 0.2rem) * 0.725), 1.38rem);\" class=\"wp-block-post-title has-barlow-condensed-font-family\"><a href=\"https:\/\/cotejo.info\/2026\/01\/especial-inteligencia-artificial-bulos-otra-cara-3-enero\/\" target=\"_self\" >Inteligencia artificial y bulos: la otra cara del 3 de enero<\/a><\/h3>\n\n<div class=\"wp-block-post-date\"><time datetime=\"2026-01-31T10:59:28-04:00\">enero 31, 2026<\/time><\/div>\n\n\n<hr class=\"wp-block-separator has-alpha-channel-opacity\"\/>\n<\/div>\n\n<\/li><\/ul><\/div>\n<\/div>\n<\/div>\n","protected":false},"excerpt":{"rendered":"<p>Cotejos nacionales Cotejos regionales Mentir\u00f3metro Lupa en los datos \u00cdndice Catalina 554.34 Bs.D Var 26,16% Semana del 20\/10 al 30\/10 101 Mujeres han sido asesinadas en Venezuela Entre el 01\/01 y el&nbsp; 30\/10 de 2025 Los bulos que desmentimos Explora nuestro tablero interactivo Desmentidos en redes As\u00ed cotejamos la informaci\u00f3n que ofrecemos Hemos desarrollado una [&hellip;]<\/p>\n","protected":false},"author":10,"featured_media":0,"parent":0,"menu_order":0,"comment_status":"closed","ping_status":"closed","template":"","meta":{"_coblocks_attr":"Barlow Condensed","_coblocks_dimensions":"","_coblocks_responsive_height":"","_coblocks_accordion_ie_support":"","footnotes":""},"class_list":["post-19829","page","type-page","status-publish","hentry"],"yoast_head":"<!-- This site is optimized with the Yoast SEO plugin v27.4 - https:\/\/yoast.com\/product\/yoast-seo-wordpress\/ -->\n<title>Inicio 2025 - Cotejo.info<\/title>\n<meta name=\"robots\" content=\"index, follow, max-snippet:-1, max-image-preview:large, max-video-preview:-1\" \/>\n<link rel=\"canonical\" href=\"https:\/\/cotejo.info\/\" \/>\n<meta property=\"og:locale\" content=\"es_ES\" \/>\n<meta property=\"og:type\" content=\"article\" \/>\n<meta property=\"og:title\" content=\"Inicio 2025 - Cotejo.info\" \/>\n<meta property=\"og:description\" content=\"Cotejos nacionales Cotejos regionales Mentir\u00f3metro Lupa en los datos \u00cdndice Catalina 554.34 Bs.D Var 26,16% Semana del 20\/10 al 30\/10 101 Mujeres han sido asesinadas en Venezuela Entre el 01\/01 y el&nbsp; 30\/10 de 2025 Los bulos que desmentimos Explora nuestro tablero interactivo Desmentidos en redes As\u00ed cotejamos la informaci\u00f3n que ofrecemos Hemos desarrollado una [&hellip;]\" \/>\n<meta property=\"og:url\" content=\"https:\/\/cotejo.info\/\" \/>\n<meta property=\"og:site_name\" content=\"Cotejo.info\" \/>\n<meta property=\"article:publisher\" content=\"https:\/\/www.facebook.com\/cotejoinfo\" \/>\n<meta property=\"article:modified_time\" content=\"2026-04-09T17:22:37+00:00\" \/>\n<meta property=\"og:image\" content=\"https:\/\/cotejo.info\/wp-content\/uploads\/2025\/03\/mentirometro-solo.png\" \/>\n<meta name=\"twitter:card\" content=\"summary_large_image\" \/>\n<meta name=\"twitter:site\" content=\"@cotejoinfo\" \/>\n<meta name=\"twitter:label1\" content=\"Tiempo de lectura\" \/>\n\t<meta name=\"twitter:data1\" content=\"1 minuto\" \/>\n<script type=\"application\/ld+json\" class=\"yoast-schema-graph\">{\"@context\":\"https:\\\/\\\/schema.org\",\"@graph\":[{\"@type\":\"WebPage\",\"@id\":\"https:\\\/\\\/cotejo.info\\\/\",\"url\":\"https:\\\/\\\/cotejo.info\\\/\",\"name\":\"Inicio 2025 - Cotejo.info\",\"isPartOf\":{\"@id\":\"https:\\\/\\\/cotejo.info\\\/#website\"},\"primaryImageOfPage\":{\"@id\":\"https:\\\/\\\/cotejo.info\\\/#primaryimage\"},\"image\":{\"@id\":\"https:\\\/\\\/cotejo.info\\\/#primaryimage\"},\"thumbnailUrl\":\"https:\\\/\\\/cotejo.info\\\/wp-content\\\/uploads\\\/2025\\\/03\\\/mentirometro-solo.png\",\"datePublished\":\"2024-12-09T15:39:38+00:00\",\"dateModified\":\"2026-04-09T17:22:37+00:00\",\"breadcrumb\":{\"@id\":\"https:\\\/\\\/cotejo.info\\\/#breadcrumb\"},\"inLanguage\":\"es\",\"potentialAction\":[{\"@type\":\"ReadAction\",\"target\":[\"https:\\\/\\\/cotejo.info\\\/\"]}]},{\"@type\":\"ImageObject\",\"inLanguage\":\"es\",\"@id\":\"https:\\\/\\\/cotejo.info\\\/#primaryimage\",\"url\":\"https:\\\/\\\/cotejo.info\\\/wp-content\\\/uploads\\\/2025\\\/03\\\/mentirometro-solo.png\",\"contentUrl\":\"https:\\\/\\\/cotejo.info\\\/wp-content\\\/uploads\\\/2025\\\/03\\\/mentirometro-solo.png\",\"width\":484,\"height\":265},{\"@type\":\"BreadcrumbList\",\"@id\":\"https:\\\/\\\/cotejo.info\\\/#breadcrumb\",\"itemListElement\":[{\"@type\":\"ListItem\",\"position\":1,\"name\":\"Portada\",\"item\":\"https:\\\/\\\/cotejo.info\\\/\"},{\"@type\":\"ListItem\",\"position\":2,\"name\":\"Inicio 2025\"}]},{\"@type\":\"WebSite\",\"@id\":\"https:\\\/\\\/cotejo.info\\\/#website\",\"url\":\"https:\\\/\\\/cotejo.info\\\/\",\"name\":\"Cotejo.info\",\"description\":\"Proyecto pionero de Fact-cheking en Venezuela\",\"publisher\":{\"@id\":\"https:\\\/\\\/cotejo.info\\\/#organization\"},\"potentialAction\":[{\"@type\":\"SearchAction\",\"target\":{\"@type\":\"EntryPoint\",\"urlTemplate\":\"https:\\\/\\\/cotejo.info\\\/?s={search_term_string}\"},\"query-input\":{\"@type\":\"PropertyValueSpecification\",\"valueRequired\":true,\"valueName\":\"search_term_string\"}}],\"inLanguage\":\"es\"},{\"@type\":\"Organization\",\"@id\":\"https:\\\/\\\/cotejo.info\\\/#organization\",\"name\":\"Median\u00e1lisis\",\"url\":\"https:\\\/\\\/cotejo.info\\\/\",\"logo\":{\"@type\":\"ImageObject\",\"inLanguage\":\"es\",\"@id\":\"https:\\\/\\\/cotejo.info\\\/#\\\/schema\\\/logo\\\/image\\\/\",\"url\":\"https:\\\/\\\/cotejo.info\\\/wp-content\\\/uploads\\\/2025\\\/02\\\/logos-avatares-redes-02.png\",\"contentUrl\":\"https:\\\/\\\/cotejo.info\\\/wp-content\\\/uploads\\\/2025\\\/02\\\/logos-avatares-redes-02.png\",\"width\":625,\"height\":625,\"caption\":\"Median\u00e1lisis\"},\"image\":{\"@id\":\"https:\\\/\\\/cotejo.info\\\/#\\\/schema\\\/logo\\\/image\\\/\"},\"sameAs\":[\"https:\\\/\\\/www.facebook.com\\\/cotejoinfo\",\"https:\\\/\\\/x.com\\\/cotejoinfo\",\"https:\\\/\\\/www.instagram.com\\\/cotejoinfo\\\/\",\"https:\\\/\\\/www.youtube.com\\\/channel\\\/UCSoKxcWdA3gEOXHR-vapbJQ\"]}]}<\/script>\n<!-- \/ Yoast SEO plugin. -->","yoast_head_json":{"title":"Inicio 2025 - Cotejo.info","robots":{"index":"index","follow":"follow","max-snippet":"max-snippet:-1","max-image-preview":"max-image-preview:large","max-video-preview":"max-video-preview:-1"},"canonical":"https:\/\/cotejo.info\/","og_locale":"es_ES","og_type":"article","og_title":"Inicio 2025 - Cotejo.info","og_description":"Cotejos nacionales Cotejos regionales Mentir\u00f3metro Lupa en los datos \u00cdndice Catalina 554.34 Bs.D Var 26,16% Semana del 20\/10 al 30\/10 101 Mujeres han sido asesinadas en Venezuela Entre el 01\/01 y el&nbsp; 30\/10 de 2025 Los bulos que desmentimos Explora nuestro tablero interactivo Desmentidos en redes As\u00ed cotejamos la informaci\u00f3n que ofrecemos Hemos desarrollado una [&hellip;]","og_url":"https:\/\/cotejo.info\/","og_site_name":"Cotejo.info","article_publisher":"https:\/\/www.facebook.com\/cotejoinfo","article_modified_time":"2026-04-09T17:22:37+00:00","og_image":[{"url":"https:\/\/cotejo.info\/wp-content\/uploads\/2025\/03\/mentirometro-solo.png","type":"","width":"","height":""}],"twitter_card":"summary_large_image","twitter_site":"@cotejoinfo","twitter_misc":{"Tiempo de lectura":"1 minuto"},"schema":{"@context":"https:\/\/schema.org","@graph":[{"@type":"WebPage","@id":"https:\/\/cotejo.info\/","url":"https:\/\/cotejo.info\/","name":"Inicio 2025 - Cotejo.info","isPartOf":{"@id":"https:\/\/cotejo.info\/#website"},"primaryImageOfPage":{"@id":"https:\/\/cotejo.info\/#primaryimage"},"image":{"@id":"https:\/\/cotejo.info\/#primaryimage"},"thumbnailUrl":"https:\/\/cotejo.info\/wp-content\/uploads\/2025\/03\/mentirometro-solo.png","datePublished":"2024-12-09T15:39:38+00:00","dateModified":"2026-04-09T17:22:37+00:00","breadcrumb":{"@id":"https:\/\/cotejo.info\/#breadcrumb"},"inLanguage":"es","potentialAction":[{"@type":"ReadAction","target":["https:\/\/cotejo.info\/"]}]},{"@type":"ImageObject","inLanguage":"es","@id":"https:\/\/cotejo.info\/#primaryimage","url":"https:\/\/cotejo.info\/wp-content\/uploads\/2025\/03\/mentirometro-solo.png","contentUrl":"https:\/\/cotejo.info\/wp-content\/uploads\/2025\/03\/mentirometro-solo.png","width":484,"height":265},{"@type":"BreadcrumbList","@id":"https:\/\/cotejo.info\/#breadcrumb","itemListElement":[{"@type":"ListItem","position":1,"name":"Portada","item":"https:\/\/cotejo.info\/"},{"@type":"ListItem","position":2,"name":"Inicio 2025"}]},{"@type":"WebSite","@id":"https:\/\/cotejo.info\/#website","url":"https:\/\/cotejo.info\/","name":"Cotejo.info","description":"Proyecto pionero de Fact-cheking en Venezuela","publisher":{"@id":"https:\/\/cotejo.info\/#organization"},"potentialAction":[{"@type":"SearchAction","target":{"@type":"EntryPoint","urlTemplate":"https:\/\/cotejo.info\/?s={search_term_string}"},"query-input":{"@type":"PropertyValueSpecification","valueRequired":true,"valueName":"search_term_string"}}],"inLanguage":"es"},{"@type":"Organization","@id":"https:\/\/cotejo.info\/#organization","name":"Median\u00e1lisis","url":"https:\/\/cotejo.info\/","logo":{"@type":"ImageObject","inLanguage":"es","@id":"https:\/\/cotejo.info\/#\/schema\/logo\/image\/","url":"https:\/\/cotejo.info\/wp-content\/uploads\/2025\/02\/logos-avatares-redes-02.png","contentUrl":"https:\/\/cotejo.info\/wp-content\/uploads\/2025\/02\/logos-avatares-redes-02.png","width":625,"height":625,"caption":"Median\u00e1lisis"},"image":{"@id":"https:\/\/cotejo.info\/#\/schema\/logo\/image\/"},"sameAs":["https:\/\/www.facebook.com\/cotejoinfo","https:\/\/x.com\/cotejoinfo","https:\/\/www.instagram.com\/cotejoinfo\/","https:\/\/www.youtube.com\/channel\/UCSoKxcWdA3gEOXHR-vapbJQ"]}]}},"_links":{"self":[{"href":"https:\/\/cotejo.info\/wp-json\/wp\/v2\/pages\/19829","targetHints":{"allow":["GET"]}}],"collection":[{"href":"https:\/\/cotejo.info\/wp-json\/wp\/v2\/pages"}],"about":[{"href":"https:\/\/cotejo.info\/wp-json\/wp\/v2\/types\/page"}],"author":[{"embeddable":true,"href":"https:\/\/cotejo.info\/wp-json\/wp\/v2\/users\/10"}],"replies":[{"embeddable":true,"href":"https:\/\/cotejo.info\/wp-json\/wp\/v2\/comments?post=19829"}],"version-history":[{"count":382,"href":"https:\/\/cotejo.info\/wp-json\/wp\/v2\/pages\/19829\/revisions"}],"predecessor-version":[{"id":28283,"href":"https:\/\/cotejo.info\/wp-json\/wp\/v2\/pages\/19829\/revisions\/28283"}],"wp:attachment":[{"href":"https:\/\/cotejo.info\/wp-json\/wp\/v2\/media?parent=19829"}],"curies":[{"name":"wp","href":"https:\/\/api.w.org\/{rel}","templated":true}]}}