{"id":59,"date":"2017-07-27T06:13:05","date_gmt":"2017-07-27T06:13:05","guid":{"rendered":"https:\/\/dev.elcepilanansa.com\/?page_id=59"},"modified":"2020-11-17T20:41:10","modified_gmt":"2020-11-17T18:41:10","slug":"editorial","status":"publish","type":"page","link":"https:\/\/carambucoediciones.com\/editorial\/","title":{"rendered":"La editorial"},"content":{"rendered":"<p><img decoding=\"async\" class=\"alignnone wp-image-2817 size-full lazyload\" src=\"data:image\/gif;base64,R0lGODlhAQABAIAAAAAAAP\/\/\/yH5BAEAAAAALAAAAAABAAEAAAIBRAA7\" data-src=\"https:\/\/carambucoediciones.com\/wp-content\/uploads\/2018\/11\/frontal-editorial.jpg\" alt=\"\" width=\"1200\" height=\"350\" \/><noscript><img decoding=\"async\" class=\"alignnone wp-image-2817 size-full lazyload\" src=\"https:\/\/carambucoediciones.com\/wp-content\/uploads\/2018\/11\/frontal-editorial.jpg\" alt=\"\" width=\"1200\" height=\"350\" srcset=\"https:\/\/carambucoediciones.com\/wp-content\/uploads\/2018\/11\/frontal-editorial.jpg 1200w, https:\/\/carambucoediciones.com\/wp-content\/uploads\/2018\/11\/frontal-editorial-300x88.jpg 300w, https:\/\/carambucoediciones.com\/wp-content\/uploads\/2018\/11\/frontal-editorial-768x224.jpg 768w, https:\/\/carambucoediciones.com\/wp-content\/uploads\/2018\/11\/frontal-editorial-1024x299.jpg 1024w, https:\/\/carambucoediciones.com\/wp-content\/uploads\/2018\/11\/frontal-editorial-600x175.jpg 600w\" sizes=\"(max-width: 1200px) 100vw, 1200px\" \/><\/noscript><\/p>\n<div class=\"partners-grid\">\n<div class=\"area-a\">\n<p><img decoding=\"async\" class=\"alignnone wp-image-2828 size-full lazyload\" src=\"data:image\/gif;base64,R0lGODlhAQABAIAAAAAAAP\/\/\/yH5BAEAAAAALAAAAAABAAEAAAIBRAA7\" data-src=\"https:\/\/carambucoediciones.com\/wp-content\/uploads\/2018\/11\/edti.jpg\" alt=\"\" width=\"600\" height=\"600\" \/><noscript><img decoding=\"async\" class=\"alignnone wp-image-2828 size-full lazyload\" src=\"https:\/\/carambucoediciones.com\/wp-content\/uploads\/2018\/11\/edti.jpg\" alt=\"\" width=\"600\" height=\"600\" srcset=\"https:\/\/carambucoediciones.com\/wp-content\/uploads\/2018\/11\/edti.jpg 600w, https:\/\/carambucoediciones.com\/wp-content\/uploads\/2018\/11\/edti-150x150.jpg 150w, https:\/\/carambucoediciones.com\/wp-content\/uploads\/2018\/11\/edti-300x300.jpg 300w, https:\/\/carambucoediciones.com\/wp-content\/uploads\/2018\/11\/edti-100x100.jpg 100w\" sizes=\"(max-width: 600px) 100vw, 600px\" \/><\/noscript><\/p>\n<\/div>\n<div class=\"area-b\">\n<p><strong>Carambuco nace en el a\u00f1o 2010 con la\u00a0publicaci\u00f3n de los cuatro primeros cuentos\u00a0<\/strong><i>Me he perdido<\/i>\u00a0de Juanolo,\u00a0<i>El fabricante de humo<\/i>\u00a0de Enric Larreula y Eva Sans, <i>El secreto de la luna<\/i>\u00a0de Susana Peix y Lorena Torres y <i>\u00a1Qu\u00e9 l\u00edo c\u00f3smico!<\/i>\u00a0de Montse Balada y Joan M. Celorio, promoviendo as\u00ed la edici\u00f3n de libros infantiles adaptados a la<strong> Lengua de Signos Espa\u00f1ola en su colecci\u00f3n <a href=\"https:\/\/carambucoediciones.com\/categoria-producte\/lengua-de-signos\/carambuco-cuentos-lse\/\">Carambuco cuentos<\/a>. <\/strong>Toda una declaraci\u00f3n de principios: entender la edici\u00f3n como un instrumento que vincula cultura, diversidad, inclusi\u00f3n y sensibilizaci\u00f3n.<\/p>\n<div class=\"gmail_default\">Con los a\u00f1os (y de la mano de El Cep i la Nansa edicions, el sello editorial que la ha visto nacer) Carambuco ediciones sigue destilando un cat\u00e1logo con acento en la literatura infantil, ahora con varias colecciones de \u00e1lbum ilustrado, libros para beb\u00e9s y cuentos sobre crianza (colecci\u00f3n <a href=\"https:\/\/carambucoediciones.com\/categoria-producte\/infantil\/calita\/\">Calita<\/a>, <a href=\"https:\/\/carambucoediciones.com\/categoria-producte\/infantil\/mini\/\">Mini<\/a>, <a href=\"https:\/\/carambucoediciones.com\/categoria-producte\/infantil\/olivia\/\">Olivia<\/a>, <a href=\"https:\/\/carambucoediciones.com\/categoria-producte\/infantil\/tesoros\/\">Tesoros<\/a>), pero tambi\u00e9n con la mirada puesta en la narrativa juvenil (<a href=\"https:\/\/carambucoediciones.com\/categoria-producte\/juvenil\/lo-mas-de\/\">Los m\u00e1s de<\/a>&#8230;, <a href=\"https:\/\/carambucoediciones.com\/categoria-producte\/juvenil\/el-tuerca\/\">El Tuerca<\/a>) y para adultos (<a href=\"https:\/\/carambucoediciones.com\/categoria-producte\/adulto\/carambuco-narrativas\/\">Carambuco Narrativas<\/a>).<\/div>\n<div><\/div>\n<div class=\"gmail_default\">En sus talleres cuidamos a este Carambuco como un aut\u00e9ntico \u00e1rbol lleno de vida, de fuertes ra\u00edces, para que nos siga regalando estos frutos en forma de libros para los m\u00e1s \u00e1vidos de lectura.<\/div>\n<h2><\/h2>\n<h2>Nuestros objetivos<\/h2>\n<ul>\n<li>Poner al alcance de todos la cultura y participar activamente en su promoci\u00f3n.<\/li>\n<li>Dar voz a proyectos que sobresalen en creatividad.<\/li>\n<li>Editar libros de gran calidad narrativa.<\/li>\n<li>Promover la lectura en todas las edades.<\/li>\n<\/ul>\n<\/div>\n<\/div>\n","protected":false},"excerpt":{"rendered":"<p>Carambuco nace en el a\u00f1o 2010 con la\u00a0publicaci\u00f3n de los cuatro primeros cuentos\u00a0Me he perdido\u00a0de Juanolo,\u00a0El fabricante de humo\u00a0de Enric Larreula y Eva Sans, El secreto de la luna\u00a0de Susana Peix y Lorena Torres y \u00a1Qu\u00e9 l\u00edo c\u00f3smico!\u00a0de Montse Balada y Joan M. Celorio, promoviendo as\u00ed la edici\u00f3n de libros infantiles adaptados a la Lengua [&hellip;]<\/p>\n","protected":false},"author":61,"featured_media":0,"parent":0,"menu_order":0,"comment_status":"closed","ping_status":"closed","template":"template-fullwidth.php","meta":{"footnotes":""},"class_list":["post-59","page","type-page","status-publish","hentry"],"yoast_head":"<!-- This site is optimized with the Yoast SEO plugin v27.1.1 - https:\/\/yoast.com\/product\/yoast-seo-wordpress\/ -->\n<title>La editorial - Carambuco Ediciones<\/title>\n<meta name=\"robots\" content=\"index, follow, max-snippet:-1, max-image-preview:large, max-video-preview:-1\" \/>\n<link rel=\"canonical\" href=\"https:\/\/carambucoediciones.com\/editorial\/\" \/>\n<meta property=\"og:locale\" content=\"es_ES\" \/>\n<meta property=\"og:type\" content=\"article\" \/>\n<meta property=\"og:title\" content=\"La editorial - Carambuco Ediciones\" \/>\n<meta property=\"og:description\" content=\"Carambuco nace en el a\u00f1o 2010 con la\u00a0publicaci\u00f3n de los cuatro primeros cuentos\u00a0Me he perdido\u00a0de Juanolo,\u00a0El fabricante de humo\u00a0de Enric Larreula y Eva Sans, El secreto de la luna\u00a0de Susana Peix y Lorena Torres y \u00a1Qu\u00e9 l\u00edo c\u00f3smico!\u00a0de Montse Balada y Joan M. Celorio, promoviendo as\u00ed la edici\u00f3n de libros infantiles adaptados a la Lengua [&hellip;]\" \/>\n<meta property=\"og:url\" content=\"https:\/\/carambucoediciones.com\/editorial\/\" \/>\n<meta property=\"og:site_name\" content=\"Carambuco Ediciones\" \/>\n<meta property=\"article:publisher\" content=\"https:\/\/www.facebook.com\/editorialcarambuco\/\" \/>\n<meta property=\"article:modified_time\" content=\"2020-11-17T18:41:10+00:00\" \/>\n<meta property=\"og:image\" content=\"https:\/\/carambucoediciones.com\/wp-content\/uploads\/2018\/11\/frontal-editorial.jpg\" \/>\n<meta name=\"twitter:card\" content=\"summary_large_image\" \/>\n<meta name=\"twitter:site\" content=\"@carambucolibros\" \/>\n<meta name=\"twitter:label1\" content=\"Tiempo de lectura\" \/>\n\t<meta name=\"twitter:data1\" content=\"1 minuto\" \/>\n<script type=\"application\/ld+json\" class=\"yoast-schema-graph\">{\"@context\":\"https:\/\/schema.org\",\"@graph\":[{\"@type\":\"WebPage\",\"@id\":\"https:\/\/carambucoediciones.com\/editorial\/\",\"url\":\"https:\/\/carambucoediciones.com\/editorial\/\",\"name\":\"La editorial - Carambuco Ediciones\",\"isPartOf\":{\"@id\":\"https:\/\/carambucoediciones.com\/#website\"},\"primaryImageOfPage\":{\"@id\":\"https:\/\/carambucoediciones.com\/editorial\/#primaryimage\"},\"image\":{\"@id\":\"https:\/\/carambucoediciones.com\/editorial\/#primaryimage\"},\"thumbnailUrl\":\"https:\/\/carambucoediciones.com\/wp-content\/uploads\/2018\/11\/frontal-editorial.jpg\",\"datePublished\":\"2017-07-27T06:13:05+00:00\",\"dateModified\":\"2020-11-17T18:41:10+00:00\",\"breadcrumb\":{\"@id\":\"https:\/\/carambucoediciones.com\/editorial\/#breadcrumb\"},\"inLanguage\":\"es\",\"potentialAction\":[{\"@type\":\"ReadAction\",\"target\":[\"https:\/\/carambucoediciones.com\/editorial\/\"]}]},{\"@type\":\"ImageObject\",\"inLanguage\":\"es\",\"@id\":\"https:\/\/carambucoediciones.com\/editorial\/#primaryimage\",\"url\":\"https:\/\/carambucoediciones.com\/wp-content\/uploads\/2018\/11\/frontal-editorial.jpg\",\"contentUrl\":\"https:\/\/carambucoediciones.com\/wp-content\/uploads\/2018\/11\/frontal-editorial.jpg\",\"width\":1200,\"height\":350},{\"@type\":\"BreadcrumbList\",\"@id\":\"https:\/\/carambucoediciones.com\/editorial\/#breadcrumb\",\"itemListElement\":[{\"@type\":\"ListItem\",\"position\":1,\"name\":\"Inici\",\"item\":\"https:\/\/carambucoediciones.com\/\"},{\"@type\":\"ListItem\",\"position\":2,\"name\":\"La editorial\"}]},{\"@type\":\"WebSite\",\"@id\":\"https:\/\/carambucoediciones.com\/#website\",\"url\":\"https:\/\/carambucoediciones.com\/\",\"name\":\"El Cep i La Nansa\",\"description\":\"La web de Carambuco Ediciones\",\"publisher\":{\"@id\":\"https:\/\/carambucoediciones.com\/#organization\"},\"potentialAction\":[{\"@type\":\"SearchAction\",\"target\":{\"@type\":\"EntryPoint\",\"urlTemplate\":\"https:\/\/carambucoediciones.com\/?s={search_term_string}\"},\"query-input\":{\"@type\":\"PropertyValueSpecification\",\"valueRequired\":true,\"valueName\":\"search_term_string\"}}],\"inLanguage\":\"es\"},{\"@type\":\"Organization\",\"@id\":\"https:\/\/carambucoediciones.com\/#organization\",\"name\":\"El Cep i la Nansa\",\"url\":\"https:\/\/carambucoediciones.com\/\",\"logo\":{\"@type\":\"ImageObject\",\"inLanguage\":\"es\",\"@id\":\"https:\/\/carambucoediciones.com\/#\/schema\/logo\/image\/\",\"url\":\"https:\/\/carambucoediciones.com\/wp-content\/uploads\/2017\/11\/unnamed-1.png\",\"contentUrl\":\"https:\/\/carambucoediciones.com\/wp-content\/uploads\/2017\/11\/unnamed-1.png\",\"width\":600,\"height\":262,\"caption\":\"El Cep i la Nansa\"},\"image\":{\"@id\":\"https:\/\/carambucoediciones.com\/#\/schema\/logo\/image\/\"},\"sameAs\":[\"https:\/\/www.facebook.com\/editorialcarambuco\/\",\"https:\/\/x.com\/carambucolibros\",\"https:\/\/www.instagram.com\/carambucoediciones\/\",\"https:\/\/youtube.com\/c\/carambucoediciones\"]}]}<\/script>\n<!-- \/ Yoast SEO plugin. -->","yoast_head_json":{"title":"La editorial - Carambuco Ediciones","robots":{"index":"index","follow":"follow","max-snippet":"max-snippet:-1","max-image-preview":"max-image-preview:large","max-video-preview":"max-video-preview:-1"},"canonical":"https:\/\/carambucoediciones.com\/editorial\/","og_locale":"es_ES","og_type":"article","og_title":"La editorial - Carambuco Ediciones","og_description":"Carambuco nace en el a\u00f1o 2010 con la\u00a0publicaci\u00f3n de los cuatro primeros cuentos\u00a0Me he perdido\u00a0de Juanolo,\u00a0El fabricante de humo\u00a0de Enric Larreula y Eva Sans, El secreto de la luna\u00a0de Susana Peix y Lorena Torres y \u00a1Qu\u00e9 l\u00edo c\u00f3smico!\u00a0de Montse Balada y Joan M. Celorio, promoviendo as\u00ed la edici\u00f3n de libros infantiles adaptados a la Lengua [&hellip;]","og_url":"https:\/\/carambucoediciones.com\/editorial\/","og_site_name":"Carambuco Ediciones","article_publisher":"https:\/\/www.facebook.com\/editorialcarambuco\/","article_modified_time":"2020-11-17T18:41:10+00:00","og_image":[{"url":"https:\/\/carambucoediciones.com\/wp-content\/uploads\/2018\/11\/frontal-editorial.jpg","type":"","width":"","height":""}],"twitter_card":"summary_large_image","twitter_site":"@carambucolibros","twitter_misc":{"Tiempo de lectura":"1 minuto"},"schema":{"@context":"https:\/\/schema.org","@graph":[{"@type":"WebPage","@id":"https:\/\/carambucoediciones.com\/editorial\/","url":"https:\/\/carambucoediciones.com\/editorial\/","name":"La editorial - Carambuco Ediciones","isPartOf":{"@id":"https:\/\/carambucoediciones.com\/#website"},"primaryImageOfPage":{"@id":"https:\/\/carambucoediciones.com\/editorial\/#primaryimage"},"image":{"@id":"https:\/\/carambucoediciones.com\/editorial\/#primaryimage"},"thumbnailUrl":"https:\/\/carambucoediciones.com\/wp-content\/uploads\/2018\/11\/frontal-editorial.jpg","datePublished":"2017-07-27T06:13:05+00:00","dateModified":"2020-11-17T18:41:10+00:00","breadcrumb":{"@id":"https:\/\/carambucoediciones.com\/editorial\/#breadcrumb"},"inLanguage":"es","potentialAction":[{"@type":"ReadAction","target":["https:\/\/carambucoediciones.com\/editorial\/"]}]},{"@type":"ImageObject","inLanguage":"es","@id":"https:\/\/carambucoediciones.com\/editorial\/#primaryimage","url":"https:\/\/carambucoediciones.com\/wp-content\/uploads\/2018\/11\/frontal-editorial.jpg","contentUrl":"https:\/\/carambucoediciones.com\/wp-content\/uploads\/2018\/11\/frontal-editorial.jpg","width":1200,"height":350},{"@type":"BreadcrumbList","@id":"https:\/\/carambucoediciones.com\/editorial\/#breadcrumb","itemListElement":[{"@type":"ListItem","position":1,"name":"Inici","item":"https:\/\/carambucoediciones.com\/"},{"@type":"ListItem","position":2,"name":"La editorial"}]},{"@type":"WebSite","@id":"https:\/\/carambucoediciones.com\/#website","url":"https:\/\/carambucoediciones.com\/","name":"El Cep i La Nansa","description":"La web de Carambuco Ediciones","publisher":{"@id":"https:\/\/carambucoediciones.com\/#organization"},"potentialAction":[{"@type":"SearchAction","target":{"@type":"EntryPoint","urlTemplate":"https:\/\/carambucoediciones.com\/?s={search_term_string}"},"query-input":{"@type":"PropertyValueSpecification","valueRequired":true,"valueName":"search_term_string"}}],"inLanguage":"es"},{"@type":"Organization","@id":"https:\/\/carambucoediciones.com\/#organization","name":"El Cep i la Nansa","url":"https:\/\/carambucoediciones.com\/","logo":{"@type":"ImageObject","inLanguage":"es","@id":"https:\/\/carambucoediciones.com\/#\/schema\/logo\/image\/","url":"https:\/\/carambucoediciones.com\/wp-content\/uploads\/2017\/11\/unnamed-1.png","contentUrl":"https:\/\/carambucoediciones.com\/wp-content\/uploads\/2017\/11\/unnamed-1.png","width":600,"height":262,"caption":"El Cep i la Nansa"},"image":{"@id":"https:\/\/carambucoediciones.com\/#\/schema\/logo\/image\/"},"sameAs":["https:\/\/www.facebook.com\/editorialcarambuco\/","https:\/\/x.com\/carambucolibros","https:\/\/www.instagram.com\/carambucoediciones\/","https:\/\/youtube.com\/c\/carambucoediciones"]}]}},"_links":{"self":[{"href":"https:\/\/carambucoediciones.com\/wp-json\/wp\/v2\/pages\/59","targetHints":{"allow":["GET"]}}],"collection":[{"href":"https:\/\/carambucoediciones.com\/wp-json\/wp\/v2\/pages"}],"about":[{"href":"https:\/\/carambucoediciones.com\/wp-json\/wp\/v2\/types\/page"}],"author":[{"embeddable":true,"href":"https:\/\/carambucoediciones.com\/wp-json\/wp\/v2\/users\/61"}],"replies":[{"embeddable":true,"href":"https:\/\/carambucoediciones.com\/wp-json\/wp\/v2\/comments?post=59"}],"version-history":[{"count":70,"href":"https:\/\/carambucoediciones.com\/wp-json\/wp\/v2\/pages\/59\/revisions"}],"predecessor-version":[{"id":2838,"href":"https:\/\/carambucoediciones.com\/wp-json\/wp\/v2\/pages\/59\/revisions\/2838"}],"wp:attachment":[{"href":"https:\/\/carambucoediciones.com\/wp-json\/wp\/v2\/media?parent=59"}],"curies":[{"name":"wp","href":"https:\/\/api.w.org\/{rel}","templated":true}]}}