{"id":2,"date":"2016-05-10T03:48:21","date_gmt":"2016-05-10T03:48:21","guid":{"rendered":"http:\/\/buh.brigade1.eu\/?page_id=2"},"modified":"2026-04-24T06:53:16","modified_gmt":"2026-04-24T06:53:16","slug":"start","status":"publish","type":"page","link":"https:\/\/buhmann.de\/","title":{"rendered":"Start\u00adseite"},"content":{"rendered":"<div class=\"wpb-content-wrapper\"><p>[vc_row heading_color=\u201clight\u201c bg_type=\u201ccolor\u201c header_feature=\u201cyes\u201c bg_color=\u201c#ef790c\u201c padding_top=\u201c20\u2033 padding_bottom=\u201c20\u2033 margin_bottom=\u201c0\u2033 font_color=\u201c#ffffff\u201c][vc_column font_color=\u201c#ffffff\u201c][vc_column_text css=\u201c\u201c el_class=\u201ctextlinkauforange\u201c]<\/p>\n<p style=\"text-align: center;\"><strong>Info\u00adabend am Samstag, 9. Mai, um 11 Uhr: Infor\u00admieren Sie sich \u00fcber Fach\u00adhoch\u00adschul\u00adreife, Ausbil\u00addungen und Studium!<\/strong><\/p>\n<p>[\/vc_column_text][\/vc_column][\/vc_row][vc_row heading_color=\u201cprimary-2\u2033 section_type=\u201cfullwidth\u201c bg_type=\u201ccolor\u201c column_gap=\u201c5\u2033 padding_bottom=\u201c0px\u201c padding_top=\u201c5px\u201c margin_bottom=\u201c0px\u201c bg_color=\u201c#dddddd\u201c][vc_column width=\u201c1\/2\u2033 css=\u201c.vc_custom_1571305954564{margin-top: 0px !important;margin-right: 0px !important;margin-bottom: 5px !important;margin-left: 0px !important;border-top-width: 1px !important;border-right-width: 1px !important;border-bottom-width: 1px !important;border-left-width: 1px !important;padding-top: 0px !important;padding-right: 0px !important;padding-bottom: 0px !important;padding-left: 0px !important;border-left-color: #ffffff !important;border-left-style: solid !important;border-right-color: #ffffff !important;border-right-style: solid !important;border-top-color: #ffffff !important;border-top-style: solid !important;border-bottom-color: #ffffff !important;border-bottom-style: solid !important;}\u201c font_color=\u201c#ffffff\u201c]<\/p><div id=\"ultimate-video-86569f1300cbfd92\" class=\"ult-video  vc_custom_1596461956118 ult-adjust-bottom-margin ultimate-video-86569f1300cbfd92 ultv-6079 \"><div class=\"ultv-video ultv-aspect-ratio-16_9 ultv-subscribe-responsive-none\" data-videotype=\"uv_iframe\">\n\t\t\t\t\t\t<div class=\"ultv-video__outer-wrap\" data-autoplay=\"0\" data-device=\"false\" data-defaulthoverbg=\"#727272\" data-iconbg=\"#3A3A3A\" data-overcolor data-defaultbg=\"#ee790f\" data-defaultplay=\"defaulticon\"><div class=\"ultv-video__play\" data-src=\"https:\/\/www.youtube-nocookie.com\/embed\/A_Bi4yfP_r0?rel=0&amp;start&amp;end&amp;controls=1&amp;mute=0&amp;modestbranding=0&amp;autoplay=1\">\n\t\t\t\t\t\t\t\t<img decoding=\"async\" alt=\"Vorschaubild des Videos zur Dr. Buhmann Schule f\u00fcr Ausbildung und Fachabitur\" class=\"ultv-video__thumb\" src=\"https:\/\/buhmann.de\/wp-content\/uploads\/2019\/10\/Schule-Preview-Thumb-YouTube-1920.jpg\">\n\t\t\t\t\t\t\t\t<div class=\"ultv-video__play-icon  ultv-animation-wobble-vertical\" style=\"width:100px\"><svg height=\"100%\" version=\"1.1\" viewBox=\"0 0 68 48\" width=\"100%\"><path class=\"ultv-youtube-icon-bg\" d=\"m .66,37.62 c 0,0 .66,4.70 2.70,6.77 2.58,2.71 5.98,2.63 7.49,2.91 5.43,.52 23.10,.68 23.12,.68 .00,-1.3e-5 14.29,-0.02 23.81,-0.71 1.32,-0.15 4.22,-0.17 6.81,-2.89 2.03,-2.07 2.70,-6.77 2.70,-6.77 0,0 .67,-5.52 .67,-11.04 l 0,-5.17 c 0,-5.52 -0.67,-11.04 -0.67,-11.04 0,0 -0.66,-4.70 -2.70,-6.77 C 62.03,.86 59.13,.84 57.80,.69 48.28,0 34.00,0 34.00,0 33.97,0 19.69,0 10.18,.69 8.85,.84 5.95,.86 3.36,3.58 1.32,5.65 .66,10.35 .66,10.35 c 0,0 -0.55,4.50 -0.66,9.45 l 0,8.36 c .10,4.94 .66,9.45 .66,9.45 z\" fill=\"#1f1f1e\" \/><path d=\"m 26.96,13.67 18.37,9.62 -18.37,9.55 -0.00,-19.17 z\" fill=\"#fff\" \/><path d=\"M 45.02,23.46 45.32,23.28 26.96,13.67 43.32,22.34 45.02,23.46 z\" fill=\"#ccc\" \/><\/svg><\/div> <\/div> <\/div><\/div><\/div>[\/vc_column][vc_column width=\u201c1\/2\u2033 css=\u201c.vc_custom_1571305971264{margin-top: 0px !important;margin-right: 0px !important;margin-bottom: 5px !important;margin-left: 0px !important;border-top-width: 1px !important;border-right-width: 1px !important;border-bottom-width: 1px !important;border-left-width: 1px !important;padding-top: 0px !important;padding-right: 0px !important;padding-bottom: 0px !important;padding-left: 0px !important;border-left-color: #ffffff !important;border-left-style: solid !important;border-right-color: #ffffff !important;border-right-style: solid !important;border-top-color: #ffffff !important;border-top-style: solid !important;border-bottom-color: #ffffff !important;border-bottom-style: solid !important;}\u201c font_color=\u201c#ffffff\u201c]<div id=\"ultimate-video-267169f1300cbffe3\" class=\"ult-video  vc_custom_1596461963419 ult-adjust-bottom-margin ultimate-video-267169f1300cbffe3 ultv-9817 \"><div class=\"ultv-video ultv-aspect-ratio-16_9 ultv-subscribe-responsive-none\" data-videotype=\"uv_iframe\">\n\t\t\t\t\t\t<div class=\"ultv-video__outer-wrap\" data-autoplay=\"0\" data-device=\"false\" data-defaulthoverbg=\"#727272\" data-iconbg=\"#3A3A3A\" data-overcolor data-defaultbg=\"#ee790f\" data-defaultplay=\"defaulticon\"><div class=\"ultv-video__play\" data-src=\"https:\/\/www.youtube-nocookie.com\/embed\/QiKEINYB6Yk?rel=0&amp;start&amp;end&amp;controls=1&amp;mute=0&amp;modestbranding=0&amp;autoplay=1\">\n\t\t\t\t\t\t\t\t<img decoding=\"async\" alt=\"Vorschaubild des Videos zur Dr. Buhmann Akademie f\u00fcr Ausbildung und Studium international\" class=\"ultv-video__thumb\" src=\"https:\/\/buhmann.de\/wp-content\/uploads\/2019\/10\/Akademie-Preview-Thumb-YouTube-1920.jpg\">\n\t\t\t\t\t\t\t\t<div class=\"ultv-video__play-icon  ultv-animation-wobble-vertical\" style=\"width:100px\"><svg height=\"100%\" version=\"1.1\" viewBox=\"0 0 68 48\" width=\"100%\"><path class=\"ultv-youtube-icon-bg\" d=\"m .66,37.62 c 0,0 .66,4.70 2.70,6.77 2.58,2.71 5.98,2.63 7.49,2.91 5.43,.52 23.10,.68 23.12,.68 .00,-1.3e-5 14.29,-0.02 23.81,-0.71 1.32,-0.15 4.22,-0.17 6.81,-2.89 2.03,-2.07 2.70,-6.77 2.70,-6.77 0,0 .67,-5.52 .67,-11.04 l 0,-5.17 c 0,-5.52 -0.67,-11.04 -0.67,-11.04 0,0 -0.66,-4.70 -2.70,-6.77 C 62.03,.86 59.13,.84 57.80,.69 48.28,0 34.00,0 34.00,0 33.97,0 19.69,0 10.18,.69 8.85,.84 5.95,.86 3.36,3.58 1.32,5.65 .66,10.35 .66,10.35 c 0,0 -0.55,4.50 -0.66,9.45 l 0,8.36 c .10,4.94 .66,9.45 .66,9.45 z\" fill=\"#1f1f1e\" \/><path d=\"m 26.96,13.67 18.37,9.62 -18.37,9.55 -0.00,-19.17 z\" fill=\"#fff\" \/><path d=\"M 45.02,23.46 45.32,23.28 26.96,13.67 43.32,22.34 45.02,23.46 z\" fill=\"#ccc\" \/><\/svg><\/div> <\/div> <\/div><\/div><\/div>[\/vc_column][\/vc_row][vc_row][vc_column][vc_empty_space][\/vc_column][\/vc_row][vc_row heading_color=\u201cprimary-1\u2033 equal_column_height=\u201cequal-column\u201c padding_bottom=\u201c0px\u201c margin_bottom=\u201c0px\u201c padding_top=\u201c0px\u201c][vc_column width=\u201c1\/2\u2033 tablet_width=\u201c1-2\u2033 tablet_sm_width=\u201c1\u2033 mobile_width=\u201c1\u2033 heading_color=\u201cprimary-1\u2033 css=\u201c.vc_custom_1569079293075{margin-bottom: 0px !important;padding-bottom: 0px !important;}\u201c]<h2 class=\"grve-element grve-title grve-align-left grve-h1\" style><span>Beste Bildung seit&nbsp;1907<span class=\"grve-title-line grve-bg-primary-1\" style=\"width: 100px;height: 6px;\"><\/span><\/span><\/h2><h1 class=\"grve-element grve-title grve-align-left grve-h3\" style><span>Ausbil\u00addung, Weiter\u00adbil\u00addung und Studium in Hannover<\/span><\/h1>[vc_column_text]Auf dem Funda\u00adment einer langen Tradi\u00adtion ist die Dr. Buhmann Schule &amp; Akademie ein <strong>wich\u00adtiger Bildungs\u00adpartner in der Region Hannover.<\/strong> Mit modernen und praxis\u00adnahen Lehr\u00adme\u00adthoden f\u00fchrt sie erfolg\u00adreich Sch\u00fcler mit Real\u00adschul\u00adab\u00adschluss oder Fach\u00adhoch\u00adschul\u00adreife und Abitur\u00adienten zu <strong>staat\u00adlich aner\u00adkannten Ausbil\u00addungs- und Studi\u00aden\u00adab\u00adschl\u00fcssen<\/strong> und bietet Berufs\u00adt\u00e4\u00adtigen <strong>viel\u00adf\u00e4l\u00adtige Weiter\u00adbil\u00addungs\u00adm\u00f6g\u00adlich\u00adkeiten<\/strong> zur aktiven Gestal\u00adtung ihrer beruf\u00adli\u00adchen Zukunft.[\/vc_column_text][vc_empty_space][\/vc_column][vc_column vertical_content_position=\u201cbottom\u201c width=\u201c1\/2\u2033 tablet_width=\u201c1-2\u2033 tablet_sm_width=\u201c1\u2033 css=\u201c.vc_custom_1569079298493{margin-bottom: 0px !important;padding-bottom: 0px !important;background-position: center !important;background-repeat: no-repeat !important;background-size: contain !important;}\u201c][vc_row_inner css=\u201c.vc_custom_1569078777959{margin-top: 0px !important;margin-bottom: 0px !important;padding-top: 0px !important;padding-bottom: 0px !important;}\u201c][vc_column_inner tablet_sm_width=\u201chide\u201c mobile_width=\u201chide\u201c css=\u201c.vc_custom_1569078796131{margin-top: 0px !important;margin-bottom: 0px !important;padding-top: 0px !important;padding-bottom: 0px !important;}\u201c]<div class=\"grve-element grve-image grve-align-center\" style=\"margin-bottom: 0px;\"><img loading=\"lazy\" decoding=\"async\" width=\"1120\" height=\"1257\" src=\"https:\/\/buhmann.de\/wp-content\/uploads\/2019\/09\/Dr-Buhmann-Eule-positiv-k.png\" class=\"attachment-full size-full\" alt=\"Abbildung der Dr.-Buhmann-Eule mit hellgrauen Dreiecken im Hintergrund\" srcset=\"https:\/\/buhmann.de\/wp-content\/uploads\/2019\/09\/Dr-Buhmann-Eule-positiv-k.png 1120w, https:\/\/buhmann.de\/wp-content\/uploads\/2019\/09\/Dr-Buhmann-Eule-positiv-k-356x400.png 356w, https:\/\/buhmann.de\/wp-content\/uploads\/2019\/09\/Dr-Buhmann-Eule-positiv-k-768x862.png 768w, https:\/\/buhmann.de\/wp-content\/uploads\/2019\/09\/Dr-Buhmann-Eule-positiv-k-912x1024.png 912w, https:\/\/buhmann.de\/wp-content\/uploads\/2019\/09\/Dr-Buhmann-Eule-positiv-k-267x300.png 267w\" sizes=\"auto, (max-width: 1120px) 100vw, 1120px\"><\/div>[\/vc_column_inner][\/vc_row_inner][vc_row_inner css=\u201c.vc_custom_1569078777959{margin-top: 0px !important;margin-bottom: 0px !important;padding-top: 0px !important;padding-bottom: 0px !important;}\u201c][vc_column_inner desktop_hide=\u201chide\u201c tablet_width=\u201chide\u201c tablet_sm_width=\u201c1\u2033 css=\u201c.vc_custom_1569078816277{margin-top: 0px !important;margin-bottom: 0px !important;padding-top: 0px !important;padding-bottom: 0px !important;}\u201c]<div class=\"grve-element grve-image grve-align-center\" style=\"margin-bottom: 0px;\"><img loading=\"lazy\" decoding=\"async\" width=\"400\" height=\"373\" src=\"https:\/\/buhmann.de\/wp-content\/uploads\/2019\/09\/Dr-Buhmann-Eule-positiv-400x373.png\" class=\"attachment-medium size-medium\" alt=\"Abbildung der Dr.-Buhmann-Eule in orange\" srcset=\"https:\/\/buhmann.de\/wp-content\/uploads\/2019\/09\/Dr-Buhmann-Eule-positiv-400x373.png 400w, https:\/\/buhmann.de\/wp-content\/uploads\/2019\/09\/Dr-Buhmann-Eule-positiv-768x716.png 768w, https:\/\/buhmann.de\/wp-content\/uploads\/2019\/09\/Dr-Buhmann-Eule-positiv-1024x955.png 1024w, https:\/\/buhmann.de\/wp-content\/uploads\/2019\/09\/Dr-Buhmann-Eule-positiv.png 1120w, https:\/\/buhmann.de\/wp-content\/uploads\/2019\/09\/Dr-Buhmann-Eule-positiv-300x280.png 300w\" sizes=\"auto, (max-width: 400px) 100vw, 400px\"><\/div>[\/vc_column_inner][\/vc_row_inner][\/vc_column][\/vc_row][vc_row heading_color=\u201cdark\u201c bg_type=\u201ccolor\u201c bg_color=\u201c#f9f9f9\u2033 padding_top=\u201c40\u2033 padding_bottom=\u201c40\u2033 margin_bottom=\u201c0\u2033][vc_column css=\u201c.vc_custom_1569083715336{margin-right: 0px !important;margin-left: 0px !important;padding-right: 0px !important;padding-left: 0px !important;}\u201c]<div class=\"templatera_shortcode\"><div class=\"grve-section grve-fullwidth-background grve-bg-none grve-headings-dark grve-column-has-gap grve-column-gap-15\" style=\"background-color:#f9f9f9;padding-top: 40px;padding-bottom: 40px;margin-bottom: 0px;\">  <div class=\"grve-container\">    <div class=\"grve-row grve-bookmark\"><div class=\"wpb_column grve-column grve-column-1 grve-headings-primary-1\">  <div class=\"grve-column-wrapper\"><h2 class=\"grve-element grve-title grve-align-left grve-h1\" style><span style=\"font-size: 120%; line-height: 1.120em;\">Zukunft gestalten<\/span><\/h2><div class=\"grve-element grve-hr \" style=\"padding-bottom: 20px;\"><span class=\"grve-title-line grve-bg-primary-1\" style=\"width: 100px;height: 6px;\"><\/span><\/div><h3 class=\"grve-element grve-title grve-align-left grve-h2\" style><span>Lernen Sie die umfang\u00adrei\u00adchen Ausbil\u00addungs-, Studien- und Weiter\u00adbil\u00addungs\u00adan\u00adge\u00adbote der Dr. Buhmann Schule &amp; Akademie in Hannover kennen<\/span><\/h3><div class=\"grve-element grve-align-left\"><a href=\"https:\/\/buhmann.de\/ausbildung-studium\" title=\"Ausbildung &amp; Studium\" class=\"grve-btn grve-btn-medium grve-round grve-bg-primary-1 grve-bg-hover-primary-3\"><span>Mehr erfahren<\/span><\/a><\/div>  <\/div><\/div><div class=\"wpb_column grve-column grve-column-1 grve-mobile-column-hide\">  <div class=\"grve-column-wrapper\"><div class=\"vc_empty_space\" style=\"height: 80px\"><span class=\"vc_empty_space_inner\"><\/span><\/div>  <\/div><\/div><div class=\"wpb_column grve-column grve-column-1-4 grve-tablet-column-1-2 grve-tablet-sm-column-1-2\">  <div class=\"grve-column-wrapper\"><div class=\"grve-element grve-image grve-align-center\" style=\"margin-bottom: 10px;\"><img loading=\"lazy\" decoding=\"async\" width=\"2560\" height=\"800\" src=\"https:\/\/buhmann.de\/wp-content\/uploads\/2021\/03\/BU_Website-Header_Ausbildung_und_Fachhochschulreife_allgemein.png\" class=\"grve-full-image attachment-full size-full\" alt srcset=\"https:\/\/buhmann.de\/wp-content\/uploads\/2021\/03\/BU_Website-Header_Ausbildung_und_Fachhochschulreife_allgemein.png 2560w, https:\/\/buhmann.de\/wp-content\/uploads\/2021\/03\/BU_Website-Header_Ausbildung_und_Fachhochschulreife_allgemein-400x125.png 400w, https:\/\/buhmann.de\/wp-content\/uploads\/2021\/03\/BU_Website-Header_Ausbildung_und_Fachhochschulreife_allgemein-768x240.png 768w, https:\/\/buhmann.de\/wp-content\/uploads\/2021\/03\/BU_Website-Header_Ausbildung_und_Fachhochschulreife_allgemein-1024x320.png 1024w, https:\/\/buhmann.de\/wp-content\/uploads\/2021\/03\/BU_Website-Header_Ausbildung_und_Fachhochschulreife_allgemein-1920x600.png 1920w\" sizes=\"auto, (max-width: 2560px) 100vw, 2560px\"><\/div><div class=\"grve-element grve-text\"><h5><a href=\"\/ausbildung-studium\/ausbildung-fachhochschulreife\">Ausbil\u00addung und Fachhochschulreife<\/a><\/h5>\n<\/div><div class=\"grve-element grve-box-icon grve-align-left grve-extra-small ausbildungsuebersicht\" style=\"margin-bottom: 0px;\"><a href=\"https:\/\/buhmann.de\/ausbildung-studium\/ausbildung-fachhochschulreife\/gestaltungstechnischer-assistent\" target=\"_self\" class>  <div class=\"grve-wrapper-icon grve-no-shape grve-text-grey\"><i class=\"fa fa-minus grve-text-primary-1\"><\/i><\/div>  <div class=\"grve-box-content\">      <h3 class=\"grve-box-title grve-small-text\">Gestal\u00adtungs\u00adtech\u00adnische\/-r Assis\u00adtent\/-in<\/h3>  <\/div><\/a><\/div><div class=\"grve-element grve-box-icon grve-align-left grve-extra-small ausbildungsuebersicht\" style=\"margin-bottom: 0px;\"><a href=\"https:\/\/buhmann.de\/ausbildung-studium\/ausbildung-fachhochschulreife\/gestaltungstechnischer-assistent#1579681313571-f7b06e8d-a0e2\" target=\"_self\" class>  <div class=\"grve-wrapper-icon grve-no-shape grve-text-grey\"><i class=\"fa fa-minus grve-text-primary-1\"><\/i><\/div>  <div class=\"grve-box-content\">      <h3 class=\"grve-box-title grve-small-text\">Game Art<\/h3>  <\/div><\/a><\/div><div class=\"grve-element grve-box-icon grve-align-left grve-extra-small ausbildungsuebersicht\" style=\"margin-bottom: 0px;\"><a href=\"https:\/\/buhmann.de\/ausbildung-studium\/ausbildung-fachhochschulreife\/kaufmaennische-r-assistent-in-fremdsprachen-und-korrespondenz\" target=\"_self\" class>  <div class=\"grve-wrapper-icon grve-no-shape grve-text-grey\"><i class=\"fa fa-minus grve-text-primary-1\"><\/i><\/div>  <div class=\"grve-box-content\">      <h3 class=\"grve-box-title grve-small-text\">Kauf\u00adm\u00e4n\u00adni\u00adsche\/-r Assis\u00adtent\/-in Fremd\u00adspra\u00adchen und Korrespondenz<\/h3>  <\/div><\/a><\/div><div class=\"grve-element grve-box-icon grve-align-left grve-extra-small ausbildungsuebersicht\" style=\"margin-bottom: 0px;\"><a href=\"https:\/\/buhmann.de\/ausbildung-studium\/ausbildung-fachhochschulreife\/kaufmaennische-r-assitent-in-informationsverarbeitung\" target=\"_self\" class>  <div class=\"grve-wrapper-icon grve-no-shape grve-text-grey\"><i class=\"fa fa-minus grve-text-primary-1\"><\/i><\/div>  <div class=\"grve-box-content\">      <h3 class=\"grve-box-title grve-small-text\">Kauf\u00adm\u00e4n\u00adni\u00adsche\/-r Assis\u00adtent\/-in Informationsverarbeitung<\/h3>  <\/div><\/a><\/div><div class=\"grve-element grve-box-icon grve-align-left grve-extra-small ausbildungsuebersicht\" style=\"margin-bottom: 0px;\"><a href=\"https:\/\/buhmann.de\/ausbildung-studium\/ausbildung-fachhochschulreife\/einjaehrige-berufsfachschule-wirtschaft\" target=\"_self\" class>  <div class=\"grve-wrapper-icon grve-no-shape grve-text-grey\"><i class=\"fa fa-minus grve-text-primary-1\"><\/i><\/div>  <div class=\"grve-box-content\">      <h3 class=\"grve-box-title grve-small-text\">Einj\u00e4h\u00adrige Berufs\u00adfach\u00adschule Wirtschaft<\/h3>  <\/div><\/a><\/div><div class=\"grve-element grve-box-icon grve-align-left grve-extra-small ausbildungsuebersicht\" style=\"margin-bottom: 0px;\"><a href=\"https:\/\/buhmann.de\/ausbildung-studium\/ausbildung-bachelor-studium\/esport-leistungszentrum\" target=\"_self\" class>  <div class=\"grve-wrapper-icon grve-no-shape grve-text-grey\"><i class=\"fa fa-minus grve-text-primary-1\"><\/i><\/div>  <div class=\"grve-box-content\">      <h3 class=\"grve-box-title grve-small-text\">Kombi\u00adna\u00adtion: Ausbil\u00addung &amp; E-Sport<\/h3>  <\/div><\/a><\/div><div class=\"vc_empty_space\" style=\"height: 40px\"><span class=\"vc_empty_space_inner\"><\/span><\/div>  <\/div><\/div><div class=\"wpb_column grve-column grve-column-1-4 grve-tablet-column-1-2 grve-tablet-sm-column-1-2\">  <div class=\"grve-column-wrapper\"><div class=\"grve-element grve-image grve-align-center\" style=\"margin-bottom: 10px;\"><img loading=\"lazy\" decoding=\"async\" width=\"2560\" height=\"800\" src=\"https:\/\/buhmann.de\/wp-content\/uploads\/2021\/03\/Fachhochschulreife_Allgemein.png\" class=\"attachment-full size-full\" alt srcset=\"https:\/\/buhmann.de\/wp-content\/uploads\/2021\/03\/Fachhochschulreife_Allgemein.png 2560w, https:\/\/buhmann.de\/wp-content\/uploads\/2021\/03\/Fachhochschulreife_Allgemein-400x125.png 400w, https:\/\/buhmann.de\/wp-content\/uploads\/2021\/03\/Fachhochschulreife_Allgemein-768x240.png 768w, https:\/\/buhmann.de\/wp-content\/uploads\/2021\/03\/Fachhochschulreife_Allgemein-1024x320.png 1024w, https:\/\/buhmann.de\/wp-content\/uploads\/2021\/03\/Fachhochschulreife_Allgemein-1920x600.png 1920w\" sizes=\"auto, (max-width: 2560px) 100vw, 2560px\"><\/div><div class=\"grve-element grve-text\"><h5><a href=\"https:\/\/buhmann.de\/ausbildung-studium\/fachhochschulreife\">Fach\u00adhoch\u00adschul\u00adreife (Fach\u00adabitur)<\/a><\/h5>\n<\/div><div class=\"grve-element grve-box-icon grve-align-left grve-extra-small ausbildungsuebersicht\" style=\"margin-bottom: 0px;\"><a href=\"https:\/\/buhmann.de\/ausbildung-studium\/fachhochschulreife\/fachoberschule-gestaltung\" target=\"_self\" class>  <div class=\"grve-wrapper-icon grve-no-shape grve-text-grey\"><i class=\"fa fa-minus grve-text-primary-1\"><\/i><\/div>  <div class=\"grve-box-content\">      <h3 class=\"grve-box-title grve-small-text\">Fach\u00adober\u00adschule Gestaltung<\/h3>  <\/div><\/a><\/div><div class=\"grve-element grve-box-icon grve-align-left grve-extra-small ausbildungsuebersicht\" style=\"margin-bottom: 0px;\"><a href=\"https:\/\/buhmann.de\/ausbildung-studium\/fachhochschulreife\/fachoberschule-wirtschaft\" target=\"_self\" class>  <div class=\"grve-wrapper-icon grve-no-shape grve-text-grey\"><i class=\"fa fa-minus grve-text-primary-1\"><\/i><\/div>  <div class=\"grve-box-content\">      <h3 class=\"grve-box-title grve-small-text\">Fach\u00adober\u00adschule Wirtschaft<\/h3>  <\/div><\/a><\/div><div class=\"grve-element grve-box-icon grve-align-left grve-extra-small ausbildungsuebersicht\" style=\"margin-bottom: 0px;\"><a href=\"https:\/\/buhmann.de\/ausbildung-studium\/fachhochschulreife\/fachoberschule-verwaltung-rechtspflege\" target=\"_self\" class>  <div class=\"grve-wrapper-icon grve-no-shape grve-text-grey\"><i class=\"fa fa-minus grve-text-primary-1\"><\/i><\/div>  <div class=\"grve-box-content\">      <h3 class=\"grve-box-title grve-small-text\">Fach\u00adober\u00adschule Verwal\u00adtung &amp; Rechtspflege<\/h3>  <\/div><\/a><\/div><div class=\"grve-element grve-box-icon grve-align-left grve-extra-small ausbildungsuebersicht\" style=\"margin-bottom: 0px;\"><a href=\"https:\/\/buhmann.de\/ausbildung-studium\/fachhochschulreife\/fachoberschule-informatik\" target=\"_self\" class>  <div class=\"grve-wrapper-icon grve-no-shape grve-text-grey\"><i class=\"fa fa-minus grve-text-primary-1\"><\/i><\/div>  <div class=\"grve-box-content\">      <h3 class=\"grve-box-title grve-small-text\">Fach\u00adober\u00adschule Informatik<\/h3>  <\/div><\/a><\/div><div class=\"grve-element grve-box-icon grve-align-left grve-extra-small ausbildungsuebersicht\" style=\"margin-bottom: 0px;\"><a href=\"https:\/\/buhmann.de\/ausbildung-studium\/ausbildung-bachelor-studium\/esport-leistungszentrum\" target=\"_self\" class>  <div class=\"grve-wrapper-icon grve-no-shape grve-text-grey\"><i class=\"fa fa-minus grve-text-primary-1\"><\/i><\/div>  <div class=\"grve-box-content\">      <h3 class=\"grve-box-title grve-small-text\">Kombi\u00adna\u00adtion: Fach\u00adober\u00adschule &amp; E-Sport<\/h3>  <\/div><\/a><\/div><div class=\"vc_empty_space\" style=\"height: 40px\"><span class=\"vc_empty_space_inner\"><\/span><\/div>  <\/div><\/div><div class=\"wpb_column grve-column grve-column-1-4 grve-tablet-column-1-2 grve-tablet-sm-column-1-2\">  <div class=\"grve-column-wrapper\"><div class=\"grve-element grve-image grve-align-center\" style=\"margin-bottom: 10px;\"><img loading=\"lazy\" decoding=\"async\" width=\"2560\" height=\"800\" src=\"https:\/\/buhmann.de\/wp-content\/uploads\/2021\/03\/BU_Website-Header_Ausbildung-Studium-Bachelor-Abitur-Allgemein.png\" class=\"grve-full-image attachment-full size-full\" alt srcset=\"https:\/\/buhmann.de\/wp-content\/uploads\/2021\/03\/BU_Website-Header_Ausbildung-Studium-Bachelor-Abitur-Allgemein.png 2560w, https:\/\/buhmann.de\/wp-content\/uploads\/2021\/03\/BU_Website-Header_Ausbildung-Studium-Bachelor-Abitur-Allgemein-400x125.png 400w, https:\/\/buhmann.de\/wp-content\/uploads\/2021\/03\/BU_Website-Header_Ausbildung-Studium-Bachelor-Abitur-Allgemein-768x240.png 768w, https:\/\/buhmann.de\/wp-content\/uploads\/2021\/03\/BU_Website-Header_Ausbildung-Studium-Bachelor-Abitur-Allgemein-1024x320.png 1024w, https:\/\/buhmann.de\/wp-content\/uploads\/2021\/03\/BU_Website-Header_Ausbildung-Studium-Bachelor-Abitur-Allgemein-1920x600.png 1920w\" sizes=\"auto, (max-width: 2560px) 100vw, 2560px\"><\/div><div class=\"grve-element grve-text\"><h5><a href=\"https:\/\/buhmann.de\/ausbildung-studium\/ausbildung-bachelor-studium\">Betriebs\u00adwirt &amp; Bachelor-Studium<\/a><\/h5>\n<\/div><div class=\"grve-element grve-box-icon grve-align-left grve-extra-small ausbildungsuebersicht\" style=\"margin-bottom: 0px;\"><a href=\"https:\/\/buhmann.de\/ausbildung-studium\/ausbildung-bachelor-studium\/bachelor-design\" target=\"_self\" class>  <div class=\"grve-wrapper-icon grve-no-shape grve-text-grey\"><i class=\"fa fa-minus grve-text-primary-1\"><\/i><\/div>  <div class=\"grve-box-content\">      <h3 class=\"grve-box-title grve-small-text\">Medi\u00aden\u00adde\u00adsign &amp; Visual Arts<\/h3>  <\/div><\/a><\/div><div class=\"grve-element grve-box-icon grve-align-left grve-extra-small ausbildungsuebersicht\" style=\"margin-bottom: 0px;\"><a href=\"https:\/\/buhmann.de\/ausbildung-studium\/ausbildung-bachelor-studium\/bachelor-design#1576754006081-76fdcce1-9b7a\" target=\"_self\" class>  <div class=\"grve-wrapper-icon grve-no-shape grve-text-grey\"><i class=\"fa fa-minus grve-text-primary-1\"><\/i><\/div>  <div class=\"grve-box-content\">      <h3 class=\"grve-box-title grve-small-text\">Game Art<\/h3>  <\/div><\/a><\/div><div class=\"grve-element grve-box-icon grve-align-left grve-extra-small ausbildungsuebersicht\" style=\"margin-bottom: 0px;\"><a href=\"https:\/\/buhmann.de\/ausbildung-studium\/ausbildung-bachelor-studium\/internationales-management\" target=\"_self\" class>  <div class=\"grve-wrapper-icon grve-no-shape grve-text-grey\"><i class=\"fa fa-minus grve-text-primary-1\"><\/i><\/div>  <div class=\"grve-box-content\">      <h3 class=\"grve-box-title grve-small-text\">Inter\u00adna\u00adtio\u00adnales Management<\/h3>  <\/div><\/a><\/div><div class=\"grve-element grve-box-icon grve-align-left grve-extra-small ausbildungsuebersicht\" style=\"margin-bottom: 0px;\"><a href=\"https:\/\/buhmann.de\/ausbildung-studium\/ausbildung-bachelor-studium\/internationales-marketing\" target=\"_self\" class>  <div class=\"grve-wrapper-icon grve-no-shape grve-text-grey\"><i class=\"fa fa-minus grve-text-primary-1\"><\/i><\/div>  <div class=\"grve-box-content\">      <h3 class=\"grve-box-title grve-small-text\">Inter\u00adna\u00adtio\u00adnales Marketing<\/h3>  <\/div><\/a><\/div><div class=\"grve-element grve-box-icon grve-align-left grve-extra-small ausbildungsuebersicht\" style=\"margin-bottom: 0px;\"><a href=\"https:\/\/buhmann.de\/ausbildung-studium\/ausbildung-bachelor-studium\/internationaler-tourismus\" target=\"_self\" class>  <div class=\"grve-wrapper-icon grve-no-shape grve-text-grey\"><i class=\"fa fa-minus grve-text-primary-1\"><\/i><\/div>  <div class=\"grve-box-content\">      <h3 class=\"grve-box-title grve-small-text\">Inter\u00adna\u00adtio\u00adnaler Tourismus<\/h3>  <\/div><\/a><\/div><div class=\"grve-element grve-box-icon grve-align-left grve-extra-small ausbildungsuebersicht\" style=\"margin-bottom: 0px;\"><a href=\"https:\/\/buhmann.de\/ausbildung-studium\/ausbildung-bachelor-studium\/event-und-medienmanagement\" target=\"_self\" class>  <div class=\"grve-wrapper-icon grve-no-shape grve-text-grey\"><i class=\"fa fa-minus grve-text-primary-1\"><\/i><\/div>  <div class=\"grve-box-content\">      <h3 class=\"grve-box-title grve-small-text\">Event- &amp; Medienmanagement<\/h3>  <\/div><\/a><\/div><div class=\"grve-element grve-box-icon grve-align-left grve-extra-small ausbildungsuebersicht\" style=\"margin-bottom: 0px;\"><a href=\"https:\/\/buhmann.de\/ausbildung-studium\/ausbildung-bachelor-studium\/sport-und-gesundheitsmanagement\" target=\"_self\" class>  <div class=\"grve-wrapper-icon grve-no-shape grve-text-grey\"><i class=\"fa fa-minus grve-text-primary-1\"><\/i><\/div>  <div class=\"grve-box-content\">      <h3 class=\"grve-box-title grve-small-text\">Sport- &amp; Gesundheitsmanagement<\/h3>  <\/div><\/a><\/div><div class=\"grve-element grve-box-icon grve-align-left grve-extra-small ausbildungsuebersicht\" style=\"margin-bottom: 0px;\"><a href=\"https:\/\/buhmann.de\/ausbildung-studium\/ausbildung-bachelor-studium\/immobilien-und-gebaeudemanagement\" target=\"_self\" class>  <div class=\"grve-wrapper-icon grve-no-shape grve-text-grey\"><i class=\"fa fa-minus grve-text-primary-1\"><\/i><\/div>  <div class=\"grve-box-content\">      <h3 class=\"grve-box-title grve-small-text\">Immo\u00adbi\u00adlien- &amp; Geb\u00e4udemanagement<\/h3>  <\/div><\/a><\/div><div class=\"grve-element grve-box-icon grve-align-left grve-extra-small ausbildungsuebersicht\" style=\"margin-bottom: 0px;\"><a href=\"https:\/\/buhmann.de\/ausbildung-studium\/ausbildung-bachelor-studium\/int-management-int-students\" target=\"_self\" class>  <div class=\"grve-wrapper-icon grve-no-shape grve-text-grey\"><i class=\"fas fa-minus grve-text-primary-1\"><\/i><\/div>  <div class=\"grve-box-content\">      <h3 class=\"grve-box-title grve-small-text\">Int. Manage\u00adment (Int. Students)<\/h3>  <\/div><\/a><\/div><div class=\"grve-element grve-box-icon grve-align-left grve-extra-small ausbildungsuebersicht\" style=\"margin-bottom: 0px;\"><a href=\"https:\/\/buhmann.de\/ausbildung-studium\/ausbildung-bachelor-studium\/int-marketing-int-students\" target=\"_self\" class>  <div class=\"grve-wrapper-icon grve-no-shape grve-text-grey\"><i class=\"fas fa-minus grve-text-primary-1\"><\/i><\/div>  <div class=\"grve-box-content\">      <h3 class=\"grve-box-title grve-small-text\">Inter\u00adna\u00adtio\u00adnales Marke\u00adting (Int. Students)<\/h3>  <\/div><\/a><\/div><div class=\"grve-element grve-box-icon grve-align-left grve-extra-small ausbildungsuebersicht\" style=\"margin-bottom: 0px;\"><a href=\"https:\/\/buhmann.de\/ausbildung-studium\/ausbildung-bachelor-studium\/wirtschaftsinformatik\" target=\"_self\" class>  <div class=\"grve-wrapper-icon grve-no-shape grve-text-grey\"><i class=\"fas fa-minus grve-text-primary-1\"><\/i><\/div>  <div class=\"grve-box-content\">      <h3 class=\"grve-box-title grve-small-text\">Wirt\u00adschafts\u00adin\u00adfor\u00admatik<\/h3>  <\/div><\/a><\/div><div class=\"grve-element grve-box-icon grve-align-left grve-extra-small ausbildungsuebersicht\" style=\"margin-bottom: 0px;\"><a href=\"https:\/\/buhmann.de\/ausbildung-studium\/ausbildung-bachelor-studium\/esport-leistungszentrum\" target=\"_self\" class>  <div class=\"grve-wrapper-icon grve-no-shape grve-text-grey\"><i class=\"fa fa-minus grve-text-primary-1\"><\/i><\/div>  <div class=\"grve-box-content\">      <h3 class=\"grve-box-title grve-small-text\">Kombi\u00adna\u00adtion: Studium &amp; E-Sport<\/h3>  <\/div><\/a><\/div><div class=\"vc_empty_space\" style=\"height: 40px\"><span class=\"vc_empty_space_inner\"><\/span><\/div>  <\/div><\/div><div class=\"wpb_column grve-column grve-column-1-4 grve-tablet-column-1-2 grve-tablet-sm-column-1-2\">  <div class=\"grve-column-wrapper\"><div class=\"grve-element grve-image grve-align-center\" style=\"margin-bottom: 10px;\"><img loading=\"lazy\" decoding=\"async\" width=\"2560\" height=\"800\" src=\"https:\/\/buhmann.de\/wp-content\/uploads\/2021\/03\/BU_Website-Header_Berufliche_Weiterbildung_allgemein.png\" class=\"grve-full-image attachment-full size-full\" alt srcset=\"https:\/\/buhmann.de\/wp-content\/uploads\/2021\/03\/BU_Website-Header_Berufliche_Weiterbildung_allgemein.png 2560w, https:\/\/buhmann.de\/wp-content\/uploads\/2021\/03\/BU_Website-Header_Berufliche_Weiterbildung_allgemein-400x125.png 400w, https:\/\/buhmann.de\/wp-content\/uploads\/2021\/03\/BU_Website-Header_Berufliche_Weiterbildung_allgemein-768x240.png 768w, https:\/\/buhmann.de\/wp-content\/uploads\/2021\/03\/BU_Website-Header_Berufliche_Weiterbildung_allgemein-1024x320.png 1024w, https:\/\/buhmann.de\/wp-content\/uploads\/2021\/03\/BU_Website-Header_Berufliche_Weiterbildung_allgemein-1920x600.png 1920w\" sizes=\"auto, (max-width: 2560px) 100vw, 2560px\"><\/div><div class=\"grve-element grve-text\"><h5><a href=\"https:\/\/buhmann.de\/ausbildung-studium\/berufliche-weiterbildung\">Beruf\u00adliche Weiter\u00adbil\u00addung (berufs\u00adbe\u00adglei\u00adtend)<\/a><\/h5>\n<\/div><div class=\"grve-element grve-box-icon grve-align-left grve-extra-small ausbildungsuebersicht\" style=\"margin-bottom: 0px;\"><a href=\"https:\/\/buhmann.de\/ausbildung-studium\/berufliche-weiterbildung\/fachoberschulen-klasse-12\" target=\"_self\" class>  <div class=\"grve-wrapper-icon grve-no-shape grve-text-grey\"><i class=\"fa fa-minus grve-text-primary-1\"><\/i><\/div>  <div class=\"grve-box-content\">      <h3 class=\"grve-box-title grve-small-text\">Fach\u00adober\u00adschulen, Klasse 12<\/h3>  <\/div><\/a><\/div><div class=\"grve-element grve-box-icon grve-align-left grve-extra-small ausbildungsuebersicht\" style=\"margin-bottom: 0px;\"><a href=\"https:\/\/buhmann.de\/ausbildung-studium\/berufliche-weiterbildung\/gepruefter-betriebswirt\" target=\"_self\" class>  <div class=\"grve-wrapper-icon grve-no-shape grve-text-grey\"><i class=\"fa fa-minus grve-text-primary-1\"><\/i><\/div>  <div class=\"grve-box-content\">      <h3 class=\"grve-box-title grve-small-text\">Betriebs\u00adwirt\/-in (IHK)<\/h3>  <\/div><\/a><\/div><div class=\"grve-element grve-box-icon grve-align-left grve-extra-small ausbildungsuebersicht\" style=\"margin-bottom: 0px;\"><a href=\"https:\/\/buhmann.de\/ausbildung-studium\/berufliche-weiterbildung\/wirtschaftswirt\" target=\"_self\" class>  <div class=\"grve-wrapper-icon grve-no-shape grve-text-grey\"><i class=\"fa fa-minus grve-text-primary-1\"><\/i><\/div>  <div class=\"grve-box-content\">      <h3 class=\"grve-box-title grve-small-text\">Wirt\u00adschafts\u00adfach\u00adwirt\/-in (IHK)<\/h3>  <\/div><\/a><\/div><div class=\"grve-element grve-box-icon grve-align-left grve-extra-small ausbildungsuebersicht\" style=\"margin-bottom: 0px;\"><a href=\"https:\/\/buhmann.de\/ausbildung-studium\/berufliche-weiterbildung\/gepr-technischer-betriebswirt-in-ihk\" target=\"_self\" class>  <div class=\"grve-wrapper-icon grve-no-shape grve-text-grey\"><i class=\"fa fa-minus grve-text-primary-1\"><\/i><\/div>  <div class=\"grve-box-content\">      <h3 class=\"grve-box-title grve-small-text\">Gepr. Tech\u00adni\u00adsche\/-r Betriebs\u00adwirt\/-in (IHK)<\/h3>  <\/div><\/a><\/div><div class=\"grve-element grve-box-icon grve-align-left grve-extra-small ausbildungsuebersicht\" style=\"margin-bottom: 0px;\"><a href=\"https:\/\/buhmann.de\/ausbildung-studium\/berufliche-weiterbildung\/fachwirt-in-einzelhandel-ihk\" target=\"_self\" class>  <div class=\"grve-wrapper-icon grve-no-shape grve-text-grey\"><i class=\"fa fa-minus grve-text-primary-1\"><\/i><\/div>  <div class=\"grve-box-content\">      <h3 class=\"grve-box-title grve-small-text\">Fach\u00adwirt\/-in Einzel\u00adhandel (IHK)<\/h3>  <\/div><\/a><\/div><div class=\"grve-element grve-box-icon grve-align-left grve-extra-small ausbildungsuebersicht\" style=\"margin-bottom: 0px;\"><a href=\"https:\/\/buhmann.de\/ausbildung-studium\/berufliche-weiterbildung\/ausbildereignungspruefung\" target=\"_self\" class>  <div class=\"grve-wrapper-icon grve-no-shape grve-text-grey\"><i class=\"fas fa-minus grve-text-primary-1\"><\/i><\/div>  <div class=\"grve-box-content\">      <h3 class=\"grve-box-title grve-small-text\">Ausbilder\u00adeignungs\u00adpr\u00fcfung (AEVO)<\/h3>  <\/div><\/a><\/div><div class=\"grve-element grve-box-icon grve-align-left grve-extra-small ausbildungsuebersicht\" style=\"margin-bottom: 0px;\"><a href=\"https:\/\/buhmann.de\/ausbildung-studium\/berufliche-weiterbildung\/goal-academy\" target=\"_self\" class>  <div class=\"grve-wrapper-icon grve-no-shape grve-text-grey\"><i class=\"fa fa-minus grve-text-primary-1\"><\/i><\/div>  <div class=\"grve-box-content\">      <h3 class=\"grve-box-title grve-small-text\">Goal Academy - Das Sport\u00adin\u00adstitut Hannover<\/h3>  <\/div><\/a><\/div><div class=\"vc_empty_space\" style=\"height: 40px\"><span class=\"vc_empty_space_inner\"><\/span><\/div>  <\/div><\/div><\/div>  <\/div>  <div class=\"grve-background-wrapper\"><\/div><\/div><div class=\"grve-section grve-fullwidth-background grve-bg-none grve-headings-dark grve-column-has-gap grve-column-gap-15\" style=\"background-color:#f9f9f9;padding-top: 40px;padding-bottom: 40px;margin-bottom: 0px;\">  <div class=\"grve-container\">    <div class=\"grve-row grve-bookmark\"><div class=\"wpb_column grve-column grve-column-1-4 grve-headings-primary-1\">  <div class=\"grve-column-wrapper\"><div class=\"grve-element grve-image partnerlogo grve-align-center\" style><a href=\"https:\/\/hannover-mitte.pfh.de\" target=\"_blank\" class=\" \"><img loading=\"lazy\" decoding=\"async\" width=\"800\" height=\"600\" src=\"https:\/\/buhmann.de\/wp-content\/uploads\/2019\/09\/PFH-Fernstudiudienzentrum-Hannover-Mitte.png\" class=\"grve-full-image attachment-full size-full\" alt=\"Logo des PFH-Fernstudienzentrums Hannover-Mitte der PFH Private Hochschule G\u00f6ttingen\" srcset=\"https:\/\/buhmann.de\/wp-content\/uploads\/2019\/09\/PFH-Fernstudiudienzentrum-Hannover-Mitte.png 800w, https:\/\/buhmann.de\/wp-content\/uploads\/2019\/09\/PFH-Fernstudiudienzentrum-Hannover-Mitte-400x300.png 400w, https:\/\/buhmann.de\/wp-content\/uploads\/2019\/09\/PFH-Fernstudiudienzentrum-Hannover-Mitte-768x576.png 768w\" sizes=\"auto, (max-width: 800px) 100vw, 800px\"><\/a><\/div>  <\/div><\/div><div class=\"wpb_column grve-column grve-column-3-4\">  <div class=\"grve-column-wrapper\"><div class=\"grve-element grve-text grve-leader-text\"><p>Wir sind Koope\u00adra\u00adti\u00adons\u00adpartner der <a href=\"https:\/\/www.pfh.de\/\" target=\"_blank\" rel=\"noopener noreferrer\">PFH Private Hoch\u00adschule G\u00f6ttingen<\/a> und behei\u00admaten das <a href=\"https:\/\/hannover-mitte.pfh.de\/\" target=\"_blank\" rel=\"noopener noreferrer\">PFH-Fern\u00adstu\u00addi\u00aden\u00adzen\u00adtrum Hannover-Mitte<\/a>.<\/p>\n<\/div><div class=\"grve-element grve-align-left\"><a href=\"https:\/\/hannover-mitte.pfh.de\" title=\"PFH-Fernstudiuenzentrum Hannover-Mitte\" target=\"_blank\" class=\"grve-btn grve-btn-extrasmall grve-round grve-bg-primary-1 grve-bg-hover-primary-3\"><span>Mehr erfahren<\/span><\/a><\/div>  <\/div><\/div><\/div>  <\/div>  <div class=\"grve-background-wrapper\"><\/div><\/div><div class=\"grve-section grve-fullwidth-background grve-bg-none grve-headings-dark grve-column-has-gap grve-column-gap-15\" style=\"background-color:#f9f9f9;padding-top: 40px;padding-bottom: 40px;margin-bottom: 0px;\">  <div class=\"grve-container\">    <div class=\"grve-row grve-bookmark\"><div class=\"wpb_column grve-column grve-column-1 grve-headings-primary-1\">  <div class=\"grve-column-wrapper\"><h2 class=\"grve-element grve-title grve-align-left grve-h2\" style><span style=\"font-size: 120%; line-height: 1.120em;\">Online-Bewer\u00adbung<\/span><\/h2><div class=\"grve-element grve-hr \" style=\"padding-bottom: 20px;\"><span class=\"grve-title-line grve-bg-primary-1\" style=\"width: 100px;height: 6px;\"><\/span><\/div><h3 class=\"grve-element grve-title grve-align-left grve-h2\" style><span>Wir haben Ihr Inter\u00adesse geweckt und Sie wissen bereits, f\u00fcr welche Ausbil\u00addung oder welchen Studi\u00aden\u00adgang Sie sich bei uns bewerben wollen? Dann nutzen Sie gleich unser Online-Formular zur schnellen und unkom\u00adpli\u00adzierten Anmeldung.<\/span><\/h3><div class=\"grve-element grve-align-left\"><a href=\"https:\/\/buhmann.de\/anmeldung\" title=\"Jetzt bewerben\" class=\"grve-btn grve-btn-medium grve-round grve-bg-primary-1 grve-bg-hover-primary-3\"><span>Jetzt bewerben<\/span><\/a><\/div>  <\/div><\/div><\/div>  <\/div>  <div class=\"grve-background-wrapper\"><\/div><\/div><\/div>[\/vc_column][\/vc_row][vc_row heading_color=\u201cprimary-1\u2033 padding_top=\u201c52px\u201c padding_bottom=\u201c52px\u201c section_id=\u201cformular\u201c][vc_column width=\u201c1\/2\u2033 tablet_sm_width=\u201c1\u2033 heading_color=\u201cprimary-2\u2033][vc_column_text]\n<h2><span style=\"color: #ee790f;\">Gute Gr\u00fcnde<\/span> f\u00fcr die Dr. Buhmann Schule &amp; Akademie<\/h2>\n<p>[\/vc_column_text]<\/p><div class=\"grve-element grve-box-icon grve-align-left grve-extra-small\" style=\"margin-bottom: 10px;\">  <div class=\"grve-wrapper-icon grve-no-shape grve-text-grey\"><i class=\"fa fa-minus grve-text-primary-1\"><\/i><\/div>  <div class=\"grve-box-content\">      <h3 class=\"grve-box-title grve-h5\">Praxis\u00adori\u00aden\u00adtierte beruf\u00adliche Bildung f\u00fcr Real\u00adschul\u00adab\u00adsol\u00adventen, Abitur\u00adienten und Berufst\u00e4tige<\/h3>  <\/div><\/div><div class=\"grve-element grve-box-icon grve-align-left grve-extra-small\" style=\"margin-bottom: 10px;\">  <div class=\"grve-wrapper-icon grve-no-shape grve-text-grey\"><i class=\"fa fa-minus grve-text-primary-1\"><\/i><\/div>  <div class=\"grve-box-content\">      <h3 class=\"grve-box-title grve-h5\">Staat\u00adlich aner\u00adkannte Abschl\u00fcsse<\/h3>  <\/div><\/div><div class=\"grve-element grve-box-icon grve-align-left grve-extra-small\" style=\"margin-bottom: 10px;\">  <div class=\"grve-wrapper-icon grve-no-shape grve-text-grey\"><i class=\"fa fa-minus grve-text-primary-1\"><\/i><\/div>  <div class=\"grve-box-content\">      <h3 class=\"grve-box-title grve-h5\">Bachelor- und Master\u00adab\u00adschl\u00fcsse in Koope\u00adra\u00adtion mit inter\u00adna\u00adtio\u00adnalen Hochschulpartnern<\/h3>  <\/div><\/div><div class=\"grve-element grve-box-icon grve-align-left grve-extra-small\" style=\"margin-bottom: 10px;\">  <div class=\"grve-wrapper-icon grve-no-shape grve-text-grey\"><i class=\"fa fa-minus grve-text-primary-1\"><\/i><\/div>  <div class=\"grve-box-content\">      <h3 class=\"grve-box-title grve-h5\">Erfah\u00adrene Lehr\u00adkr\u00e4fte und Dozenten aus der Praxis<\/h3>  <\/div><\/div><div class=\"grve-element grve-box-icon grve-align-left grve-extra-small\" style=\"margin-bottom: 10px;\">  <div class=\"grve-wrapper-icon grve-no-shape grve-text-grey\"><i class=\"fa fa-minus grve-text-primary-1\"><\/i><\/div>  <div class=\"grve-box-content\">      <h3 class=\"grve-box-title grve-h5\">Hoher Bekannt\u00adheits\u00adgrad in der Wirt\u00adschaft durch erfolg\u00adreiche Absolventen<\/h3>  <\/div><\/div><div class=\"grve-element grve-box-icon grve-align-left grve-extra-small\" style=\"margin-bottom: 10px;\">  <div class=\"grve-wrapper-icon grve-no-shape grve-text-grey\"><i class=\"fa fa-minus grve-text-primary-1\"><\/i><\/div>  <div class=\"grve-box-content\">      <h3 class=\"grve-box-title grve-h5\">Moderne digi\u00adtale Lernumgebung<\/h3>  <\/div><\/div><div class=\"grve-element grve-box-icon grve-align-left grve-extra-small\" style=\"margin-bottom: 10px;\">  <div class=\"grve-wrapper-icon grve-no-shape grve-text-grey\"><i class=\"fa fa-minus grve-text-primary-1\"><\/i><\/div>  <div class=\"grve-box-content\">      <h3 class=\"grve-box-title grve-h5\">Natio\u00adnale und inter\u00adna\u00adtio\u00adnale Hochschulpartner<\/h3>  <\/div><\/div><div class=\"grve-element grve-box-icon grve-align-left grve-extra-small\" style=\"margin-bottom: 10px;\">  <div class=\"grve-wrapper-icon grve-no-shape grve-text-grey\"><i class=\"fa fa-minus grve-text-primary-1\"><\/i><\/div>  <div class=\"grve-box-content\">      <h3 class=\"grve-box-title grve-h5\">Seit \u00fcber 115 Jahren eine der f\u00fchrenden beruf\u00adli\u00adchen Bildungs\u00adein\u00adrich\u00adtungen in Hannover<\/h3>  <\/div><\/div><div class=\"grve-element grve-box-icon grve-align-left grve-extra-small\" style=\"margin-bottom: 10px;\">  <div class=\"grve-wrapper-icon grve-no-shape grve-text-grey\"><i class=\"fa fa-minus grve-text-primary-1\"><\/i><\/div>  <div class=\"grve-box-content\">      <h3 class=\"grve-box-title grve-h5\">Gemein\u00adn\u00fctzig, deshalb Stipen\u00addien- und F\u00f6rderprogramme<\/h3>  <\/div><\/div>[vc_empty_space height=\u201c40px\u201c]<div class=\"grve-element grve-align-left\"><a href=\"https:\/\/buhmann.de\/ueber-uns\" title=\"\u00dcber uns\" class=\"grve-btn grve-btn-medium grve-round grve-bg-primary-1 grve-bg-hover-primary-3\"><span>Mehr \u00fcber&nbsp;uns<\/span><\/a><\/div>[\/vc_column][vc_column width=\u201c1\/2\u2033 tablet_sm_width=\u201c1\u2033 mobile_width=\u201c1\u2033 css=\u201c.vc_custom_1569598610117{padding-top: 20px !important;padding-right: 20px !important;padding-bottom: 20px !important;padding-left: 20px !important;background-color: #f9f9f9 !important;background-position: center !important;background-repeat: no-repeat !important;background-size: contain !important;border-radius: 5px !important;}\u201c]<script type=\"text\/javascript\">\n\/* <![CDATA[ *\/\nvar gform;gform||(document.addEventListener(\"gform_main_scripts_loaded\",function(){gform.scriptsLoaded=!0}),document.addEventListener(\"gform\/theme\/scripts_loaded\",function(){gform.themeScriptsLoaded=!0}),window.addEventListener(\"DOMContentLoaded\",function(){gform.domLoaded=!0}),gform={domLoaded:!1,scriptsLoaded:!1,themeScriptsLoaded:!1,isFormEditor:()=>\"function\"==typeof InitializeEditor,callIfLoaded:function(o){return!(!gform.domLoaded||!gform.scriptsLoaded||!gform.themeScriptsLoaded&&!gform.isFormEditor()||(gform.isFormEditor()&&console.warn(\"The use of gform.initializeOnLoaded() is deprecated in the form editor context and will be removed in Gravity Forms 3.1.\"),o(),0))},initializeOnLoaded:function(o){gform.callIfLoaded(o)||(document.addEventListener(\"gform_main_scripts_loaded\",()=>{gform.scriptsLoaded=!0,gform.callIfLoaded(o)}),document.addEventListener(\"gform\/theme\/scripts_loaded\",()=>{gform.themeScriptsLoaded=!0,gform.callIfLoaded(o)}),window.addEventListener(\"DOMContentLoaded\",()=>{gform.domLoaded=!0,gform.callIfLoaded(o)}))},hooks:{action:{},filter:{}},addAction:function(o,r,e,t){gform.addHook(\"action\",o,r,e,t)},addFilter:function(o,r,e,t){gform.addHook(\"filter\",o,r,e,t)},doAction:function(o){gform.doHook(\"action\",o,arguments)},applyFilters:function(o){return gform.doHook(\"filter\",o,arguments)},removeAction:function(o,r){gform.removeHook(\"action\",o,r)},removeFilter:function(o,r,e){gform.removeHook(\"filter\",o,r,e)},addHook:function(o,r,e,t,n){null==gform.hooks[o][r]&&(gform.hooks[o][r]=[]);var d=gform.hooks[o][r];null==n&&(n=r+\"_\"+d.length),gform.hooks[o][r].push({tag:n,callable:e,priority:t=null==t?10:t})},doHook:function(r,o,e){var t;if(e=Array.prototype.slice.call(e,1),null!=gform.hooks[r][o]&&((o=gform.hooks[r][o]).sort(function(o,r){return o.priority-r.priority}),o.forEach(function(o){\"function\"!=typeof(t=o.callable)&&(t=window[t]),\"action\"==r?t.apply(null,e):e[0]=t.apply(null,e)})),\"filter\"==r)return e[0]},removeHook:function(o,r,t,n){var e;null!=gform.hooks[o][r]&&(e=(e=gform.hooks[o][r]).filter(function(o,r,e){return!!(null!=n&&n!=o.tag||null!=t&&t!=o.priority)}),gform.hooks[o][r]=e)}});\n\/* ]]> *\/\n<\/script>\n\n                <div class=\"gf_browser_unknown gform_wrapper gform_legacy_markup_wrapper gform-theme--no-framework\" data-form-theme=\"legacy\" data-form-index=\"0\" id=\"gform_wrapper_2\" style=\"display:none\"><div id=\"gf_2\" class=\"gform_anchor\" tabindex=\"-1\"><\/div>\n                        <div class=\"gform_heading\">\n                            <h3 class=\"gform_title\">Jetzt Infor\u00adma\u00adtionen anfordern<\/h3>\n                        <\/div><form method=\"post\" enctype=\"multipart\/form-data\" target=\"gform_ajax_frame_2\" id=\"gform_2\" action=\"\/wp-json\/wp\/v2\/pages\/2#gf_2\" data-formid=\"2\" novalidate>\n                        <div class=\"gform-body gform_body\"><ul id=\"gform_fields_2\" class=\"gform_fields top_label form_sublabel_below description_below validation_below\"><li id=\"field_2_25\" class=\"gfield gfield--type-honeypot gform_validation_container field_sublabel_below gfield--has-description field_description_below field_validation_below gfield_visibility_visible\"><label class=\"gfield_label gform-field-label\" for=\"input_2_25\">LinkedIn<\/label><div class=\"ginput_container\"><input name=\"input_25\" id=\"input_2_25\" type=\"text\" value autocomplete=\"new-password\"><\/div><div class=\"gfield_description\" id=\"gfield_description_2_25\">Dieses Feld dient zur Vali\u00addie\u00adrung und sollte nicht ver\u00e4n\u00addert werden.<\/div><\/li><li id=\"field_2_18\" class=\"gfield gfield--type-hidden gform_hidden field_sublabel_below gfield--no-description field_description_below field_validation_below gfield_visibility_visible\"><div class=\"ginput_container ginput_container_text\"><input name=\"input_18\" id=\"input_2_18\" type=\"hidden\" class=\"gform_hidden\" aria-invalid=\"false\" value=\"DU\"><\/div><\/li><li id=\"field_2_14\" class=\"gfield gfield--type-select gfield_contains_required field_sublabel_below gfield--no-description field_description_below hidden_label field_validation_below gfield_visibility_visible\"><label class=\"gfield_label gform-field-label\" for=\"input_2_14\">Geschlecht<span class=\"gfield_required\"><span class=\"gfield_required gfield_required_asterisk\">*<\/span><\/span><\/label><div class=\"ginput_container ginput_container_select\"><select name=\"input_14\" id=\"input_2_14\" class=\"medium gfield_select\" aria-required=\"true\" aria-invalid=\"false\"><option value selected=\"selected\" class=\"gf_placeholder\">Geschlecht *<\/option><option value=\"Herr\">m\u00e4nnlich<\/option><option value=\"Frau\">weiblich<\/option><option value=\"Divers\">divers<\/option><\/select><\/div><\/li><li id=\"field_2_2\" class=\"gfield gfield--type-text gfield_contains_required field_sublabel_below gfield--no-description field_description_below hidden_label field_validation_below gfield_visibility_visible\"><label class=\"gfield_label gform-field-label\" for=\"input_2_2\">Vorname<span class=\"gfield_required\"><span class=\"gfield_required gfield_required_asterisk\">*<\/span><\/span><\/label><div class=\"ginput_container ginput_container_text\"><input name=\"input_2\" id=\"input_2_2\" type=\"text\" value class=\"medium\" placeholder=\"Vorname *\" aria-required=\"true\" aria-invalid=\"false\"><\/div><\/li><li id=\"field_2_3\" class=\"gfield gfield--type-text gfield_contains_required field_sublabel_below gfield--no-description field_description_below hidden_label field_validation_below gfield_visibility_visible\"><label class=\"gfield_label gform-field-label\" for=\"input_2_3\">Nach\u00adname<span class=\"gfield_required\"><span class=\"gfield_required gfield_required_asterisk\">*<\/span><\/span><\/label><div class=\"ginput_container ginput_container_text\"><input name=\"input_3\" id=\"input_2_3\" type=\"text\" value class=\"medium\" placeholder=\"Nachname *\" aria-required=\"true\" aria-invalid=\"false\"><\/div><\/li><li id=\"field_2_4\" class=\"gfield gfield--type-text field_sublabel_below gfield--no-description field_description_below hidden_label field_validation_below gfield_visibility_visible\"><label class=\"gfield_label gform-field-label\" for=\"input_2_4\">Stra\u00dfe &amp; Hausnummer<\/label><div class=\"ginput_container ginput_container_text\"><input name=\"input_4\" id=\"input_2_4\" type=\"text\" value class=\"medium\" placeholder=\"Stra\u00dfe &amp; Hausnummer\" aria-invalid=\"false\"><\/div><\/li><li id=\"field_2_5\" class=\"gfield gfield--type-text field_sublabel_below gfield--no-description field_description_below hidden_label field_validation_below gfield_visibility_visible\"><label class=\"gfield_label gform-field-label\" for=\"input_2_5\">Post\u00adleit\u00adzahl<\/label><div class=\"ginput_container ginput_container_text\"><input name=\"input_5\" id=\"input_2_5\" type=\"text\" value class=\"medium\" placeholder=\"Postleitzahl\" aria-invalid=\"false\"><\/div><\/li><li id=\"field_2_6\" class=\"gfield gfield--type-text field_sublabel_below gfield--no-description field_description_below hidden_label field_validation_below gfield_visibility_visible\"><label class=\"gfield_label gform-field-label\" for=\"input_2_6\">Ort<\/label><div class=\"ginput_container ginput_container_text\"><input name=\"input_6\" id=\"input_2_6\" type=\"text\" value class=\"medium\" placeholder=\"Ort\" aria-invalid=\"false\"><\/div><\/li><li id=\"field_2_17\" class=\"gfield gfield--type-email gfield_contains_required field_sublabel_below gfield--no-description field_description_below hidden_label field_validation_below gfield_visibility_visible\"><label class=\"gfield_label gform-field-label\" for=\"input_2_17\">E-Mail-Adresse<span class=\"gfield_required\"><span class=\"gfield_required gfield_required_asterisk\">*<\/span><\/span><\/label><div class=\"ginput_container ginput_container_email\">\n                            <input name=\"input_17\" id=\"input_2_17\" type=\"email\" value class=\"medium\" placeholder=\"E-Mail-Adresse *\" aria-required=\"true\" aria-invalid=\"false\">\n                        <\/div><\/li><li id=\"field_2_8\" class=\"gfield gfield--type-text field_sublabel_below gfield--no-description field_description_below hidden_label field_validation_below gfield_visibility_visible\"><label class=\"gfield_label gform-field-label\" for=\"input_2_8\">Telefon<\/label><div class=\"ginput_container ginput_container_text\"><input name=\"input_8\" id=\"input_2_8\" type=\"text\" value class=\"medium\" placeholder=\"Telefon\" aria-invalid=\"false\"><\/div><\/li><li id=\"field_2_9\" class=\"gfield gfield--type-text field_sublabel_below gfield--no-description field_description_below hidden_label field_validation_below gfield_visibility_visible\"><label class=\"gfield_label gform-field-label\" for=\"input_2_9\">Bishe\u00adriger Schulabschluss<\/label><div class=\"ginput_container ginput_container_text\"><input name=\"input_9\" id=\"input_2_9\" type=\"text\" value class=\"medium\" placeholder=\"Bisheriger Schulabschluss\" aria-invalid=\"false\"><\/div><\/li><li id=\"field_2_16\" class=\"gfield gfield--type-select gfield_contains_required field_sublabel_below gfield--no-description field_description_below hidden_label field_validation_below gfield_visibility_visible\"><label class=\"gfield_label gform-field-label\" for=\"input_2_16\">Ausbil\u00addungs-\/ Studi\u00aden\u00adziel<span class=\"gfield_required\"><span class=\"gfield_required gfield_required_asterisk\">*<\/span><\/span><\/label><div class=\"ginput_container ginput_container_select\"><select name=\"input_16\" id=\"input_2_16\" class=\"medium gfield_select\" aria-required=\"true\" aria-invalid=\"false\"><option value selected=\"selected\" class=\"gf_placeholder\">Ausbildungs-\/ Studienziel *<\/option><option value=\"ga\">Gestaltungstechnische\/ -r Assistent\/ -in<\/option><option value=\"ga_game\">Gestaltungstechnische\/ -r Assistent\/ -in + Zertifikat Game Art<\/option><option value=\"kf\">Kaufm\u00e4nnische\/ -r Assistent\/ -in Fremdsprachen und Korrespondenz<\/option><option value=\"ki\">Kaufm\u00e4nnische\/ -r Assistent\/ -in Informationsverarbeitung<\/option><option value=\"ew\">Einj\u00e4hrige Berufsfachschule Wirtschaft<\/option><option value=\"gs\">Fachoberschule Gestaltung<\/option><option value=\"fo\">Fachoberschule Wirtschaft<\/option><option value=\"fv\">Fachoberschule Verwaltung &amp; Rechtspflege<\/option><option value=\"fi\">Fachoberschule Informatik<\/option><option value=\"gb\">Mediendesign &amp; Visual Arts<\/option><option value=\"gb_game\">Mediendesign &amp; Visual Arts + Zertifikat Game Art<\/option><option value=\"he_switch\">Internationales Management<\/option><option value=\"he_kd\">Int. Management for International Students<\/option><option value=\"hm_switch\">Internationales Marketing<\/option><option value=\"hm_kd\">Int. Marketing for International Students<\/option><option value=\"kt_switch\">Internationaler Tourismus<\/option><option value=\"kw\">Wirtschaftsinformatik<\/option><option value=\"kv_switch\">Event- und Medienmanagement<\/option><option value=\"ks_switch\">Sport- &amp; Gesundheitsmanagement<\/option><option value=\"kg_switch\">Immobilien- &amp; Geb\u00e4udemanagement<\/option><option value=\"ewa\">Business Year<\/option><option value=\"fo12\">Fachoberschule, Klasse 12<\/option><option value=\"mb\">Gepr\u00fcfte-\/r Betriebswirt\/-in (IHK)<\/option><option value=\"mw\">Wirtschaftsfachwirt\/-in (IHK)<\/option><option value=\"mpv\">Kaufm. Pr\u00fcfungsvorbereitungen f\u00fcr Auszubildende<\/option><option value=\"aevo\">Ausbildereignungspr\u00fcfung (AEVO)<\/option><\/select><\/div><\/li><li id=\"field_2_19\" class=\"gfield gfield--type-radio gfield--type-choice gfield--width-full gfield_contains_required field_sublabel_below gfield--no-description field_description_below field_validation_below gfield_visibility_visible\"><label class=\"gfield_label gform-field-label\">Beglei\u00adtend zu den Abschl\u00fcssen gepr\u00fcfter Betriebs\u00adwirt &amp; kauf\u00adm\u00e4n\u00adni\u00adscher Assis\u00adtent auch Bache\u00adlor\u00adstu\u00addium an der PFH absol\u00advieren.<span class=\"gfield_required\"><span class=\"gfield_required gfield_required_asterisk\">*<\/span><\/span><\/label><div class=\"ginput_container ginput_container_radio\"><ul class=\"gfield_radio\" id=\"input_2_19\">\n\t\t\t<li class=\"gchoice gchoice_2_19_0\">\n\t\t\t\t<input name=\"input_19\" type=\"radio\" value=\"he3in3\" id=\"choice_2_19_0\">\n\t\t\t\t<label for=\"choice_2_19_0\" id=\"label_2_19_0\" class=\"gform-field-label gform-field-label--type-inline\">Ja<\/label>\n\t\t\t<\/li>\n\t\t\t<li class=\"gchoice gchoice_2_19_1\">\n\t\t\t\t<input name=\"input_19\" type=\"radio\" value=\"he\" id=\"choice_2_19_1\">\n\t\t\t\t<label for=\"choice_2_19_1\" id=\"label_2_19_1\" class=\"gform-field-label gform-field-label--type-inline\">Nein<\/label>\n\t\t\t<\/li><\/ul><\/div><\/li><li id=\"field_2_20\" class=\"gfield gfield--type-radio gfield--type-choice gfield--width-full gfield_contains_required field_sublabel_below gfield--no-description field_description_below field_validation_below gfield_visibility_visible\"><label class=\"gfield_label gform-field-label\">Beglei\u00adtend zu den Abschl\u00fcssen gepr\u00fcfter Betriebs\u00adwirt &amp; kauf\u00adm\u00e4n\u00adni\u00adscher Assis\u00adtent auch Bache\u00adlor\u00adstu\u00addium an der PFH absol\u00advieren.<span class=\"gfield_required\"><span class=\"gfield_required gfield_required_asterisk\">*<\/span><\/span><\/label><div class=\"ginput_container ginput_container_radio\"><ul class=\"gfield_radio\" id=\"input_2_20\">\n\t\t\t<li class=\"gchoice gchoice_2_20_0\">\n\t\t\t\t<input name=\"input_20\" type=\"radio\" value=\"hm3in3\" id=\"choice_2_20_0\">\n\t\t\t\t<label for=\"choice_2_20_0\" id=\"label_2_20_0\" class=\"gform-field-label gform-field-label--type-inline\">Ja<\/label>\n\t\t\t<\/li>\n\t\t\t<li class=\"gchoice gchoice_2_20_1\">\n\t\t\t\t<input name=\"input_20\" type=\"radio\" value=\"hm\" id=\"choice_2_20_1\">\n\t\t\t\t<label for=\"choice_2_20_1\" id=\"label_2_20_1\" class=\"gform-field-label gform-field-label--type-inline\">Nein<\/label>\n\t\t\t<\/li><\/ul><\/div><\/li><li id=\"field_2_21\" class=\"gfield gfield--type-radio gfield--type-choice gfield--width-full gfield_contains_required field_sublabel_below gfield--no-description field_description_below field_validation_below gfield_visibility_visible\"><label class=\"gfield_label gform-field-label\">Beglei\u00adtend zu den Abschl\u00fcssen gepr\u00fcfter Betriebs\u00adwirt &amp; kauf\u00adm\u00e4n\u00adni\u00adscher Assis\u00adtent auch Bache\u00adlor\u00adstu\u00addium an der PFH absol\u00advieren.<span class=\"gfield_required\"><span class=\"gfield_required gfield_required_asterisk\">*<\/span><\/span><\/label><div class=\"ginput_container ginput_container_radio\"><ul class=\"gfield_radio\" id=\"input_2_21\">\n\t\t\t<li class=\"gchoice gchoice_2_21_0\">\n\t\t\t\t<input name=\"input_21\" type=\"radio\" value=\"kt3in3\" id=\"choice_2_21_0\">\n\t\t\t\t<label for=\"choice_2_21_0\" id=\"label_2_21_0\" class=\"gform-field-label gform-field-label--type-inline\">Ja<\/label>\n\t\t\t<\/li>\n\t\t\t<li class=\"gchoice gchoice_2_21_1\">\n\t\t\t\t<input name=\"input_21\" type=\"radio\" value=\"kt\" id=\"choice_2_21_1\">\n\t\t\t\t<label for=\"choice_2_21_1\" id=\"label_2_21_1\" class=\"gform-field-label gform-field-label--type-inline\">Nein<\/label>\n\t\t\t<\/li><\/ul><\/div><\/li><li id=\"field_2_22\" class=\"gfield gfield--type-radio gfield--type-choice gfield--width-full gfield_contains_required field_sublabel_below gfield--no-description field_description_below field_validation_below gfield_visibility_visible\"><label class=\"gfield_label gform-field-label\">Beglei\u00adtend zu den Abschl\u00fcssen gepr\u00fcfter Betriebs\u00adwirt &amp; kauf\u00adm\u00e4n\u00adni\u00adscher Assis\u00adtent auch Bache\u00adlor\u00adstu\u00addium an der PFH absol\u00advieren.<span class=\"gfield_required\"><span class=\"gfield_required gfield_required_asterisk\">*<\/span><\/span><\/label><div class=\"ginput_container ginput_container_radio\"><ul class=\"gfield_radio\" id=\"input_2_22\">\n\t\t\t<li class=\"gchoice gchoice_2_22_0\">\n\t\t\t\t<input name=\"input_22\" type=\"radio\" value=\"kv3in3\" id=\"choice_2_22_0\">\n\t\t\t\t<label for=\"choice_2_22_0\" id=\"label_2_22_0\" class=\"gform-field-label gform-field-label--type-inline\">Ja<\/label>\n\t\t\t<\/li>\n\t\t\t<li class=\"gchoice gchoice_2_22_1\">\n\t\t\t\t<input name=\"input_22\" type=\"radio\" value=\"kv\" id=\"choice_2_22_1\">\n\t\t\t\t<label for=\"choice_2_22_1\" id=\"label_2_22_1\" class=\"gform-field-label gform-field-label--type-inline\">Nein<\/label>\n\t\t\t<\/li><\/ul><\/div><\/li><li id=\"field_2_23\" class=\"gfield gfield--type-radio gfield--type-choice gfield--width-full gfield_contains_required field_sublabel_below gfield--no-description field_description_below field_validation_below gfield_visibility_visible\"><label class=\"gfield_label gform-field-label\">Beglei\u00adtend zu den Abschl\u00fcssen gepr\u00fcfter Betriebs\u00adwirt &amp; kauf\u00adm\u00e4n\u00adni\u00adscher Assis\u00adtent auch Bache\u00adlor\u00adstu\u00addium an der PFH absol\u00advieren.<span class=\"gfield_required\"><span class=\"gfield_required gfield_required_asterisk\">*<\/span><\/span><\/label><div class=\"ginput_container ginput_container_radio\"><ul class=\"gfield_radio\" id=\"input_2_23\">\n\t\t\t<li class=\"gchoice gchoice_2_23_0\">\n\t\t\t\t<input name=\"input_23\" type=\"radio\" value=\"ks3in3\" id=\"choice_2_23_0\">\n\t\t\t\t<label for=\"choice_2_23_0\" id=\"label_2_23_0\" class=\"gform-field-label gform-field-label--type-inline\">Ja<\/label>\n\t\t\t<\/li>\n\t\t\t<li class=\"gchoice gchoice_2_23_1\">\n\t\t\t\t<input name=\"input_23\" type=\"radio\" value=\"ks\" id=\"choice_2_23_1\">\n\t\t\t\t<label for=\"choice_2_23_1\" id=\"label_2_23_1\" class=\"gform-field-label gform-field-label--type-inline\">Nein<\/label>\n\t\t\t<\/li><\/ul><\/div><\/li><li id=\"field_2_24\" class=\"gfield gfield--type-radio gfield--type-choice gfield--width-full gfield_contains_required field_sublabel_below gfield--no-description field_description_below field_validation_below gfield_visibility_visible\"><label class=\"gfield_label gform-field-label\">Beglei\u00adtend zu den Abschl\u00fcssen gepr\u00fcfter Betriebs\u00adwirt &amp; kauf\u00adm\u00e4n\u00adni\u00adscher Assis\u00adtent auch Bache\u00adlor\u00adstu\u00addium an der PFH absol\u00advieren.<span class=\"gfield_required\"><span class=\"gfield_required gfield_required_asterisk\">*<\/span><\/span><\/label><div class=\"ginput_container ginput_container_radio\"><ul class=\"gfield_radio\" id=\"input_2_24\">\n\t\t\t<li class=\"gchoice gchoice_2_24_0\">\n\t\t\t\t<input name=\"input_24\" type=\"radio\" value=\"kg3in3\" id=\"choice_2_24_0\">\n\t\t\t\t<label for=\"choice_2_24_0\" id=\"label_2_24_0\" class=\"gform-field-label gform-field-label--type-inline\">Ja<\/label>\n\t\t\t<\/li>\n\t\t\t<li class=\"gchoice gchoice_2_24_1\">\n\t\t\t\t<input name=\"input_24\" type=\"radio\" value=\"kg\" id=\"choice_2_24_1\">\n\t\t\t\t<label for=\"choice_2_24_1\" id=\"label_2_24_1\" class=\"gform-field-label gform-field-label--type-inline\">Nein<\/label>\n\t\t\t<\/li><\/ul><\/div><\/li><li id=\"field_2_11\" class=\"gfield gfield--type-radio gfield--type-choice gfield_contains_required field_sublabel_below gfield--no-description field_description_below field_validation_below gfield_visibility_visible\"><label class=\"gfield_label gform-field-label\">Ich w\u00fcnsche<span class=\"gfield_required\"><span class=\"gfield_required gfield_required_asterisk\">*<\/span><\/span><\/label><div class=\"ginput_container ginput_container_radio\"><ul class=\"gfield_radio\" id=\"input_2_11\">\n\t\t\t<li class=\"gchoice gchoice_2_11_0\">\n\t\t\t\t<input name=\"input_11\" type=\"radio\" value=\"a_beratungstermin\" id=\"choice_2_11_0\">\n\t\t\t\t<label for=\"choice_2_11_0\" id=\"label_2_11_0\" class=\"gform-field-label gform-field-label--type-inline\">Bera\u00adtungs\u00adtermin<\/label>\n\t\t\t<\/li>\n\t\t\t<li class=\"gchoice gchoice_2_11_1\">\n\t\t\t\t<input name=\"input_11\" type=\"radio\" value=\"a_infomaterial\" id=\"choice_2_11_1\">\n\t\t\t\t<label for=\"choice_2_11_1\" id=\"label_2_11_1\" class=\"gform-field-label gform-field-label--type-inline\">Info\u00adma\u00adte\u00adrial<\/label>\n\t\t\t<\/li>\n\t\t\t<li class=\"gchoice gchoice_2_11_2\">\n\t\t\t\t<input name=\"input_11\" type=\"radio\" value=\"a_hospitationstermin\" id=\"choice_2_11_2\">\n\t\t\t\t<label for=\"choice_2_11_2\" id=\"label_2_11_2\" class=\"gform-field-label gform-field-label--type-inline\">Hospi\u00adta\u00adti\u00adons\u00adtermin<\/label>\n\t\t\t<\/li><\/ul><\/div><\/li><li id=\"field_2_12\" class=\"gfield gfield--type-radio gfield--type-choice b1_checkbox_fix gfield_contains_required field_sublabel_below gfield--no-description field_description_below hidden_label field_validation_below gfield_visibility_visible\"><label class=\"gfield_label gform-field-label\">Daten\u00adschutz\u00ader\u00adkl\u00e4\u00adrung<span class=\"gfield_required\"><span class=\"gfield_required gfield_required_asterisk\">*<\/span><\/span><\/label><div class=\"ginput_container ginput_container_radio\"><ul class=\"gfield_radio\" id=\"input_2_12\">\n\t\t\t<li class=\"gchoice gchoice_2_12_0\">\n\t\t\t\t<input name=\"input_12\" type=\"radio\" value=\"true\" id=\"choice_2_12_0\">\n\t\t\t\t<label for=\"choice_2_12_0\" id=\"label_2_12_0\" class=\"gform-field-label gform-field-label--type-inline\">Ich stimme zu, dass meine Angaben aus dem Kontakt\u00adfor\u00admular zur Beant\u00adwor\u00adtung meiner Anfrage sowie zur Versen\u00addung von Infor\u00adma\u00adtionen erhoben und verar\u00adbeitet werden. Detail\u00adlierte Infor\u00adma\u00adtionen zum Umgang mit Nutzer\u00addaten finden Sie in unserer Datenschutzerkl\u00e4rung.&nbsp;*<\/label>\n\t\t\t<\/li><\/ul><\/div><\/li><li id=\"field_2_13\" class=\"gfield gfield--type-html gfield_html gfield_html_formatted gfield_no_follows_desc field_sublabel_below gfield--no-description field_description_below field_validation_below gfield_visibility_visible\"><div class=\"datenschutzlink\"><p><a href=\"\/kontakt\/datenschutz\/\" target=\"_blank\" rel=\"noopener\">Daten\u00adschutz\u00ader\u00adkl\u00e4\u00adrung&nbsp;lesen<\/a><\/p>\n<\/div><\/li><\/ul><\/div>\n        <div class=\"gform-footer gform_footer top_label\"> <input type=\"submit\" id=\"gform_submit_button_2\" class=\"gform_button button\" onclick=\"gform.submission.handleButtonClick(this);\" data-submission-type=\"submit\" value=\"Absenden\"> <input type=\"hidden\" name=\"gform_ajax\" value=\"form_id=2&amp;title=1&amp;description=&amp;tabindex=0&amp;theme=legacy&amp;styles=[]&amp;hash=2b970c125e3c2daff18ad97e750ee58a\">\n            <input type=\"hidden\" class=\"gform_hidden\" name=\"gform_submission_method\" data-js=\"gform_submission_method_2\" value=\"iframe\">\n            <input type=\"hidden\" class=\"gform_hidden\" name=\"gform_theme\" data-js=\"gform_theme_2\" id=\"gform_theme_2\" value=\"legacy\">\n            <input type=\"hidden\" class=\"gform_hidden\" name=\"gform_style_settings\" data-js=\"gform_style_settings_2\" id=\"gform_style_settings_2\" value=\"[]\">\n            <input type=\"hidden\" class=\"gform_hidden\" name=\"is_submit_2\" value=\"1\">\n            <input type=\"hidden\" class=\"gform_hidden\" name=\"gform_submit\" value=\"2\">\n            \n            <input type=\"hidden\" class=\"gform_hidden\" name=\"gform_currency\" data-currency=\"EUR\" value=\"8Bfgbe93GI9lAyBgeteO1kDn8rZ5pB5Lg5gNy0ZqordDGMz4sw2e3Ngltf0kv3sA9lHG6QrIi06x9Lqpenmenyk32JayfQNYIdvaZGeFsTtx\/UI=\">\n            <input type=\"hidden\" class=\"gform_hidden\" name=\"gform_unique_id\" value>\n            <input type=\"hidden\" class=\"gform_hidden\" name=\"state_2\" value=\"WyJ7XCIxOVwiOltcIjEzODBkOWUyNjMyZTY0OTE5NjAwZjEwMTM3MGI2OTY2XCIsXCI2YzJjOTg4ZmI4NDJlNzgzNjc5OTRlMzZhNWE1MmNkZFwiXSxcIjIwXCI6W1wiMjQwOTdmMTk3YzA4NDQ5MGRkZjRmZDZlNjVjMWVjNTJcIixcIjYyODdkODYxMTEzMjE5YzM3MjRhNTcwMjU5ZWYzYTg4XCJdLFwiMjFcIjpbXCJlNjQ1YTUzOWE2MGUxYTM5ZTRkMGViMjkxOTU2OTRkMFwiLFwiNGQ4ZjFjZmEyNzkxMjAxNGY3Y2Q2NTljNTA0MTYwMDJcIl0sXCIyMlwiOltcIjYwNDNhN2I0NDI4YmU2NDRjMGM1M2U5MzI0MWFmNDZlXCIsXCI2OWVmYzQ2MjhmMzk2Mzg3NGFhM2NkMmE2OGRkN2UwZFwiXSxcIjIzXCI6W1wiZGQ3MzlmMTk4YjEyN2JjYzA1NDMxZWEzMDYwNzFlNzVcIixcImI3YTU1MmM0Mjg4YzNhNDMzM2I4MmEyNmEzMmQxODU3XCJdLFwiMjRcIjpbXCJhYzViMjY1ZTYxMjljMWJlYjliNmRlYTUxYThjOGEwZFwiLFwiNTE1ZTc2OTkyNTZlZDMxZmFkYWI4ZTkwMTM3MWNkMTFcIl19IiwiMDA1OWVmODAzMGU2NzJiOGIxMTBkNTIzZDA4NmYwMmEiXQ==\">\n            <input type=\"hidden\" autocomplete=\"off\" class=\"gform_hidden\" name=\"gform_target_page_number_2\" id=\"gform_target_page_number_2\" value=\"0\">\n            <input type=\"hidden\" autocomplete=\"off\" class=\"gform_hidden\" name=\"gform_source_page_number_2\" id=\"gform_source_page_number_2\" value=\"1\">\n            <input type=\"hidden\" name=\"gform_field_values\" value>\n            \n        <\/div>\n                        <\/form>\n                        <\/div>\n\t\t                <iframe style=\"display:none;width:0px;height:0px;\" src=\"about:blank\" name=\"gform_ajax_frame_2\" id=\"gform_ajax_frame_2\" title=\"Dieser iframe enth\u00e4lt die erforderliche Logik um Gravity Forms Formulare mit AJAX zu handhaben.\"><\/iframe>\n\t\t                <script type=\"text\/javascript\">\n\/* <![CDATA[ *\/\n gform.initializeOnLoaded( function() {gformInitSpinner( 2, 'https:\/\/buhmann.de\/wp-content\/plugins\/gravityforms\/images\/spinner.svg', true );jQuery('#gform_ajax_frame_2').on('load',function(){var contents = jQuery(this).contents().find('*').html();var is_postback = contents.indexOf('GF_AJAX_POSTBACK') >= 0;if(!is_postback){return;}var form_content = jQuery(this).contents().find('#gform_wrapper_2');var is_confirmation = jQuery(this).contents().find('#gform_confirmation_wrapper_2').length > 0;var is_redirect = contents.indexOf('gformRedirect(){') >= 0;var is_form = form_content.length > 0 && ! is_redirect && ! is_confirmation;var mt = parseInt(jQuery('html').css('margin-top'), 10) + parseInt(jQuery('body').css('margin-top'), 10) + 100;if(is_form){form_content.find('form').css('opacity', 0);jQuery('#gform_wrapper_2').html(form_content.html());if(form_content.hasClass('gform_validation_error')){jQuery('#gform_wrapper_2').addClass('gform_validation_error');} else {jQuery('#gform_wrapper_2').removeClass('gform_validation_error');}setTimeout( function() { \/* delay the scroll by 50 milliseconds to fix a bug in chrome *\/ jQuery(document).scrollTop(jQuery('#gform_wrapper_2').offset().top - mt); }, 50 );if(window['gformInitDatepicker']) {gformInitDatepicker();}if(window['gformInitPriceFields']) {gformInitPriceFields();}var current_page = jQuery('#gform_source_page_number_2').val();gformInitSpinner( 2, 'https:\/\/buhmann.de\/wp-content\/plugins\/gravityforms\/images\/spinner.svg', true );jQuery(document).trigger('gform_page_loaded', [2, current_page]);window['gf_submitting_2'] = false;}else if(!is_redirect){var confirmation_content = jQuery(this).contents().find('.GF_AJAX_POSTBACK').html();if(!confirmation_content){confirmation_content = contents;}jQuery('#gform_wrapper_2').replaceWith(confirmation_content);jQuery(document).scrollTop(jQuery('#gf_2').offset().top - mt);jQuery(document).trigger('gform_confirmation_loaded', [2]);window['gf_submitting_2'] = false;wp.a11y.speak(jQuery('#gform_confirmation_message_2').text());}else{jQuery('#gform_2').append(contents);if(window['gformRedirect']) {gformRedirect();}}jQuery(document).trigger(\"gform_pre_post_render\", [{ formId: \"2\", currentPage: \"current_page\", abort: function() { this.preventDefault(); } }]);        if (event && event.defaultPrevented) {                return;        }        const gformWrapperDiv = document.getElementById( \"gform_wrapper_2\" );        if ( gformWrapperDiv ) {            const visibilitySpan = document.createElement( \"span\" );            visibilitySpan.id = \"gform_visibility_test_2\";            gformWrapperDiv.insertAdjacentElement( \"afterend\", visibilitySpan );        }        const visibilityTestDiv = document.getElementById( \"gform_visibility_test_2\" );        let postRenderFired = false;        function triggerPostRender() {            if ( postRenderFired ) {                return;            }            postRenderFired = true;            gform.core.triggerPostRenderEvents( 2, current_page );            if ( visibilityTestDiv ) {                visibilityTestDiv.parentNode.removeChild( visibilityTestDiv );            }        }        function debounce( func, wait, immediate ) {            var timeout;            return function() {                var context = this, args = arguments;                var later = function() {                    timeout = null;                    if ( !immediate ) func.apply( context, args );                };                var callNow = immediate && !timeout;                clearTimeout( timeout );                timeout = setTimeout( later, wait );                if ( callNow ) func.apply( context, args );            };        }        const debouncedTriggerPostRender = debounce( function() {            triggerPostRender();        }, 200 );        if ( visibilityTestDiv && visibilityTestDiv.offsetParent === null ) {            const observer = new MutationObserver( ( mutations ) => {                mutations.forEach( ( mutation ) => {                    if ( mutation.type === 'attributes' && visibilityTestDiv.offsetParent !== null ) {                        debouncedTriggerPostRender();                        observer.disconnect();                    }                });            });            observer.observe( document.body, {                attributes: true,                childList: false,                subtree: true,                attributeFilter: [ 'style', 'class' ],            });        } else {            triggerPostRender();        }    } );} ); \n\/* ]]> *\/\n<\/script>\n[\/vc_column][\/vc_row][vc_row heading_color=\u201clight\u201c bg_type=\u201ccolor\u201c bg_color=\u201c#ef790c\u201c padding_top=\u201c40\u2033 padding_bottom=\u201c40\u2033 font_color=\u201c#ffffff\u201c][vc_column css=\u201c.vc_custom_1569396600503{background-image: url(https:\/\/buhmann.de\/wp-content\/uploads\/sites\/5\/2019\/09\/Title-HGR-01.png?id=2555) !important;background-position: center !important;background-repeat: no-repeat !important;background-size: contain !important;}\u201c]<h2 class=\"grve-element grve-title grve-align-left grve-animated-item grve-fadeInRight grve-h1\" style=\"margin-bottom: 6px;\" data-delay=\"200\"><span>Aktu\u00adelles<\/span><\/h2><h3 class=\"grve-element grve-title grve-align-left grve-animated-item grve-fadeInRight grve-h4\" style=\"margin-bottom: 6px;\" data-delay=\"200\"><span>aus der Dr. Buhmann Schule &amp; Akademie in Hannover<\/span><\/h3>[\/vc_column][\/vc_row][vc_row][vc_column][vc_empty_space height=\u201c55px\u201c]<h3>N\u00e4chste Veran\u00adstal\u00adtungen<\/h3><div id=\"evcal_calendar_739\" class=\"ajde_evcal_calendar boxy boxstyle0\"><div class=\"evo-data\" data-cyear=\"2026\" data-cmonth=\"5\" data-runajax=\"1\" data-evc_open=\"0\" data-cal_ver=\"2.7.3\" data-mapscroll=\"true\" data-mapformat=\"roadmap\" data-mapzoom=\"18\" data-mapiconurl data-ev_cnt=\"0\" data-show_limit=\"yes\" data-tiles=\"yes\" data-sort_by=\"sort_date\" data-filters_on=\"false\" data-range_start=\"0\" data-range_end=\"0\" data-send_unix=\"0\" data-ux_val=\"0\" data-accord=\"0\" data-rtl=\"no\"><\/div><div id=\"evcal_head\" class=\"calendar_header evcal_nosort\"><div class=\"evo_cal_above\"><span class=\"evo-jumper-btn\">Zu Monat springen<\/span><span class=\"evo-gototoday-btn\" style=\"display:none\" data-mo=\"5\" data-yr=\"2026\" data-dy>Dieser Monat<\/span><\/div><div class=\"evo_cal_above_content\"><div class=\"evo_j_container\" style=\"display:block\" data-m=\"5\" data-y=\"2026\" data-expj=\"yes\">\n\t\t\t\t\t\t<div class=\"evo_j_months evo_j_dates\" data-val=\"m\">\n\t\t\t\t\t\t\t<div class=\"legend evo_jumper_months\"><a data-val=\"1\" title=\"Januar\">Januar<\/a><a data-val=\"2\" title=\"Februar\">Februar<\/a><a data-val=\"3\" title=\"M\u00e4rz\">M\u00e4rz<\/a><a data-val=\"4\" title=\"April\">April<\/a><a data-val=\"5\" class=\"current set\" title=\"Mai\">Mai<\/a><a data-val=\"6\" title=\"Juni\">Juni<\/a><a data-val=\"7\" title=\"Juli\">Juli<\/a><a data-val=\"8\" title=\"August\">August<\/a><a data-val=\"9\" title=\"September\">September<\/a><a data-val=\"10\" title=\"Oktober\">Oktober<\/a><a data-val=\"11\" title=\"November\">November<\/a><a data-val=\"12\" title=\"Dezember\">Dezember<\/a><\/div><div class=\"clear\"><\/div><\/div>\n\t\t\t\t\t\t\n\t\t\t\t\t\t<div class=\"evo_j_years evo_j_dates\" data-val=\"y\">\n\t\t\t\t\t\t\t<p class=\"legend\"><a class=\"current set\" data-val=\"2026\">2026<\/a><a data-val=\"2027\">2027<\/a><\/p><div class=\"clear\"><\/div>\n\t\t\t\t\t\t<\/div>\n\t\t\t\t\t<\/div><\/div><p id=\"evcal_cur\" class=\"evo_month_title\"> Mai&nbsp;2026<\/p><p class=\"evo_arrows right\"><span id=\"evcal_prev\" class=\"evcal_arrows evcal_btn_prev\"><i class=\"fa fa-angle-left\"><\/i><\/span><span id=\"evcal_next\" class=\"evcal_arrows evcal_btn_next\"><i class=\"fa fa-angle-right\"><\/i><\/span><\/p><div class=\"cal_arguments\" style=\"display:none\" data-hide_past=\"yes\" data-show_et_ft_img=\"no\" data-event_order=\"ASC\" data-ft_event_priority=\"yes\" data-lang=\"L1\" data-month_incre=\"1\" data-only_ft=\"no\" data-hide_ft=\"no\" data-evc_open=\"no\" data-show_limit=\"yes\" data-etc_override=\"no\" data-show_limit_redir=\"0\" data-tiles=\"yes\" data-tile_height=\"270\" data-tile_bg=\"0\" data-tile_count=\"2\" data-tile_style=\"0\" data-s data-members_only=\"no\" data-ux_val=\"0\" data-show_limit_ajax=\"yes\" data-show_limit_paged=\"1\" data-hide_mult_occur=\"no\" data-show_repeats=\"no\" data-hide_end_time=\"no\" data-eventtop_style=\"1\"><\/div><div class=\"clear\"><\/div><\/div><div class=\"eventon_sorting_section\" style=\"display:none\"><div class=\"eventon_filter_line \"><div class=\"eventon_filter\" data-filter_field=\"event_type\" data-filter_val=\"all\" data-filter_type=\"tax\" data-fl_o=\"IN\"><\/div><div class=\"eventon_filter\" data-filter_field=\"event_type_2\" data-filter_val=\"all\" data-filter_type=\"tax\" data-fl_o=\"IN\"><\/div><div class=\"eventon_filter\" data-filter_field=\"event_type_3\" data-filter_val=\"all\" data-filter_type=\"tax\" data-fl_o=\"IN\"><\/div><div class=\"eventon_filter\" data-filter_field=\"event_type_4\" data-filter_val=\"all\" data-filter_type=\"tax\" data-fl_o=\"IN\"><\/div><div class=\"eventon_filter\" data-filter_field=\"event_type_5\" data-filter_val=\"all\" data-filter_type=\"tax\" data-fl_o=\"IN\"><\/div><div class=\"eventon_filter\" data-filter_field=\"event_location\" data-filter_val=\"all\" data-filter_type=\"tax\" data-fl_o=\"IN\"><\/div><div class=\"eventon_filter\" data-filter_field=\"event_organizer\" data-filter_val=\"all\" data-filter_type=\"tax\" data-fl_o=\"IN\"><\/div><div class=\"eventon_filter\" data-filter_field=\"event_tag\" data-filter_val=\"all\" data-filter_type=\"tax\" data-fl_o=\"IN\"><\/div><\/div><div class=\"clear\"><\/div><\/div><div id=\"eventon_loadbar_section\"><div id=\"eventon_loadbar\"><\/div><\/div><div id=\"evcal_list\" class=\"eventon_events_list\"><div style=\"background-color: #ee7b0f;height: 270px;\" id=\"event_26069\" class=\"eventon_list_event evo_eventtop  event event_26069_0\" data-event_id=\"26069\" data-ri=\"0r\" data-time=\"1778324400-1778370600\" data-colr=\"#ee7b0f\" itemscope itemtype=\"http:\/\/schema.org\/Event\"><div class=\"evo_event_schema\" style=\"display:none\"><a itemprop=\"url\" href=\"https:\/\/buhmann.de\/events\/informationstag-fuer-abiturienten-und-realschulabsolventen-526-copy\"><\/a><span itemprop=\"name\">Infor\u00adma\u00adti\u00adonstag f\u00fcr Abitur\u00adienten und Realschulabsolventen<\/span><meta itemprop=\"image\" content=\"https:\/\/buhmann.de\/wp-content\/uploads\/2019\/09\/teaser_zukunft.jpg\"><meta itemprop=\"description\" content=\"Wir laden Sie herzlich zu unserem Informationstag f\u00fcr Abiturienten und Realschulabsolventen um 11 Uhr ein.    F\u00fcr Abiturienten stellen wir die Ausbildungs- und Studieng\u00e4nge vor:     \tMediendesign und Visual\"><meta itemprop=\"startDate\" content=\"2026-5-9T11:00\"><meta itemprop=\"endDate\" content=\"2026-5-9T23:50\"><meta itemprop=\"eventStatus\" content=\"on-schedule\">\n\t\t\t\t\t\t\t\t\t<item style=\"display:none\" itemprop=\"location\" itemscope itemtype=\"http:\/\/schema.org\/Place\">\n\t\t\t\t\t\t\t\t\t\t<span itemprop=\"name\">Dr. Buhmann Schule &amp; Akademie, Schulhaus<\/span>\n\t\t\t\t\t\t\t\t\t\t<span itemprop=\"address\" itemscope itemtype=\"http:\/\/schema.org\/PostalAddress\">\n\t\t\t\t\t\t\t\t\t\t\t<item itemprop=\"streetAddress\">Prin\u00adzenstr. 13, 30159 Hannover<\/item>\n\t\t\t\t\t\t\t\t\t\t<\/span><\/item><script type=\"application\/ld+json\">{\t\"@context\": \"http:\/\/schema.org\",\n\t\t\t\t\t\t\t  \t\"@type\": \"Event\",\n\t\t\t\t\t\t\t  \t\"name\": \"Informationstag f\u00fcr Abiturienten und Realschulabsolventen\",\n\t\t\t\t\t\t\t  \t\"startDate\": \"2026-5-9T11-11-00-00\",\n\t\t\t\t\t\t\t  \t\"endDate\": \"2026-5-9T23-23-50-00\",\n\t\t\t\t\t\t\t  \t\"image\":\"https:\/\/buhmann.de\/wp-content\/uploads\/2019\/09\/teaser_zukunft.jpg\",\n\t\t\t\t\t\t\t  \t\"description\":\"Wir laden Sie herzlich zu unserem Informationstag f\u00fcr Abiturienten und Realschulabsolventen um 11 Uhr ein.    F\u00fcr Abiturienten stellen wir die Ausbildungs- und Studieng\u00e4nge vor:     \tMediendesign und Visual\"\n\t\t\t\t\t\t\t  \t,\"location\":{\n\t\t\t\t\t\t\t\t\t\t\"@type\":\"Place\",\n\t\t\t\t\t\t\t\t\t\t\"name\":\"Dr. Buhmann Schule &amp; Akademie, Schulhaus\",\n\t\t\t\t\t\t\t\t\t\t\"address\":{\n\t\t\t\t\t\t\t\t\t\t\t\"@type\": \"PostalAddress\"\n\t\t\t\t\t\t\t\t\t\t\t\"streetAddress\":\"Prinzenstr. 13, 30159 Hannover\"\n\t\t\t\t\t\t\t\t\t\t}\n\t\t\t\t\t\t\t  \t\t}\n\t\t\t\t\t\t\t }<\/script><\/div>\n\t\t\t\t<p class=\"desc_trig_outter\"><a data-gmap_status=\"null\" data-exlk=\"0\" id=\"evc_177832440026069\" class=\"desc_trig sin_val evcal_list_a\" data-ux_val=\"3\"><span class=\"evcal_cblock \" data-bgcolor=\"#ee7b0f\" data-smon=\"Mai\" data-syr=\"2026\"><span class=\"evo_start \"><em class=\"date\">09<\/em><em class=\"month\">Mai<\/em><em class=\"time\">11:00 Uhr<\/em><\/span><em class=\"clear\"><\/em><\/span><span class=\"evcal_desc evo_info hide_eventtopdata \" data-location_address=\"Prinzenstr. 13, 30159 Hannover\" data-location_type=\"address\" data-location_name=\"Dr. Buhmann Schule &amp; Akademie, Schulhaus\" data-location_url=\"https:\/\/buhmann.de\/event-location\/dr-buhmann-schule\" data-location_status=\"true\"><span class=\"evo_above_title\"><\/span><span class=\"evcal_desc2 evcal_event_title\" itemprop=\"name\">Infor\u00adma\u00adti\u00adonstag f\u00fcr Abitur\u00adienten und Real\u00adschul\u00adab\u00adsol\u00adventen<\/span><span class=\"evo_below_title\"><\/span><span class=\"evcal_desc_info\"><em class=\"evcal_time\">11:00 Uhr<\/em> <em class=\"evcal_location\" data-add_str=\"Prinzenstr. 13, 30159 Hannover\"><em class=\"event_location_name\">Dr. Buhmann Schule &amp; Akademie, Schul\u00adhaus<\/em>, Prin\u00adzenstr. 13, 30159 Hannover<\/em><\/span><span class=\"evcal_desc3\"><span class=\"evcal_oganizer\">\n\t\t\t\t\t\t\t<em><i>Veran\u00adstalter:<\/i><\/em>\n\t\t\t\t\t\t\t<em>Dr. Buhmann Schule &amp; Akademie<\/em>\n\t\t\t\t\t\t\t<\/span><span class=\"evo_event_tags\">\n\t\t\t\t\t\t<em><i>F\u00fcr<\/i><\/em><em data-tagid=\"33\">Abitur\u00adienten,<\/em><em data-tagid=\"32\">Real\u00adsch\u00fcler<\/em><\/span><\/span><\/span><em class=\"clear\"><\/em><\/a><\/p><div class=\"event_description evcal_eventcard \" style=\"display:none\"><div class=\"evo_metarow_directimg\"><img class=\"evo_event_main_img\" src=\"https:\/\/buhmann.de\/wp-content\/uploads\/2019\/09\/teaser_zukunft.jpg\" alt=\"Nahaufnahme des Wortes Zukunft, aufgebracht an einer Wand in Dr. Buhmann Schule &amp; Akademie in Hannover.\"><\/div><div class=\"evo_metarow_details evorow evcal_evdata_row bordb evcal_event_details\">\n\t\t\t\t\t\t\t<div class=\"event_excerpt\" style=\"display:none\"><h3 class=\"padb5 evo_h3\">Details<\/h3><p>Wir laden Sie herz\u00adlich zu unserem Infor\u00adma\u00adti\u00adonstag f\u00fcr Abitur\u00adienten und Real\u00adschul\u00adab\u00adsol\u00adventen um 11 Uhr ein.\n\nF\u00fcr Abitur\u00adienten stellen wir die Ausbil\u00addungs- und Studi\u00aden\u00adg\u00e4nge vor:\n\n \tMedi\u00aden\u00adde\u00adsign und Visual<\/p><\/div><span class=\"evcal_evdata_icons\"><i class=\"fa fa-align-justify\"><\/i><\/span>\n\t\t\t\t\t\t\t\n\t\t\t\t\t\t\t<div class=\"evcal_evdata_cell shorter_desc\"><div class=\"eventon_details_shading_bot\">\n\t\t\t\t\t\t\t\t<p class=\"eventon_shad_p\" content=\"less\"><span class=\"ev_more_text\" data-txt=\"schlie\u00dfen\">Mehr lesen<\/span><span class=\"ev_more_arrow\"><\/span><\/p>\n\t\t\t\t\t\t\t<\/div><div class=\"eventon_full_description\">\n\t\t\t\t\t\t\t\t\t<h3 class=\"padb5 evo_h3\"><span class=\"evcal_evdata_icons\"><i class=\"fa fa-align-justify\"><\/i><\/span>Details<\/h3><div class=\"eventon_desc_in\" itemprop=\"description\">\n\t\t\t\t\t\t\t\t\tWir laden Sie herz\u00adlich zu unserem Infor\u00adma\u00adti\u00adonstag f\u00fcr Abitur\u00adienten und Real\u00adschul\u00adab\u00adsol\u00adventen um 11 Uhr ein.\n\nF\u00fcr Abitur\u00adienten stellen wir die Ausbil\u00addungs- und Studi\u00aden\u00adg\u00e4nge&nbsp;vor:&nbsp;<ul>\n \t<li><a href=\"\/ausbildung-studium\/ausbildung-bachelor-studium\/bachelor-design\" target=\"_blank\" rel=\"noopener noreferrer\">Medi\u00aden\u00adde\u00adsign und Visual Arts<\/a><\/li>\n \t<li><a href=\"\/ausbildung-studium\/ausbildung-bachelor-studium\/internationales-management\" target=\"_blank\" rel=\"noopener noreferrer\">Inter\u00adna\u00adtio\u00adnales Management<\/a><\/li>\n \t<li><a href=\"\/ausbildung-studium\/ausbildung-bachelor-studium\/internationales-marketing\" target=\"_blank\" rel=\"noopener noreferrer\">Inter\u00adna\u00adtio\u00adnales Marketing<\/a><\/li>\n \t<li><a href=\"\/ausbildung-studium\/ausbildung-bachelor-studium\/internationaler-tourismus\" target=\"_blank\" rel=\"noopener noreferrer\">Inter\u00adna\u00adtio\u00adnaler Tourismus<\/a><\/li>\n \t<li><a href=\"\/ausbildung-studium\/ausbildung-bachelor-studium\/event-und-medienmanagement\" target=\"_blank\" rel=\"noopener noreferrer\">Event- und Medienmanagement<\/a><\/li>\n \t<li><a href=\"\/ausbildung-studium\/ausbildung-bachelor-studium\/sport-und-gesundheitsmanagement\" target=\"_blank\" rel=\"noopener noreferrer\">Sport- und Gesundheitsmanagement<\/a><\/li>\n \t<li><a href=\"\/ausbildung-studium\/ausbildung-bachelor-studium\/immobilien-und-gebaeudemanagement\" target=\"_blank\" rel=\"noopener noreferrer\">Immo\u00adbi\u00adlien- und Geb\u00e4udemanagement<\/a><\/li>\n \t<li><a href=\"https:\/\/buhmann.de\/ausbildung-studium\/ausbildung-bachelor-studium\/wirtschaftsinformatik\">Wirt\u00adschafts\u00adin\u00adfor\u00admatik<\/a><\/li>\n<\/ul>\nReal\u00adschul\u00adab\u00adsol\u00adventen infor\u00admieren wir \u00fcber die M\u00f6glich\u00adkeiten, Berufs\u00adaus\u00adbil\u00addung und Fach\u00adhoch\u00adschul\u00adreife (Fach\u00adabitur) zu verbinden.&nbsp;<ul>\n \t<li><a href=\"https:\/\/buhmann.de\/ausbildung-studium\/ausbildung-fachhochschulreife\/einjaehrige-berufsfachschule-wirtschaft\" target=\"_blank\" rel=\"noopener noreferrer\">Einj\u00e4h\u00adrige Berufs\u00adfach\u00adschule Wirtschaft<\/a><\/li>\n \t<li><a href=\"https:\/\/buhmann.de\/ausbildung-studium\/fachhochschulreife\/fachoberschule-wirtschaft\" target=\"_blank\" rel=\"noopener noreferrer\">Fach\u00adober\u00adschule Wirtschaft<\/a><\/li>\n \t<li><a href=\"https:\/\/buhmann.de\/ausbildung-studium\/fachhochschulreife\/fachoberschule-verwaltung-rechtspflege\" target=\"_blank\" rel=\"noopener noreferrer\">Fach\u00adober\u00adschule Verwal\u00adtung und Rechtspflege<\/a><\/li>\n \t<li><a href=\"https:\/\/buhmann.de\/ausbildung-studium\/fachhochschulreife\/fachoberschule-informatik\" target=\"_blank\" rel=\"noopener noreferrer\">Fach\u00adober\u00adschule Informatik<\/a><\/li>\n \t<li><a href=\"https:\/\/buhmann.de\/ausbildung-studium\/fachhochschulreife\/fachoberschule-gestaltung\" target=\"_blank\" rel=\"noopener noreferrer\">Fach\u00adober\u00adschule Gestaltung<\/a><\/li>\n \t<li><a href=\"https:\/\/buhmann.de\/ausbildung-studium\/ausbildung-fachhochschulreife\/gestaltungstechnischer-assistent\" target=\"_blank\" rel=\"noopener noreferrer\">Gestal\u00adtungs\u00adtech\u00adni\u00adscher Assis\u00adtent + Fachhochschulreife<\/a><\/li>\n \t<li><a href=\"https:\/\/buhmann.de\/ausbildung-studium\/ausbildung-fachhochschulreife\/kaufmaennische-r-assistent-in-fremdsprachen-und-korrespondenz\" target=\"_blank\" rel=\"noopener noreferrer\">Kauf\u00adm\u00e4n\u00adni\u00adscher Assis\u00adtent Fremd\u00adspra\u00adchen und Korre\u00adspon\u00addenz + Fachhochschulreife<\/a><\/li>\n \t<li><a href=\"https:\/\/buhmann.de\/ausbildung-studium\/ausbildung-fachhochschulreife\/kaufmaennische-r-assitent-in-informationsverarbeitung\" target=\"_blank\" rel=\"noopener noreferrer\">Kauf\u00adm\u00e4n\u00adni\u00adscher Assis\u00adtent Infor\u00adma\u00adti\u00adons\u00adver\u00adar\u00adbei\u00adtung + Fachhochschulreife<\/a><\/li>\n<\/ul>\nWir beraten&nbsp;Sie gern&nbsp;auch ganz indi\u00advi\u00adduell an anderen Tagen. Bitte verein\u00adbaren Sie einen Beratungstermin.<\/div><div class=\"clear\"><\/div>\n\t\t\t\t\t\t\t\t<\/div>\n\t\t\t\t\t\t\t<\/div>\n\t\t\t\t\t\t<\/div><div class=\"evo_metarow_time_location evorow bordb \">\n\t\t\t\t\t\t<div class=\"tb\">\n\t\t\t\t\t\t\t<div class=\"tbrow\">\n\t\t\t\t\t\t\t<div class=\"evcal_col50 bordr\">\n\t\t\t\t\t\t\t\t<div class=\"evcal_evdata_row evo_time\">\n\t\t\t\t\t\t\t\t\t<span class=\"evcal_evdata_icons\"><i class=\"fa fa-clock-o\"><\/i><\/span>\n\t\t\t\t\t\t\t\t\t<div class=\"evcal_evdata_cell\">\t\t\t\t\t\t\t\n\t\t\t\t\t\t\t\t\t\t<h3 class=\"evo_h3\"><span class=\"evcal_evdata_icons\"><i class=\"fa fa-clock-o\"><\/i><\/span>Zeit<\/h3>\n\t\t\t\t\t\t\t\t\t\t<p>11:00 Uhr<\/p>\n\t\t\t\t\t\t\t\t\t<\/div>\n\t\t\t\t\t\t\t\t<\/div>\n\t\t\t\t\t\t\t<\/div><div class=\"evcal_col50\">\n\t\t\t\t\t\t\t\t<div class=\"evcal_evdata_row evo_location\">\n\t\t\t\t\t\t\t\t\t<span class=\"evcal_evdata_icons\"><i class=\"fa fa-map-marker\"><\/i><\/span>\n\t\t\t\t\t\t\t\t\t<div class=\"evcal_evdata_cell\" data-loc_tax_id=\"30\">\t\t\t\t\t\t\t\n\t\t\t\t\t\t\t\t\t\t<h3 class=\"evo_h3\"><span class=\"evcal_evdata_icons\"><i class=\"fa fa-map-marker\"><\/i><\/span>Veran\u00adstal\u00adtungsort<\/h3><p class=\"evo_location_name\">Dr. Buhmann Schule &amp; Akademie, Schulhaus<\/p><p class=\"evo_location_address\">Prin\u00adzenstr. 13, 30159 Hannover<\/p>\n\t\t\t\t\t\t\t\t\t<\/div>\n\t\t\t\t\t\t\t\t<\/div>\n\t\t\t\t\t\t\t<\/div><div class=\"clear\"><\/div>\n\t\t\t\t\t\t\t<\/div><\/div>\n\t\t\t\t\t\t<\/div><div class=\"evo_metarow_organizer evorow evcal_evdata_row bordb evcal_evrow_sm \">\n\t\t\t\t\t\t\t<span class=\"evcal_evdata_icons\"><i class=\"fa fa-headphones\"><\/i><\/span>\n\t\t\t\t\t\t\t<div class=\"evcal_evdata_cell\">\t\t\t\t\t\t\t\n\t\t\t\t\t\t\t\t<h3 class=\"evo_h3\">Veran\u00adstalter<\/h3>\n\t\t\t\t\t\t\t\t<p class=\"evo_data_val evo_card_organizer_image\"><img src=\"https:\/\/buhmann.de\/wp-content\/uploads\/2019\/09\/Icon-512-400x400.png\"><\/p>\n\t\t\t\t\t\t\t\t<div class=\"evo_card_organizer\"><p class=\"evo_data_val evo_card_organizer_name\">\n\t\t\t\t\t\t\t\t\t<span class=\"evo_card_organizer_name_t\">Dr. Buhmann Schule &amp; Akademie<\/span>\n\t\t\t\t\t\t\t\t\t\n\t\t\t\t\t\t\t\t\t<\/p><\/div><div class=\"clear\"><\/div>\t\t\t\t\t\t\t\n\t\t\t\t\t\t\t<\/div>\n\t\t\t\t\t\t<\/div>\t\t\t\t\t\t<div class=\"evo_metarow_ICS evorow bordb evcal_evdata_row\">\n\t\t\t\t\t\t\t<span class=\"evcal_evdata_icons\"><i class=\"fa fa-calendar\"><\/i><\/span>\n\t\t\t\t\t\t\t<div class=\"evcal_evdata_cell\">\n\t\t\t\t\t\t\t\t<p><a href=\"https:\/\/buhmann.de\/wp-admin\/admin-ajax.php?action=eventon_ics_download&amp;event_id=26069&amp;ri=0\" class=\"evo_ics_nCal\" title=\"Zu Ihrem Kalender hinzuf\u00fcgen\">ICS-Kalen\u00adder\u00addatei<\/a><a href=\"\/\/www.google.com\/calendar\/event?action=TEMPLATE&amp;text=Informationstag+f%C3%BCr+Abiturienten+und+Realschulabsolventen&amp;dates=20260509T110000Z\/20260509T235000Z&amp;details=Wir+laden+Sie+herzlich+zu+unserem+Informationstag+f%C3%BCr+Abiturienten+und+Realschulabsolventen+um+11+Uhr+ein.%0D%0A%0D%0AF%C3%BCr+Abiturienten+stellen+wir+die+Ausbildungs-+und+Studieng%C3%A4nge+vor%3A%0D%0A%0D%0A+%09Mediendesign+und+Visual&amp;location=Dr.+Buhmann+Schule+%26amp%3B+Akademie%2C+Schulhaus - Prinzenstr.+13%2C+30159+Hannover\" target=\"_blank\" class=\"evo_ics_gCal\" title=\"Zu Ihrem Google-Kalender hinzuf\u00fcgen\">Google Kalender<\/a><\/p>\t\n\t\t\t\t\t\t\t<\/div>\n\t\t\t\t\t\t<\/div>\n\t\t\t\t\t\t<div class=\"evo_card_row_end evcal_close\" title=\"Schlie\u00dfen\"><\/div><\/div><div class=\"clear end\"><\/div><\/div>\t\t\t<div class=\"clear\"><\/div>\n\t\t\t<\/div><!-- #evcal_list-->\n\t\t\t<div class=\"clear\"><\/div>\n\n\t\t\t\t\n\t\t\t\n\t\t\t\t\t\t<\/div><!-- .ajde_evcal_calendar-->\n\n\t\t\t[vc_empty_space height=\u201c55px\u201c]<h2 class=\"grve-element grve-title grve-align-left grve-h2\" style><span>News<span class=\"grve-title-line grve-bg-primary-1\" style=\"width: 100px;height: 6px;\"><\/span><\/span><\/h2>\t\t<div class=\"grve-element grve-blog grve-blog-small grve-non-isotope\" style>\n\t\t\t<div class=\"grve-standard-container\">\n\t\t\t<article id=\"post-26679\" class=\"grve-blog-item grve-small-post grve-non-isotope-item post-26679 post type-post status-publish format-standard has-post-thumbnail hentry category-aktuelles\" itemscope itemtype=\"http:\/\/schema.org\/BlogPosting\">\n\t\t\t\t\n\t\t\t\t\t\t\t\t\t\t\t\t\t<div class=\"grve-media grve-image-hover\">\n\t\t\t<a href=\"https:\/\/buhmann.de\/neuauflage-nach-2025-studierende-aus-leeuwarden-erneut-zu-gast\"><img loading=\"lazy\" decoding=\"async\" width=\"768\" height=\"403\" src=\"https:\/\/buhmann.de\/wp-content\/uploads\/2026\/03\/Artikelbild-Stenden-Besuch-2026-768x403.png\" class=\"attachment-medium_large size-medium_large wp-post-image\" alt srcset=\"https:\/\/buhmann.de\/wp-content\/uploads\/2026\/03\/Artikelbild-Stenden-Besuch-2026-768x403.png 768w, https:\/\/buhmann.de\/wp-content\/uploads\/2026\/03\/Artikelbild-Stenden-Besuch-2026-400x210.png 400w, https:\/\/buhmann.de\/wp-content\/uploads\/2026\/03\/Artikelbild-Stenden-Besuch-2026-1024x538.png 1024w, https:\/\/buhmann.de\/wp-content\/uploads\/2026\/03\/Artikelbild-Stenden-Besuch-2026-1536x806.png 1536w, https:\/\/buhmann.de\/wp-content\/uploads\/2026\/03\/Artikelbild-Stenden-Besuch-2026.png 1920w\" sizes=\"auto, (max-width: 768px) 100vw, 768px\"><\/a>\n\t\t<\/div>\n\t\t\t\t\t\t<div class=\"grve-post-content\">\n\t\t\t\t\t\t\t\t\t\t\t\t\t\t<ul class=\"grve-post-meta grve-small-text grve-list-divider\">\n\t\t\t\t\t\t\t\t\t\t<li class=\"grve-post-date\">\n\t\t\t<time class=\"grve-post-date\" datetime=\"2026-03-16T12:16:55+00:00\">\n\t\t\t\t16. M\u00e4rz&nbsp;2026&nbsp;<\/time>\n\t\t<\/li>\n\t\t\t\t\t\t\t<\/ul>\n\t\t\t\t\t\t\t\t\t\t\t\t\t\t<a href=\"https:\/\/buhmann.de\/neuauflage-nach-2025-studierende-aus-leeuwarden-erneut-zu-gast\" rel=\"bookmark\"><h3 class=\"grve-post-title grve-text-hover-primary-1 grve-h3\" itemprop=\"name headline\">Neuauf\u00adlage nach 2025: Studie\u00adrende aus Leeu\u00adwarden erneut zu&nbsp;Gast<\/h3><\/a>\t\t\t\t\t\t\t\t\t<span class=\"grve-hidden\">\n\t\t\t<span class=\"grve-structured-data entry-title\">Neuauf\u00adlage nach 2025: Studie\u00adrende aus Leeu\u00adwarden erneut zu&nbsp;Gast<\/span>\n\t\t\t<span class=\"grve-structured-data\" itemprop=\"image\" itemscope itemtype=\"http:\/\/schema.org\/ImageObject\">\n\t\t\t   <span itemprop=\"url\">https:\/\/buhmann.de\/wp-content\/uploads\/2026\/03\/Artikelbild-Stenden-Besuch-2026-1024x538.png<\/span>\n\t\t\t   <span itemprop=\"height\">1024<\/span>\n\t\t\t   <span itemprop=\"width\">538<\/span>\n\t\t\t<\/span>\n\t\t\t\t\t\t<span class=\"grve-structured-data vcard author\" itemprop=\"author\" itemscope itemtype=\"http:\/\/schema.org\/Person\">\n\t\t\t\t<span itemprop=\"name\" class=\"fn\">Dr. Buhmann Schule &amp; Akademie in Hannover<\/span>\n\t\t\t<\/span>\n\t\t\t<span class=\"grve-structured-data\" itemprop=\"publisher\" itemscope itemtype=\"http:\/\/schema.org\/Organization\">\n\t\t\t\t<span itemprop=\"name\">Dr. Buhmann Schule &amp; Akademie in Hannover<\/span>\n\t\t\t\t<span itemprop=\"logo\" itemscope itemtype=\"http:\/\/schema.org\/ImageObject\">\n\t\t\t\t\t<span itemprop=\"url\">https:\/\/buhmann.de\/wp-content\/uploads\/2026\/03\/Artikelbild-Stenden-Besuch-2026-1024x538.png<\/span>\n\t\t\t\t<\/span>\n\t\t\t<\/span>\n\t\t\t\t\t\t<time class=\"grve-structured-data date published\" itemprop=\"datePublished\" datetime=\"2026-03-16T12:16:55+00:00\">16. M\u00e4rz&nbsp;2026<\/time>\n\t\t\t<time class=\"grve-structured-data date updated\" itemprop=\"dateModified\" datetime=\"2026-03-16T13:04:59+00:00\">16. M\u00e4rz&nbsp;2026<\/time>\n\t\t\t<span class=\"grve-structured-data\" itemprop=\"mainEntityOfPage\" itemscope itemtype=\"http:\/\/schema.org\/WebPage\" itemid=\"https:\/\/buhmann.de\/neuauflage-nach-2025-studierende-aus-leeuwarden-erneut-zu-gast\"><\/span>\n\t\t<\/span><!-- END grve-hidden -->\n\t\t\t\t\t\t\t\t<div itemprop=\"articleBody\"><p>Wie schon im vergan\u00adgenen Jahr durfte die Dr. Buhmann Akademie erneut Studie\u00adrende ihrer nieder\u00adl\u00e4n\u00addi\u00adschen Part\u00adner\u00adhoch\u00adschule NHL Stenden aus Leeu\u00adwarden in Hannover begr\u00fc\u00dfen. Zwei Tage lang standen gemein\u00adsames Arbeiten, Praxis\u00adbezug und inter\u00adkul\u00adtu\u00adreller Austausch im Mittelpunkt.<\/p>\n<a class=\"grve-read-more grve-link-text\" href=\"https:\/\/buhmann.de\/neuauflage-nach-2025-studierende-aus-leeuwarden-erneut-zu-gast\"><span>weiter\u00adlesen<\/span><\/a><\/div>\t\t\t\t\t\t\t\t\t\t\t\t\t<\/div>\n\t\t\t\t\t\n\t\t\t\t\t\t\t<\/article>\n\n\t\t\t<article id=\"post-26436\" class=\"grve-blog-item grve-small-post grve-non-isotope-item post-26436 post type-post status-publish format-standard has-post-thumbnail hentry category-aktuelles\" itemscope itemtype=\"http:\/\/schema.org\/BlogPosting\">\n\t\t\t\t\n\t\t\t\t\t\t\t\t\t\t\t\t\t<div class=\"grve-media grve-image-hover\">\n\t\t\t<a href=\"https:\/\/buhmann.de\/informieren-sie-sich-beim-infotag-am-7-maerz\"><img loading=\"lazy\" decoding=\"async\" width=\"768\" height=\"403\" src=\"https:\/\/buhmann.de\/wp-content\/uploads\/2021\/08\/Akademie-Restplaetze2021-768x403.jpg\" class=\"attachment-medium_large size-medium_large wp-post-image\" alt srcset=\"https:\/\/buhmann.de\/wp-content\/uploads\/2021\/08\/Akademie-Restplaetze2021-768x403.jpg 768w, https:\/\/buhmann.de\/wp-content\/uploads\/2021\/08\/Akademie-Restplaetze2021-400x210.jpg 400w, https:\/\/buhmann.de\/wp-content\/uploads\/2021\/08\/Akademie-Restplaetze2021-1024x538.jpg 1024w, https:\/\/buhmann.de\/wp-content\/uploads\/2021\/08\/Akademie-Restplaetze2021.jpg 1920w\" sizes=\"auto, (max-width: 768px) 100vw, 768px\"><\/a>\n\t\t<\/div>\n\t\t\t\t\t\t<div class=\"grve-post-content\">\n\t\t\t\t\t\t\t\t\t\t\t\t\t\t<ul class=\"grve-post-meta grve-small-text grve-list-divider\">\n\t\t\t\t\t\t\t\t\t\t<li class=\"grve-post-date\">\n\t\t\t<time class=\"grve-post-date\" datetime=\"2026-02-27T08:28:07+00:00\">\n\t\t\t\t27. Februar 2026&nbsp;<\/time>\n\t\t<\/li>\n\t\t\t\t\t\t\t<\/ul>\n\t\t\t\t\t\t\t\t\t\t\t\t\t\t<a href=\"https:\/\/buhmann.de\/informieren-sie-sich-beim-infotag-am-7-maerz\" rel=\"bookmark\"><h3 class=\"grve-post-title grve-text-hover-primary-1 grve-h3\" itemprop=\"name headline\">Infor\u00admieren Sie sich beim Infotag am 7.&nbsp;M\u00e4rz<\/h3><\/a>\t\t\t\t\t\t\t\t\t<span class=\"grve-hidden\">\n\t\t\t<span class=\"grve-structured-data entry-title\">Infor\u00admieren Sie sich beim Infotag am 7.&nbsp;M\u00e4rz<\/span>\n\t\t\t<span class=\"grve-structured-data\" itemprop=\"image\" itemscope itemtype=\"http:\/\/schema.org\/ImageObject\">\n\t\t\t   <span itemprop=\"url\">https:\/\/buhmann.de\/wp-content\/uploads\/2021\/08\/Akademie-Restplaetze2021-1024x538.jpg<\/span>\n\t\t\t   <span itemprop=\"height\">1024<\/span>\n\t\t\t   <span itemprop=\"width\">538<\/span>\n\t\t\t<\/span>\n\t\t\t\t\t\t<span class=\"grve-structured-data vcard author\" itemprop=\"author\" itemscope itemtype=\"http:\/\/schema.org\/Person\">\n\t\t\t\t<span itemprop=\"name\" class=\"fn\">Dr. Buhmann Schule &amp; Akademie in Hannover<\/span>\n\t\t\t<\/span>\n\t\t\t<span class=\"grve-structured-data\" itemprop=\"publisher\" itemscope itemtype=\"http:\/\/schema.org\/Organization\">\n\t\t\t\t<span itemprop=\"name\">Dr. Buhmann Schule &amp; Akademie in Hannover<\/span>\n\t\t\t\t<span itemprop=\"logo\" itemscope itemtype=\"http:\/\/schema.org\/ImageObject\">\n\t\t\t\t\t<span itemprop=\"url\">https:\/\/buhmann.de\/wp-content\/uploads\/2021\/08\/Akademie-Restplaetze2021-1024x538.jpg<\/span>\n\t\t\t\t<\/span>\n\t\t\t<\/span>\n\t\t\t\t\t\t<time class=\"grve-structured-data date published\" itemprop=\"datePublished\" datetime=\"2026-02-27T08:28:07+00:00\">27. Februar 2026<\/time>\n\t\t\t<time class=\"grve-structured-data date updated\" itemprop=\"dateModified\" datetime=\"2026-02-27T10:02:41+00:00\">27. Februar 2026<\/time>\n\t\t\t<span class=\"grve-structured-data\" itemprop=\"mainEntityOfPage\" itemscope itemtype=\"http:\/\/schema.org\/WebPage\" itemid=\"https:\/\/buhmann.de\/informieren-sie-sich-beim-infotag-am-7-maerz\"><\/span>\n\t\t<\/span><!-- END grve-hidden -->\n\t\t\t\t\t\t\t\t<div itemprop=\"articleBody\"><p>Am Samstag, 7. M\u00e4rz 2026, laden die Dr. Buhmann Schule und die Dr. Buhmann Akademie zu ihrem Infor\u00adma\u00adti\u00adonstag in die Prin\u00adzen\u00adstra\u00dfe ein. Beide H\u00e4user stellen Ihre Ange\u00adbote zu Ausbil\u00addung und Fach\u00adhoch\u00adschul\u00adreife bzw. Ausbil\u00addung und Studium vor. Berufs\u00adt\u00e4tige k\u00f6nnen sich online informieren.<\/p>\n<a class=\"grve-read-more grve-link-text\" href=\"https:\/\/buhmann.de\/informieren-sie-sich-beim-infotag-am-7-maerz\"><span>weiter\u00adlesen<\/span><\/a><\/div>\t\t\t\t\t\t\t\t\t\t\t\t\t<\/div>\n\t\t\t\t\t\n\t\t\t\t\t\t\t<\/article>\n\n\t\t\t<article id=\"post-26433\" class=\"grve-blog-item grve-small-post grve-non-isotope-item post-26433 post type-post status-publish format-standard has-post-thumbnail hentry category-aktuelles\" itemscope itemtype=\"http:\/\/schema.org\/BlogPosting\">\n\t\t\t\t\n\t\t\t\t\t\t\t\t\t\t\t\t\t<div class=\"grve-media grve-image-hover\">\n\t\t\t<a href=\"https:\/\/buhmann.de\/tiny-houses-hautnah-fachoberschule-besucht-loft-heim\"><img loading=\"lazy\" decoding=\"async\" width=\"768\" height=\"403\" src=\"https:\/\/buhmann.de\/wp-content\/uploads\/2026\/02\/TinHouse_FachoberschuleGestaltung-768x403.png\" class=\"attachment-medium_large size-medium_large wp-post-image\" alt srcset=\"https:\/\/buhmann.de\/wp-content\/uploads\/2026\/02\/TinHouse_FachoberschuleGestaltung-768x403.png 768w, https:\/\/buhmann.de\/wp-content\/uploads\/2026\/02\/TinHouse_FachoberschuleGestaltung-400x210.png 400w, https:\/\/buhmann.de\/wp-content\/uploads\/2026\/02\/TinHouse_FachoberschuleGestaltung-1024x538.png 1024w, https:\/\/buhmann.de\/wp-content\/uploads\/2026\/02\/TinHouse_FachoberschuleGestaltung-1536x806.png 1536w, https:\/\/buhmann.de\/wp-content\/uploads\/2026\/02\/TinHouse_FachoberschuleGestaltung.png 1920w\" sizes=\"auto, (max-width: 768px) 100vw, 768px\"><\/a>\n\t\t<\/div>\n\t\t\t\t\t\t<div class=\"grve-post-content\">\n\t\t\t\t\t\t\t\t\t\t\t\t\t\t<ul class=\"grve-post-meta grve-small-text grve-list-divider\">\n\t\t\t\t\t\t\t\t\t\t<li class=\"grve-post-date\">\n\t\t\t<time class=\"grve-post-date\" datetime=\"2026-02-20T08:22:11+00:00\">\n\t\t\t\t20. Februar 2026&nbsp;<\/time>\n\t\t<\/li>\n\t\t\t\t\t\t\t<\/ul>\n\t\t\t\t\t\t\t\t\t\t\t\t\t\t<a href=\"https:\/\/buhmann.de\/tiny-houses-hautnah-fachoberschule-besucht-loft-heim\" rel=\"bookmark\"><h3 class=\"grve-post-title grve-text-hover-primary-1 grve-h3\" itemprop=\"name headline\">Tiny Houses hautnah: Fach\u00adober\u00adschule besucht Loft&nbsp;Heim<\/h3><\/a>\t\t\t\t\t\t\t\t\t<span class=\"grve-hidden\">\n\t\t\t<span class=\"grve-structured-data entry-title\">Tiny Houses hautnah: Fach\u00adober\u00adschule besucht Loft&nbsp;Heim<\/span>\n\t\t\t<span class=\"grve-structured-data\" itemprop=\"image\" itemscope itemtype=\"http:\/\/schema.org\/ImageObject\">\n\t\t\t   <span itemprop=\"url\">https:\/\/buhmann.de\/wp-content\/uploads\/2026\/02\/TinHouse_FachoberschuleGestaltung-1024x538.png<\/span>\n\t\t\t   <span itemprop=\"height\">1024<\/span>\n\t\t\t   <span itemprop=\"width\">538<\/span>\n\t\t\t<\/span>\n\t\t\t\t\t\t<span class=\"grve-structured-data vcard author\" itemprop=\"author\" itemscope itemtype=\"http:\/\/schema.org\/Person\">\n\t\t\t\t<span itemprop=\"name\" class=\"fn\">Dr. Buhmann Schule &amp; Akademie in Hannover<\/span>\n\t\t\t<\/span>\n\t\t\t<span class=\"grve-structured-data\" itemprop=\"publisher\" itemscope itemtype=\"http:\/\/schema.org\/Organization\">\n\t\t\t\t<span itemprop=\"name\">Dr. Buhmann Schule &amp; Akademie in Hannover<\/span>\n\t\t\t\t<span itemprop=\"logo\" itemscope itemtype=\"http:\/\/schema.org\/ImageObject\">\n\t\t\t\t\t<span itemprop=\"url\">https:\/\/buhmann.de\/wp-content\/uploads\/2026\/02\/TinHouse_FachoberschuleGestaltung-1024x538.png<\/span>\n\t\t\t\t<\/span>\n\t\t\t<\/span>\n\t\t\t\t\t\t<time class=\"grve-structured-data date published\" itemprop=\"datePublished\" datetime=\"2026-02-20T08:22:11+00:00\">20. Februar 2026<\/time>\n\t\t\t<time class=\"grve-structured-data date updated\" itemprop=\"dateModified\" datetime=\"2026-02-27T08:26:47+00:00\">27. Februar 2026<\/time>\n\t\t\t<span class=\"grve-structured-data\" itemprop=\"mainEntityOfPage\" itemscope itemtype=\"http:\/\/schema.org\/WebPage\" itemid=\"https:\/\/buhmann.de\/tiny-houses-hautnah-fachoberschule-besucht-loft-heim\"><\/span>\n\t\t<\/span><!-- END grve-hidden -->\n\t\t\t\t\t\t\t\t<div itemprop=\"articleBody\"><p>Ein span\u00adnender Praxis\u00adbe\u00adsuch f\u00fchrte ein Projekt\u00adteam der Fach\u00adober\u00adschule Gestal\u00adtung Anfang Februar zum Unter\u00adnehmen Loft Heim nach Isern\u00adhagen \u2013 mit vielen Eindr\u00fc\u00adcken rund um modernes Wohnen auf kleinem Raum.<\/p>\n<a class=\"grve-read-more grve-link-text\" href=\"https:\/\/buhmann.de\/tiny-houses-hautnah-fachoberschule-besucht-loft-heim\"><span>weiter\u00adlesen<\/span><\/a><\/div>\t\t\t\t\t\t\t\t\t\t\t\t\t<\/div>\n\t\t\t\t\t\n\t\t\t\t\t\t\t<\/article>\n\n\t\t\t<article id=\"post-26301\" class=\"grve-blog-item grve-small-post grve-non-isotope-item post-26301 post type-post status-publish format-standard has-post-thumbnail hentry category-aktuelles\" itemscope itemtype=\"http:\/\/schema.org\/BlogPosting\">\n\t\t\t\t\n\t\t\t\t\t\t\t\t\t\t\t\t\t<div class=\"grve-media grve-image-hover\">\n\t\t\t<a href=\"https:\/\/buhmann.de\/mehr-als-unterricht-die-projektwoche-2026\"><img loading=\"lazy\" decoding=\"async\" width=\"768\" height=\"403\" src=\"https:\/\/buhmann.de\/wp-content\/uploads\/2026\/02\/Artikelbild-ProWo-2026-768x403.jpg\" class=\"attachment-medium_large size-medium_large wp-post-image\" alt srcset=\"https:\/\/buhmann.de\/wp-content\/uploads\/2026\/02\/Artikelbild-ProWo-2026-768x403.jpg 768w, https:\/\/buhmann.de\/wp-content\/uploads\/2026\/02\/Artikelbild-ProWo-2026-400x210.jpg 400w, https:\/\/buhmann.de\/wp-content\/uploads\/2026\/02\/Artikelbild-ProWo-2026-1024x538.jpg 1024w, https:\/\/buhmann.de\/wp-content\/uploads\/2026\/02\/Artikelbild-ProWo-2026-1536x806.jpg 1536w, https:\/\/buhmann.de\/wp-content\/uploads\/2026\/02\/Artikelbild-ProWo-2026.jpg 1920w\" sizes=\"auto, (max-width: 768px) 100vw, 768px\"><\/a>\n\t\t<\/div>\n\t\t\t\t\t\t<div class=\"grve-post-content\">\n\t\t\t\t\t\t\t\t\t\t\t\t\t\t<ul class=\"grve-post-meta grve-small-text grve-list-divider\">\n\t\t\t\t\t\t\t\t\t\t<li class=\"grve-post-date\">\n\t\t\t<time class=\"grve-post-date\" datetime=\"2026-02-18T09:02:07+00:00\">\n\t\t\t\t18. Februar 2026&nbsp;<\/time>\n\t\t<\/li>\n\t\t\t\t\t\t\t<\/ul>\n\t\t\t\t\t\t\t\t\t\t\t\t\t\t<a href=\"https:\/\/buhmann.de\/mehr-als-unterricht-die-projektwoche-2026\" rel=\"bookmark\"><h3 class=\"grve-post-title grve-text-hover-primary-1 grve-h3\" itemprop=\"name headline\">Mehr als Unter\u00adricht: Die Projekt\u00adwoche&nbsp;2026<\/h3><\/a>\t\t\t\t\t\t\t\t\t<span class=\"grve-hidden\">\n\t\t\t<span class=\"grve-structured-data entry-title\">Mehr als Unter\u00adricht: Die Projekt\u00adwoche&nbsp;2026<\/span>\n\t\t\t<span class=\"grve-structured-data\" itemprop=\"image\" itemscope itemtype=\"http:\/\/schema.org\/ImageObject\">\n\t\t\t   <span itemprop=\"url\">https:\/\/buhmann.de\/wp-content\/uploads\/2026\/02\/Artikelbild-ProWo-2026-1024x538.jpg<\/span>\n\t\t\t   <span itemprop=\"height\">1024<\/span>\n\t\t\t   <span itemprop=\"width\">538<\/span>\n\t\t\t<\/span>\n\t\t\t\t\t\t<span class=\"grve-structured-data vcard author\" itemprop=\"author\" itemscope itemtype=\"http:\/\/schema.org\/Person\">\n\t\t\t\t<span itemprop=\"name\" class=\"fn\">Dr. Buhmann Schule &amp; Akademie in Hannover<\/span>\n\t\t\t<\/span>\n\t\t\t<span class=\"grve-structured-data\" itemprop=\"publisher\" itemscope itemtype=\"http:\/\/schema.org\/Organization\">\n\t\t\t\t<span itemprop=\"name\">Dr. Buhmann Schule &amp; Akademie in Hannover<\/span>\n\t\t\t\t<span itemprop=\"logo\" itemscope itemtype=\"http:\/\/schema.org\/ImageObject\">\n\t\t\t\t\t<span itemprop=\"url\">https:\/\/buhmann.de\/wp-content\/uploads\/2026\/02\/Artikelbild-ProWo-2026-1024x538.jpg<\/span>\n\t\t\t\t<\/span>\n\t\t\t<\/span>\n\t\t\t\t\t\t<time class=\"grve-structured-data date published\" itemprop=\"datePublished\" datetime=\"2026-02-18T09:02:07+00:00\">18. Februar 2026<\/time>\n\t\t\t<time class=\"grve-structured-data date updated\" itemprop=\"dateModified\" datetime=\"2026-02-18T09:03:44+00:00\">18. Februar 2026<\/time>\n\t\t\t<span class=\"grve-structured-data\" itemprop=\"mainEntityOfPage\" itemscope itemtype=\"http:\/\/schema.org\/WebPage\" itemid=\"https:\/\/buhmann.de\/mehr-als-unterricht-die-projektwoche-2026\"><\/span>\n\t\t<\/span><!-- END grve-hidden -->\n\t\t\t\t\t\t\t\t<div itemprop=\"articleBody\"><p>Ob in Barce\u00adlona, Irland, den Nieder\u00adlanden, auf dem Kreuz\u00adfahrt\u00adschiff oder der Skipiste: In der ersten Februar&nbsp;Woche hie\u00df es f\u00fcr viele Studie\u00adrende der Dr. Buhmann Akademie wieder Koffer packen,&nbsp;denn die Projekt\u00adwoche 2026 stand an. Doch auch direkt in Hannover gab es span\u00adnende Projekte, die neue Perspek\u00adtiven auf Stadt, Marke\u00adting und digi\u00adtale Trends er\u00f6ffneten.&nbsp;<\/p><a class=\"grve-read-more grve-link-text\" href=\"https:\/\/buhmann.de\/mehr-als-unterricht-die-projektwoche-2026\"><span>weiter\u00adlesen<\/span><\/a><\/div>\t\t\t\t\t\t\t\t\t\t\t\t\t<\/div>\n\t\t\t\t\t\n\t\t\t\t\t\t\t<\/article>\n\n\t\t\t<article id=\"post-25905\" class=\"grve-blog-item grve-small-post grve-non-isotope-item post-25905 post type-post status-publish format-standard has-post-thumbnail hentry category-aktuelles\" itemscope itemtype=\"http:\/\/schema.org\/BlogPosting\">\n\t\t\t\t\n\t\t\t\t\t\t\t\t\t\t\t\t\t<div class=\"grve-media grve-image-hover\">\n\t\t\t<a href=\"https:\/\/buhmann.de\/frame-it-eventmanagement-studierende-veranstalten-kulturtag\"><img loading=\"lazy\" decoding=\"async\" width=\"768\" height=\"403\" src=\"https:\/\/buhmann.de\/wp-content\/uploads\/2025\/11\/Artikelbild-Kopie-768x403.jpg\" class=\"attachment-medium_large size-medium_large wp-post-image\" alt srcset=\"https:\/\/buhmann.de\/wp-content\/uploads\/2025\/11\/Artikelbild-Kopie-768x403.jpg 768w, https:\/\/buhmann.de\/wp-content\/uploads\/2025\/11\/Artikelbild-Kopie-400x210.jpg 400w, https:\/\/buhmann.de\/wp-content\/uploads\/2025\/11\/Artikelbild-Kopie-1024x538.jpg 1024w, https:\/\/buhmann.de\/wp-content\/uploads\/2025\/11\/Artikelbild-Kopie-1536x806.jpg 1536w, https:\/\/buhmann.de\/wp-content\/uploads\/2025\/11\/Artikelbild-Kopie.jpg 1920w\" sizes=\"auto, (max-width: 768px) 100vw, 768px\"><\/a>\n\t\t<\/div>\n\t\t\t\t\t\t<div class=\"grve-post-content\">\n\t\t\t\t\t\t\t\t\t\t\t\t\t\t<ul class=\"grve-post-meta grve-small-text grve-list-divider\">\n\t\t\t\t\t\t\t\t\t\t<li class=\"grve-post-date\">\n\t\t\t<time class=\"grve-post-date\" datetime=\"2025-11-28T11:02:06+00:00\">\n\t\t\t\t28. November 2025&nbsp;<\/time>\n\t\t<\/li>\n\t\t\t\t\t\t\t<\/ul>\n\t\t\t\t\t\t\t\t\t\t\t\t\t\t<a href=\"https:\/\/buhmann.de\/frame-it-eventmanagement-studierende-veranstalten-kulturtag\" rel=\"bookmark\"><h3 class=\"grve-post-title grve-text-hover-primary-1 grve-h3\" itemprop=\"name headline\">Frame it: Even\u00adt\u00ad\u00adma\u00adna\u00ad\u00adge\u00adment-Studie\u00ad\u00adrende veran\u00adstalten Kulturtag<\/h3><\/a>\t\t\t\t\t\t\t\t\t<span class=\"grve-hidden\">\n\t\t\t<span class=\"grve-structured-data entry-title\">Frame it: Even\u00adt\u00ad\u00adma\u00adna\u00ad\u00adge\u00adment-Studie\u00ad\u00adrende veran\u00adstalten Kulturtag<\/span>\n\t\t\t<span class=\"grve-structured-data\" itemprop=\"image\" itemscope itemtype=\"http:\/\/schema.org\/ImageObject\">\n\t\t\t   <span itemprop=\"url\">https:\/\/buhmann.de\/wp-content\/uploads\/2025\/11\/Artikelbild-Kopie-1024x538.jpg<\/span>\n\t\t\t   <span itemprop=\"height\">1024<\/span>\n\t\t\t   <span itemprop=\"width\">538<\/span>\n\t\t\t<\/span>\n\t\t\t\t\t\t<span class=\"grve-structured-data vcard author\" itemprop=\"author\" itemscope itemtype=\"http:\/\/schema.org\/Person\">\n\t\t\t\t<span itemprop=\"name\" class=\"fn\">Dr. Buhmann Schule &amp; Akademie in Hannover<\/span>\n\t\t\t<\/span>\n\t\t\t<span class=\"grve-structured-data\" itemprop=\"publisher\" itemscope itemtype=\"http:\/\/schema.org\/Organization\">\n\t\t\t\t<span itemprop=\"name\">Dr. Buhmann Schule &amp; Akademie in Hannover<\/span>\n\t\t\t\t<span itemprop=\"logo\" itemscope itemtype=\"http:\/\/schema.org\/ImageObject\">\n\t\t\t\t\t<span itemprop=\"url\">https:\/\/buhmann.de\/wp-content\/uploads\/2025\/11\/Artikelbild-Kopie-1024x538.jpg<\/span>\n\t\t\t\t<\/span>\n\t\t\t<\/span>\n\t\t\t\t\t\t<time class=\"grve-structured-data date published\" itemprop=\"datePublished\" datetime=\"2025-11-28T11:02:06+00:00\">28. November 2025<\/time>\n\t\t\t<time class=\"grve-structured-data date updated\" itemprop=\"dateModified\" datetime=\"2025-11-28T11:02:06+00:00\">28. November 2025<\/time>\n\t\t\t<span class=\"grve-structured-data\" itemprop=\"mainEntityOfPage\" itemscope itemtype=\"http:\/\/schema.org\/WebPage\" itemid=\"https:\/\/buhmann.de\/frame-it-eventmanagement-studierende-veranstalten-kulturtag\"><\/span>\n\t\t<\/span><!-- END grve-hidden -->\n\t\t\t\t\t\t\t\t<div itemprop=\"articleBody\"><p>Die Feuer\u00adtaufe zur \u201eEvent\u00adagentur\u201c ist gegl\u00fcckt: Unsere Studie\u00adrenden aus dem Event- und Medien\u00admana\u00adgement haben ihren ersten eigenen Kulturtag orga\u00adni\u00adsiert und der konnte sich wirk\u00adlich sehen lassen. Unter dem Motto \u201eFRAME IT!\u201c entstand ein viel\u00adsei\u00adtiges Event, das Kultur, Medien und Krea\u00adti\u00advit\u00e4t auf moderne Weise zusam\u00admen\u00adge\u00adbracht hat. Die prak\u00adti\u00adsche \u00dcbung zur Planung, Orga\u00adni\u00adsa\u00adtion und Durch\u00adf\u00fch\u00adrung einer eigenen Veran\u00adstal\u00adtung ist ein zentraler Bestand\u00adteil der Ausbil\u00addung im Event- und Medienmanagement.&nbsp;<\/p><a class=\"grve-read-more grve-link-text\" href=\"https:\/\/buhmann.de\/frame-it-eventmanagement-studierende-veranstalten-kulturtag\"><span>weiter\u00adlesen<\/span><\/a><\/div>\t\t\t\t\t\t\t\t\t\t\t\t\t<\/div>\n\t\t\t\t\t\n\t\t\t\t\t\t\t<\/article>\n\n\t\t\t<\/div>\n\t\t<\/div>\n<div class=\"grve-element grve-align-left\"><a href=\"https:\/\/buhmann.de\/aktuelles\" title=\"Zeige mir alle Blogeintr\u00e4ge\" class=\"grve-btn grve-btn-medium grve-round grve-bg-primary-1 grve-bg-hover-primary-3\"><span>Alle News<\/span><\/a><\/div>[vc_empty_space height=\u201c52px\u201c][\/vc_column][\/vc_row][vc_row bg_type=\u201ccolor\u201c bg_color=\u201c#f9f9f9\u2033 padding_top=\u201c70px\u201c padding_bottom=\u201c70px\u201c margin_bottom=\u201c0px\u201c][vc_column]<h2 class=\"grve-element grve-title grve-align-left grve-h2\" style><span>Ein starkes Netzwerk<span class=\"grve-title-line grve-bg-primary-1\" style=\"width: 100px;height: 6px;\"><\/span><\/span><\/h2><h3 class=\"grve-element grve-title grve-align-left grve-h3\" style><span>Eine kleine Auswahl unserer Kooperationspartner<\/span><\/h3><div class=\"grve-element grve-gallery grve-isotope grve-with-gap\" style data-columns=\"4\" data-columns-tablet-landscape=\"4\" data-columns-tablet-portrait=\"4\" data-columns-mobile=\"3\" data-layout=\"fitRows\" data-gutter-size=\"15\">  <div class=\"grve-isotope-container\"><div class=\"grve-isotope-item grve-gallery-item \"><a href=\"https:\/\/www.hannover96.de\" target=\"_blank\">    <figure class=\"grve-hover-style-1 grve-image-hover grve-zoom-none\">      <div class=\"grve-media\">        <div class=\"grve-hover-overlay grve-bg-light grve-opacity-50\"><\/div><img loading=\"lazy\" decoding=\"async\" width=\"400\" height=\"300\" src=\"https:\/\/buhmann.de\/wp-content\/uploads\/2019\/10\/Hannover-96-400x300.png\" class=\"attachment-medium size-medium\" alt=\"Logo von Hannover 96\" srcset=\"https:\/\/buhmann.de\/wp-content\/uploads\/2019\/10\/Hannover-96-400x300.png 400w, https:\/\/buhmann.de\/wp-content\/uploads\/2019\/10\/Hannover-96-768x576.png 768w, https:\/\/buhmann.de\/wp-content\/uploads\/2019\/10\/Hannover-96.png 800w\" sizes=\"auto, (max-width: 400px) 100vw, 400px\">      <\/div>      <figcaption>        <div class=\"grve-gallery-content\">        <\/div>      <\/figcaption>    <\/figure>  <\/a><\/div><div class=\"grve-isotope-item grve-gallery-item \"><a href=\"https:\/\/www.vfl-wolfsburg.de\" target=\"_blank\">    <figure class=\"grve-hover-style-1 grve-image-hover grve-zoom-none\">      <div class=\"grve-media\">        <div class=\"grve-hover-overlay grve-bg-light grve-opacity-50\"><\/div><img loading=\"lazy\" decoding=\"async\" width=\"400\" height=\"300\" src=\"https:\/\/buhmann.de\/wp-content\/uploads\/2019\/10\/Vfl-Wolfsburg-400x300.png\" class=\"attachment-medium size-medium\" alt=\"Logo des Vfl Wolfsburg\" srcset=\"https:\/\/buhmann.de\/wp-content\/uploads\/2019\/10\/Vfl-Wolfsburg-400x300.png 400w, https:\/\/buhmann.de\/wp-content\/uploads\/2019\/10\/Vfl-Wolfsburg-768x576.png 768w, https:\/\/buhmann.de\/wp-content\/uploads\/2019\/10\/Vfl-Wolfsburg.png 800w\" sizes=\"auto, (max-width: 400px) 100vw, 400px\">      <\/div>      <figcaption>        <div class=\"grve-gallery-content\">        <\/div>      <\/figcaption>    <\/figure>  <\/a><\/div><div class=\"grve-isotope-item grve-gallery-item \"><a href=\"http:\/\/www.die-recken.de\" target=\"_blank\">    <figure class=\"grve-hover-style-1 grve-image-hover grve-zoom-none\">      <div class=\"grve-media\">        <div class=\"grve-hover-overlay grve-bg-light grve-opacity-50\"><\/div><img loading=\"lazy\" decoding=\"async\" width=\"400\" height=\"300\" src=\"https:\/\/buhmann.de\/wp-content\/uploads\/2019\/10\/Die-Recken-400x300.png\" class=\"attachment-medium size-medium\" alt=\"Logo der Recken\" srcset=\"https:\/\/buhmann.de\/wp-content\/uploads\/2019\/10\/Die-Recken-400x300.png 400w, https:\/\/buhmann.de\/wp-content\/uploads\/2019\/10\/Die-Recken-768x576.png 768w, https:\/\/buhmann.de\/wp-content\/uploads\/2019\/10\/Die-Recken.png 800w\" sizes=\"auto, (max-width: 400px) 100vw, 400px\">      <\/div>      <figcaption>        <div class=\"grve-gallery-content\">        <\/div>      <\/figcaption>    <\/figure>  <\/a><\/div><div class=\"grve-isotope-item grve-gallery-item \"><a href=\"http:\/\/hannover-indians.de\" target=\"_blank\">    <figure class=\"grve-hover-style-1 grve-image-hover grve-zoom-none\">      <div class=\"grve-media\">        <div class=\"grve-hover-overlay grve-bg-light grve-opacity-50\"><\/div><img loading=\"lazy\" decoding=\"async\" width=\"400\" height=\"300\" src=\"https:\/\/buhmann.de\/wp-content\/uploads\/2019\/10\/Hannover-Indians-400x300.png\" class=\"attachment-medium size-medium\" alt=\"Logo der Hannover Indians\" srcset=\"https:\/\/buhmann.de\/wp-content\/uploads\/2019\/10\/Hannover-Indians-400x300.png 400w, https:\/\/buhmann.de\/wp-content\/uploads\/2019\/10\/Hannover-Indians-768x576.png 768w, https:\/\/buhmann.de\/wp-content\/uploads\/2019\/10\/Hannover-Indians.png 800w\" sizes=\"auto, (max-width: 400px) 100vw, 400px\">      <\/div>      <figcaption>        <div class=\"grve-gallery-content\">        <\/div>      <\/figcaption>    <\/figure>  <\/a><\/div><div class=\"grve-isotope-item grve-gallery-item \"><a href=\"http:\/\/kre-h-tiv.net\" target=\"_blank\">    <figure class=\"grve-hover-style-1 grve-image-hover grve-zoom-none\">      <div class=\"grve-media\">        <div class=\"grve-hover-overlay grve-bg-light grve-opacity-50\"><\/div><img loading=\"lazy\" decoding=\"async\" width=\"400\" height=\"300\" src=\"https:\/\/buhmann.de\/wp-content\/uploads\/2019\/10\/hreHtiv-400x300.png\" class=\"attachment-medium size-medium\" alt=\"Logo von kre|H|tiv Netzwerk Hannover\" srcset=\"https:\/\/buhmann.de\/wp-content\/uploads\/2019\/10\/hreHtiv-400x300.png 400w, https:\/\/buhmann.de\/wp-content\/uploads\/2019\/10\/hreHtiv-768x576.png 768w, https:\/\/buhmann.de\/wp-content\/uploads\/2019\/10\/hreHtiv.png 800w\" sizes=\"auto, (max-width: 400px) 100vw, 400px\">      <\/div>      <figcaption>        <div class=\"grve-gallery-content\">        <\/div>      <\/figcaption>    <\/figure>  <\/a><\/div><div class=\"grve-isotope-item grve-gallery-item \"><a href=\"http:\/\/www.marketingclub-hannover.de\" target=\"_blank\">    <figure class=\"grve-hover-style-1 grve-image-hover grve-zoom-none\">      <div class=\"grve-media\">        <div class=\"grve-hover-overlay grve-bg-light grve-opacity-50\"><\/div><img loading=\"lazy\" decoding=\"async\" width=\"400\" height=\"300\" src=\"https:\/\/buhmann.de\/wp-content\/uploads\/2019\/10\/Marketing-Club-Hannover-400x300.png\" class=\"attachment-medium size-medium\" alt=\"Logo des Marketing Clubs Hannover\" srcset=\"https:\/\/buhmann.de\/wp-content\/uploads\/2019\/10\/Marketing-Club-Hannover-400x300.png 400w, https:\/\/buhmann.de\/wp-content\/uploads\/2019\/10\/Marketing-Club-Hannover-768x576.png 768w, https:\/\/buhmann.de\/wp-content\/uploads\/2019\/10\/Marketing-Club-Hannover.png 800w\" sizes=\"auto, (max-width: 400px) 100vw, 400px\">      <\/div>      <figcaption>        <div class=\"grve-gallery-content\">        <\/div>      <\/figcaption>    <\/figure>  <\/a><\/div><div class=\"grve-isotope-item grve-gallery-item \"><a href=\"http:\/\/www.buhmann-stiftung.de\" target=\"_blank\">    <figure class=\"grve-hover-style-1 grve-image-hover grve-zoom-none\">      <div class=\"grve-media\">        <div class=\"grve-hover-overlay grve-bg-light grve-opacity-50\"><\/div><img loading=\"lazy\" decoding=\"async\" width=\"400\" height=\"300\" src=\"https:\/\/buhmann.de\/wp-content\/uploads\/2019\/10\/Dr-Buhmann-Stiftung-400x300.png\" class=\"attachment-medium size-medium\" alt=\"Logo der Dr. Buhmann Stiftung\" srcset=\"https:\/\/buhmann.de\/wp-content\/uploads\/2019\/10\/Dr-Buhmann-Stiftung-400x300.png 400w, https:\/\/buhmann.de\/wp-content\/uploads\/2019\/10\/Dr-Buhmann-Stiftung-768x576.png 768w, https:\/\/buhmann.de\/wp-content\/uploads\/2019\/10\/Dr-Buhmann-Stiftung.png 800w\" sizes=\"auto, (max-width: 400px) 100vw, 400px\">      <\/div>      <figcaption>        <div class=\"grve-gallery-content\">        <\/div>      <\/figcaption>    <\/figure>  <\/a><\/div><div class=\"grve-isotope-item grve-gallery-item \"><a href=\"http:\/\/www.freie-schulen.de\" target=\"_blank\">    <figure class=\"grve-hover-style-1 grve-image-hover grve-zoom-none\">      <div class=\"grve-media\">        <div class=\"grve-hover-overlay grve-bg-light grve-opacity-50\"><\/div><img loading=\"lazy\" decoding=\"async\" width=\"400\" height=\"300\" src=\"https:\/\/buhmann.de\/wp-content\/uploads\/2019\/10\/AGFS-Niedersachsen-400x300.png\" class=\"attachment-medium size-medium\" alt=\"Logo der Arbeitsgemeinschaft Freie Schuen Niedersachsen\" srcset=\"https:\/\/buhmann.de\/wp-content\/uploads\/2019\/10\/AGFS-Niedersachsen-400x300.png 400w, https:\/\/buhmann.de\/wp-content\/uploads\/2019\/10\/AGFS-Niedersachsen-768x576.png 768w, https:\/\/buhmann.de\/wp-content\/uploads\/2019\/10\/AGFS-Niedersachsen.png 800w\" sizes=\"auto, (max-width: 400px) 100vw, 400px\">      <\/div>      <figcaption>        <div class=\"grve-gallery-content\">        <\/div>      <\/figcaption>    <\/figure>  <\/a><\/div><div class=\"grve-isotope-item grve-gallery-item \"><a href=\"http:\/\/www.private-schulen.de\" target=\"_blank\">    <figure class=\"grve-hover-style-1 grve-image-hover grve-zoom-none\">      <div class=\"grve-media\">        <div class=\"grve-hover-overlay grve-bg-light grve-opacity-50\"><\/div><img loading=\"lazy\" decoding=\"async\" width=\"400\" height=\"300\" src=\"https:\/\/buhmann.de\/wp-content\/uploads\/2019\/10\/VDP-Verband-Deutscher-Privatschulen-400x300.png\" class=\"attachment-medium size-medium\" alt=\"Logo des VdP Verband Deutscher Privatschulen Niedersachsen-Bremen e. V.\" srcset=\"https:\/\/buhmann.de\/wp-content\/uploads\/2019\/10\/VDP-Verband-Deutscher-Privatschulen-400x300.png 400w, https:\/\/buhmann.de\/wp-content\/uploads\/2019\/10\/VDP-Verband-Deutscher-Privatschulen-768x576.png 768w, https:\/\/buhmann.de\/wp-content\/uploads\/2019\/10\/VDP-Verband-Deutscher-Privatschulen.png 800w\" sizes=\"auto, (max-width: 400px) 100vw, 400px\">      <\/div>      <figcaption>        <div class=\"grve-gallery-content\">        <\/div>      <\/figcaption>    <\/figure>  <\/a><\/div><div class=\"grve-isotope-item grve-gallery-item \"><a href=\"http:\/\/www.businet.org.uk\" target=\"_blank\">    <figure class=\"grve-hover-style-1 grve-image-hover grve-zoom-none\">      <div class=\"grve-media\">        <div class=\"grve-hover-overlay grve-bg-light grve-opacity-50\"><\/div><img loading=\"lazy\" decoding=\"async\" width=\"400\" height=\"300\" src=\"https:\/\/buhmann.de\/wp-content\/uploads\/2019\/10\/businet-400x300.png\" class=\"attachment-medium size-medium\" alt=\"Logo von businet Global Business Education Network\" srcset=\"https:\/\/buhmann.de\/wp-content\/uploads\/2019\/10\/businet-400x300.png 400w, https:\/\/buhmann.de\/wp-content\/uploads\/2019\/10\/businet-768x576.png 768w, https:\/\/buhmann.de\/wp-content\/uploads\/2019\/10\/businet.png 800w\" sizes=\"auto, (max-width: 400px) 100vw, 400px\">      <\/div>      <figcaption>        <div class=\"grve-gallery-content\">        <\/div>      <\/figcaption>    <\/figure>  <\/a><\/div><div class=\"grve-isotope-item grve-gallery-item \"><a href=\"http:\/\/www.p-h-r.de\" target=\"_blank\">    <figure class=\"grve-hover-style-1 grve-image-hover grve-zoom-none\">      <div class=\"grve-media\">        <div class=\"grve-hover-overlay grve-bg-light grve-opacity-50\"><\/div><img loading=\"lazy\" decoding=\"async\" width=\"400\" height=\"300\" src=\"https:\/\/buhmann.de\/wp-content\/uploads\/2019\/10\/Pro-Hannover-Region-400x300.png\" class=\"attachment-medium size-medium\" alt=\"Logo der Pro Hannover Region\" srcset=\"https:\/\/buhmann.de\/wp-content\/uploads\/2019\/10\/Pro-Hannover-Region-400x300.png 400w, https:\/\/buhmann.de\/wp-content\/uploads\/2019\/10\/Pro-Hannover-Region-768x576.png 768w, https:\/\/buhmann.de\/wp-content\/uploads\/2019\/10\/Pro-Hannover-Region.png 800w\" sizes=\"auto, (max-width: 400px) 100vw, 400px\">      <\/div>      <figcaption>        <div class=\"grve-gallery-content\">        <\/div>      <\/figcaption>    <\/figure>  <\/a><\/div><div class=\"grve-isotope-item grve-gallery-item \"><a href=\"https:\/\/www.uvn-online.de\" target=\"_blank\">    <figure class=\"grve-hover-style-1 grve-image-hover grve-zoom-none\">      <div class=\"grve-media\">        <div class=\"grve-hover-overlay grve-bg-light grve-opacity-50\"><\/div><img loading=\"lazy\" decoding=\"async\" width=\"400\" height=\"300\" src=\"https:\/\/buhmann.de\/wp-content\/uploads\/2019\/10\/Unternehmerverbaende-Niedersachsen-400x300.png\" class=\"attachment-medium size-medium\" alt=\"Logo des UVN Unternehmerverb\u00e4nde Niedersachsen e. V.\" srcset=\"https:\/\/buhmann.de\/wp-content\/uploads\/2019\/10\/Unternehmerverbaende-Niedersachsen-400x300.png 400w, https:\/\/buhmann.de\/wp-content\/uploads\/2019\/10\/Unternehmerverbaende-Niedersachsen-768x576.png 768w, https:\/\/buhmann.de\/wp-content\/uploads\/2019\/10\/Unternehmerverbaende-Niedersachsen.png 800w\" sizes=\"auto, (max-width: 400px) 100vw, 400px\">      <\/div>      <figcaption>        <div class=\"grve-gallery-content\">        <\/div>      <\/figcaption>    <\/figure>  <\/a><\/div>  <\/div><\/div><div class=\"grve-element grve-align-left\"><a href=\"https:\/\/buhmann.de\/ueber-uns\/partner\" title=\"Zeige mir alle Blogeintr\u00e4ge\" class=\"grve-btn grve-btn-medium grve-round grve-bg-primary-1 grve-bg-hover-primary-3\"><span>Alle Partner ansehen<\/span><\/a><\/div>\n<\/div>","protected":false},"excerpt":{"rendered":"Die Feuer\u00adtaufe zur \u201eEvent\u00adagentur\u201c ist gegl\u00fcckt: Unsere Studie\u00adrenden aus dem Event- und Medien\u00admana\u00adgement haben ihren ersten eigenen Kulturtag orga\u00adni\u00adsiert und der konnte sich wirk\u00adlich sehen lassen. Unter dem Motto \u201eFRAME IT!\u201c entstand ein viel\u00adsei\u00adtiges Event, das Kultur, Medien und Krea\u00adti\u00advit\u00e4t auf moderne Weise zusam\u00admen\u00adge\u00adbracht hat. Die prak\u00adti\u00adsche \u00dcbung zur Planung, Orga\u00adni\u00adsa\u00adtion und Durch\u00adf\u00fch\u00adrung einer eigenen&nbsp;[...]","protected":false},"author":1,"featured_media":5010,"parent":0,"menu_order":0,"comment_status":"closed","ping_status":"closed","template":"","meta":{"_seopress_robots_primary_cat":"","_seopress_titles_title":"Dr. Buhmann Schule & Akademie in Hannover","_seopress_titles_desc":"Seit \u00fcber 100 Jahren eine der f\u00fchrenden beruflichen Bildungseinrichtungen in Hannover. F\u00fcr Realschulabsolventen, Abiturienten & Berufst\u00e4tige.","_seopress_robots_index":"","wp_typography_post_enhancements_disabled":false,"footnotes":""},"class_list":["post-2","page","type-page","status-publish","has-post-thumbnail","hentry"],"_links":{"self":[{"href":"https:\/\/buhmann.de\/wp-json\/wp\/v2\/pages\/2","targetHints":{"allow":["GET"]}}],"collection":[{"href":"https:\/\/buhmann.de\/wp-json\/wp\/v2\/pages"}],"about":[{"href":"https:\/\/buhmann.de\/wp-json\/wp\/v2\/types\/page"}],"author":[{"embeddable":true,"href":"https:\/\/buhmann.de\/wp-json\/wp\/v2\/users\/1"}],"replies":[{"embeddable":true,"href":"https:\/\/buhmann.de\/wp-json\/wp\/v2\/comments?post=2"}],"version-history":[{"count":129,"href":"https:\/\/buhmann.de\/wp-json\/wp\/v2\/pages\/2\/revisions"}],"predecessor-version":[{"id":26867,"href":"https:\/\/buhmann.de\/wp-json\/wp\/v2\/pages\/2\/revisions\/26867"}],"wp:featuredmedia":[{"embeddable":true,"href":"https:\/\/buhmann.de\/wp-json\/wp\/v2\/media\/5010"}],"wp:attachment":[{"href":"https:\/\/buhmann.de\/wp-json\/wp\/v2\/media?parent=2"}],"curies":[{"name":"wp","href":"https:\/\/api.w.org\/{rel}","templated":true}]}}